{"id":58,"date":"2018-02-03T20:15:46","date_gmt":"2018-02-03T20:15:46","guid":{"rendered":"http:\/\/mjalvarez.com\/pluri\/?page_id=58"},"modified":"2021-09-15T17:55:35","modified_gmt":"2021-09-15T17:55:35","slug":"grabacion_seneca","status":"publish","type":"page","link":"https:\/\/blogsaverroes.juntadeandalucia.es\/plurilinguismodelegacionhuelva\/tramites\/grabacion_seneca\/","title":{"rendered":"Grabaci\u00f3n en S\u00e9neca"},"content":{"rendered":"<h4 style=\"text-align: left\"><a href=\"https:\/\/blogsaverroes.juntadeandalucia.es\/plurilinguismodelegacionhuelva\/files\/2021\/09\/SENECA.png\"><img loading=\"lazy\" decoding=\"async\" class=\"alignnone size-large wp-image-3348\" src=\"https:\/\/blogsaverroes.juntadeandalucia.es\/plurilinguismodelegacionhuelva\/files\/2021\/09\/SENECA-1024x329.png\" alt=\"\" width=\"602\" height=\"193\" srcset=\"https:\/\/blogsaverroes.juntadeandalucia.es\/plurilinguismodelegacionhuelva\/files\/2021\/09\/SENECA-1024x329.png 1024w, https:\/\/blogsaverroes.juntadeandalucia.es\/plurilinguismodelegacionhuelva\/files\/2021\/09\/SENECA-300x96.png 300w, https:\/\/blogsaverroes.juntadeandalucia.es\/plurilinguismodelegacionhuelva\/files\/2021\/09\/SENECA-768x247.png 768w, https:\/\/blogsaverroes.juntadeandalucia.es\/plurilinguismodelegacionhuelva\/files\/2021\/09\/SENECA-1536x493.png 1536w, https:\/\/blogsaverroes.juntadeandalucia.es\/plurilinguismodelegacionhuelva\/files\/2021\/09\/SENECA-2048x657.png 2048w, https:\/\/blogsaverroes.juntadeandalucia.es\/plurilinguismodelegacionhuelva\/files\/2021\/09\/SENECA.png 1600w\" sizes=\"(max-width: 602px) 100vw, 602px\" \/><\/a>La grabaci\u00f3n de datos en S\u00e9neca correspondiente al curso 2021\/2022 est\u00e1 regulado en la <a href=\"https:\/\/www.juntadeandalucia.es\/educacion\/portals\/delegate\/content\/1b9f3194-5018-4257-9d3d-576bdd4d4407\/Instrucciones%20funcionamiento%20ense%C3%B1anza%20biling%C3%BCe%20curso%2021-22\"><strong>INSTRUCCI\u00d3N DE 15 DE JULIO DE 2021<\/strong><\/a>, de la Direcci\u00f3n General de Ordenaci\u00f3n y Evaluaci\u00f3n Educativa, sobre la organizaci\u00f3n y funcionamiento de la ense\u00f1anza biling\u00fce en los centros andaluces para el curso 2021\/2022. <strong>El per\u00edodo de grabaci\u00f3n de datos en S\u00e9neca<\/strong> relativos a la ense\u00f1anza biling\u00fce es del <strong><em><span style=\"color: #800000\">1 al 30 de octubre del 2021.<\/span><\/em><\/strong><\/h4>\n<h4 style=\"text-align: left\">Para poder grabar los datos del programa de ense\u00f1anza biling\u00fce, es importante recordar que la persona coordinadora debe tener el perfil de dicha coordinaci\u00f3n previamente grabada en S\u00e9neca por la direcci\u00f3n del centro. La direcci\u00f3n podr\u00e1 grabar al coordinador o coordinadora al inicio del mes de octubre y no antes.<\/h4>\n<h4 style=\"text-align: left\">En este <a href=\"https:\/\/www.youtube.com\/watch?v=gMWK0nYxPnM\">v\u00eddeo<\/a> del curso 2020\/2021 se encuentra informaci\u00f3n y recomendaciones muy \u00fatiles a la hora de llevar a cabo la grabaci\u00f3n de S\u00e9neca del programa de ense\u00f1anza biling\u00fce del presente curso escolar.<\/h4>\n<h4 style=\"text-align: left\">Entre estas recomendaciones destacan dos pasos que la persona responsable de la coordinaci\u00f3n puede llevar a cabo ANTES de iniciar la grabaci\u00f3n en S\u00e9neca y facilitar as\u00ed, la grabaci\u00f3n en la plataforma S\u00e9neca en Octubre:<\/h4>\n<ul style=\"list-style-type: square\">\n<li>\n<h4>Es conveniente que la persona responsable de la coordinaci\u00f3n tenga una tabla informativa con los datos de los docentes ANL, \u00e1reas no ling\u00fc\u00edsticas, unidades biling\u00fce y otra informaci\u00f3n relevante del programa.&nbsp;<\/h4>\n<\/li>\n<li>\n<h4>Para agilizar la grabaci\u00f3n del programa en Octubre, es importante solicitar y recopilar las certificaciones ling\u00fc\u00edsticas de los y las docentes ANL en formato pdf.&nbsp; Posteriormente, la persona responsable de la coordinaci\u00f3n habr\u00e1 de subir estos archivos para&nbsp; &nbsp;completar correctamente las correspondientes fichas docentes.&nbsp;<\/h4>\n<h4>&nbsp;<\/h4>\n<p>&nbsp;<\/li>\n<\/ul>\n","protected":false},"excerpt":{"rendered":"<p>La grabaci\u00f3n de datos en S\u00e9neca correspondiente al curso 2021\/2022 est\u00e1 regulado en la INSTRUCCI\u00d3N DE 15 DE JULIO DE 2021, de la Direcci\u00f3n General de Ordenaci\u00f3n y Evaluaci\u00f3n Educativa, sobre la organizaci\u00f3n y&#46;&#46;&#46;<\/p>\n","protected":false},"author":6025,"featured_media":0,"parent":56,"menu_order":0,"comment_status":"closed","ping_status":"closed","template":"","meta":{"ngg_post_thumbnail":0,"footnotes":"","_mc_calendar":[]},"aioseo_notices":[],"_links":{"self":[{"href":"https:\/\/blogsaverroes.juntadeandalucia.es\/plurilinguismodelegacionhuelva\/wp-json\/wp\/v2\/pages\/58"}],"collection":[{"href":"https:\/\/blogsaverroes.juntadeandalucia.es\/plurilinguismodelegacionhuelva\/wp-json\/wp\/v2\/pages"}],"about":[{"href":"https:\/\/blogsaverroes.juntadeandalucia.es\/plurilinguismodelegacionhuelva\/wp-json\/wp\/v2\/types\/page"}],"author":[{"embeddable":true,"href":"https:\/\/blogsaverroes.juntadeandalucia.es\/plurilinguismodelegacionhuelva\/wp-json\/wp\/v2\/users\/6025"}],"replies":[{"embeddable":true,"href":"https:\/\/blogsaverroes.juntadeandalucia.es\/plurilinguismodelegacionhuelva\/wp-json\/wp\/v2\/comments?post=58"}],"version-history":[{"count":22,"href":"https:\/\/blogsaverroes.juntadeandalucia.es\/plurilinguismodelegacionhuelva\/wp-json\/wp\/v2\/pages\/58\/revisions"}],"predecessor-version":[{"id":3354,"href":"https:\/\/blogsaverroes.juntadeandalucia.es\/plurilinguismodelegacionhuelva\/wp-json\/wp\/v2\/pages\/58\/revisions\/3354"}],"up":[{"embeddable":true,"href":"https:\/\/blogsaverroes.juntadeandalucia.es\/plurilinguismodelegacionhuelva\/wp-json\/wp\/v2\/pages\/56"}],"wp:attachment":[{"href":"https:\/\/blogsaverroes.juntadeandalucia.es\/plurilinguismodelegacionhuelva\/wp-json\/wp\/v2\/media?parent=58"}],"curies":[{"name":"wp","href":"https:\/\/api.w.org\/{rel}","templated":true}]}}