{"id":2505,"date":"2019-01-08T08:19:13","date_gmt":"2019-01-08T08:19:13","guid":{"rendered":"https:\/\/blogsaverroes.juntadeandalucia.es\/plurilinguismodelegacionjaen\/?page_id=2505"},"modified":"2021-09-29T12:32:10","modified_gmt":"2021-09-29T12:32:10","slug":"guias-y-manuales","status":"publish","type":"page","link":"https:\/\/blogsaverroes.juntadeandalucia.es\/plurilinguismodelegacionjaen\/guias-y-manuales\/","title":{"rendered":"Gu\u00edas"},"content":{"rendered":"<table style=\"border-collapse: collapse;width: 97.311%\">\n<tbody>\n<tr>\n<td style=\"text-align: center;width: 15.9847%\"><strong>GU\u00cdA CENTROS ENSE\u00d1ANZA BILING\u00dcE<\/strong><\/td>\n<td style=\"text-align: center;width: 22.7621%\"><strong>GU\u00cdA AUXILIARES DE CONVERSACI\u00d3N<\/strong><\/td>\n<td style=\"text-align: center;width: 19.8652%\"><strong>GU\u00cdA AUXILIARES DE CONVERSACI\u00d3N (TUTOR)<br \/>\n<\/strong><\/td>\n<td style=\"text-align: center;width: 40.4874%\"><strong>GU\u00cdA DE SOLICITUD PARA NUEVOS CENTROS<\/strong><strong> BILING\u00dcES (PRIMARIA)<\/strong><\/td>\n<\/tr>\n<tr>\n<td style=\"text-align: center;width: 15.9847%\"><a href=\"https:\/\/juntadeandalucia.es\/export\/drupaljda\/Guia_informativa_centros_ense%C3%B1anza_bilingue_.pdf\" target=\"_blank\" rel=\"noopener noreferrer\"><img loading=\"lazy\" decoding=\"async\" class=\"alignnone wp-image-3978 size-medium\" src=\"https:\/\/blogsaverroes.juntadeandalucia.es\/plurilinguismodelegacionjaen\/files\/2020\/08\/centros_bil-212x300.png\" alt=\"\" width=\"212\" height=\"300\" srcset=\"https:\/\/blogsaverroes.juntadeandalucia.es\/plurilinguismodelegacionjaen\/files\/2020\/08\/centros_bil-212x300.png 212w, https:\/\/blogsaverroes.juntadeandalucia.es\/plurilinguismodelegacionjaen\/files\/2020\/08\/centros_bil-17x24.png 17w, https:\/\/blogsaverroes.juntadeandalucia.es\/plurilinguismodelegacionjaen\/files\/2020\/08\/centros_bil-25x36.png 25w, https:\/\/blogsaverroes.juntadeandalucia.es\/plurilinguismodelegacionjaen\/files\/2020\/08\/centros_bil-34x48.png 34w, https:\/\/blogsaverroes.juntadeandalucia.es\/plurilinguismodelegacionjaen\/files\/2020\/08\/centros_bil.png 453w\" sizes=\"(max-width: 212px) 100vw, 212px\" \/><\/a><\/td>\n<td style=\"text-align: center;width: 22.7621%\"><a href=\"https:\/\/blogsaverroes.juntadeandalucia.es\/plurilinguismodelegacionjaen\/files\/2021\/09\/Gu\u00edaAuxiliarConversaci\u00f3n21_22_espa\u00f1ol.pdf\" target=\"_blank\" rel=\"noopener noreferrer\"><img loading=\"lazy\" decoding=\"async\" class=\"alignnone wp-image-2654\" src=\"https:\/\/blogsaverroes.juntadeandalucia.es\/plurilinguismodelegacionjaen\/files\/2019\/01\/Guia-auxiliares-211x300.png\" alt=\"\" width=\"159\" height=\"226\" srcset=\"https:\/\/blogsaverroes.juntadeandalucia.es\/plurilinguismodelegacionjaen\/files\/2019\/01\/Guia-auxiliares-211x300.png 211w, https:\/\/blogsaverroes.juntadeandalucia.es\/plurilinguismodelegacionjaen\/files\/2019\/01\/Guia-auxiliares-17x24.png 17w, https:\/\/blogsaverroes.juntadeandalucia.es\/plurilinguismodelegacionjaen\/files\/2019\/01\/Guia-auxiliares-25x36.png 25w, https:\/\/blogsaverroes.juntadeandalucia.es\/plurilinguismodelegacionjaen\/files\/2019\/01\/Guia-auxiliares-34x48.png 34w, https:\/\/blogsaverroes.juntadeandalucia.es\/plurilinguismodelegacionjaen\/files\/2019\/01\/Guia-auxiliares.png 321w\" sizes=\"(max-width: 159px) 100vw, 159px\" \/><\/a><\/td>\n<td style=\"text-align: center;width: 19.8652%\"><a href=\"https:\/\/blogsaverroes.juntadeandalucia.es\/plurilinguismodelegacionjaen\/files\/2021\/09\/Gu\u00edaTutor_21_22.pdf\" target=\"_blank\" rel=\"noopener noreferrer\"><img loading=\"lazy\" decoding=\"async\" class=\"alignnone wp-image-2656\" src=\"https:\/\/blogsaverroes.juntadeandalucia.es\/plurilinguismodelegacionjaen\/files\/2019\/01\/Guia-auxiliares-tutor-211x300.png\" alt=\"\" width=\"155\" height=\"221\" srcset=\"https:\/\/blogsaverroes.juntadeandalucia.es\/plurilinguismodelegacionjaen\/files\/2019\/01\/Guia-auxiliares-tutor-211x300.png 211w, https:\/\/blogsaverroes.juntadeandalucia.es\/plurilinguismodelegacionjaen\/files\/2019\/01\/Guia-auxiliares-tutor-17x24.png 17w, https:\/\/blogsaverroes.juntadeandalucia.es\/plurilinguismodelegacionjaen\/files\/2019\/01\/Guia-auxiliares-tutor-25x36.png 25w, https:\/\/blogsaverroes.juntadeandalucia.es\/plurilinguismodelegacionjaen\/files\/2019\/01\/Guia-auxiliares-tutor-34x48.png 34w, https:\/\/blogsaverroes.juntadeandalucia.es\/plurilinguismodelegacionjaen\/files\/2019\/01\/Guia-auxiliares-tutor.png 320w\" sizes=\"(max-width: 155px) 100vw, 155px\" \/><\/a><\/td>\n<td style=\"text-align: center;width: 40.4874%\"><a href=\"https:\/\/blogsaverroes.juntadeandalucia.es\/plurilinguismodelegacionjaen\/files\/2020\/09\/Gu\u00eda_Solicitud_Primaria_Curso_21-22-1.pdf\"><img loading=\"lazy\" decoding=\"async\" class=\"alignnone size-medium wp-image-4213\" src=\"https:\/\/blogsaverroes.juntadeandalucia.es\/plurilinguismodelegacionjaen\/files\/2021\/05\/cartelcentrobilingue-300x161.jpg\" alt=\"\" width=\"300\" height=\"161\" srcset=\"https:\/\/blogsaverroes.juntadeandalucia.es\/plurilinguismodelegacionjaen\/files\/2021\/05\/cartelcentrobilingue-300x161.jpg 300w, https:\/\/blogsaverroes.juntadeandalucia.es\/plurilinguismodelegacionjaen\/files\/2021\/05\/cartelcentrobilingue.jpg 333w\" sizes=\"(max-width: 300px) 100vw, 300px\" \/><\/a><\/td>\n<\/tr>\n<tr>\n<td style=\"text-align: center;width: 15.9847%\"><strong>GU\u00cdA ERASMUS+<\/strong><\/td>\n<td style=\"text-align: center;width: 22.7621%\"><strong>KIT COMUNICACIONES (SEPIE)<\/strong><\/td>\n<td style=\"text-align: center;width: 19.8652%\"><strong>PLANIFICACI\u00d3N,ORGANIZACI\u00d3N Y FUNCIONAMIENTO DE LA ENSE\u00d1ANZA BILING\u00dcE<\/strong><\/td>\n<td style=\"text-align: center;width: 40.4874%\"><strong>GU\u00cdA DE SOLICITUD PARA NUEVOS CENTROS BILING\u00dcES (SECUNDARIA)<\/strong><\/td>\n<\/tr>\n<tr>\n<td style=\"text-align: center;width: 15.9847%\"><a href=\"http:\/\/sepie.es\/doc\/convocatoria\/2020\/erasmus-plus-programme-guide-2020_v3_es.pdf\" target=\"_blank\" rel=\"noopener noreferrer\"><img loading=\"lazy\" decoding=\"async\" class=\"alignnone wp-image-3979 size-medium\" src=\"https:\/\/blogsaverroes.juntadeandalucia.es\/plurilinguismodelegacionjaen\/files\/2020\/08\/Erasmus-212x300.png\" alt=\"\" width=\"212\" height=\"300\" srcset=\"https:\/\/blogsaverroes.juntadeandalucia.es\/plurilinguismodelegacionjaen\/files\/2020\/08\/Erasmus-212x300.png 212w, https:\/\/blogsaverroes.juntadeandalucia.es\/plurilinguismodelegacionjaen\/files\/2020\/08\/Erasmus-17x24.png 17w, https:\/\/blogsaverroes.juntadeandalucia.es\/plurilinguismodelegacionjaen\/files\/2020\/08\/Erasmus-25x36.png 25w, https:\/\/blogsaverroes.juntadeandalucia.es\/plurilinguismodelegacionjaen\/files\/2020\/08\/Erasmus-34x48.png 34w, https:\/\/blogsaverroes.juntadeandalucia.es\/plurilinguismodelegacionjaen\/files\/2020\/08\/Erasmus.png 453w\" sizes=\"(max-width: 212px) 100vw, 212px\" \/><\/a><\/td>\n<td style=\"text-align: center;width: 22.7621%\"><a href=\"http:\/\/sepie.es\/doc\/comunicacion\/sepie_kit_comunicacion.pdf\" target=\"_blank\" rel=\"noopener noreferrer\"><img loading=\"lazy\" decoding=\"async\" class=\"alignnone wp-image-3976 \" src=\"https:\/\/blogsaverroes.juntadeandalucia.es\/plurilinguismodelegacionjaen\/files\/2020\/08\/kit-211x300.png\" alt=\"\" width=\"156\" height=\"222\" srcset=\"https:\/\/blogsaverroes.juntadeandalucia.es\/plurilinguismodelegacionjaen\/files\/2020\/08\/kit-211x300.png 211w, https:\/\/blogsaverroes.juntadeandalucia.es\/plurilinguismodelegacionjaen\/files\/2020\/08\/kit-17x24.png 17w, https:\/\/blogsaverroes.juntadeandalucia.es\/plurilinguismodelegacionjaen\/files\/2020\/08\/kit-25x36.png 25w, https:\/\/blogsaverroes.juntadeandalucia.es\/plurilinguismodelegacionjaen\/files\/2020\/08\/kit-34x48.png 34w, https:\/\/blogsaverroes.juntadeandalucia.es\/plurilinguismodelegacionjaen\/files\/2020\/08\/kit.png 351w\" sizes=\"(max-width: 156px) 100vw, 156px\" \/><\/a><\/td>\n<td style=\"text-align: center;width: 19.8652%\"><a href=\"https:\/\/blogsaverroes.juntadeandalucia.es\/plurilinguismodelegacionjaen\/files\/2020\/08\/PLANIFICACI\u00d3N-ORGANIZACI\u00d3N-Y-FUNCIONAMIENTO-DE-LA-ENSE\u00d1ANZA-BILING\u00dcE-2019-2020.pdf\" target=\"_blank\" rel=\"noopener noreferrer\">PLANIFICACI\u00d3N ORGANIZACI\u00d3N Y FUNCIONAMIENTO DE LA ENSE\u00d1ANZA BILING\u00dcE &#8211; 2019-2020<\/a><\/td>\n<td style=\"text-align: center;width: 40.4874%\"><a href=\"https:\/\/blogsaverroes.juntadeandalucia.es\/plurilinguismodelegacionjaen\/files\/2020\/09\/Gu\u00eda_Solicitud_Secundaria_Curso_21-22.pdf\"><img loading=\"lazy\" decoding=\"async\" class=\"alignnone size-medium wp-image-4213\" src=\"https:\/\/blogsaverroes.juntadeandalucia.es\/plurilinguismodelegacionjaen\/files\/2021\/05\/cartelcentrobilingue-300x161.jpg\" alt=\"\" width=\"300\" height=\"161\" srcset=\"https:\/\/blogsaverroes.juntadeandalucia.es\/plurilinguismodelegacionjaen\/files\/2021\/05\/cartelcentrobilingue-300x161.jpg 300w, https:\/\/blogsaverroes.juntadeandalucia.es\/plurilinguismodelegacionjaen\/files\/2021\/05\/cartelcentrobilingue.jpg 333w\" sizes=\"(max-width: 300px) 100vw, 300px\" \/><\/a><\/td>\n<\/tr>\n<\/tbody>\n<\/table>\n<p>&nbsp;<\/p>\n","protected":false},"excerpt":{"rendered":"<p>GU\u00cdA CENTROS ENSE\u00d1ANZA BILING\u00dcE GU\u00cdA AUXILIARES DE CONVERSACI\u00d3N GU\u00cdA AUXILIARES DE CONVERSACI\u00d3N (TUTOR) GU\u00cdA DE SOLICITUD PARA NUEVOS CENTROS BILING\u00dcES (PRIMARIA) GU\u00cdA ERASMUS+ KIT COMUNICACIONES (SEPIE) PLANIFICACI\u00d3N,ORGANIZACI\u00d3N Y FUNCIONAMIENTO DE LA ENSE\u00d1ANZA BILING\u00dcE GU\u00cdA&#46;&#46;&#46;<\/p>\n","protected":false},"author":6890,"featured_media":2654,"parent":0,"menu_order":0,"comment_status":"closed","ping_status":"closed","template":"","meta":{"ngg_post_thumbnail":0,"footnotes":"","_mc_calendar":[]},"aioseo_notices":[],"_links":{"self":[{"href":"https:\/\/blogsaverroes.juntadeandalucia.es\/plurilinguismodelegacionjaen\/wp-json\/wp\/v2\/pages\/2505"}],"collection":[{"href":"https:\/\/blogsaverroes.juntadeandalucia.es\/plurilinguismodelegacionjaen\/wp-json\/wp\/v2\/pages"}],"about":[{"href":"https:\/\/blogsaverroes.juntadeandalucia.es\/plurilinguismodelegacionjaen\/wp-json\/wp\/v2\/types\/page"}],"author":[{"embeddable":true,"href":"https:\/\/blogsaverroes.juntadeandalucia.es\/plurilinguismodelegacionjaen\/wp-json\/wp\/v2\/users\/6890"}],"replies":[{"embeddable":true,"href":"https:\/\/blogsaverroes.juntadeandalucia.es\/plurilinguismodelegacionjaen\/wp-json\/wp\/v2\/comments?post=2505"}],"version-history":[{"count":22,"href":"https:\/\/blogsaverroes.juntadeandalucia.es\/plurilinguismodelegacionjaen\/wp-json\/wp\/v2\/pages\/2505\/revisions"}],"predecessor-version":[{"id":2655,"href":"https:\/\/blogsaverroes.juntadeandalucia.es\/plurilinguismodelegacionjaen\/wp-json\/wp\/v2\/pages\/2505\/revisions\/2655"}],"wp:featuredmedia":[{"embeddable":true,"href":"https:\/\/blogsaverroes.juntadeandalucia.es\/plurilinguismodelegacionjaen\/wp-json\/wp\/v2\/media\/2654"}],"wp:attachment":[{"href":"https:\/\/blogsaverroes.juntadeandalucia.es\/plurilinguismodelegacionjaen\/wp-json\/wp\/v2\/media?parent=2505"}],"curies":[{"name":"wp","href":"https:\/\/api.w.org\/{rel}","templated":true}]}}