{"id":2727,"date":"2019-01-11T13:01:01","date_gmt":"2019-01-11T13:01:01","guid":{"rendered":"https:\/\/blogsaverroes.juntadeandalucia.es\/plurilinguismodelegacionjaen\/?page_id=2727"},"modified":"2025-09-01T06:37:04","modified_gmt":"2025-09-01T06:37:04","slug":"centros-educacion-secundaria","status":"publish","type":"page","link":"https:\/\/blogsaverroes.juntadeandalucia.es\/plurilinguismodelegacionjaen\/centros-educacion-secundaria\/","title":{"rendered":"Centros Educaci\u00f3n Secundaria Biling\u00fces"},"content":{"rendered":"<table style=\"width: 94.9872%;height: 1213px\" border=\"1\" rules=\"NONE\" cellspacing=\"0\">\n<colgroup>\n<col width=\"77\">\n<col width=\"216\">\n<col width=\"178\"><\/colgroup>\n<tbody>\n<tr style=\"height: 6.8px\">\n<td style=\"height: 31px;background-color: #c4c4c4;width: 12.5169%\" rowspan=\"2\" align=\"CENTER\" bgcolor=\"#00CC33\"><b><\/b><b>C\u00d3DIGO<\/b><\/td>\n<td style=\"height: 31px;background-color: #c4c4c4;width: 26.9179%\" rowspan=\"2\" align=\"CENTER\" bgcolor=\"#00CC33\"><b><\/b><b>DENOMINACI\u00d3N<\/b><\/td>\n<td style=\"height: 31px;background-color: #c4c4c4;width: 25.3028%\" rowspan=\"2\" align=\"CENTER\" bgcolor=\"#00CC33\"><b><\/b><b>LOCALIDAD<\/b><\/td>\n<td style=\"height: 6px;background-color: #c4c4c4;width: 23.4186%\" colspan=\"2\" align=\"CENTER\" bgcolor=\"#00CC33\"><strong>CURSO IMPLANTACI\u00d3N<\/strong><\/td>\n<td style=\"height: 31px;background-color: #c4c4c4;width: 11.5747%\" rowspan=\"2\" align=\"CENTER\" bgcolor=\"#00CC33\"><b><\/b><b>IDIOMA<\/b><\/td>\n<\/tr>\n<tr style=\"height: 25px\">\n<td style=\"height: 25px;background-color: #c4c4c4;width: 11.8439%\" align=\"CENTER\" bgcolor=\"#00CC33\"><b>ESO<\/b><\/td>\n<td style=\"height: 25px;background-color: #c4c4c4;width: 11.5747%\" align=\"CENTER\" bgcolor=\"#00CC33\"><strong>BACH<\/strong><\/td>\n<\/tr>\n<tr style=\"height: 15px\">\n<td style=\"width: 12.5169%;height: 15px\">23000106<\/td>\n<td style=\"width: 26.9179%;height: 15px\">IES Alfonso XI<\/td>\n<td style=\"width: 25.3028%;height: 15px\">Alcal\u00e1 La Real<\/td>\n<td style=\"width: 11.8439%;height: 15px\">&nbsp;<\/td>\n<td style=\"width: 11.5747%;height: 15px\">2021\/2022<\/td>\n<td style=\"width: 11.5747%;height: 15px\">Ingl\u00e9s<\/td>\n<\/tr>\n<tr style=\"height: 25px\">\n<td style=\"height: 25px;width: 12.5169%\" align=\"LEFT\">23700542<\/td>\n<td style=\"height: 25px;width: 26.9179%\" align=\"LEFT\">IES&nbsp; Antonio de Mendoza<\/td>\n<td style=\"height: 25px;width: 25.3028%\" align=\"LEFT\">Alcal\u00e1 la Real<\/td>\n<td style=\"height: 25px;width: 11.8439%\" align=\"LEFT\">2016\/2017<\/td>\n<td style=\"height: 25px;width: 11.5747%\" align=\"LEFT\">&nbsp;<\/td>\n<td style=\"height: 25px;width: 11.5747%\" align=\"LEFT\">Ingl\u00e9s<\/td>\n<\/tr>\n<tr style=\"height: 25px\">\n<td style=\"height: 25px;width: 12.5169%\" align=\"LEFT\">23000246<\/td>\n<td style=\"height: 25px;width: 26.9179%\" align=\"LEFT\">IES&nbsp; Salvador Serrano<\/td>\n<td style=\"height: 25px;width: 25.3028%\" align=\"LEFT\">Alcaudete<\/td>\n<td style=\"height: 25px;width: 11.8439%\" align=\"LEFT\">2014\/2015<\/td>\n<td style=\"height: 25px;width: 11.5747%\" align=\"LEFT\">&nbsp;<\/td>\n<td style=\"height: 25px;width: 11.5747%\" align=\"LEFT\">Ingl\u00e9s<\/td>\n<\/tr>\n<tr style=\"height: 26px\">\n<td style=\"height: 26px;width: 12.5169%\" align=\"LEFT\">23005694<\/td>\n<td style=\"height: 26px;width: 26.9179%\" align=\"LEFT\">IES&nbsp; J\u00e1ndula<\/td>\n<td style=\"height: 26px;width: 25.3028%\" align=\"LEFT\">And\u00fajar<\/td>\n<td style=\"height: 26px;width: 11.8439%\" align=\"LEFT\">2007\/2008<\/td>\n<td style=\"height: 26px;width: 11.5747%\" align=\"LEFT\">2012\/2013<\/p>\n<p style=\"text-align: center\"><strong>B2*<\/strong><\/p>\n<\/td>\n<td style=\"height: 26px;width: 11.5747%\" align=\"LEFT\">Ingl\u00e9s<\/td>\n<\/tr>\n<tr style=\"height: 25px\">\n<td style=\"height: 25px;width: 12.5169%\" align=\"LEFT\">3000556<\/td>\n<td style=\"height: 25px;width: 26.9179%\" align=\"LEFT\">IES&nbsp; Nuestra Se\u00f1ora de la Cabeza<\/td>\n<td style=\"height: 25px;width: 25.3028%\" align=\"LEFT\">And\u00fajar<\/td>\n<td style=\"height: 25px;width: 11.8439%\" align=\"LEFT\">2007\/2008<\/td>\n<td style=\"height: 25px;width: 11.5747%\" align=\"LEFT\">2012\/2013<\/p>\n<p style=\"text-align: center\"><strong>B2*<\/strong><\/p>\n<\/td>\n<td style=\"height: 25px;width: 11.5747%\" align=\"LEFT\">Ingl\u00e9s<\/td>\n<\/tr>\n<tr style=\"height: 25px\">\n<td style=\"height: 25px;width: 12.5169%\" align=\"LEFT\">23000131<\/td>\n<td style=\"height: 25px;width: 26.9179%\" align=\"LEFT\">IES&nbsp; Sierra Morena<\/td>\n<td style=\"height: 25px;width: 25.3028%\" align=\"LEFT\">And\u00fajar<\/td>\n<td style=\"height: 25px;width: 11.8439%\" align=\"LEFT\">2006\/2007<\/td>\n<td style=\"height: 25px;width: 11.5747%\" align=\"LEFT\">&nbsp;<\/td>\n<td style=\"height: 25px;width: 11.5747%\" align=\"LEFT\">Ingl\u00e9s<\/td>\n<\/tr>\n<tr style=\"height: 25px\">\n<td style=\"height: 25px;width: 12.5169%\" align=\"LEFT\">23000830<\/td>\n<td style=\"height: 25px;width: 26.9179%\" align=\"LEFT\">IES&nbsp; Andr\u00e9s de Vandelvira<\/td>\n<td style=\"height: 25px;width: 25.3028%\" align=\"LEFT\">Baeza<\/td>\n<td style=\"height: 25px;width: 11.8439%\" align=\"LEFT\">2005\/2006<\/td>\n<td style=\"height: 25px;width: 11.5747%\" align=\"LEFT\">&nbsp;<\/td>\n<td style=\"height: 25px;width: 11.5747%\" align=\"LEFT\">Ingl\u00e9s<\/td>\n<\/tr>\n<tr style=\"height: 25px\">\n<td style=\"height: 25px;width: 12.5169%\" align=\"LEFT\">23000817<\/td>\n<td style=\"height: 25px;width: 26.9179%\" align=\"LEFT\">IES&nbsp; Sant\u00edsima Trinidad<\/td>\n<td style=\"height: 25px;width: 25.3028%\" align=\"LEFT\">Baeza<\/td>\n<td style=\"height: 25px;width: 11.8439%\" align=\"LEFT\">2006\/2007<\/td>\n<td style=\"height: 25px;width: 11.5747%\" align=\"LEFT\">&nbsp;<\/td>\n<td style=\"height: 25px;width: 11.5747%\" align=\"LEFT\">Ingl\u00e9s<\/td>\n<\/tr>\n<tr style=\"height: 25px\">\n<td style=\"height: 25px;width: 12.5169%\" align=\"LEFT\">23000143<\/td>\n<td style=\"height: 25px;width: 26.9179%\" align=\"LEFT\">IES&nbsp; Hermanos Medina Rivilla<\/td>\n<td style=\"height: 25px;width: 25.3028%\" align=\"LEFT\">Bail\u00e9n<\/td>\n<td style=\"height: 25px;width: 11.8439%\" align=\"LEFT\">2005\/2006<\/td>\n<td style=\"height: 25px;width: 11.5747%\" align=\"LEFT\">&nbsp;<\/td>\n<td style=\"height: 25px;width: 11.5747%\" align=\"LEFT\">Ingl\u00e9s<\/td>\n<\/tr>\n<tr style=\"height: 25px\">\n<td style=\"height: 25px;width: 12.5169%\" align=\"LEFT\">23700840<\/td>\n<td style=\"height: 25px;width: 26.9179%\" align=\"LEFT\">IES&nbsp; Mar\u00eda Bellido<\/td>\n<td style=\"height: 25px;width: 25.3028%\" align=\"LEFT\">Bail\u00e9n<\/td>\n<td style=\"height: 25px;width: 11.8439%\" align=\"LEFT\">2008\/2009<\/td>\n<td style=\"height: 25px;width: 11.5747%\" align=\"LEFT\">2012\/2013<\/td>\n<td style=\"height: 25px;width: 11.5747%\" align=\"LEFT\">Ingl\u00e9s<\/td>\n<\/tr>\n<tr style=\"height: 25px\">\n<td style=\"height: 25px;width: 12.5169%\" align=\"LEFT\">23700621<\/td>\n<td style=\"height: 25px;width: 26.9179%\" align=\"LEFT\">IES&nbsp; Accabe<\/td>\n<td style=\"height: 25px;width: 25.3028%\" align=\"LEFT\">Bedmar &#8211; Bedmar y Garc\u00edez<\/td>\n<td style=\"height: 25px;width: 11.8439%\" align=\"LEFT\">2007\/2008<\/td>\n<td style=\"height: 25px;width: 11.5747%\" align=\"LEFT\">&nbsp;<\/td>\n<td style=\"height: 25px;width: 11.5747%\" align=\"LEFT\">Ingl\u00e9s<\/td>\n<\/tr>\n<tr>\n<td style=\"width: 12.5169%\">23700645<span class=\"fontstyle0\"><br \/>\n<\/span><\/td>\n<td style=\"width: 26.9179%\">IES Colegiata de Santiago<\/td>\n<td style=\"width: 25.3028%\">Castellar<\/td>\n<td style=\"width: 11.8439%\">2021\/2022<\/td>\n<td style=\"width: 11.5747%\">&nbsp;<\/td>\n<td style=\"width: 11.5747%\">Ingl\u00e9s<\/td>\n<\/tr>\n<tr style=\"height: 25px\">\n<td style=\"height: 25px;width: 12.5169%\" align=\"LEFT\"><span class=\"fontstyle0\">23001111<\/span><\/td>\n<td style=\"height: 25px;width: 26.9179%\" align=\"LEFT\">IES Castillo de la Yedra<\/td>\n<td style=\"height: 25px;width: 25.3028%\" align=\"LEFT\">Cazorla<\/td>\n<td style=\"height: 25px;width: 11.8439%\" align=\"LEFT\">2020\/2021<\/td>\n<td style=\"height: 25px;width: 11.5747%\" align=\"LEFT\">&nbsp;<\/td>\n<td style=\"height: 25px;width: 11.5747%\" align=\"LEFT\">Ingl\u00e9s<\/td>\n<\/tr>\n<tr style=\"height: 25px\">\n<td style=\"height: 25px;width: 12.5169%\" align=\"LEFT\">23004926<\/td>\n<td style=\"height: 25px;width: 26.9179%\" align=\"LEFT\">IES&nbsp; Sierra M\u00e1gina<\/td>\n<td style=\"height: 25px;width: 25.3028%\" align=\"LEFT\">Huelma<\/td>\n<td style=\"height: 25px;width: 11.8439%\" align=\"LEFT\">2008\/2009<\/td>\n<td style=\"height: 25px;width: 11.5747%\" align=\"LEFT\">&nbsp;<\/td>\n<td style=\"height: 25px;width: 11.5747%\" align=\"LEFT\">Ingl\u00e9s<\/td>\n<\/tr>\n<tr>\n<td style=\"width: 12.5169%\">23700682<\/td>\n<td style=\"width: 26.9179%\">IES Picos del Guadiana<\/td>\n<td style=\"width: 25.3028%\">Huesa<\/td>\n<td style=\"width: 11.8439%\">2021\/2022<\/td>\n<td style=\"width: 11.5747%\">&nbsp;<\/td>\n<td style=\"width: 11.5747%\">Ingl\u00e9s<\/td>\n<\/tr>\n<tr style=\"height: 25px\">\n<td style=\"height: 25px;width: 12.5169%\" align=\"LEFT\">23005062<\/td>\n<td style=\"height: 25px;width: 26.9179%\" align=\"LEFT\">IES&nbsp; Auringis<\/td>\n<td style=\"height: 25px;width: 25.3028%\" align=\"LEFT\">Ja\u00e9n<\/td>\n<td style=\"height: 25px;width: 11.8439%\" align=\"LEFT\">2006\/2007<\/td>\n<td style=\"height: 25px;width: 11.5747%\" align=\"LEFT\">2013\/2014<\/td>\n<td style=\"height: 25px;width: 11.5747%\" align=\"LEFT\">Ingl\u00e9s<\/td>\n<\/tr>\n<tr style=\"height: 25px\">\n<td style=\"height: 25px;width: 12.5169%\" align=\"LEFT\">23700827<\/td>\n<td style=\"height: 25px;width: 26.9179%\" align=\"LEFT\">IES&nbsp; Az-Zait<\/td>\n<td style=\"height: 25px;width: 25.3028%\" align=\"LEFT\">Ja\u00e9n<\/td>\n<td style=\"height: 25px;width: 11.8439%\" align=\"LEFT\">2007\/2008<\/td>\n<td style=\"height: 25px;width: 11.5747%\" align=\"LEFT\">&nbsp;<\/td>\n<td style=\"height: 25px;width: 11.5747%\" align=\"LEFT\">Ingl\u00e9s<\/td>\n<\/tr>\n<tr style=\"height: 24px\">\n<td style=\"height: 24px;width: 12.5169%\" align=\"LEFT\">&nbsp;<\/td>\n<td style=\"height: 24px;width: 26.9179%\" align=\"LEFT\">&nbsp;<\/td>\n<td style=\"height: 24px;width: 25.3028%\" align=\"LEFT\">&nbsp;<\/td>\n<td style=\"height: 24px;width: 11.8439%\" align=\"LEFT\">&nbsp;<\/td>\n<td style=\"height: 24px;width: 11.5747%\" align=\"LEFT\">&nbsp;<\/td>\n<td style=\"height: 24px;width: 11.5747%\" align=\"LEFT\">&nbsp;<\/td>\n<\/tr>\n<tr style=\"height: 21px\">\n<td style=\"height: 21px;width: 12.5169%\" align=\"LEFT\">23005906<\/td>\n<td style=\"height: 21px;width: 26.9179%\" align=\"LEFT\">IES&nbsp; Fuente de la Pe\u00f1a<\/td>\n<td style=\"height: 21px;width: 25.3028%\" align=\"LEFT\">Ja\u00e9n<\/td>\n<td style=\"height: 21px;width: 11.8439%\" align=\"LEFT\">2014\/2015<\/td>\n<td style=\"height: 21px;width: 11.5747%\" align=\"LEFT\">2020\/2021<\/p>\n<p style=\"text-align: center\"><strong>B2*<\/strong><\/p>\n<\/td>\n<td style=\"height: 21px;width: 11.5747%\" align=\"LEFT\">Ingl\u00e9s<\/td>\n<\/tr>\n<tr style=\"height: 25px\">\n<td style=\"height: 25px;width: 12.5169%\" align=\"LEFT\">23002474<\/td>\n<td style=\"height: 25px;width: 26.9179%\" align=\"LEFT\">IES&nbsp; Jabalcuz<\/td>\n<td style=\"height: 25px;width: 25.3028%\" align=\"LEFT\">Ja\u00e9n<\/td>\n<td style=\"height: 25px;width: 11.8439%\" align=\"LEFT\">2008\/2009<\/td>\n<td style=\"height: 25px;width: 11.5747%\" align=\"LEFT\">2013\/2014<\/td>\n<td style=\"height: 25px;width: 11.5747%\" align=\"LEFT\">Ingl\u00e9s<\/td>\n<\/tr>\n<tr style=\"height: 24px\">\n<td style=\"height: 24px;width: 12.5169%\" align=\"LEFT\">23002449<\/td>\n<td style=\"height: 24px;width: 26.9179%\" align=\"LEFT\">IES&nbsp; Las Fuentezuelas<\/td>\n<td style=\"height: 24px;width: 25.3028%\" align=\"LEFT\">Ja\u00e9n<\/td>\n<td style=\"height: 24px;width: 11.8439%\" align=\"LEFT\">2013\/2014<\/td>\n<td style=\"height: 24px;width: 11.5747%\" align=\"LEFT\">2018\/2019<\/td>\n<td style=\"height: 24px;width: 11.5747%\" align=\"LEFT\">Ingl\u00e9s<\/td>\n<\/tr>\n<tr style=\"height: 25px\">\n<td style=\"height: 25px;width: 12.5169%\" align=\"LEFT\">23002413<\/td>\n<td style=\"height: 25px;width: 26.9179%\" align=\"LEFT\">IES&nbsp; Santa Catalina de Alejandr\u00eda<\/td>\n<td style=\"height: 25px;width: 25.3028%\" align=\"LEFT\">Ja\u00e9n<\/td>\n<td style=\"height: 25px;width: 11.8439%\" align=\"LEFT\">2006\/2007<\/td>\n<td style=\"height: 25px;width: 11.5747%\" align=\"LEFT\">2012\/2013<\/p>\n<p style=\"text-align: center\"><strong>B2*<\/strong><\/p>\n<\/td>\n<td style=\"height: 25px;width: 11.5747%\" align=\"LEFT\">Ingl\u00e9s<\/td>\n<\/tr>\n<tr style=\"height: 25px\">\n<td style=\"height: 25px;width: 12.5169%\" align=\"LEFT\">23700839<\/td>\n<td style=\"height: 25px;width: 26.9179%\" align=\"LEFT\">IES&nbsp; Santa Teresa<\/td>\n<td style=\"height: 25px;width: 25.3028%\" align=\"LEFT\">Ja\u00e9n<\/td>\n<td style=\"height: 25px;width: 11.8439%\" align=\"LEFT\">2016\/2017<\/td>\n<td style=\"height: 25px;width: 11.5747%\" align=\"LEFT\">2025\/2026<\/p>\n<p style=\"text-align: center\"><strong>B2*<\/strong><\/p>\n<\/td>\n<td style=\"height: 25px;width: 11.5747%\" align=\"LEFT\">Ingl\u00e9s<\/td>\n<\/tr>\n<tr style=\"height: 15px\">\n<td style=\"height: 15px;width: 12.5169%\" align=\"LEFT\">23002401<\/td>\n<td style=\"height: 15px;width: 26.9179%\" align=\"LEFT\">IES&nbsp; Virgen del Carmen<\/td>\n<td style=\"height: 15px;width: 25.3028%\" align=\"LEFT\">Ja\u00e9n<\/td>\n<td style=\"height: 15px;width: 11.8439%\" align=\"LEFT\">2005\/2006<\/p>\n<p>2015\/2016<\/p>\n<p>&nbsp;<\/td>\n<td style=\"height: 15px;width: 11.5747%\" align=\"LEFT\">2012\/2013<\/p>\n<p>(Bachibac:<\/p>\n<p>2011\/2012)<\/td>\n<td style=\"height: 15px;width: 11.5747%\" align=\"LEFT\"><strong>Franc\u00e9s<\/strong><\/p>\n<p><strong>Pluriling\u00fce: Ingl\u00e9s<\/strong><\/td>\n<\/tr>\n<tr>\n<td style=\"width: 12.5169%\">23700724<\/td>\n<td style=\"width: 26.9179%\">IES Sierra de la Grana<\/td>\n<td style=\"width: 25.3028%\">Jamilena<\/td>\n<td style=\"width: 11.8439%\">2023\/2024<\/td>\n<td style=\"width: 11.5747%\">&nbsp;<\/td>\n<td style=\"width: 11.5747%\">Ingl\u00e9s<\/td>\n<\/tr>\n<tr style=\"height: 25px\">\n<td style=\"height: 25px;width: 12.5169%\" align=\"LEFT\">23004240<\/td>\n<td style=\"height: 25px;width: 26.9179%\" align=\"LEFT\">IES&nbsp; Juan L\u00f3pez Morillas<\/td>\n<td style=\"height: 25px;width: 25.3028%\" align=\"LEFT\">J\u00f3dar<\/td>\n<td style=\"height: 25px;width: 11.8439%\" align=\"LEFT\">&nbsp;2011\/2012<\/td>\n<td style=\"height: 25px;width: 11.5747%\" align=\"LEFT\">&nbsp;<\/td>\n<td style=\"height: 25px;width: 11.5747%\" align=\"LEFT\">Ingl\u00e9s<\/td>\n<\/tr>\n<tr style=\"height: 25px\">\n<td style=\"height: 25px;width: 12.5169%\" align=\"LEFT\">23700554<\/td>\n<td style=\"height: 25px;width: 26.9179%\" align=\"LEFT\">IES&nbsp; Juan P\u00e9rez Creus<\/td>\n<td style=\"height: 25px;width: 25.3028%\" align=\"LEFT\">La Carolina<\/td>\n<td style=\"height: 25px;width: 11.8439%\" align=\"LEFT\">&nbsp;2009\/2010<\/td>\n<td style=\"height: 25px;width: 11.5747%\" align=\"LEFT\">&nbsp;<\/td>\n<td style=\"height: 25px;width: 11.5747%\" align=\"LEFT\">Ingl\u00e9s<\/td>\n<\/tr>\n<tr>\n<td style=\"width: 12.5169%\">23005049<\/td>\n<td style=\"width: 26.9179%\">IES Pablo de Olavide<\/td>\n<td style=\"width: 25.3028%\">La Carolina<\/td>\n<td style=\"width: 11.8439%\">2022\/2023<\/td>\n<td style=\"width: 11.5747%\">&nbsp;<\/td>\n<td style=\"width: 11.5747%\">Ingl\u00e9s<\/td>\n<\/tr>\n<tr style=\"height: 25px\">\n<td style=\"height: 25px;width: 12.5169%\" align=\"LEFT\">23000210<\/td>\n<td style=\"height: 25px;width: 26.9179%\" align=\"LEFT\">IES&nbsp; Puerta de la Sierra<\/td>\n<td style=\"height: 25px;width: 25.3028%\" align=\"LEFT\">La Puerta de Segura<\/td>\n<td style=\"height: 25px;width: 11.8439%\" align=\"LEFT\">&nbsp;2009\/2010<\/td>\n<td style=\"height: 25px;width: 11.5747%\" align=\"LEFT\">&nbsp;<\/td>\n<td style=\"height: 25px;width: 11.5747%\" align=\"LEFT\">Ingl\u00e9s<\/td>\n<\/tr>\n<tr style=\"height: 25px\">\n<td style=\"height: 25px;width: 12.5169%\" align=\"LEFT\">23002841<\/td>\n<td style=\"height: 25px;width: 26.9179%\" align=\"LEFT\">IES&nbsp; Huarte de San Juan<\/td>\n<td style=\"height: 25px;width: 25.3028%\" align=\"LEFT\">Linares<\/td>\n<td style=\"height: 25px;width: 11.8439%\" align=\"LEFT\">&nbsp;2007\/2008<\/td>\n<td style=\"height: 25px;width: 11.5747%\" align=\"LEFT\">&nbsp;<\/td>\n<td style=\"height: 25px;width: 11.5747%\" align=\"LEFT\">Ingl\u00e9s<\/td>\n<\/tr>\n<tr style=\"height: 25px\">\n<td style=\"height: 25px;width: 12.5169%\" align=\"LEFT\">23002851<\/td>\n<td style=\"height: 25px;width: 26.9179%\" align=\"LEFT\">IES&nbsp; Reyes de Espa\u00f1a<\/td>\n<td style=\"height: 25px;width: 25.3028%\" align=\"LEFT\">Linares<\/td>\n<td style=\"height: 25px;width: 11.8439%\" align=\"LEFT\">&nbsp;2014\/2015<\/td>\n<td style=\"height: 25px;width: 11.5747%\" align=\"LEFT\">&nbsp;2019\/2020<\/td>\n<td style=\"height: 25px;width: 11.5747%\" align=\"LEFT\">Ingl\u00e9s<\/td>\n<\/tr>\n<tr style=\"height: 25px\">\n<td style=\"height: 25px;width: 12.5169%\" align=\"LEFT\">23700888<\/td>\n<td style=\"height: 25px;width: 26.9179%\" align=\"LEFT\">IES&nbsp; Santa Engracia<\/td>\n<td style=\"height: 25px;width: 25.3028%\" align=\"LEFT\">Linares<\/td>\n<td style=\"height: 25px;width: 11.8439%\" align=\"LEFT\">&nbsp;2009\/2010<\/td>\n<td style=\"height: 25px;width: 11.5747%\" align=\"LEFT\">&nbsp;<\/td>\n<td style=\"height: 25px;width: 11.5747%\" align=\"LEFT\">Ingl\u00e9s<\/td>\n<\/tr>\n<tr>\n<td style=\"width: 12.5169%\">23700748<\/td>\n<td style=\"width: 26.9179%\">IES Gamonares<\/td>\n<td style=\"width: 25.3028%\">Lopera<\/td>\n<td style=\"width: 11.8439%\">2021\/2022<\/td>\n<td style=\"width: 11.5747%\">&nbsp;<\/td>\n<td style=\"width: 11.5747%\">Ingl\u00e9s<\/td>\n<\/tr>\n<tr>\n<td style=\"width: 12.5169%\">23700220<\/td>\n<td style=\"width: 26.9179%\">IES La Pandera<\/td>\n<td style=\"width: 25.3028%\">Los Villares<\/td>\n<td style=\"width: 11.8439%\">2021\/2022<\/td>\n<td style=\"width: 11.5747%\">&nbsp;<\/td>\n<td style=\"width: 11.5747%\">Ingl\u00e9s<\/td>\n<\/tr>\n<tr style=\"height: 25px\">\n<td style=\"height: 25px;width: 12.5169%\" align=\"LEFT\">23005074<\/td>\n<td style=\"height: 25px;width: 26.9179%\" align=\"LEFT\">IES&nbsp; Pe\u00f1a del \u00c1guila<\/td>\n<td style=\"height: 25px;width: 25.3028%\" align=\"LEFT\">Mancha Real<\/td>\n<td style=\"height: 25px;width: 11.8439%\" align=\"LEFT\">2007\/2008<\/td>\n<td style=\"height: 25px;width: 11.5747%\" align=\"LEFT\">&nbsp;<\/td>\n<td style=\"height: 25px;width: 11.5747%\" align=\"LEFT\">Ingl\u00e9s<\/td>\n<\/tr>\n<tr style=\"height: 14px\">\n<td style=\"height: 14px;width: 12.5169%\" align=\"LEFT\">23005153<\/td>\n<td style=\"height: 14px;width: 26.9179%\" align=\"LEFT\">IES&nbsp; Sierra M\u00e1gina<\/td>\n<td style=\"height: 14px;width: 25.3028%\" align=\"LEFT\">Mancha Real<\/td>\n<td style=\"height: 14px;width: 11.8439%\" align=\"LEFT\">2005\/2006<\/p>\n<p>2012\/2013<\/td>\n<td style=\"height: 14px;width: 11.5747%\" align=\"LEFT\">2012\/2013<\/td>\n<td style=\"height: 14px;width: 11.5747%\" align=\"LEFT\"><strong>Franc\u00e9s<\/strong><\/p>\n<p><strong>Pluriling\u00fce: Ingl\u00e9s<\/strong><\/td>\n<\/tr>\n<tr style=\"height: 22px\">\n<td style=\"height: 22px;width: 12.5169%\" align=\"LEFT\">23003119<\/td>\n<td style=\"height: 22px;width: 26.9179%\" align=\"LEFT\">IES&nbsp; Fernando III<\/td>\n<td style=\"height: 22px;width: 25.3028%\" align=\"LEFT\">Martos<\/td>\n<td style=\"height: 22px;width: 11.8439%\" align=\"LEFT\">&nbsp;2017\/2018<\/td>\n<td style=\"height: 22px;width: 11.5747%\" align=\"LEFT\">&nbsp;<\/td>\n<td style=\"height: 22px;width: 11.5747%\" align=\"LEFT\">Ingl\u00e9s<\/td>\n<\/tr>\n<tr style=\"height: 23px\">\n<td style=\"height: 23px;width: 12.5169%\" align=\"LEFT\">23003132<\/td>\n<td style=\"height: 23px;width: 26.9179%\" align=\"LEFT\">IES&nbsp; San Felipe Neri<\/td>\n<td style=\"height: 23px;width: 25.3028%\" align=\"LEFT\">Martos<\/td>\n<td style=\"height: 23px;width: 11.8439%\" align=\"LEFT\">2005\/2006<\/td>\n<td style=\"height: 23px;width: 11.5747%\" align=\"LEFT\">2020\/2021<\/td>\n<td style=\"height: 23px;width: 11.5747%\" align=\"LEFT\">Ingl\u00e9s<\/td>\n<\/tr>\n<tr style=\"height: 23px\">\n<td style=\"height: 23px;width: 12.5169%\" align=\"LEFT\">23700301<\/td>\n<td style=\"height: 23px;width: 26.9179%\" align=\"LEFT\">IES Mar\u00eda Cabeza Arellano Mart\u00ednez<\/td>\n<td style=\"height: 23px;width: 25.3028%\" align=\"LEFT\">Meng\u00edbar<\/td>\n<td style=\"height: 23px;width: 11.8439%\" align=\"LEFT\">2019\/2020<\/td>\n<td style=\"height: 23px;width: 11.5747%\" align=\"LEFT\">&nbsp;<\/td>\n<td style=\"height: 23px;width: 11.5747%\" align=\"LEFT\">Ingl\u00e9s<\/td>\n<\/tr>\n<tr>\n<td style=\"width: 12.5169%\">23700578<\/td>\n<td style=\"width: 26.9179%\">IES San Juan Bautista<\/td>\n<td style=\"width: 25.3028%\">Navas de San Juan<\/td>\n<td style=\"width: 11.8439%\">2021\/2022<\/td>\n<td style=\"width: 11.5747%\">&nbsp;<\/td>\n<td style=\"width: 11.5747%\">Ingl\u00e9s<\/td>\n<\/tr>\n<tr style=\"height: 25px\">\n<td style=\"height: 25px;width: 12.5169%\" align=\"LEFT\">23700487<\/td>\n<td style=\"height: 25px;width: 26.9179%\" align=\"LEFT\">IES&nbsp; Almicer\u00e1n<\/td>\n<td style=\"height: 25px;width: 25.3028%\" align=\"LEFT\">Peal de Becerro<\/td>\n<td style=\"height: 25px;width: 11.8439%\" align=\"LEFT\">2009\/2010<\/td>\n<td style=\"height: 25px;width: 11.5747%\" align=\"LEFT\">2021\/2022<\/td>\n<td style=\"height: 25px;width: 11.5747%\" align=\"LEFT\">Ingl\u00e9s<\/td>\n<\/tr>\n<tr style=\"height: 25px\">\n<td style=\"height: 25px;width: 12.5169%\" align=\"LEFT\">23005372<\/td>\n<td style=\"height: 25px;width: 26.9179%\" align=\"LEFT\">IES&nbsp; Guadalent\u00edn<\/td>\n<td style=\"height: 25px;width: 25.3028%\" align=\"LEFT\">Pozo Alc\u00f3n<\/td>\n<td style=\"height: 25px;width: 11.8439%\" align=\"LEFT\">2008\/2009<\/td>\n<td style=\"height: 25px;width: 11.5747%\" align=\"LEFT\">&nbsp;<\/td>\n<td style=\"height: 25px;width: 11.5747%\" align=\"LEFT\">Ingl\u00e9s<\/td>\n<\/tr>\n<tr style=\"height: 25px\">\n<td style=\"height: 25px;width: 12.5169%\" align=\"LEFT\"><span class=\"fontstyle0\">23700426<\/span><\/td>\n<td style=\"height: 25px;width: 26.9179%\" align=\"LEFT\">IES Ca\u00f1ada de las Fuentes<\/td>\n<td style=\"height: 25px;width: 25.3028%\" align=\"LEFT\">Quesada<\/td>\n<td style=\"height: 25px;width: 11.8439%\" align=\"LEFT\">2020\/2021<\/td>\n<td style=\"height: 25px;width: 11.5747%\" align=\"LEFT\">&nbsp;<\/td>\n<td style=\"height: 25px;width: 11.5747%\" align=\"LEFT\">Ingl\u00e9s<\/td>\n<\/tr>\n<tr style=\"height: 25px\">\n<td style=\"height: 25px;width: 12.5169%\" align=\"LEFT\">23700785<\/td>\n<td style=\"height: 25px;width: 26.9179%\" align=\"LEFT\">IES&nbsp; Ruradia<\/td>\n<td style=\"height: 25px;width: 25.3028%\" align=\"LEFT\">Rus<\/td>\n<td style=\"height: 25px;width: 11.8439%\" align=\"LEFT\">2008\/2009<\/td>\n<td style=\"height: 25px;width: 11.5747%\" align=\"LEFT\">&nbsp;<\/td>\n<td style=\"height: 25px;width: 11.5747%\" align=\"LEFT\">Ingl\u00e9s<\/td>\n<\/tr>\n<tr>\n<td style=\"width: 12.5169%\">23700566<\/td>\n<td style=\"width: 26.9179%\">IES Virgen del Collado<\/td>\n<td style=\"width: 25.3028%\">Santisteban del Puerto<\/td>\n<td style=\"width: 11.8439%\">2022\/2023<\/td>\n<td style=\"width: 11.5747%\">&nbsp;<\/td>\n<td style=\"width: 11.5747%\">Ingl\u00e9s<\/td>\n<\/tr>\n<tr style=\"height: 25px\">\n<td style=\"height: 25px;width: 12.5169%\" align=\"LEFT\">23700323<\/td>\n<td style=\"height: 25px;width: 26.9179%\" align=\"LEFT\">IES&nbsp; Doctor Francisco Mar\u00edn<\/td>\n<td style=\"height: 25px;width: 25.3028%\" align=\"LEFT\">Siles<\/td>\n<td style=\"height: 25px;width: 11.8439%\" align=\"LEFT\">2011\/2012<\/td>\n<td style=\"height: 25px;width: 11.5747%\" align=\"LEFT\">&nbsp;<\/td>\n<td style=\"height: 25px;width: 11.5747%\" align=\"LEFT\">Ingl\u00e9s<\/td>\n<\/tr>\n<tr style=\"height: 25px\">\n<td style=\"height: 25px;width: 12.5169%\" align=\"LEFT\">23003934<\/td>\n<td style=\"height: 25px;width: 26.9179%\" align=\"LEFT\">IES&nbsp; Miguel S\u00e1nchez L\u00f3pez<\/td>\n<td style=\"height: 25px;width: 25.3028%\" align=\"LEFT\">Torredelcampo<\/td>\n<td style=\"height: 25px;width: 11.8439%\" align=\"LEFT\">2007\/2008<\/td>\n<td style=\"height: 25px;width: 11.5747%\" align=\"LEFT\">2012\/2013<\/td>\n<td style=\"height: 25px;width: 11.5747%\" align=\"LEFT\">Ingl\u00e9s<\/td>\n<\/tr>\n<tr style=\"height: 25px\">\n<td style=\"height: 25px;width: 12.5169%\" align=\"LEFT\">23000180<\/td>\n<td style=\"height: 25px;width: 26.9179%\" align=\"LEFT\">IES&nbsp; Torre Olvidada<\/td>\n<td style=\"height: 25px;width: 25.3028%\" align=\"LEFT\">Torredelcampo<\/td>\n<td style=\"height: 25px;width: 11.8439%\" align=\"LEFT\">2015\/2016<\/td>\n<td style=\"height: 25px;width: 11.5747%\" align=\"LEFT\">&nbsp;<\/td>\n<td style=\"height: 25px;width: 11.5747%\" align=\"LEFT\">Ingl\u00e9s<\/td>\n<\/tr>\n<tr style=\"height: 25px\">\n<td style=\"height: 25px;width: 12.5169%\" align=\"LEFT\">23700335<\/td>\n<td style=\"height: 25px;width: 26.9179%\" align=\"LEFT\">IES&nbsp; Acebuche<\/td>\n<td style=\"height: 25px;width: 25.3028%\" align=\"LEFT\">Torredonjimeno<\/td>\n<td style=\"height: 25px;width: 11.8439%\" align=\"LEFT\">2018\/2019<\/td>\n<td style=\"height: 25px;width: 11.5747%\" align=\"LEFT\">&nbsp;<\/td>\n<td style=\"height: 25px;width: 11.5747%\" align=\"LEFT\">Ingl\u00e9s<\/td>\n<\/tr>\n<tr style=\"height: 25px\">\n<td style=\"height: 25px;width: 12.5169%\" align=\"LEFT\">23003983<\/td>\n<td style=\"height: 25px;width: 26.9179%\" align=\"LEFT\">IES&nbsp; Santo Reino<\/td>\n<td style=\"height: 25px;width: 25.3028%\" align=\"LEFT\">Torredonjimeno<\/td>\n<td style=\"height: 25px;width: 11.8439%\" align=\"LEFT\">2017\/2018<\/td>\n<td style=\"height: 25px;width: 11.5747%\" align=\"LEFT\">&nbsp;<\/td>\n<td style=\"height: 25px;width: 11.5747%\" align=\"LEFT\">Ingl\u00e9s<\/td>\n<\/tr>\n<tr style=\"height: 25px\">\n<td style=\"height: 25px;width: 12.5169%\" align=\"LEFT\">23006029<\/td>\n<td style=\"height: 25px;width: 26.9179%\" align=\"LEFT\">IES&nbsp; Francisco de los Cobos<\/td>\n<td style=\"height: 25px;width: 25.3028%\" align=\"LEFT\">\u00dabeda<\/td>\n<td style=\"height: 25px;width: 11.8439%\" align=\"LEFT\">2014\/2015<\/td>\n<td style=\"height: 25px;width: 11.5747%\" align=\"LEFT\">&nbsp;<\/td>\n<td style=\"height: 25px;width: 11.5747%\" align=\"LEFT\">Ingl\u00e9s<\/td>\n<\/tr>\n<tr style=\"height: 25px\">\n<td style=\"height: 25px;width: 12.5169%\" align=\"LEFT\">23004264<\/td>\n<td style=\"height: 25px;width: 26.9179%\" align=\"LEFT\">IES&nbsp; Los Cerros<\/td>\n<td style=\"height: 25px;width: 25.3028%\" align=\"LEFT\">\u00dabeda<\/td>\n<td style=\"height: 25px;width: 11.8439%\" align=\"LEFT\">2008\/2009<\/td>\n<td style=\"height: 25px;width: 11.5747%\" align=\"LEFT\">&nbsp;<\/td>\n<td style=\"height: 25px;width: 11.5747%\" align=\"LEFT\">Ingl\u00e9s<\/td>\n<\/tr>\n<tr style=\"height: 25px\">\n<td style=\"height: 25px;width: 12.5169%\" align=\"LEFT\">23700347<\/td>\n<td style=\"height: 25px;width: 26.9179%\" align=\"LEFT\">IES&nbsp; Sierra Sur<\/td>\n<td style=\"height: 25px;width: 25.3028%\" align=\"LEFT\">Valdepe\u00f1as de Ja\u00e9n<\/td>\n<td style=\"height: 25px;width: 11.8439%\" align=\"LEFT\">2006\/2007<\/td>\n<td style=\"height: 25px;width: 11.5747%\" align=\"LEFT\">&nbsp;<\/td>\n<td style=\"height: 25px;width: 11.5747%\" align=\"LEFT\">Ingl\u00e9s<\/td>\n<\/tr>\n<tr style=\"height: 25px\">\n<td style=\"height: 25px;width: 12.5169%\" align=\"LEFT\">23700359<\/td>\n<td style=\"height: 25px;width: 26.9179%\" align=\"LEFT\">IES&nbsp; Abula<\/td>\n<td style=\"height: 25px;width: 25.3028%\" align=\"LEFT\">Vilches<\/td>\n<td style=\"height: 25px;width: 11.8439%\" align=\"LEFT\">2008\/2009<\/td>\n<td style=\"height: 25px;width: 11.5747%\" align=\"LEFT\">2013\/2014<\/td>\n<td style=\"height: 25px;width: 11.5747%\" align=\"LEFT\">Ingl\u00e9s<\/td>\n<\/tr>\n<tr style=\"height: 25px\">\n<td style=\"height: 25px;width: 12.5169%\" align=\"LEFT\">23700803<\/td>\n<td style=\"height: 25px;width: 26.9179%\" align=\"LEFT\">IES&nbsp; Juan de Barrionuevo Moya<\/td>\n<td style=\"height: 25px;width: 25.3028%\" align=\"LEFT\">Villanueva de la Reina<\/td>\n<td style=\"height: 25px;width: 11.8439%\" align=\"LEFT\">2007\/2008<\/td>\n<td style=\"height: 25px;width: 11.5747%\" align=\"LEFT\">&nbsp;<\/td>\n<td style=\"height: 25px;width: 11.5747%\" align=\"LEFT\">Ingl\u00e9s<\/td>\n<\/tr>\n<tr style=\"height: 25px\">\n<td style=\"height: 25px;width: 12.5169%\" align=\"LEFT\">23700499<\/td>\n<td style=\"height: 25px;width: 26.9179%\" align=\"LEFT\">IES&nbsp; Nieves L\u00f3pez Pastor<\/td>\n<td style=\"height: 25px;width: 25.3028%\" align=\"LEFT\">Villanueva del Arzobispo<\/td>\n<td style=\"height: 25px;width: 11.8439%\" align=\"LEFT\">2015\/2016<\/p>\n<p>2020\/2021<\/td>\n<td style=\"height: 25px;width: 11.5747%\" align=\"LEFT\">&nbsp;<\/td>\n<td style=\"height: 25px;width: 11.5747%\" align=\"LEFT\"><strong>Ingl\u00e9s<\/strong><\/p>\n<p><strong>Pluriling\u00fce: Franc\u00e9s<\/strong><\/td>\n<\/tr>\n<tr style=\"height: 25px\">\n<td style=\"height: 25px;width: 12.5169%\" align=\"LEFT\">23700815<\/td>\n<td style=\"height: 25px;width: 26.9179%\" align=\"LEFT\">IES&nbsp; Llano de la Vi\u00f1a<\/td>\n<td style=\"height: 25px;width: 25.3028%\" align=\"LEFT\">Villatorres &#8211; Villargordo<\/td>\n<td style=\"height: 25px;width: 11.8439%\" align=\"LEFT\">2008\/2009<\/td>\n<td style=\"height: 25px;width: 11.5747%\" align=\"LEFT\">&nbsp;<\/td>\n<td style=\"height: 25px;width: 11.5747%\" align=\"LEFT\">Ingl\u00e9s<\/td>\n<\/tr>\n<\/tbody>\n<\/table>\n<p>TOTAL: 56 (de ellos 3 pluriling\u00fces)<\/p>\n<p><strong>B2*<\/strong>: Centros que ofertan la preparaci\u00f3n para la obtenci\u00f3n del certificado de Nivel Intermedio B2 en colaboraci\u00f3n con su EOI de referencia.<\/p>\n","protected":false},"excerpt":{"rendered":"<p>C\u00d3DIGO DENOMINACI\u00d3N LOCALIDAD CURSO IMPLANTACI\u00d3N IDIOMA ESO BACH 23000106 IES Alfonso XI Alcal\u00e1 La Real &nbsp; 2021\/2022 Ingl\u00e9s 23700542 IES&nbsp; Antonio de Mendoza Alcal\u00e1 la Real 2016\/2017 &nbsp; Ingl\u00e9s 23000246 IES&nbsp; Salvador Serrano Alcaudete&#46;&#46;&#46;<\/p>\n","protected":false},"author":6890,"featured_media":0,"parent":0,"menu_order":0,"comment_status":"closed","ping_status":"closed","template":"","meta":{"ngg_post_thumbnail":0,"footnotes":"","_mc_calendar":[]},"aioseo_notices":[],"_links":{"self":[{"href":"https:\/\/blogsaverroes.juntadeandalucia.es\/plurilinguismodelegacionjaen\/wp-json\/wp\/v2\/pages\/2727"}],"collection":[{"href":"https:\/\/blogsaverroes.juntadeandalucia.es\/plurilinguismodelegacionjaen\/wp-json\/wp\/v2\/pages"}],"about":[{"href":"https:\/\/blogsaverroes.juntadeandalucia.es\/plurilinguismodelegacionjaen\/wp-json\/wp\/v2\/types\/page"}],"author":[{"embeddable":true,"href":"https:\/\/blogsaverroes.juntadeandalucia.es\/plurilinguismodelegacionjaen\/wp-json\/wp\/v2\/users\/6890"}],"replies":[{"embeddable":true,"href":"https:\/\/blogsaverroes.juntadeandalucia.es\/plurilinguismodelegacionjaen\/wp-json\/wp\/v2\/comments?post=2727"}],"version-history":[{"count":30,"href":"https:\/\/blogsaverroes.juntadeandalucia.es\/plurilinguismodelegacionjaen\/wp-json\/wp\/v2\/pages\/2727\/revisions"}],"predecessor-version":[{"id":4157,"href":"https:\/\/blogsaverroes.juntadeandalucia.es\/plurilinguismodelegacionjaen\/wp-json\/wp\/v2\/pages\/2727\/revisions\/4157"}],"wp:attachment":[{"href":"https:\/\/blogsaverroes.juntadeandalucia.es\/plurilinguismodelegacionjaen\/wp-json\/wp\/v2\/media?parent=2727"}],"curies":[{"name":"wp","href":"https:\/\/api.w.org\/{rel}","templated":true}]}}