{"id":5911,"date":"2024-11-13T06:58:03","date_gmt":"2024-11-13T06:58:03","guid":{"rendered":"https:\/\/blogsaverroes.juntadeandalucia.es\/plurilinguismodelegacionjaen\/?page_id=5911"},"modified":"2026-02-10T08:10:23","modified_gmt":"2026-02-10T08:10:23","slug":"torneo-de-debate","status":"publish","type":"page","link":"https:\/\/blogsaverroes.juntadeandalucia.es\/plurilinguismodelegacionjaen\/torneo-de-debate\/","title":{"rendered":"Torneo de Debate"},"content":{"rendered":"<p>La Direcci\u00f3n Gral. de Innovaci\u00f3n y Formaci\u00f3n del Profesorado de la Consejer\u00eda de Desarrollo Educativo y FP, convoca el <strong>V<\/strong> <strong>Torneode Debate Educativo <\/strong>para el curso acad\u00e9mico 2025\/2026, dirigido exclusivamente a alumnado de ESO, Bachillerato y ciclos Formativos de FP cuya edad no supere los 18 a\u00f1os de centros docentes&nbsp; sostenidos con fondos p\u00fablicos. Este torneo tiene un car\u00e1cter esencialmente <strong>formativo, no competitivo,<\/strong> y constituye una oportunidad excelente para dar visibilidad a las actividades que realizan nuestros centros y, sobre todo, una experiencia \u00fanica de aprendizaje para nuestros estudiantes.<\/p>\n<p><strong><a href=\"https:\/\/padlet.com\/plurilinguismohuelva\/debate\" target=\"_blank\" rel=\"noopener\">Padlet recopilatorio para toda informaci\u00f3n de calidad relativa al torneo en Andaluc\u00eda<\/a><\/strong><\/p>\n<p><strong><a href=\"https:\/\/blogsaverroes.juntadeandalucia.es\/plurilinguismodelegacionjaen\/files\/2025\/09\/251909_Resolucion-Torneo-Debate-2025_2026F.pdf\" target=\"_blank\" rel=\"noopener\">Resoluci\u00f3n Torneo Debate 2025_2026<\/a><\/strong><\/p>\n<p><strong><a href=\"https:\/\/blogsaverroes.juntadeandalucia.es\/plurilinguismodelegacionjaen\/files\/2025\/09\/ANEXO-I-Reglamento.pdf\" target=\"_blank\" rel=\"noopener\">ANEXO I: Reglamento Torneo de Debate 2025\/2026<\/a><\/strong><\/p>\n<p>Recursos y materiales:<\/p>\n<ul>\n<li><a href=\"https:\/\/edea.juntadeandalucia.es\/bancorecursos\/file\/cb074a0e-0987-4097-badb-00293cf47d37\/1\/guia_debate_REA_Andalucia.zip\/index.html\" target=\"_blank\" rel=\"noopener\">Gu\u00eda para el debate acad\u00e9mico en el aula<\/a><\/li>\n<li><a href=\"https:\/\/www.juntadeandalucia.es\/educacion\/portals\/directorio\/-\/novedades\/detalle\/YN4RHcD9NvVW\/recursos-didacticos-para-el-debate-en-el-aula-1242kr5dzwo85\" target=\"_blank\" rel=\"noopener\">Recursos did\u00e1cticos para el Debate en el aula<\/a><\/li>\n<li><a href=\"https:\/\/www.juntadeandalucia.es\/educacion\/portals\/web\/lecturas-bibliotecas-escolares\/test\/-\/documentos\/CjBQh3HQnVkl\/carpeta\/comunica-debate\" target=\"_blank\" rel=\"noopener\">Documentos para la preparaci\u00f3n del debate<\/a><\/li>\n<\/ul>\n<p>Fichas y plantillas:<\/p>\n<ul>\n<li>Ficha del Jurado&nbsp;<a href=\"https:\/\/drive.google.com\/file\/d\/1b-BgTgs-yTDJ7NEaHZOqs_Nsc2wVzztx\/view?usp=drive_link\" target=\"_blank\" rel=\"noopener\">Franc\u00e9s<\/a>&nbsp;|&nbsp;<a href=\"https:\/\/drive.google.com\/file\/d\/1rBW3s-plPOWQeQP_06Gxi8LjnORfv6rL\/view?usp=drive_link\" target=\"_blank\" rel=\"noopener\">Ingl\u00e9s<\/a><\/li>\n<li>Plantilla de valoraci\u00f3n&nbsp;<a href=\"https:\/\/drive.google.com\/file\/d\/1Y6c7vrA9-uPuyUpimrQ1VUJuaE82KCwd\/view?usp=drive_link\" target=\"_blank\" rel=\"noopener\">Franc\u00e9s<\/a>&nbsp;|&nbsp;<a href=\"https:\/\/drive.google.com\/file\/d\/1Vp4Cp-CXvEj4WdEh21KQNfn8pjWowb38\/view?usp=drive_link\" target=\"_blank\" rel=\"noopener\">Ingl\u00e9s<\/a><\/li>\n<li>Plantilla para notas&nbsp;<a href=\"https:\/\/drive.google.com\/file\/d\/1N2RarIkFFlErqYEp-guUYDRujIeEXvPm\/view?usp=drive_link\" target=\"_blank\" rel=\"noopener\">Franc\u00e9s<\/a>&nbsp;|&nbsp;<a href=\"https:\/\/drive.google.com\/file\/d\/1G4ci7ffkGQPERYchiL9D5CNra7ZDrRhf\/view?usp=drive_link\" target=\"_blank\" rel=\"noopener\">Ingl\u00e9s<\/a><\/li>\n<\/ul>\n<p><a href=\"https:\/\/www.juntadeandalucia.es\/educacion\/portales\/documents\/630154\/2572188\/Anuncio%20temas%20V%20Torneo%20Debate%20Educativo%20en%20Andaluc%C3%ADa(F).pdf\/7b33df26-3869-ae82-846e-61e1ea3020dd?version=1.0\" target=\"_blank\" rel=\"noopener\"><strong>Preguntas de la fase Provincial y la Fase Regional 2026:&nbsp;<\/strong><\/a><\/p>\n<p>&nbsp;<\/p>\n<p>Torneos anteriores<\/p>\n<ul>\n<li><a href=\"https:\/\/www.juntadeandalucia.es\/educacion\/portals\/directorio\/-\/novedades\/detalle\/YN4RHcD9NvVW\/torneo-de-debate-educativo\" target=\"_blank\" rel=\"noopener\">IV Torneo de Debate Educativo<\/a><\/li>\n<li><a href=\"https:\/\/portales.ced.junta-andalucia.es\/educacion\/portales\/web\/programas-educativos-internacionales\/torneo-de-debates-plurilingues\" target=\"_blank\" rel=\"noopener\">II Torneo de Debate \u00abDebates pluriling\u00fces de Andaluc\u00eda\u00bb <\/a><\/li>\n<li><a href=\"https:\/\/drive.google.com\/file\/d\/1TO6CZxgLlrx1wvnCaXS6qRFcjZn5TROa\/view?usp=drive_link\" target=\"_blank\" rel=\"noopener\">V\u00eddeo Torneo Ja\u00e9n 2025<\/a><\/li>\n<li>III Torneo de Debate \u00abDebates pluriling\u00fces de Andaluc\u00eda\u00bb<br \/>\n<a href=\"https:\/\/blogsaverroes.juntadeandalucia.es\/plurilinguismodelegacionjaen\/files\/2025\/05\/resultados-autonomicos.jpg\"><img loading=\"lazy\" decoding=\"async\" class=\"alignnone size-medium wp-image-6138\" src=\"https:\/\/blogsaverroes.juntadeandalucia.es\/plurilinguismodelegacionjaen\/files\/2025\/05\/resultados-autonomicos-300x199.jpg\" alt=\"\" width=\"300\" height=\"199\" srcset=\"https:\/\/blogsaverroes.juntadeandalucia.es\/plurilinguismodelegacionjaen\/files\/2025\/05\/resultados-autonomicos-300x199.jpg 300w, https:\/\/blogsaverroes.juntadeandalucia.es\/plurilinguismodelegacionjaen\/files\/2025\/05\/resultados-autonomicos.jpg 680w\" sizes=\"(max-width: 300px) 100vw, 300px\" \/><\/a><\/li>\n<\/ul>\n<p>&nbsp;<\/p>\n","protected":false},"excerpt":{"rendered":"<p>La Direcci\u00f3n Gral. de Innovaci\u00f3n y Formaci\u00f3n del Profesorado de la Consejer\u00eda de Desarrollo Educativo y FP, convoca el V Torneode Debate Educativo para el curso acad\u00e9mico 2025\/2026, dirigido exclusivamente a alumnado de ESO,&#46;&#46;&#46;<\/p>\n","protected":false},"author":6890,"featured_media":0,"parent":0,"menu_order":0,"comment_status":"closed","ping_status":"closed","template":"","meta":{"ngg_post_thumbnail":0,"footnotes":"","_mc_calendar":[]},"aioseo_notices":[],"_links":{"self":[{"href":"https:\/\/blogsaverroes.juntadeandalucia.es\/plurilinguismodelegacionjaen\/wp-json\/wp\/v2\/pages\/5911"}],"collection":[{"href":"https:\/\/blogsaverroes.juntadeandalucia.es\/plurilinguismodelegacionjaen\/wp-json\/wp\/v2\/pages"}],"about":[{"href":"https:\/\/blogsaverroes.juntadeandalucia.es\/plurilinguismodelegacionjaen\/wp-json\/wp\/v2\/types\/page"}],"author":[{"embeddable":true,"href":"https:\/\/blogsaverroes.juntadeandalucia.es\/plurilinguismodelegacionjaen\/wp-json\/wp\/v2\/users\/6890"}],"replies":[{"embeddable":true,"href":"https:\/\/blogsaverroes.juntadeandalucia.es\/plurilinguismodelegacionjaen\/wp-json\/wp\/v2\/comments?post=5911"}],"version-history":[{"count":14,"href":"https:\/\/blogsaverroes.juntadeandalucia.es\/plurilinguismodelegacionjaen\/wp-json\/wp\/v2\/pages\/5911\/revisions"}],"predecessor-version":[{"id":6413,"href":"https:\/\/blogsaverroes.juntadeandalucia.es\/plurilinguismodelegacionjaen\/wp-json\/wp\/v2\/pages\/5911\/revisions\/6413"}],"wp:attachment":[{"href":"https:\/\/blogsaverroes.juntadeandalucia.es\/plurilinguismodelegacionjaen\/wp-json\/wp\/v2\/media?parent=5911"}],"curies":[{"name":"wp","href":"https:\/\/api.w.org\/{rel}","templated":true}]}}