{"id":224,"date":"2017-10-08T17:37:57","date_gmt":"2017-10-08T17:37:57","guid":{"rendered":"http:\/\/blogsaverroes.juntadeandalucia.es\/politecnicoeuropa\/?page_id=224"},"modified":"2026-04-02T18:11:31","modified_gmt":"2026-04-02T18:11:31","slug":"contacto","status":"publish","type":"page","link":"https:\/\/blogsaverroes.juntadeandalucia.es\/politecnicoeuropa\/contacto\/","title":{"rendered":"Contacto"},"content":{"rendered":"<p>En el <strong>IES Polit\u00e9cnico Jes\u00fas Mar\u00edn<\/strong>, las pr\u00e1cticas de empresa en el extranjero de nuestro alumnado se coordinan desde la <strong>Vicedirecci\u00f3n<\/strong> del centro. Se ruega consultar horario de atenci\u00f3n al p\u00fablico.<\/p>\n<p>El correo electr\u00f3nico de contacto es: <strong>europa@politecnicomalaga.com<\/strong>.<\/p>\n<p style=\"text-align: center\"><a href=\"https:\/\/politecnicomalaga.com\" target=\"_blank\" rel=\"noopener\">https:\/\/politecnicomalaga.com<\/a><\/p>\n","protected":false},"excerpt":{"rendered":"<p>En el IES Polit\u00e9cnico Jes\u00fas Mar\u00edn, las pr\u00e1cticas de empresa en el extranjero de nuestro alumnado se coordinan desde la Vicedirecci\u00f3n del centro. Se ruega consultar horario de atenci\u00f3n al p\u00fablico. El correo electr\u00f3nico de contacto es: europa@politecnicomalaga.com. https:\/\/politecnicomalaga.com<\/p>\n","protected":false},"author":5375,"featured_media":0,"parent":0,"menu_order":0,"comment_status":"closed","ping_status":"closed","template":"","meta":{"ngg_post_thumbnail":0,"footnotes":""},"aioseo_notices":[],"_links":{"self":[{"href":"https:\/\/blogsaverroes.juntadeandalucia.es\/politecnicoeuropa\/wp-json\/wp\/v2\/pages\/224"}],"collection":[{"href":"https:\/\/blogsaverroes.juntadeandalucia.es\/politecnicoeuropa\/wp-json\/wp\/v2\/pages"}],"about":[{"href":"https:\/\/blogsaverroes.juntadeandalucia.es\/politecnicoeuropa\/wp-json\/wp\/v2\/types\/page"}],"author":[{"embeddable":true,"href":"https:\/\/blogsaverroes.juntadeandalucia.es\/politecnicoeuropa\/wp-json\/wp\/v2\/users\/5375"}],"replies":[{"embeddable":true,"href":"https:\/\/blogsaverroes.juntadeandalucia.es\/politecnicoeuropa\/wp-json\/wp\/v2\/comments?post=224"}],"version-history":[{"count":14,"href":"https:\/\/blogsaverroes.juntadeandalucia.es\/politecnicoeuropa\/wp-json\/wp\/v2\/pages\/224\/revisions"}],"predecessor-version":[{"id":1317,"href":"https:\/\/blogsaverroes.juntadeandalucia.es\/politecnicoeuropa\/wp-json\/wp\/v2\/pages\/224\/revisions\/1317"}],"wp:attachment":[{"href":"https:\/\/blogsaverroes.juntadeandalucia.es\/politecnicoeuropa\/wp-json\/wp\/v2\/media?parent=224"}],"curies":[{"name":"wp","href":"https:\/\/api.w.org\/{rel}","templated":true}]}}