{"id":141,"date":"2023-02-20T07:13:24","date_gmt":"2023-02-20T07:13:24","guid":{"rendered":"http:\/\/blogsaverroes.juntadeandalucia.es\/pre\/ceip\/?page_id=141"},"modified":"2023-03-02T13:19:03","modified_gmt":"2023-03-02T13:19:03","slug":"escolarizacion","status":"publish","type":"page","link":"https:\/\/blogsaverroes.juntadeandalucia.es\/princesasofia\/escolarizacion\/","title":{"rendered":"Escolarizaci\u00f3n 2023\/2024"},"content":{"rendered":"<p>&nbsp;<\/p>\n<p><a href=\"https:\/\/blogsaverroes.juntadeandalucia.es\/princesasofia\/files\/2022\/02\/ceip-princesa-sof\u00eda.jpg\" target=\"_blank\" rel=\"noopener noreferrer\"><img loading=\"lazy\" decoding=\"async\" class=\"alignnone wp-image-4228 size-medium\" style=\"color: #0000ee\" src=\"https:\/\/blogsaverroes.juntadeandalucia.es\/princesasofia\/files\/2022\/02\/ceip-princesa-sof\u00eda-212x300.jpg\" alt=\"\" width=\"212\" height=\"300\" srcset=\"https:\/\/blogsaverroes.juntadeandalucia.es\/princesasofia\/files\/2022\/02\/ceip-princesa-sof\u00eda-212x300.jpg 212w, https:\/\/blogsaverroes.juntadeandalucia.es\/princesasofia\/files\/2022\/02\/ceip-princesa-sof\u00eda-724x1024.jpg 724w, https:\/\/blogsaverroes.juntadeandalucia.es\/princesasofia\/files\/2022\/02\/ceip-princesa-sof\u00eda-768x1086.jpg 768w, https:\/\/blogsaverroes.juntadeandalucia.es\/princesasofia\/files\/2022\/02\/ceip-princesa-sof\u00eda-1086x1536.jpg 1086w, https:\/\/blogsaverroes.juntadeandalucia.es\/princesasofia\/files\/2022\/02\/ceip-princesa-sof\u00eda-1448x2048.jpg 1448w, https:\/\/blogsaverroes.juntadeandalucia.es\/princesasofia\/files\/2022\/02\/ceip-princesa-sof\u00eda.jpg 1131w\" sizes=\"(max-width: 212px) 100vw, 212px\" \/><\/a><\/p>\n<p>Se pone en conocimiento de esta Comunidad Educativa, que el <strong>Plazo de Presentaci\u00f3n de Solicitudes para Reserva de Plaza <\/strong>en Educaci\u00f3n <strong>Infantil <\/strong>3, 4 y 5 a\u00f1os y Educaci\u00f3n <strong>Primaria,<\/strong> curso Escolar&nbsp; 2023-2024, estar\u00e1 abierto&nbsp; el mes de <strong><u>marzo<\/u><\/strong>. Solamente para alumnos\/as de <strong>Nueva Inscripci\u00f3n<\/strong> y para aquellos\/as que quieran <strong>cambiar de Centro.<\/strong><\/p>\n<p><strong>&nbsp;&nbsp;&nbsp;&nbsp;&nbsp;&nbsp;&nbsp;&nbsp; <\/strong>Las <strong><em>solicitudes<\/em><\/strong> se recoger\u00e1n en la Secretar\u00eda del Centro en horario comprendido entre las 9 y las 14 h.<\/p>\n<p>&nbsp;&nbsp;&nbsp;&nbsp;&nbsp;&nbsp;&nbsp;&nbsp; La <strong><em><u>documentaci\u00f3n <\/u><\/em><\/strong>que hay que acompa\u00f1ar a la solicitud ser\u00e1:<\/p>\n<p>&nbsp;&nbsp;&nbsp;&nbsp;&nbsp;&nbsp;&nbsp;&nbsp; -Fotocopia del libro de familia, hoja donde est\u00e1 inscrito el ni\u00f1o\/a.<\/p>\n<p>&nbsp;&nbsp;&nbsp;&nbsp;&nbsp;&nbsp;&nbsp;&nbsp; -2 fotos tama\u00f1o carnet.<\/p>\n<p>&nbsp;&nbsp;&nbsp;&nbsp;&nbsp;&nbsp;&nbsp;&nbsp; -Fotocopia del D.N.I. del padre y de la madre.<\/p>\n<p>&nbsp;&nbsp;&nbsp;&nbsp;&nbsp;&nbsp;&nbsp;&nbsp; -Acreditaci\u00f3n del domicilio autoriz\u00e1ndolo en la solicitud.<\/p>\n<p>&nbsp;&nbsp;&nbsp;&nbsp;&nbsp;&nbsp;&nbsp;&nbsp; -La Declaraci\u00f3n de la Renta es la referida al ejercicio 2021 <u>no hay que aportar documento<\/u> alguno, pero <u>si firmar<\/u> la declaraci\u00f3n &nbsp; responsable en la solicitud.<\/p>\n<p>&nbsp;&nbsp;&nbsp;&nbsp;&nbsp;&nbsp;&nbsp;&nbsp;&nbsp;&nbsp;&nbsp;&nbsp;&nbsp;&nbsp;&nbsp;&nbsp;&nbsp;&nbsp; El C.E.I.P. \u201cPrincesa Sof\u00eda\u201d ofrece, en sus instalaciones, a la Comunidad Educativa los servicios de: <strong><em>Aula matinal, Comedor escolar y Actividades extraescolares.<\/em><\/strong> Se informar\u00e1 m\u00e1s adelante del plazo de solicitud para estos servicios.<\/p>\n<p>Para mayor informaci\u00f3n en la Secretar\u00eda del Centro.<\/p>\n<table style=\"border-collapse: collapse;width: 100%\">\n<tbody>\n<tr>\n<td style=\"width: 50%\"><a href=\"https:\/\/blogsaverroes.juntadeandalucia.es\/princesasofia\/files\/2023\/02\/1-1.jpg\" target=\"_blank\" rel=\"noopener noreferrer\"><img loading=\"lazy\" decoding=\"async\" class=\"alignnone wp-image-4301 size-medium\" src=\"https:\/\/blogsaverroes.juntadeandalucia.es\/princesasofia\/files\/2023\/02\/1-1-300x232.jpg\" alt=\"\" width=\"300\" height=\"232\" srcset=\"https:\/\/blogsaverroes.juntadeandalucia.es\/princesasofia\/files\/2023\/02\/1-1-300x232.jpg 300w, https:\/\/blogsaverroes.juntadeandalucia.es\/princesasofia\/files\/2023\/02\/1-1-1024x791.jpg 1024w, https:\/\/blogsaverroes.juntadeandalucia.es\/princesasofia\/files\/2023\/02\/1-1-768x593.jpg 768w, https:\/\/blogsaverroes.juntadeandalucia.es\/princesasofia\/files\/2023\/02\/1-1-1536x1187.jpg 1536w, https:\/\/blogsaverroes.juntadeandalucia.es\/princesasofia\/files\/2023\/02\/1-1.jpg 1600w\" sizes=\"(max-width: 300px) 100vw, 300px\" \/><\/a><\/td>\n<td style=\"width: 50%\"><a href=\"https:\/\/blogsaverroes.juntadeandalucia.es\/princesasofia\/files\/2023\/02\/2-1.jpg\" target=\"_blank\" rel=\"noopener noreferrer\"><img loading=\"lazy\" decoding=\"async\" class=\"alignnone wp-image-4302 size-medium\" src=\"https:\/\/blogsaverroes.juntadeandalucia.es\/princesasofia\/files\/2023\/02\/2-1-300x232.jpg\" alt=\"\" width=\"300\" height=\"232\" srcset=\"https:\/\/blogsaverroes.juntadeandalucia.es\/princesasofia\/files\/2023\/02\/2-1-300x232.jpg 300w, https:\/\/blogsaverroes.juntadeandalucia.es\/princesasofia\/files\/2023\/02\/2-1-1024x791.jpg 1024w, https:\/\/blogsaverroes.juntadeandalucia.es\/princesasofia\/files\/2023\/02\/2-1-768x593.jpg 768w, https:\/\/blogsaverroes.juntadeandalucia.es\/princesasofia\/files\/2023\/02\/2-1-1536x1187.jpg 1536w, https:\/\/blogsaverroes.juntadeandalucia.es\/princesasofia\/files\/2023\/02\/2-1.jpg 1600w\" sizes=\"(max-width: 300px) 100vw, 300px\" \/><\/a><\/td>\n<\/tr>\n<\/tbody>\n<\/table>\n<p><a href=\"https:\/\/blogsaverroes.juntadeandalucia.es\/princesasofia\/files\/2023\/03\/Autorizaci\u00f3n-oferta-educativa.pdf\" target=\"_blank\" rel=\"noopener noreferrer\">Oferta Educativa<\/a>&nbsp;<\/p>\n<p><a href=\"https:\/\/www.juntadeandalucia.es\/educacion\/secretariavirtual\/\" target=\"_blank\" rel=\"noopener noreferrer\">Secretar\u00eda Virtual de los Centros<\/a><\/p>\n<p><a title=\"Portal escolarizaci\u00f3n\" href=\"https:\/\/www.juntadeandalucia.es\/educacion\/portales\/en\/web\/escolarizacion\/infantil-a-bachillerato\" target=\"_blank\" rel=\"noopener noreferrer\">Portal de escolarizaci\u00f3n<\/a><\/p>\n<p><a href=\"https:\/\/www.juntadeandalucia.es\/educacion\/portales\/en\/web\/escolarizacion\/infantil-a-bachillerato\/normativa\" target=\"_blank\" rel=\"noopener noreferrer\">Normativa&nbsp;sobre el proceso de escolarizaci\u00f3n.<\/a><\/p>\n<p><a href=\"https:\/\/www.juntadeandalucia.es\/educacion\/portals\/web\/escolarizacion\/infantil-a-bachillerato\/preguntas-frecuentes\" target=\"_blank\" rel=\"noopener noreferrer\">Preguntas frecuentes<\/a><\/p>\n<p><a href=\"https:\/\/www.juntadeandalucia.es\/educacion\/portales\/documents\/100629\/260390\/ANEXO%20III\/32e8b71e-dd03-87ba-4354-c7809d60c1cf?version=3.0\" target=\"_blank\" rel=\"noopener noreferrer\">Impresos (Anexo III- Solicitud<\/a><\/p>\n","protected":false},"excerpt":{"rendered":"<p>&nbsp; Se pone en conocimiento de esta Comunidad Educativa, que el Plazo de Presentaci\u00f3n de Solicitudes para Reserva de Plaza en Educaci\u00f3n Infantil 3, 4 y 5 a\u00f1os y Educaci\u00f3n Primaria, curso Escolar&nbsp; 2023-2024,&#46;&#46;&#46;<\/p>\n","protected":false},"author":1,"featured_media":4228,"parent":0,"menu_order":0,"comment_status":"closed","ping_status":"open","template":"page-cs.php","meta":{"ngg_post_thumbnail":0,"footnotes":"","_mc_calendar":[]},"aioseo_notices":[],"_links":{"self":[{"href":"https:\/\/blogsaverroes.juntadeandalucia.es\/princesasofia\/wp-json\/wp\/v2\/pages\/141"}],"collection":[{"href":"https:\/\/blogsaverroes.juntadeandalucia.es\/princesasofia\/wp-json\/wp\/v2\/pages"}],"about":[{"href":"https:\/\/blogsaverroes.juntadeandalucia.es\/princesasofia\/wp-json\/wp\/v2\/types\/page"}],"author":[{"embeddable":true,"href":"https:\/\/blogsaverroes.juntadeandalucia.es\/princesasofia\/wp-json\/wp\/v2\/users\/1"}],"replies":[{"embeddable":true,"href":"https:\/\/blogsaverroes.juntadeandalucia.es\/princesasofia\/wp-json\/wp\/v2\/comments?post=141"}],"version-history":[{"count":13,"href":"https:\/\/blogsaverroes.juntadeandalucia.es\/princesasofia\/wp-json\/wp\/v2\/pages\/141\/revisions"}],"predecessor-version":[{"id":4312,"href":"https:\/\/blogsaverroes.juntadeandalucia.es\/princesasofia\/wp-json\/wp\/v2\/pages\/141\/revisions\/4312"}],"wp:featuredmedia":[{"embeddable":true,"href":"https:\/\/blogsaverroes.juntadeandalucia.es\/princesasofia\/wp-json\/wp\/v2\/media\/4228"}],"wp:attachment":[{"href":"https:\/\/blogsaverroes.juntadeandalucia.es\/princesasofia\/wp-json\/wp\/v2\/media?parent=141"}],"curies":[{"name":"wp","href":"https:\/\/api.w.org\/{rel}","templated":true}]}}