{"id":2,"date":"2021-09-01T22:30:44","date_gmt":"2021-09-01T22:30:44","guid":{"rendered":"https:\/\/blogsaverroes.juntadeandalucia.es\/profesorblumm\/?page_id=2"},"modified":"2021-10-06T15:42:12","modified_gmt":"2021-10-06T15:42:12","slug":"pagina-ejemplo","status":"publish","type":"page","link":"https:\/\/blogsaverroes.juntadeandalucia.es\/profesorblumm\/pagina-ejemplo\/","title":{"rendered":"Contacto"},"content":{"rendered":"<p>En las redes sociales que frecuento me conocen como <strong>blumm<\/strong>, que es el acr\u00f3nimo formado por mis dos nombres y mis dos apellidos, Bernardo Luis Munuera Montero. Nadie me llama \u201cBernardo Luis\u201d por la calle ni en el trabajo, sino Bernar, Bernardo e incluso Blumm, sorprendentemente. Don Bernardo tambi\u00e9n, pero as\u00ed solo algunos. Soy profesor de Lengua Castellana y Literatura y Literatura Universal en el <a href=\"https:\/\/blogsaverroes.juntadeandalucia.es\/sierramagina\/\" target=\"_blank\" rel=\"noreferrer noopener\">IES Sierra M\u00e1gina<\/a>. Antes lo fui en el <a href=\"https:\/\/www.iestrassierra.com\/\" target=\"_blank\" rel=\"noreferrer noopener\">IES Trassierra<\/a>, <a href=\"https:\/\/iessierradesegura.es\/\" target=\"_blank\" rel=\"noreferrer noopener\">IES Sierra de Segura<\/a> y en la <a href=\"https:\/\/www.escueladeartejosenogue.es\/\" target=\"_blank\" rel=\"noreferrer noopener\">Escuela de Arte Jos\u00e9 Nogu\u00e9<\/a>.<\/p>\r\n<p>Este blog es, sobre todo, para mis alumnos. Escribir\u00e9 sobre asuntos que les puedan interesar, acad\u00e9micamente hablando. Espero que os resulte \u00fatil.<\/p>\r\n<p>Tengo otro blog, pero va sobre libros y asuntos personales, hoy casi nadie lee como antes, por desgracia. Por si te quieres dar una vuelta: <a href=\"https:\/\/blumm.blog\/\" target=\"_blank\" rel=\"noreferrer noopener\">blumm.blog<\/a>.<\/p>\r\n<p>&nbsp;<\/p>\r\n<p>&nbsp;<\/p>\r\n<p>&nbsp;<\/p>\r\n<p>&nbsp;<\/p>\r\n<!--themify_builder_content-->\n<div id=\"themify_builder_content-2\" data-postid=\"2\" class=\"themify_builder_content themify_builder_content-2 themify_builder tf_clear\">\n    <\/div>\n<!--\/themify_builder_content-->\n","protected":false},"excerpt":{"rendered":"<p>En las redes sociales que frecuento me conocen como blumm, que es el acr\u00f3nimo formado por mis dos nombres y mis dos apellidos, Bernardo Luis Munuera Montero. Nadie me llama \u201cBernardo Luis\u201d por la calle ni en el trabajo, sino Bernar, Bernardo e incluso Blumm, sorprendentemente. Don Bernardo tambi\u00e9n, pero as\u00ed solo algunos. Soy profesor [&hellip;]<\/p>\n","protected":false},"author":9409,"featured_media":0,"parent":0,"menu_order":0,"comment_status":"closed","ping_status":"open","template":"","meta":{"ngg_post_thumbnail":0,"footnotes":""},"aioseo_notices":[],"post_mailing_queue_ids":[],"_links":{"self":[{"href":"https:\/\/blogsaverroes.juntadeandalucia.es\/profesorblumm\/wp-json\/wp\/v2\/pages\/2"}],"collection":[{"href":"https:\/\/blogsaverroes.juntadeandalucia.es\/profesorblumm\/wp-json\/wp\/v2\/pages"}],"about":[{"href":"https:\/\/blogsaverroes.juntadeandalucia.es\/profesorblumm\/wp-json\/wp\/v2\/types\/page"}],"author":[{"embeddable":true,"href":"https:\/\/blogsaverroes.juntadeandalucia.es\/profesorblumm\/wp-json\/wp\/v2\/users\/9409"}],"replies":[{"embeddable":true,"href":"https:\/\/blogsaverroes.juntadeandalucia.es\/profesorblumm\/wp-json\/wp\/v2\/comments?post=2"}],"version-history":[{"count":8,"href":"https:\/\/blogsaverroes.juntadeandalucia.es\/profesorblumm\/wp-json\/wp\/v2\/pages\/2\/revisions"}],"predecessor-version":[{"id":57,"href":"https:\/\/blogsaverroes.juntadeandalucia.es\/profesorblumm\/wp-json\/wp\/v2\/pages\/2\/revisions\/57"}],"wp:attachment":[{"href":"https:\/\/blogsaverroes.juntadeandalucia.es\/profesorblumm\/wp-json\/wp\/v2\/media?parent=2"}],"curies":[{"name":"wp","href":"https:\/\/api.w.org\/{rel}","templated":true}]}}