{"id":724,"date":"2026-03-24T13:42:59","date_gmt":"2026-03-24T12:42:59","guid":{"rendered":"https:\/\/blogsaverroes.juntadeandalucia.es\/proyectoseuropeoscepma1\/?page_id=724"},"modified":"2026-04-14T10:26:00","modified_gmt":"2026-04-14T08:26:00","slug":"objetivos","status":"publish","type":"page","link":"https:\/\/blogsaverroes.juntadeandalucia.es\/proyectoseuropeoscepma1\/ka122_fidis-cep\/objetivos\/","title":{"rendered":"Objetivos"},"content":{"rendered":"<p>Los <strong>objetivos<\/strong> que perseguimos son:<\/p>\n<ol>\n<li><strong>Internacionalizaci\u00f3n y Competencia Ling\u00fc\u00edstica.<\/strong> Fomentar el intercambio de metodolog\u00edas innovadoras con instituciones europeas y mejorar la competencia en lenguas extranjeras de nuestras asesor\u00edas.<\/li>\n<li><strong>Educaci\u00f3n Inclusiva.<\/strong> Impulsar la formaci\u00f3n en atenci\u00f3n a la diversidad, neuroeducaci\u00f3n y gesti\u00f3n de aula inclusiva, compartiendo experiencias de \u00e9xito internacionales con el profesorado de M\u00e1laga.<\/li>\n<li><strong>Transformaci\u00f3n Digital.<\/strong> Potenciar la competencia digital docente (CDD) siguiendo el Marco de Referencia europeo, integrando las tecnolog\u00edas de la informaci\u00f3n y la comunicaci\u00f3n (TIC) y de inteligencia artificial (IA) en los procesos de ense\u00f1anza-aprendizaje.<\/li>\n<li><strong>Sostenibilidad.<\/strong> Promover la conciencia medioambiental y las pr\u00e1cticas sostenibles (cambio clim\u00e1tico, biodiversidad, eficiencia energ\u00e9tica) inspiradas en modelos europeos de \u00e9xito y en los objetivos de desarrollo sostenible (ODS).<\/li>\n<\/ol>\n<p>Para alcanzar estos objetivos, el proyecto contempla una serie de <strong>actividades y movilidades<\/strong> con la participaci\u00f3n de 16 miembros del equipo asesor en diferentes pa\u00edses europeos:<\/p>\n<ul>\n<li><strong>Job-shadowing<\/strong> (<em>aprendizaje por observaci\u00f3n<\/em>). Diez asesor\u00edas realizar\u00e1n estancias en centros de Francia, Croacia y Polonia para observar directamente pr\u00e1cticas innovadoras en inclusi\u00f3n, digitalizaci\u00f3n y sostenibilidad.<\/li>\n<li><strong>Cursos estructurados.<\/strong> Cincos asesor\u00edas asistir\u00e1n a formaciones especializadas en Irlanda enfocadas a la mejora del ingl\u00e9s, la integraci\u00f3n de la IA, las TIC en la educaci\u00f3n y la metodolog\u00eda de Aprendizaje Integrado de Contenidos y Lenguas Extranjeras (AICLE)<\/li>\n<\/ul>\n","protected":false},"excerpt":{"rendered":"<p>Los objetivos que perseguimos son: Internacionalizaci\u00f3n y Competencia Ling\u00fc\u00edstica. Fomentar el intercambio de metodolog\u00edas innovadoras con instituciones europeas y mejorar la competencia en lenguas extranjeras de nuestras asesor\u00edas. Educaci\u00f3n Inclusiva. Impulsar la formaci\u00f3n en&#46;&#46;&#46;<\/p>\n","protected":false},"author":3555,"featured_media":0,"parent":124,"menu_order":10,"comment_status":"closed","ping_status":"closed","template":"","meta":{"ngg_post_thumbnail":0,"footnotes":""},"aioseo_notices":[],"_links":{"self":[{"href":"https:\/\/blogsaverroes.juntadeandalucia.es\/proyectoseuropeoscepma1\/wp-json\/wp\/v2\/pages\/724"}],"collection":[{"href":"https:\/\/blogsaverroes.juntadeandalucia.es\/proyectoseuropeoscepma1\/wp-json\/wp\/v2\/pages"}],"about":[{"href":"https:\/\/blogsaverroes.juntadeandalucia.es\/proyectoseuropeoscepma1\/wp-json\/wp\/v2\/types\/page"}],"author":[{"embeddable":true,"href":"https:\/\/blogsaverroes.juntadeandalucia.es\/proyectoseuropeoscepma1\/wp-json\/wp\/v2\/users\/3555"}],"replies":[{"embeddable":true,"href":"https:\/\/blogsaverroes.juntadeandalucia.es\/proyectoseuropeoscepma1\/wp-json\/wp\/v2\/comments?post=724"}],"version-history":[{"count":19,"href":"https:\/\/blogsaverroes.juntadeandalucia.es\/proyectoseuropeoscepma1\/wp-json\/wp\/v2\/pages\/724\/revisions"}],"predecessor-version":[{"id":872,"href":"https:\/\/blogsaverroes.juntadeandalucia.es\/proyectoseuropeoscepma1\/wp-json\/wp\/v2\/pages\/724\/revisions\/872"}],"up":[{"embeddable":true,"href":"https:\/\/blogsaverroes.juntadeandalucia.es\/proyectoseuropeoscepma1\/wp-json\/wp\/v2\/pages\/124"}],"wp:attachment":[{"href":"https:\/\/blogsaverroes.juntadeandalucia.es\/proyectoseuropeoscepma1\/wp-json\/wp\/v2\/media?parent=724"}],"curies":[{"name":"wp","href":"https:\/\/api.w.org\/{rel}","templated":true}]}}