{"id":783,"date":"2021-12-15T13:33:51","date_gmt":"2021-12-15T13:33:51","guid":{"rendered":"https:\/\/blogsaverroes.juntadeandalucia.es\/proyectovypinclusivo\/?page_id=783"},"modified":"2023-04-10T11:38:57","modified_gmt":"2023-04-10T11:38:57","slug":"oferta-educativa","status":"publish","type":"page","link":"https:\/\/blogsaverroes.juntadeandalucia.es\/proyectovypinclusivo\/oferta-educativa\/","title":{"rendered":"Oferta Educativa"},"content":{"rendered":"\t\t<div data-elementor-type=\"wp-page\" data-elementor-id=\"783\" class=\"elementor elementor-783\">\n\t\t\t\t\t\t<section class=\"elementor-section elementor-top-section elementor-element elementor-element-0af3266 elementor-section-boxed elementor-section-height-default elementor-section-height-default\" data-id=\"0af3266\" data-element_type=\"section\">\n\t\t\t\t\t\t<div class=\"elementor-container elementor-column-gap-default\">\n\t\t\t\t\t<div class=\"elementor-column elementor-col-100 elementor-top-column elementor-element elementor-element-44d1114\" data-id=\"44d1114\" data-element_type=\"column\">\n\t\t\t<div class=\"elementor-widget-wrap elementor-element-populated\">\n\t\t\t\t\t\t<div class=\"elementor-element elementor-element-3be2d6e elementor-widget elementor-widget-accordion\" data-id=\"3be2d6e\" data-element_type=\"widget\" data-widget_type=\"accordion.default\">\n\t\t\t\t<div class=\"elementor-widget-container\">\n\t\t\t\t\t\t\t<div class=\"elementor-accordion\">\n\t\t\t\t\t\t\t<div class=\"elementor-accordion-item\">\n\t\t\t\t\t<div id=\"elementor-tab-title-6271\" class=\"elementor-tab-title\" data-tab=\"1\" role=\"button\" aria-controls=\"elementor-tab-content-6271\" aria-expanded=\"false\">\n\t\t\t\t\t\t\t\t\t\t\t\t\t<span class=\"elementor-accordion-icon elementor-accordion-icon-left\" aria-hidden=\"true\">\n\t\t\t\t\t\t\t\t\t\t\t\t\t\t\t<span class=\"elementor-accordion-icon-closed\"><i class=\"fas fa-plus\"><\/i><\/span>\n\t\t\t\t\t\t\t\t<span class=\"elementor-accordion-icon-opened\"><i class=\"fas fa-minus\"><\/i><\/span>\n\t\t\t\t\t\t\t\t\t\t\t\t\t\t<\/span>\n\t\t\t\t\t\t\t\t\t\t\t\t<a class=\"elementor-accordion-title\" tabindex=\"0\">Bachillerato<\/a>\n\t\t\t\t\t<\/div>\n\t\t\t\t\t<div id=\"elementor-tab-content-6271\" class=\"elementor-tab-content elementor-clearfix\" data-tab=\"1\" role=\"region\" aria-labelledby=\"elementor-tab-title-6271\"><p><span style=\"color: #008000\"><a style=\"color: #008000\" href=\"https:\/\/equipotecnicoorientaciongranada.files.wordpress.com\/2022\/09\/oferta_bach_granada-22-23.pdf\">Centros que imparten Bachillerato en Granada<\/a><\/span><\/p>\n<p><a href=\"https:\/\/equipotecnicoorientaciongranada.files.wordpress.com\/2023\/04\/oferta-educativa-bachillerato-artes-granada-marzo-2021.pdf\" target=\"_blank\">Bachillerato de Artes en Granada<\/a><br><\/p>\n<p><a href=\"https:\/\/equipotecnicoorientaciongranada.files.wordpress.com\/2023\/03\/oferta_bach-adultos_granada.pdf\">Bachillerato para personas adultas en Granada<\/a><\/p>\n<p><a href=\"https:\/\/iespm.es\/index.php\/component\/sppagebuilder\/page\/94\">Bachillerato Internacional Granada (IES Padre Manj\u00f3n-Granada)<\/a><\/p><\/div>\n\t\t\t\t<\/div>\n\t\t\t\t\t\t\t<div class=\"elementor-accordion-item\">\n\t\t\t\t\t<div id=\"elementor-tab-title-6272\" class=\"elementor-tab-title\" data-tab=\"2\" role=\"button\" aria-controls=\"elementor-tab-content-6272\" aria-expanded=\"false\">\n\t\t\t\t\t\t\t\t\t\t\t\t\t<span class=\"elementor-accordion-icon elementor-accordion-icon-left\" aria-hidden=\"true\">\n\t\t\t\t\t\t\t\t\t\t\t\t\t\t\t<span class=\"elementor-accordion-icon-closed\"><i class=\"fas fa-plus\"><\/i><\/span>\n\t\t\t\t\t\t\t\t<span class=\"elementor-accordion-icon-opened\"><i class=\"fas fa-minus\"><\/i><\/span>\n\t\t\t\t\t\t\t\t\t\t\t\t\t\t<\/span>\n\t\t\t\t\t\t\t\t\t\t\t\t<a class=\"elementor-accordion-title\" tabindex=\"0\">Formaci\u00f3n Profesional<\/a>\n\t\t\t\t\t<\/div>\n\t\t\t\t\t<div id=\"elementor-tab-content-6272\" class=\"elementor-tab-content elementor-clearfix\" data-tab=\"2\" role=\"region\" aria-labelledby=\"elementor-tab-title-6272\"><p><a href=\"https:\/\/equipotecnicoorientaciongranada.files.wordpress.com\/2023\/03\/oferta_fpb_-granada-2022_2023.pdf\">Ciclos de FPB y PEFPB en Granada<\/a><\/p><p><a href=\"https:\/\/equipotecnicoorientaciongranada.files.wordpress.com\/2023\/03\/oferta-grados-medios-granada-22-23.v1.pdf\">Ciclos Formativos Grado Medio en Granada<\/a><\/p><p><a href=\"https:\/\/equipotecnicoorientaciongranada.files.wordpress.com\/2023\/03\/oferta-grado-superior-granada-22-23.v1.pdf\">Ciclos Formativos Grado Superior en Granada<\/a><\/p><p><a href=\"https:\/\/equipotecnicoorientaciongranada.files.wordpress.com\/2023\/03\/curso-de-acceso-a-ciclos-formativos-de-grado-medio-2.pdf\"><span style=\"color: #008000\">Cursos de acceso a Ciclos Formativos de Grado Medio<\/span><\/a><\/p><p><a href=\"https:\/\/equipotecnicoorientaciongranada.com\/centros-fp-granada\/\">Centros FP en Granada<\/a><\/p><p><a href=\"https:\/\/portals.ced.junta-andalucia.es\/educacion\/portals\/web\/formacion-profesional-andaluza\/oferta-educativa\">Ciclos Formativos Grado Medio y Superior en Andaluc\u00eda<\/a><\/p><\/div>\n\t\t\t\t<\/div>\n\t\t\t\t\t\t\t<div class=\"elementor-accordion-item\">\n\t\t\t\t\t<div id=\"elementor-tab-title-6273\" class=\"elementor-tab-title\" data-tab=\"3\" role=\"button\" aria-controls=\"elementor-tab-content-6273\" aria-expanded=\"false\">\n\t\t\t\t\t\t\t\t\t\t\t\t\t<span class=\"elementor-accordion-icon elementor-accordion-icon-left\" aria-hidden=\"true\">\n\t\t\t\t\t\t\t\t\t\t\t\t\t\t\t<span class=\"elementor-accordion-icon-closed\"><i class=\"fas fa-plus\"><\/i><\/span>\n\t\t\t\t\t\t\t\t<span class=\"elementor-accordion-icon-opened\"><i class=\"fas fa-minus\"><\/i><\/span>\n\t\t\t\t\t\t\t\t\t\t\t\t\t\t<\/span>\n\t\t\t\t\t\t\t\t\t\t\t\t<a class=\"elementor-accordion-title\" tabindex=\"0\">Certificados de profesionalidad<\/a>\n\t\t\t\t\t<\/div>\n\t\t\t\t\t<div id=\"elementor-tab-content-6273\" class=\"elementor-tab-content elementor-clearfix\" data-tab=\"3\" role=\"region\" aria-labelledby=\"elementor-tab-title-6273\"><p><a href=\"https:\/\/portals.ced.junta-andalucia.es\/educacion\/portals\/delegate\/content\/3bb6ce05-a5bf-4176-9ec6-258703c6412b\">Oferta formativa 2022<\/a><\/p><p>\u00a0<\/p><\/div>\n\t\t\t\t<\/div>\n\t\t\t\t\t\t\t<div class=\"elementor-accordion-item\">\n\t\t\t\t\t<div id=\"elementor-tab-title-6274\" class=\"elementor-tab-title\" data-tab=\"4\" role=\"button\" aria-controls=\"elementor-tab-content-6274\" aria-expanded=\"false\">\n\t\t\t\t\t\t\t\t\t\t\t\t\t<span class=\"elementor-accordion-icon elementor-accordion-icon-left\" aria-hidden=\"true\">\n\t\t\t\t\t\t\t\t\t\t\t\t\t\t\t<span class=\"elementor-accordion-icon-closed\"><i class=\"fas fa-plus\"><\/i><\/span>\n\t\t\t\t\t\t\t\t<span class=\"elementor-accordion-icon-opened\"><i class=\"fas fa-minus\"><\/i><\/span>\n\t\t\t\t\t\t\t\t\t\t\t\t\t\t<\/span>\n\t\t\t\t\t\t\t\t\t\t\t\t<a class=\"elementor-accordion-title\" tabindex=\"0\">ERE: Ense\u00f1anzas Art\u00edsticas (Artes Pl\u00e1sticas y Dise\u00f1o)<\/a>\n\t\t\t\t\t<\/div>\n\t\t\t\t\t<div id=\"elementor-tab-content-6274\" class=\"elementor-tab-content elementor-clearfix\" data-tab=\"4\" role=\"region\" aria-labelledby=\"elementor-tab-title-6274\"><p><a href=\"https:\/\/equipotecnicoorientaciongranada.files.wordpress.com\/2022\/09\/oferta_ccffeeaa_andalucia_2223.pdf\" data-runtime-url=\"https:\/\/cdn.website-editor.net\/cf8a22e259c74376a51d8b3bff97612d\/files\/uploaded\/OFERTA_EPEA_2021_2022.pdf\">Ense\u00f1anzas Profesionales Artes Pl\u00e1sticas y Dise\u00f1o de Andaluc\u00eda (Ciclos formativos de Grado Medio y Superior)<\/a><\/p><p><a href=\"https:\/\/equipotecnicoorientaciongranada.files.wordpress.com\/2022\/09\/oferta_eeaass_andalucia_2223.pdf\" data-runtime-url=\"https:\/\/cdn.website-editor.net\/cf8a22e259c74376a51d8b3bff97612d\/files\/uploaded\/EEAASS_ANDALUCIA_2022.pdf\">Ense\u00f1anzas Art\u00edsticas Superiores de Andaluc\u00eda (T\u00edtulo de Grado)<\/a><\/p><p><a href=\"https:\/\/blogsaverroes.juntadeandalucia.es\/proyectovypinclusivo\/files\/2022\/03\/oferta-educativa-en-EA-Granada-def.pdf\">Oferta educativa Escuelas de Arte de Granada <\/a><\/p><\/div>\n\t\t\t\t<\/div>\n\t\t\t\t\t\t\t<div class=\"elementor-accordion-item\">\n\t\t\t\t\t<div id=\"elementor-tab-title-6275\" class=\"elementor-tab-title\" data-tab=\"5\" role=\"button\" aria-controls=\"elementor-tab-content-6275\" aria-expanded=\"false\">\n\t\t\t\t\t\t\t\t\t\t\t\t\t<span class=\"elementor-accordion-icon elementor-accordion-icon-left\" aria-hidden=\"true\">\n\t\t\t\t\t\t\t\t\t\t\t\t\t\t\t<span class=\"elementor-accordion-icon-closed\"><i class=\"fas fa-plus\"><\/i><\/span>\n\t\t\t\t\t\t\t\t<span class=\"elementor-accordion-icon-opened\"><i class=\"fas fa-minus\"><\/i><\/span>\n\t\t\t\t\t\t\t\t\t\t\t\t\t\t<\/span>\n\t\t\t\t\t\t\t\t\t\t\t\t<a class=\"elementor-accordion-title\" tabindex=\"0\">ERE: Ense\u00f1anzas Art\u00edsticas (M\u00fasica y danza)<\/a>\n\t\t\t\t\t<\/div>\n\t\t\t\t\t<div id=\"elementor-tab-content-6275\" class=\"elementor-tab-content elementor-clearfix\" data-tab=\"5\" role=\"region\" aria-labelledby=\"elementor-tab-title-6275\"><p><a href=\"https:\/\/equipotecnicoorientaciongranada.files.wordpress.com\/2022\/09\/oferta_musica_danza_granada-22-23.pdf\">Ense\u00f1anzas de M\u00fasica y Danza en Granada<\/a><\/p><p><a href=\"https:\/\/equipotecnicoorientaciongranada.files.wordpress.com\/2022\/02\/eess_danza_musica_ad_2022.pdf\" data-runtime-url=\"https:\/\/cdn.website-editor.net\/cf8a22e259c74376a51d8b3bff97612d\/files\/uploaded\/EESS_DANZA_MUSICA_AD_2022.pdf\">Ense\u00f1anzas Superiores de Danza, Arte Dram\u00e1tico y M\u00fasica en Andaluc\u00eda<\/a><\/p><\/div>\n\t\t\t\t<\/div>\n\t\t\t\t\t\t\t<div class=\"elementor-accordion-item\">\n\t\t\t\t\t<div id=\"elementor-tab-title-6276\" class=\"elementor-tab-title\" data-tab=\"6\" role=\"button\" aria-controls=\"elementor-tab-content-6276\" aria-expanded=\"false\">\n\t\t\t\t\t\t\t\t\t\t\t\t\t<span class=\"elementor-accordion-icon elementor-accordion-icon-left\" aria-hidden=\"true\">\n\t\t\t\t\t\t\t\t\t\t\t\t\t\t\t<span class=\"elementor-accordion-icon-closed\"><i class=\"fas fa-plus\"><\/i><\/span>\n\t\t\t\t\t\t\t\t<span class=\"elementor-accordion-icon-opened\"><i class=\"fas fa-minus\"><\/i><\/span>\n\t\t\t\t\t\t\t\t\t\t\t\t\t\t<\/span>\n\t\t\t\t\t\t\t\t\t\t\t\t<a class=\"elementor-accordion-title\" tabindex=\"0\">ERE: Ense\u00f1anzas Deportivas<\/a>\n\t\t\t\t\t<\/div>\n\t\t\t\t\t<div id=\"elementor-tab-content-6276\" class=\"elementor-tab-content elementor-clearfix\" data-tab=\"6\" role=\"region\" aria-labelledby=\"elementor-tab-title-6276\"><p><a href=\"https:\/\/equipotecnicoorientaciongranada.files.wordpress.com\/2022\/09\/oferta_deportivas_granada.pdf\">Ense\u00f1anzas Deportivas en Granada<\/a><\/p><p><a href=\"https:\/\/equipotecnicoorientaciongranada.files.wordpress.com\/2022\/09\/anexo_j_oferta_edre.pdf\">Ciclos de Ense\u00f1anzas Deportivas en Andaluc\u00eda<\/a><\/p><\/div>\n\t\t\t\t<\/div>\n\t\t\t\t\t\t\t<div class=\"elementor-accordion-item\">\n\t\t\t\t\t<div id=\"elementor-tab-title-6277\" class=\"elementor-tab-title\" data-tab=\"7\" role=\"button\" aria-controls=\"elementor-tab-content-6277\" aria-expanded=\"false\">\n\t\t\t\t\t\t\t\t\t\t\t\t\t<span class=\"elementor-accordion-icon elementor-accordion-icon-left\" aria-hidden=\"true\">\n\t\t\t\t\t\t\t\t\t\t\t\t\t\t\t<span class=\"elementor-accordion-icon-closed\"><i class=\"fas fa-plus\"><\/i><\/span>\n\t\t\t\t\t\t\t\t<span class=\"elementor-accordion-icon-opened\"><i class=\"fas fa-minus\"><\/i><\/span>\n\t\t\t\t\t\t\t\t\t\t\t\t\t\t<\/span>\n\t\t\t\t\t\t\t\t\t\t\t\t<a class=\"elementor-accordion-title\" tabindex=\"0\">Universidad de Granada<\/a>\n\t\t\t\t\t<\/div>\n\t\t\t\t\t<div id=\"elementor-tab-content-6277\" class=\"elementor-tab-content elementor-clearfix\" data-tab=\"7\" role=\"region\" aria-labelledby=\"elementor-tab-title-6277\"><p><a href=\"https:\/\/saap.ugr.es\/admision\/oferta-titulaciones-grado\">Servicio de Acceso, Admisi\u00f3n y Permanencia UGR<\/a><\/p><p><a href=\"https:\/\/saap.ugr.es\/sites\/serv\/saap\/public\/ficheros\/ficheros%20admisi%C3%B3n\/Oferta%20Plazas\/Oferta%20Grados%202022-2023.pdf\">Oferta plazas de Grados UGR<\/a><\/p><\/div>\n\t\t\t\t<\/div>\n\t\t\t\t\t\t\t<div class=\"elementor-accordion-item\">\n\t\t\t\t\t<div id=\"elementor-tab-title-6278\" class=\"elementor-tab-title\" data-tab=\"8\" role=\"button\" aria-controls=\"elementor-tab-content-6278\" aria-expanded=\"false\">\n\t\t\t\t\t\t\t\t\t\t\t\t\t<span class=\"elementor-accordion-icon elementor-accordion-icon-left\" aria-hidden=\"true\">\n\t\t\t\t\t\t\t\t\t\t\t\t\t\t\t<span class=\"elementor-accordion-icon-closed\"><i class=\"fas fa-plus\"><\/i><\/span>\n\t\t\t\t\t\t\t\t<span class=\"elementor-accordion-icon-opened\"><i class=\"fas fa-minus\"><\/i><\/span>\n\t\t\t\t\t\t\t\t\t\t\t\t\t\t<\/span>\n\t\t\t\t\t\t\t\t\t\t\t\t<a class=\"elementor-accordion-title\" tabindex=\"0\">Enlaces de inter\u00e9s<\/a>\n\t\t\t\t\t<\/div>\n\t\t\t\t\t<div id=\"elementor-tab-content-6278\" class=\"elementor-tab-content elementor-clearfix\" data-tab=\"8\" role=\"region\" aria-labelledby=\"elementor-tab-title-6278\"><p><a href=\"http:\/\/intranet.ced.junta-andalucia.es\/intraed_portal\/impe\/web\/contenido?id=36696d3f-4e01-11e4-b602-31450f5b9dd5&amp;prov=gr\">Consulta de Centros Junta de Andaluc\u00eda<\/a><\/p><p><a href=\"https:\/\/juntadeandalucia.es\/temas\/estudiar.html\">Estudiar Junta de Andaluc\u00eda<\/a><\/p><p><a href=\"https:\/\/portals.ced.junta-andalucia.es\/educacion\/portals\/web\/formacion-profesional-andaluza\">Formaci\u00f3n Profesional Andaluza<\/a><\/p><p><a href=\"https:\/\/portals.ced.junta-andalucia.es\/educacion\/portals\/web\/educacion-permanente\">Educaci\u00f3n Permanente Junta de Andaluc\u00eda<\/a><\/p><p><a href=\"https:\/\/juntadeandalucia.es\/organismos\/educacionydeporte\/areas\/ensenanzas-escolarizacion\/artisticas.html\">Ense\u00f1anzas art\u00edsticas<\/a><\/p><p><a href=\"https:\/\/juntadeandalucia.es\/organismos\/educacionydeporte\/areas\/ensenanzas-escolarizacion\/ensenanzas-deportivas.html\">Ense\u00f1anzas deportivas<\/a><\/p><p><a href=\"https:\/\/juntadeandalucia.es\/temas\/estudiar\/otras\/idiomas.html\">Ense\u00f1anzas idiomas<\/a><\/p><p><a href=\"https:\/\/www.ugr.es\/\">Universidad de Granada<\/a><\/p><\/div>\n\t\t\t\t<\/div>\n\t\t\t\t\t\t\t<div class=\"elementor-accordion-item\">\n\t\t\t\t\t<div id=\"elementor-tab-title-6279\" class=\"elementor-tab-title\" data-tab=\"9\" role=\"button\" aria-controls=\"elementor-tab-content-6279\" aria-expanded=\"false\">\n\t\t\t\t\t\t\t\t\t\t\t\t\t<span class=\"elementor-accordion-icon elementor-accordion-icon-left\" aria-hidden=\"true\">\n\t\t\t\t\t\t\t\t\t\t\t\t\t\t\t<span class=\"elementor-accordion-icon-closed\"><i class=\"fas fa-plus\"><\/i><\/span>\n\t\t\t\t\t\t\t\t<span class=\"elementor-accordion-icon-opened\"><i class=\"fas fa-minus\"><\/i><\/span>\n\t\t\t\t\t\t\t\t\t\t\t\t\t\t<\/span>\n\t\t\t\t\t\t\t\t\t\t\t\t<a class=\"elementor-accordion-title\" tabindex=\"0\">PTVAL-Programas para la Transici\u00f3n a la Vida Adulta y Laboral<\/a>\n\t\t\t\t\t<\/div>\n\t\t\t\t\t<div id=\"elementor-tab-content-6279\" class=\"elementor-tab-content elementor-clearfix\" data-tab=\"9\" role=\"region\" aria-labelledby=\"elementor-tab-title-6279\"><p><span style=\"color: #008000\">Centros Espec\u00edficos de Educaci\u00f3n Especial (requieren Modalidad D de Escolarizaci\u00f3n):<\/span><\/p><ul><li><span style=\"color: #008000\">C.E.E.E. Jean Piaget-Og\u00edjares (18009766):<\/span><\/li><\/ul><ol><li><span style=\"color: #008000\">Auxiliar de jardiner\u00eda.<\/span><\/li><li><span style=\"color: #008000\">Auxiliar de carpinter\u00eda.<\/span><\/li><li><span style=\"color: #008000\">Auxiliar de oficina.<\/span><\/li><li><span style=\"color: #008000\">Taller de artes, vidrieras y cer\u00e1micas.<\/span><\/li><\/ol><ul><li><span style=\"color: #008000\">C.D.P.E.E. Pur\u00edsima Concepci\u00f3n- Granada (18003341):<\/span><\/li><\/ul><p><span style=\"color: #008000\">1.Operaciones b\u00e1sicas de pisos en alojamientos: programas de hogar-vida independiente.<\/span><\/p><p><span style=\"color: #008000\">2. Operaciones b\u00e1sicas de cocina: programa de cocina-vida independiente.<\/span><\/p><p><span style=\"color: #008000\">3. Arreglos y adaptaciones de prendas y art\u00edculos en textil: creaci\u00f3n art\u00edstica y econom\u00eda circular.<\/span><\/p><p><span style=\"color: #008000\">4. Operaciones auxiliares de procesos textiles: creaci\u00f3n de tejidos art\u00edsticos.<\/span><\/p><ul><li><span style=\"color: #008000\">C.D.P.E.E. Santa Teresa de Jes\u00fas- Granada(18003983):<\/span><\/li><\/ul><ol><li><span style=\"color: #008000\">Artes gr\u00e1ficas de reprograf\u00eda y copister\u00eda.<\/span><\/li><li><span style=\"color: #008000\">Artes gr\u00e1ficas de dise\u00f1o.<\/span><\/li><li><span style=\"color: #008000\">Cer\u00e1mica.<\/span><\/li><li><span style=\"color: #008000\">Jardiner\u00eda.<\/span><\/li><li><span style=\"color: #008000\">Servicios Sociales y a la Comunidad.<\/span><\/li><\/ol><ul><li><span style=\"color: #008000\">C.D.P.E.E. Cl\u00ednica San Rafael- Granada (18003934):<\/span><\/li><\/ul><ol><li><span style=\"color: #008000\">Taller de hogar.<\/span><\/li><li><span style=\"color: #008000\">Taller de hogar.<\/span><\/li><\/ol><ul><li><span style=\"color: #008000\">C.D.P.E.E. Sagrada Familia- Granada (18004483):<\/span><\/li><\/ul><p><span style=\"color: #008000\">Ofertan 2 programas donde se desarrollan 5 talleres: Autonom\u00eda personal, Cer\u00e1mica, Manualidades, Corte y confecci\u00f3n y Jardiner\u00eda.<\/span><\/p><ul><li><span style=\"color: #008000\">C.D.P.E.E. Ntra. Sra. de la Esperanza- Guadix (18004811):<\/span><\/li><\/ul><ol><li><span style=\"color: #008000\">Vidriocer\u00e1mica.<\/span><\/li><li><span style=\"color: #008000\">Carpinter\u00eda.<\/span><\/li><li><span style=\"color: #008000\">Moda y confecci\u00f3n.<\/span><\/li><\/ol><ul><li><span style=\"color: #008000\">C.D.P.E.E. Luis Pastor- Motril (18009353):<\/span><\/li><\/ul><ol><li><span style=\"color: #008000\">Jardiner\u00eda y horticultura.<\/span><\/li><li><span style=\"color: #008000\">Carpinter\u00eda.<\/span><\/li><li><span style=\"color: #008000\">Corte y confecci\u00f3n.<\/span><\/li><\/ol><p><span style=\"color: #008000\">Centro Ordinario (requiere Modalidad C de Escolarizaci\u00f3n):<\/span><\/p><ul><li><span style=\"color: #008000\">C.D.P. Ave Mar\u00eda-San Crist\u00f3bal- Granada (18003788):<\/span><\/li><\/ul><ol><li><span style=\"color: #008000\">Jardiner\u00eda.<\/span><\/li><li><span style=\"color: #008000\">Carpinter\u00eda.<\/span><\/li><li><span style=\"color: #008000\">Comercio.<\/span><\/li><li><span style=\"color: #008000\">Auxiliares de eventos.<\/span><\/li><\/ol><\/div>\n\t\t\t\t<\/div>\n\t\t\t\t\t\t\t\t<\/div>\n\t\t\t\t\t\t<\/div>\n\t\t\t\t<\/div>\n\t\t\t\t\t<\/div>\n\t\t<\/div>\n\t\t\t\t\t<\/div>\n\t\t<\/section>\n\t\t\t\t<\/div>\n\t\t","protected":false},"excerpt":{"rendered":"<p>Bachillerato Centros que imparten Bachillerato en Granada Bachillerato de Artes en Granada Bachillerato para personas adultas en Granada Bachillerato Internacional Granada (IES Padre Manj\u00f3n-Granada) Formaci\u00f3n Profesional Ciclos de FPB y PEFPB en Granada Ciclos Formativos Grado Medio en Granada Ciclos Formativos Grado Superior en Granada Cursos de acceso a Ciclos Formativos de Grado Medio Centros &hellip; <a href=\"https:\/\/blogsaverroes.juntadeandalucia.es\/proyectovypinclusivo\/oferta-educativa\/\" class=\"more-link\">Seguir leyendo <span class=\"screen-reader-text\">Oferta Educativa<\/span> <span class=\"meta-nav\">&rarr;<\/span><\/a><\/p>\n","protected":false},"author":11645,"featured_media":542,"parent":0,"menu_order":0,"comment_status":"closed","ping_status":"closed","template":"","meta":{"ngg_post_thumbnail":0,"footnotes":""},"aioseo_notices":[],"_links":{"self":[{"href":"https:\/\/blogsaverroes.juntadeandalucia.es\/proyectovypinclusivo\/wp-json\/wp\/v2\/pages\/783"}],"collection":[{"href":"https:\/\/blogsaverroes.juntadeandalucia.es\/proyectovypinclusivo\/wp-json\/wp\/v2\/pages"}],"about":[{"href":"https:\/\/blogsaverroes.juntadeandalucia.es\/proyectovypinclusivo\/wp-json\/wp\/v2\/types\/page"}],"author":[{"embeddable":true,"href":"https:\/\/blogsaverroes.juntadeandalucia.es\/proyectovypinclusivo\/wp-json\/wp\/v2\/users\/11645"}],"replies":[{"embeddable":true,"href":"https:\/\/blogsaverroes.juntadeandalucia.es\/proyectovypinclusivo\/wp-json\/wp\/v2\/comments?post=783"}],"version-history":[{"count":104,"href":"https:\/\/blogsaverroes.juntadeandalucia.es\/proyectovypinclusivo\/wp-json\/wp\/v2\/pages\/783\/revisions"}],"predecessor-version":[{"id":994,"href":"https:\/\/blogsaverroes.juntadeandalucia.es\/proyectovypinclusivo\/wp-json\/wp\/v2\/pages\/783\/revisions\/994"}],"wp:featuredmedia":[{"embeddable":true,"href":"https:\/\/blogsaverroes.juntadeandalucia.es\/proyectovypinclusivo\/wp-json\/wp\/v2\/media\/542"}],"wp:attachment":[{"href":"https:\/\/blogsaverroes.juntadeandalucia.es\/proyectovypinclusivo\/wp-json\/wp\/v2\/media?parent=783"}],"curies":[{"name":"wp","href":"https:\/\/api.w.org\/{rel}","templated":true}]}}