{"id":3798,"date":"2025-11-23T14:33:05","date_gmt":"2025-11-23T12:33:05","guid":{"rendered":"https:\/\/blogsaverroes.juntadeandalucia.es\/puertademartos\/?page_id=3798"},"modified":"2026-03-23T13:22:54","modified_gmt":"2026-03-23T11:22:54","slug":"inicio","status":"publish","type":"page","link":"https:\/\/blogsaverroes.juntadeandalucia.es\/puertademartos\/","title":{"rendered":"Inicio"},"content":{"rendered":"\t\t<div data-elementor-type=\"wp-page\" data-elementor-id=\"3798\" class=\"elementor elementor-3798\">\n\t\t\t\t\t\t<section class=\"elementor-section elementor-top-section elementor-element elementor-element-a78492f elementor-section-boxed elementor-section-height-default elementor-section-height-default\" data-id=\"a78492f\" data-element_type=\"section\">\n\t\t\t\t\t\t<div class=\"elementor-container elementor-column-gap-default\">\n\t\t\t\t\t<div class=\"elementor-column elementor-col-100 elementor-top-column elementor-element elementor-element-3ec3c0e\" data-id=\"3ec3c0e\" data-element_type=\"column\">\n\t\t\t<div class=\"elementor-widget-wrap elementor-element-populated\">\n\t\t\t\t\t\t<div class=\"elementor-element elementor-element-d60fb98 elementor-widget elementor-widget-heading\" data-id=\"d60fb98\" data-element_type=\"widget\" data-widget_type=\"heading.default\">\n\t\t\t\t<div class=\"elementor-widget-container\">\n\t\t\t\t\t<h2 class=\"elementor-heading-title elementor-size-default\">\u00daltima Hora en nuestro Centro:<\/h2>\t\t\t\t<\/div>\n\t\t\t\t<\/div>\n\t\t\t\t\t<\/div>\n\t\t<\/div>\n\t\t\t\t\t<\/div>\n\t\t<\/section>\n\t\t\t\t<section class=\"elementor-section elementor-top-section elementor-element elementor-element-4ed30a3 elementor-section-content-middle elementor-section-boxed elementor-section-height-default elementor-section-height-default\" data-id=\"4ed30a3\" data-element_type=\"section\">\n\t\t\t\t\t\t<div class=\"elementor-container elementor-column-gap-default\">\n\t\t\t\t\t<div class=\"elementor-column elementor-col-100 elementor-top-column elementor-element elementor-element-cf28f60\" data-id=\"cf28f60\" data-element_type=\"column\">\n\t\t\t<div class=\"elementor-widget-wrap elementor-element-populated\">\n\t\t\t\t\t\t<div class=\"elementor-element elementor-element-82ba946 elementor-widget elementor-widget-image\" data-id=\"82ba946\" data-element_type=\"widget\" data-widget_type=\"image.default\">\n\t\t\t\t<div class=\"elementor-widget-container\">\n\t\t\t\t\t\t\t\t\t\t\t\t\t\t\t\t<a href=\"https:\/\/l.facebook.com\/l.php?u=https%3A%2F%2Fterceracarreraescolartorredonjimeno.netlify.app%2F%3Ffbclid%3DIwZXh0bgNhZW0CMTEAc3J0YwZhcHBfaWQQMjIyMDM5MTc4ODIwMDg5MgABHjZlGxPjMsNFB9e44ZSnhd-QfswSrUBAMgZEsrSZsPwmKdZm1aWoS5eKLEjR_aem_twNYD4gzpXuzeVNiEUlYBg&#038;h=AT5GddmReRfHpnBMNHsm84H_iMR_MlBpHr8beIl4oqNdPVaClQvwuAyVZcGW2S8dI_ekw_f65FwfpB9BylvZT1VX_DZNBxdlfeD08mVGw8CmLIlC2TCfWSr43Aomia-77vzUWIL2CKpOsa-QFg&#038;__tn__=H-R&#038;c%5B0%5D=AT4MhXe4Igx5q-XuThEoUoEDibxHu62hYiyXzHxB3oqzqpDRxMLPA1pD60JEYPslOyeKGGBuFDhtuRwhw_kteRbjGqxhe26F-0i5nilfss7ib3oK9DFldEDOfcaBHDbAIq5RH55Jpp_NfwRO8T7AIbcGdRA2YPG3BtpJZxvGw4mbQ1Hoqy0FPe-YitiGgQPFNsJtQowe6dZ8ZDV9Y3fBDKKD7h7XkQ\" target=\"_blank\">\n\t\t\t\t\t\t\t<img fetchpriority=\"high\" decoding=\"async\" width=\"1024\" height=\"489\" src=\"https:\/\/blogsaverroes.juntadeandalucia.es\/puertademartos\/files\/2026\/03\/CarreraSolidaria-1024x489.png\" class=\"attachment-large size-large wp-image-4223\" alt=\"\" srcset=\"https:\/\/blogsaverroes.juntadeandalucia.es\/puertademartos\/files\/2026\/03\/CarreraSolidaria-1024x489.png 1024w, https:\/\/blogsaverroes.juntadeandalucia.es\/puertademartos\/files\/2026\/03\/CarreraSolidaria-300x143.png 300w, https:\/\/blogsaverroes.juntadeandalucia.es\/puertademartos\/files\/2026\/03\/CarreraSolidaria-768x367.png 768w, https:\/\/blogsaverroes.juntadeandalucia.es\/puertademartos\/files\/2026\/03\/CarreraSolidaria-1536x734.png 1536w, https:\/\/blogsaverroes.juntadeandalucia.es\/puertademartos\/files\/2026\/03\/CarreraSolidaria-1270x607.png 1270w, https:\/\/blogsaverroes.juntadeandalucia.es\/puertademartos\/files\/2026\/03\/CarreraSolidaria.png 1600w\" sizes=\"(max-width: 1024px) 100vw, 1024px\" \/>\t\t\t\t\t\t\t\t<\/a>\n\t\t\t\t\t\t\t\t\t\t\t\t\t\t\t<\/div>\n\t\t\t\t<\/div>\n\t\t\t\t<div class=\"elementor-element elementor-element-c5a36a9 elementor-widget elementor-widget-text-editor\" data-id=\"c5a36a9\" data-element_type=\"widget\" data-widget_type=\"text-editor.default\">\n\t\t\t\t<div class=\"elementor-widget-container\">\n\t\t\t\t\t\t\t\t\t<p style=\"text-align: center\" data-path-to-node=\"4\"><span style=\"font-size: 14pt\"><b data-path-to-node=\"4\" data-index-in-node=\"0\">\u00a1Torredonjimeno se mueve de nuevo!<\/b> \ud83d\udc5f<\/span><\/p><p>Ya est\u00e1 aqu\u00ed la <b data-path-to-node=\"5\" data-index-in-node=\"16\">III Marcha Solidaria Intercentros <span style=\"font-size: 16pt;color: #0000ff\">#pasosxcausas<\/span><\/b><span style=\"font-size: 16pt;color: #0000ff\">.<\/span> Este 2026, nuestros amigos del <b data-path-to-node=\"5\" data-index-in-node=\"96\">Colegio Toxiria<\/b> han tomado el mando de la coordinaci\u00f3n y se han marcado una <strong>web espectacular<\/strong> con todos los detalles que necesitas saber. <b>Pincha <\/b>en la imagen de arriba y accede.<\/p><p>\u00bfDe verdad vas a dejar que te lo cuenten desde el sof\u00e1? \u00a1Ni hablar!<\/p><ul><li data-path-to-node=\"7,0,0\">\ud83d\udcc5 <b data-path-to-node=\"7,0,0\" data-index-in-node=\"3\">Fecha:<\/b> 30 de abril.<\/li><li data-path-to-node=\"7,1,0\">\ud83d\udccd <b data-path-to-node=\"7,1,0\" data-index-in-node=\"3\">Lugar:<\/b> Complejo Deportivo Loma de los Santos.<\/li><li data-path-to-node=\"7,2,0\">\ud83d\udcdd <b data-path-to-node=\"7,2,0\" data-index-in-node=\"3\">Inscripciones:<\/b> \u00a1YA ABIERTAS!<\/li><\/ul><p data-path-to-node=\"8\">Ponte las zapatillas, elige tu causa y \u00a1\u00fanete al movimiento!<\/p>\t\t\t\t\t\t\t\t<\/div>\n\t\t\t\t<\/div>\n\t\t\t\t\t<\/div>\n\t\t<\/div>\n\t\t\t\t\t<\/div>\n\t\t<\/section>\n\t\t\t\t<section class=\"elementor-section elementor-top-section elementor-element elementor-element-5c19415 elementor-section-boxed elementor-section-height-default elementor-section-height-default\" data-id=\"5c19415\" data-element_type=\"section\">\n\t\t\t\t\t\t<div class=\"elementor-container elementor-column-gap-default\">\n\t\t\t\t\t<div class=\"elementor-column elementor-col-100 elementor-top-column elementor-element elementor-element-77f1db3\" data-id=\"77f1db3\" data-element_type=\"column\">\n\t\t\t<div class=\"elementor-widget-wrap elementor-element-populated\">\n\t\t\t\t\t\t<div class=\"elementor-element elementor-element-40a1823 elementor-widget-divider--view-line elementor-widget elementor-widget-divider\" data-id=\"40a1823\" data-element_type=\"widget\" data-widget_type=\"divider.default\">\n\t\t\t\t<div class=\"elementor-widget-container\">\n\t\t\t\t\t\t\t<div class=\"elementor-divider\">\n\t\t\t<span class=\"elementor-divider-separator\">\n\t\t\t\t\t\t<\/span>\n\t\t<\/div>\n\t\t\t\t\t\t<\/div>\n\t\t\t\t<\/div>\n\t\t\t\t\t<\/div>\n\t\t<\/div>\n\t\t\t\t\t<\/div>\n\t\t<\/section>\n\t\t\t\t<section class=\"elementor-section elementor-top-section elementor-element elementor-element-4baa409 elementor-section-boxed elementor-section-height-default elementor-section-height-default\" data-id=\"4baa409\" data-element_type=\"section\">\n\t\t\t\t\t\t<div class=\"elementor-container elementor-column-gap-default\">\n\t\t\t\t\t<div class=\"elementor-column elementor-col-100 elementor-top-column elementor-element elementor-element-9cf4e28\" data-id=\"9cf4e28\" data-element_type=\"column\">\n\t\t\t<div class=\"elementor-widget-wrap elementor-element-populated\">\n\t\t\t\t\t\t<div class=\"elementor-element elementor-element-7eda7f7 elementor-widget elementor-widget-heading\" data-id=\"7eda7f7\" data-element_type=\"widget\" data-widget_type=\"heading.default\">\n\t\t\t\t<div class=\"elementor-widget-container\">\n\t\t\t\t\t<h2 class=\"elementor-heading-title elementor-size-default\">Otras Noticias<\/h2>\t\t\t\t<\/div>\n\t\t\t\t<\/div>\n\t\t\t\t\t<\/div>\n\t\t<\/div>\n\t\t\t\t\t<\/div>\n\t\t<\/section>\n\t\t\t\t<section class=\"elementor-section elementor-top-section elementor-element elementor-element-fc893ef elementor-section-boxed elementor-section-height-default elementor-section-height-default\" data-id=\"fc893ef\" data-element_type=\"section\">\n\t\t\t\t\t\t<div class=\"elementor-container elementor-column-gap-default\">\n\t\t\t\t\t<div class=\"elementor-column elementor-col-33 elementor-top-column elementor-element elementor-element-ba35a4a\" data-id=\"ba35a4a\" data-element_type=\"column\">\n\t\t\t<div class=\"elementor-widget-wrap elementor-element-populated\">\n\t\t\t\t\t\t<div class=\"elementor-element elementor-element-aa484f7 elementor-widget elementor-widget-image\" data-id=\"aa484f7\" data-element_type=\"widget\" data-widget_type=\"image.default\">\n\t\t\t\t<div class=\"elementor-widget-container\">\n\t\t\t\t\t\t\t\t\t\t\t\t\t\t\t<img decoding=\"async\" width=\"1024\" height=\"559\" src=\"https:\/\/blogsaverroes.juntadeandalucia.es\/puertademartos\/files\/2026\/03\/Admision-1024x559.png\" class=\"attachment-large size-large wp-image-4186\" alt=\"\" srcset=\"https:\/\/blogsaverroes.juntadeandalucia.es\/puertademartos\/files\/2026\/03\/Admision-1024x559.png 1024w, https:\/\/blogsaverroes.juntadeandalucia.es\/puertademartos\/files\/2026\/03\/Admision-300x164.png 300w, https:\/\/blogsaverroes.juntadeandalucia.es\/puertademartos\/files\/2026\/03\/Admision-768x419.png 768w, https:\/\/blogsaverroes.juntadeandalucia.es\/puertademartos\/files\/2026\/03\/Admision-1270x693.png 1270w, https:\/\/blogsaverroes.juntadeandalucia.es\/puertademartos\/files\/2026\/03\/Admision.png 1408w\" sizes=\"(max-width: 1024px) 100vw, 1024px\" \/>\t\t\t\t\t\t\t\t\t\t\t\t\t\t\t<\/div>\n\t\t\t\t<\/div>\n\t\t\t\t<div class=\"elementor-element elementor-element-e133156 elementor-widget elementor-widget-video\" data-id=\"e133156\" data-element_type=\"widget\" data-settings=\"{&quot;youtube_url&quot;:&quot;https:\\\/\\\/youtu.be\\\/QReQ-qh5nxw&quot;,&quot;video_type&quot;:&quot;youtube&quot;,&quot;controls&quot;:&quot;yes&quot;}\" data-widget_type=\"video.default\">\n\t\t\t\t<div class=\"elementor-widget-container\">\n\t\t\t\t\t\t\t<div class=\"elementor-wrapper elementor-open-inline\">\n\t\t\t<div class=\"elementor-video\"><\/div>\t\t<\/div>\n\t\t\t\t\t\t<\/div>\n\t\t\t\t<\/div>\n\t\t\t\t\t<\/div>\n\t\t<\/div>\n\t\t\t\t<div class=\"elementor-column elementor-col-33 elementor-top-column elementor-element elementor-element-c85808c\" data-id=\"c85808c\" data-element_type=\"column\">\n\t\t\t<div class=\"elementor-widget-wrap elementor-element-populated\">\n\t\t\t\t\t\t<div class=\"elementor-element elementor-element-9be23f9 elementor-widget elementor-widget-image\" data-id=\"9be23f9\" data-element_type=\"widget\" data-widget_type=\"image.default\">\n\t\t\t\t<div class=\"elementor-widget-container\">\n\t\t\t\t\t\t\t\t\t\t\t\t<figure class=\"wp-caption\">\n\t\t\t\t\t\t\t\t\t\t\t<a href=\"https:\/\/youtu.be\/QReQ-qh5nxw\">\n\t\t\t\t\t\t\t<img decoding=\"async\" width=\"682\" height=\"1024\" src=\"https:\/\/blogsaverroes.juntadeandalucia.es\/puertademartos\/files\/2026\/03\/photo_2026-02-26_20-51-32-682x1024.jpg\" class=\"attachment-large size-large wp-image-4190\" alt=\"\" srcset=\"https:\/\/blogsaverroes.juntadeandalucia.es\/puertademartos\/files\/2026\/03\/photo_2026-02-26_20-51-32-682x1024.jpg 682w, https:\/\/blogsaverroes.juntadeandalucia.es\/puertademartos\/files\/2026\/03\/photo_2026-02-26_20-51-32-200x300.jpg 200w, https:\/\/blogsaverroes.juntadeandalucia.es\/puertademartos\/files\/2026\/03\/photo_2026-02-26_20-51-32-768x1152.jpg 768w, https:\/\/blogsaverroes.juntadeandalucia.es\/puertademartos\/files\/2026\/03\/photo_2026-02-26_20-51-32.jpg 853w\" sizes=\"(max-width: 682px) 100vw, 682px\" \/>\t\t\t\t\t\t\t\t<\/a>\n\t\t\t\t\t\t\t\t\t\t\t<figcaption class=\"widget-image-caption wp-caption-text\">Haz clic en la imagen para ver un v\u00eddeo promocional<\/figcaption>\n\t\t\t\t\t\t\t\t\t\t<\/figure>\n\t\t\t\t\t\t\t\t\t<\/div>\n\t\t\t\t<\/div>\n\t\t\t\t\t<\/div>\n\t\t<\/div>\n\t\t\t\t<div class=\"elementor-column elementor-col-33 elementor-top-column elementor-element elementor-element-0c61232\" data-id=\"0c61232\" data-element_type=\"column\">\n\t\t\t<div class=\"elementor-widget-wrap elementor-element-populated\">\n\t\t\t\t\t\t<div class=\"elementor-element elementor-element-00f241c elementor-widget elementor-widget-text-editor\" data-id=\"00f241c\" data-element_type=\"widget\" data-widget_type=\"text-editor.default\">\n\t\t\t\t<div class=\"elementor-widget-container\">\n\t\t\t\t\t\t\t\t\t<p>Lorem fistrum por la gloria de mi madre esse jarl aliqua llevame al sircoo. De la pradera ullamco qu\u00e9 dise usteer est\u00e1 la cosa muy malar.<\/p>\t\t\t\t\t\t\t\t<\/div>\n\t\t\t\t<\/div>\n\t\t\t\t<div class=\"elementor-element elementor-element-598a80b elementor-widget elementor-widget-image\" data-id=\"598a80b\" data-element_type=\"widget\" data-widget_type=\"image.default\">\n\t\t\t\t<div class=\"elementor-widget-container\">\n\t\t\t\t\t\t\t\t\t\t\t\t<figure class=\"wp-caption\">\n\t\t\t\t\t\t\t\t\t\t\t<a href=\"https:\/\/youtu.be\/ynXOVpjqEpc\">\n\t\t\t\t\t\t\t<img loading=\"lazy\" decoding=\"async\" width=\"682\" height=\"1024\" src=\"https:\/\/blogsaverroes.juntadeandalucia.es\/puertademartos\/files\/2026\/03\/photo_2026-02-25_16-51-41-682x1024.jpg\" class=\"attachment-large size-large wp-image-4191\" alt=\"\" srcset=\"https:\/\/blogsaverroes.juntadeandalucia.es\/puertademartos\/files\/2026\/03\/photo_2026-02-25_16-51-41-682x1024.jpg 682w, https:\/\/blogsaverroes.juntadeandalucia.es\/puertademartos\/files\/2026\/03\/photo_2026-02-25_16-51-41-200x300.jpg 200w, https:\/\/blogsaverroes.juntadeandalucia.es\/puertademartos\/files\/2026\/03\/photo_2026-02-25_16-51-41-768x1152.jpg 768w, https:\/\/blogsaverroes.juntadeandalucia.es\/puertademartos\/files\/2026\/03\/photo_2026-02-25_16-51-41.jpg 853w\" sizes=\"(max-width: 682px) 100vw, 682px\" \/>\t\t\t\t\t\t\t\t<\/a>\n\t\t\t\t\t\t\t\t\t\t\t<figcaption class=\"widget-image-caption wp-caption-text\">Haz clic en la imagen para ver un v\u00eddeo de las actividades<\/figcaption>\n\t\t\t\t\t\t\t\t\t\t<\/figure>\n\t\t\t\t\t\t\t\t\t<\/div>\n\t\t\t\t<\/div>\n\t\t\t\t\t<\/div>\n\t\t<\/div>\n\t\t\t\t\t<\/div>\n\t\t<\/section>\n\t\t\t\t<section class=\"elementor-section elementor-top-section elementor-element elementor-element-f2a9e92 elementor-section-boxed elementor-section-height-default elementor-section-height-default\" data-id=\"f2a9e92\" data-element_type=\"section\">\n\t\t\t\t\t\t<div class=\"elementor-container elementor-column-gap-default\">\n\t\t\t\t\t<div class=\"elementor-column elementor-col-100 elementor-top-column elementor-element elementor-element-9391a4e\" data-id=\"9391a4e\" data-element_type=\"column\">\n\t\t\t<div class=\"elementor-widget-wrap elementor-element-populated\">\n\t\t\t\t\t\t<div class=\"elementor-element elementor-element-131d74a elementor-widget-divider--view-line elementor-widget elementor-widget-divider\" data-id=\"131d74a\" data-element_type=\"widget\" data-widget_type=\"divider.default\">\n\t\t\t\t<div class=\"elementor-widget-container\">\n\t\t\t\t\t\t\t<div class=\"elementor-divider\">\n\t\t\t<span class=\"elementor-divider-separator\">\n\t\t\t\t\t\t<\/span>\n\t\t<\/div>\n\t\t\t\t\t\t<\/div>\n\t\t\t\t<\/div>\n\t\t\t\t\t<\/div>\n\t\t<\/div>\n\t\t\t\t\t<\/div>\n\t\t<\/section>\n\t\t\t\t<section class=\"elementor-section elementor-top-section elementor-element elementor-element-772eb59 elementor-section-boxed elementor-section-height-default elementor-section-height-default\" data-id=\"772eb59\" data-element_type=\"section\" data-settings=\"{&quot;background_background&quot;:&quot;classic&quot;}\">\n\t\t\t\t\t\t\t<div class=\"elementor-background-overlay\"><\/div>\n\t\t\t\t\t\t\t<div class=\"elementor-container elementor-column-gap-default\">\n\t\t\t\t\t<div class=\"elementor-column elementor-col-100 elementor-top-column elementor-element elementor-element-8c7c6c8\" data-id=\"8c7c6c8\" data-element_type=\"column\" data-settings=\"{&quot;background_background&quot;:&quot;classic&quot;}\">\n\t\t\t<div class=\"elementor-widget-wrap elementor-element-populated\">\n\t\t\t\t\t\t<div class=\"elementor-element elementor-element-24e3b83 elementor-widget__width-initial elementor-widget elementor-widget-heading\" data-id=\"24e3b83\" data-element_type=\"widget\" data-widget_type=\"heading.default\">\n\t\t\t\t<div class=\"elementor-widget-container\">\n\t\t\t\t\t<h2 class=\"elementor-heading-title elementor-size-default\"><b>Algunos de Nuestros Proyectos<\/b><\/h2>\t\t\t\t<\/div>\n\t\t\t\t<\/div>\n\t\t\t\t\t<\/div>\n\t\t<\/div>\n\t\t\t\t\t<\/div>\n\t\t<\/section>\n\t\t\t\t<section class=\"elementor-section elementor-top-section elementor-element elementor-element-fc1e5c1 elementor-section-boxed elementor-section-height-default elementor-section-height-default\" data-id=\"fc1e5c1\" data-element_type=\"section\">\n\t\t\t\t\t\t<div class=\"elementor-container elementor-column-gap-default\">\n\t\t\t\t\t<div class=\"elementor-column elementor-col-33 elementor-top-column elementor-element elementor-element-4e2632e\" data-id=\"4e2632e\" data-element_type=\"column\">\n\t\t\t<div class=\"elementor-widget-wrap elementor-element-populated\">\n\t\t\t\t\t\t<div class=\"elementor-element elementor-element-47dd738 elementor-widget elementor-widget-image\" data-id=\"47dd738\" data-element_type=\"widget\" data-widget_type=\"image.default\">\n\t\t\t\t<div class=\"elementor-widget-container\">\n\t\t\t\t\t\t\t\t\t\t\t\t<figure class=\"wp-caption\">\n\t\t\t\t\t\t\t\t\t\t<img loading=\"lazy\" decoding=\"async\" width=\"683\" height=\"1024\" src=\"https:\/\/blogsaverroes.juntadeandalucia.es\/puertademartos\/files\/2026\/03\/Imagen-6-683x1024.png\" class=\"attachment-large size-large wp-image-4153\" alt=\"\" srcset=\"https:\/\/blogsaverroes.juntadeandalucia.es\/puertademartos\/files\/2026\/03\/Imagen-6-683x1024.png 683w, https:\/\/blogsaverroes.juntadeandalucia.es\/puertademartos\/files\/2026\/03\/Imagen-6-200x300.png 200w, https:\/\/blogsaverroes.juntadeandalucia.es\/puertademartos\/files\/2026\/03\/Imagen-6-768x1152.png 768w, https:\/\/blogsaverroes.juntadeandalucia.es\/puertademartos\/files\/2026\/03\/Imagen-6.png 1024w\" sizes=\"(max-width: 683px) 100vw, 683px\" \/>\t\t\t\t\t\t\t\t\t\t\t<figcaption class=\"widget-image-caption wp-caption-text\">CdA Puerta de Martos<\/figcaption>\n\t\t\t\t\t\t\t\t\t\t<\/figure>\n\t\t\t\t\t\t\t\t\t<\/div>\n\t\t\t\t<\/div>\n\t\t\t\t\t<\/div>\n\t\t<\/div>\n\t\t\t\t<div class=\"elementor-column elementor-col-66 elementor-top-column elementor-element elementor-element-d2e01ad\" data-id=\"d2e01ad\" data-element_type=\"column\">\n\t\t\t<div class=\"elementor-widget-wrap elementor-element-populated\">\n\t\t\t\t\t\t<div class=\"elementor-element elementor-element-d5fad63 elementor-widget elementor-widget-text-editor\" data-id=\"d5fad63\" data-element_type=\"widget\" data-widget_type=\"text-editor.default\">\n\t\t\t\t<div class=\"elementor-widget-container\">\n\t\t\t\t\t\t\t\t\t<p style=\"text-align: center\"><span style=\"font-size: 18pt;color: #0000ff\"><em><strong>Hacia la Comunidad de Aprendizaje<\/strong><\/em><\/span><\/p><p style=\"text-align: center\"><span style=\"font-size: 16pt;color: #ff0000\"><em><strong>\u201cEn el Puerta ganamos tod@s\u201d\u00a0<\/strong><\/em><\/span><\/p><p style=\"text-align: justify\">Este lema no es \u00fanicamente una expresi\u00f3n identitaria del CEIP Puerta de Martos; es una declaraci\u00f3n pedag\u00f3gica y \u00e9tica que resume la filosof\u00eda que gu\u00eda nuestro Centro. Es por eso que el Centro ha decidido dar un gran paso y avanzar hacia la <strong><span style=\"color: #ff0000\">transformaci\u00f3n en Comunidad de Aprendizaje<\/span><\/strong><span style=\"color: #ff0000\">.<\/span><\/p><p style=\"text-align: justify\"><strong>En \u00abEl Puerta\u00bb:<\/strong><\/p><ul><li style=\"text-align: justify\">Ganamos cuando aprende m\u00e1s quien m\u00e1s lo necesita.<\/li><li style=\"text-align: justify\">Ganamos cuando la convivencia mejora.<\/li><li style=\"text-align: justify\">Ganamos cuando las familias entran en la escuela como aliadas.<\/li><li style=\"text-align: justify\">Ganamos cuando cada ni\u00f1a y cada ni\u00f1o encuentra sentido a lo que aprende.<\/li><li style=\"text-align: justify\">Y ganamos, sobre todo, cuando lo hacemos juntos.<\/li><\/ul><p style=\"text-align: justify\">El <strong>CEIP Puerta de Martos<\/strong>, situado en el coraz\u00f3n hist\u00f3rico de Torredonjimeno, <b>inicia este Proyecto de<\/b> <strong>Transformaci\u00f3n en <span style=\"color: #0000ff\">Comunidad de Aprendizaje<\/span><\/strong> como una decisi\u00f3n institucional y comunitaria orientada a un prop\u00f3sito claro: <strong><span style=\"color: #0000ff\"><i>garantizar el \u00e9xito educativo de todo el alumnado, reforzando simult\u00e1neamente el aprendizaje instrumental, la inclusi\u00f3n y la convivencia, mediante una organizaci\u00f3n escolar m\u00e1s participativa, dial\u00f3gica y basada en evidencias.<\/i><\/span><\/strong><\/p>\t\t\t\t\t\t\t\t<\/div>\n\t\t\t\t<\/div>\n\t\t\t\t\t<\/div>\n\t\t<\/div>\n\t\t\t\t\t<\/div>\n\t\t<\/section>\n\t\t\t\t<section class=\"elementor-section elementor-top-section elementor-element elementor-element-72cdabe elementor-section-full_width elementor-section-content-middle elementor-section-height-default elementor-section-height-default\" data-id=\"72cdabe\" data-element_type=\"section\" data-settings=\"{&quot;background_background&quot;:&quot;classic&quot;}\">\n\t\t\t\t\t\t<div class=\"elementor-container elementor-column-gap-extended\">\n\t\t\t\t\t<div class=\"elementor-column elementor-col-25 elementor-top-column elementor-element elementor-element-4405d65\" data-id=\"4405d65\" data-element_type=\"column\">\n\t\t\t<div class=\"elementor-widget-wrap elementor-element-populated\">\n\t\t\t\t\t\t<div class=\"elementor-element elementor-element-83e727e elementor-widget elementor-widget-image\" data-id=\"83e727e\" data-element_type=\"widget\" data-widget_type=\"image.default\">\n\t\t\t\t<div class=\"elementor-widget-container\">\n\t\t\t\t\t\t\t\t\t\t\t\t\t\t\t<img loading=\"lazy\" decoding=\"async\" width=\"1024\" height=\"541\" src=\"https:\/\/blogsaverroes.juntadeandalucia.es\/puertademartos\/files\/2025\/11\/VidaSaludable.jpg\" class=\"attachment-large size-large wp-image-3837\" alt=\"\" srcset=\"https:\/\/blogsaverroes.juntadeandalucia.es\/puertademartos\/files\/2025\/11\/VidaSaludable.jpg 1024w, https:\/\/blogsaverroes.juntadeandalucia.es\/puertademartos\/files\/2025\/11\/VidaSaludable-300x158.jpg 300w, https:\/\/blogsaverroes.juntadeandalucia.es\/puertademartos\/files\/2025\/11\/VidaSaludable-768x406.jpg 768w\" sizes=\"(max-width: 1024px) 100vw, 1024px\" \/>\t\t\t\t\t\t\t\t\t\t\t\t\t\t\t<\/div>\n\t\t\t\t<\/div>\n\t\t\t\t<div class=\"elementor-element elementor-element-f33dbd8 elementor-widget elementor-widget-text-editor\" data-id=\"f33dbd8\" data-element_type=\"widget\" data-widget_type=\"text-editor.default\">\n\t\t\t\t<div class=\"elementor-widget-container\">\n\t\t\t\t\t\t\t\t\t<p style=\"text-align: justify\"><span style=\"font-size: 10pt\"><em>En el CEIP Puerta de Martos entendemos que un alumnado sano aprende mejor. Nuestro plan promueve un estilo de vida activo y equilibrado, integrando en el d\u00eda a d\u00eda escolar tres pilares b\u00e1sicos: la <b>alimentaci\u00f3n saludable<\/b>, el fomento de la <b>actividad f\u00edsica<\/b> y el cuidado del <b>bienestar emocional<\/b> y el entorno, como en nuestro huerto escolar. \u00a1Apostamos por crecer sanos y felices!<\/em><\/span><\/p>\t\t\t\t\t\t\t\t<\/div>\n\t\t\t\t<\/div>\n\t\t\t\t\t<\/div>\n\t\t<\/div>\n\t\t\t\t<div class=\"elementor-column elementor-col-25 elementor-top-column elementor-element elementor-element-a27e268\" data-id=\"a27e268\" data-element_type=\"column\">\n\t\t\t<div class=\"elementor-widget-wrap elementor-element-populated\">\n\t\t\t\t\t\t<div class=\"elementor-element elementor-element-2a64d98 elementor-widget elementor-widget-image\" data-id=\"2a64d98\" data-element_type=\"widget\" data-widget_type=\"image.default\">\n\t\t\t\t<div class=\"elementor-widget-container\">\n\t\t\t\t\t\t\t\t\t\t\t\t\t\t\t<img loading=\"lazy\" decoding=\"async\" width=\"1015\" height=\"545\" src=\"https:\/\/blogsaverroes.juntadeandalucia.es\/puertademartos\/files\/2025\/11\/Transformaciondigital.png\" class=\"attachment-large size-large wp-image-3866\" alt=\"\" srcset=\"https:\/\/blogsaverroes.juntadeandalucia.es\/puertademartos\/files\/2025\/11\/Transformaciondigital.png 1015w, https:\/\/blogsaverroes.juntadeandalucia.es\/puertademartos\/files\/2025\/11\/Transformaciondigital-300x161.png 300w, https:\/\/blogsaverroes.juntadeandalucia.es\/puertademartos\/files\/2025\/11\/Transformaciondigital-768x412.png 768w\" sizes=\"(max-width: 1015px) 100vw, 1015px\" \/>\t\t\t\t\t\t\t\t\t\t\t\t\t\t\t<\/div>\n\t\t\t\t<\/div>\n\t\t\t\t<div class=\"elementor-element elementor-element-5be761a elementor-widget elementor-widget-text-editor\" data-id=\"5be761a\" data-element_type=\"widget\" data-widget_type=\"text-editor.default\">\n\t\t\t\t<div class=\"elementor-widget-container\">\n\t\t\t\t\t\t\t\t\t<p style=\"text-align: center\" data-path-to-node=\"12\"><span style=\"font-size: 12pt\"><i><b>\u00a0Conectando con el Futuro<\/b><\/i><\/span><\/p><ol start=\"1\" data-path-to-node=\"14\"><li><p style=\"text-align: justify\" data-path-to-node=\"14,0,0\"><span style=\"font-size: 10pt\"><b>Infraestructura:<\/b> Aulas m\u00e1s modernas y mejor equipadas.<\/span><\/p><\/li><li style=\"text-align: justify\"><p data-path-to-node=\"14,1,0\"><span style=\"font-size: 10pt\"><b>Aprendizaje:<\/b> Metodolog\u00edas activas donde el alumno es el protagonista.<\/span><\/p><\/li><li><p style=\"text-align: justify\" data-path-to-node=\"14,2,0\"><span style=\"font-size: 10pt\"><b>Seguridad:<\/b> Educaci\u00f3n en el uso responsable y seguro de la red.<\/span><\/p><\/li><\/ol><p style=\"text-align: center\" data-path-to-node=\"15\"><span style=\"font-size: 10pt\"><em><b>\u00abM\u00e1s que tecnolog\u00eda, es una nueva forma de aprender juntos.\u00bb<\/b><\/em><\/span><\/p>\t\t\t\t\t\t\t\t<\/div>\n\t\t\t\t<\/div>\n\t\t\t\t\t<\/div>\n\t\t<\/div>\n\t\t\t\t<div class=\"elementor-column elementor-col-25 elementor-top-column elementor-element elementor-element-3ea3f6b\" data-id=\"3ea3f6b\" data-element_type=\"column\">\n\t\t\t<div class=\"elementor-widget-wrap elementor-element-populated\">\n\t\t\t\t\t\t<div class=\"elementor-element elementor-element-b351096 elementor-widget elementor-widget-image\" data-id=\"b351096\" data-element_type=\"widget\" data-widget_type=\"image.default\">\n\t\t\t\t<div class=\"elementor-widget-container\">\n\t\t\t\t\t\t\t\t\t\t\t\t\t\t\t<img loading=\"lazy\" decoding=\"async\" width=\"1024\" height=\"737\" src=\"https:\/\/blogsaverroes.juntadeandalucia.es\/puertademartos\/files\/2025\/11\/PLC.png\" class=\"attachment-large size-large wp-image-3871\" alt=\"\" srcset=\"https:\/\/blogsaverroes.juntadeandalucia.es\/puertademartos\/files\/2025\/11\/PLC.png 1024w, https:\/\/blogsaverroes.juntadeandalucia.es\/puertademartos\/files\/2025\/11\/PLC-300x216.png 300w, https:\/\/blogsaverroes.juntadeandalucia.es\/puertademartos\/files\/2025\/11\/PLC-768x553.png 768w\" sizes=\"(max-width: 1024px) 100vw, 1024px\" \/>\t\t\t\t\t\t\t\t\t\t\t\t\t\t\t<\/div>\n\t\t\t\t<\/div>\n\t\t\t\t<div class=\"elementor-element elementor-element-376b037 elementor-widget elementor-widget-text-editor\" data-id=\"376b037\" data-element_type=\"widget\" data-widget_type=\"text-editor.default\">\n\t\t\t\t<div class=\"elementor-widget-container\">\n\t\t\t\t\t\t\t\t\t<p data-path-to-node=\"2\"><b>Un mundo de palabras: Nuestro <span style=\"font-size: 14pt\">Proyecto Ling\u00fc\u00edstico<\/span><\/b><\/p><p style=\"text-align: justify\" data-path-to-node=\"3\"><span style=\"font-size: 10pt\">En nuestro centro, la comunicaci\u00f3n es la llave del aprendizaje. A trav\u00e9s de nuestro Proyecto Ling\u00fc\u00edstico (PLC), coordinamos la ense\u00f1anza de todas las lenguas (propias y extranjeras) para que el alumnado mejore sus destrezas de <b>lectura, escritura y expresi\u00f3n oral<\/b> en todas las \u00e1reas.<\/span><\/p>\t\t\t\t\t\t\t\t<\/div>\n\t\t\t\t<\/div>\n\t\t\t\t\t<\/div>\n\t\t<\/div>\n\t\t\t\t<div class=\"elementor-column elementor-col-25 elementor-top-column elementor-element elementor-element-4f4ede7\" data-id=\"4f4ede7\" data-element_type=\"column\">\n\t\t\t<div class=\"elementor-widget-wrap elementor-element-populated\">\n\t\t\t\t\t\t<div class=\"elementor-element elementor-element-e3c878b elementor-widget elementor-widget-image\" data-id=\"e3c878b\" data-element_type=\"widget\" data-widget_type=\"image.default\">\n\t\t\t\t<div class=\"elementor-widget-container\">\n\t\t\t\t\t\t\t\t\t\t\t\t<figure class=\"wp-caption\">\n\t\t\t\t\t\t\t\t\t\t\t<a href=\"https:\/\/sites.google.com\/ceippuertademartos.es\/plandeigualdad\/inicio\" target=\"_blank\">\n\t\t\t\t\t\t\t<img loading=\"lazy\" decoding=\"async\" width=\"1024\" height=\"1024\" src=\"https:\/\/blogsaverroes.juntadeandalucia.es\/puertademartos\/files\/2025\/11\/Igualdad.png\" class=\"attachment-large size-large wp-image-3908\" alt=\"\" srcset=\"https:\/\/blogsaverroes.juntadeandalucia.es\/puertademartos\/files\/2025\/11\/Igualdad.png 1024w, https:\/\/blogsaverroes.juntadeandalucia.es\/puertademartos\/files\/2025\/11\/Igualdad-300x300.png 300w, https:\/\/blogsaverroes.juntadeandalucia.es\/puertademartos\/files\/2025\/11\/Igualdad-150x150.png 150w, https:\/\/blogsaverroes.juntadeandalucia.es\/puertademartos\/files\/2025\/11\/Igualdad-768x768.png 768w\" sizes=\"(max-width: 1024px) 100vw, 1024px\" \/>\t\t\t\t\t\t\t\t<\/a>\n\t\t\t\t\t\t\t\t\t\t\t<figcaption class=\"widget-image-caption wp-caption-text\"><\/figcaption>\n\t\t\t\t\t\t\t\t\t\t<\/figure>\n\t\t\t\t\t\t\t\t\t<\/div>\n\t\t\t\t<\/div>\n\t\t\t\t<div class=\"elementor-element elementor-element-a2de941 elementor-widget elementor-widget-text-editor\" data-id=\"a2de941\" data-element_type=\"widget\" data-widget_type=\"text-editor.default\">\n\t\t\t\t<div class=\"elementor-widget-container\">\n\t\t\t\t\t\t\t\t\t<p style=\"text-align: justify\"><span style=\"font-size: 10pt\">A trav\u00e9s de nuestro <span style=\"font-size: 14pt\"><span style=\"font-size: 12pt\"><b>Plan de Igualdad y Coeducaci\u00f3n<\/b><\/span><span style=\"font-size: 10pt\">,<\/span><\/span> educamos para la vida en igualdad real.<\/span><\/p><p style=\"text-align: justify\"><span style=\"font-size: 10pt\">Nos comprometemos <strong>a \u00abdesactivar\u00bb los prejuicios sexistas<\/strong> desde la infancia y a <strong>visibilizar el papel de la mujer<\/strong> en la historia y la sociedad. Queremos que nuestro alumnado crezca libre, sin que su g\u00e9nero condicione sus sue\u00f1os, sus emociones o su futuro profesional, construyendo juntos una <strong>convivencia m\u00e1s sana y equitativa.<\/strong><\/span><\/p>\t\t\t\t\t\t\t\t<\/div>\n\t\t\t\t<\/div>\n\t\t\t\t\t<\/div>\n\t\t<\/div>\n\t\t\t\t\t<\/div>\n\t\t<\/section>\n\t\t\t\t<section class=\"elementor-section elementor-top-section elementor-element elementor-element-f102f8e elementor-section-full_width elementor-section-content-middle elementor-section-height-default elementor-section-height-default\" data-id=\"f102f8e\" data-element_type=\"section\" data-settings=\"{&quot;background_background&quot;:&quot;classic&quot;}\">\n\t\t\t\t\t\t<div class=\"elementor-container elementor-column-gap-extended\">\n\t\t\t\t\t<div class=\"elementor-column elementor-col-25 elementor-top-column elementor-element elementor-element-554c3a2\" data-id=\"554c3a2\" data-element_type=\"column\">\n\t\t\t<div class=\"elementor-widget-wrap elementor-element-populated\">\n\t\t\t\t\t\t<div class=\"elementor-element elementor-element-e7cffa2 elementor-widget elementor-widget-image\" data-id=\"e7cffa2\" data-element_type=\"widget\" data-widget_type=\"image.default\">\n\t\t\t\t<div class=\"elementor-widget-container\">\n\t\t\t\t\t\t\t\t\t\t\t\t\t\t\t<img loading=\"lazy\" decoding=\"async\" width=\"1024\" height=\"572\" src=\"https:\/\/blogsaverroes.juntadeandalucia.es\/puertademartos\/files\/2025\/11\/RazonamientoMatematico-1024x572.png\" class=\"attachment-large size-large wp-image-3912\" alt=\"\" srcset=\"https:\/\/blogsaverroes.juntadeandalucia.es\/puertademartos\/files\/2025\/11\/RazonamientoMatematico-1024x572.png 1024w, https:\/\/blogsaverroes.juntadeandalucia.es\/puertademartos\/files\/2025\/11\/RazonamientoMatematico-300x167.png 300w, https:\/\/blogsaverroes.juntadeandalucia.es\/puertademartos\/files\/2025\/11\/RazonamientoMatematico-768x429.png 768w, https:\/\/blogsaverroes.juntadeandalucia.es\/puertademartos\/files\/2025\/11\/RazonamientoMatematico-1536x857.png 1536w, https:\/\/blogsaverroes.juntadeandalucia.es\/puertademartos\/files\/2025\/11\/RazonamientoMatematico-2048x1143.png 2048w, https:\/\/blogsaverroes.juntadeandalucia.es\/puertademartos\/files\/2025\/11\/RazonamientoMatematico-1270x709.png 1270w\" sizes=\"(max-width: 1024px) 100vw, 1024px\" \/>\t\t\t\t\t\t\t\t\t\t\t\t\t\t\t<\/div>\n\t\t\t\t<\/div>\n\t\t\t\t<div class=\"elementor-element elementor-element-5ca3e3d elementor-widget elementor-widget-text-editor\" data-id=\"5ca3e3d\" data-element_type=\"widget\" data-widget_type=\"text-editor.default\">\n\t\t\t\t<div class=\"elementor-widget-container\">\n\t\t\t\t\t\t\t\t\t<p style=\"text-align: center\" data-path-to-node=\"12\"><span style=\"font-size: 14pt\"><b>Razonamiento Matem\u00e1tico<\/b><\/span><\/p><p style=\"text-align: center\" data-path-to-node=\"12\"><span style=\"font-size: 10pt\"><em><b>Mucho m\u00e1s que n\u00fameros.<\/b>\u00a0<\/em><\/span><\/p><p style=\"text-align: justify\" data-path-to-node=\"12\"><span style=\"font-size: 10pt\">En nuestro centro, las matem\u00e1ticas no se memorizan, se entienden y se disfrutan. A trav\u00e9s de este programa, <strong>convertimos el c\u00e1lculo en un juego<\/strong> de l\u00f3gica y los problemas en retos estimulantes. Fomentamos el <strong>pensamiento cr\u00edtico<\/strong> y la <strong>creatividad<\/strong>, ense\u00f1ando a nuestro alumnado a \u00ab<strong>aprender a pensar\u00bb<\/strong>, conectar ideas y buscar soluciones ingeniosas ante cualquier desaf\u00edo.<\/span><\/p>\t\t\t\t\t\t\t\t<\/div>\n\t\t\t\t<\/div>\n\t\t\t\t\t<\/div>\n\t\t<\/div>\n\t\t\t\t<div class=\"elementor-column elementor-col-25 elementor-top-column elementor-element elementor-element-a424ba3\" data-id=\"a424ba3\" data-element_type=\"column\">\n\t\t\t<div class=\"elementor-widget-wrap elementor-element-populated\">\n\t\t\t\t\t\t<div class=\"elementor-element elementor-element-f19fd41 elementor-widget elementor-widget-image\" data-id=\"f19fd41\" data-element_type=\"widget\" data-widget_type=\"image.default\">\n\t\t\t\t<div class=\"elementor-widget-container\">\n\t\t\t\t\t\t\t\t\t\t\t\t\t\t\t<img loading=\"lazy\" decoding=\"async\" width=\"1024\" height=\"1024\" src=\"https:\/\/blogsaverroes.juntadeandalucia.es\/puertademartos\/files\/2025\/11\/paz.png\" class=\"attachment-large size-large wp-image-3916\" alt=\"\" srcset=\"https:\/\/blogsaverroes.juntadeandalucia.es\/puertademartos\/files\/2025\/11\/paz.png 1024w, https:\/\/blogsaverroes.juntadeandalucia.es\/puertademartos\/files\/2025\/11\/paz-300x300.png 300w, https:\/\/blogsaverroes.juntadeandalucia.es\/puertademartos\/files\/2025\/11\/paz-150x150.png 150w, https:\/\/blogsaverroes.juntadeandalucia.es\/puertademartos\/files\/2025\/11\/paz-768x768.png 768w\" sizes=\"(max-width: 1024px) 100vw, 1024px\" \/>\t\t\t\t\t\t\t\t\t\t\t\t\t\t\t<\/div>\n\t\t\t\t<\/div>\n\t\t\t\t<div class=\"elementor-element elementor-element-221642e elementor-widget elementor-widget-text-editor\" data-id=\"221642e\" data-element_type=\"widget\" data-widget_type=\"text-editor.default\">\n\t\t\t\t<div class=\"elementor-widget-container\">\n\t\t\t\t\t\t\t\t\t<p style=\"text-align: center\" data-path-to-node=\"2\"><span style=\"font-size: 12pt\"><b>Aprendiendo a convivir.<\/b><\/span><\/p><p style=\"text-align: justify\" data-path-to-node=\"2\"><span style=\"font-size: 10pt\">En el CEIP Puerta de Martos, educar para la paz es <strong>educar para la vida<\/strong>. Nuestro proyecto <span style=\"font-size: 14pt\"><strong>\u00abEscuela: Espacio<\/strong> <strong>de Paz\u00bb<\/strong><\/span> busca que los ni\u00f1os y ni\u00f1as aprendan a <strong>gestionar sus emociones<\/strong> y a relacionarse desde el <strong>respeto<\/strong> <strong>mutuo<\/strong>. Queremos que nuestro colegio sea un lugar donde la palabra sea siempre m\u00e1s importante que el conflicto y <strong>donde todos nos sintamos parte de una misma familia.<\/strong><\/span><\/p>\t\t\t\t\t\t\t\t<\/div>\n\t\t\t\t<\/div>\n\t\t\t\t\t<\/div>\n\t\t<\/div>\n\t\t\t\t<div class=\"elementor-column elementor-col-25 elementor-top-column elementor-element elementor-element-d9e9793\" data-id=\"d9e9793\" data-element_type=\"column\">\n\t\t\t<div class=\"elementor-widget-wrap elementor-element-populated\">\n\t\t\t\t\t\t<div class=\"elementor-element elementor-element-3bcb4f7 elementor-widget elementor-widget-image\" data-id=\"3bcb4f7\" data-element_type=\"widget\" data-widget_type=\"image.default\">\n\t\t\t\t<div class=\"elementor-widget-container\">\n\t\t\t\t\t\t\t\t\t\t\t\t\t\t\t<img loading=\"lazy\" decoding=\"async\" width=\"1024\" height=\"683\" src=\"https:\/\/blogsaverroes.juntadeandalucia.es\/puertademartos\/files\/2025\/12\/PAD-1024x683.png\" class=\"attachment-large size-large wp-image-4029\" alt=\"\" srcset=\"https:\/\/blogsaverroes.juntadeandalucia.es\/puertademartos\/files\/2025\/12\/PAD-1024x683.png 1024w, https:\/\/blogsaverroes.juntadeandalucia.es\/puertademartos\/files\/2025\/12\/PAD-300x200.png 300w, https:\/\/blogsaverroes.juntadeandalucia.es\/puertademartos\/files\/2025\/12\/PAD-768x512.png 768w, https:\/\/blogsaverroes.juntadeandalucia.es\/puertademartos\/files\/2025\/12\/PAD-1270x847.png 1270w, https:\/\/blogsaverroes.juntadeandalucia.es\/puertademartos\/files\/2025\/12\/PAD.png 1536w\" sizes=\"(max-width: 1024px) 100vw, 1024px\" \/>\t\t\t\t\t\t\t\t\t\t\t\t\t\t\t<\/div>\n\t\t\t\t<\/div>\n\t\t\t\t<div class=\"elementor-element elementor-element-d9feb87 elementor-widget elementor-widget-text-editor\" data-id=\"d9feb87\" data-element_type=\"widget\" data-widget_type=\"text-editor.default\">\n\t\t\t\t<div class=\"elementor-widget-container\">\n\t\t\t\t\t\t\t\t\t<p style=\"text-align: justify\" data-start=\"222\" data-end=\"478\"><span style=\"font-size: 10pt\">El <strong>CEIP Puerta de Martos<\/strong> es el \u00fanico centro de la localidad que ofrece al completo los servicios del<strong> Plan de Apertura de Centros<\/strong>, lo que lo posiciona como un colegio abierto, flexible y muy comprometido con todas las necesidades de las familias. Este plan integra el <strong><span style=\"font-size: 14pt\">Aula Matinal<\/span>,<\/strong> para la conciliaci\u00f3n familiar desde primera hora; nuestro <span style=\"font-size: 14pt\"><strong>Comedor Escolar<\/strong>,<\/span> con men\u00fas equilibrados y de calidad; y <span style=\"font-size: 14pt\"><strong>Actividades Extraescolares<\/strong><\/span>, que ampl\u00edan las oportunidades formativas y l\u00fadicas de los alumnos fuera del horario lectivo. Ahora incluimos <span style=\"font-size: 14pt\"><strong>Aula Espera<\/strong><\/span>, donde las familias que no puedan recoger a sus hijos\/as a las 14:00 h. podr\u00e1n recogerlos hasta las 15:00 horas. Este servicio lo pone en marcha y est\u00e1 subvencionado por nuestra AMPA \u00abEl Castillo\u00bb.<\/span><\/p>\t\t\t\t\t\t\t\t<\/div>\n\t\t\t\t<\/div>\n\t\t\t\t\t<\/div>\n\t\t<\/div>\n\t\t\t\t<div class=\"elementor-column elementor-col-25 elementor-top-column elementor-element elementor-element-386401e\" data-id=\"386401e\" data-element_type=\"column\">\n\t\t\t<div class=\"elementor-widget-wrap elementor-element-populated\">\n\t\t\t\t\t\t<div class=\"elementor-element elementor-element-59149ce elementor-widget elementor-widget-image\" data-id=\"59149ce\" data-element_type=\"widget\" data-widget_type=\"image.default\">\n\t\t\t\t<div class=\"elementor-widget-container\">\n\t\t\t\t\t\t\t\t\t\t\t\t\t\t\t<img loading=\"lazy\" decoding=\"async\" width=\"1024\" height=\"683\" src=\"https:\/\/blogsaverroes.juntadeandalucia.es\/puertademartos\/files\/2025\/12\/huerto-1024x683.png\" class=\"attachment-large size-large wp-image-4030\" alt=\"\" srcset=\"https:\/\/blogsaverroes.juntadeandalucia.es\/puertademartos\/files\/2025\/12\/huerto-1024x683.png 1024w, https:\/\/blogsaverroes.juntadeandalucia.es\/puertademartos\/files\/2025\/12\/huerto-300x200.png 300w, https:\/\/blogsaverroes.juntadeandalucia.es\/puertademartos\/files\/2025\/12\/huerto-768x512.png 768w, https:\/\/blogsaverroes.juntadeandalucia.es\/puertademartos\/files\/2025\/12\/huerto-1270x847.png 1270w, https:\/\/blogsaverroes.juntadeandalucia.es\/puertademartos\/files\/2025\/12\/huerto.png 1536w\" sizes=\"(max-width: 1024px) 100vw, 1024px\" \/>\t\t\t\t\t\t\t\t\t\t\t\t\t\t\t<\/div>\n\t\t\t\t<\/div>\n\t\t\t\t<div class=\"elementor-element elementor-element-a96f419 elementor-widget elementor-widget-text-editor\" data-id=\"a96f419\" data-element_type=\"widget\" data-widget_type=\"text-editor.default\">\n\t\t\t\t<div class=\"elementor-widget-container\">\n\t\t\t\t\t\t\t\t\t<p style=\"text-align: justify\" data-start=\"162\" data-end=\"510\"><span style=\"font-size: 10pt\">El CEIP Puerta de Martos participa en el <span style=\"font-size: 14pt\"><strong data-start=\"203\" data-end=\"221\">Programa ALDEA<\/strong><\/span> de la Junta de Andaluc\u00eda, desarrollando un <strong data-start=\"265\" data-end=\"283\">Huerto Escolar<\/strong> como espacio educativo vivo. A trav\u00e9s del cuidado de la tierra, siembra y recolecci\u00f3n, nuestro alumnado aprende valores como la sostenibilidad, el respeto al medio ambiente y la alimentaci\u00f3n saludable. <\/span><span style=\"font-size: 10pt\">El huerto se convierte en un aula al aire libre donde se trabajan contenidos pr\u00e1cticos de forma y cooperativa, fomentando la responsabilidad, la convivencia y el trabajo en equipo. Un proyecto que conecta naturaleza y educaci\u00f3n en un entorno cercano y motivador.<\/span><\/p>\t\t\t\t\t\t\t\t<\/div>\n\t\t\t\t<\/div>\n\t\t\t\t\t<\/div>\n\t\t<\/div>\n\t\t\t\t\t<\/div>\n\t\t<\/section>\n\t\t\t\t<section class=\"elementor-section elementor-top-section elementor-element elementor-element-d4af957 elementor-section-full_width elementor-section-height-default elementor-section-height-default\" data-id=\"d4af957\" data-element_type=\"section\">\n\t\t\t\t\t\t<div class=\"elementor-container elementor-column-gap-default\">\n\t\t\t\t\t<div class=\"elementor-column elementor-col-100 elementor-top-column elementor-element elementor-element-49ada7d\" data-id=\"49ada7d\" data-element_type=\"column\">\n\t\t\t<div class=\"elementor-widget-wrap elementor-element-populated\">\n\t\t\t\t\t\t<div class=\"elementor-element elementor-element-fc47ba8 elementor-widget__width-initial elementor-widget-divider--view-line elementor-widget elementor-widget-divider\" data-id=\"fc47ba8\" data-element_type=\"widget\" data-widget_type=\"divider.default\">\n\t\t\t\t<div class=\"elementor-widget-container\">\n\t\t\t\t\t\t\t<div class=\"elementor-divider\">\n\t\t\t<span class=\"elementor-divider-separator\">\n\t\t\t\t\t\t<\/span>\n\t\t<\/div>\n\t\t\t\t\t\t<\/div>\n\t\t\t\t<\/div>\n\t\t\t\t\t<\/div>\n\t\t<\/div>\n\t\t\t\t\t<\/div>\n\t\t<\/section>\n\t\t\t\t<section class=\"elementor-section elementor-top-section elementor-element elementor-element-6d7ef53 elementor-section-boxed elementor-section-height-default elementor-section-height-default\" data-id=\"6d7ef53\" data-element_type=\"section\">\n\t\t\t\t\t\t<div class=\"elementor-container elementor-column-gap-default\">\n\t\t\t\t\t<div class=\"elementor-column elementor-col-25 elementor-top-column elementor-element elementor-element-1dfde7f\" data-id=\"1dfde7f\" data-element_type=\"column\">\n\t\t\t<div class=\"elementor-widget-wrap elementor-element-populated\">\n\t\t\t\t\t\t<div class=\"elementor-element elementor-element-0b55429 elementor-button-info elementor-align-center elementor-widget elementor-widget-button\" data-id=\"0b55429\" data-element_type=\"widget\" data-widget_type=\"button.default\">\n\t\t\t\t<div class=\"elementor-widget-container\">\n\t\t\t\t\t\t\t\t\t<div class=\"elementor-button-wrapper\">\n\t\t\t\t\t<a class=\"elementor-button elementor-button-link elementor-size-sm\" href=\"https:\/\/blogsaverroes.juntadeandalucia.es\/puertademartos\/formulario-de-contacto\/\" t=\"Clic para acceder\">\n\t\t\t\t\t\t<span class=\"elementor-button-content-wrapper\">\n\t\t\t\t\t\t\t\t\t<span class=\"elementor-button-text\">Contacta con tu Centro<\/span>\n\t\t\t\t\t<\/span>\n\t\t\t\t\t<\/a>\n\t\t\t\t<\/div>\n\t\t\t\t\t\t\t\t<\/div>\n\t\t\t\t<\/div>\n\t\t\t\t\t<\/div>\n\t\t<\/div>\n\t\t\t\t<div class=\"elementor-column elementor-col-25 elementor-top-column elementor-element elementor-element-cf87b63\" data-id=\"cf87b63\" data-element_type=\"column\">\n\t\t\t<div class=\"elementor-widget-wrap elementor-element-populated\">\n\t\t\t\t\t\t<div class=\"elementor-element elementor-element-8b02483 elementor-button-info elementor-align-center elementor-widget elementor-widget-button\" data-id=\"8b02483\" data-element_type=\"widget\" data-widget_type=\"button.default\">\n\t\t\t\t<div class=\"elementor-widget-container\">\n\t\t\t\t\t\t\t\t\t<div class=\"elementor-button-wrapper\">\n\t\t\t\t\t<a class=\"elementor-button elementor-button-link elementor-size-sm\" href=\"https:\/\/blogsaverroes.juntadeandalucia.es\/puertademartos\/plan-de-centro\/\" t=\"Clic para acceder\">\n\t\t\t\t\t\t<span class=\"elementor-button-content-wrapper\">\n\t\t\t\t\t\t\t\t\t<span class=\"elementor-button-text\">Plan de Centro<\/span>\n\t\t\t\t\t<\/span>\n\t\t\t\t\t<\/a>\n\t\t\t\t<\/div>\n\t\t\t\t\t\t\t\t<\/div>\n\t\t\t\t<\/div>\n\t\t\t\t\t<\/div>\n\t\t<\/div>\n\t\t\t\t<div class=\"elementor-column elementor-col-25 elementor-top-column elementor-element elementor-element-1c462f8\" data-id=\"1c462f8\" data-element_type=\"column\">\n\t\t\t<div class=\"elementor-widget-wrap elementor-element-populated\">\n\t\t\t\t\t\t<div class=\"elementor-element elementor-element-fa93477 elementor-button-info elementor-align-center elementor-widget elementor-widget-button\" data-id=\"fa93477\" data-element_type=\"widget\" data-widget_type=\"button.default\">\n\t\t\t\t<div class=\"elementor-widget-container\">\n\t\t\t\t\t\t\t\t\t<div class=\"elementor-button-wrapper\">\n\t\t\t\t\t<a class=\"elementor-button elementor-button-link elementor-size-sm\" href=\"https:\/\/sites.google.com\/ceippuertademartos.es\/plandeigualdad\/inicio\" t=\"Clic para acceder\">\n\t\t\t\t\t\t<span class=\"elementor-button-content-wrapper\">\n\t\t\t\t\t\t\t\t\t<span class=\"elementor-button-text\">Plan de Igualdad<\/span>\n\t\t\t\t\t<\/span>\n\t\t\t\t\t<\/a>\n\t\t\t\t<\/div>\n\t\t\t\t\t\t\t\t<\/div>\n\t\t\t\t<\/div>\n\t\t\t\t\t<\/div>\n\t\t<\/div>\n\t\t\t\t<div class=\"elementor-column elementor-col-25 elementor-top-column elementor-element elementor-element-37bf967\" data-id=\"37bf967\" data-element_type=\"column\">\n\t\t\t<div class=\"elementor-widget-wrap elementor-element-populated\">\n\t\t\t\t\t\t<div class=\"elementor-element elementor-element-82ae9ae elementor-button-info elementor-align-center elementor-widget elementor-widget-button\" data-id=\"82ae9ae\" data-element_type=\"widget\" data-widget_type=\"button.default\">\n\t\t\t\t<div class=\"elementor-widget-container\">\n\t\t\t\t\t\t\t\t\t<div class=\"elementor-button-wrapper\">\n\t\t\t\t\t<a class=\"elementor-button elementor-button-link elementor-size-sm\" href=\"https:\/\/sites.google.com\/ceippuertademartos.es\/bibliocastillo\/inicio\" t=\"Clic para acceder\">\n\t\t\t\t\t\t<span class=\"elementor-button-content-wrapper\">\n\t\t\t\t\t\t\t\t\t<span class=\"elementor-button-text\">Plan de Biblioteca<\/span>\n\t\t\t\t\t<\/span>\n\t\t\t\t\t<\/a>\n\t\t\t\t<\/div>\n\t\t\t\t\t\t\t\t<\/div>\n\t\t\t\t<\/div>\n\t\t\t\t\t<\/div>\n\t\t<\/div>\n\t\t\t\t\t<\/div>\n\t\t<\/section>\n\t\t\t\t<section class=\"elementor-section elementor-top-section elementor-element elementor-element-e51a3f0 elementor-section-full_width elementor-section-height-default elementor-section-height-default\" data-id=\"e51a3f0\" data-element_type=\"section\">\n\t\t\t\t\t\t<div class=\"elementor-container elementor-column-gap-default\">\n\t\t\t\t\t<div class=\"elementor-column elementor-col-100 elementor-top-column elementor-element elementor-element-a8ef25c\" data-id=\"a8ef25c\" data-element_type=\"column\">\n\t\t\t<div class=\"elementor-widget-wrap elementor-element-populated\">\n\t\t\t\t\t\t<div class=\"elementor-element elementor-element-780f7e6 elementor-widget__width-initial elementor-widget-divider--view-line elementor-widget elementor-widget-divider\" data-id=\"780f7e6\" data-element_type=\"widget\" data-widget_type=\"divider.default\">\n\t\t\t\t<div class=\"elementor-widget-container\">\n\t\t\t\t\t\t\t<div class=\"elementor-divider\">\n\t\t\t<span class=\"elementor-divider-separator\">\n\t\t\t\t\t\t<\/span>\n\t\t<\/div>\n\t\t\t\t\t\t<\/div>\n\t\t\t\t<\/div>\n\t\t\t\t\t<\/div>\n\t\t<\/div>\n\t\t\t\t\t<\/div>\n\t\t<\/section>\n\t\t\t\t<\/div>\n\t\t","protected":false},"excerpt":{"rendered":"<p>\u00daltima Hora en nuestro Centro: \u00a1Torredonjimeno se mueve de nuevo! \ud83d\udc5f Ya est\u00e1 aqu\u00ed la III Marcha Solidaria Intercentros #pasosxcausas. Este 2026, nuestros amigos del Colegio Toxiria han tomado el mando de la coordinaci\u00f3n y se han marcado una web espectacular con todos los detalles que necesitas saber. Pincha en la imagen de arriba y &hellip; <\/p>\n<p><a class=\"more-link btn\" href=\"https:\/\/blogsaverroes.juntadeandalucia.es\/puertademartos\/\">Seguir leyendo<\/a><\/p>\n","protected":false},"author":626,"featured_media":0,"parent":0,"menu_order":0,"comment_status":"closed","ping_status":"closed","template":"","meta":{"ngg_post_thumbnail":0,"footnotes":""},"aioseo_notices":[],"_links":{"self":[{"href":"https:\/\/blogsaverroes.juntadeandalucia.es\/puertademartos\/wp-json\/wp\/v2\/pages\/3798"}],"collection":[{"href":"https:\/\/blogsaverroes.juntadeandalucia.es\/puertademartos\/wp-json\/wp\/v2\/pages"}],"about":[{"href":"https:\/\/blogsaverroes.juntadeandalucia.es\/puertademartos\/wp-json\/wp\/v2\/types\/page"}],"author":[{"embeddable":true,"href":"https:\/\/blogsaverroes.juntadeandalucia.es\/puertademartos\/wp-json\/wp\/v2\/users\/626"}],"replies":[{"embeddable":true,"href":"https:\/\/blogsaverroes.juntadeandalucia.es\/puertademartos\/wp-json\/wp\/v2\/comments?post=3798"}],"version-history":[{"count":207,"href":"https:\/\/blogsaverroes.juntadeandalucia.es\/puertademartos\/wp-json\/wp\/v2\/pages\/3798\/revisions"}],"predecessor-version":[{"id":4241,"href":"https:\/\/blogsaverroes.juntadeandalucia.es\/puertademartos\/wp-json\/wp\/v2\/pages\/3798\/revisions\/4241"}],"wp:attachment":[{"href":"https:\/\/blogsaverroes.juntadeandalucia.es\/puertademartos\/wp-json\/wp\/v2\/media?parent=3798"}],"curies":[{"name":"wp","href":"https:\/\/api.w.org\/{rel}","templated":true}]}}