{"id":90,"date":"2021-06-01T06:17:09","date_gmt":"2021-06-01T06:17:09","guid":{"rendered":"https:\/\/blogsaverroes.juntadeandalucia.es\/rafaelnunezmat\/?page_id=90"},"modified":"2024-12-04T08:21:38","modified_gmt":"2024-12-04T08:21:38","slug":"radicales","status":"publish","type":"page","link":"https:\/\/blogsaverroes.juntadeandalucia.es\/rafaelnunezmat\/radicales","title":{"rendered":"Radicales"},"content":{"rendered":"<p><img loading=\"lazy\" decoding=\"async\" class=\"aligncenter \" src=\"https:\/\/encrypted-tbn0.gstatic.com\/images?q=tbn:ANd9GcRn_-W4QAFLDjJGxIxBGT5HXhmPg1PH3iF-Hg&amp;usqp=CAU\" width=\"513\" height=\"152\"><\/p>\n<p style=\"text-align: center\"><span style=\"font-size: 24pt\"><strong><span style=\"color: #008000\"><a style=\"color: #008000\" href=\"https:\/\/blogsaverroes.juntadeandalucia.es\/rafaelnunezmat\/files\/2022\/01\/RADICALES.pdf\" target=\"_blank\" rel=\"noopener noreferrer\">Teor\u00eda y actividades resueltas<\/a><\/span><\/strong><\/span><\/p>\n<table style=\"height: 130px;width: 100%;border-collapse: collapse;border-style: none;border-color: #030000\" border=\"1\" cellpadding=\"0\">\n<tbody>\n<tr style=\"height: 24px\">\n<td style=\"width: 17.2446%;height: 24px;border-color: #030000;text-align: center\" colspan=\"3\"><span style=\"text-decoration: underline;font-size: 20pt\"><span style=\"color: #000000\"><strong>C\u00c1LCULO<\/strong><\/span><\/span><\/p>\n<p><span style=\"text-decoration: underline\"><span style=\"font-size: 16pt\"><strong><span style=\"color: #800080;text-decoration: underline\">VIDEOS<\/span><\/strong><\/span><\/span><\/p>\n<p style=\"text-align: left;padding-left: 160px\"><strong><span style=\"font-size: 14pt;color: #0000ff\"><a style=\"color: #0000ff\" href=\"https:\/\/www.youtube.com\/embed\/yYVWroMzCOo\" target=\"_blank\" rel=\"noopener noreferrer\">Ra\u00edz cuadrada exacta de un n\u00famero (Unicoos)<\/a><\/span><\/strong><\/p>\n<p style=\"text-align: left;padding-left: 160px\"><strong><span style=\"font-size: 14pt;color: #0000ff\"><a style=\"color: #0000ff\" href=\"https:\/\/www.youtube.com\/embed\/NBHGorzvvVo\" target=\"_blank\" rel=\"noopener noreferrer\">Ra\u00edz cuadrada aproximada de un n\u00famero (estudiia)<\/a><\/span><\/strong><\/p>\n<p style=\"text-align: left;padding-left: 160px\"><strong><span style=\"font-size: 14pt;color: #0000ff\"><a style=\"color: #0000ff\" href=\"https:\/\/www.youtube.com\/embed\/PMoPqQPuUPI\" target=\"_blank\" rel=\"noopener noreferrer\">Ra\u00edz cuadrada aproximada de un n\u00famero (Jos\u00e9 Luis Usero V\u00edlchez)<\/a><\/span><\/strong><\/p>\n<p style=\"text-align: left;padding-left: 160px\"><strong><span style=\"font-size: 14pt;color: #0000ff\"><a style=\"color: #0000ff\" href=\"https:\/\/www.youtube.com\/embed\/S4gY9X3K0w8\" target=\"_blank\" rel=\"noopener noreferrer\">C\u00e1lculo de ra\u00edces exactas de cualquier \u00edndice (Mate316)<\/a><\/span><\/strong><\/p>\n<p style=\"text-align: left;padding-left: 160px\"><strong><span style=\"font-size: 14pt;color: #0000ff\"><a style=\"color: #0000ff\" href=\"https:\/\/www.youtube.com\/embed\/L7wZKF07Gtw\" target=\"_blank\" rel=\"noopener noreferrer\">Algoritmo de la ra\u00edz cuadrada (Jos\u00e9 Luis Usero V\u00edlchez)<\/a><\/span><\/strong><\/p>\n<p style=\"text-align: left;padding-left: 160px\"><strong><span style=\"font-size: 14pt;color: #0000ff\"><a style=\"color: #0000ff\" href=\"https:\/\/www.youtube.com\/embed\/jQcvL19NtR0\" target=\"_blank\" rel=\"noopener noreferrer\">Operaciones combinadas con potencias y ra\u00edces (Antonio Javier Garc\u00eda Oliveros)<\/a><\/span><\/strong><\/p>\n<p style=\"text-align: left;padding-left: 160px\"><strong><span style=\"font-size: 14pt;color: #0000ff\"><a style=\"color: #0000ff\" href=\"https:\/\/www.youtube.com\/embed\/XRfgHEzhFX0\" target=\"_blank\" rel=\"noopener noreferrer\">Operaciones combinadas con potencias, ra\u00edces cuadradas fracciones (Simplifica las matem\u00e1ticas)<\/a><\/span><\/strong><\/p>\n<p style=\"text-align: left;padding-left: 160px\"><strong><span style=\"font-size: 14pt;color: #0000ff\"><a style=\"color: #0000ff\" href=\"https:\/\/www.youtube.com\/embed\/1P3QUBqP3R4\" target=\"_blank\" rel=\"noopener noreferrer\">Operaciones combinadas con potencias, ra\u00edces cuadradas y fracciones (karol malasquez sagastegui)<\/a><\/span><\/strong><\/p>\n<p style=\"text-align: left;padding-left: 160px\"><strong><span style=\"font-size: 14pt;color: #0000ff\"><a style=\"color: #0000ff\" href=\"https:\/\/www.youtube.com\/embed\/2c6Jy79QaPs\" target=\"_blank\" rel=\"noopener noreferrer\">Soluciones de un radical (academia JAF)<\/a><\/span><\/strong><\/p>\n<p style=\"text-align: left;padding-left: 160px\"><strong><span style=\"font-size: 14pt;color: #0000ff\"><a style=\"color: #0000ff\" href=\"https:\/\/www.youtube.com\/embed\/buCwkU_4Rd0\" target=\"_blank\" rel=\"noopener noreferrer\">Relaci\u00f3n entre potencias y radicales (mates con Andr\u00e9s)<\/a><\/span><\/strong><\/p>\n<p style=\"text-align: left;padding-left: 160px\"><strong><span style=\"font-size: 14pt;color: #0000ff\"><a style=\"color: #0000ff\" href=\"https:\/\/www.youtube.com\/embed\/9xwJLjHhQ2g\" target=\"_blank\" rel=\"noopener noreferrer\">Relaci\u00f3n entre potencias y radicales (Liceo Rivas)<\/a><\/span><\/strong><\/p>\n<p style=\"text-align: left;padding-left: 160px\"><strong><span style=\"font-size: 14pt;color: #0000ff\"><a style=\"color: #0000ff\" href=\"https:\/\/www.youtube.com\/embed\/FSlEttDOlRE\" target=\"_blank\" rel=\"noopener noreferrer\">Relaci\u00f3n entre potencias y radicales (matematicasyeso)<\/a><\/span><\/strong><\/p>\n<p><span style=\"text-decoration: underline;color: #800000\"><span style=\"font-size: 16pt\"><strong><span>OTROS RECURSOS<\/span><\/strong><\/span><\/span><\/p>\n<p style=\"text-align: left;padding-left: 160px\"><strong><span style=\"font-size: 14pt;color: #0000ff\"><a style=\"color: #0000ff\" href=\"https:\/\/clic.xtec.cat\/projects\/poten\/jclic.js\/index.html\" target=\"_blank\" rel=\"noopener noreferrer\">Potencias y ra\u00edces cuadradas (actividad jclic)<\/a><\/span><\/strong><\/p>\n<p style=\"text-align: left;padding-left: 160px\"><strong><span style=\"font-size: 14pt;color: #0000ff\"><a style=\"color: #0000ff\" href=\"https:\/\/iesovvavera.educarex.es\/web\/ciencias\/num_enteros.php\" target=\"_blank\" rel=\"noopener noreferrer\">Operaciones con n\u00fameros enteros, potencias y ra\u00edces (actividades educarex)<\/a><\/span><\/strong><\/p>\n<p style=\"text-align: left;padding-left: 160px\"><strong><span style=\"font-size: 14pt;color: #0000ff\"><a style=\"color: #0000ff\" href=\"https:\/\/clic.xtec.cat\/projects\/num_nat\/jclic.js\/index.html\" target=\"_blank\" rel=\"noopener noreferrer\">N\u00fameros naturales, potencias y ra\u00edces (actividad jclic)<\/a><\/span><\/strong><\/p>\n<p style=\"text-align: left;padding-left: 160px\"><strong><span style=\"color: #0000ff\"><a style=\"color: #0000ff\" href=\"https:\/\/www.geogebra.org\/m\/uZPZpSVh\" target=\"_blank\" rel=\"noopener noreferrer\"><span style=\"font-size: 14pt\">Relaci\u00f3n entre potencias y radicales (geogebra)<\/span><\/a><\/span><\/strong><\/p>\n<\/td>\n<\/tr>\n<tr style=\"height: 24px\">\n<td style=\"width: 17.2446%;height: 24px;border-color: #030000;text-align: center\" colspan=\"3\"><span style=\"text-decoration: underline\"><span style=\"font-size: 20pt\"><strong><span style=\"color: #000000;text-decoration: underline\">EQUIVALENCIA<\/span><\/strong><\/span><\/span><\/p>\n<p><span style=\"text-decoration: underline\"><span style=\"font-size: 16pt\"><strong><span style=\"color: #800080;text-decoration: underline\">VIDEOS<\/span><\/strong><\/span><\/span><\/p>\n<p style=\"text-align: left;padding-left: 160px\"><strong><span style=\"font-size: 14pt;color: #0000ff\"><a style=\"color: #0000ff\" href=\"https:\/\/www.youtube.com\/embed\/8Tr81KhIhkY\" target=\"_blank\" rel=\"noopener noreferrer\">Radicales equivalentes (Elena Virseda)<\/a><\/span><\/strong><\/p>\n<p style=\"text-align: left;padding-left: 160px\"><strong><span style=\"font-size: 14pt;color: #0000ff\"><a style=\"color: #0000ff\" href=\"https:\/\/www.youtube.com\/embed\/CSwwFemalkg\" target=\"_blank\" rel=\"noopener noreferrer\">Radicales equivalentes (childtopia)<\/a><\/span><\/strong><\/p>\n<p style=\"text-align: left;padding-left: 160px\"><strong><span style=\"font-size: 14pt;color: #0000ff\"><a style=\"color: #0000ff\" href=\"https:\/\/www.youtube.com\/embed\/48IXkLXVTlQ\" target=\"_blank\" rel=\"noopener noreferrer\">Simplificaci\u00f3n de radicales (Tuto mate)<\/a><\/span><\/strong><\/p>\n<p style=\"text-align: left;padding-left: 160px\"><strong><span style=\"font-size: 14pt;color: #0000ff\"><a style=\"color: #0000ff\" href=\"https:\/\/www.youtube.com\/embed\/D93iyJSqvOk\" target=\"_blank\" rel=\"noopener noreferrer\">Simplificaci\u00f3n de radicales (Sistema SED)<\/a><\/span><\/strong><\/p>\n<p style=\"text-align: left;padding-left: 160px\"><strong><span style=\"font-size: 14pt;color: #0000ff\"><a style=\"color: #0000ff\" href=\"https:\/\/www.youtube.com\/embed\/htekOadrpLw\" target=\"_blank\" rel=\"noopener noreferrer\">Radicales equivalentes, amplificaci\u00f3n y simplificaci\u00f3n (8Cifras)<\/a><\/span><\/strong><\/p>\n<p style=\"text-align: left;padding-left: 160px\"><strong><span style=\"font-size: 14pt;color: #0000ff\"><a style=\"color: #0000ff\" href=\"https:\/\/www.youtube.com\/embed\/RLtrxIF4gDE\" target=\"_blank\" rel=\"noopener noreferrer\">Reducci\u00f3n de ra\u00edces a com\u00fan \u00edndice (Tuto mate)<\/a><\/span><\/strong><\/p>\n<p style=\"text-align: left;padding-left: 160px\"><strong><span style=\"font-size: 14pt;color: #0000ff\"><a style=\"color: #0000ff\" href=\"https:\/\/www.youtube.com\/embed\/nFLXvH3UShw\" target=\"_blank\" rel=\"noopener noreferrer\">Reducci\u00f3n de ra\u00edces a com\u00fan \u00edndice y ordenaci\u00f3n (alfonsoeducador)<\/a><\/span><\/strong><\/p>\n<p style=\"text-align: left;padding-left: 160px\"><strong><span style=\"font-size: 14pt;color: #0000ff\"><a style=\"color: #0000ff\" href=\"https:\/\/www.youtube.com\/embed\/Wb-AW0TOSeQ?t=2s\" target=\"_blank\" rel=\"noopener noreferrer\">Reducci\u00f3n de ra\u00edces a com\u00fan \u00edndice y ordenaci\u00f3n (childtopia)<\/a><\/span><\/strong><\/p>\n<\/td>\n<\/tr>\n<tr style=\"height: 48px\">\n<td style=\"width: 17.2446%;height: 48px;border-color: #030000;text-align: center\" colspan=\"3\"><span style=\"text-decoration: underline\"><span style=\"font-size: 20pt;color: #000000\"><strong>OPERACIONES<\/strong><\/span><\/span><\/p>\n<p><span style=\"text-decoration: underline\"><span style=\"font-size: 16pt\"><strong><span style=\"color: #800080;text-decoration: underline\">VIDEOS<\/span><\/strong><\/span><\/span><\/p>\n<p style=\"text-align: left;padding-left: 160px\"><strong><span style=\"font-size: 14pt;color: #0000ff\"><a style=\"color: #0000ff\" href=\"https:\/\/www.youtube.com\/embed\/GsFOnvEmezs\" target=\"_blank\" rel=\"noopener noreferrer\">Producto y divisi\u00f3n de radicales (Fikima Aula Virtual)<\/a><\/span><\/strong><\/p>\n<p style=\"text-align: left;padding-left: 160px\"><strong><span style=\"font-size: 14pt;color: #0000ff\"><a style=\"color: #0000ff\" href=\"https:\/\/www.youtube.com\/embed\/ioQNiIQKzfI\" target=\"_blank\" rel=\"noopener noreferrer\">Producto y divisi\u00f3n de radicales (shurprofe)<\/a><\/span><\/strong><\/p>\n<p style=\"text-align: left;padding-left: 160px\"><strong><span style=\"font-size: 14pt;color: #0000ff\"><a style=\"color: #0000ff\" href=\"https:\/\/www.youtube.com\/embed\/DKKRlYy6Hsc\" target=\"_blank\" rel=\"noopener noreferrer\">Potencia y ra\u00edz de un radical (estudiia)<\/a><\/span><\/strong><\/p>\n<p style=\"text-align: left;padding-left: 160px\"><strong><span style=\"font-size: 14pt;color: #0000ff\"><a style=\"color: #0000ff\" href=\"https:\/\/www.youtube.com\/embed\/6QDK8Piijcc?t=12s\" target=\"_blank\" rel=\"noopener noreferrer\">Operaciones con radicales (TuProfeVirtual)<\/a><\/span><\/strong><\/p>\n<p style=\"text-align: left;padding-left: 160px\"><strong><span style=\"font-size: 14pt;color: #0000ff\"><a style=\"color: #0000ff\" href=\"https:\/\/www.youtube.com\/embed\/ISYEuqgSCp0\" target=\"_blank\" rel=\"noopener noreferrer\">Operaciones con radicales (Profesor Miguel Del Pozo)<\/a><\/span><\/strong><\/p>\n<p style=\"text-align: left;padding-left: 160px\"><strong><span style=\"font-size: 14pt;color: #0000ff\"><a style=\"color: #0000ff\" href=\"https:\/\/www.youtube.com\/embed\/oQRf4lSIfY4\" target=\"_blank\" rel=\"noopener noreferrer\">Operaciones con radicales (Unicoos)<\/a><\/span><\/strong><\/p>\n<p style=\"text-align: left;padding-left: 160px\"><strong><span style=\"font-size: 14pt;color: #0000ff\"><a style=\"color: #0000ff\" href=\"https:\/\/www.youtube.com\/embed\/XpQ7xwslwQ8\" target=\"_blank\" rel=\"noopener noreferrer\">Simplificaci\u00f3n de radicales con operaciones (Institweet)<\/a><\/span><\/strong><\/p>\n<p style=\"text-align: left;padding-left: 160px\"><strong><span style=\"font-size: 14pt;color: #0000ff\"><a style=\"color: #0000ff\" href=\"https:\/\/www.youtube.com\/embed\/Y1VcHa0PeHw\" target=\"_blank\" rel=\"noopener noreferrer\">Simplificaci\u00f3n de radicales con operaciones (Laracos Math)<\/a><\/span><\/strong><\/p>\n<p style=\"text-align: left;padding-left: 160px\"><strong><span style=\"font-size: 14pt;color: #0000ff\"><a style=\"color: #0000ff\" href=\"https:\/\/www.youtube.com\/embed\/n4LBiSxHv94\" target=\"_blank\" rel=\"noopener noreferrer\">Extracci\u00f3n de factores del radical (Unicoos)<\/a><\/span><\/strong><\/p>\n<p style=\"text-align: left;padding-left: 160px\"><strong><span style=\"font-size: 14pt;color: #0000ff\"><a style=\"color: #0000ff\" href=\"https:\/\/www.youtube.com\/embed\/W-c4eVRUrVE\" target=\"_blank\" rel=\"noopener noreferrer\">Extracci\u00f3n de factores del radical (Tuto mate)<\/a><\/span><\/strong><\/p>\n<p style=\"text-align: left;padding-left: 160px\"><strong><span style=\"font-size: 14pt;color: #0000ff\"><a style=\"color: #0000ff\" href=\"https:\/\/www.youtube.com\/embed\/DsjeDKEhk4I\" target=\"_blank\" rel=\"noopener noreferrer\">Extracci\u00f3n de factores del radical (lamatematicas.es)<\/a><\/span><\/strong><\/p>\n<p style=\"text-align: left;padding-left: 160px\"><strong><span style=\"font-size: 14pt;color: #0000ff\"><a style=\"color: #0000ff\" href=\"https:\/\/www.youtube.com\/embed\/G9pDZcYqXEA\" target=\"_blank\" rel=\"noopener noreferrer\">Extracci\u00f3n de factores del radical (megaroot2002)<\/a><\/span><\/strong><\/p>\n<p style=\"text-align: left;padding-left: 160px\"><strong><span style=\"font-size: 14pt;color: #0000ff\"><a style=\"color: #0000ff\" href=\"https:\/\/www.youtube.com\/embed\/qYhuldbejtk\" target=\"_blank\" rel=\"noopener noreferrer\">Introducci\u00f3n de factores en el radical (Qu\u00edmicay+)<\/a><\/span><\/strong><\/p>\n<p style=\"text-align: left;padding-left: 160px\"><strong><span style=\"font-size: 14pt;color: #0000ff\"><a style=\"color: #0000ff\" href=\"https:\/\/www.youtube.com\/embed\/7TKOEFMt26A\" target=\"_blank\" rel=\"noopener noreferrer\">Extracci\u00f3n e introducci\u00f3n de factores en el radical (matematicasyeso)<\/a><\/span><\/strong><\/p>\n<p style=\"text-align: left;padding-left: 160px\"><strong><span style=\"font-size: 14pt;color: #0000ff\"><a style=\"color: #0000ff\" href=\"https:\/\/www.youtube.com\/embed\/Lfl4L98yqTg\" target=\"_blank\" rel=\"noopener noreferrer\">Suma y resta de radicales (Susy)<\/a><\/span><\/strong><\/p>\n<p style=\"text-align: left;padding-left: 160px\"><strong><span style=\"font-size: 14pt;color: #0000ff\"><a style=\"color: #0000ff\" href=\"https:\/\/www.youtube.com\/embed\/eeY42p7kLhA?t=108s\" target=\"_blank\" rel=\"noopener noreferrer\">Suma y resta de radicales (Unicoos)<\/a><\/span><\/strong><\/p>\n<p style=\"text-align: left;padding-left: 160px\"><strong><span style=\"font-size: 14pt;color: #0000ff\"><a style=\"color: #0000ff\" href=\"https:\/\/www.youtube.com\/embed\/7ORaozkauxg\" target=\"_blank\" rel=\"noopener noreferrer\">Suma y resta de radicales (Tuto mate)<\/a><\/span><\/strong><\/p>\n<p style=\"text-align: left;padding-left: 160px\"><strong><span style=\"font-size: 14pt;color: #0000ff\"><a style=\"color: #0000ff\" href=\"https:\/\/www.youtube.com\/embed\/N5h8fCEvRfo\" target=\"_blank\" rel=\"noopener noreferrer\">Suma y resta de radicales (Laracos Math)<\/a><\/span><\/strong><\/p>\n<p style=\"text-align: left;padding-left: 160px\"><strong><span style=\"font-size: 14pt;color: #0000ff\"><a style=\"color: #0000ff\" href=\"https:\/\/www.youtube.com\/embed\/uNRstIZaUDg\" target=\"_blank\" rel=\"noopener noreferrer\">Operaciones combinadas con radicales (8cifras)<\/a><\/span><\/strong><\/p>\n<p style=\"text-align: left;padding-left: 160px\"><strong><span style=\"font-size: 14pt;color: #0000ff\"><a style=\"color: #0000ff\" href=\"https:\/\/www.youtube.com\/embed\/rWPnNhipQwg\" target=\"_blank\" rel=\"noopener noreferrer\">Operaciones combinadas con radicales (profesor10demates)<\/a><\/span><\/strong><\/p>\n<p style=\"text-align: left;padding-left: 160px\"><strong><span style=\"font-size: 14pt;color: #0000ff\"><a style=\"color: #0000ff\" href=\"https:\/\/www.youtube.com\/embed\/7pHg6qgcaBY\" target=\"_blank\" rel=\"noopener noreferrer\">Operaciones combinadas con radicales (lasmatematicas.es)<\/a><\/span><\/strong><\/p>\n<p style=\"text-align: left;padding-left: 160px\"><strong><span style=\"font-size: 14pt;color: #0000ff\"><a style=\"color: #0000ff\" href=\"https:\/\/www.youtube.com\/embed\/lhLpfJMKEl0\" target=\"_blank\" rel=\"noopener noreferrer\">Operaciones combinadas con radicales (Marcos Antonio Fatela)<\/a><\/span><\/strong><\/p>\n<p style=\"text-align: left;padding-left: 160px\"><strong><span style=\"font-size: 14pt;color: #0000ff\"><a style=\"color: #0000ff\" href=\"https:\/\/www.youtube.com\/embed\/fV9ex42Af5s\" target=\"_blank\" rel=\"noopener noreferrer\">Operaciones combinadas con radicales (juan david builes grisales)<\/a><\/span><\/strong><\/p>\n<p style=\"text-align: left;padding-left: 160px\"><strong><span style=\"font-size: 14pt;color: #0000ff\"><a style=\"color: #0000ff\" href=\"https:\/\/www.youtube.com\/embed\/yNDoHZl4LGQ\" target=\"_blank\" rel=\"noopener noreferrer\">Operaciones combinadas con radicales (C.E \u00c1GORA)<\/a><\/span><\/strong><\/p>\n<p style=\"text-align: left;padding-left: 160px\"><strong><span style=\"font-size: 14pt;color: #0000ff\"><a style=\"color: #0000ff\" href=\"https:\/\/www.youtube.com\/embed\/9Om7ZR24LVs\" target=\"_blank\" rel=\"noopener noreferrer\">Operaciones combinadas con potencias y radicales (profesor10demates)<\/a><\/span><\/strong><\/p>\n<p style=\"text-align: left;padding-left: 160px\"><strong><span style=\"font-size: 14pt;color: #0000ff\"><a style=\"color: #0000ff\" href=\"https:\/\/www.youtube.com\/embed\/DO6QPkf7OkY\" target=\"_blank\" rel=\"noopener noreferrer\">Operaciones combinadas con potencias y radicales (El rinc\u00f3n de Matem\u00e1ticas)<\/a><\/span><\/strong><\/p>\n<p style=\"text-align: left;padding-left: 160px\"><strong><span style=\"font-size: 14pt;color: #0000ff\"><a style=\"color: #0000ff\" href=\"https:\/\/www.youtube.com\/embed\/1okZ56LsQzU\" target=\"_blank\" rel=\"noopener noreferrer\">Operaciones combinadas con potencias y radicales (Profe Marco Ayala)<\/a><\/span><\/strong><\/p>\n<p><span style=\"text-decoration: underline;color: #800000\"><span style=\"font-size: 16pt\"><strong>OTROS RECURSOS<\/strong><\/span><\/span><\/p>\n<p id=\"nodeTitle\" style=\"text-align: left;padding-left: 160px\"><strong><span style=\"font-size: 14pt;color: #0000ff\"><a style=\"color: #0000ff\" href=\"https:\/\/www.geogebra.org\/m\/kgsds2qz\" target=\"_blank\" rel=\"noopener noreferrer\">Propiedades de los radicales (geogebra)<\/a><\/span><\/strong><\/p>\n<p id=\"nodeTitle\" style=\"text-align: left;padding-left: 160px\"><strong><span style=\"font-size: 14pt;color: #0000ff\"><a style=\"color: #0000ff\" href=\"https:\/\/www.geogebra.org\/m\/ftr7yjdf\" target=\"_blank\" rel=\"noopener noreferrer\">Suma de radicales (geogebra)<\/a><\/span><\/strong><\/p>\n<p id=\"nodeTitle\" style=\"text-align: left;padding-left: 160px\"><strong><span style=\"font-size: 14pt;color: #0000ff\"><a style=\"color: #0000ff\" href=\"https:\/\/www.geogebra.org\/m\/vhacsaus\" target=\"_blank\" rel=\"noopener noreferrer\">Producto de radicales (geogebra)<\/a><\/span><\/strong><\/p>\n<p id=\"nodeTitle\" style=\"text-align: left;padding-left: 160px\"><strong><span style=\"color: #0000ff\"><a style=\"color: #0000ff\" href=\"https:\/\/www.geogebra.org\/m\/qde3wsVm\" target=\"_blank\" rel=\"noopener noreferrer\"><span style=\"font-size: 14pt\">Extracci\u00f3n de factores de un radical (geogebra)<\/span><\/a><\/span><\/strong><\/p>\n<\/td>\n<\/tr>\n<tr style=\"height: 24px\">\n<td style=\"width: 17.2446%;height: 24px;border-color: #030000;text-align: center\" colspan=\"3\"><span style=\"text-decoration: underline\"><span style=\"font-size: 20pt;color: #000000\"><strong>RACIONALIZACI\u00d3N<\/strong><\/span><\/span><\/p>\n<p><span style=\"text-decoration: underline\"><span style=\"font-size: 16pt\"><strong><span style=\"color: #800080;text-decoration: underline\">VIDEOS<\/span><\/strong><\/span><\/span><\/p>\n<p style=\"text-align: left;padding-left: 160px\"><strong><span style=\"font-size: 14pt;color: #0000ff\"><a style=\"color: #0000ff\" href=\"https:\/\/www.youtube.com\/embed\/VfWecE-1hac\" target=\"_blank\" rel=\"noopener noreferrer\">Denominadores mon\u00f3micos (math2me)<\/a><\/span><\/strong><\/p>\n<p style=\"text-align: left;padding-left: 160px\"><strong><span style=\"font-size: 14pt;color: #0000ff\"><a style=\"color: #0000ff\" href=\"https:\/\/www.youtube.com\/embed\/qbETHwHuB2g\" target=\"_blank\" rel=\"noopener noreferrer\">Denominadores mon\u00f3micos (Jeans Murillo)<\/a><\/span><\/strong><\/p>\n<p style=\"text-align: left;padding-left: 160px\"><strong><span style=\"font-size: 14pt;color: #0000ff\"><a style=\"color: #0000ff\" href=\"https:\/\/www.youtube.com\/embed\/LVNth46dPfU\" target=\"_blank\" rel=\"noopener noreferrer\">Denominadores mon\u00f3micos (Julioprofe)<\/a><\/span><\/strong><\/p>\n<p style=\"text-align: left;padding-left: 160px\"><strong><span style=\"font-size: 14pt;color: #0000ff\"><a style=\"color: #0000ff\" href=\"https:\/\/www.youtube.com\/embed\/nkYvPAxv6I4\" target=\"_blank\" rel=\"noopener noreferrer\">Denominadores bin\u00f3micos (Freddy Contreras)<\/a><\/span><\/strong><\/p>\n<p style=\"text-align: left;padding-left: 160px\"><strong><span style=\"font-size: 14pt;color: #0000ff\"><a style=\"color: #0000ff\" href=\"https:\/\/www.youtube.com\/embed\/APduN2DPXyA\" target=\"_blank\" rel=\"noopener noreferrer\">Denominadores bin\u00f3micos (miprofedematematicas)<\/a><\/span><\/strong><\/p>\n<p style=\"text-align: left;padding-left: 160px\"><strong><span style=\"font-size: 14pt;color: #0000ff\"><a style=\"color: #0000ff\" href=\"https:\/\/www.youtube.com\/embed\/PI2TVst7Ibs\" target=\"_blank\" rel=\"noopener noreferrer\">Racionalizaci\u00f3n de radicales (Matem\u00e1ticas profe Alex)<\/a><\/span><\/strong><\/p>\n<p style=\"text-align: left;padding-left: 160px\"><strong><span style=\"font-size: 14pt;color: #0000ff\"><a style=\"color: #0000ff\" href=\"https:\/\/www.youtube.com\/embed\/1RxpHLIcQUk\" target=\"_blank\" rel=\"noopener noreferrer\">Racionalizaci\u00f3n de radicales (Susy)<\/a><\/span><\/strong><\/p>\n<p style=\"text-align: left;padding-left: 160px\"><strong><span style=\"font-size: 14pt;color: #0000ff\"><a style=\"color: #0000ff\" href=\"https:\/\/www.youtube.com\/embed\/KTdBezXCjk0\" target=\"_blank\" rel=\"noopener noreferrer\">Racionalizaci\u00f3n de radicales (Unicoos)<\/a><\/span><\/strong><\/p>\n<p style=\"text-align: left;padding-left: 160px\"><strong><span style=\"font-size: 14pt;color: #0000ff\"><a style=\"color: #0000ff\" href=\"https:\/\/www.youtube.com\/embed\/5ePmkpCA1bU\" target=\"_blank\" rel=\"noopener noreferrer\">Operaciones con radicales y racionalizaci\u00f3n (IESCampus)<\/a><\/span><\/strong><\/p>\n<p><span style=\"text-decoration: underline;color: #800000\"><span style=\"font-size: 16pt\"><strong>OTROS RECURSOS<\/strong><\/span><\/span><\/p>\n<p id=\"nodeTitle\" style=\"text-align: left;padding-left: 160px\"><strong><span style=\"color: #0000ff\"><a style=\"color: #0000ff\" href=\"https:\/\/www.geogebra.org\/m\/HnaUjM35\" target=\"_blank\" rel=\"noopener noreferrer\"><span style=\"font-size: 14pt\">Racionalizaci\u00f3n (geogebra)<\/span><\/a><\/span><\/strong><\/p>\n<p style=\"text-align: left;padding-left: 160px\"><strong><span style=\"font-size: 14pt;color: #0000ff\"><a style=\"color: #0000ff\" href=\"https:\/\/clic.xtec.cat\/projects\/raices\/jclic.js\/index.html\" target=\"_blank\" rel=\"noopener noreferrer\">C\u00e1lculo con radicales-1 (actividad jclic)<\/a><\/span><\/strong><\/p>\n<p style=\"text-align: left;padding-left: 160px\"><strong><span style=\"font-size: 14pt;color: #0000ff\"><a style=\"color: #0000ff\" href=\"https:\/\/clic.xtec.cat\/projects\/raices2\/jclic.js\/index.html\" target=\"_blank\" rel=\"noopener noreferrer\">C\u00e1lculo con radicales-2 (actividad jclic)<\/a><\/span><\/strong><\/p>\n<\/td>\n<\/tr>\n<\/tbody>\n<\/table>\n<p>&nbsp;<\/p>\n","protected":false},"excerpt":{"rendered":"<p>Teor\u00eda y actividades resueltas C\u00c1LCULO VIDEOS Ra\u00edz cuadrada exacta de un n\u00famero (Unicoos) Ra\u00edz cuadrada aproximada de un n\u00famero (estudiia) Ra\u00edz cuadrada aproximada de un n\u00famero (Jos\u00e9 Luis Usero V\u00edlchez) C\u00e1lculo de ra\u00edces exactas de cualquier \u00edndice (Mate316) Algoritmo de la ra\u00edz cuadrada (Jos\u00e9 Luis Usero V\u00edlchez) Operaciones combinadas con potencias y ra\u00edces (Antonio Javier &hellip; <\/p>\n<p><a class=\"more-link btn\" href=\"https:\/\/blogsaverroes.juntadeandalucia.es\/rafaelnunezmat\/radicales\">Seguir leyendo<\/a><\/p>\n","protected":false},"author":10669,"featured_media":0,"parent":0,"menu_order":0,"comment_status":"closed","ping_status":"closed","template":"","meta":{"ngg_post_thumbnail":0,"footnotes":""},"aioseo_notices":[],"_links":{"self":[{"href":"https:\/\/blogsaverroes.juntadeandalucia.es\/rafaelnunezmat\/wp-json\/wp\/v2\/pages\/90"}],"collection":[{"href":"https:\/\/blogsaverroes.juntadeandalucia.es\/rafaelnunezmat\/wp-json\/wp\/v2\/pages"}],"about":[{"href":"https:\/\/blogsaverroes.juntadeandalucia.es\/rafaelnunezmat\/wp-json\/wp\/v2\/types\/page"}],"author":[{"embeddable":true,"href":"https:\/\/blogsaverroes.juntadeandalucia.es\/rafaelnunezmat\/wp-json\/wp\/v2\/users\/10669"}],"replies":[{"embeddable":true,"href":"https:\/\/blogsaverroes.juntadeandalucia.es\/rafaelnunezmat\/wp-json\/wp\/v2\/comments?post=90"}],"version-history":[{"count":22,"href":"https:\/\/blogsaverroes.juntadeandalucia.es\/rafaelnunezmat\/wp-json\/wp\/v2\/pages\/90\/revisions"}],"predecessor-version":[{"id":4947,"href":"https:\/\/blogsaverroes.juntadeandalucia.es\/rafaelnunezmat\/wp-json\/wp\/v2\/pages\/90\/revisions\/4947"}],"wp:attachment":[{"href":"https:\/\/blogsaverroes.juntadeandalucia.es\/rafaelnunezmat\/wp-json\/wp\/v2\/media?parent=90"}],"curies":[{"name":"wp","href":"https:\/\/api.w.org\/{rel}","templated":true}]}}