{"id":221,"date":"2015-11-16T09:18:54","date_gmt":"2015-11-16T09:18:54","guid":{"rendered":"http:\/\/blogsaverroes.juntadeandalucia.es\/ramonsimonet\/?page_id=221"},"modified":"2024-09-30T19:37:19","modified_gmt":"2024-09-30T19:37:19","slug":"profesorado-del-centro","status":"publish","type":"page","link":"https:\/\/blogsaverroes.juntadeandalucia.es\/ramonsimonet\/quienes-somos\/profesorado-del-centro\/","title":{"rendered":"Profesorado del centro"},"content":{"rendered":"<h2 align=\"center\"><span style=\"color: #228b22;font-family: 'arial black'\">PROFESORADO<\/span><\/h2>\n<table border=\"0\" cellspacing=\"2\" cellpadding=\"2\">\n<tbody>\n<tr>\n<td>\n<p align=\"center\"><strong>EQUIPO DIRECTIVO<\/strong><\/p>\n<table border=\"1\" width=\"528\" cellspacing=\"0\" cellpadding=\"4\">\n<colgroup>\n<col width=\"255\"\/>\n<col width=\"255\"\/> <\/colgroup>\n<tbody>\n<tr valign=\"top\">\n<td bgcolor=\"#ffff99\" width=\"255\">\n<p align=\"center\">D\u00f1a. Carmen P\u00e9rez Arjona<\/p>\n<\/td>\n<td bgcolor=\"#ffff99\" width=\"255\">\n<p align=\"center\">Directora<\/p>\n<\/td>\n<\/tr>\n<tr valign=\"top\">\n<td bgcolor=\"#ffff99\" width=\"255\">\n<p align=\"center\">D\u00f1a. Carolina Capablanca Rodr\u00edguez<\/p>\n<\/td>\n<td bgcolor=\"#ffff99\" width=\"255\">\n<p align=\"center\">Jefa de Estudios<\/p>\n<\/td>\n<\/tr>\n<tr valign=\"top\">\n<td bgcolor=\"#ffff99\" width=\"255\">\n<p align=\"center\">D. Francisco Javier Fern\u00e1ndez Leiva<\/p>\n<\/td>\n<td bgcolor=\"#ffff99\" width=\"255\">\n<p align=\"center\">Secretario<\/p>\n<\/td>\n<\/tr>\n<\/tbody>\n<\/table>\n<p align=\"center\"><strong>EDUCACI\u00d3N INFANTIL<\/strong><\/p>\n<table border=\"1\" cellspacing=\"0\" cellpadding=\"4\">\n<colgroup>\n<col width=\"256\"\/>\n<col width=\"256\"\/> <\/colgroup>\n<tbody>\n<tr valign=\"top\">\n<td bgcolor=\"#ccccff\" width=\"256\">\n<p align=\"center\">D\u00f1a. M\u00aa del Carmen Cerezo Lagos<\/p>\n<\/td>\n<td bgcolor=\"#ccccff\" width=\"256\">\n<p align=\"center\">3 a\u00f1os&nbsp;<\/p>\n<\/td>\n<\/tr>\n<tr valign=\"top\">\n<td bgcolor=\"#ccccff\" width=\"256\">\n<p align=\"center\">D\u00f1a. Mar\u00eda Roc\u00edo Casado Mart\u00edn<\/p>\n<\/td>\n<td bgcolor=\"#ccccff\" width=\"256\">\n<p align=\"center\">4 a\u00f1os A<\/p>\n<\/td>\n<\/tr>\n<tr valign=\"top\">\n<td bgcolor=\"#ccccff\" width=\"256\">\n<p align=\"center\">D\u00f1a. Inmaculada Fr\u00edas Fern\u00e1ndez<\/p>\n<\/td>\n<td bgcolor=\"#ccccff\" width=\"256\">\n<p align=\"center\">4 a\u00f1os B<\/p>\n<\/td>\n<\/tr>\n<tr valign=\"top\">\n<td bgcolor=\"#ccccff\" width=\"256\">\n<p align=\"center\">D\u00f1a. Eva Mar\u00eda Gonz\u00e1lez Fortes<\/p>\n<\/td>\n<td bgcolor=\"#ccccff\" width=\"256\">\n<p align=\"center\">5 a\u00f1os A<\/p>\n<\/td>\n<\/tr>\n<tr valign=\"top\">\n<td bgcolor=\"#ccccff\" width=\"256\">\n<p align=\"center\">D\u00f1a. Ana L\u00f3pez Mart\u00edn<\/p>\n<\/td>\n<td bgcolor=\"#ccccff\" width=\"256\">\n<p align=\"center\">5 a\u00f1os B<\/p>\n<\/td>\n<\/tr>\n<tr valign=\"top\">\n<td bgcolor=\"#ccccff\" width=\"256\">\n<p align=\"center\">D\u00f1a. Encarnaci\u00f3n Acevedo Mill\u00e1n<\/p>\n<\/td>\n<td bgcolor=\"#ccccff\" width=\"256\">\n<p align=\"center\">Religi\u00f3n<\/p>\n<\/td>\n<\/tr>\n<\/tbody>\n<\/table>\n<p align=\"center\"><strong>PRIMER CICLO DE PRIMARIA<\/strong><\/p>\n<table border=\"1\" cellspacing=\"0\" cellpadding=\"4\">\n<colgroup>\n<col width=\"256\"\/>\n<col width=\"256\"\/> <\/colgroup>\n<tbody>\n<tr valign=\"top\">\n<td bgcolor=\"#ffcc99\" width=\"256\">\n<p align=\"center\">D\u00f1a. Mar\u00eda Isabel Mart\u00edn Lupia\u00f1ez<\/p>\n<\/td>\n<td bgcolor=\"#ffcc99\" width=\"256\">\n<p align=\"center\">1\u00ba A<\/p>\n<\/td>\n<\/tr>\n<tr valign=\"top\">\n<td bgcolor=\"#ffcc99\" width=\"256\">\n<p align=\"center\">D\u00f1a. Vicky Ordo\u00f1ez Casado<\/p>\n<\/td>\n<td bgcolor=\"#ffcc99\" width=\"256\">\n<p align=\"center\">1\u00ba B<\/p>\n<\/td>\n<\/tr>\n<tr valign=\"top\">\n<td style=\"text-align: center\" bgcolor=\"#ffcc99\" width=\"256\">D\u00f1a. Pepi Moreno D\u00edaz<\/td>\n<td bgcolor=\"#ffcc99\" width=\"256\">\n<p align=\"center\">1\u00ba C<\/p>\n<\/td>\n<\/tr>\n<tr valign=\"top\">\n<td bgcolor=\"#ffcc99\" width=\"256\">\n<p align=\"center\">D\u00f1a. Ana Rosa Arana S\u00e1nchez<\/p>\n<\/td>\n<td bgcolor=\"#ffcc99\" width=\"256\">\n<p align=\"center\">1\u00ba D<\/p>\n<\/td>\n<\/tr>\n<tr valign=\"top\">\n<td style=\"text-align: center\" bgcolor=\"#ffcc99\" width=\"256\">D\u00f1a. Maleni Moreno Palomo<\/td>\n<td bgcolor=\"#ffcc99\" width=\"256\">\n<p align=\"center\">2\u00ba A<\/p>\n<\/td>\n<\/tr>\n<tr valign=\"top\">\n<td style=\"text-align: center\" bgcolor=\"#ffcc99\" width=\"256\">D\u00f1a. Ainara L\u00f3pez Rodr\u00edguez<\/td>\n<td bgcolor=\"#ffcc99\" width=\"256\">\n<p align=\"center\">2\u00ba B<\/p>\n<\/td>\n<\/tr>\n<tr valign=\"top\">\n<td style=\"text-align: center\" bgcolor=\"#ffcc99\" width=\"256\">D\u00f1a. Inmaculada L\u00f3pez Galiano<\/td>\n<td bgcolor=\"#ffcc99\" width=\"256\">\n<p align=\"center\">2\u00ba C<\/p>\n<\/td>\n<\/tr>\n<tr valign=\"top\">\n<td bgcolor=\"#ffcc99\" width=\"256\">D\u00f1a. M\u00aa Jos\u00e9 Fern\u00e1ndez Berrocal<\/td>\n<td bgcolor=\"#ffcc99\" width=\"256\">\n<p align=\"center\">2\u00ba D<\/p>\n<\/td>\n<\/tr>\n<tr valign=\"top\">\n<td style=\"text-align: center\" bgcolor=\"#ffcc99\" width=\"256\">D\u00f1a. Berta P\u00e9rez Casares<\/td>\n<td bgcolor=\"#ffcc99\" width=\"256\">\n<p align=\"center\">2\u00ba E<\/p>\n<\/td>\n<\/tr>\n<tr valign=\"top\">\n<td bgcolor=\"#ffcc99\" width=\"256\">\n<p align=\"center\">&nbsp;<\/p>\n<\/td>\n<td bgcolor=\"#ffcc99\" width=\"256\">\n<p align=\"center\">Ingl\u00e9s<\/p>\n<\/td>\n<\/tr>\n<tr valign=\"top\">\n<td bgcolor=\"#ffcc99\" width=\"256\">&nbsp;<\/td>\n<td bgcolor=\"#ffcc99\" width=\"256\">\n<p align=\"center\">EF<\/p>\n<\/td>\n<\/tr>\n<tr valign=\"top\">\n<td bgcolor=\"#ffcc99\" width=\"256\">\n<p align=\"center\">&nbsp;<\/p>\n<\/td>\n<td bgcolor=\"#ffcc99\" width=\"256\">\n<p align=\"center\">Religi\u00f3n<\/p>\n<\/td>\n<\/tr>\n<\/tbody>\n<\/table>\n<p align=\"center\"><strong>SEGUNDO CICLO DE PRIMARIA<\/strong><\/p>\n<table border=\"1\" cellspacing=\"0\" cellpadding=\"4\">\n<colgroup>\n<col width=\"256\"\/>\n<col width=\"256\"\/> <\/colgroup>\n<tbody>\n<tr valign=\"top\">\n<td style=\"text-align: center\" bgcolor=\"#e6e64c\" width=\"256\">D\u00f1a. Antonia Le\u00f3n Castillo<\/td>\n<td bgcolor=\"#e6e64c\" width=\"256\">\n<p align=\"center\">3\u00ba A<\/p>\n<\/td>\n<\/tr>\n<tr valign=\"top\">\n<td style=\"text-align: center\" bgcolor=\"#e6e64c\" width=\"256\">D\u00f1a. Vanessa Rodr\u00edguez Rodr\u00edguez<\/td>\n<td bgcolor=\"#e6e64c\" width=\"256\">\n<p align=\"center\">3\u00ba B<\/p>\n<\/td>\n<\/tr>\n<tr valign=\"top\">\n<td style=\"text-align: center\" bgcolor=\"#e6e64c\" width=\"256\">D\u00f1a. M\u00aa Adelina V\u00edlchez P\u00e9rez<\/td>\n<td bgcolor=\"#e6e64c\" width=\"256\">\n<p align=\"center\">3\u00ba C<\/p>\n<\/td>\n<\/tr>\n<tr valign=\"top\">\n<td style=\"text-align: center\" bgcolor=\"#e6e64c\" width=\"256\">D\u00f1a. M\u00aa Jos\u00e9 Mu\u00f1oz Fern\u00e1ndez<\/td>\n<td bgcolor=\"#e6e64c\" width=\"256\">\n<p align=\"center\">3\u00ba D<\/p>\n<\/td>\n<\/tr>\n<tr valign=\"top\">\n<td style=\"text-align: center\" bgcolor=\"#e6e64c\" width=\"256\">D\u00f1a. Susana Meneses Cruz<\/td>\n<td bgcolor=\"#e6e64c\" width=\"256\">\n<p align=\"center\">4\u00ba A<\/p>\n<\/td>\n<\/tr>\n<tr valign=\"top\">\n<td style=\"text-align: center\" bgcolor=\"#e6e64c\" width=\"256\">D\u00f1a. Inmaculada Montenegro Cruz<\/td>\n<td bgcolor=\"#e6e64c\" width=\"256\">\n<p align=\"center\">4\u00ba B<\/p>\n<\/td>\n<\/tr>\n<tr valign=\"top\">\n<td style=\"text-align: center\" bgcolor=\"#e6e64c\" width=\"256\">D\u00f1a. Rosal\u00eda Victoria Garc\u00eda Bejarano<\/td>\n<td bgcolor=\"#e6e64c\" width=\"256\">\n<p align=\"center\">4\u00ba C<\/p>\n<\/td>\n<\/tr>\n<tr valign=\"top\">\n<td style=\"text-align: center\" bgcolor=\"#e6e64c\" width=\"256\">D\u00f1a. Adriana R\u00edos Exp\u00f3sito<\/td>\n<td bgcolor=\"#e6e64c\" width=\"256\">\n<p align=\"center\">4\u00ba D<\/p>\n<\/td>\n<\/tr>\n<tr valign=\"top\">\n<td style=\"text-align: center\" bgcolor=\"#e6e64c\" width=\"256\">D. Francisco Rom\u00e1n Criado Luque<\/td>\n<td bgcolor=\"#e6e64c\" width=\"256\">\n<p align=\"center\">4\u00ba E<\/p>\n<\/td>\n<\/tr>\n<tr valign=\"top\">\n<td style=\"text-align: center\" bgcolor=\"#e6e64c\" width=\"256\">\n<p align=\"center\">D. Daniel Rodr\u00edguez Vega<\/p>\n<\/td>\n<td bgcolor=\"#e6e64c\" width=\"256\">\n<p align=\"center\">M\u00fasica<\/p>\n<\/td>\n<\/tr>\n<tr>\n<td bgcolor=\"#e6e64c\" width=\"256\">\n<p align=\"center\">&nbsp;<\/p>\n<\/td>\n<td bgcolor=\"#e6e64c\" width=\"256\">\n<p align=\"center\">Ingl\u00e9s<\/p>\n<\/td>\n<\/tr>\n<\/tbody>\n<\/table>\n<p align=\"center\"><strong>TERCER CICLO DE PRIMARIA<\/strong><\/p>\n<table border=\"1\" cellspacing=\"0\" cellpadding=\"4\">\n<colgroup>\n<col width=\"256\"\/>\n<col width=\"256\"\/> <\/colgroup>\n<tbody>\n<tr valign=\"top\">\n<td style=\"text-align: center\" bgcolor=\"#feb9de\" width=\"256\">D\u00f1a. M\u00aa Jos\u00e9 Ram\u00edrez Jim\u00e9nez<\/td>\n<td bgcolor=\"#feb9de\" width=\"256\">\n<p align=\"center\">5\u00ba A<\/p>\n<\/td>\n<\/tr>\n<tr valign=\"top\">\n<td style=\"text-align: center\" bgcolor=\"#feb9de\" width=\"256\">D\u00f1a. Ana Bel\u00e9n Santana M\u00e9rida<\/td>\n<td bgcolor=\"#feb9de\" width=\"256\">\n<p align=\"center\">5\u00ba B<\/p>\n<\/td>\n<\/tr>\n<tr valign=\"top\">\n<td style=\"text-align: center\" bgcolor=\"#feb9de\" width=\"256\">D. Rafael Lucena Rodr\u00edguez<\/td>\n<td bgcolor=\"#feb9de\" width=\"256\">\n<p align=\"center\">5\u00ba C<\/p>\n<\/td>\n<\/tr>\n<tr valign=\"top\">\n<td style=\"text-align: center\" bgcolor=\"#feb9de\" width=\"256\">D\u00f1a. \u00c1gata Pacheco Robles<\/td>\n<td bgcolor=\"#feb9de\" width=\"256\">\n<p align=\"center\">5\u00ba D<\/p>\n<\/td>\n<\/tr>\n<tr valign=\"top\">\n<td style=\"text-align: center\" bgcolor=\"#feb9de\" width=\"256\">D. David Mart\u00ednez Balade<\/td>\n<td bgcolor=\"#feb9de\" width=\"256\">\n<p align=\"center\">5\u00ba E<\/p>\n<\/td>\n<\/tr>\n<tr>\n<td style=\"text-align: center\" bgcolor=\"#feb9de\" width=\"256\">D\u00f1a. Carolina Reyes Vives<\/td>\n<td bgcolor=\"#feb9de\" width=\"256\">\n<p align=\"center\">6\u00ba A<\/p>\n<\/td>\n<\/tr>\n<tr>\n<td style=\"text-align: center\" bgcolor=\"#feb9de\" width=\"256\">D\u00f1a. Francisca Moreno Reina<\/td>\n<td bgcolor=\"#feb9de\" width=\"256\">\n<p align=\"center\">6\u00ba B<\/p>\n<\/td>\n<\/tr>\n<tr>\n<td style=\"text-align: center\" bgcolor=\"#feb9de\" width=\"256\">D. Juan Francisco L\u00f3pez Raya<\/td>\n<td bgcolor=\"#feb9de\" width=\"256\">\n<p align=\"center\">6\u00ba C<\/p>\n<\/td>\n<\/tr>\n<tr>\n<td style=\"text-align: center\" bgcolor=\"#feb9de\" width=\"256\">D\u00f1a. Zahira Marta Rodr\u00edguez Lope<\/td>\n<td bgcolor=\"#feb9de\" width=\"256\">\n<p align=\"center\">6\u00ba D<\/p>\n<\/td>\n<\/tr>\n<tr>\n<td style=\"text-align: center\" bgcolor=\"#feb9de\" width=\"256\">D. Miguel \u00c1ngel Montoya Le\u00f3n<\/td>\n<td bgcolor=\"#feb9de\" width=\"256\">\n<p align=\"center\">6\u00ba E<\/p>\n<\/td>\n<\/tr>\n<tr valign=\"top\">\n<td style=\"text-align: center\" bgcolor=\"#feb9de\" width=\"256\">&nbsp;<\/td>\n<td bgcolor=\"#feb9de\" width=\"256\">\n<p align=\"center\">Religi\u00f3n<\/p>\n<\/td>\n<\/tr>\n<tr valign=\"top\">\n<td bgcolor=\"#feb9de\" width=\"256\">&nbsp;<\/td>\n<td bgcolor=\"#feb9de\" width=\"256\">\n<p align=\"center\">Franc\u00e9s<\/p>\n<\/td>\n<\/tr>\n<tr valign=\"top\">\n<td bgcolor=\"#feb9de\" width=\"256\">&nbsp;<\/td>\n<td bgcolor=\"#feb9de\" width=\"256\">\n<p align=\"center\">Ingl\u00e9s<\/p>\n<\/td>\n<\/tr>\n<tr valign=\"top\">\n<td bgcolor=\"#feb9de\" width=\"256\">&nbsp;<\/td>\n<td bgcolor=\"#feb9de\" width=\"256\">\n<p align=\"center\">M\u00fasica<\/p>\n<\/td>\n<\/tr>\n<\/tbody>\n<\/table>\n<p align=\"center\"><strong>EQUIPO DE ORIENTACI\u00d3N Y APOYO<\/strong><\/p>\n<table border=\"1\" cellspacing=\"0\" cellpadding=\"4\">\n<colgroup>\n<col width=\"256\"\/>\n<col width=\"256\"\/> <\/colgroup>\n<tbody>\n<tr valign=\"top\">\n<td bgcolor=\"#e6e6ff\" width=\"256\">\n<p align=\"center\">D\u00f1a. Alicia Olalla Salcedo<\/p>\n<\/td>\n<td bgcolor=\"#e6e6ff\" width=\"256\">\n<p align=\"center\">Pedagog\u00eda Terape\u00fatica<\/p>\n<\/td>\n<\/tr>\n<tr valign=\"top\">\n<td bgcolor=\"#e6e6ff\" width=\"256\">\n<p align=\"center\">&nbsp;<\/p>\n<\/td>\n<td bgcolor=\"#e6e6ff\" width=\"256\">\n<p align=\"center\">Pedagog\u00eda Terape\u00fatica<\/p>\n<\/td>\n<\/tr>\n<tr valign=\"top\">\n<td bgcolor=\"#e6e6ff\" width=\"256\">\n<p align=\"center\">D\u00f1a. M\u00aa Jos\u00e9 Estrada Berlanga<\/p>\n<\/td>\n<td bgcolor=\"#e6e6ff\" width=\"256\">\n<p align=\"center\">Audici\u00f3n y Lenguaje<\/p>\n<\/td>\n<\/tr>\n<tr valign=\"top\">\n<td bgcolor=\"#e6e6ff\" width=\"256\">\n<p align=\"center\">&nbsp;<\/p>\n<\/td>\n<td bgcolor=\"#e6e6ff\" width=\"256\">\n<p align=\"center\">Apoyo infantil<\/p>\n<\/td>\n<\/tr>\n<tr valign=\"top\">\n<td bgcolor=\"#e6e6ff\" width=\"256\">\n<p align=\"center\">&nbsp;<\/p>\n<\/td>\n<td bgcolor=\"#e6e6ff\" width=\"256\">\n<p align=\"center\">Apoyo primaria<\/p>\n<\/td>\n<\/tr>\n<\/tbody>\n<\/table>\n<\/td>\n<\/tr>\n<\/tbody>\n<\/table>\n<p>&nbsp;<\/p>\n<h3>Im\u00e1genes Relacionadas:<\/h3>","protected":false},"excerpt":{"rendered":"<p>PROFESORADO EQUIPO DIRECTIVO D\u00f1a. Carmen P\u00e9rez Arjona Directora D\u00f1a. Carolina Capablanca Rodr\u00edguez Jefa de Estudios D. Francisco Javier Fern\u00e1ndez Leiva Secretario EDUCACI\u00d3N INFANTIL D\u00f1a. M\u00aa del Carmen Cerezo Lagos 3 a\u00f1os&nbsp; D\u00f1a. Mar\u00eda Roc\u00edo&#46;&#46;&#46;<\/p>\n","protected":false},"author":2028,"featured_media":0,"parent":276,"menu_order":11,"comment_status":"closed","ping_status":"closed","template":"","meta":{"ngg_post_thumbnail":0,"footnotes":""},"aioseo_notices":[],"_links":{"self":[{"href":"https:\/\/blogsaverroes.juntadeandalucia.es\/ramonsimonet\/wp-json\/wp\/v2\/pages\/221"}],"collection":[{"href":"https:\/\/blogsaverroes.juntadeandalucia.es\/ramonsimonet\/wp-json\/wp\/v2\/pages"}],"about":[{"href":"https:\/\/blogsaverroes.juntadeandalucia.es\/ramonsimonet\/wp-json\/wp\/v2\/types\/page"}],"author":[{"embeddable":true,"href":"https:\/\/blogsaverroes.juntadeandalucia.es\/ramonsimonet\/wp-json\/wp\/v2\/users\/2028"}],"replies":[{"embeddable":true,"href":"https:\/\/blogsaverroes.juntadeandalucia.es\/ramonsimonet\/wp-json\/wp\/v2\/comments?post=221"}],"version-history":[{"count":43,"href":"https:\/\/blogsaverroes.juntadeandalucia.es\/ramonsimonet\/wp-json\/wp\/v2\/pages\/221\/revisions"}],"predecessor-version":[{"id":2208,"href":"https:\/\/blogsaverroes.juntadeandalucia.es\/ramonsimonet\/wp-json\/wp\/v2\/pages\/221\/revisions\/2208"}],"up":[{"embeddable":true,"href":"https:\/\/blogsaverroes.juntadeandalucia.es\/ramonsimonet\/wp-json\/wp\/v2\/pages\/276"}],"wp:attachment":[{"href":"https:\/\/blogsaverroes.juntadeandalucia.es\/ramonsimonet\/wp-json\/wp\/v2\/media?parent=221"}],"curies":[{"name":"wp","href":"https:\/\/api.w.org\/{rel}","templated":true}]}}