{"id":303,"date":"2015-11-17T19:14:56","date_gmt":"2015-11-17T19:14:56","guid":{"rendered":"http:\/\/blogsaverroes.juntadeandalucia.es\/ramonsimonet\/?page_id=303"},"modified":"2021-03-17T12:49:53","modified_gmt":"2021-03-17T12:49:53","slug":"proyectos","status":"publish","type":"page","link":"https:\/\/blogsaverroes.juntadeandalucia.es\/ramonsimonet\/proyectos\/","title":{"rendered":"Proyectos"},"content":{"rendered":"<p>&nbsp;<\/p>\n<h2 align=\"center\"><span style=\"color: #228b22;font-family: 'arial black'\">PLANES DEL CENTRO<\/span><\/h2>\n<p>&nbsp;<\/p>\n<div style=\"text-align: justify\"><big><\/big><big><small><span style=\"color: black;font-family: 'Comic Sans ms'\">&nbsp; &nbsp; &nbsp;Nuestro centro educativo se encuentra inmerso en diferentes proyectos y planes educativos.<br \/>\nCon ellos se pretende alcanzar una educaci\u00f3n integral, que abarque todas las necesidades sociales actuales, y donde participe toda la comunidad. Desde hace varios cursos dichos proyectos se trabajan desde una visi\u00f3n conjunta dentro de un <strong><span style=\"color: #008000\">Proyecto integrado<\/span><\/strong> para alcanzar nuestros prop\u00f3sitos de un modo m\u00e1s progresivo y eficiente, fomentando la colaboraci\u00f3n y el respeto.<br \/>\n<\/span><\/small><\/big><\/div>\n<div>&nbsp;<\/div>\n<p>&nbsp;<\/p>\n<ul>\n<li><span style=\"color: blue;font-family: 'Comic Sans ms'\">Plan de autoprotecci\u00f3n&nbsp; &#8211;&nbsp;&nbsp; <strong>P.A.E.<\/strong><\/span><\/li>\n<\/ul>\n<p>&nbsp;<\/p>\n<ul>\n<li><span style=\"color: purple;font-family: 'Comic Sans ms'\"><strong>Transformaci\u00f3n Digital Educativa &#8211; TDE<\/strong><\/span><br \/>\n<span style=\"color: black;font-family: 'Comic Sans ms'\">&gt;Programa para incorporar las tecnolog\u00edas de la informaci\u00f3n y la comunicaci\u00f3n a las escuelas andaluzas, adapt\u00e1ndonos a la realidad actual.<br \/>\n<\/span><\/li>\n<\/ul>\n<p style=\"text-align: center\"><img loading=\"lazy\" decoding=\"async\" class=\"aligncenter wp-image-56 size-medium\" src=\"https:\/\/blogsaverroes.juntadeandalucia.es\/ramonsimonet\/files\/2015\/10\/gickr.com_02462ab1-0f8f-8c04-a9eb-b60c10098cd5-300x285.gif\" alt=\"Simontic saluda\" width=\"300\" height=\"285\"\/><\/p>\n<ul>\n<li><span style=\"color: green;font-family: 'Comic Sans ms'\"><strong>Plan de igualdad entre hombres y mujeres en la educaci\u00f3n.<\/strong><\/span><\/li>\n<\/ul>\n<p>&nbsp;<\/p>\n<ul>\n<li><span style=\"color: black;font-family: 'Comic Sans ms'\"><strong>Escuela: espacio de paz.<\/strong><\/span><br \/>\n<span style=\"color: black;font-family: 'Comic Sans ms'\"><a href=\"http:\/\/centrosunidospaz.blogspot.com.es\/\" target=\"_blank\" rel=\"noopener noreferrer\">Nuestro centro pertenece al grupo Escuela de Paz intercentros.<\/a><\/span><\/li>\n<\/ul>\n<p style=\"text-align: center\"><a href=\"http:\/\/centrosunidospaz.blogspot.com.es\/\"><img loading=\"lazy\" decoding=\"async\" class=\"aligncenter wp-image-75 size-medium\" src=\"https:\/\/blogsaverroes.juntadeandalucia.es\/ramonsimonet\/files\/2015\/10\/Unidos-por-la-paz-300x149.png\" alt=\"\" width=\"300\" height=\"149\"\/><\/a><\/p>\n<ul>\n<li><span style=\"color: peru;font-family: 'Comic Sans ms'\"><strong>Plan de Convivencia<\/strong><\/span><\/li>\n<\/ul>\n<p>&nbsp;<\/p>\n<ul>\n<li><span style=\"color: #ff9900;font-family: 'Comic Sans ms'\"><strong>Plan de h\u00e1bitos de vida saludable.<\/strong><\/span><br \/>\n<small><span style=\"color: black;font-family: 'Comic Sans ms'\">Proyecto integral de distribuci\u00f3n de frutas y hortalizas en centros docentes sostenidos con fondos p\u00fablicos de Andaluc\u00eda.<\/span><\/small><\/li>\n<\/ul>\n<p>&nbsp;<\/p>\n<ul>\n<li><span style=\"font-family: 'Comic Sans ms'\">Plan de apoyo ling\u00fc\u00edstico para inmigrantes&nbsp; &#8211;&nbsp; <strong>P.A.L.I.<\/strong><\/span><br \/>\n<small><span style=\"color: black;font-family: 'Comic Sans ms'\">Refuerzo educativo en el aprendizaje del espa\u00f1ol como lengua vehicular.<\/span><\/small><\/li>\n<\/ul>\n<p>&nbsp;<\/p>\n<ul>\n<li><span style=\"color: red;font-family: 'Comic Sans ms'\"><strong>Plan de acompa\u00f1amiento &#8211; PROA<\/strong><\/span><br \/>\n<small><span style=\"color: black;font-family: 'Comic Sans ms'\">Programa que permite una intervenci\u00f3n educativa m\u00e1s personalizada y adaptada a las necesidades del alumnado.<\/span><\/small><\/li>\n<\/ul>\n<p>&nbsp;<\/p>\n<ul>\n<li><span style=\"color: #800000;font-family: 'Comic Sans ms'\"><strong>Plan de apertura:<\/strong><br \/>\n<small>&#8211;<span style=\"color: black;font-family: 'Comic Sans ms'\"> Aula matinal<br \/>\n&#8211; Comedor<br \/>\n&#8211; Actividades extraescolares<\/span><\/small><\/span><\/li>\n<\/ul>\n<p>&nbsp;<\/p>\n<div>&nbsp;<\/div>\n<h3>Im\u00e1genes Relacionadas:<\/h3>","protected":false},"excerpt":{"rendered":"<p>&nbsp; PLANES DEL CENTRO &nbsp; &nbsp; &nbsp; &nbsp;Nuestro centro educativo se encuentra inmerso en diferentes proyectos y planes educativos. Con ellos se pretende alcanzar una educaci\u00f3n integral, que abarque todas las necesidades sociales actuales,&#46;&#46;&#46;<\/p>\n","protected":false},"author":2028,"featured_media":0,"parent":0,"menu_order":20,"comment_status":"closed","ping_status":"closed","template":"","meta":{"ngg_post_thumbnail":0,"footnotes":""},"aioseo_notices":[],"_links":{"self":[{"href":"https:\/\/blogsaverroes.juntadeandalucia.es\/ramonsimonet\/wp-json\/wp\/v2\/pages\/303"}],"collection":[{"href":"https:\/\/blogsaverroes.juntadeandalucia.es\/ramonsimonet\/wp-json\/wp\/v2\/pages"}],"about":[{"href":"https:\/\/blogsaverroes.juntadeandalucia.es\/ramonsimonet\/wp-json\/wp\/v2\/types\/page"}],"author":[{"embeddable":true,"href":"https:\/\/blogsaverroes.juntadeandalucia.es\/ramonsimonet\/wp-json\/wp\/v2\/users\/2028"}],"replies":[{"embeddable":true,"href":"https:\/\/blogsaverroes.juntadeandalucia.es\/ramonsimonet\/wp-json\/wp\/v2\/comments?post=303"}],"version-history":[{"count":29,"href":"https:\/\/blogsaverroes.juntadeandalucia.es\/ramonsimonet\/wp-json\/wp\/v2\/pages\/303\/revisions"}],"predecessor-version":[{"id":1669,"href":"https:\/\/blogsaverroes.juntadeandalucia.es\/ramonsimonet\/wp-json\/wp\/v2\/pages\/303\/revisions\/1669"}],"wp:attachment":[{"href":"https:\/\/blogsaverroes.juntadeandalucia.es\/ramonsimonet\/wp-json\/wp\/v2\/media?parent=303"}],"curies":[{"name":"wp","href":"https:\/\/api.w.org\/{rel}","templated":true}]}}