{"id":116,"date":"2024-02-16T09:39:24","date_gmt":"2024-02-16T09:39:24","guid":{"rendered":"https:\/\/blogsaverroes.juntadeandalucia.es\/reascensiondeprado\/?page_id=116"},"modified":"2024-02-20T09:12:38","modified_gmt":"2024-02-20T09:12:38","slug":"el-centro","status":"publish","type":"page","link":"https:\/\/blogsaverroes.juntadeandalucia.es\/reascensiondeprado\/el-centro\/","title":{"rendered":"El centro"},"content":{"rendered":"<p><span style=\"font-size: 14pt\">La Residencia Escolar Ascensi\u00f3n de Prado es un centro dependiente de la Consejer\u00eda de Educaci\u00f3n que, seg\u00fan el Decreto 54\/2012 de 6 de marzo, acoge en r\u00e9gimen de familia sustitutoria a aquel alumnado que cursa estudios posobligatorios fuera de su lugar de origen o aquellos otros de ense\u00f1anzas obligatorias con situaciones personales o familiares que as\u00ed lo aconsejen.<\/span><\/p>\n<p><span style=\"font-size: 14pt\">Desde nuestro centro se persigue favorecer la equidad de oportunidades, con la dedicaci\u00f3n y esfuerzo de todos y cada uno de los miembros de esta Comunidad Educativa. Pretendemos que en nuestra residencia primen valores b\u00e1sicos de convivencia, compa\u00f1erismo, esfuerzo, respeto y, para ello, cada a\u00f1o se confeccionan actividades encaminadas a conseguir estos objetivos.&nbsp;<\/span><\/p>\n<p><span style=\"font-size: 14pt\">Queremos que esta p\u00e1gina sirva de presentaci\u00f3n de nuestro centro, de las actividades que en \u00e9l se desarrollan y de informaci\u00f3n sobre las v\u00edas de acceso o matriculaci\u00f3n al mismo. No obstante, estamos abiertos a resolver personalmente cualquier duda que&nbsp; surja sobre nuestro funcionamiento. Asimismo, pod\u00e9is hacer uso del correo electr\u00f3nico o el tel\u00e9fono, donde ser\u00e9is atendidos gustosamente.<\/span><\/p>\n<p><img fetchpriority=\"high\" decoding=\"async\" class=\"alignnone size-large wp-image-348 aligncenter\" src=\"https:\/\/blogsaverroes.juntadeandalucia.es\/reascensiondeprado\/files\/2024\/02\/Fotos-Residencia-1024x768.png\" alt=\"\" width=\"1024\" height=\"768\" srcset=\"https:\/\/blogsaverroes.juntadeandalucia.es\/reascensiondeprado\/files\/2024\/02\/Fotos-Residencia-1024x768.png 1024w, https:\/\/blogsaverroes.juntadeandalucia.es\/reascensiondeprado\/files\/2024\/02\/Fotos-Residencia-300x225.png 300w, https:\/\/blogsaverroes.juntadeandalucia.es\/reascensiondeprado\/files\/2024\/02\/Fotos-Residencia-768x576.png 768w, https:\/\/blogsaverroes.juntadeandalucia.es\/reascensiondeprado\/files\/2024\/02\/Fotos-Residencia.png 1350w\" sizes=\"(max-width: 1024px) 100vw, 1024px\" \/><\/p>\n","protected":false},"excerpt":{"rendered":"<p>La Residencia Escolar Ascensi\u00f3n de Prado es un centro dependiente de la Consejer\u00eda de Educaci\u00f3n que, seg\u00fan el Decreto 54\/2012 de 6 de marzo, acoge en r\u00e9gimen de familia sustitutoria a aquel alumnado que&#46;&#46;&#46;<\/p>\n","protected":false},"author":7805,"featured_media":0,"parent":0,"menu_order":0,"comment_status":"closed","ping_status":"closed","template":"","meta":{"ngg_post_thumbnail":0,"footnotes":""},"aioseo_notices":[],"_links":{"self":[{"href":"https:\/\/blogsaverroes.juntadeandalucia.es\/reascensiondeprado\/wp-json\/wp\/v2\/pages\/116"}],"collection":[{"href":"https:\/\/blogsaverroes.juntadeandalucia.es\/reascensiondeprado\/wp-json\/wp\/v2\/pages"}],"about":[{"href":"https:\/\/blogsaverroes.juntadeandalucia.es\/reascensiondeprado\/wp-json\/wp\/v2\/types\/page"}],"author":[{"embeddable":true,"href":"https:\/\/blogsaverroes.juntadeandalucia.es\/reascensiondeprado\/wp-json\/wp\/v2\/users\/7805"}],"replies":[{"embeddable":true,"href":"https:\/\/blogsaverroes.juntadeandalucia.es\/reascensiondeprado\/wp-json\/wp\/v2\/comments?post=116"}],"version-history":[{"count":8,"href":"https:\/\/blogsaverroes.juntadeandalucia.es\/reascensiondeprado\/wp-json\/wp\/v2\/pages\/116\/revisions"}],"predecessor-version":[{"id":349,"href":"https:\/\/blogsaverroes.juntadeandalucia.es\/reascensiondeprado\/wp-json\/wp\/v2\/pages\/116\/revisions\/349"}],"wp:attachment":[{"href":"https:\/\/blogsaverroes.juntadeandalucia.es\/reascensiondeprado\/wp-json\/wp\/v2\/media?parent=116"}],"curies":[{"name":"wp","href":"https:\/\/api.w.org\/{rel}","templated":true}]}}