{"id":116,"date":"2020-08-26T12:12:43","date_gmt":"2020-08-26T10:12:43","guid":{"rendered":"https:\/\/blogsaverroes.juntadeandalucia.es\/registrodenovedades\/?page_id=116"},"modified":"2020-08-26T12:16:13","modified_gmt":"2020-08-26T10:16:13","slug":"alimentacion-y-nutricion","status":"publish","type":"page","link":"https:\/\/blogsaverroes.juntadeandalucia.es\/registrodenovedades\/alimentacion-y-nutricion\/","title":{"rendered":"Alimentaci\u00f3n y nutrici\u00f3n"},"content":{"rendered":"<div class=\"mYVXT\">\n<div class=\"LS81yb VICjCf\">\n<div class=\"hJDwNd-AhqUyc-uQSCkd purZT-AhqUyc-II5mzb pSzOP-AhqUyc-qWD73c JNdkSc\">\n<div class=\"JNdkSc-SmKAyb\">\n<div class=\"\">\n<div class=\"oKdM2c Kzv0Me\">\n<div id=\"h.p_9BZ0e1gzATR-\" class=\"hJDwNd-AhqUyc-uQSCkd jXK9ad D2fZ2 OjCsFc wHaque GNzUNc\">\n<div class=\"jXK9ad-SmKAyb\">\n<div class=\"tyJCtd mGzaTb baZpAe\">\n<p id=\"h.p_qJbyFDSzATSm\" class=\"zfr3Q\">En esta prueba, al igual que en la anterior, solicitan la ayuda de los aspirantes, para que las alumnas de 1\u00ba del Ciclo Formativo de Grado Medio en Atenci\u00f3n a Personas en Situaci\u00f3n de Dependencia (dentro del m\u00f3dulo de Apoyo Domiciliario), conozca de una forma detallada que es la alimentaci\u00f3n y la nutrici\u00f3n, consigan diferenciar todos las macronutrientes y micronutrientes, y adem\u00e1s trabajen por equipos la rueda de los alimentos y las nuevas pir\u00e1mides nutrionales de CODINAN y de sinaz\u00facar.org<\/p>\n<p id=\"h.p_ROFJqy9wAui5\" class=\"zfr3Q\">Se realizaron tres equipos, y si realizaban el trabajo encomendado en tiempo y forma, consegu\u00edan una puntuaci\u00f3n de <strong>5 puntos<\/strong> en la clasificaci\u00f3n general.<\/p>\n<p><img loading=\"lazy\" decoding=\"async\" class=\"wp-image-119 size-full aligncenter\" src=\"https:\/\/blogsaverroes.juntadeandalucia.es\/registrodenovedades\/files\/2020\/08\/unnamed-2.jpg\" alt=\"\" width=\"773\" height=\"581\" srcset=\"https:\/\/blogsaverroes.juntadeandalucia.es\/registrodenovedades\/files\/2020\/08\/unnamed-2.jpg 773w, https:\/\/blogsaverroes.juntadeandalucia.es\/registrodenovedades\/files\/2020\/08\/unnamed-2-300x225.jpg 300w, https:\/\/blogsaverroes.juntadeandalucia.es\/registrodenovedades\/files\/2020\/08\/unnamed-2-768x577.jpg 768w, https:\/\/blogsaverroes.juntadeandalucia.es\/registrodenovedades\/files\/2020\/08\/unnamed-2-24x18.jpg 24w, https:\/\/blogsaverroes.juntadeandalucia.es\/registrodenovedades\/files\/2020\/08\/unnamed-2-36x27.jpg 36w, https:\/\/blogsaverroes.juntadeandalucia.es\/registrodenovedades\/files\/2020\/08\/unnamed-2-48x36.jpg 48w\" sizes=\"(max-width: 773px) 100vw, 773px\" \/><\/p>\n<\/div>\n<\/div>\n<\/div>\n<\/div>\n<\/div>\n<\/div>\n<\/div>\n<\/div>\n<\/div>\n","protected":false},"excerpt":{"rendered":"<p>En esta prueba, al igual que en la anterior, solicitan la ayuda de los aspirantes, para que las alumnas de 1\u00ba del Ciclo Formativo de Grado Medio en Atenci\u00f3n a Personas en Situaci\u00f3n de&#46;&#46;&#46;<\/p>\n","protected":false},"author":10325,"featured_media":0,"parent":0,"menu_order":0,"comment_status":"closed","ping_status":"closed","template":"","meta":{"ngg_post_thumbnail":0,"footnotes":""},"aioseo_notices":[],"_links":{"self":[{"href":"https:\/\/blogsaverroes.juntadeandalucia.es\/registrodenovedades\/wp-json\/wp\/v2\/pages\/116"}],"collection":[{"href":"https:\/\/blogsaverroes.juntadeandalucia.es\/registrodenovedades\/wp-json\/wp\/v2\/pages"}],"about":[{"href":"https:\/\/blogsaverroes.juntadeandalucia.es\/registrodenovedades\/wp-json\/wp\/v2\/types\/page"}],"author":[{"embeddable":true,"href":"https:\/\/blogsaverroes.juntadeandalucia.es\/registrodenovedades\/wp-json\/wp\/v2\/users\/10325"}],"replies":[{"embeddable":true,"href":"https:\/\/blogsaverroes.juntadeandalucia.es\/registrodenovedades\/wp-json\/wp\/v2\/comments?post=116"}],"version-history":[{"count":5,"href":"https:\/\/blogsaverroes.juntadeandalucia.es\/registrodenovedades\/wp-json\/wp\/v2\/pages\/116\/revisions"}],"predecessor-version":[{"id":126,"href":"https:\/\/blogsaverroes.juntadeandalucia.es\/registrodenovedades\/wp-json\/wp\/v2\/pages\/116\/revisions\/126"}],"wp:attachment":[{"href":"https:\/\/blogsaverroes.juntadeandalucia.es\/registrodenovedades\/wp-json\/wp\/v2\/media?parent=116"}],"curies":[{"name":"wp","href":"https:\/\/api.w.org\/{rel}","templated":true}]}}