{"id":46,"date":"2020-07-05T11:38:18","date_gmt":"2020-07-05T09:38:18","guid":{"rendered":"https:\/\/blogsaverroes.juntadeandalucia.es\/registrodenovedades\/?page_id=46"},"modified":"2021-04-26T20:10:33","modified_gmt":"2021-04-26T18:10:33","slug":"en-prensa","status":"publish","type":"page","link":"https:\/\/blogsaverroes.juntadeandalucia.es\/registrodenovedades\/en-prensa\/","title":{"rendered":"Fue noticia&#8230;"},"content":{"rendered":"<p><a href=\"https:\/\/www.lavozdealmeria.com\/noticia\/3\/provincia\/210464\/se-buscan-maestras-de-la-higiene\">Se buscan Maestras de la Higiene (La voz de Almer\u00eda)<\/a><\/p>\n<hr>\n<p><a href=\"https:\/\/youtu.be\/iQczV4FsuYM\">Maestras de la Higiene (Hoy por Hoy &#8211; Cadena Ser Almer\u00eda)<\/a><\/p>\n<hr>\n<p><a href=\"https:\/\/youtu.be\/8_ynyCLbmQY\">4\u00ba clasificado en la categor\u00eda de FP de los #PremiosEDUCAABANCA2020 (Hoy por Hoy &#8211; Cadena Ser Almer\u00eda)<\/a><\/p>\n<hr>\n<p><a href=\"https:\/\/youtu.be\/2WR-ZuKihog\">#PremiosEDUCAABANCA2020 (Hoy por Hoy &#8211; Cadena Ser Almer\u00eda)<\/a><\/p>\n<hr>\n<p><a href=\"https:\/\/www.lavozdealmeria.com\/noticia\/5\/vivir\/206640\/este-profesor-de-fp-de-el-ejido-puede-convertirse-en-el-mejor-de-espana\">Este profesor de FP de El Ejido Puede convertirse en el mejor de Espa\u00f1a (La Voz de Almer\u00eda)<\/a><\/p>\n<hr>\n<p><a href=\"https:\/\/youtu.be\/_wJplTupFgI\">Encuentro Digitales: D\u00eda Mundial del SIDA, D\u00eda Internacional Discapacidad, COVID19 &#8211; (Hoy por Hoy &#8211; Cadena Ser Almer\u00eda)<\/a><\/p>\n<hr>\n<p><a href=\"https:\/\/www.lavozdealmeria.com\/noticia\/5\/vivir\/203129\/tres-profesores-de-almeria-entre-los-140-mejores-docentes-de-toda-espana\">Tres profesores de Almer\u00eda, entre los 140 mejores docentes de Espa\u00f1a (La Voz de Almer\u00eda)<\/a><\/p>\n<hr>\n<p><a href=\"https:\/\/youtu.be\/8emtKSK87i0\">#NocheviejaDocente (Hoy por Hoy &#8211; Cadena Ser Almer\u00eda)<\/a><\/p>\n<hr>\n<p><a href=\"https:\/\/youtu.be\/4-qItOoFEbM\">\u00bfQu\u00e9 puedo estudiar? (Hoy por Hoy &#8211; Cadena Ser Poniente)<\/a><\/p>\n<hr>\n<p><a href=\"https:\/\/youtu.be\/5Z7UBtjVIRE\">#EduEncuentroFP (Hoy por Hoy &#8211; Cadena Ser Poniente)<\/a><\/p>\n<hr>\n<p><a href=\"https:\/\/youtu.be\/aPBO0aE7Qjs\">Donaci\u00f3n material sanitario COVID19 (Hoy por Hoy &#8211; Cadena Ser Poniente)<\/a><\/p>\n<hr>\n<ul>\n<li><a href=\"https:\/\/www.lavozdealmeria.com\/noticia\/3\/provincia\/189015\/me-quedo-el-ies-santo-domingo-pone-musica-al-confinamiento-en-casa\">Me quedo (La Voz de Almer\u00eda)<\/a><\/li>\n<li><a href=\"https:\/\/youtu.be\/53IN7toIly8\">Me quedo (Hoy por Hoy &#8211; Cadena Ser Poniente)<\/a><\/li>\n<\/ul>\n<hr>\n<p><a href=\"https:\/\/www.rtve.es\/alacarta\/videos\/la-aventura-del-saber\/aventura-del-saber-17-09-19\/5389182\/\">La aventura del saber (La2 &#8211; 17\/09\/2019 [min_32:36])<\/a><\/p>\n<hr>\n<p><a href=\"https:\/\/youtu.be\/d_bPvhj9tM8\">Somos (HuelvaTV)<\/a><\/p>\n<hr>\n<p><a href=\"https:\/\/youtu.be\/NusohwfKSRc\">Si que puedes (HuelvaTV)<\/a><\/p>\n<hr>\n<p><a href=\"https:\/\/youtu.be\/Rhw_bitztVE\">Caza de pa\u00f1uelos (HuelvaTV)<\/a><\/p>\n<hr>\n<p><a href=\"https:\/\/youtu.be\/tM77X4FlFlo\">Vivir (HuelvaTV)<\/a><\/p>\n<hr>\n<ul>\n<li><a href=\"https:\/\/huelvaya.es\/2018\/01\/28\/video-del-ies-fuentepina-con-motivo-del-dia-escolar-de-la-no-violencia-y-la-paz\/\">Resiste y grita (HuelvaYa)<\/a><\/li>\n<li><a href=\"https:\/\/huelvabuenasnoticias.com\/2018\/01\/28\/el-ies-fuentepina-realiza-un-video-con-motivo-del-dia-escolar-de-la-no-violencia-y-la-paz\/\">Resiste y grita (Huelva BuenaNoticias)<\/a><\/li>\n<li><a href=\"http:\/\/huelva24.com\/art\/108822\/el-instituto-fuentepina-sin-fronteras\">Resiste y grita (Huelva24)<\/a><\/li>\n<li><a href=\"https:\/\/youtu.be\/GvhJs_uLDsc\">Resista y grita (HuelvaTV)<\/a><\/li>\n<\/ul>\n<hr>\n<p><a href=\"https:\/\/huelvaya.es\/2017\/12\/03\/alumnas-del-ies-fuentepina-cantan-y-bailan-por-el-dia-de-la-discapacidad\/\">#SoyYo (HuelvaYa)<\/a><\/p>\n<hr>\n<p><a href=\"https:\/\/huelvaya.es\/2017\/11\/24\/alumnos-del-ies-fuentepina-de-huelva-interpretan-a-rozalen-por-el-25-n\/\">La puerta violeta (HuelvaYa)<\/a><\/p>\n<hr>\n<p><a href=\"https:\/\/www.ideal.es\/almeria\/201503\/08\/hablando-femenino-20150308141620.html?ref=https%3A%2F%2Fwww.google.com%2F\">Hablando en femenino (Ideal Almer\u00eda)<\/a><\/p>\n","protected":false},"excerpt":{"rendered":"<p>Se buscan Maestras de la Higiene (La voz de Almer\u00eda) Maestras de la Higiene (Hoy por Hoy &#8211; Cadena Ser Almer\u00eda) 4\u00ba clasificado en la categor\u00eda de FP de los #PremiosEDUCAABANCA2020 (Hoy por Hoy&#46;&#46;&#46;<\/p>\n","protected":false},"author":10325,"featured_media":0,"parent":0,"menu_order":0,"comment_status":"closed","ping_status":"closed","template":"","meta":{"ngg_post_thumbnail":0,"footnotes":""},"aioseo_notices":[],"_links":{"self":[{"href":"https:\/\/blogsaverroes.juntadeandalucia.es\/registrodenovedades\/wp-json\/wp\/v2\/pages\/46"}],"collection":[{"href":"https:\/\/blogsaverroes.juntadeandalucia.es\/registrodenovedades\/wp-json\/wp\/v2\/pages"}],"about":[{"href":"https:\/\/blogsaverroes.juntadeandalucia.es\/registrodenovedades\/wp-json\/wp\/v2\/types\/page"}],"author":[{"embeddable":true,"href":"https:\/\/blogsaverroes.juntadeandalucia.es\/registrodenovedades\/wp-json\/wp\/v2\/users\/10325"}],"replies":[{"embeddable":true,"href":"https:\/\/blogsaverroes.juntadeandalucia.es\/registrodenovedades\/wp-json\/wp\/v2\/comments?post=46"}],"version-history":[{"count":8,"href":"https:\/\/blogsaverroes.juntadeandalucia.es\/registrodenovedades\/wp-json\/wp\/v2\/pages\/46\/revisions"}],"predecessor-version":[{"id":304,"href":"https:\/\/blogsaverroes.juntadeandalucia.es\/registrodenovedades\/wp-json\/wp\/v2\/pages\/46\/revisions\/304"}],"wp:attachment":[{"href":"https:\/\/blogsaverroes.juntadeandalucia.es\/registrodenovedades\/wp-json\/wp\/v2\/media?parent=46"}],"curies":[{"name":"wp","href":"https:\/\/api.w.org\/{rel}","templated":true}]}}