{"id":2989,"date":"2020-12-11T22:04:51","date_gmt":"2020-12-11T21:04:51","guid":{"rendered":"https:\/\/blogsaverroes.juntadeandalucia.es\/retamar\/?page_id=2989"},"modified":"2025-03-28T11:05:07","modified_gmt":"2025-03-28T10:05:07","slug":"plan-de-centro","status":"publish","type":"page","link":"https:\/\/blogsaverroes.juntadeandalucia.es\/retamar\/plan-de-centro\/","title":{"rendered":"PLAN DE CENTRO \/ PROTECTO EDUCATIVO"},"content":{"rendered":"<p><em><strong>&nbsp; <img loading=\"lazy\" decoding=\"async\" class=\"alignleft size-thumbnail wp-image-3700\" src=\"https:\/\/blogsaverroes.juntadeandalucia.es\/retamar\/files\/2020\/10\/cropped-cropped-71E47AD0-AC98-4E9E-B74A-E9DD31BFECBC-1-150x150.jpeg\" alt=\"\" width=\"150\" height=\"150\" srcset=\"https:\/\/blogsaverroes.juntadeandalucia.es\/retamar\/files\/2020\/10\/cropped-cropped-71E47AD0-AC98-4E9E-B74A-E9DD31BFECBC-1-150x150.jpeg 150w, https:\/\/blogsaverroes.juntadeandalucia.es\/retamar\/files\/2020\/10\/cropped-cropped-71E47AD0-AC98-4E9E-B74A-E9DD31BFECBC-1-300x300.jpeg 300w, https:\/\/blogsaverroes.juntadeandalucia.es\/retamar\/files\/2020\/10\/cropped-cropped-71E47AD0-AC98-4E9E-B74A-E9DD31BFECBC-1-80x80.jpeg 80w, https:\/\/blogsaverroes.juntadeandalucia.es\/retamar\/files\/2020\/10\/cropped-cropped-71E47AD0-AC98-4E9E-B74A-E9DD31BFECBC-1-320x320.jpeg 320w, https:\/\/blogsaverroes.juntadeandalucia.es\/retamar\/files\/2020\/10\/cropped-cropped-71E47AD0-AC98-4E9E-B74A-E9DD31BFECBC-1-270x270.jpeg 270w, https:\/\/blogsaverroes.juntadeandalucia.es\/retamar\/files\/2020\/10\/cropped-cropped-71E47AD0-AC98-4E9E-B74A-E9DD31BFECBC-1-192x192.jpeg 192w, https:\/\/blogsaverroes.juntadeandalucia.es\/retamar\/files\/2020\/10\/cropped-cropped-71E47AD0-AC98-4E9E-B74A-E9DD31BFECBC-1-180x180.jpeg 180w, https:\/\/blogsaverroes.juntadeandalucia.es\/retamar\/files\/2020\/10\/cropped-cropped-71E47AD0-AC98-4E9E-B74A-E9DD31BFECBC-1-32x32.jpeg 32w, https:\/\/blogsaverroes.juntadeandalucia.es\/retamar\/files\/2020\/10\/cropped-cropped-71E47AD0-AC98-4E9E-B74A-E9DD31BFECBC-1.jpeg 512w\" sizes=\"(max-width: 150px) 100vw, 150px\" \/><\/strong><\/em><\/p>\n<p style=\"text-align: justify\"><span style=\"color: #0000ff\"><em>&nbsp; A continuaci\u00f3n se ponen a disposici\u00f3n del p\u00fablico los documentos oficiales en los que se detalla y establece el funcionamiento interno de nuestro centro educativo.<\/em><\/span><\/p>\n<p>&nbsp;<\/p>\n<p>&nbsp;<\/p>\n<hr>\n<p style=\"text-align: center\"><strong><span style=\"color: #00ff00\">PROYECTO EDUCATIVO<\/span><\/strong><\/p>\n<p>En este enlace se puede consultar el proyecto educativo de nuestro centro: <a href=\"https:\/\/drive.google.com\/drive\/folders\/1cIjXnxFkF0mrkE6eW-no6WxE_IGf3WW-\">pinche aqu\u00ed<\/a><\/p>\n<p>&nbsp;<\/p>\n<hr>\n<p style=\"text-align: center\"><span style=\"color: #00ff00\"><strong>PROYECTO DE GESTI\u00d3N<\/strong><\/span><\/p>\n<p>En este enlace se puede consultar el&nbsp; proyecto de gesti\u00f3n de nuestro centro:&nbsp;<\/p>\n<p>&nbsp;<\/p>\n<hr>\n<h4 style=\"text-align: center\"><span style=\"color: #00ff00\">REGLAMENTO DE ORGANIZACI\u00d3N DEL CENTRO&nbsp; &nbsp;&nbsp;(R.O.F.)<\/span><\/h4>\n<p>En este enlace se puede consultar el ROF de nuestro centro: <a href=\"https:\/\/drive.google.com\/drive\/folders\/1ORRSRGKMR1PA7BWBTG2eFn5_GV071pcE\">pinche aqu\u00ed<\/a><\/p>\n<p>&nbsp;<\/p>\n<hr>\n<p style=\"text-align: center\"><span style=\"color: #00ff00\"><strong>TRANSFORMACI\u00d3N DIGITAL EDUCATIVA (T.D.E.)<\/strong><\/span><\/p>\n<p>En este enlace se puede consultar el Plan TDE de nuestro centro:<\/p>\n<p>&nbsp;<\/p>\n","protected":false},"excerpt":{"rendered":"<p>&nbsp; &nbsp; A continuaci\u00f3n se ponen a disposici\u00f3n del p\u00fablico los documentos oficiales en los que se detalla y establece el funcionamiento interno de nuestro centro educativo. &nbsp; &nbsp; PROYECTO EDUCATIVO En este enlace se puede consultar el proyecto educativo&#46;&#46;&#46;<\/p>\n","protected":false},"author":11132,"featured_media":0,"parent":0,"menu_order":0,"comment_status":"closed","ping_status":"closed","template":"","meta":{"ngg_post_thumbnail":0,"footnotes":"","_mc_calendar":[]},"aioseo_notices":[],"post_mailing_queue_ids":[],"_links":{"self":[{"href":"https:\/\/blogsaverroes.juntadeandalucia.es\/retamar\/wp-json\/wp\/v2\/pages\/2989"}],"collection":[{"href":"https:\/\/blogsaverroes.juntadeandalucia.es\/retamar\/wp-json\/wp\/v2\/pages"}],"about":[{"href":"https:\/\/blogsaverroes.juntadeandalucia.es\/retamar\/wp-json\/wp\/v2\/types\/page"}],"author":[{"embeddable":true,"href":"https:\/\/blogsaverroes.juntadeandalucia.es\/retamar\/wp-json\/wp\/v2\/users\/11132"}],"replies":[{"embeddable":true,"href":"https:\/\/blogsaverroes.juntadeandalucia.es\/retamar\/wp-json\/wp\/v2\/comments?post=2989"}],"version-history":[{"count":13,"href":"https:\/\/blogsaverroes.juntadeandalucia.es\/retamar\/wp-json\/wp\/v2\/pages\/2989\/revisions"}],"predecessor-version":[{"id":3986,"href":"https:\/\/blogsaverroes.juntadeandalucia.es\/retamar\/wp-json\/wp\/v2\/pages\/2989\/revisions\/3986"}],"wp:attachment":[{"href":"https:\/\/blogsaverroes.juntadeandalucia.es\/retamar\/wp-json\/wp\/v2\/media?parent=2989"}],"curies":[{"name":"wp","href":"https:\/\/api.w.org\/{rel}","templated":true}]}}