{"id":1142,"date":"2021-03-10T16:30:07","date_gmt":"2021-03-10T15:30:07","guid":{"rendered":"https:\/\/blogsaverroes.juntadeandalucia.es\/ruizdelperal\/?page_id=1142"},"modified":"2022-04-04T13:54:42","modified_gmt":"2022-04-04T12:54:42","slug":"ampa-rosalia-de-castro","status":"publish","type":"page","link":"https:\/\/blogsaverroes.juntadeandalucia.es\/ruizdelperal\/ampa-rosalia-de-castro\/","title":{"rendered":"AMPA Rosal\u00eda de Castro"},"content":{"rendered":"<div class=\"entry clearfix\">\n<div>\n<p><span style=\"font-family: arial, helvetica, sans-serif;font-size: 12pt;color: #000080\">Es una asociaci\u00f3n sin \u00e1nimo de lucro y abierta a la participaci\u00f3n, centrada en la educaci\u00f3n de nuestros hijos e hijas y la atenci\u00f3n de padres y madres durante la etapa escolar.<\/span><\/p>\n<p><span style=\"font-family: arial, helvetica, sans-serif;font-size: 12pt;color: #000080\">El AMPA no s\u00f3lo la forma la directiva, sino todos los socios y socias.<\/span><\/p>\n<p><span style=\"font-family: arial, helvetica, sans-serif;font-size: 12pt;color: #000080\">Todos tenemos derecho a participar, opinar, proponer, criticar, sugerir\u2026<\/span><\/p>\n<p><span style=\"font-family: arial, helvetica, sans-serif;font-size: 12pt;color: #000080\">El AMPA sirve para escuchar las propuestas e inquietudes de los padres y madres, y para colaborar con el colegio en todo lo que pueda para el bienestar de nuestros ni\u00f1os y familias.<\/span><\/p>\n<p><span style=\"font-family: 'times new roman', times, serif;font-size: 14pt;color: #ff0000\"><a style=\"color: #ff0000\" href=\"https:\/\/blogsaverroes.juntadeandalucia.es\/ruizdelperal\/files\/2021\/05\/informacion-para-las-familias-AMPA.pdf\">Informaci\u00f3n del AMPA para las familias de nuevo ingreso<\/a><\/span><\/p>\n<p><span style=\"font-family: arial, helvetica, sans-serif;font-size: 12pt;color: #000080\">Visita nuestro Facebook:<strong><span style=\"color: #33cccc\"><a style=\"color: #33cccc\" href=\"https:\/\/www.facebook.com\/AMPA-Rosal%C3%ADa-de-Castro-del-CEIP-Ruiz-del-Peral-766415406757961\/?ti=as\">https:\/\/www.facebook.com\/AMPA-Rosal%C3%ADa-de-Castro-del-CEIP-Ruiz-del-Peral-766415406757961\/?ti=as<\/a><\/span><\/strong><\/span><\/p>\n<p><span style=\"font-family: arial, helvetica, sans-serif;font-size: 12pt;color: #000080\">O m\u00e1ndanos tus dudas o preguntas a nuestro correo:&nbsp;<span style=\"color: #33cccc\"><strong><a style=\"color: #33cccc\" href=\"mailto:infoamparosalia@gmail.com\">infoamparosalia@gmail.com<\/a><\/strong><\/span><\/span><\/p>\n<p><span style=\"font-family: arial, helvetica, sans-serif;font-size: 12pt;color: #000080\"><strong>JUNTA DIRECTIVA<\/strong><\/span><\/p>\n<p><span style=\"font-family: arial, helvetica, sans-serif;font-size: 12pt;color: #000080\"><strong>Presidenta:<\/strong>&nbsp;Ver\u00f3nica Vargas Mart\u00edn<\/span><\/p>\n<p><span style=\"font-family: arial, helvetica, sans-serif;font-size: 12pt;color: #000080\"><strong>Tesorera:&nbsp;<\/strong>\u00c1gueda Romero Caro<\/span><\/p>\n<p><span style=\"font-family: arial, helvetica, sans-serif;font-size: 12pt;color: #000080\"><strong>Secretaria<\/strong>: Sonia P\u00e9rez Plaza<\/span><\/p>\n<p><span style=\"font-family: arial, helvetica, sans-serif;font-size: 12pt;color: #000080\"><strong>Vocal:<\/strong>&nbsp;Sonia Exp\u00f3sito Cruz<\/span><\/p>\n<p><span style=\"font-family: arial, helvetica, sans-serif;font-size: 12pt;color: #000080\"><strong>Vocal:&nbsp;<\/strong>Diana Moya Alonso<\/span><\/p>\n<p><span style=\"font-family: arial, helvetica, sans-serif;font-size: 12pt;color: #000080\"><strong>Vocal:&nbsp;<\/strong>Rosa Amalia Ortiz Garro<\/span><\/p>\n<p><span style=\"font-family: arial, helvetica, sans-serif;font-size: 12pt;color: #000080\"><strong>Vocal:&nbsp;<\/strong>Mercedes Ruiz Castillo<\/span><\/p>\n<\/div>\n<\/div>\n<p>Este curso 2021\/22 se ha realizado un taller de pintura. El resultado lo pod\u00e9is ver en este v\u00eddeo&#8230;<\/p>\n<div style=\"width: 1080px;\" class=\"wp-video\"><!--[if lt IE 9]><script>document.createElement('video');<\/script><![endif]-->\n<video class=\"wp-video-shortcode\" id=\"video-1142-1\" width=\"1080\" height=\"608\" preload=\"metadata\" controls=\"controls\"><source type=\"video\/mp4\" src=\"https:\/\/blogsaverroes.juntadeandalucia.es\/ruizdelperal\/files\/2022\/04\/VID-20220401-WA0082-1.mp4?_=1\" \/><a href=\"https:\/\/blogsaverroes.juntadeandalucia.es\/ruizdelperal\/files\/2022\/04\/VID-20220401-WA0082-1.mp4\">https:\/\/blogsaverroes.juntadeandalucia.es\/ruizdelperal\/files\/2022\/04\/VID-20220401-WA0082-1.mp4<\/a><\/video><\/div>\n<p>&nbsp;<\/p>\n<p>El AMPA Rosal\u00eda de Castro aporta material diverso para nuestro huerto escolar.<\/p>\n<p><img fetchpriority=\"high\" fetchpriority=\"high\" decoding=\"async\" class=\"size-medium wp-image-2502 alignleft\" src=\"https:\/\/blogsaverroes.juntadeandalucia.es\/ruizdelperal\/files\/2021\/05\/huerto-225x300.jpg\" alt=\"\" width=\"225\" height=\"300\"><\/p>\n","protected":false},"excerpt":{"rendered":"<p>Es una asociaci\u00f3n sin \u00e1nimo de lucro y abierta a la participaci\u00f3n, centrada en la educaci\u00f3n de nuestros hijos e hijas y la atenci\u00f3n de padres y madres durante la etapa escolar. El AMPA no s\u00f3lo la forma la directiva, sino todos los socios y socias. Todos tenemos derecho a participar, opinar, proponer, criticar, sugerir\u2026 [&hellip;]<\/p>\n","protected":false},"author":10196,"featured_media":0,"parent":0,"menu_order":0,"comment_status":"closed","ping_status":"closed","template":"","meta":{"_et_pb_use_builder":"","_et_pb_old_content":"","_et_gb_content_width":"","ngg_post_thumbnail":0,"footnotes":""},"aioseo_notices":[],"_links":{"self":[{"href":"https:\/\/blogsaverroes.juntadeandalucia.es\/ruizdelperal\/wp-json\/wp\/v2\/pages\/1142"}],"collection":[{"href":"https:\/\/blogsaverroes.juntadeandalucia.es\/ruizdelperal\/wp-json\/wp\/v2\/pages"}],"about":[{"href":"https:\/\/blogsaverroes.juntadeandalucia.es\/ruizdelperal\/wp-json\/wp\/v2\/types\/page"}],"author":[{"embeddable":true,"href":"https:\/\/blogsaverroes.juntadeandalucia.es\/ruizdelperal\/wp-json\/wp\/v2\/users\/10196"}],"replies":[{"embeddable":true,"href":"https:\/\/blogsaverroes.juntadeandalucia.es\/ruizdelperal\/wp-json\/wp\/v2\/comments?post=1142"}],"version-history":[{"count":9,"href":"https:\/\/blogsaverroes.juntadeandalucia.es\/ruizdelperal\/wp-json\/wp\/v2\/pages\/1142\/revisions"}],"predecessor-version":[{"id":3086,"href":"https:\/\/blogsaverroes.juntadeandalucia.es\/ruizdelperal\/wp-json\/wp\/v2\/pages\/1142\/revisions\/3086"}],"wp:attachment":[{"href":"https:\/\/blogsaverroes.juntadeandalucia.es\/ruizdelperal\/wp-json\/wp\/v2\/media?parent=1142"}],"curies":[{"name":"wp","href":"https:\/\/api.w.org\/{rel}","templated":true}]}}