{"id":1164,"date":"2021-03-11T07:58:06","date_gmt":"2021-03-11T06:58:06","guid":{"rendered":"https:\/\/blogsaverroes.juntadeandalucia.es\/ruizdelperal\/?page_id=1164"},"modified":"2022-03-10T23:30:47","modified_gmt":"2022-03-10T22:30:47","slug":"creciendo-en-salud","status":"publish","type":"page","link":"https:\/\/blogsaverroes.juntadeandalucia.es\/ruizdelperal\/creciendo-en-salud\/","title":{"rendered":"Creciendo en salud"},"content":{"rendered":"<h1><span style=\"font-family: arial, helvetica, sans-serif;font-size: 14pt\">Programa para la Innovaci\u00f3n Educativa, H\u00e1bitos de Vida Saludable. Modalidad &#8220;Creciendo en Salud&#8221;<\/span><\/h1>\n<p>&nbsp;<\/p>\n<p><img fetchpriority=\"high\" fetchpriority=\"high\" decoding=\"async\" class=\"aligncenter size-medium wp-image-3022\" src=\"https:\/\/blogsaverroes.juntadeandalucia.es\/ruizdelperal\/files\/2022\/02\/leche-3-300x225.jpg\" alt=\"\" width=\"300\" height=\"225\"> <img decoding=\"async\" class=\"aligncenter size-medium wp-image-3021\" src=\"https:\/\/blogsaverroes.juntadeandalucia.es\/ruizdelperal\/files\/2022\/02\/leche-2-300x225.jpg\" alt=\"\" width=\"300\" height=\"225\"> <img decoding=\"async\" class=\"aligncenter size-medium wp-image-3020\" src=\"https:\/\/blogsaverroes.juntadeandalucia.es\/ruizdelperal\/files\/2022\/02\/leche-1-300x225.jpg\" alt=\"\" width=\"300\" height=\"225\"><\/p>\n<div class=\"contenidos_nivel3 editor\">\n<p><img loading=\"lazy\" loading=\"lazy\" decoding=\"async\" class=\"aligncenter\" src=\"http:\/\/www.juntadeandalucia.es\/export\/drupaljda\/Portada_CS_2021.png\" alt=\"\" width=\"309\" height=\"435\"><\/p>\n<p>&nbsp;<\/p>\n<p><span style=\"font-family: arial, helvetica, sans-serif;font-size: 12pt;color: #000080\">El Programa para la Innovaci\u00f3n Educativa, H\u00e1bitos de Vida Saludable, modalidad &#8216;Creciendo en Salud&#8217; tiene como objetivo promover, entrenar y capacitar al alumnado para el desarrollo de habilidades cognitivos-conductuales que, de forma adaptada a cada edad, les permitan adoptar estilos de vida saludables, mediante la toma de decisiones razonadas en el marco de entornos no siempre favorables a la protecci\u00f3n y al fomento de la salud.<\/span><\/p>\n<p><span style=\"font-family: arial, helvetica, sans-serif;font-size: 12pt;color: #000080\">Creciendo en Salud pone a disposici\u00f3n de los centros escolares de Andaluc\u00eda, sostenidos con fondos p\u00fablicos, que imparten ense\u00f1anzas de educaci\u00f3n infantil y primaria y cuya poblaci\u00f3n diana son los ni\u00f1os y ni\u00f1as de 3 a 12 a\u00f1os, las siguientes l\u00edneas de intervenci\u00f3n:<\/span><\/p>\n<ul>\n<li><span style=\"font-family: arial, helvetica, sans-serif;font-size: 12pt;color: #000080\">Educaci\u00f3n Emocional.<\/span><\/li>\n<li><span style=\"font-family: arial, helvetica, sans-serif;font-size: 12pt;color: #000080\">Estilos de vida saludables.<\/span><\/li>\n<li><span style=\"font-family: arial, helvetica, sans-serif;font-size: 12pt;color: #000080\">Autocuidados y Accidentalidad.<\/span><\/li>\n<li><span style=\"font-family: arial, helvetica, sans-serif;font-size: 12pt;color: #000080\">Uso Positivo de las Tecnolog\u00edas de la Informaci\u00f3n y de la Comunicaci\u00f3n.<\/span><\/li>\n<li><span style=\"font-family: arial, helvetica, sans-serif;font-size: 12pt;color: #000080\">Prevenci\u00f3n del Consumo de Sustancias Adictivas.<\/span><\/li>\n<\/ul>\n<h2><span style=\"font-family: 'times new roman', times, serif;font-size: 14pt\">Gu\u00edas did\u00e1cticas y recursos<\/span><\/h2>\n<ul>\n<li><span style=\"font-family: 'times new roman', times, serif;font-size: 14pt\"><a href=\"http:\/\/www.juntadeandalucia.es\/educacion\/portals\/web\/habitos-vida-saludable\/educacion-emocional\">L\u00ednea de intervenci\u00f3n Educaci\u00f3n Emocional<\/a>.<\/span><\/li>\n<li><span style=\"font-family: 'times new roman', times, serif;font-size: 14pt\"><a href=\"http:\/\/www.juntadeandalucia.es\/educacion\/portals\/web\/habitos-vida-saludable\/estilos-vida-saludable\">L\u00ednea de intervenci\u00f3n Estilos de Vida Saludable<\/a>.<\/span><\/li>\n<li><span style=\"font-family: 'times new roman', times, serif;font-size: 14pt\"><a href=\"http:\/\/www.juntadeandalucia.es\/educacion\/portals\/web\/habitos-vida-saludable\/autocuidados-accidentalidad\">L\u00ednea de intervenci\u00f3n Autocuidados y Accidentalidad<\/a>.<\/span><\/li>\n<li><span style=\"font-family: 'times new roman', times, serif;font-size: 14pt\"><a href=\"http:\/\/www.juntadeandalucia.es\/educacion\/portals\/web\/habitos-vida-saludable\/uso-positivo-tic\">L\u00ednea de intervenci\u00f3n Uso positivo de las TIC<\/a>.<\/span><\/li>\n<li><span style=\"font-family: 'times new roman', times, serif;font-size: 14pt\"><a href=\"http:\/\/www.juntadeandalucia.es\/educacion\/portals\/web\/habitos-vida-saludable\/prevencion-consumo-sustancias-adictivas\">L\u00ednea de intervenci\u00f3n Prevenci\u00f3n del Consumo de Sustancias Adictivas<\/a>.<\/span><\/li>\n<\/ul>\n<p><span style=\"font-family: 'times new roman', times, serif;font-size: 14pt\">Enlace al&nbsp;<strong><a href=\"http:\/\/www.juntadeandalucia.es\/educacion\/portals\/web\/habitos-vida-saludable\/programa\">Programa desde el portal web de la Consejer\u00eda de Educaci\u00f3n y Deporte<\/a>&nbsp;<\/strong>, donde podr\u00e1s encontrar toda la informaci\u00f3n y materiales relacionados con el programa, incluyendo el marco de referencia y el dossier de cada modalidad.<\/span><\/p>\n<\/div>\n<p>&nbsp;<\/p>\n<p><span style=\"font-family: 'times new roman', times, serif;font-size: 14pt\"><a href=\"https:\/\/www.juntadeandalucia.es\/educacion\/portals\/web\/habitos-vida-saludable\/creciendo-en-salud\">Creciendo en Salud &#8211; Consejer\u00eda de Educaci\u00f3n y Deporte (juntadeandalucia.es)<\/a><\/span><\/p>\n","protected":false},"excerpt":{"rendered":"<p>Programa para la Innovaci\u00f3n Educativa, H\u00e1bitos de Vida Saludable. Modalidad &#8220;Creciendo en Salud&#8221; &nbsp; &nbsp; El Programa para la Innovaci\u00f3n Educativa, H\u00e1bitos de Vida Saludable, modalidad &#8216;Creciendo en Salud&#8217; tiene como objetivo promover, entrenar y capacitar al alumnado para el desarrollo de habilidades cognitivos-conductuales que, de forma adaptada a cada edad, les permitan adoptar estilos [&hellip;]<\/p>\n","protected":false},"author":10196,"featured_media":0,"parent":0,"menu_order":0,"comment_status":"closed","ping_status":"closed","template":"","meta":{"_et_pb_use_builder":"","_et_pb_old_content":"","_et_gb_content_width":"","ngg_post_thumbnail":0,"footnotes":""},"aioseo_notices":[],"_links":{"self":[{"href":"https:\/\/blogsaverroes.juntadeandalucia.es\/ruizdelperal\/wp-json\/wp\/v2\/pages\/1164"}],"collection":[{"href":"https:\/\/blogsaverroes.juntadeandalucia.es\/ruizdelperal\/wp-json\/wp\/v2\/pages"}],"about":[{"href":"https:\/\/blogsaverroes.juntadeandalucia.es\/ruizdelperal\/wp-json\/wp\/v2\/types\/page"}],"author":[{"embeddable":true,"href":"https:\/\/blogsaverroes.juntadeandalucia.es\/ruizdelperal\/wp-json\/wp\/v2\/users\/10196"}],"replies":[{"embeddable":true,"href":"https:\/\/blogsaverroes.juntadeandalucia.es\/ruizdelperal\/wp-json\/wp\/v2\/comments?post=1164"}],"version-history":[{"count":9,"href":"https:\/\/blogsaverroes.juntadeandalucia.es\/ruizdelperal\/wp-json\/wp\/v2\/pages\/1164\/revisions"}],"predecessor-version":[{"id":3024,"href":"https:\/\/blogsaverroes.juntadeandalucia.es\/ruizdelperal\/wp-json\/wp\/v2\/pages\/1164\/revisions\/3024"}],"wp:attachment":[{"href":"https:\/\/blogsaverroes.juntadeandalucia.es\/ruizdelperal\/wp-json\/wp\/v2\/media?parent=1164"}],"curies":[{"name":"wp","href":"https:\/\/api.w.org\/{rel}","templated":true}]}}