{"id":1171,"date":"2021-03-11T17:47:54","date_gmt":"2021-03-11T16:47:54","guid":{"rendered":"https:\/\/blogsaverroes.juntadeandalucia.es\/ruizdelperal\/?page_id=1171"},"modified":"2021-06-11T12:20:39","modified_gmt":"2021-06-11T11:20:39","slug":"programa-impulsa-2","status":"publish","type":"page","link":"https:\/\/blogsaverroes.juntadeandalucia.es\/ruizdelperal\/programa-impulsa-2\/","title":{"rendered":"Programa Impulsa 2"},"content":{"rendered":"<h1><strong><span style=\"font-family: 'times new roman', times, serif;font-size: 14pt;color: #339966\">&#8220;Mirando hacia la sostenibilidad del planeta&#8221;<\/span><\/strong><\/h1>\n<h1><span style=\"font-family: 'times new roman', times, serif;font-size: 14pt\"> Hoy 3&nbsp;de junio,&nbsp; nuestro alumnado de quinto y sexto visita el Ayuntamiento.&nbsp;<\/span><\/h1>\n<h1><span style=\"font-family: 'times new roman', times, serif;font-size: 14pt\">Aprendiendo a ser ciudadanos reflexivos, cr\u00edticos y promotores de cambio. <\/span><\/h1>\n<h1><span style=\"font-family: 'times new roman', times, serif;font-size: 14pt\">Agradecemos vuestro trabajo.<\/span><\/h1>\n<h1><span style=\"font-family: 'times new roman', times, serif;font-size: 14pt\">\u00a1Contamos con vosotr@s!<\/span><\/h1>\n<p><span style=\"color: #3366ff;font-size: 14pt\">https:\/\/www.facebook.com\/255818601295777\/posts\/1790442507833371\/?sfnsn=scwspwa<\/span><\/p>\n<p><img fetchpriority=\"high\" fetchpriority=\"high\" decoding=\"async\" class=\"wp-image-2577 alignleft\" src=\"https:\/\/blogsaverroes.juntadeandalucia.es\/ruizdelperal\/files\/2021\/06\/foto-6-169x300.jpg\" alt=\"\" width=\"215\" height=\"379\"> <img decoding=\"async\" class=\"wp-image-2578 alignleft\" src=\"https:\/\/blogsaverroes.juntadeandalucia.es\/ruizdelperal\/files\/2021\/06\/foto-3-300x169.jpg\" alt=\"\" width=\"492\" height=\"277\"> <img decoding=\"async\" class=\"wp-image-2579 alignnone\" src=\"https:\/\/blogsaverroes.juntadeandalucia.es\/ruizdelperal\/files\/2021\/06\/foto-4-225x300.jpg\" alt=\"\" width=\"284\" height=\"377\"> <img loading=\"lazy\" loading=\"lazy\" decoding=\"async\" class=\"wp-image-2580 alignnone\" src=\"https:\/\/blogsaverroes.juntadeandalucia.es\/ruizdelperal\/files\/2021\/06\/foto-5-300x169.jpg\" alt=\"\" width=\"447\" height=\"252\"> <img loading=\"lazy\" loading=\"lazy\" decoding=\"async\" class=\"size-medium wp-image-2581 alignleft\" src=\"https:\/\/blogsaverroes.juntadeandalucia.es\/ruizdelperal\/files\/2021\/06\/foto-2-300x169.jpg\" alt=\"\" width=\"300\" height=\"169\"> <img loading=\"lazy\" loading=\"lazy\" decoding=\"async\" class=\"size-medium wp-image-2582 alignleft\" src=\"https:\/\/blogsaverroes.juntadeandalucia.es\/ruizdelperal\/files\/2021\/06\/foto-1-300x169.jpg\" alt=\"\" width=\"300\" height=\"169\"><\/p>\n<p>&nbsp;<\/p>\n<p>&nbsp;<\/p>\n<h1>&nbsp;<\/h1>\n<p><img loading=\"lazy\" loading=\"lazy\" decoding=\"async\" class=\"size-medium wp-image-2624 alignleft\" src=\"https:\/\/blogsaverroes.juntadeandalucia.es\/ruizdelperal\/files\/2021\/06\/20210603_095347-300x142.jpg\" alt=\"\" width=\"300\" height=\"142\"> <img loading=\"lazy\" loading=\"lazy\" decoding=\"async\" class=\"size-medium wp-image-2625 alignleft\" src=\"https:\/\/blogsaverroes.juntadeandalucia.es\/ruizdelperal\/files\/2021\/06\/20210603_114150-1-300x142.jpg\" alt=\"\" width=\"300\" height=\"142\"><\/p>\n<p><img loading=\"lazy\" loading=\"lazy\" decoding=\"async\" class=\"size-medium wp-image-2630 alignnone\" src=\"https:\/\/blogsaverroes.juntadeandalucia.es\/ruizdelperal\/files\/2021\/06\/20210603_102413-300x142.jpg\" alt=\"\" width=\"300\" height=\"142\"><\/p>\n<p><img loading=\"lazy\" loading=\"lazy\" decoding=\"async\" class=\"size-medium wp-image-2626 alignleft\" src=\"https:\/\/blogsaverroes.juntadeandalucia.es\/ruizdelperal\/files\/2021\/06\/20210603_095229-300x142.jpg\" alt=\"\" width=\"300\" height=\"142\">&nbsp;<\/p>\n<p>&nbsp;<\/p>\n<p>&nbsp;<\/p>\n<p>&nbsp;<\/p>\n<p><img loading=\"lazy\" loading=\"lazy\" decoding=\"async\" class=\"size-medium wp-image-2627 alignleft\" src=\"https:\/\/blogsaverroes.juntadeandalucia.es\/ruizdelperal\/files\/2021\/06\/20210603_095528-300x142.jpg\" alt=\"\" width=\"300\" height=\"142\"><\/p>\n<p>&nbsp;<\/p>\n<p>&nbsp;<\/p>\n<p>&nbsp;<\/p>\n<p>&nbsp;<img loading=\"lazy\" loading=\"lazy\" decoding=\"async\" class=\"size-medium wp-image-2631 alignleft\" src=\"https:\/\/blogsaverroes.juntadeandalucia.es\/ruizdelperal\/files\/2021\/06\/20210603_101933-300x142.jpg\" alt=\"\" width=\"300\" height=\"142\"><\/p>\n<h1>&nbsp;<\/h1>\n<h1>&nbsp;<\/h1>\n<h1>&nbsp;<\/h1>\n<h1>&nbsp;<\/h1>\n<h1>&nbsp;<\/h1>\n<p>&nbsp;<\/p>\n<p>&nbsp;<\/p>\n<h1>&nbsp;<\/h1>\n<h1>&nbsp;<\/h1>\n<h1>&nbsp;<\/h1>\n<h1>&nbsp;<\/h1>\n<h1 style=\"text-align: left\"><span style=\"font-size: 14pt;color: #339966\">Elaboraci\u00f3n de jabones artesanales y naturales.<\/span><\/h1>\n<p><img loading=\"lazy\" loading=\"lazy\" decoding=\"async\" class=\" wp-image-2623 alignleft\" src=\"https:\/\/blogsaverroes.juntadeandalucia.es\/ruizdelperal\/files\/2021\/06\/IMG-20210611-WA0005-300x196.jpg\" alt=\"\" width=\"578\" height=\"377\"><\/p>\n<h1>&nbsp;<\/h1>\n<p>&nbsp;<\/p>\n<h1>&nbsp;<\/h1>\n<h1>&nbsp;<\/h1>\n<h1>&nbsp;<\/h1>\n<h1>&nbsp;<\/h1>\n<h1>&nbsp;<\/h1>\n<p>&nbsp;<\/p>\n<h1>&nbsp;<\/h1>\n<h1>&nbsp;<\/h1>\n<h1>&nbsp;<\/h1>\n<h1>&nbsp;<\/h1>\n<h1><span style=\"font-family: arial, helvetica, sans-serif;font-size: 12pt;color: #000080\">Os facilitamos&nbsp; &nbsp;la solicitud realizada a trav\u00e9s del programa S\u00e9neca del proyecto IMPULSA 2 que ha solicitado el centro atendiendo a la Resoluci\u00f3n de 22 de diciembre de 2020 de la Direcci\u00f3n General de Atenci\u00f3n&nbsp; a la Diversidad, Participaci\u00f3n y Convivencia Escolar&nbsp; financiado por la Consejer\u00eda de educaci\u00f3n y deporte, el Ministerio de Educaci\u00f3n y Formaci\u00f3n profesional y el Fondo Social Europeo de la Uni\u00f3n Europea.<\/span><\/h1>\n<div>&nbsp;<\/div>\n<div id=\"ventanamailtotoModal\">\n<div id=\"ventanamailtopopupModalContent\">\n<div id=\"ventanamailtopopupMailModalCloseTo\"><span style=\"color: #33cccc\"><strong><span style=\"font-family: 'times new roman', times, serif;font-size: 14pt\"><a style=\"color: #33cccc\" href=\"http:\/\/www.ruizdelperal.es\/wp\/wp-content\/imagenes\/2021\/02\/Solicitud-Impulsa.-2-1.pdf\">Solicitud Impulsa. 2<\/a><\/span><\/strong><\/span><\/div>\n<\/div>\n<\/div>\n<div>&nbsp;<\/div>\n<div>&nbsp;<\/div>\n<div>\n<h2 class=\"title\"><span style=\"color: #000080\">VIDEO PROGRAMA IMPULSA<\/span><\/h2>\n<div class=\"entry clearfix\">\n<p><span style=\"font-family: arial, helvetica, sans-serif;font-size: 12pt;color: #000080\">C\u00f3mo ya conoc\u00e9is, el alumnado de 5\u00ba y 6\u00ba ha estado implementado el programa IMPULSA 1, financiado por&nbsp; La Junta de Andaluc\u00eda, el Ministerio de Educaci\u00f3n y el Fondo Social Europeo de la Uni\u00f3n europea. OS proponemos que ech\u00e9is un vistazo a este peque\u00f1o v\u00eddeo que han preparado la tutora de 5\u00ba, el tutor de 6\u00ba y el responsable de la empresa AZIMUT.<\/span><\/p>\n<p>&nbsp;<\/p>\n<p><iframe src=\"https:\/\/www.youtube.com\/embed\/9ephm2b8bQs?feature=oembed\" width=\"500\" height=\"281\" frameborder=\"0\"><\/iframe><\/p>\n<div id=\"ventanamailtotoModal\">\n<div id=\"ventanamailtopopupModalContent\">\n<div id=\"ventanamailtopopupMailModalCloseTo\">&nbsp;<\/div>\n<\/div>\n<\/div>\n<\/div>\n<\/div>\n","protected":false},"excerpt":{"rendered":"<p>&#8220;Mirando hacia la sostenibilidad del planeta&#8221; Hoy 3&nbsp;de junio,&nbsp; nuestro alumnado de quinto y sexto visita el Ayuntamiento.&nbsp; Aprendiendo a ser ciudadanos reflexivos, cr\u00edticos y promotores de cambio. Agradecemos vuestro trabajo. \u00a1Contamos con vosotr@s! https:\/\/www.facebook.com\/255818601295777\/posts\/1790442507833371\/?sfnsn=scwspwa &nbsp; &nbsp; &nbsp; &nbsp; &nbsp; &nbsp; &nbsp; &nbsp; &nbsp; &nbsp; &nbsp; &nbsp; &nbsp; &nbsp; &nbsp; &nbsp; &nbsp; &nbsp; &nbsp; &nbsp; [&hellip;]<\/p>\n","protected":false},"author":10196,"featured_media":0,"parent":0,"menu_order":0,"comment_status":"closed","ping_status":"closed","template":"","meta":{"_et_pb_use_builder":"","_et_pb_old_content":"","_et_gb_content_width":"","ngg_post_thumbnail":0,"footnotes":""},"aioseo_notices":[],"_links":{"self":[{"href":"https:\/\/blogsaverroes.juntadeandalucia.es\/ruizdelperal\/wp-json\/wp\/v2\/pages\/1171"}],"collection":[{"href":"https:\/\/blogsaverroes.juntadeandalucia.es\/ruizdelperal\/wp-json\/wp\/v2\/pages"}],"about":[{"href":"https:\/\/blogsaverroes.juntadeandalucia.es\/ruizdelperal\/wp-json\/wp\/v2\/types\/page"}],"author":[{"embeddable":true,"href":"https:\/\/blogsaverroes.juntadeandalucia.es\/ruizdelperal\/wp-json\/wp\/v2\/users\/10196"}],"replies":[{"embeddable":true,"href":"https:\/\/blogsaverroes.juntadeandalucia.es\/ruizdelperal\/wp-json\/wp\/v2\/comments?post=1171"}],"version-history":[{"count":16,"href":"https:\/\/blogsaverroes.juntadeandalucia.es\/ruizdelperal\/wp-json\/wp\/v2\/pages\/1171\/revisions"}],"predecessor-version":[{"id":2638,"href":"https:\/\/blogsaverroes.juntadeandalucia.es\/ruizdelperal\/wp-json\/wp\/v2\/pages\/1171\/revisions\/2638"}],"wp:attachment":[{"href":"https:\/\/blogsaverroes.juntadeandalucia.es\/ruizdelperal\/wp-json\/wp\/v2\/media?parent=1171"}],"curies":[{"name":"wp","href":"https:\/\/api.w.org\/{rel}","templated":true}]}}