{"id":331,"date":"2022-02-28T13:59:36","date_gmt":"2022-02-28T13:59:36","guid":{"rendered":"https:\/\/blogsaverroes.juntadeandalucia.es\/rutapoesia\/?page_id=331"},"modified":"2022-03-01T20:54:28","modified_gmt":"2022-03-01T20:54:28","slug":"programacion","status":"publish","type":"page","link":"https:\/\/blogsaverroes.juntadeandalucia.es\/rutapoesia\/programacion\/","title":{"rendered":"Programaci\u00f3n"},"content":{"rendered":"<p><strong>Lengua castellana y Literatura&nbsp;<\/strong><\/p>\n<p>El curr\u00edculo de Lengua castellana y Literatura se dise\u00f1a con la vista puesta en el&nbsp; Perfil de salida del alumnado al t\u00e9rmino de la ense\u00f1anza b\u00e1sica, a partir de los&nbsp; descriptores operativos que concretan el desarrollo competencial esperado al&nbsp; terminar la etapa de Educaci\u00f3n Primaria. Se organiza en torno a las estrategias&nbsp; relacionadas con hablar, escuchar, leer y escribir en lengua castellana, con el fin&nbsp; de proporcionar al alumnado herramientas que le permitan responder a los retos&nbsp; de la sociedad del siglo XXI, que demanda personas cultas, cr\u00edticas y bien&nbsp; informadas; capaces de hacer un uso eficaz y \u00e9tico de las palabras; respetuosas&nbsp; hacia las diferencias; con capacidad de transformar la informaci\u00f3n en&nbsp; conocimiento y de aprender por s\u00ed mismas, informarse, colaborar y trabajar en&nbsp; equipo; creativas y emprendedoras; y comprometidas con el desarrollo&nbsp; sostenible, la defensa de los derechos humanos y la convivencia igualitaria,&nbsp; inclusiva, pac\u00edfica y democr\u00e1tica.&nbsp;&nbsp;<\/p>\n<p>El elemento clave del curr\u00edculo son las competencias espec\u00edficas, que identifican&nbsp; qu\u00e9 queremos que el alumnado haga, c\u00f3mo queremos que lo haga y para qu\u00e9&nbsp; queremos que lo haga. En definitiva, recogen la finalidad \u00faltima de las&nbsp; ense\u00f1anzas del \u00e1rea, siempre entendida en t\u00e9rminos de movilizaci\u00f3n de los&nbsp; aprendizajes. La primera de las competencias espec\u00edficas de Lengua castellana&nbsp; y Literatura se orienta al reconocimiento de la diversidad ling\u00fc\u00edstica y dialectal&nbsp; del entorno y de Espa\u00f1a, para favorecer actitudes de aprecio hacia la diversidad&nbsp; \u00e9tnica y cultural, combatir prejuicios y estereotipos ling\u00fc\u00edsticos e iniciarse en la&nbsp; reflexi\u00f3n entre distintas lenguas, incluidas las lenguas de signos. Se espera que&nbsp; en esta etapa se produzca la adquisici\u00f3n y consolidaci\u00f3n del c\u00f3digo escrito. En&nbsp; todo caso, debe partirse de la diversidad de trayectorias educativas del&nbsp; alumnado, y los aprendizajes deben producirse siempre en un marco de&nbsp; construcci\u00f3n de sentido a partir de la reflexi\u00f3n, comprensi\u00f3n o producci\u00f3n de&nbsp; textos de uso social. En consonancia con ello, un segundo grupo de&nbsp; competencias se relacionan con la producci\u00f3n, comprensi\u00f3n e interacci\u00f3n oral y&nbsp; escrita, incorporando las formas de comunicaci\u00f3n mediadas por la tecnolog\u00eda y&nbsp; atendiendo al \u00e1mbito personal, educativo y social. Por otra parte, saber leer hoy&nbsp; implica tambi\u00e9n saber navegar y buscar en la red y seleccionar informaci\u00f3n fiable&nbsp; con distintos prop\u00f3sitos. As\u00ed, la competencia sexta sienta las bases de la&nbsp; alfabetizaci\u00f3n informacional. Respondiendo a la necesidad de ense\u00f1ar a leer&nbsp; todo tipo de textos y con distintos prop\u00f3sitos de lectura \u2014como reclaman desde&nbsp; hace d\u00e9cadas los enfoques comunicativos\u2014 las competencias s\u00e9ptima y octava&nbsp; se reservan para la lectura literaria acompa\u00f1ada, tanto aut\u00f3noma como&nbsp; compartida en el aula. Se adopta as\u00ed un doble enfoque: por una parte, iniciar la&nbsp; adquisici\u00f3n del h\u00e1bito lector aut\u00f3nomo y, por otra, iniciarse en el desarrollo de&nbsp; habilidades de interpretaci\u00f3n de los textos literarios. Se prestar\u00e1 especial&nbsp; atenci\u00f3n al reconocimiento de las mujeres escritoras. La competencia novena&nbsp; atiende a una primera aproximaci\u00f3n a la reflexi\u00f3n sobre la lengua y sus usos,&nbsp; mientras que la d\u00e9cima, relativa a la \u00e9tica de la comunicaci\u00f3n, es de car\u00e1cter&nbsp; transversal a todas ellas. Se centra en las pr\u00e1cticas comunicativas no&nbsp; discriminatorias, para identificar y rechazar los abusos de poder a trav\u00e9s de la&nbsp; palabra, fomentar la igualdad desde una perspectiva de g\u00e9nero y las conductas&nbsp; no sexistas, as\u00ed como la gesti\u00f3n dialogada de conflictos, alineada con la&nbsp;prevenci\u00f3n de cualquier tipo de violencia, incluyendo en todo caso la violencia&nbsp; de g\u00e9nero y la apuesta por la cultura de la paz.&nbsp;<\/p>\n<p>La adquisici\u00f3n de las competencias espec\u00edficas debe producirse de manera&nbsp; progresiva a lo largo de la etapa, y siempre respetando los procesos individuales&nbsp; de maduraci\u00f3n cognitiva. Se partir\u00e1 en el primer ciclo de procesos acompa\u00f1ados&nbsp; de observaci\u00f3n y an\u00e1lisis en contextos significativos para el alumnado,&nbsp; reflexionando sobre modelos textuales adecuados, para ir avanzando a lo largo&nbsp; de la etapa hacia una creciente autonom\u00eda en la producci\u00f3n y comprensi\u00f3n&nbsp; ling\u00fc\u00edstica. Dado el enfoque inequ\u00edvocamente competencial de la educaci\u00f3n&nbsp; ling\u00fc\u00edstica, la gradaci\u00f3n entre ciclos se establece en funci\u00f3n de la complejidad&nbsp; de los textos, de los contextos de uso, de las habilidades de interpretaci\u00f3n o de&nbsp; producci\u00f3n requeridas, del metalenguaje necesario para la reflexionar sobre los&nbsp; usos, as\u00ed como del grado de autonom\u00eda conferido a los estudiantes. De ah\u00ed que&nbsp; exista un evidente paralelismo entre los ciclos entre s\u00ed, y en relaci\u00f3n con la etapa&nbsp; de Educaci\u00f3n Secundaria Obligatoria, donde se producir\u00e1 una mayor progresi\u00f3n&nbsp; hacia la autonom\u00eda del alumnado, as\u00ed como una mayor diversidad y complejidad&nbsp; de las pr\u00e1cticas discursivas en \u00e1mbitos m\u00e1s plurales, se subrayar\u00e1 el papel de&nbsp; las convenciones literarias y del contexto hist\u00f3rico en la comprensi\u00f3n de los&nbsp; textos literarios y la reflexi\u00f3n sobre el funcionamiento de la lengua y sus usos&nbsp; adquirir\u00e1 un papel m\u00e1s relevante.&nbsp;<\/p>\n<p>Para determinar el progreso en el grado de adquisici\u00f3n de estas competencias&nbsp; espec\u00edficas a lo largo de la etapa, los criterios de evaluaci\u00f3n se establecen para&nbsp; cada uno de los ciclos de la etapa. Estos criterios se formulan de un modo&nbsp; claramente competencial, atendiendo tanto a los productos finales esperados,&nbsp; como a los procesos y actitudes que acompa\u00f1an su elaboraci\u00f3n. Todo ello&nbsp; reclama herramientas e instrumentos de evaluaci\u00f3n variados y dotados de&nbsp; capacidad diagn\u00f3stica y de mejora.&nbsp;<\/p>\n<p>Para abordar las actuaciones descritas en las competencias espec\u00edficas, es&nbsp; imprescindible adquirir y movilizar los saberes b\u00e1sicos del \u00e1rea. Los aprendizajes&nbsp; de Lengua castellana y Literatura no pueden concebirse, en modo alguno, como&nbsp; la mera transmisi\u00f3n y recepci\u00f3n de contenidos disciplinares; por el contrario,&nbsp; deben entenderse como un proceso en construcci\u00f3n y basado en la reflexi\u00f3n y&nbsp; el an\u00e1lisis acompa\u00f1ado, cuyo fin \u00faltimo es formar personas capaces de&nbsp; comunicarse de manera eficaz y \u00e9tica. Los saberes b\u00e1sicos del \u00e1rea se agrupan&nbsp; en los siguientes bloques: La lengua y sus hablantes, Comunicaci\u00f3n&nbsp; (Comunicaci\u00f3n e interacci\u00f3n oral, Comprensi\u00f3n lectora, Producci\u00f3n escrita y&nbsp; Alfabetizaci\u00f3n informacional), Educaci\u00f3n literaria y Reflexi\u00f3n sobre la lengua y&nbsp; sus usos.&nbsp;<\/p>\n<p>El progreso en los aprendizajes del \u00e1rea debe permitir al alumnado responder a&nbsp; situaciones comunicativas reales, en los \u00e1mbitos personal, social y educativo.&nbsp; De ah\u00ed la importancia de vertebrar la programaci\u00f3n de aula en torno a un conjunto&nbsp; de situaciones de aprendizaje contextualizadas, significativas y relevantes,&nbsp; atendiendo a su gradaci\u00f3n y complementariedad, para que al t\u00e9rmino del a\u00f1o&nbsp; escolar se hayan trabajado de manera proporcionada todos los saberes b\u00e1sicos&nbsp; incluidos en el curr\u00edculo. En el \u00e1rea de Lengua castellana y Literatura, la&nbsp; adquisici\u00f3n de las competencias espec\u00edficas debe producirse a partir de la&nbsp; movilizaci\u00f3n de los saberes de todos los bloques del \u00e1rea, de manera coordinada&nbsp; e interrelacionada, promovi\u00e9ndose en todo momento la interacci\u00f3n comunicativa&nbsp; y la colaboraci\u00f3n del alumnado entre s\u00ed, y con los dem\u00e1s agentes que intervienen&nbsp;en los procesos de ense\u00f1anza-aprendizaje. En todo caso, el trabajo&nbsp; transdisciplinar, que obliga a movilizar los saberes de m\u00e1s de un \u00e1rea, aportar\u00e1&nbsp; un valor a\u00f1adido a los aprendizajes, al potenciar su car\u00e1cter globalizador. Por&nbsp; \u00faltimo, la diversidad ling\u00fc\u00edstica de la mayor parte de los contextos escolares y la&nbsp; innegable necesidad de una educaci\u00f3n pluriling\u00fce para todo el alumnado invita&nbsp; al tratamiento integrado de las lenguas como un cauce excelente para estimular&nbsp; la reflexi\u00f3n interling\u00fc\u00edstica y aproximarse a los usos sociales reales, en los que&nbsp; a menudo se han de manejar simult\u00e1neamente dos o m\u00e1s lenguas.&nbsp;<\/p>\n<p><b>Competencias Espec\u00edficas&nbsp;<\/b><\/p>\n<ol>\n<li><b> Reconocer la diversidad ling\u00fc\u00edstica del mundo a partir de la&nbsp; identificaci\u00f3n de las lenguas del alumnado y de la realidad pluriling\u00fce&nbsp; y multicultural de Espa\u00f1a para favorecer la reflexi\u00f3n interling\u00fc\u00edstica,&nbsp; identificar y rechazar estereotipos y prejuicios ling\u00fc\u00edsticos, y valorar&nbsp; dicha diversidad como fuente de riqueza cultural.&nbsp;<\/b><\/li>\n<\/ol>\n<p><span style=\"font-weight: 400\">En muchas de nuestras aulas se utilizan lenguas y variedades dialectales&nbsp; diferentes de la lengua vehicular de aprendizaje. Esta diversidad ling\u00fc\u00edstica debe&nbsp; servir como base sobre la que acercarse al conocimiento de la realidad&nbsp; pluriling\u00fce de Espa\u00f1a y del mundo. En primer lugar, para ayudar al alumnado a&nbsp; valorar la riqueza cultural que ello supone y a detectar y evitar los prejuicios&nbsp; ling\u00fc\u00edsticos; en segundo lugar, para ir tomando conciencia sobre el&nbsp; funcionamiento de las lenguas a partir de la observaci\u00f3n y comparaci\u00f3n entre&nbsp; ellas, incluida una primera aproximaci\u00f3n al conocimiento de las lenguas de&nbsp; signos. A su vez, la mediaci\u00f3n interling\u00fc\u00edstica favorecer\u00e1 el tratamiento integrado&nbsp; de las diferentes lenguas.&nbsp;<\/span><\/p>\n<p><span style=\"font-weight: 400\">El castellano es una lengua universal y polic\u00e9ntrica, con una enorme diversidad&nbsp; dialectal, en la que cada variedad geogr\u00e1fica tiene su norma culta. No puede, por&nbsp; tanto, establecerse una de ellas como la m\u00e1s \u00abcorrecta\u00bb. Asimismo, como ocurre&nbsp; con cualquier otro idioma, el castellano evoluciona de la mano de los cambios&nbsp; sociales. El aula constituye un entorno privilegiado para aproximarse a una visi\u00f3n&nbsp; global del castellano en el mundo, con la finalidad \u00faltima de promover el ejercicio&nbsp; de una ciudadan\u00eda mundial sensibilizada, informada y comprometida con los&nbsp; derechos ling\u00fc\u00edsticos individuales y colectivos, en un marco de interculturalidad&nbsp; y respeto a los derechos humanos.&nbsp;<\/span><\/p>\n<p><span style=\"font-weight: 400\">Esta competencia espec\u00edfica se conecta con los siguientes descriptores del <\/span><i><span style=\"font-weight: 400\">Perfil&nbsp; de salida<\/span><\/i><span style=\"font-weight: 400\">: CCL1, CCL5, CP2, CP3, CC1, CC2, CC3, CCEC1.&nbsp;<\/span><\/p>\n<ol start=\"2\">\n<li><b> Comprender e interpretar textos orales y multimodales identificando el&nbsp; sentido general y la informaci\u00f3n m\u00e1s relevante, valorando con ayuda&nbsp; aspectos formales y de contenido b\u00e1sicos para construir conocimiento&nbsp; y responder a diferentes necesidades comunicativas.&nbsp;<\/b><\/li>\n<\/ol>\n<p><span style=\"font-weight: 400\">En el proceso de comunicaci\u00f3n se ponen en juego, adem\u00e1s del conocimiento&nbsp; compartido entre emisor y receptor, otros elementos contextuales y cotextuales&nbsp; que permiten ir m\u00e1s all\u00e1 del significado del texto e interpretar su sentido. La&nbsp; escuela puede y debe incorporar pr\u00e1cticas discursivas de diferentes \u00e1mbitos,&nbsp; significativas para el alumnado, que aborden temas de relevancia ecosocial y&nbsp; cultural. Esta competencia espec\u00edfica contribuye al fin \u00faltimo de iniciarse en el&nbsp;<\/span><span style=\"font-weight: 400\">aprendizaje de estrategias que permitan desenvolverse como individuos que se&nbsp; comunican de manera eficaz y \u00e9tica, bien informados y con capacidad cr\u00edtica.&nbsp;&nbsp;<\/span><\/p>\n<p><span style=\"font-weight: 400\">La comprensi\u00f3n e interpretaci\u00f3n de mensajes orales requiere la adquisici\u00f3n de&nbsp; destrezas espec\u00edficas: desde las m\u00e1s b\u00e1sicas al comienzo de la etapa, hasta&nbsp; aquellas que, al final del \u00faltimo ciclo, permitir\u00e1n al alumnado obtener,&nbsp; seleccionar, valorar y relacionar informaciones procedentes de medios de&nbsp; comunicaci\u00f3n y del contexto escolar (especialmente de tipo espacial, temporal y&nbsp; de secuencia l\u00f3gica), escuchar de manera activa, realizar inferencias y&nbsp; deducciones, distinguir la informaci\u00f3n de la opini\u00f3n e iniciarse en la interpretaci\u00f3n&nbsp; de algunos elementos sencillos impl\u00edcitos, como la iron\u00eda o el doble sentido. En&nbsp; el \u00e1mbito social, se debe tener en cuenta la profusi\u00f3n de textos de car\u00e1cter&nbsp; multimodal, que reclama una espec\u00edfica alfabetizaci\u00f3n audiovisual y medi\u00e1tica&nbsp; para hacer frente a los riesgos de manipulaci\u00f3n y desinformaci\u00f3n.&nbsp;&nbsp;<\/span><\/p>\n<p><span style=\"font-weight: 400\">Esta competencia espec\u00edfica se conecta con los siguientes descriptores del <\/span><i><span style=\"font-weight: 400\">Perfil&nbsp; de salida<\/span><\/i><span style=\"font-weight: 400\">: CCL2, CP2, STEM4, CPSAA4, CPSAA5, CE1.&nbsp;<\/span><\/p>\n<ol start=\"3\">\n<li><b> Producir textos orales y multimodales con coherencia, claridad y&nbsp; registro adecuados para expresar ideas, sentimientos y conceptos;&nbsp; construir conocimiento; establecer v\u00ednculos personales; y participar&nbsp; con autonom\u00eda y una actitud cooperativa y emp\u00e1tica en interacciones&nbsp; orales variadas.&nbsp;<\/b><\/li>\n<\/ol>\n<p><span style=\"font-weight: 400\">El desarrollo de la competencia comunicativa del alumnado pasa&nbsp; necesariamente por la atenci\u00f3n a los usos orales, como veh\u00edculos de expresi\u00f3n,&nbsp; aprendizaje y control de la propia conducta. La clase de Lengua castellana y&nbsp; Literatura ha de ofrecer contextos diversificados y significativos donde el&nbsp; alumnado pueda tomar la palabra y conversar con sus iguales en di\u00e1logos&nbsp; pedag\u00f3gicamente orientados, estimulando as\u00ed la incipiente reflexi\u00f3n sobre los&nbsp; usos orales formales o informales, espont\u00e1neos o planificados. La interacci\u00f3n&nbsp; oral requiere ir adquiriendo estrategias para tomar y ceder la palabra, desplegar&nbsp; actitudes de escucha activa, expresarse con fluidez, claridad, correcta dicci\u00f3n y&nbsp; con el tono y el registro adecuados, as\u00ed como iniciarse en el uso de estrategias&nbsp; de cortes\u00eda y de cooperaci\u00f3n conversacional.&nbsp;&nbsp;<\/span><\/p>\n<p><span style=\"font-weight: 400\">La producci\u00f3n oral formal invita a iniciarse en las estrategias b\u00e1sicas de&nbsp; planificaci\u00f3n, que se ir\u00e1n asimilando, de manera acompa\u00f1ada, a lo largo de la&nbsp; etapa. Se proporcionar\u00e1n tambi\u00e9n modelos ajustados a las distintas situaciones&nbsp; comunicativas y \u00e1mbitos, que ofrezcan pautas para ordenar el texto oral y&nbsp;<\/span><\/p>\n<p><span style=\"font-weight: 400\">adecuar el registro y el comportamiento no verbal: gestualidad, movimientos,&nbsp; mirada, corporalidad, etc. Por otra parte, las tecnolog\u00edas de la informaci\u00f3n y la&nbsp; comunicaci\u00f3n facilitan nuevos formatos para la comunicaci\u00f3n oral multimodal,&nbsp; tanto s\u00edncrona como as\u00edncrona, y permiten tambi\u00e9n el registro de las&nbsp; producciones orales del alumnado para su difusi\u00f3n en contextos reales y su&nbsp; posterior an\u00e1lisis y revisi\u00f3n.&nbsp;<\/span><\/p>\n<p><span style=\"font-weight: 400\">Esta competencia espec\u00edfica se conecta con los siguientes descriptores del <\/span><i><span style=\"font-weight: 400\">Perfil&nbsp; de salida<\/span><\/i><span style=\"font-weight: 400\">: CCL1, CP2, STEM4, CPSAA1, CPSAA4, CPSAA5, CC4, CE1.&nbsp;<\/span><\/p>\n<ol start=\"4\">\n<li><b> Comprender e interpretar textos escritos y multimodales, reconociendo&nbsp; el sentido global, las ideas principales y la informaci\u00f3n expl\u00edcita, y&nbsp; realizando con ayuda reflexiones elementales sobre aspectos formales y de contenido, para adquirir y construir conocimiento y responder a&nbsp; necesidades e intereses comunicativos diversos.&nbsp;&nbsp;<\/b><\/li>\n<\/ol>\n<p><span style=\"font-weight: 400\">El desarrollo de la competencia lectora se inicia en el primer ciclo con la&nbsp; motivaci\u00f3n hacia las pr\u00e1cticas de lectura. Comienza as\u00ed el acercamiento a&nbsp; estrategias dirigidas, por un lado, a localizar, entender e integrar la informaci\u00f3n&nbsp; relevante y expl\u00edcita; y, por otro, a trascender algunos significados superficiales,&nbsp; realizando con ayuda inferencias directas, atendiendo a aspectos formales y no&nbsp; verbales elementales (im\u00e1genes, distribuci\u00f3n del texto, etc.). En esta fase, se&nbsp; prestar\u00e1 especial atenci\u00f3n a la comprensi\u00f3n reflexiva mediante la lectura&nbsp; silenciosa y en voz alta, acompa\u00f1ada de im\u00e1genes. En el segundo ciclo, el&nbsp; alumnado debe adquirir estrategias que le permitan realizar un n\u00famero cada vez&nbsp; mayor de inferencias directas (generalizaciones, prop\u00f3sito del texto), siempre de&nbsp; manera acompa\u00f1ada y contextualizada en situaciones de aprendizaje en torno&nbsp; a textos sociales, libres de estereotipos sexistas. En paralelo, se identificar\u00e1 un&nbsp; mayor n\u00famero de elementos no estrictamente textuales, como tipograf\u00edas o&nbsp; subrayados. Hacia el final de la etapa, de manera progresivamente aut\u00f3noma, el&nbsp; alumnado ser\u00e1 capaz de comprender y valorar la informaci\u00f3n en textos escritos&nbsp; variados con distintos prop\u00f3sitos de lectura, trascendiendo algunos significados&nbsp; superficiales, realizando inferencias directas e incluso captando el doble sentido&nbsp; o la iron\u00eda.&nbsp;&nbsp;<\/span><\/p>\n<p><span style=\"font-weight: 400\">El objetivo de esta competencia espec\u00edfica es sentar las bases para formar&nbsp; lectores competentes y aut\u00f3nomos de todo tipo de textos, capaces de evaluar&nbsp; su calidad y fiabilidad con esp\u00edritu cr\u00edtico y de responder a diferentes prop\u00f3sitos&nbsp; de lectura en todos los \u00e1mbitos de su vida. En todo caso, la alfabetizaci\u00f3n&nbsp; requerida para responder a los retos del siglo XXI pasa necesariamente por la&nbsp; ense\u00f1anza de la lectura de los hipertextos.&nbsp;<\/span><\/p>\n<p><span style=\"font-weight: 400\">Esta competencia espec\u00edfica se conecta con los siguientes descriptores del <\/span><i><span style=\"font-weight: 400\">Perfil&nbsp; de salida<\/span><\/i><span style=\"font-weight: 400\">: CCL2, CP2, STEM4, CPSAA4, CPSAA5, CC4.&nbsp;<\/span><\/p>\n<ol start=\"5\">\n<li><b> Producir textos escritos y multimodales, con correcci\u00f3n gramatical y&nbsp; ortogr\u00e1fica b\u00e1sicas, secuenciando correctamente los contenidos y&nbsp; aplicando estrategias elementales de planificaci\u00f3n, redacci\u00f3n, revisi\u00f3n&nbsp; y edici\u00f3n para construir conocimiento y dar respuesta a demandas&nbsp; comunicativas concretas.&nbsp;<\/b><\/li>\n<\/ol>\n<p><span style=\"font-weight: 400\">Los textos se elaborar\u00e1n en el contexto de las relaciones interpersonales en el&nbsp; aula, o con la intenci\u00f3n de organizar o compartir informaci\u00f3n. A lo largo de la&nbsp; etapa, se ir\u00e1 avanzando en un proceso acompa\u00f1ado, dirigido a la adquisici\u00f3n de&nbsp; estrategias que permitan expresarse de forma coherente mediante escritos,&nbsp; individuales o grupales, propios de \u00e1mbitos m\u00e1s amplios referidos a hechos&nbsp; pr\u00f3ximos a su experiencia, como los medios de comunicaci\u00f3n social, o&nbsp; relacionados con otras \u00e1reas de aprendizaje. Aprender a elaborar de forma&nbsp; acompa\u00f1ada textos que le ayuden a organizar la informaci\u00f3n y el pensamiento&nbsp; (como res\u00famenes y esquemas sencillos) ayudar\u00e1 a progresar en la adquisici\u00f3n&nbsp; de la competencia de aprender a aprender. Se espera conseguir, de manera&nbsp; paulatina, la automatizaci\u00f3n de las normas ortogr\u00e1ficas de aparici\u00f3n frecuente y&nbsp; la resoluci\u00f3n de dudas ortogr\u00e1ficas mediante la reflexi\u00f3n guiada en los procesos&nbsp; de mejora de los textos con la utilizaci\u00f3n de los apoyos pertinentes.&nbsp;&nbsp;<\/span><\/p>\n<p><span style=\"font-weight: 400\">Incluso en sus formas m\u00e1s espont\u00e1neas, escribir un texto implica planificar \u2014a&nbsp; partir de modelos o pautas\u2014, revisar \u2014de manera individual o compartida\u2014y&nbsp;<\/span><span style=\"font-weight: 400\">editar. Todo ello debe trabajarse en clase. En todo caso, saber escribir en el siglo&nbsp; XXI significa hacerlo en diferentes soportes y formatos. La posibilidad de edici\u00f3n&nbsp; y difusi\u00f3n digital de los escritos en la red ofrece un contexto real a las pr\u00e1cticas&nbsp; comunicativas escritas, al tiempo que invita a dar el paso hacia lo hipertextual y&nbsp; multimodal. Es el momento de iniciarse en la reflexi\u00f3n sobre los aspectos&nbsp; elementales de la propiedad intelectual, el respeto a la privacidad o la&nbsp; responsabilidad en la transmisi\u00f3n de bulos.&nbsp;<\/span><\/p>\n<p><span style=\"font-weight: 400\">Esta competencia espec\u00edfica se conecta con los siguientes descriptores del <\/span><i><span style=\"font-weight: 400\">Perfil&nbsp; de salida<\/span><\/i><span style=\"font-weight: 400\">: CCL2, CP2, STEM4, CPSAA4, CPSAA5, CC4.&nbsp;<\/span><\/p>\n<ol start=\"6\">\n<li><b> Buscar, seleccionar y contrastar informaci\u00f3n procedente de dos o m\u00e1s&nbsp; fuentes, de forma planificada y con el debido acompa\u00f1amiento,&nbsp; evaluando su fiabilidad y reconociendo algunos riesgos de&nbsp; manipulaci\u00f3n y desinformaci\u00f3n, para transformarla en conocimiento y&nbsp; comunicarla de manera creativa, adoptando un punto de vista personal&nbsp; y respetuoso con la propiedad intelectual.&nbsp;<\/b><\/li>\n<\/ol>\n<p><span style=\"font-weight: 400\">Tener acceso a la informaci\u00f3n no garantiza por s\u00ed mismo el conocimiento,&nbsp; entendido este como herramienta esencial para hacer frente a los retos del siglo&nbsp; XXI. Por ello es imprescindible que el alumnado se inicie en la adquisici\u00f3n de&nbsp; habilidades y destrezas para acceder a la informaci\u00f3n, gestionarla, evaluarla y&nbsp; comunicarla, adoptando un punto de vista cr\u00edtico y personal, as\u00ed como una actitud&nbsp; \u00e9tica y responsable con la propiedad intelectual, reconociendo las fuentes&nbsp; originales sobre las que elabora su trabajo.&nbsp;<\/span><\/p>\n<p><span style=\"font-weight: 400\">Se propone as\u00ed un proceso de acompa\u00f1amiento que vaya guiando al alumnado&nbsp; para que, individualmente o de forma cooperativa, progrese hacia una cierta&nbsp; autonom\u00eda en la planificaci\u00f3n y b\u00fasqueda de informaci\u00f3n en contextos&nbsp; personales, sociales o educativos, para transformarla, comunicarla de manera&nbsp; personal y creativa, y utilizarla con distintos fines. Estos procesos de&nbsp; investigaci\u00f3n deben ir acompa\u00f1ados de la reflexi\u00f3n guiada que permita evaluar&nbsp; su fiabilidad y pertinencia, y distinguir entre hechos y opiniones.&nbsp;&nbsp;<\/span><\/p>\n<p><span style=\"font-weight: 400\">Deben proponerse modelos orientativos sobre las convenciones establecidas&nbsp; para la comunicaci\u00f3n del conocimiento adquirido en distintos formatos y&nbsp; soportes. La biblioteca, entendida como un espacio creativo de aprendizaje, ser\u00e1&nbsp; el entorno ideal para la adquisici\u00f3n de esta competencia, idealmente mediante&nbsp; proyectos globales e interdisciplinares.&nbsp;&nbsp;<\/span><\/p>\n<p><span style=\"font-weight: 400\">Esta competencia espec\u00edfica se conecta con los siguientes descriptores del <\/span><i><span style=\"font-weight: 400\">Perfil&nbsp; de salida<\/span><\/i><span style=\"font-weight: 400\">: CCL3, CD1, CD2, CD3, CD4, CPSAA4, CPSAA5, CC4, CE3.&nbsp;<\/span><\/p>\n<ol start=\"7\">\n<li><b> Leer de manera aut\u00f3noma obras diversas seleccionadas atendiendo a&nbsp; sus gustos e intereses, compartiendo las experiencias de lectura, para&nbsp; iniciar la construcci\u00f3n de la identidad lectora, fomentar el gusto por la&nbsp; lectura como fuente de placer y disfrutar de su dimensi\u00f3n social.&nbsp;<\/b><\/li>\n<\/ol>\n<p><span style=\"font-weight: 400\">Desarrollar esta competencia implica iniciar un camino de progreso planificado&nbsp; hacia la construcci\u00f3n de personalidades lectoras, que pasa por la dedicaci\u00f3n de&nbsp; un tiempo peri\u00f3dico y constante a la lectura individual, acompa\u00f1ado de las&nbsp; estrategias y andamiajes adecuados para iniciar la configuraci\u00f3n de la&nbsp; autonom\u00eda y la identidad lectora, que deber\u00e1 desarrollarse a lo largo de toda la&nbsp; vida. Para ello se debe partir de la configuraci\u00f3n de un corpus de textos&nbsp; adecuado y variado, equilibrando la presencia de autores y autoras, y que&nbsp;<\/span><span style=\"font-weight: 400\">responda a los intereses y necesidades individuales, y favorezca el acercamiento&nbsp; hacia la reflexi\u00f3n sobre los grandes retos del siglo XXI. La biblioteca escolar&nbsp; puede convertirse en un punto de encuentro fundamental en el que compartir,&nbsp; reflexionar y expresar preferencias personales en torno a la lectura.&nbsp;&nbsp;<\/span><\/p>\n<p><span style=\"font-weight: 400\">Es tambi\u00e9n recomendable configurar comunidades lectoras con referentes&nbsp; compartidos; desarrollar estrategias que ayuden al alumnado a seleccionar los&nbsp; textos de su inter\u00e9s, apropiarse de ellos y compartir de manera personal y&nbsp; creativa su experiencia personal de lectura; y establecer contextos en los que&nbsp; surjan motivos para leer, a partir de retos de indagaci\u00f3n, y que propongan&nbsp; maneras de vincular afectivamente a las lectoras y lectores con los textos. A&nbsp; medida que se avance en la adquisici\u00f3n de la competencia, ser\u00e1 posible ir&nbsp; reduciendo progresivamente el acompa\u00f1amiento docente.&nbsp;&nbsp;<\/span><\/p>\n<p><span style=\"font-weight: 400\">Esta competencia espec\u00edfica se conecta con los siguientes descriptores del <\/span><i><span style=\"font-weight: 400\">Perfil&nbsp; de salida<\/span><\/i><span style=\"font-weight: 400\">: CCL1, CCL2, CCL4, CPSAA1, CPSAA3, CPSAA5, CCEC1, CCEC2,&nbsp; CCEC3.&nbsp;<\/span><\/p>\n<ol start=\"8\">\n<li><b> Leer, interpretar y analizar, de manera acompa\u00f1ada, obras o&nbsp; fragmentos literarios adecuados a su desarrollo, estableciendo&nbsp; relaciones entre ellos e identificando el g\u00e9nero literario y sus&nbsp; convenciones fundamentales, para iniciarse en el reconocimiento de la&nbsp; literatura como manifestaci\u00f3n art\u00edstica y fuente de placer, conocimiento&nbsp; e inspiraci\u00f3n para crear textos de intenci\u00f3n literaria.&nbsp;<\/b><\/li>\n<\/ol>\n<p><span style=\"font-weight: 400\">La educaci\u00f3n literaria se concibe como una aproximaci\u00f3n a la literatura desde&nbsp; sus expresiones m\u00e1s sencillas, tanto orales como escritas. Es imprescindible&nbsp; favorecer experiencias placenteras que familiaricen al alumnado con referentes&nbsp; literarios y culturales compartidos, que incluyan una diversidad de autores y&nbsp; autoras, que lo acerquen a la representaci\u00f3n e interpretaci\u00f3n simb\u00f3lica y que&nbsp; sienten las bases para consolidar el h\u00e1bito lector y una progresiva autonom\u00eda&nbsp; lectora. Adem\u00e1s, la literatura puede convertirse en el punto de partida para la&nbsp; reflexi\u00f3n, tambi\u00e9n desde una perspectiva de g\u00e9nero, sobre actitudes&nbsp; relacionadas con la ciudadan\u00eda global, la prevenci\u00f3n de la violencia o la sostenibilidad. De nuevo, la participaci\u00f3n en comunidades lectoras aportar\u00e1 valor&nbsp; a\u00f1adido a este respecto.&nbsp;<\/span><\/p>\n<p><span style=\"font-weight: 400\">Se propone trabajar en el aula a partir de una selecci\u00f3n de obras o textos&nbsp; literarios adecuados a los intereses y necesidades infantiles, en distintos&nbsp; soportes, que se presentar\u00e1n organizados en torno a itinerarios lectores, en&nbsp; funci\u00f3n de distintos criterios (tem\u00e1ticos, por g\u00e9nero literario, etc.) para que el&nbsp; alumnado pueda establecer relaciones entre ellos y vaya construyendo, a\u00fan de&nbsp; manera incipiente, un mapa literario. Estos textos, adem\u00e1s de ser el punto de&nbsp; partida para distintas actividades (escucha de textos; lectura guiada,&nbsp; acompa\u00f1ada y aut\u00f3noma, silenciosa o en voz alta, con la entonaci\u00f3n y el ritmo&nbsp; adecuados; lectura dramatizada, recitado, juegos ret\u00f3ricos, etc.), servir\u00e1n&nbsp; tambi\u00e9n como modelo para la creaci\u00f3n de textos con intenci\u00f3n l\u00fadica, art\u00edstica y&nbsp; creativa y para establecer di\u00e1logos con otras manifestaciones art\u00edsticas y&nbsp; culturales.&nbsp;<\/span><\/p>\n<p><span style=\"font-weight: 400\">Esta competencia espec\u00edfica se conecta con los siguientes descriptores del <\/span><i><span style=\"font-weight: 400\">Perfil&nbsp; de salida<\/span><\/i><span style=\"font-weight: 400\">: CCL1, CCL2, CCL4, CPSAA1, CPSAA3, CPSAA5, CCEC1, CCEC2,&nbsp; CCEC3, CCEC4.<\/span><\/p>\n<ol start=\"9\">\n<li><b> Reflexionar de forma guiada sobre el lenguaje a partir de procesos de&nbsp; producci\u00f3n y comprensi\u00f3n de textos en contextos significativos,&nbsp; utilizando la terminolog\u00eda elemental adecuada para iniciarse en el&nbsp; desarrollo de la conciencia ling\u00fc\u00edstica y mejorar las destrezas de&nbsp; producci\u00f3n y comprensi\u00f3n oral y escrita.&nbsp;<\/b><\/li>\n<\/ol>\n<p><span style=\"font-weight: 400\">Las primeras reflexiones sobre el lenguaje deben partir del conocimiento intuitivo&nbsp; que el alumnado tiene como usuario de una lengua y deben producirse siempre&nbsp; de manera significativa, en contextos de producci\u00f3n y comprensi\u00f3n de textos,&nbsp; nunca como un proceso aislado. Con el acompa\u00f1amiento debido, que ir\u00e1&nbsp; proporcionando un nivel progresivo de autonom\u00eda, se propiciar\u00e1 la manipulaci\u00f3n&nbsp; de palabras, enunciados o textos, para que el alumnado aprecie en qu\u00e9 medida&nbsp; los cambios producidos afectan al texto, mejorando o perjudicando su&nbsp; comprensi\u00f3n. Se observar\u00e1n as\u00ed diferentes relaciones de forma, funci\u00f3n y&nbsp; significado entre las palabras o los grupos de palabras. A partir de ah\u00ed, se podr\u00e1n&nbsp; formular hip\u00f3tesis, buscar ejemplos y contraejemplos, establecer contrastes y&nbsp; comparaciones, etc. con el fin de formular generalizaciones que establecer\u00e1n&nbsp; puentes entre el uso y el conocimiento ling\u00fc\u00edstico sistem\u00e1tico desde edades&nbsp; tempranas, primero utilizando un lenguaje com\u00fan, m\u00e1s cercano a la realidad del&nbsp; escolar, para despu\u00e9s ir introduciendo de manera progresiva la terminolog\u00eda&nbsp; espec\u00edfica.&nbsp;<\/span><\/p>\n<p><span style=\"font-weight: 400\">Otras v\u00edas de reflexi\u00f3n pueden surgir a partir de la observaci\u00f3n de las diferencias&nbsp; entre la lengua oral y escrita, entre las distintas tipolog\u00edas textuales y g\u00e9neros&nbsp; discursivos, o mediante la iniciaci\u00f3n en el contraste interling\u00fc\u00edstico. En definitiva,&nbsp; se trata de estimular la reflexi\u00f3n ling\u00fc\u00edstica ajustada a las limitadas posibilidades&nbsp; de abstracci\u00f3n de estas edades y vinculada a los usos reales, que inicie la&nbsp; construcci\u00f3n de los conocimientos sobre la lengua que resultar\u00e1n&nbsp; imprescindibles para un mejor uso y una comunicaci\u00f3n m\u00e1s eficaz.&nbsp;<\/span><\/p>\n<p><span style=\"font-weight: 400\">Esta competencia espec\u00edfica se conecta con los siguientes descriptores del <\/span><i><span style=\"font-weight: 400\">Perfil&nbsp; de salida<\/span><\/i><span style=\"font-weight: 400\">: CCL1, CCL2, CP2, STEM1, CPSAA4, CPSAA5.&nbsp;<\/span><\/p>\n<ol start=\"10\">\n<li><b> Poner las propias pr\u00e1cticas comunicativas al servicio de la convivencia&nbsp; democr\u00e1tica utilizando un lenguaje no discriminatorio y detectando y&nbsp; rechazando los abusos de poder a trav\u00e9s de la palabra para favorecer&nbsp; un uso no solo eficaz sino tambi\u00e9n \u00e9tico del lenguaje.&nbsp;<\/b><\/li>\n<\/ol>\n<p><span style=\"font-weight: 400\">Iniciarse en la adquisici\u00f3n de esta competencia implica iniciar un aprendizaje&nbsp; cuyo resultado sea formar personas, no solo eficaces a la hora de comunicarse,&nbsp; sino que pongan las palabras al servicio de unos objetivos alineados con un&nbsp; imperativo \u00e9tico: erradicar los usos discriminatorios y manipuladores del&nbsp; lenguaje, as\u00ed como los abusos de poder a trav\u00e9s de la palabra.&nbsp;&nbsp;<\/span><\/p>\n<p><span style=\"font-weight: 400\">En el \u00e1mbito de la comunicaci\u00f3n personal, la educaci\u00f3n ling\u00fc\u00edstica debe ayudar&nbsp; a forjar relaciones interpersonales basadas en la empat\u00eda y el respeto, que&nbsp; tengan en cuenta la perspectiva de g\u00e9nero. Para ello, se deben brindar&nbsp; herramientas para la escucha activa, la comunicaci\u00f3n asertiva, la deliberaci\u00f3n&nbsp; argumentada y la resoluci\u00f3n dialogada de los conflictos. En el \u00e1mbito escolar y&nbsp; social, la educaci\u00f3n ling\u00fc\u00edstica debe capacitar para tomar la palabra en el&nbsp; ejercicio de una ciudadan\u00eda activa y comprometida en la construcci\u00f3n de&nbsp; sociedades m\u00e1s equitativas, m\u00e1s democr\u00e1ticas y m\u00e1s responsables en relaci\u00f3n&nbsp; a los grandes desaf\u00edos que como humanidad tenemos planteados: la&nbsp;<\/span><span style=\"font-weight: 400\">sostenibilidad del planeta, las infinitas violencias \u2014en particular, la violencia de&nbsp; g\u00e9nero\u2014, la lucha contra la desigualdad, entre otros.&nbsp;<\/span><\/p>\n<p><span style=\"font-weight: 400\">Esta competencia espec\u00edfica se conecta con los siguientes descriptores del <\/span><i><span style=\"font-weight: 400\">Perfil&nbsp; de salida<\/span><\/i><span style=\"font-weight: 400\">: CCL5, CPSAA3, CC2, CC3.&nbsp;<\/span><\/p>\n<p>&nbsp;<\/p>\n<p>&nbsp;<\/p>\n<p>&nbsp;<\/p>\n<table class=\" aligncenter\" style=\"width: 86.0169%;height: 4242px\">\n<tbody>\n<tr>\n<td style=\"width: 25.9534%;text-align: center\"><b>COMPETENCIAS CLAVES<\/b><\/td>\n<td style=\"width: 66.9492%\">\n<p style=\"text-align: center\"><b>DESCRIPTORES<\/b><b>&nbsp;<\/b><\/p>\n<\/td>\n<\/tr>\n<tr>\n<td style=\"width: 25.9534%;text-align: center\"><span style=\"font-weight: 400\">Competencia en comunicaci\u00f3n ling\u00fc\u00edstica<\/span><\/p>\n<p><span style=\"font-weight: 400\">Competencia pluriling\u00fce<\/span><\/td>\n<td style=\"width: 66.9492%\">\n<ul>\n<li><span style=\"font-weight: 400\">1.1.1 Comprensi\u00f3n oral en general.<\/span><\/li>\n<li><span style=\"font-weight: 400\">1.2.1 Comprender conferencias y presentaciones.<\/span><\/li>\n<li><span style=\"font-weight: 400\">1.2.2 Comprender anuncios e instrucciones.<\/span><\/li>\n<li><span style=\"font-weight: 400\">\u200b\u200b1.2.3 Comprender documentos orales (o signados) y grabaciones.<\/span><\/li>\n<li><span style=\"font-weight: 400\">1.3.1. Comprender conversaciones entre otras personas.<\/span><\/li>\n<li><span style=\"font-weight: 400\">1.4.1 Ver televisi\u00f3n, cine y v\u00eddeos<\/span><\/li>\n<li><span style=\"font-weight: 400\">2.1.1. Comprensi\u00f3n de lectura en general.<\/span><\/li>\n<li><span style=\"font-weight: 400\">2.2.1. Leer correspondencia.<\/span><\/li>\n<li><span style=\"font-weight: 400\">2.2.2. Leer para orientarse.<\/span><\/li>\n<li><span style=\"font-weight: 400\">2.2.3. Leer en busca de informaci\u00f3n y argumentos.<\/span><\/li>\n<li><span style=\"font-weight: 400\">2.2.4. Leer instrucciones.<\/span><\/li>\n<li><span style=\"font-weight: 400\">2.3.1 Leer textos de g\u00e9neros literarios y&nbsp; extensi\u00f3n variables.<\/span><\/li>\n<li><span style=\"font-weight: 400\">3.1.1. Expresi\u00f3n oral en general.<\/span><\/li>\n<li><span style=\"font-weight: 400\">3.2.1. Describir experiencias.<\/span><\/li>\n<li><span style=\"font-weight: 400\">3.2.3. Dar y pedir informaci\u00f3n.<\/span><\/li>\n<li><span style=\"font-weight: 400\">3.2.4 Hablar en p\u00fablico (para exponer, argumentar o presentar).<\/span><\/li>\n<li><span style=\"font-weight: 400\">3.3.1. Interacci\u00f3n oral en general.<\/span><\/li>\n<li><span style=\"font-weight: 400\">3.3.2. Interactuar en conversaciones informales.<\/span><\/li>\n<li><span style=\"font-weight: 400\">3.3.3. Interactuar en conversaciones formales.<\/span><\/li>\n<li><span style=\"font-weight: 400\">3.3.4. Colaborar para alcanzar un objetivo.<\/span><\/li>\n<li><span style=\"font-weight: 400\">3.3.5. Interactuar para obtener bienes y servicios.<\/span><\/li>\n<li><span style=\"font-weight: 400\">3.3.6 Entrevistar y ser entrevistado\/a.<\/span><\/li>\n<li><span style=\"font-weight: 400\">3.3.7. Usar las telecomunicaciones.<\/span><\/li>\n<li><span style=\"font-weight: 400\">3.3.8 Interactuar para argumentar (partcipar en un debate)<\/span><\/li>\n<li><span style=\"font-weight: 400\">3.4.1. Resumir y explicar textos de forma oral o signada.<\/span><\/li>\n<li><span style=\"font-weight: 400\">3.4.2 Traducir un texto escrito de forma oral o signada.<\/span><\/li>\n<li><span style=\"font-weight: 400\">3.4.3. Expresar una reacci\u00f3n personal a textos creativos.<\/span><\/li>\n<li><span style=\"font-weight: 400\">3.4.4. Facilitar la interacci\u00f3n colaborativa entre compa\u00f1eros.<\/span><\/li>\n<li><span style=\"font-weight: 400\">3.4.5. Colaborar en la construcci\u00f3n de conocimiento en el trabajo en grupo.<\/span><\/li>\n<li><span style=\"font-weight: 400\">3.4.6 Liderar el trabajo en grupo gestionando la intreacci\u00f3n y fomentando el discurso para construir conocimiento.<\/span><\/li>\n<li><span style=\"font-weight: 400\">3.4.7&nbsp; Facilitar el espacio para el entendimiento pluricultural.<\/span><\/li>\n<li><span style=\"font-weight: 400\">3.4.8 Facilitar la comunicaci\u00f3n en situaciones delicadas o de desacuerdo.<\/span><\/li>\n<li><span style=\"font-weight: 400\">4.1.1. Expresi\u00f3n escrita en general.<\/span><\/li>\n<li><span style=\"font-weight: 400\">4.2.1. Escritura creativa: textos narrativos, l\u00edricos y dram\u00e1ticos.<\/span><\/li>\n<li><span style=\"font-weight: 400\">4.3.1. Interacci\u00f3n escrita en general.<\/span><\/li>\n<li><span style=\"font-weight: 400\">4.3.2 Escribir notas, mensajes y formularios<\/span><\/li>\n<li><span style=\"font-weight: 400\">4.3.3. Escribir correspondencia.<\/span><\/li>\n<li><span style=\"font-weight: 400\">4.4.1 Participar en conversaciones y discusiones en l\u00ednea.<\/span><\/li>\n<li><span style=\"font-weight: 400\">4.4.2. Colaborar y realizar transacciones en l\u00ednea para alcanzar un objetivo.<\/span><\/li>\n<li><span style=\"font-weight: 400\">4.5.1. Explicar datos por escrito.<\/span><\/li>\n<li><span style=\"font-weight: 400\">4.5.2 Resumir y explicar textos por escrito.<\/span><\/li>\n<li><span style=\"font-weight: 400\">4.5.3 Tomar notas (conferencias, seminarios, reuniones, etc.).<\/span><\/li>\n<li><span style=\"font-weight: 400\">4.5.4 Analizar de manera cr\u00edtica textos creativos (incluidos los literarios).<\/span><\/li>\n<li><span style=\"font-weight: 400\">5.1.1. Alcance ling\u00fc\u00edstico general.<\/span><\/li>\n<li><span style=\"font-weight: 400\">5.1.2. Alcance l\u00e9xico.<\/span><\/li>\n<li><span style=\"font-weight: 400\">5.1.3. Correcci\u00f3n gramatical.<\/span><\/li>\n<li><span style=\"font-weight: 400\">5.1.4. Control l\u00e9xico.<\/span><\/li>\n<li><span style=\"font-weight: 400\">5.1.5 Control fonol\u00f3gico en general.<\/span><\/li>\n<li><span style=\"font-weight: 400\">5.1.6 Articulaci\u00f3n de sonidos.<\/span><\/li>\n<li><span style=\"font-weight: 400\">5.1.7 Rasgos pros\u00f3dicos.<\/span><\/li>\n<li><span style=\"font-weight: 400\">5.1.8. Control ortogr\u00e1fico.<\/span><\/li>\n<li><span style=\"font-weight: 400\">5.2.1. Adecuaci\u00f3n socioling\u00fc\u00edstica.<\/span><\/li>\n<li><span style=\"font-weight: 400\">5.3.1. Flexibilidad.<\/span><\/li>\n<li><span style=\"font-weight: 400\">5.3.2 Turnos de palabra.<\/span><\/li>\n<li><span style=\"font-weight: 400\">5.3.3. Desarrollo tem\u00e1tico.<\/span><\/li>\n<li><span style=\"font-weight: 400\">5.3.4. Coherencia y cohesi\u00f3n.<\/span><\/li>\n<li><span style=\"font-weight: 400\">5.3.5. Precisi\u00f3n.<\/span><\/li>\n<li><span style=\"font-weight: 400\">5.3.6. Fluidez.<\/span><\/li>\n<li><span style=\"font-weight: 400\">5.4.1. Aprovechamiento del repertorio pluricultural.<\/span><\/li>\n<li><span style=\"font-weight: 400\">5.4.2 Comprensi\u00f3n pluriling\u00fce.<\/span><\/li>\n<li><span style=\"font-weight: 400\">5.4.3 Aprovechamiento del repertorio pluriling\u00fce.<\/span><\/li>\n<\/ul>\n<\/td>\n<\/tr>\n<tr>\n<td style=\"width: 25.9534%;text-align: center\"><span style=\"font-weight: 400\">Competencia digital<\/span><\/td>\n<td style=\"width: 66.9492%\">\n<ul>\n<li><span style=\"font-weight: 400\">1.1 Navegar, buscar y filtrar&nbsp; datos, informaci\u00f3n y contenidos digitales.<\/span><\/li>\n<li><span style=\"font-weight: 400\">1.2 Evaluar datos, informaci\u00f3n y&nbsp; contenidos digitales.<\/span><\/li>\n<li><span style=\"font-weight: 400\">1.3 Gesti\u00f3n de datos, informaci\u00f3n y&nbsp; contenidos digitales.<\/span><\/li>\n<li><span style=\"font-weight: 400\">2.1 Interactuar a trav\u00e9s de diferentes tecnolog\u00edas digitales y entender los medios de comunicaci\u00f3n digitales apropiados para un contexto determinado.<\/span><\/li>\n<li><span style=\"font-weight: 400\">2.2. Compartir datos, informaci\u00f3n y contenidos digitales con otros, a trav\u00e9s de las tecnolog\u00edas adecuadas. Hacer de intermediario y ser capaz de referenciar la informaci\u00f3n compartida.<\/span><\/li>\n<li><span style=\"font-weight: 400\">2.3 Participar en la sociedad a trav\u00e9s del uso de servicios digitales p\u00fablicos y privados. Buscar oportunidades de auto empoderamiento y para una ciudadan\u00eda participativa a trav\u00e9s de tecnolog\u00edas digitales apropiadas.<\/span><\/li>\n<li><span style=\"font-weight: 400\">2.4 Uso de herramientas y tecnolog\u00edas digitales en procesos colaborativos y para la co-construcci\u00f3n y la co-creaci\u00f3n de datos, recursos y conocimientos.<\/span><\/li>\n<li><span style=\"font-weight: 400\">2.5 Comportamiento&nbsp; en la red.<\/span><\/li>\n<li><span style=\"font-weight: 400\">2.6 Gesti\u00f3n de la&nbsp; identidad digital.<\/span><\/li>\n<li><span style=\"font-weight: 400\">3.1 Crear y editar contenidos digitales en formatos diferentes, expresarse uno mismo a trav\u00e9s de medios digitales.<\/span><\/li>\n<li><span style=\"font-weight: 400\">3.2 Integraci\u00f3n y&nbsp; reelaboraci\u00f3n de&nbsp; contenido digital.<\/span><\/li>\n<li><span style=\"font-weight: 400\">3.3 Derechos de&nbsp; autor (copyright) y licencias de propiedad intelectual.<\/span><\/li>\n<li><span style=\"font-weight: 400\">3.4 Programaci\u00f3n.<\/span><\/li>\n<li><span style=\"font-weight: 400\">4.1 Protecci\u00f3n de dispositivos.<\/span><\/li>\n<li><span style=\"font-weight: 400\">4.2 Protecci\u00f3n de datos personales y&nbsp; privacidad.<\/span><\/li>\n<li><span style=\"font-weight: 400\">4.3 Protecci\u00f3n de la salud y del bienestar.<\/span><\/li>\n<li><span style=\"font-weight: 400\">4.4. Protecci\u00f3n medioambiental.<\/span><\/li>\n<li><span style=\"font-weight: 400\">5.1 Resoluci\u00f3n de&nbsp; problemas t\u00e9cnicos.&nbsp;<\/span><\/li>\n<li><span style=\"font-weight: 400\">5.2 Identificaci\u00f3n de&nbsp; necesidades y respuestas tecnol\u00f3gicas.<\/span><\/li>\n<li><span style=\"font-weight: 400\">5.3 Uso creativo de&nbsp; la tecnolog\u00eda digital.<\/span><\/li>\n<li><span style=\"font-weight: 400\">5.4 Identificar lagunas en las competencias digitales.<\/span><\/li>\n<\/ul>\n<\/td>\n<\/tr>\n<tr>\n<td style=\"width: 25.9534%;text-align: center\"><span style=\"font-weight: 400\">Competencia de aprender a aprender<\/span><\/td>\n<td style=\"width: 66.9492%\">\n<ul>\n<li><span style=\"font-weight: 400\">1.1.1 Conoce, domina y emplea t\u00e9cnicas y estrategias para planificar una tarea o actividad, tales como la secuencia de pasos a desarrollar, el control del tiempo, anticipar las metas a alcanzar, o delimitar objetivos.<\/span><\/li>\n<li><span style=\"font-weight: 400\">1.1.2 Planifica, gestiona y utiliza las propias capacidades relativas a incorporar estrategias para memorizar la informaci\u00f3n, habilidades requeridas para responder a las demandas, demandar ayuda cuando lo necesite, seguir el orden necesario, aplicar t\u00e9cnicas de estudio como subrayado, elaboraci\u00f3n de esquemas, mapas mentales, uso de organizadores gr\u00e1ficos u otros.<\/span><\/li>\n<li><span style=\"font-weight: 400\">1.1.3 Establece estrategias y recursos eficientes para culminar una tarea, tales como revisar la tarea, comprobar los tiempos, asegurarse de responder a todo lo que se pregunta, ofrecer una s\u00edntesis o conclusi\u00f3n cuando sea necesario, entregar la tarea en el lugar y tiempo adecuados&#8230;<\/span><\/li>\n<li><span style=\"font-weight: 400\">1.2.1. Domina estrategias&nbsp; para buscar informaci\u00f3n&nbsp; de diversas fuentes tales&nbsp; como p\u00e1ginas webs, referencias bibliogr\u00e1ficas,&nbsp; citas, libros de texto, bibliotecas&#8230;, teniendo en&nbsp; cuenta la validez y fiabilidad de las mismas.<\/span><\/li>\n<li><span style=\"font-weight: 400\">1.2.2. Identifica y extrae las&nbsp; ideas y los datos principales de los textos realizando un an\u00e1lisis&nbsp; comparativo de las informaciones diversas que pueda encontrar para&nbsp; tomar decisiones adecuadas.<\/span><\/li>\n<li><span style=\"font-weight: 400\">1.2.3.Sintetiza y elabora la informaci\u00f3n para extraer conclusiones l\u00f3gicas de ella.<\/span><\/li>\n<li><span style=\"font-weight: 400\">1.2.4.Es capaz de formarse una opini\u00f3n propia, cr\u00edtica y l\u00f3gica, siendo consciente de los posibles sesgos y limitaciones que puedan tener los datos y las informaciones.<\/span><\/li>\n<li><span style=\"font-weight: 400\">1.2.5.Expresa las conclusiones de forma adecuada con diversos c\u00f3digos o lenguajes con vistas a la resoluci\u00f3n de tareas y problemas.<\/span><\/li>\n<li><span style=\"font-weight: 400\">1.3.1. Emplea las estrategias adecuadas para lograr aprendizajes<\/span><\/li>\n<li><span style=\"font-weight: 400\">significativos: Conectar con ideas previas, activar conocimientos previos, realizar analog\u00edas con lo ya aprendido, poner ejemplos de la vida real.<\/span><\/li>\n<li><span style=\"font-weight: 400\">1.3.2. Organiza los aprendizajes para generar ideas nuevas proponiendo hip\u00f3tesis, teor\u00edas, nuevas argumentaciones, invenciones creativas, dise\u00f1os innovadores o caminos alternativos para resolver problemas.<\/span><\/li>\n<li><span style=\"font-weight: 400\">1.3.3. Adapta y combina sus conocimientos para adaptar situaciones y tareas innovadoras.<\/span><\/li>\n<li><span style=\"font-weight: 400\">1.4.1. Utiliza estrategias cognitivas que le permiten identificar patrones de respuesta, modelos o similitudes, en la forma de resolver tareas.<\/span><\/li>\n<li><span style=\"font-weight: 400\">1.4.2 Localiza puntos cr\u00edticos en diferentes tipos de tareas, en los que<\/span><\/li>\n<li><span style=\"font-weight: 400\">necesita incorporar recursos o estrategias concretas, solicitar ayuda o buscar recursos alternativos.<\/span><\/li>\n<li><span style=\"font-weight: 400\">1.4.3. Aplica los nuevos conocimientos y capacidades en situaciones parecidas y contextos diversos.<\/span><\/li>\n<li><span style=\"font-weight: 400\">2.1.1. Conocer e interpretar correctamente lo que debe realizar en la tarea o actividad planteada y reflexionar sobre las habilidades que debe poner en juego para resolverla.<\/span><\/li>\n<li><span style=\"font-weight: 400\">2.2.1. Identifica las propias habilidades, recursos y experiencias vinculadas a las posibilidades y limitaciones respecto a una o varias tareas.<\/span><\/li>\n<li><span style=\"font-weight: 400\">2.2.2. Reflexiona y valora las propias habilidades, recursos y experiencias<\/span><\/li>\n<li><span style=\"font-weight: 400\">vinculadas a las posibilidades y<\/span><\/li>\n<li><span style=\"font-weight: 400\">limitaciones respecto a una o varias tareas.<\/span><\/li>\n<li><span style=\"font-weight: 400\">2.3.1. Identifica los procedimientos, estrategias y recursos empleados en una o varias tareas, y reflexiona sobre las dificultades encontradas en su aplicaci\u00f3n.<\/span><\/li>\n<li><span style=\"font-weight: 400\">2.3.2 Reflexiona sobre la&nbsp; naturaleza de los procedimientos y recursos&nbsp; m\u00e1s adecuados o eficientes y es capaz de&nbsp; seleccionarlos para resolver, con \u00e9xito y empleando eficazmente el&nbsp; tiempo, una o varias tareas.<\/span><\/li>\n<li><span style=\"font-weight: 400\">2.4.1. Conoce y comprende&nbsp; la necesidad de monitoreo&nbsp; y de regulaci\u00f3n &nbsp; metacognitiva.<\/span><\/li>\n<li><span style=\"font-weight: 400\">2.4.2. Supervisa conscientemente, de forma&nbsp; activa y adecuada las&nbsp; propias operaciones y&nbsp; procesos mentales.&nbsp;<\/span><\/li>\n<li><span style=\"font-weight: 400\">2.4.3. Gu\u00eda y readapta&nbsp; eficazmente las propias&nbsp; operaciones y procesos&nbsp; mentales.&nbsp;<\/span><\/li>\n<li><span style=\"font-weight: 400\">A.2.5.1. Es consciente de los aprendizajes que ha adquirido durante la realizaci\u00f3n de tareas, reconociendo los elementos m\u00e1s destacados o relevantes y conect\u00e1ndolos con aprendizajes anteriores.<\/span><\/li>\n<li><span style=\"font-weight: 400\">2.5.2. Reflexiona sobre la funcionalidad o utilidad de los aprendizajes que ha realizado, siendo capaz de reconocer situaciones de la vida real en los que podr\u00eda llevarlos a la pr\u00e1ctica.<\/span><\/li>\n<li><span style=\"font-weight: 400\">3.1.1. Entiende y valora el proceso de aprendizaje continuo como un medio para alcanzar diversas metas.<\/span><\/li>\n<li><span style=\"font-weight: 400\">3.1.2. Conoce, entiende y valora su nivel de competencia para abordar una o varias tareas (autoeficiencia).&nbsp;<\/span><\/li>\n<li><span style=\"font-weight: 400\">3.1.3. Comprende e interpreta los errores y fracasos como una parte de su aprendizaje.<\/span><\/li>\n<li><span style=\"font-weight: 400\">3.2.1. Conoce las emociones y las identifica&nbsp; tanto en s\u00ed mismo como en&nbsp; terceros.<\/span><\/li>\n<li><span style=\"font-weight: 400\">3.2.2. Comprende y maneja&nbsp; con \u00e9xito las emociones,&nbsp; tanto propias como de&nbsp; terceros.<\/span><\/li>\n<li><span style=\"font-weight: 400\">3.2.3. Controla y expresa&nbsp; con \u00e9xito las propias emociones.<\/span><\/li>\n<li><span style=\"font-weight: 400\">3.3.1. Es capaz de regular,&nbsp; inhibir y controlar su propia conducta.<\/span><\/li>\n<li><span style=\"font-weight: 400\">3.3.2. Utiliza el lenguaje&nbsp; interior para regular su&nbsp; conducta.<\/span><\/li>\n<li><span style=\"font-weight: 400\">3.4.1. Conoce e interioriza las habilidades y estrategias sociales necesarias para aprender mediante la interacci\u00f3n con terceros.<\/span><\/li>\n<li><span style=\"font-weight: 400\">3.4.2. Utiliza las habilidades y estrategias sociales necesarias para aprender mediante la interacci\u00f3n con terceros.<\/span><\/li>\n<\/ul>\n<\/td>\n<\/tr>\n<\/tbody>\n<\/table>\n","protected":false},"excerpt":{"rendered":"<p>Lengua castellana y Literatura&nbsp; El curr\u00edculo de Lengua castellana y Literatura se dise\u00f1a con la vista puesta en el&nbsp; Perfil de salida del alumnado al&hellip;<\/p>\n","protected":false},"author":8383,"featured_media":0,"parent":0,"menu_order":0,"comment_status":"closed","ping_status":"closed","template":"","meta":{"ngg_post_thumbnail":0,"footnotes":""},"aioseo_notices":[],"_links":{"self":[{"href":"https:\/\/blogsaverroes.juntadeandalucia.es\/rutapoesia\/wp-json\/wp\/v2\/pages\/331"}],"collection":[{"href":"https:\/\/blogsaverroes.juntadeandalucia.es\/rutapoesia\/wp-json\/wp\/v2\/pages"}],"about":[{"href":"https:\/\/blogsaverroes.juntadeandalucia.es\/rutapoesia\/wp-json\/wp\/v2\/types\/page"}],"author":[{"embeddable":true,"href":"https:\/\/blogsaverroes.juntadeandalucia.es\/rutapoesia\/wp-json\/wp\/v2\/users\/8383"}],"replies":[{"embeddable":true,"href":"https:\/\/blogsaverroes.juntadeandalucia.es\/rutapoesia\/wp-json\/wp\/v2\/comments?post=331"}],"version-history":[{"count":10,"href":"https:\/\/blogsaverroes.juntadeandalucia.es\/rutapoesia\/wp-json\/wp\/v2\/pages\/331\/revisions"}],"predecessor-version":[{"id":374,"href":"https:\/\/blogsaverroes.juntadeandalucia.es\/rutapoesia\/wp-json\/wp\/v2\/pages\/331\/revisions\/374"}],"wp:attachment":[{"href":"https:\/\/blogsaverroes.juntadeandalucia.es\/rutapoesia\/wp-json\/wp\/v2\/media?parent=331"}],"curies":[{"name":"wp","href":"https:\/\/api.w.org\/{rel}","templated":true}]}}