{"id":1033,"date":"2024-06-03T15:43:40","date_gmt":"2024-06-03T13:43:40","guid":{"rendered":"https:\/\/blogsaverroes.juntadeandalucia.es\/sanfelipeneri\/?page_id=1033"},"modified":"2025-12-10T17:18:20","modified_gmt":"2025-12-10T16:18:20","slug":"c-f-g-s-tecnico-superior-en-quimica-y-salud-ambiental","status":"publish","type":"page","link":"https:\/\/blogsaverroes.juntadeandalucia.es\/sanfelipeneri\/ciclos-formativos\/c-f-g-s-tecnico-superior-en-quimica-y-salud-ambiental\/","title":{"rendered":"C.F.G.S. T\u00c9CNICO SUPERIOR EN QU\u00cdMICA Y SALUD AMBIENTAL"},"content":{"rendered":"<p data-start=\"270\" data-end=\"476\">Este <b class=\"Yjhzub\" data-processed=\"true\">Ciclo Formativo de Grado Superior en Qu\u00edmica y Salud Ambiental<\/b>&nbsp;capacita a profesionales para intervenir en la <strong data-start=\"329\" data-end=\"473\">prevenci\u00f3n, vigilancia y control de los factores ambientales que pueden afectar a la salud de las personas y al equilibrio del medio natural<\/strong>.<\/p>\n<p data-start=\"478\" data-end=\"709\">Las personas tituladas ejercen su actividad en <strong data-start=\"525\" data-end=\"578\">sectores productivos potencialmente contaminantes<\/strong> y en <strong data-start=\"584\" data-end=\"636\">servicios de la administraci\u00f3n p\u00fablica y privada<\/strong> relacionados con la salud, la seguridad ambiental y la sostenibilidad.<\/p>\n<p data-start=\"478\" data-end=\"709\"><div class=\"osc-res-tab tabbable   osc-tabs-left\"><div style=\"clear:both;width: 100%;\"><ul class=\"nav osc-res-nav nav-pills osc-tabs-left-ul\" id=\"oscitas-restabs-1-c-f-g-s-tecnico-superior-en-quimica-y-salud-ambiental-12094\"><li class=\"active\"><a href=\"#ert_pane1-0\" data-toggle=\"tab\">Salidas profesionales<\/a><\/li><li class=\"\"><a href=\"#ert_pane1-1\" data-toggle=\"tab\">Duraci\u00f3n y organizaci\u00f3n de la formaci\u00f3n<\/a><\/li><li class=\"\"><a href=\"#ert_pane1-2\" data-toggle=\"tab\">Competencias profesionales<\/a><\/li><li class=\"\"><a href=\"#ert_pane1-3\" data-toggle=\"tab\">Informaci\u00f3n adicional<\/a><\/li><\/ul><\/div><div style=\"clear:both;width: 100%;\"><ul class=\"tab-content\" id=\"oscitas-restabcontent-1-c-f-g-s-tecnico-superior-en-quimica-y-salud-ambiental-12094\"><li class=\"tab-pane active\" id=\"ert_pane1-0\"><p data-start=\"743\" data-end=\"1000\">&nbsp;<\/p>\n<p data-start=\"743\" data-end=\"1000\">El perfil profesional de este ciclo formativo es muy vers\u00e1til. Los titulados y tituladas pueden ocupar puestos como:<\/p>\n<ul>\n<li>T\u00e9cnica \/ t\u00e9cnico en gesti\u00f3n ambiental.<\/li>\n<li>Coordinador \/ coordinadora de sistemas de gesti\u00f3n ambiental<\/li>\n<li>Programador \/ programadora de actividades ambientales.<\/li>\n<li>Documentalista ambiental.<\/li>\n<li>T\u00e9cnica \/ t\u00e9cnico de control sanitario (alimentos, aguas, atm\u00f3sfera, residuos\u2026).<\/li>\n<li>T\u00e9cnica \/ t\u00e9cnico de control de contaminaci\u00f3n atmosf\u00e9rica.<\/li>\n<li>T\u00e9cnica \/ t\u00e9cnico de control de contaminaci\u00f3n ac\u00fastica.<\/li>\n<li>T\u00e9cnica \/ t\u00e9cnico de control de organismos nocivos.<\/li>\n<li>T\u00e9cnica \/ t\u00e9cnico en control de plagas en el medio urbano y entorno natural asociado.<\/li>\n<li>Comercial de informaci\u00f3n de productos biocidas y fitosanitarios<\/li>\n<\/ul>\n<p>Puedes trabajar en el \u00e1mbito sanitario, tanto p\u00fablico como privado, en \u00e1reas de salud p\u00fablica, en sectores productivos potencialmente contaminadores, y en la administraci\u00f3n nacional, auton\u00f3mica y local en servicios relacionados con la salud y\/o el medio ambiente.<\/p>\n<p data-start=\"478\" data-end=\"709\"><\/li><li class=\"tab-pane \" id=\"ert_pane1-1\"><p data-start=\"478\" data-end=\"709\">&nbsp;<\/p>\n<p data-start=\"1985\" data-end=\"2182\">El ciclo tiene una duraci\u00f3n de <strong data-start=\"2016\" data-end=\"2041\">dos cursos acad\u00e9micos<\/strong> (un total de <strong data-start=\"2055\" data-end=\"2070\">2.000 horas<\/strong>).<\/p>\n<p data-start=\"1985\" data-end=\"2182\">&nbsp;<\/p>\n<p data-start=\"2184\" data-end=\"2236\">Los m\u00f3dulos se distribuyen de la siguiente manera:<\/p>\n<h4 data-start=\"2238\" data-end=\"2259\"><strong data-start=\"2243\" data-end=\"2259\">Primer curso<\/strong><\/h4>\n<ul data-start=\"2260\" data-end=\"2635\">\n<li>Contaminaci\u00f3n ambiental y atmosf\u00e9rica<\/li>\n<li>Control de aguas<\/li>\n<li>Control de residuos&nbsp;<\/li>\n<li>Itinerario personal para la Empleabilidad I&nbsp;<\/li>\n<li>Sistemas de gesti\u00f3n ambiental&nbsp;<\/li>\n<li>Unidad de salud ambiental&nbsp;<\/li>\n<li>Digitalizaci\u00f3n aplicada a los Sectores Productivos<\/li>\n<li>Sostenibilidad aplicada al Sistema Productivo<\/li>\n<\/ul>\n<h4 data-start=\"2637\" data-end=\"2659\">&nbsp;<\/h4>\n<h4 data-start=\"2637\" data-end=\"2659\"><strong data-start=\"2642\" data-end=\"2659\">Segundo curso<\/strong><\/h4>\n<ul style=\"list-style-type: disc\" data-start=\"2660\" data-end=\"2997\">\n<li>Control de organismos nocivos&nbsp;<\/li>\n<li data-start=\"2767\" data-end=\"2832\">Control y seguridad alimentaria<\/li>\n<li>Educaci\u00f3n para la salud y el medio ambiente&nbsp;<\/li>\n<li data-start=\"2833\" data-end=\"2888\">Salud y riesgos del Medio Construido<\/li>\n<li data-start=\"2833\" data-end=\"2888\">Itinerario personal para la Empleabilidad II<\/li>\n<li data-start=\"2947\" data-end=\"2997\">Ingl\u00e9s Profesional<\/li>\n<li data-start=\"2947\" data-end=\"2997\">Optativa: An\u00e1lisis qu\u00edmico, microbiol\u00f3gico y sensorial de los alimentos<\/li>\n<li data-start=\"2947\" data-end=\"2997\">Proyecto Intermodular de Qu\u00edmica y Salud Ambiental<\/li>\n<\/ul>\n<blockquote data-start=\"2999\" data-end=\"3235\">\n<p data-start=\"3001\" data-end=\"3235\">&nbsp;<\/p>\n<\/blockquote>\n<p data-start=\"478\" data-end=\"709\"><\/li><li class=\"tab-pane \" id=\"ert_pane1-2\"><p data-start=\"478\" data-end=\"709\">&nbsp;<\/p>\n<p data-start=\"3274\" data-end=\"3339\">Al finalizar estos estudios, el alumnado estar\u00e1 preparado para:<\/p>\n<ul data-start=\"3340\" data-end=\"3776\">\n<li>Gestionar unidades de salud ambiental y la documentaci\u00f3n normativa de sistemas de gesti\u00f3n ambiental aplicando planes de control, vigilancia y seguridad.<\/li>\n<li>Evaluar la coherencia y la fiabilidad de los resultados obtenidos en controles y an\u00e1lisis medioambientales, validando los datos obtenidos.<\/li>\n<li>Promover h\u00e1bitos saludables en las personas, participando en el desarrollo de programas de educaci\u00f3n ambiental y promoci\u00f3n de salud.<\/li>\n<li>Obtener y conservar muestras seg\u00fan protocolos espec\u00edficos, aplicando procedimientos normalizados.<\/li>\n<li>Verificar el funcionamiento de los equipos de control, de tratamiento y de an\u00e1lisis, realizando el mantenimiento de primer nivel de tratamiento y an\u00e1lisis.<\/li>\n<\/ul>\n<p data-start=\"478\" data-end=\"709\"><\/li><li class=\"tab-pane \" id=\"ert_pane1-3\"><p><strong>Despu\u00e9s puedes seguir estudiando:<\/strong><\/p>\n<ul>\n<li>Curso de Especializaci\u00f3n de FP<\/li>\n<li>Ciclo Formativo de FP: con la posibilidad de convalidar m\u00f3dulos profesionales (consulta la normativa vigente)<\/li>\n<li>Grado Universitario: con la posibilidad de convalidar m\u00f3dulos profesionales (consulta la normativa vigente)<\/li>\n<\/ul>\n<p>\u00c1mbito de conocimiento universitario:<\/p>\n<ul>\n<li>Bioqu\u00edmica y biotecnolog\u00eda<\/li>\n<li>Ciencias biom\u00e9dicas<\/li>\n<li>Ciencias medioambientales y ecolog\u00eda<\/li>\n<li>Derecho y especialidades jur\u00eddicas<\/li>\n<li>Farmacia<\/li>\n<li>Qu\u00edmica<\/li>\n<li>Ingenier\u00eda industrial, ingenier\u00eda mec\u00e1nica, ingenier\u00eda autom\u00e1tica, ingenier\u00eda de la organizaci\u00f3n industrial e ingenier\u00eda de la navegaci\u00f3n<\/li>\n<li>Ingenier\u00eda qu\u00edmica, ingenier\u00eda de los materiales e ingenier\u00eda del medio natural<\/li>\n<\/ul>\n<p>&nbsp;<\/p>\n<p data-start=\"3810\" data-end=\"3848\">Puedes consultar m\u00e1s informaci\u00f3n en:<\/p>\n<ul data-start=\"3849\" data-end=\"3904\">\n<li data-start=\"3849\" data-end=\"3881\">\n<p data-start=\"3851\" data-end=\"3881\"><a class=\"decorated-link\" href=\"#\" rel=\"noopener\" data-start=\"3851\" data-end=\"3879\">Todo FP Andaluc\u00eda \u2013 QSA<\/a><\/p>\n<\/li>\n<li data-start=\"3882\" data-end=\"3904\">\n<p data-start=\"3884\" data-end=\"3904\"><a class=\"decorated-link\" href=\"#\" rel=\"noopener\" data-start=\"3884\" data-end=\"3902\">Todo FP \u2013 QSA<\/a><\/p>\n<\/li>\n<\/ul>\n<p data-start=\"478\" data-end=\"709\"><\/li><\/ul><\/div><\/div>\n<p>&nbsp;<\/p>\n<div style=\"width: 1920px;\" class=\"wp-video\"><!--[if lt IE 9]><script>document.createElement('video');<\/script><![endif]-->\n<video class=\"wp-video-shortcode\" id=\"video-1033-1\" width=\"1920\" height=\"1080\" preload=\"metadata\" controls=\"controls\"><source type=\"video\/mp4\" src=\"https:\/\/blogsaverroes.juntadeandalucia.es\/sanfelipeneri\/files\/2024\/06\/VIDEO-CFS-QUI-Y-SYMA-IES-SAN-FELIPE-NERI-1-1-1.mp4?_=1\" \/><a href=\"https:\/\/blogsaverroes.juntadeandalucia.es\/sanfelipeneri\/files\/2024\/06\/VIDEO-CFS-QUI-Y-SYMA-IES-SAN-FELIPE-NERI-1-1-1.mp4\">https:\/\/blogsaverroes.juntadeandalucia.es\/sanfelipeneri\/files\/2024\/06\/VIDEO-CFS-QUI-Y-SYMA-IES-SAN-FELIPE-NERI-1-1-1.mp4<\/a><\/video><\/div>\n","protected":false},"excerpt":{"rendered":"<p>Este Ciclo Formativo de Grado Superior en Qu\u00edmica y Salud Ambiental&nbsp;capacita a profesionales para intervenir en la prevenci\u00f3n, vigilancia y control de los factores ambientales que pueden afectar a la salud de las personas&#46;&#46;&#46;<\/p>\n","protected":false},"author":13459,"featured_media":6795,"parent":4383,"menu_order":0,"comment_status":"closed","ping_status":"closed","template":"","meta":{"_exactmetrics_skip_tracking":false,"_exactmetrics_sitenote_active":false,"_exactmetrics_sitenote_note":"","_exactmetrics_sitenote_category":0,"ngg_post_thumbnail":0,"footnotes":""},"aioseo_notices":[],"_links":{"self":[{"href":"https:\/\/blogsaverroes.juntadeandalucia.es\/sanfelipeneri\/wp-json\/wp\/v2\/pages\/1033"}],"collection":[{"href":"https:\/\/blogsaverroes.juntadeandalucia.es\/sanfelipeneri\/wp-json\/wp\/v2\/pages"}],"about":[{"href":"https:\/\/blogsaverroes.juntadeandalucia.es\/sanfelipeneri\/wp-json\/wp\/v2\/types\/page"}],"author":[{"embeddable":true,"href":"https:\/\/blogsaverroes.juntadeandalucia.es\/sanfelipeneri\/wp-json\/wp\/v2\/users\/13459"}],"replies":[{"embeddable":true,"href":"https:\/\/blogsaverroes.juntadeandalucia.es\/sanfelipeneri\/wp-json\/wp\/v2\/comments?post=1033"}],"version-history":[{"count":42,"href":"https:\/\/blogsaverroes.juntadeandalucia.es\/sanfelipeneri\/wp-json\/wp\/v2\/pages\/1033\/revisions"}],"predecessor-version":[{"id":7119,"href":"https:\/\/blogsaverroes.juntadeandalucia.es\/sanfelipeneri\/wp-json\/wp\/v2\/pages\/1033\/revisions\/7119"}],"up":[{"embeddable":true,"href":"https:\/\/blogsaverroes.juntadeandalucia.es\/sanfelipeneri\/wp-json\/wp\/v2\/pages\/4383"}],"wp:featuredmedia":[{"embeddable":true,"href":"https:\/\/blogsaverroes.juntadeandalucia.es\/sanfelipeneri\/wp-json\/wp\/v2\/media\/6795"}],"wp:attachment":[{"href":"https:\/\/blogsaverroes.juntadeandalucia.es\/sanfelipeneri\/wp-json\/wp\/v2\/media?parent=1033"}],"curies":[{"name":"wp","href":"https:\/\/api.w.org\/{rel}","templated":true}]}}