{"id":1088,"date":"2024-06-06T14:20:48","date_gmt":"2024-06-06T12:20:48","guid":{"rendered":"https:\/\/blogsaverroes.juntadeandalucia.es\/sanfelipeneri\/?page_id=1088"},"modified":"2025-12-10T18:49:37","modified_gmt":"2025-12-10T17:49:37","slug":"c-f-g-m-tecnico-en-mecanizado","status":"publish","type":"page","link":"https:\/\/blogsaverroes.juntadeandalucia.es\/sanfelipeneri\/ciclos-formativos\/c-f-g-m-tecnico-en-mecanizado\/","title":{"rendered":"C.F.G.M. T\u00c9CNICO EN MECANIZADO"},"content":{"rendered":"<p>Este <b>Ciclo Formativo de Grado Medio en Mecanizado<\/b> capacita a las personas tituladas para realizar <strong>procesos de mecanizado por arranque de viruta, conformado, abrasi\u00f3n, electroerosi\u00f3n y otros procedimientos especiales<\/strong>, utilizando maquinaria espec\u00edfica y aplicando controles de calidad.<\/p>\n<p>Las personas que obtienen este t\u00edtulo ejercen su actividad laboral en <strong>empresas de fabricaci\u00f3n mec\u00e1nica<\/strong>, especialmente en talleres donde se realizan operaciones de mecanizado y producci\u00f3n de piezas para distintos sectores industriales.<\/p>\n<div class=\"osc-res-tab tabbable   osc-tabs-left\"><div style=\"clear:both;width: 100%;\"><ul class=\"nav osc-res-nav nav-pills osc-tabs-left-ul\" id=\"oscitas-restabs-1-c-f-g-m-tecnico-en-mecanizado-11977\"><li class=\"active\"><a href=\"#ert_pane1-0\" data-toggle=\"tab\">Salidas profesionales<\/a><\/li><li class=\"\"><a href=\"#ert_pane1-1\" data-toggle=\"tab\">Duraci\u00f3n y organizaci\u00f3n de la formaci\u00f3n<\/a><\/li><li class=\"\"><a href=\"#ert_pane1-2\" data-toggle=\"tab\">Competencias profesionales<\/a><\/li><li class=\"\"><a href=\"#ert_pane1-3\" data-toggle=\"tab\">Informaci\u00f3n adicional<\/a><\/li><\/ul><\/div><div style=\"clear:both;width: 100%;\"><ul class=\"tab-content\" id=\"oscitas-restabcontent-1-c-f-g-m-tecnico-en-mecanizado-11977\"><li class=\"tab-pane active\" id=\"ert_pane1-0\"><p>&nbsp;<\/p>\n<p>Las principales ocupaciones y puestos de trabajo que puedes desempe\u00f1ar son:<\/p>\n<ul>\n<li>Ajustador operario \/ ajustadora operaria de m\u00e1quinas herramientas.<\/li>\n<li>Pulidor \/ pulidora de metales y afilador \/ afiladora de herramientas.<\/li>\n<li>Operador \/ operadora de m\u00e1quinas para trabajar metales.<\/li>\n<li>Operador \/ operadora de m\u00e1quinas herramientas.<\/li>\n<li>Operador \/ operadora de robots industriales.<\/li>\n<li>Trabajadores de la fabricaci\u00f3n de herramientas, mec\u00e1nicas \/ mec\u00e1nicos y ajustadoras \/ ajustadores, modelistas matriceros y asimilados.<\/li>\n<li>Tornera \/ tornero, fresador \/ fresadora y mandrinador \/ mandrinadora.<\/li>\n<\/ul>\n<p>Puedes trabajar en industrias transformadoras de metales, especialmente en subsectores relacionados con la construcci\u00f3n de maquinaria y equipo mec\u00e1nico, material y equipo el\u00e9ctrico, electr\u00f3nico y \u00f3ptico, as\u00ed como material de transporte, dentro del sector industrial.<\/p><\/li><li class=\"tab-pane \" id=\"ert_pane1-1\"><p>&nbsp;<\/p>\n<p>La formaci\u00f3n tiene una duraci\u00f3n de <strong>dos cursos acad\u00e9micos<\/strong> (un total de <strong>2.000 horas<\/strong>) e incluye formaci\u00f3n te\u00f3rica y pr\u00e1ctica.<\/p>\n<p>Los m\u00f3dulos se distribuyen de la siguiente manera:<\/p>\n<h4><strong>Primer curso<\/strong><\/h4>\n<ul>\n<li>Fabricaci\u00f3n por arranque de viruta&nbsp;<\/li>\n<li>Itinerario Personal para la Empleabilidad I&nbsp;<\/li>\n<li>Interpretaci\u00f3n gr\u00e1fica&nbsp;<\/li>\n<li>Mecanizado por control num\u00e9rico&nbsp;<\/li>\n<li>Procesos de mecanizado&nbsp;<\/li>\n<li>Digitalizaci\u00f3n aplicada a los Sectores Productivos<\/li>\n<li>Sostenibilidad aplicada al Sistema Productivo<\/li>\n<\/ul>\n<h4>&nbsp;<\/h4>\n<h4><strong>Segundo curso<\/strong><\/h4>\n<ul>\n<li>Fabricaci\u00f3n por abrasi\u00f3n, electroerosi\u00f3n, corte y conformado, y por procesos especiales<\/li>\n<li>Metrolog\u00eda y ensayos<\/li>\n<li>Sistemas automatizados<\/li>\n<li>Itinerario Personal para la Empleabilidad II<\/li>\n<li>Ingl\u00e9s Profesional<\/li>\n<li>Optativa: Estrategias Avanzadas en CAM y Manejo de M\u00e1quinas CNC en el Mecanizado Industrial<\/li>\n<li>Proyecto Intermodular<\/li>\n<\/ul><\/li><li class=\"tab-pane \" id=\"ert_pane1-2\"><p>&nbsp;<\/p>\n<p>Al finalizar estos estudios, el alumnado estar\u00e1 preparado para:<\/p>\n<ul>\n<li>Determinar procesos de mecanizado partiendo de informaci\u00f3n t\u00e9cnica.<\/li>\n<li>Preparar m\u00e1quinas y sistemas.<\/li>\n<li>Programar m\u00e1quinas herramientas de control num\u00e9rico (CNC), robots y manipuladores.<\/li>\n<li>Operar m\u00e1quinas herramientas de arranque de viruta, de conformado y especiales para obtener elementos mec\u00e1nicos, de acuerdo con las especificaciones definidas en planos de fabricaci\u00f3n.<\/li>\n<li>Verificar productos mecanizados.<\/li>\n<\/ul><\/li><li class=\"tab-pane \" id=\"ert_pane1-3\"><p>&nbsp;<\/p>\n<p><strong>Despu\u00e9s puedes seguir estudiando:<\/strong><\/p>\n<ul>\n<li>Cursos de especializaci\u00f3n profesional<\/li>\n<li>Otro ciclo de Formaci\u00f3n Profesional con la posibilidad de establecer convalidaciones de m\u00f3dulos profesionales de acuerdo a la normativa vigente.<\/li>\n<li>El Bachillerato en cualquiera de sus modalidades<\/li>\n<\/ul>\n<p>&nbsp;<\/p>\n<p>Puedes encontrar informaci\u00f3n detallada en:<\/p>\n<ul>\n<li><a class=\"decorated-link\" href=\"https:\/\/www.juntadeandalucia.es\/educacion\/portals\/web\/formacion-profesional-andaluza\/fp-grado-medio\/detalle-titulo?idTitulo=5\" target=\"_blank\" rel=\"noopener\">Todo FP Andaluc\u00eda \u2013 Mecanizado (MECA)<\/a><\/li>\n<li><a class=\"decorated-link\" href=\"https:\/\/todofp.es\/que-estudiar\/loe\/fabricacion-mecanica\/mecanizado.html\" target=\"_blank\" rel=\"noopener\">Todo FP \u2013 Mecanizado (MECA)<\/a><\/li>\n<\/ul><\/li><\/ul><\/div><\/div>\n","protected":false},"excerpt":{"rendered":"<p>Este Ciclo Formativo de Grado Medio en Mecanizado capacita a las personas tituladas para realizar procesos de mecanizado por arranque de viruta, conformado, abrasi\u00f3n, electroerosi\u00f3n y otros procedimientos especiales, utilizando maquinaria espec\u00edfica y aplicando&#46;&#46;&#46;<\/p>\n","protected":false},"author":13459,"featured_media":6790,"parent":4383,"menu_order":0,"comment_status":"closed","ping_status":"closed","template":"","meta":{"_exactmetrics_skip_tracking":false,"_exactmetrics_sitenote_active":false,"_exactmetrics_sitenote_note":"","_exactmetrics_sitenote_category":0,"ngg_post_thumbnail":0,"footnotes":""},"aioseo_notices":[],"_links":{"self":[{"href":"https:\/\/blogsaverroes.juntadeandalucia.es\/sanfelipeneri\/wp-json\/wp\/v2\/pages\/1088"}],"collection":[{"href":"https:\/\/blogsaverroes.juntadeandalucia.es\/sanfelipeneri\/wp-json\/wp\/v2\/pages"}],"about":[{"href":"https:\/\/blogsaverroes.juntadeandalucia.es\/sanfelipeneri\/wp-json\/wp\/v2\/types\/page"}],"author":[{"embeddable":true,"href":"https:\/\/blogsaverroes.juntadeandalucia.es\/sanfelipeneri\/wp-json\/wp\/v2\/users\/13459"}],"replies":[{"embeddable":true,"href":"https:\/\/blogsaverroes.juntadeandalucia.es\/sanfelipeneri\/wp-json\/wp\/v2\/comments?post=1088"}],"version-history":[{"count":9,"href":"https:\/\/blogsaverroes.juntadeandalucia.es\/sanfelipeneri\/wp-json\/wp\/v2\/pages\/1088\/revisions"}],"predecessor-version":[{"id":7121,"href":"https:\/\/blogsaverroes.juntadeandalucia.es\/sanfelipeneri\/wp-json\/wp\/v2\/pages\/1088\/revisions\/7121"}],"up":[{"embeddable":true,"href":"https:\/\/blogsaverroes.juntadeandalucia.es\/sanfelipeneri\/wp-json\/wp\/v2\/pages\/4383"}],"wp:featuredmedia":[{"embeddable":true,"href":"https:\/\/blogsaverroes.juntadeandalucia.es\/sanfelipeneri\/wp-json\/wp\/v2\/media\/6790"}],"wp:attachment":[{"href":"https:\/\/blogsaverroes.juntadeandalucia.es\/sanfelipeneri\/wp-json\/wp\/v2\/media?parent=1088"}],"curies":[{"name":"wp","href":"https:\/\/api.w.org\/{rel}","templated":true}]}}