{"id":1159,"date":"2024-06-09T17:03:44","date_gmt":"2024-06-09T15:03:44","guid":{"rendered":"https:\/\/blogsaverroes.juntadeandalucia.es\/sanfelipeneri\/?page_id=1159"},"modified":"2025-10-30T17:04:11","modified_gmt":"2025-10-30T16:04:11","slug":"departamento-de-orientacion","status":"publish","type":"page","link":"https:\/\/blogsaverroes.juntadeandalucia.es\/sanfelipeneri\/departamentos\/departamento-de-orientacion\/","title":{"rendered":"Orientaci\u00f3n"},"content":{"rendered":"<p>\u00a1Bienvenidos al Departamento de Orientaci\u00f3n del IES San Felipe Neri!&nbsp;<\/p>\n<p>En el Departamento de Orientaci\u00f3n, trabajamos para acompa\u00f1ar a los estudiantes en su proceso educativo, ofreciendo asesoramiento tanto acad\u00e9mico como personal. Nuestra labor incluye orientaci\u00f3n vocacional y profesional, apoyo psicol\u00f3gico y refuerzo educativo para aquellos alumnos\/as que necesiten ayuda adicional en su aprendizaje. Adem\u00e1s, colaboramos estrechamente con las familias y el equipo docente para crear un entorno inclusivo y adaptado a las necesidades de cada estudiante.<\/p>\n<p>Estamos aqu\u00ed para escucharte, guiarte y brindarte los recursos necesarios para afrontar los desaf\u00edos de cada etapa educativa y ayudarte a alcanzar tus objetivos personales y profesionales.<\/p>\n<hr>\n<div class=\"osc-res-tab tabbable   osc-tabs-left\"><div style=\"clear:both;width: 100%;\"><ul class=\"nav osc-res-nav nav-pills osc-tabs-left-ul\" id=\"oscitas-restabs-1-departamento-de-orientacion-80653\"><li class=\"active\"><a href=\"#ert_pane1-0\" data-toggle=\"tab\">Noticias<\/a><\/li><li class=\"\"><a href=\"#ert_pane1-1\" data-toggle=\"tab\">Profesorado<\/a><\/li><li class=\"\"><a href=\"#ert_pane1-2\" data-toggle=\"tab\">Programaciones <\/a><\/li><li class=\"\"><a href=\"#ert_pane1-3\" data-toggle=\"tab\">Otros recursos<\/a><\/li><\/ul><\/div><div style=\"clear:both;width: 100%;\"><ul class=\"tab-content\" id=\"oscitas-restabcontent-1-departamento-de-orientacion-80653\"><li class=\"tab-pane active\" id=\"ert_pane1-0\"><p>&nbsp;<\/p>\n<div class=\"pt-cv-wrapper\"><div class=\"pt-cv-view pt-cv-blockgrid iscvblock iscvhybrid list1 layout1\" id=\"pt-cv-view-cafb8a6413\"><div data-id=\"pt-cv-page-1\" class=\"pt-cv-page\" data-cvc=\"1\"><div class=\" pt-cv-content-item pt-cv-2-col\" ><div class=\"pt-cv-thumb-wrapper pull-left \"><a href=\"https:\/\/blogsaverroes.juntadeandalucia.es\/sanfelipeneri\/pruebas-libres-eso-y-bachillerato\/\" class=\"_self pt-cv-href-thumbnail pt-cv-thumb-left\" target=\"_self\" ><img loading=\"lazy\" decoding=\"async\" width=\"768\" height=\"221\" src=\"https:\/\/blogsaverroes.juntadeandalucia.es\/sanfelipeneri\/files\/2024\/12\/Captura-de-Pantalla-2024-12-16-a-las-18.16.33-768x221.png\" class=\"pt-cv-thumbnail pull-left\" alt=\"\" srcset=\"https:\/\/blogsaverroes.juntadeandalucia.es\/sanfelipeneri\/files\/2024\/12\/Captura-de-Pantalla-2024-12-16-a-las-18.16.33-768x221.png 768w, https:\/\/blogsaverroes.juntadeandalucia.es\/sanfelipeneri\/files\/2024\/12\/Captura-de-Pantalla-2024-12-16-a-las-18.16.33-300x86.png 300w, https:\/\/blogsaverroes.juntadeandalucia.es\/sanfelipeneri\/files\/2024\/12\/Captura-de-Pantalla-2024-12-16-a-las-18.16.33-1024x295.png 1024w, https:\/\/blogsaverroes.juntadeandalucia.es\/sanfelipeneri\/files\/2024\/12\/Captura-de-Pantalla-2024-12-16-a-las-18.16.33-1536x442.png 1536w, https:\/\/blogsaverroes.juntadeandalucia.es\/sanfelipeneri\/files\/2024\/12\/Captura-de-Pantalla-2024-12-16-a-las-18.16.33-2048x590.png 2048w\" sizes=\"(max-width: 768px) 100vw, 768px\" \/><\/a><\/div>\n<div class=\"pt-cv-colwrap\"><h4 class=\"pt-cv-title\"><a href=\"https:\/\/blogsaverroes.juntadeandalucia.es\/sanfelipeneri\/pruebas-libres-eso-y-bachillerato\/\" class=\"_self\" target=\"_self\" >Pruebas libres: ESO y Bachillerato<\/a><\/h4><div class=\"pt-cv-content\">Pruebas libres: ESO Pruebas libres: Bachillerato ...<br \/><div class=\"pt-cv-rmwrap\"><a href=\"https:\/\/blogsaverroes.juntadeandalucia.es\/sanfelipeneri\/pruebas-libres-eso-y-bachillerato\/\" class=\"_self pt-cv-readmore btn btn-success\" target=\"_self\">Leer M\u00e1s<\/a><\/div><\/div><\/div><\/div><\/div><\/div><\/div>\t\t\t<style type=\"text\/css\" id=\"pt-cv-inline-style-2096b16ay6\">\n#pt-cv-view-cafb8a6413 .pt-cv-thumb-wrapper:not(.miniwrap) { width: 50%; }#pt-cv-view-cafb8a6413 .pt-cv-thumbnail:not(.pt-cv-thumbnailsm) { height: 300px; }#pt-cv-view-cafb8a6413 > .pt-cv-page {grid-template-columns: repeat(1, 1fr);grid-gap: 15px;}\n@media all and (max-width: 1024px) { \n#pt-cv-view-cafb8a6413 > .pt-cv-page {grid-template-columns: repeat(1, 1fr);}\n} \n@media all and (max-width: 767px) { \n#pt-cv-view-cafb8a6413 > .pt-cv-page {grid-template-columns: repeat(1, 1fr);}\n} <\/style>\r\n\t\t\t<\/li><li class=\"tab-pane \" id=\"ert_pane1-1\"><table style=\"width: 100%;height: 400px\" border=\"10px solid rgb(255, 255, 255)\">\n<tbody>\n<tr style=\"height: 36px\">\n<td style=\"background-color: #c5cbe3;border: 10px solid #ffffff;width: 50%;height: 50px;text-align: center\">\n<p style=\"text-align: left\">Orientaci\u00f3n Educativa<\/p>\n<p><strong>Oca\u00f1a Cano, Mar\u00eda Teresa<\/strong><\/td>\n<td style=\"background-color: #c5cbe3;border: 10px solid #ffffff;width: 50%;height: 50px;text-align: center\">\n<p style=\"text-align: left\">Pedagog\u00eda Terap\u00e9utica<\/p>\n<p><strong>Barreno Moreno, Sandra<\/strong><\/td>\n<\/tr>\n<tr style=\"height: 24px\">\n<td style=\"background-color: #ffffff;border: 10px solid #ffffff;width: 50%;height: 50px;text-align: center\">\u2709\ufe0f <a href=\"mailto:mocacan936@g.educaand.es\">mocacan936@g.educaand.es<\/a><\/td>\n<td style=\"background-color: #ffffff;border: 10px solid #ffffff;width: 50%;height: 50px;text-align: center\">\u2709\ufe0f <a href=\"mailto:sbarmor247@g.educaand.es\">sbarmor247@g.educaand.es<\/a><\/td>\n<\/tr>\n<tr style=\"height: 36px\">\n<td style=\"border: 10px solid #ffffff;background-color: #c5cbe3;width: 50%;height: 50px;text-align: center\">\n<p style=\"text-align: left\">Pedagog\u00eda Terap\u00e9utica<\/p>\n<p style=\"text-align: center\"><strong>L\u00f3pez Ure\u00f1a, Luc\u00eda<\/strong><\/p>\n<\/td>\n<td style=\"border: 10px solid #ffffff;background-color: #c5cbe3;width: 50%;height: 50px\">\n<p style=\"text-align: left\">Pedagog\u00eda Terap\u00e9utica<\/p>\n<p style=\"text-align: center\"><strong>Quintanilla Gonz\u00e1lez, Raquel<\/strong><\/p>\n<\/td>\n<\/tr>\n<tr style=\"height: 96px\">\n<td style=\"background-color: #ffffff;border: 10px solid #ffffff;width: 50%;height: 50px;text-align: center\">\u2709\ufe0f<a href=\"mailto:jgardia405r@g.educaand.es\">jgardia405r@g.educaand.es<\/a><\/td>\n<td style=\"background-color: #ffffff;border: 10px solid #ffffff;width: 50%;height: 50px;text-align: center\">\u2709\ufe0f <a href=\"mailto:rquigon404@g.educaand.es\">rquigon404@g.educaand.es<\/a><\/td>\n<\/tr>\n<tr style=\"height: 36px\">\n<td style=\"border: 10px solid #ffffff;background-color: #c5cbe3;width: 50%;height: 50px\">\n<p style=\"text-align: left\">PTIS<\/p>\n<p style=\"text-align: center\"><strong>L\u00f3pez Escribano, M\u00aa Angustias<\/strong><\/p>\n<\/td>\n<td style=\"border: 10px solid #ffffff;background-color: #c5cbe3;width: 50%;height: 50px\">PTIS<\/p>\n<p style=\"text-align: center\"><strong>Pesta\u00f1a Moral, Carmen Mar\u00eda<\/strong><\/p>\n<\/td>\n<\/tr>\n<tr style=\"height: 24px\">\n<td style=\"background-color: #ffffff;border: 10px solid #ffffff;width: 50%;height: 50px;text-align: center\">\u2709\ufe0f <a href=\"mailto:mlopesc521@g.educaand.es\">mlopesc521@g.educaand.es<\/a><\/td>\n<td class=\"text-left cuerpo2Reducido celdaConEnlaces snc-col-8\" style=\"width: 50%\">\n<div class=\"d-block\" style=\"text-align: center\">\u2709\ufe0f <a href=\"mailto:%20cpesmor115@g.educaand.es\"><span class=\"texto-SNC \">cpesmor115@g.educaand.es<\/span><\/a><\/div>\n<\/td>\n<\/tr>\n<tr style=\"height: 36px\">\n<td style=\"border: 10px solid #ffffff;background-color: #c5cbe3;width: 50%;height: 50px\">\n<p style=\"text-align: left\">PTVAL<\/p>\n<p style=\"text-align: center\"><strong>Joyanes Amate, Josefa<\/strong><\/p>\n<\/td>\n<td style=\"border: 10px solid #ffffff;background-color: #c5cbe3;width: 50%;height: 50px\">\n<p style=\"text-align: left\">Apoyo Compensaci\u00f3n<\/p>\n<p style=\"text-align: center\"><strong>Quero de la Fuente, Elisabet<\/strong><\/p>\n<\/td>\n<\/tr>\n<tr style=\"height: 24px\">\n<td style=\"background-color: #ffffff;border: 10px solid #ffffff;width: 50%;height: 50px;text-align: center\">\u2709\ufe0f <a href=\"mailto:jjoyama215@g.educaand.es\">jjoyama215@g.educaand.es<\/a><\/td>\n<td class=\"text-left cuerpo2Reducido celdaConEnlaces snc-col-8\" style=\"width: 50%;text-align: center\">\u2709\ufe0f <a href=\"mailto:equefue438@g.educaand.es\">equefue438@g.educaand.es<\/a><\/td>\n<\/tr>\n<tr style=\"height: 36px\">\n<td style=\"background-color: #c5cbe3;border: 10px solid #ffffff;width: 50%;height: 50px;text-align: center\">\n<p style=\"text-align: left\">Apoyo Curric.Discap Motriz-Leng y Ccss<\/p>\n<p><strong>Barrera Barrera, Ana Mar\u00eda<\/strong><\/td>\n<td style=\"background-color: #ffffff;border: 10px solid #ffffff;width: 50%;height: 50px;text-align: center\">&nbsp;<\/td>\n<\/tr>\n<tr style=\"height: 36px\">\n<td style=\"background-color: #ffffff;border: 10px solid #ffffff;width: 50%;height: 50px;text-align: center\">\u2709\ufe0f <a href=\"mailto:abarbar354@g.educaand.es\">abarbar354@g.educaand.es<\/a><\/td>\n<td style=\"background-color: #ffffff;border: 10px solid #ffffff;width: 50%;height: 50px\">&nbsp;<\/td>\n<\/tr>\n<\/tbody>\n<\/table><\/li><li class=\"tab-pane \" id=\"ert_pane1-2\"><iframe src=\"https:\/\/drive.google.com\/embeddedfolderview?id=1B4op_7lyyZR3L3Nbf9P3G5neVu5FKT07#list\"><\/iframe><br \/><\/li><li class=\"tab-pane \" id=\"ert_pane1-3\"><iframe src=\"https:\/\/drive.google.com\/embeddedfolderview?id=1fNn1BQEMEuh0shQXQoOjzTuvL6KsPAad#list\"><\/iframe><br \/><\/li><\/ul><\/div><\/div>\n<p>&nbsp;<\/p>\n","protected":false},"excerpt":{"rendered":"<p>\u00a1Bienvenidos al Departamento de Orientaci\u00f3n del IES San Felipe Neri!&nbsp; En el Departamento de Orientaci\u00f3n, trabajamos para acompa\u00f1ar a los estudiantes en su proceso educativo, ofreciendo asesoramiento tanto acad\u00e9mico como personal. Nuestra labor incluye&#46;&#46;&#46;<\/p>\n","protected":false},"author":13459,"featured_media":2011,"parent":1407,"menu_order":0,"comment_status":"closed","ping_status":"closed","template":"","meta":{"_exactmetrics_skip_tracking":false,"_exactmetrics_sitenote_active":false,"_exactmetrics_sitenote_note":"","_exactmetrics_sitenote_category":0,"ngg_post_thumbnail":0,"footnotes":""},"aioseo_notices":[],"_links":{"self":[{"href":"https:\/\/blogsaverroes.juntadeandalucia.es\/sanfelipeneri\/wp-json\/wp\/v2\/pages\/1159"}],"collection":[{"href":"https:\/\/blogsaverroes.juntadeandalucia.es\/sanfelipeneri\/wp-json\/wp\/v2\/pages"}],"about":[{"href":"https:\/\/blogsaverroes.juntadeandalucia.es\/sanfelipeneri\/wp-json\/wp\/v2\/types\/page"}],"author":[{"embeddable":true,"href":"https:\/\/blogsaverroes.juntadeandalucia.es\/sanfelipeneri\/wp-json\/wp\/v2\/users\/13459"}],"replies":[{"embeddable":true,"href":"https:\/\/blogsaverroes.juntadeandalucia.es\/sanfelipeneri\/wp-json\/wp\/v2\/comments?post=1159"}],"version-history":[{"count":29,"href":"https:\/\/blogsaverroes.juntadeandalucia.es\/sanfelipeneri\/wp-json\/wp\/v2\/pages\/1159\/revisions"}],"predecessor-version":[{"id":6526,"href":"https:\/\/blogsaverroes.juntadeandalucia.es\/sanfelipeneri\/wp-json\/wp\/v2\/pages\/1159\/revisions\/6526"}],"up":[{"embeddable":true,"href":"https:\/\/blogsaverroes.juntadeandalucia.es\/sanfelipeneri\/wp-json\/wp\/v2\/pages\/1407"}],"wp:featuredmedia":[{"embeddable":true,"href":"https:\/\/blogsaverroes.juntadeandalucia.es\/sanfelipeneri\/wp-json\/wp\/v2\/media\/2011"}],"wp:attachment":[{"href":"https:\/\/blogsaverroes.juntadeandalucia.es\/sanfelipeneri\/wp-json\/wp\/v2\/media?parent=1159"}],"curies":[{"name":"wp","href":"https:\/\/api.w.org\/{rel}","templated":true}]}}