{"id":1305,"date":"2024-08-02T09:06:41","date_gmt":"2024-08-02T07:06:41","guid":{"rendered":"https:\/\/blogsaverroes.juntadeandalucia.es\/sanfelipeneri\/?page_id=1305"},"modified":"2026-04-08T19:05:28","modified_gmt":"2026-04-08T17:05:28","slug":"estamos-actualizando-nuestro-sitio-web","status":"publish","type":"page","link":"https:\/\/blogsaverroes.juntadeandalucia.es\/sanfelipeneri\/","title":{"rendered":"Inicio"},"content":{"rendered":"<!-- This slideshow output is generated with Advanced post slider a multipurpose responsive WordPress slideshow plugin - http:\/\/www.wpcue.com\/wordpress-plugins\/advanced-post-slider\/ -->\r\n<style>\r\n#advps_container1 .bx-wrapper .bx-viewport {\r\n\t\tbackground:#FFFFFF;\r\n}\r\n#advps_container1 .bx-wrapper .bx-pager{\r\n\ttext-align: center;\r\n\t;\r\n}\r\n#advps_container1 .bx-wrapper .bx-pager\r\n{\r\n\tbottom:-10px;\r\n\tz-index:999;\r\n}\r\n#advps_container1 .bx-wrapper .bx-controls-auto\r\n{\r\n\tbottom:6px;\r\n}\r\n#advps_container1 .bx-wrapper .bx-controls.bx-has-controls-auto.bx-has-pager .bx-pager {\r\n\ttext-align: center;\r\n}\r\n#advps_container1 .bx-wrapper .bx-controls-auto {\r\n\tz-index:99999;\r\n\ttext-align:center;width:100%;}\r\n\r\n\r\n\/* thumbnail pager*\/\r\n#advps_container1 #bx-pager\r\n{\r\n\twidth:100%;\r\n\tposition:absolute;\r\n\tbottom:-10px;\r\n    text-align: center;\r\n\tz-index: 9999;\r\n}\r\n#advps_container1 #bx-pager a img\r\n{\r\n\tborder: 1px solid #CCCCCC;\r\n    padding: 3px;\r\n}\r\n#advps_container1 #bx-pager a:hover img, #advps_container1 #bx-pager a.active img\r\n{\r\n\tborder: 1px solid #666666;\r\n}\r\n\/* medai queries *\/\r\n#advps_container1 .advs-title,#advps_container1 .advs-title a\r\n{\r\n\tfont-size:20px;\r\n\tline-height:20px;\r\n}\r\n#advps_container1 .advps-slide p\r\n{\r\n\tfont-size:14px;\r\n\tline-height:14px;\r\n}\r\n@media screen and (max-width: 1024px){\r\n\t#advps_container1 .advs-title,#advps_container1 .advs-title a\r\n\t{\r\n\t\tfont-size:18px;\r\n\t\tline-height:18px;\r\n\t}\r\n\t#advps_container1 .advps-slide p\r\n\t{\r\n\t\tfont-size:12px;\r\n\t\tline-height:12px;\r\n\t}\r\n}\r\n@media screen and (max-width: 768px){\r\n\t#advps_container1 h2.advs-title, #advps_container1 h2.advs-title a\r\n\t{\r\n\t\tfont-size:16px;\r\n\t\tline-height:16px;\r\n\t}\r\n\t#advps_container1 .advps-slide p\r\n\t{\r\n\t\tfont-size:12px;\r\n\t\tline-height:12px;\r\n\t}\r\n}\r\n@media screen and (max-width: 650px){\r\n\t#advps_container1 h2.advs-title, #advps_container1 h2.advs-title a\r\n\t{\r\n\t\tfont-size:14px;\r\n\t\tline-height:15px;\r\n\t}\r\n\t#advps_container1 .advps-slide p\r\n\t{\r\n\t\tfont-size:12px;\r\n\t\tline-height:12px;\r\n\t}\r\n}\r\n@media screen and (max-width: 480px){\r\n\t#advps_container1 h2.advs-title, #advps_container1 h2.advs-title a\r\n\t{\r\n\t\tfont-size:14px;\r\n\t\tline-height:15px;\r\n\t}\r\n\t#advps_container1 .advps-slide p\r\n\t{\r\n\t\tfont-size:12px;\r\n\t\tline-height:12px;\r\n\t}\r\n}\r\n@media screen and (max-width: 320px){\r\n\t#advps_container1 h2.advs-title, #advps_container1 h2.advs-title a\r\n\t{\r\n\t\tfont-size:14px;\r\n\t\tline-height:15px;\r\n\t}\r\n\t#advps_container1 .advps-slide p\r\n\t{\r\n\t\tfont-size:12px;\r\n\t\tline-height:12px;\r\n\t}\r\n}\r\n<\/style>\r\n<script type=\"text\/javascript\">\r\n\t\tjQuery(document).ready(function($){\r\n\t\t\t$('#advpsslideshow_1').bxSlider({\r\n\t\t\t\tuseCSS:0,\r\n\t\t\t\tslideMargin: 0,\r\n\t\t\t\tspeed: 1000,\t\t\t\t\r\n\t\t\t\t\t\t\t\tmode: 'horizontal',\r\n\t\t\t\t\t\t\t\t\t\t\t\tauto: 1,\r\n\t\t\t\tautoHover: 1,\r\n\t\t\t\tpause: 5000,\r\n\t\t\t\teasing: 'linear',\r\n\t\t\t\tcontrols: 1,\r\n\t\t\t\tpager: 0,\r\n  \t\t\t\tautoControls: 0\t\t\t\t\t\t\t});\r\n\t\t\t\t\t\t\t$(\"#advpsslideshow_1 .advs-title a\").hover(function(){\r\n\t\t\t\t\t$(this).css('color','#c9c9c9');\r\n\t\t\t\t},function(){\r\n\t\t\t\t\t$(this).css('color','#FFFFFF');\r\n\t\t\t\t});\r\n\t\t\t\t\t\t$(\"#advpsslideshow_1 .advps-slide\").hover(function(){\r\n\t\t\t\t  \t\t\t},function(){\r\n\t\t\t\t\t\t\t});\r\n\t\t});\r\n\t<\/script>\r\n<div id=\"advps_container1\" class=\"advps-slide-container\" style=\"overflow:hidden;max-width:800px;margin:auto;\">\r\n \r\n  <div id=\"advpsslideshow_1\">\r\n        <div class=\"advps-slide\">\r\n\t<a target=\"_self\" href=\"https:\/\/blogsaverroes.juntadeandalucia.es\/sanfelipeneri\/intercambio-cultural-una-experiencia-para-recordar\/\" >      <img loading=\"lazy\" decoding=\"async\" width=\"980\" height=\"450\" src=\"https:\/\/blogsaverroes.juntadeandalucia.es\/sanfelipeneri\/files\/2026\/04\/WhatsApp-Image-2026-04-27-at-18.55.26-980x450.jpeg\" class=\"attachment-thumb-xlarge size-thumb-xlarge wp-post-image\" alt=\"\" \/>      <\/a>       \r\n      <div class=\"advps-excerpt-one\" style=\"width:100%;height:20%;bottom:0; left:0;\">\r\n      \t<div class=\"advps-overlay-one\" style=\"background-color:#000000; -moz-opacity:0.8;filter:alpha(opacity=80);opacity:0.8;\"><\/div>\r\n        <div class=\"advps-excerpt-block-one\" style=\"text-align:center;color:#FFFFFF;-moz-opacity:1;filter:alpha(opacity=100);opacity:1;\">        \r\n        <h2 class=\"advs-title\" style=\"margin:5px 0px 10px 0px;color:#FFFFFF\"><a target=\"_self\" href=\"https:\/\/blogsaverroes.juntadeandalucia.es\/sanfelipeneri\/intercambio-cultural-una-experiencia-para-recordar\/\" style=\"margin:5px 0px 10px 0px;color:#FFFFFF\" >Intercambio cultural: una experiencia para recordar<\/a><\/h2>\r\n          \r\n                    <\/div>\r\n      <\/div>\r\n    <\/div>\r\n        <div class=\"advps-slide\">\r\n\t<a target=\"_self\" href=\"https:\/\/blogsaverroes.juntadeandalucia.es\/sanfelipeneri\/ies-san-felipe-neri-primer-centro-cardioprotegido-de-martos\/\" >      <img loading=\"lazy\" decoding=\"async\" width=\"980\" height=\"450\" src=\"https:\/\/blogsaverroes.juntadeandalucia.es\/sanfelipeneri\/files\/2026\/04\/Historia-de-Instagram-Cancer-de-Mama-Simple-Rosa-1350-x-1080-px-1350-x-800-px-8-980x450.png\" class=\"attachment-thumb-xlarge size-thumb-xlarge wp-post-image\" alt=\"\" \/>      <\/a>       \r\n      <div class=\"advps-excerpt-one\" style=\"width:100%;height:20%;bottom:0; left:0;\">\r\n      \t<div class=\"advps-overlay-one\" style=\"background-color:#000000; -moz-opacity:0.8;filter:alpha(opacity=80);opacity:0.8;\"><\/div>\r\n        <div class=\"advps-excerpt-block-one\" style=\"text-align:center;color:#FFFFFF;-moz-opacity:1;filter:alpha(opacity=100);opacity:1;\">        \r\n        <h2 class=\"advs-title\" style=\"margin:5px 0px 10px 0px;color:#FFFFFF\"><a target=\"_self\" href=\"https:\/\/blogsaverroes.juntadeandalucia.es\/sanfelipeneri\/ies-san-felipe-neri-primer-centro-cardioprotegido-de-martos\/\" style=\"margin:5px 0px 10px 0px;color:#FFFFFF\" >IES San Felipe Neri, primer centro cardioprotegido de Martos\u00a0<\/a><\/h2>\r\n          \r\n                    <\/div>\r\n      <\/div>\r\n    <\/div>\r\n        <div class=\"advps-slide\">\r\n\t<a target=\"_self\" href=\"https:\/\/blogsaverroes.juntadeandalucia.es\/sanfelipeneri\/el-ies-san-felipe-neri-impulsa-la-innovacion-con-el-proyecto-oleodesign-2-0\/\" >      <img loading=\"lazy\" decoding=\"async\" width=\"980\" height=\"450\" src=\"https:\/\/blogsaverroes.juntadeandalucia.es\/sanfelipeneri\/files\/2026\/04\/WhatsApp-Image-2026-04-22-at-21.43.10-980x450.jpeg\" class=\"attachment-thumb-xlarge size-thumb-xlarge wp-post-image\" alt=\"\" \/>      <\/a>       \r\n      <div class=\"advps-excerpt-one\" style=\"width:100%;height:20%;bottom:0; left:0;\">\r\n      \t<div class=\"advps-overlay-one\" style=\"background-color:#000000; -moz-opacity:0.8;filter:alpha(opacity=80);opacity:0.8;\"><\/div>\r\n        <div class=\"advps-excerpt-block-one\" style=\"text-align:center;color:#FFFFFF;-moz-opacity:1;filter:alpha(opacity=100);opacity:1;\">        \r\n        <h2 class=\"advs-title\" style=\"margin:5px 0px 10px 0px;color:#FFFFFF\"><a target=\"_self\" href=\"https:\/\/blogsaverroes.juntadeandalucia.es\/sanfelipeneri\/el-ies-san-felipe-neri-impulsa-la-innovacion-con-el-proyecto-oleodesign-2-0\/\" style=\"margin:5px 0px 10px 0px;color:#FFFFFF\" >El IES San Felipe Neri impulsa la innovaci\u00f3n con el proyecto \u201cOleoDesign 2.0\u201d\u00a0<\/a><\/h2>\r\n          \r\n                    <\/div>\r\n      <\/div>\r\n    <\/div>\r\n        <div class=\"advps-slide\">\r\n\t<a target=\"_self\" href=\"https:\/\/blogsaverroes.juntadeandalucia.es\/sanfelipeneri\/talgo-day\/\" >      <img loading=\"lazy\" decoding=\"async\" width=\"980\" height=\"450\" src=\"https:\/\/blogsaverroes.juntadeandalucia.es\/sanfelipeneri\/files\/2026\/03\/Historia-de-Instagram-Cancer-de-Mama-Simple-Rosa-1350-x-1080-px-1350-x-800-px-5-980x450.png\" class=\"attachment-thumb-xlarge size-thumb-xlarge wp-post-image\" alt=\"\" \/>      <\/a>       \r\n      <div class=\"advps-excerpt-one\" style=\"width:100%;height:20%;bottom:0; left:0;\">\r\n      \t<div class=\"advps-overlay-one\" style=\"background-color:#000000; -moz-opacity:0.8;filter:alpha(opacity=80);opacity:0.8;\"><\/div>\r\n        <div class=\"advps-excerpt-block-one\" style=\"text-align:center;color:#FFFFFF;-moz-opacity:1;filter:alpha(opacity=100);opacity:1;\">        \r\n        <h2 class=\"advs-title\" style=\"margin:5px 0px 10px 0px;color:#FFFFFF\"><a target=\"_self\" href=\"https:\/\/blogsaverroes.juntadeandalucia.es\/sanfelipeneri\/talgo-day\/\" style=\"margin:5px 0px 10px 0px;color:#FFFFFF\" >TALGO DAY<\/a><\/h2>\r\n          \r\n                    <\/div>\r\n      <\/div>\r\n    <\/div>\r\n        <div class=\"advps-slide\">\r\n\t<a target=\"_self\" href=\"https:\/\/blogsaverroes.juntadeandalucia.es\/sanfelipeneri\/ayudas-individualizadas-para-el-transporte-escolar-curso-2025-2026\/\" >      <img loading=\"lazy\" decoding=\"async\" width=\"980\" height=\"450\" src=\"https:\/\/blogsaverroes.juntadeandalucia.es\/sanfelipeneri\/files\/2026\/03\/Historia-de-Instagram-Cancer-de-Mama-Simple-Rosa-1350-x-1080-px-1350-x-800-px-4-980x450.png\" class=\"attachment-thumb-xlarge size-thumb-xlarge wp-post-image\" alt=\"\" \/>      <\/a>       \r\n      <div class=\"advps-excerpt-one\" style=\"width:100%;height:20%;bottom:0; left:0;\">\r\n      \t<div class=\"advps-overlay-one\" style=\"background-color:#000000; -moz-opacity:0.8;filter:alpha(opacity=80);opacity:0.8;\"><\/div>\r\n        <div class=\"advps-excerpt-block-one\" style=\"text-align:center;color:#FFFFFF;-moz-opacity:1;filter:alpha(opacity=100);opacity:1;\">        \r\n        <h2 class=\"advs-title\" style=\"margin:5px 0px 10px 0px;color:#FFFFFF\"><a target=\"_self\" href=\"https:\/\/blogsaverroes.juntadeandalucia.es\/sanfelipeneri\/ayudas-individualizadas-para-el-transporte-escolar-curso-2025-2026\/\" style=\"margin:5px 0px 10px 0px;color:#FFFFFF\" >Ayudas individualizadas para el transporte escolar (Curso 2025\/2026)<\/a><\/h2>\r\n          \r\n                    <\/div>\r\n      <\/div>\r\n    <\/div>\r\n      <\/div>\r\n  <\/div><!-- end advps-slide-container -->\r\n<!-- \/ Advanced post slider a multipurpose responsive slideshow plugin -->\r\n&nbsp;<br \/>\n<div class=\"pt-cv-wrapper\"><div class=\"pt-cv-view pt-cv-blockgrid iscvblock iscvhybrid list1 layout1\" id=\"pt-cv-view-5d98be6679\"><div data-id=\"pt-cv-page-1\" class=\"pt-cv-page\" data-cvc=\"1\"><div class=\" pt-cv-content-item pt-cv-2-col\" ><div class=\"pt-cv-thumb-wrapper pull-left \"><a href=\"https:\/\/blogsaverroes.juntadeandalucia.es\/sanfelipeneri\/formacion-tecnica-en-accion-curso-practico-de-soldadura\/\" class=\"_self pt-cv-href-thumbnail pt-cv-thumb-left\" target=\"_self\" ><img loading=\"lazy\" decoding=\"async\" width=\"768\" height=\"1024\" src=\"https:\/\/blogsaverroes.juntadeandalucia.es\/sanfelipeneri\/files\/2026\/04\/WhatsApp-Image-2026-04-23-at-09.07.35-3-768x1024.jpeg\" class=\"pt-cv-thumbnail pull-left\" alt=\"\" \/><\/a><\/div>\n<div class=\"pt-cv-colwrap\"><h5 class=\"pt-cv-title\"><a href=\"https:\/\/blogsaverroes.juntadeandalucia.es\/sanfelipeneri\/formacion-tecnica-en-accion-curso-practico-de-soldadura\/\" class=\"_self\" target=\"_self\" >Formaci\u00f3n t\u00e9cnica en acci\u00f3n: curso pr\u00e1ctico de soldadura\u00a0<\/a><\/h5><div class=\"pt-cv-content\">Nuestro alumnado ha tenido la oportunidad de participar en un completo curso pr\u00e1ctico de soldadura, una experiencia formativa de gran valor desarrollada durante los d\u00edas 20 y 22 de abril en las instalaciones de Construcciones Met\u00e1licas Pe\u00f1a Caballero S.L., bajo ...<\/div><\/div><\/div>\n<div class=\" pt-cv-content-item pt-cv-2-col\" ><div class=\"pt-cv-thumb-wrapper pull-left \"><a href=\"https:\/\/blogsaverroes.juntadeandalucia.es\/sanfelipeneri\/intercambio-cultural-una-experiencia-para-recordar\/\" class=\"_self pt-cv-href-thumbnail pt-cv-thumb-left\" target=\"_self\" ><img loading=\"lazy\" decoding=\"async\" width=\"768\" height=\"576\" src=\"https:\/\/blogsaverroes.juntadeandalucia.es\/sanfelipeneri\/files\/2026\/04\/WhatsApp-Image-2026-04-27-at-18.55.26-768x576.jpeg\" class=\"pt-cv-thumbnail pull-left\" alt=\"\" \/><\/a><\/div>\n<div class=\"pt-cv-colwrap\"><h5 class=\"pt-cv-title\"><a href=\"https:\/\/blogsaverroes.juntadeandalucia.es\/sanfelipeneri\/intercambio-cultural-una-experiencia-para-recordar\/\" class=\"_self\" target=\"_self\" >Intercambio cultural: una experiencia para recordar<\/a><\/h5><div class=\"pt-cv-content\">Del 23 al 25 de abril, nuestro IES ha tenido el placer de acoger a 40 alumnos y alumnas de Irlanda del Norte junto a su profesorado, en una experiencia que ha resultado tan enriquecedora como inolvidable. Durante estos d\u00edas, ...<\/div><\/div><\/div>\n<div class=\" pt-cv-content-item pt-cv-2-col\" ><div class=\"pt-cv-thumb-wrapper pull-left \"><a href=\"https:\/\/blogsaverroes.juntadeandalucia.es\/sanfelipeneri\/talento-que-emociona\/\" class=\"_self pt-cv-href-thumbnail pt-cv-thumb-left\" target=\"_self\" ><img loading=\"lazy\" decoding=\"async\" width=\"768\" height=\"1024\" src=\"https:\/\/blogsaverroes.juntadeandalucia.es\/sanfelipeneri\/files\/2026\/04\/WhatsApp-Image-2026-04-27-at-18.58.41-768x1024.jpeg\" class=\"pt-cv-thumbnail pull-left\" alt=\"\" \/><\/a><\/div>\n<div class=\"pt-cv-colwrap\"><h5 class=\"pt-cv-title\"><a href=\"https:\/\/blogsaverroes.juntadeandalucia.es\/sanfelipeneri\/talento-que-emociona\/\" class=\"_self\" target=\"_self\" >Talento que emociona<\/a><\/h5><div class=\"pt-cv-content\">La comunidad educativa del IES San Felipe Neri ha vivido con especial ilusi\u00f3n y orgullo la presentaci\u00f3n del libro de poemas escrito por uno de nuestros alumnos, un acontecimiento que supone una gran satisfacci\u00f3n para todo el centro. Ver c\u00f3mo ...<\/div><\/div><\/div>\n<div class=\" pt-cv-content-item pt-cv-2-col\" ><div class=\"pt-cv-thumb-wrapper pull-left \"><a href=\"https:\/\/blogsaverroes.juntadeandalucia.es\/sanfelipeneri\/aprendiendo-en-la-naturaleza-salida-al-bosque-de-la-banizuela\/\" class=\"_self pt-cv-href-thumbnail pt-cv-thumb-left\" target=\"_self\" ><img loading=\"lazy\" decoding=\"async\" width=\"768\" height=\"768\" src=\"https:\/\/blogsaverroes.juntadeandalucia.es\/sanfelipeneri\/files\/2026\/04\/WhatsApp-Image-2026-04-27-at-18.20.04-768x768.jpeg\" class=\"pt-cv-thumbnail pull-left\" alt=\"\" \/><\/a><\/div>\n<div class=\"pt-cv-colwrap\"><h5 class=\"pt-cv-title\"><a href=\"https:\/\/blogsaverroes.juntadeandalucia.es\/sanfelipeneri\/aprendiendo-en-la-naturaleza-salida-al-bosque-de-la-banizuela\/\" class=\"_self\" target=\"_self\" >Aprendiendo en la naturaleza: salida al bosque de La Ba\u00f1izuela<\/a><\/h5><div class=\"pt-cv-content\">La salida al bosque de La Ba\u00f1izuela con el alumnado de 1\u00ba de Bachillerato A, realizada el pasado 23 de abril de 2026, se convirti\u00f3 en una experiencia educativa de gran valor tanto acad\u00e9mico como personal. La jornada comenz\u00f3 a ...<\/div><\/div><\/div>\n<div class=\" pt-cv-content-item pt-cv-2-col\" ><div class=\"pt-cv-thumb-wrapper pull-left \"><a href=\"https:\/\/blogsaverroes.juntadeandalucia.es\/sanfelipeneri\/ies-san-felipe-neri-primer-centro-cardioprotegido-de-martos\/\" class=\"_self pt-cv-href-thumbnail pt-cv-thumb-left\" target=\"_self\" ><img loading=\"lazy\" decoding=\"async\" width=\"768\" height=\"455\" src=\"https:\/\/blogsaverroes.juntadeandalucia.es\/sanfelipeneri\/files\/2026\/04\/Historia-de-Instagram-Cancer-de-Mama-Simple-Rosa-1350-x-1080-px-1350-x-800-px-8-768x455.png\" class=\"pt-cv-thumbnail pull-left\" alt=\"\" \/><\/a><\/div>\n<div class=\"pt-cv-colwrap\"><h5 class=\"pt-cv-title\"><a href=\"https:\/\/blogsaverroes.juntadeandalucia.es\/sanfelipeneri\/ies-san-felipe-neri-primer-centro-cardioprotegido-de-martos\/\" class=\"_self\" target=\"_self\" >IES San Felipe Neri, primer centro cardioprotegido de Martos\u00a0<\/a><\/h5><div class=\"pt-cv-content\">Hoy podemos anunciar con orgullo que nuestro IES, junto a toda su comunidad educativa, se convierte en el primer centro cardioprotegido de la localidad de Martos. El Proyecto Desfibrila llega a su culminaci\u00f3n con la compra e instalaci\u00f3n de un ...<\/div><\/div><\/div><\/div><\/div>\n<div class=\" pt-cv-pagination-wrapper\"><ul class=\"pt-cv-pagination pt-cv-ajax pagination\" data-totalpages=\"60\" data-currentpage=\"1\" data-sid=\"5d98be6679\" data-unid=\"\" data-isblock=\"\" data-postid=\"\"><li class=\"active\"><a href=\"#\">1<\/a><\/li>\n\t<li ><a class=\"\" href=\"https:\/\/blogsaverroes.juntadeandalucia.es\/sanfelipeneri\/wp-json\/wp\/v2\/pages\/1305\/?_page=2\">2<\/a><\/li>\n\t<li ><a class=\"\" href=\"https:\/\/blogsaverroes.juntadeandalucia.es\/sanfelipeneri\/wp-json\/wp\/v2\/pages\/1305\/?_page=3\">3<\/a><\/li>\n\t<li ><a href=\"#\">&hellip;<\/a><\/li>\n\t<li ><a class=\"\" href=\"https:\/\/blogsaverroes.juntadeandalucia.es\/sanfelipeneri\/wp-json\/wp\/v2\/pages\/1305\/?_page=60\">60<\/a><\/li>\n\t<li ><a class=\" \" href=\"https:\/\/blogsaverroes.juntadeandalucia.es\/sanfelipeneri\/wp-json\/wp\/v2\/pages\/1305\/?_page=2\">&rsaquo;<\/a><\/li>\n\t<\/ul><img loading=\"lazy\" decoding=\"async\" width=\"15\" height=\"15\" class=\"pt-cv-spinner\" alt=\"Cargando...\" src=\"data:image\/gif;base64,R0lGODlhDwAPALMPAMrKygwMDJOTkz09PZWVla+vr3p6euTk5M7OzuXl5TMzMwAAAJmZmWZmZszMzP\/\/\/yH\/C05FVFNDQVBFMi4wAwEAAAAh+QQFCgAPACwAAAAADwAPAAAEQvDJaZaZOIcV8iQK8VRX4iTYoAwZ4iCYoAjZ4RxejhVNoT+mRGP4cyF4Pp0N98sBGIBMEMOotl6YZ3S61Bmbkm4mAgAh+QQFCgAPACwAAAAADQANAAAENPDJSRSZeA418itN8QiK8BiLITVsFiyBBIoYqnoewAD4xPw9iY4XLGYSjkQR4UAUD45DLwIAIfkEBQoADwAsAAAAAA8ACQAABC\/wyVlamTi3nSdgwFNdhEJgTJoNyoB9ISYoQmdjiZPcj7EYCAeCF1gEDo4Dz2eIAAAh+QQFCgAPACwCAAAADQANAAAEM\/DJBxiYeLKdX3IJZT1FU0iIg2RNKx3OkZVnZ98ToRD4MyiDnkAh6BkNC0MvsAj0kMpHBAAh+QQFCgAPACwGAAAACQAPAAAEMDC59KpFDll73HkAA2wVY5KgiK5b0RRoI6MuzG6EQqCDMlSGheEhUAgqgUUAFRySIgAh+QQFCgAPACwCAAIADQANAAAEM\/DJKZNLND\/kkKaHc3xk+QAMYDKsiaqmZCxGVjSFFCxB1vwy2oOgIDxuucxAMTAJFAJNBAAh+QQFCgAPACwAAAYADwAJAAAEMNAs86q1yaWwwv2Ig0jUZx3OYa4XoRAfwADXoAwfo1+CIjyFRuEho60aSNYlOPxEAAAh+QQFCgAPACwAAAIADQANAAAENPA9s4y8+IUVcqaWJ4qEQozSoAzoIyhCK2NFU2SJk0hNnyEOhKR2AzAAj4Pj4GE4W0bkJQIAOw==\" \/><div class=\"clear pt-cv-clear-pagination\"><\/div><\/div><\/div>\t\t\t<style type=\"text\/css\" id=\"pt-cv-inline-style-db741e8968\">\n#pt-cv-view-5d98be6679 .pt-cv-thumb-wrapper:not(.miniwrap) { width: 35%; }#pt-cv-view-5d98be6679 .pt-cv-thumbnail:not(.pt-cv-thumbnailsm) { height: 200px; }#pt-cv-view-5d98be6679 > .pt-cv-page {grid-template-columns: repeat(1, 1fr);grid-gap: 9px;}\n@media all and (max-width: 1024px) { \n#pt-cv-view-5d98be6679 > .pt-cv-page {grid-template-columns: repeat(1, 1fr);}\n} \n@media all and (max-width: 767px) { \n#pt-cv-view-5d98be6679 > .pt-cv-page {grid-template-columns: repeat(1, 1fr);}\n} <\/style>\r\n\t\t\t\n<div class=\"su-button-center\"><a href=\"https:\/\/blogsaverroes.juntadeandalucia.es\/sanfelipeneri\/noticias-del-centro\/\" class=\"su-button su-button-style-flat\" style=\"color:#ffffff;background-color:#100A7E;border-color:#0d0865;border-radius:13px\" target=\"_self\"><span style=\"color:#ffffff;padding:0px 32px;font-size:23px;line-height:46px;border-color:#5854a5;border-radius:13px;text-shadow:none\"> Ver todas las noticias<\/span><\/a><\/div>\n<p style=\"text-align: center\">&nbsp;<\/p>\n","protected":false},"excerpt":{"rendered":"<p>&nbsp; &nbsp;<\/p>\n","protected":false},"author":13459,"featured_media":0,"parent":0,"menu_order":0,"comment_status":"closed","ping_status":"closed","template":"","meta":{"_exactmetrics_skip_tracking":false,"_exactmetrics_sitenote_active":false,"_exactmetrics_sitenote_note":"","_exactmetrics_sitenote_category":0,"ngg_post_thumbnail":0,"footnotes":""},"aioseo_notices":[],"_links":{"self":[{"href":"https:\/\/blogsaverroes.juntadeandalucia.es\/sanfelipeneri\/wp-json\/wp\/v2\/pages\/1305"}],"collection":[{"href":"https:\/\/blogsaverroes.juntadeandalucia.es\/sanfelipeneri\/wp-json\/wp\/v2\/pages"}],"about":[{"href":"https:\/\/blogsaverroes.juntadeandalucia.es\/sanfelipeneri\/wp-json\/wp\/v2\/types\/page"}],"author":[{"embeddable":true,"href":"https:\/\/blogsaverroes.juntadeandalucia.es\/sanfelipeneri\/wp-json\/wp\/v2\/users\/13459"}],"replies":[{"embeddable":true,"href":"https:\/\/blogsaverroes.juntadeandalucia.es\/sanfelipeneri\/wp-json\/wp\/v2\/comments?post=1305"}],"version-history":[{"count":42,"href":"https:\/\/blogsaverroes.juntadeandalucia.es\/sanfelipeneri\/wp-json\/wp\/v2\/pages\/1305\/revisions"}],"predecessor-version":[{"id":7963,"href":"https:\/\/blogsaverroes.juntadeandalucia.es\/sanfelipeneri\/wp-json\/wp\/v2\/pages\/1305\/revisions\/7963"}],"wp:attachment":[{"href":"https:\/\/blogsaverroes.juntadeandalucia.es\/sanfelipeneri\/wp-json\/wp\/v2\/media?parent=1305"}],"curies":[{"name":"wp","href":"https:\/\/api.w.org\/{rel}","templated":true}]}}