{"id":1511,"date":"2024-08-08T16:32:15","date_gmt":"2024-08-08T14:32:15","guid":{"rendered":"https:\/\/blogsaverroes.juntadeandalucia.es\/sanfelipeneri\/?page_id=1511"},"modified":"2025-10-30T13:41:55","modified_gmt":"2025-10-30T12:41:55","slug":"filosofia","status":"publish","type":"page","link":"https:\/\/blogsaverroes.juntadeandalucia.es\/sanfelipeneri\/departamentos\/filosofia\/","title":{"rendered":"Filosof\u00eda"},"content":{"rendered":"<p>\u00a1Bienvenidos al Departamento de Filosof\u00eda del IES San Felipe Neri!<\/p>\n<p>Nos complace recibirte en este espacio dedicado al pensamiento cr\u00edtico, la reflexi\u00f3n profunda y el an\u00e1lisis de las grandes preguntas que han marcado la historia de la humanidad. Aqu\u00ed, en el IES San Felipe Neri, fomentamos el amor por la sabidur\u00eda y el di\u00e1logo, pilares fundamentales de la filosof\u00eda.<\/p>\n<p>Nuestro departamento te ofrece una oportunidad \u00fanica para explorar temas que abarcan desde la \u00e9tica, la pol\u00edtica y la metaf\u00edsica, hasta las teor\u00edas del conocimiento y la l\u00f3gica. A trav\u00e9s de clases din\u00e1micas, debates enriquecedores y el estudio de los grandes pensadores, buscamos que los estudiantes desarrollen un pensamiento cr\u00edtico y aut\u00f3nomo que les ayude a entender mejor el mundo y su lugar en \u00e9l.<\/p>\n<hr>\n<div class=\"osc-res-tab tabbable   osc-tabs-left\"><div style=\"clear:both;width: 100%;\"><ul class=\"nav osc-res-nav nav-pills osc-tabs-left-ul\" id=\"oscitas-restabs-1-filosofia-69462\"><li class=\"active\"><a href=\"#ert_pane1-0\" data-toggle=\"tab\">Profesorado<\/a><\/li><li class=\"\"><a href=\"#ert_pane1-1\" data-toggle=\"tab\">Programaciones <\/a><\/li><li class=\"\"><a href=\"#ert_pane1-2\" data-toggle=\"tab\">Competencias y criterios<\/a><\/li><li class=\"\"><a href=\"#ert_pane1-3\" data-toggle=\"tab\">Otros recursos<\/a><\/li><li class=\"\"><a href=\"#ert_pane1-4\" data-toggle=\"tab\">Noticias<\/a><\/li><\/ul><\/div><div style=\"clear:both;width: 100%;\"><ul class=\"tab-content\" id=\"oscitas-restabcontent-1-filosofia-69462\"><li class=\"tab-pane active\" id=\"ert_pane1-0\"><table style=\"width: 99.5631%;height: 262px\" border=\"10px solid rgb(255, 255, 255)\">\n<tbody>\n<tr style=\"height: 36px\">\n<td style=\"background-color: #c5cbe3;border: 10px solid #ffffff;width: 50%;height: 50px;text-align: center\"><strong>Zapata Fuentes, Daniel<\/strong><\/td>\n<td style=\"background-color: #ffffff;border: 10px solid #ffffff;width: 50%;height: 50px;text-align: center\">&nbsp;<\/td>\n<\/tr>\n<tr style=\"height: 24px\">\n<td style=\"background-color: #ffffff;border: 10px solid #ffffff;width: 50%;height: 50px;text-align: center\">\u2709\ufe0f <a title=\"dzapfue582@g.educaand.es\" href=\"mailto:dzapfue582@g.educaand.es\">dzapfue582@g.educaand.es<\/a><\/td>\n<td style=\"background-color: #ffffff;border: 10px solid #ffffff;width: 50%;height: 50px;text-align: center\">&nbsp;<\/td>\n<\/tr>\n<\/tbody>\n<\/table><\/li><li class=\"tab-pane \" id=\"ert_pane1-1\"><iframe src=\"https:\/\/drive.google.com\/embeddedfolderview?id=1nDFImQSoECNw0EVH9SyyxTrL6mJAzcRX#list\" height=\"600\"><\/iframe><br \/><\/li><li class=\"tab-pane \" id=\"ert_pane1-2\"><iframe src=\"https:\/\/drive.google.com\/embeddedfolderview?id=1eKevHK77Nq-HF9xkoct_hbc8afPsrOKW#list\" height=\"600\"><\/iframe><br \/><\/li><li class=\"tab-pane \" id=\"ert_pane1-3\"><iframe src=\"https:\/\/drive.google.com\/embeddedfolderview?id=15lDvkbqtJ9cdISeIOMsrfKxJDuv-eSr_#list\" height=\"600\"><\/iframe><br \/><\/li><li class=\"tab-pane \" id=\"ert_pane1-4\"><div class=\"pt-cv-wrapper\"><div class=\"pt-cv-view pt-cv-blockgrid iscvblock iscvhybrid list1 layout1\" id=\"pt-cv-view-ac91a6fnbm\"><div data-id=\"pt-cv-page-1\" class=\"pt-cv-page\" data-cvc=\"1\"><div class=\" pt-cv-content-item pt-cv-2-col\" ><div class=\"pt-cv-thumb-wrapper pull-left \"><a href=\"https:\/\/blogsaverroes.juntadeandalucia.es\/sanfelipeneri\/el-alumnado-que-propone-y-transforma\/\" class=\"_self pt-cv-href-thumbnail pt-cv-thumb-left\" target=\"_self\" ><img loading=\"lazy\" decoding=\"async\" width=\"300\" height=\"225\" src=\"https:\/\/blogsaverroes.juntadeandalucia.es\/sanfelipeneri\/files\/2025\/06\/WhatsApp-Image-2025-06-17-at-13.29.48-300x225.jpeg\" class=\"pt-cv-thumbnail pull-left\" alt=\"\" srcset=\"https:\/\/blogsaverroes.juntadeandalucia.es\/sanfelipeneri\/files\/2025\/06\/WhatsApp-Image-2025-06-17-at-13.29.48-300x225.jpeg 300w, https:\/\/blogsaverroes.juntadeandalucia.es\/sanfelipeneri\/files\/2025\/06\/WhatsApp-Image-2025-06-17-at-13.29.48-1024x768.jpeg 1024w, https:\/\/blogsaverroes.juntadeandalucia.es\/sanfelipeneri\/files\/2025\/06\/WhatsApp-Image-2025-06-17-at-13.29.48-768x576.jpeg 768w, https:\/\/blogsaverroes.juntadeandalucia.es\/sanfelipeneri\/files\/2025\/06\/WhatsApp-Image-2025-06-17-at-13.29.48-1536x1152.jpeg 1536w, https:\/\/blogsaverroes.juntadeandalucia.es\/sanfelipeneri\/files\/2025\/06\/WhatsApp-Image-2025-06-17-at-13.29.48.jpeg 1600w\" sizes=\"(max-width: 300px) 100vw, 300px\" \/><\/a><\/div>\n<div class=\"pt-cv-colwrap\"><h4 class=\"pt-cv-title\"><a href=\"https:\/\/blogsaverroes.juntadeandalucia.es\/sanfelipeneri\/el-alumnado-que-propone-y-transforma\/\" class=\"_self\" target=\"_self\" >El alumnado que propone y transforma<\/a><\/h4><div class=\"pt-cv-content\">Ayer recibimos en nuestro centro la visita de Gema Lara, concejala de Educaci\u00f3n del Ayuntamiento de Martos, quien atendi\u00f3 con ...<br \/><div class=\"pt-cv-rmwrap\"><a href=\"https:\/\/blogsaverroes.juntadeandalucia.es\/sanfelipeneri\/el-alumnado-que-propone-y-transforma\/\" class=\"_self pt-cv-readmore btn btn-success\" target=\"_self\">Leer M\u00e1s<\/a><\/div><\/div><\/div><\/div>\n<div class=\" pt-cv-content-item pt-cv-2-col\" ><div class=\"pt-cv-thumb-wrapper pull-left \"><a href=\"https:\/\/blogsaverroes.juntadeandalucia.es\/sanfelipeneri\/el-baul-de-los-recuerdos-una-jornada-de-aprendizaje-y-emocion-en-la-residencia-santa-marta\/\" class=\"_self pt-cv-href-thumbnail pt-cv-thumb-left\" target=\"_self\" ><img loading=\"lazy\" decoding=\"async\" width=\"300\" height=\"169\" src=\"https:\/\/blogsaverroes.juntadeandalucia.es\/sanfelipeneri\/files\/2025\/06\/WhatsApp-Image-2025-06-06-at-14.21.54-1-300x169.jpeg\" class=\"pt-cv-thumbnail pull-left\" alt=\"\" srcset=\"https:\/\/blogsaverroes.juntadeandalucia.es\/sanfelipeneri\/files\/2025\/06\/WhatsApp-Image-2025-06-06-at-14.21.54-1-300x169.jpeg 300w, https:\/\/blogsaverroes.juntadeandalucia.es\/sanfelipeneri\/files\/2025\/06\/WhatsApp-Image-2025-06-06-at-14.21.54-1-1024x576.jpeg 1024w, https:\/\/blogsaverroes.juntadeandalucia.es\/sanfelipeneri\/files\/2025\/06\/WhatsApp-Image-2025-06-06-at-14.21.54-1-768x432.jpeg 768w, https:\/\/blogsaverroes.juntadeandalucia.es\/sanfelipeneri\/files\/2025\/06\/WhatsApp-Image-2025-06-06-at-14.21.54-1-1536x864.jpeg 1536w, https:\/\/blogsaverroes.juntadeandalucia.es\/sanfelipeneri\/files\/2025\/06\/WhatsApp-Image-2025-06-06-at-14.21.54-1.jpeg 1599w\" sizes=\"(max-width: 300px) 100vw, 300px\" \/><\/a><\/div>\n<div class=\"pt-cv-colwrap\"><h4 class=\"pt-cv-title\"><a href=\"https:\/\/blogsaverroes.juntadeandalucia.es\/sanfelipeneri\/el-baul-de-los-recuerdos-una-jornada-de-aprendizaje-y-emocion-en-la-residencia-santa-marta\/\" class=\"_self\" target=\"_self\" >El ba\u00fal de los recuerdos: una jornada de aprendizaje y emoci\u00f3n en la Residencia Santa Marta<\/a><\/h4><div class=\"pt-cv-content\">La semana pasada, el alumnado de la materia Proyectos Transversales en Valores de 1\u00ba de Bachillerato A vivi\u00f3 una experiencia ...<br \/><div class=\"pt-cv-rmwrap\"><a href=\"https:\/\/blogsaverroes.juntadeandalucia.es\/sanfelipeneri\/el-baul-de-los-recuerdos-una-jornada-de-aprendizaje-y-emocion-en-la-residencia-santa-marta\/\" class=\"_self pt-cv-readmore btn btn-success\" target=\"_self\">Leer M\u00e1s<\/a><\/div><\/div><\/div><\/div>\n<div class=\" pt-cv-content-item pt-cv-2-col\" ><div class=\"pt-cv-thumb-wrapper pull-left \"><a href=\"https:\/\/blogsaverroes.juntadeandalucia.es\/sanfelipeneri\/pequenos-gestos-que-cambian-el-mundo-proyecto-de-aprendizaje-servicio-en-la-playa\/\" class=\"_self pt-cv-href-thumbnail pt-cv-thumb-left\" target=\"_self\" ><img loading=\"lazy\" decoding=\"async\" width=\"300\" height=\"169\" src=\"https:\/\/blogsaverroes.juntadeandalucia.es\/sanfelipeneri\/files\/2025\/06\/WhatsApp-Image-2025-06-06-at-10.35.56-300x169.jpeg\" class=\"pt-cv-thumbnail pull-left\" alt=\"\" srcset=\"https:\/\/blogsaverroes.juntadeandalucia.es\/sanfelipeneri\/files\/2025\/06\/WhatsApp-Image-2025-06-06-at-10.35.56-300x169.jpeg 300w, https:\/\/blogsaverroes.juntadeandalucia.es\/sanfelipeneri\/files\/2025\/06\/WhatsApp-Image-2025-06-06-at-10.35.56-1024x576.jpeg 1024w, https:\/\/blogsaverroes.juntadeandalucia.es\/sanfelipeneri\/files\/2025\/06\/WhatsApp-Image-2025-06-06-at-10.35.56-768x432.jpeg 768w, https:\/\/blogsaverroes.juntadeandalucia.es\/sanfelipeneri\/files\/2025\/06\/WhatsApp-Image-2025-06-06-at-10.35.56-1536x864.jpeg 1536w, https:\/\/blogsaverroes.juntadeandalucia.es\/sanfelipeneri\/files\/2025\/06\/WhatsApp-Image-2025-06-06-at-10.35.56.jpeg 2048w\" sizes=\"(max-width: 300px) 100vw, 300px\" \/><\/a><\/div>\n<div class=\"pt-cv-colwrap\"><h4 class=\"pt-cv-title\"><a href=\"https:\/\/blogsaverroes.juntadeandalucia.es\/sanfelipeneri\/pequenos-gestos-que-cambian-el-mundo-proyecto-de-aprendizaje-servicio-en-la-playa\/\" class=\"_self\" target=\"_self\" >Peque\u00f1os gestos que cambian el mundo: Proyecto de Aprendizaje-Servicio en la playa<\/a><\/h4><div class=\"pt-cv-content\">El alumnado de 4\u00ba de ESO de las materias de Filosof\u00eda y Aprendizaje Social y Emocional ha llevado a cabo ...<br \/><div class=\"pt-cv-rmwrap\"><a href=\"https:\/\/blogsaverroes.juntadeandalucia.es\/sanfelipeneri\/pequenos-gestos-que-cambian-el-mundo-proyecto-de-aprendizaje-servicio-en-la-playa\/\" class=\"_self pt-cv-readmore btn btn-success\" target=\"_self\">Leer M\u00e1s<\/a><\/div><\/div><\/div><\/div>\n<div class=\" pt-cv-content-item pt-cv-2-col\" ><div class=\"pt-cv-thumb-wrapper pull-left \"><a href=\"https:\/\/blogsaverroes.juntadeandalucia.es\/sanfelipeneri\/encuentro-intergeneracional-del-alumnado-de-4o-eso-a-b-con-el-centro-de-dia-santa-marta-macrosad\/\" class=\"_self pt-cv-href-thumbnail pt-cv-thumb-left\" target=\"_self\" ><img loading=\"lazy\" decoding=\"async\" width=\"300\" height=\"183\" src=\"https:\/\/blogsaverroes.juntadeandalucia.es\/sanfelipeneri\/files\/2025\/06\/WhatsApp-Image-2025-06-03-at-14.11.59-300x183.jpeg\" class=\"pt-cv-thumbnail pull-left\" alt=\"\" srcset=\"https:\/\/blogsaverroes.juntadeandalucia.es\/sanfelipeneri\/files\/2025\/06\/WhatsApp-Image-2025-06-03-at-14.11.59-300x183.jpeg 300w, https:\/\/blogsaverroes.juntadeandalucia.es\/sanfelipeneri\/files\/2025\/06\/WhatsApp-Image-2025-06-03-at-14.11.59-1024x625.jpeg 1024w, https:\/\/blogsaverroes.juntadeandalucia.es\/sanfelipeneri\/files\/2025\/06\/WhatsApp-Image-2025-06-03-at-14.11.59-768x468.jpeg 768w, https:\/\/blogsaverroes.juntadeandalucia.es\/sanfelipeneri\/files\/2025\/06\/WhatsApp-Image-2025-06-03-at-14.11.59-1536x937.jpeg 1536w, https:\/\/blogsaverroes.juntadeandalucia.es\/sanfelipeneri\/files\/2025\/06\/WhatsApp-Image-2025-06-03-at-14.11.59.jpeg 1600w\" sizes=\"(max-width: 300px) 100vw, 300px\" \/><\/a><\/div>\n<div class=\"pt-cv-colwrap\"><h4 class=\"pt-cv-title\"><a href=\"https:\/\/blogsaverroes.juntadeandalucia.es\/sanfelipeneri\/encuentro-intergeneracional-del-alumnado-de-4o-eso-a-b-con-el-centro-de-dia-santa-marta-macrosad\/\" class=\"_self\" target=\"_self\" >Encuentro Intergeneracional del Alumnado de 4\u00ba ESO A\/B con el Centro de D\u00eda Santa Marta (Macrosad)<\/a><\/h4><div class=\"pt-cv-content\">El alumnado de 4\u00ba ESO A y B de la materia de Aprendizaje Social y Emocional tuvo la oportunidad de ...<br \/><div class=\"pt-cv-rmwrap\"><a href=\"https:\/\/blogsaverroes.juntadeandalucia.es\/sanfelipeneri\/encuentro-intergeneracional-del-alumnado-de-4o-eso-a-b-con-el-centro-de-dia-santa-marta-macrosad\/\" class=\"_self pt-cv-readmore btn btn-success\" target=\"_self\">Leer M\u00e1s<\/a><\/div><\/div><\/div><\/div>\n<div class=\" pt-cv-content-item pt-cv-2-col\" ><div class=\"pt-cv-thumb-wrapper pull-left \"><a href=\"https:\/\/blogsaverroes.juntadeandalucia.es\/sanfelipeneri\/celebrando-tradiciones-conectando-generaciones\/\" class=\"_self pt-cv-href-thumbnail pt-cv-thumb-left\" target=\"_self\" ><img loading=\"lazy\" decoding=\"async\" width=\"300\" height=\"169\" src=\"https:\/\/blogsaverroes.juntadeandalucia.es\/sanfelipeneri\/files\/2024\/11\/WhatsApp-Image-2024-11-18-at-19.36.21-2-300x169.jpeg\" class=\"pt-cv-thumbnail pull-left\" alt=\"\" srcset=\"https:\/\/blogsaverroes.juntadeandalucia.es\/sanfelipeneri\/files\/2024\/11\/WhatsApp-Image-2024-11-18-at-19.36.21-2-300x169.jpeg 300w, https:\/\/blogsaverroes.juntadeandalucia.es\/sanfelipeneri\/files\/2024\/11\/WhatsApp-Image-2024-11-18-at-19.36.21-2-1024x576.jpeg 1024w, https:\/\/blogsaverroes.juntadeandalucia.es\/sanfelipeneri\/files\/2024\/11\/WhatsApp-Image-2024-11-18-at-19.36.21-2-768x432.jpeg 768w, https:\/\/blogsaverroes.juntadeandalucia.es\/sanfelipeneri\/files\/2024\/11\/WhatsApp-Image-2024-11-18-at-19.36.21-2-1536x864.jpeg 1536w, https:\/\/blogsaverroes.juntadeandalucia.es\/sanfelipeneri\/files\/2024\/11\/WhatsApp-Image-2024-11-18-at-19.36.21-2.jpeg 2048w\" sizes=\"(max-width: 300px) 100vw, 300px\" \/><\/a><\/div>\n<div class=\"pt-cv-colwrap\"><h4 class=\"pt-cv-title\"><a href=\"https:\/\/blogsaverroes.juntadeandalucia.es\/sanfelipeneri\/celebrando-tradiciones-conectando-generaciones\/\" class=\"_self\" target=\"_self\" >Celebrando Tradiciones, Conectando Generaciones<\/a><\/h4><div class=\"pt-cv-content\">El alumnado de 1\u00ba de Bachillerato A, de la asignatura Proyectos Transversales en Educaci\u00f3n en Valores, llev\u00f3 a cabo una ...<br \/><div class=\"pt-cv-rmwrap\"><a href=\"https:\/\/blogsaverroes.juntadeandalucia.es\/sanfelipeneri\/celebrando-tradiciones-conectando-generaciones\/\" class=\"_self pt-cv-readmore btn btn-success\" target=\"_self\">Leer M\u00e1s<\/a><\/div><\/div><\/div><\/div><\/div><\/div>\n<div class=\" pt-cv-pagination-wrapper\"><ul class=\"pt-cv-pagination pt-cv-ajax pagination\" data-totalpages=\"2\" data-currentpage=\"1\" data-sid=\"ac91a6fnbm\" data-unid=\"\" data-isblock=\"\" data-postid=\"\"><li class=\"active\"><a href=\"#\">1<\/a><\/li>\n\t<li ><a class=\"\" href=\"https:\/\/blogsaverroes.juntadeandalucia.es\/sanfelipeneri\/wp-json\/wp\/v2\/pages\/1511\/?_page=2\">2<\/a><\/li>\n\t<li ><a class=\" \" href=\"https:\/\/blogsaverroes.juntadeandalucia.es\/sanfelipeneri\/wp-json\/wp\/v2\/pages\/1511\/?_page=2\">&rsaquo;<\/a><\/li>\n\t<\/ul><img loading=\"lazy\" decoding=\"async\" width=\"15\" height=\"15\" class=\"pt-cv-spinner\" alt=\"Cargando...\" src=\"data:image\/gif;base64,R0lGODlhDwAPALMPAMrKygwMDJOTkz09PZWVla+vr3p6euTk5M7OzuXl5TMzMwAAAJmZmWZmZszMzP\/\/\/yH\/C05FVFNDQVBFMi4wAwEAAAAh+QQFCgAPACwAAAAADwAPAAAEQvDJaZaZOIcV8iQK8VRX4iTYoAwZ4iCYoAjZ4RxejhVNoT+mRGP4cyF4Pp0N98sBGIBMEMOotl6YZ3S61Bmbkm4mAgAh+QQFCgAPACwAAAAADQANAAAENPDJSRSZeA418itN8QiK8BiLITVsFiyBBIoYqnoewAD4xPw9iY4XLGYSjkQR4UAUD45DLwIAIfkEBQoADwAsAAAAAA8ACQAABC\/wyVlamTi3nSdgwFNdhEJgTJoNyoB9ISYoQmdjiZPcj7EYCAeCF1gEDo4Dz2eIAAAh+QQFCgAPACwCAAAADQANAAAEM\/DJBxiYeLKdX3IJZT1FU0iIg2RNKx3OkZVnZ98ToRD4MyiDnkAh6BkNC0MvsAj0kMpHBAAh+QQFCgAPACwGAAAACQAPAAAEMDC59KpFDll73HkAA2wVY5KgiK5b0RRoI6MuzG6EQqCDMlSGheEhUAgqgUUAFRySIgAh+QQFCgAPACwCAAIADQANAAAEM\/DJKZNLND\/kkKaHc3xk+QAMYDKsiaqmZCxGVjSFFCxB1vwy2oOgIDxuucxAMTAJFAJNBAAh+QQFCgAPACwAAAYADwAJAAAEMNAs86q1yaWwwv2Ig0jUZx3OYa4XoRAfwADXoAwfo1+CIjyFRuEho60aSNYlOPxEAAAh+QQFCgAPACwAAAIADQANAAAENPA9s4y8+IUVcqaWJ4qEQozSoAzoIyhCK2NFU2SJk0hNnyEOhKR2AzAAj4Pj4GE4W0bkJQIAOw==\" \/><div class=\"clear pt-cv-clear-pagination\"><\/div><\/div><\/div>\t\t\t<style type=\"text\/css\" id=\"pt-cv-inline-style-9a68cf6rg6\">\n#pt-cv-view-ac91a6fnbm .pt-cv-thumb-wrapper:not(.miniwrap) { width: 40%; }#pt-cv-view-ac91a6fnbm .pt-cv-thumbnail:not(.pt-cv-thumbnailsm) { height: 300px; }#pt-cv-view-ac91a6fnbm > .pt-cv-page {grid-template-columns: repeat(1, 1fr);grid-gap: 15px;}\n@media all and (max-width: 1024px) { \n#pt-cv-view-ac91a6fnbm > .pt-cv-page {grid-template-columns: repeat(1, 1fr);}\n} \n@media all and (max-width: 767px) { \n#pt-cv-view-ac91a6fnbm > .pt-cv-page {grid-template-columns: repeat(1, 1fr);}\n} <\/style>\r\n\t\t\t<\/li><\/ul><\/div><\/div>\n<p>&nbsp;<\/p>\n","protected":false},"excerpt":{"rendered":"<p>\u00a1Bienvenidos al Departamento de Filosof\u00eda del IES San Felipe Neri! Nos complace recibirte en este espacio dedicado al pensamiento cr\u00edtico, la reflexi\u00f3n profunda y el an\u00e1lisis de las grandes preguntas que han marcado la&#46;&#46;&#46;<\/p>\n","protected":false},"author":13459,"featured_media":1772,"parent":1407,"menu_order":0,"comment_status":"closed","ping_status":"closed","template":"","meta":{"_exactmetrics_skip_tracking":false,"_exactmetrics_sitenote_active":false,"_exactmetrics_sitenote_note":"","_exactmetrics_sitenote_category":0,"ngg_post_thumbnail":0,"footnotes":""},"aioseo_notices":[],"_links":{"self":[{"href":"https:\/\/blogsaverroes.juntadeandalucia.es\/sanfelipeneri\/wp-json\/wp\/v2\/pages\/1511"}],"collection":[{"href":"https:\/\/blogsaverroes.juntadeandalucia.es\/sanfelipeneri\/wp-json\/wp\/v2\/pages"}],"about":[{"href":"https:\/\/blogsaverroes.juntadeandalucia.es\/sanfelipeneri\/wp-json\/wp\/v2\/types\/page"}],"author":[{"embeddable":true,"href":"https:\/\/blogsaverroes.juntadeandalucia.es\/sanfelipeneri\/wp-json\/wp\/v2\/users\/13459"}],"replies":[{"embeddable":true,"href":"https:\/\/blogsaverroes.juntadeandalucia.es\/sanfelipeneri\/wp-json\/wp\/v2\/comments?post=1511"}],"version-history":[{"count":11,"href":"https:\/\/blogsaverroes.juntadeandalucia.es\/sanfelipeneri\/wp-json\/wp\/v2\/pages\/1511\/revisions"}],"predecessor-version":[{"id":6358,"href":"https:\/\/blogsaverroes.juntadeandalucia.es\/sanfelipeneri\/wp-json\/wp\/v2\/pages\/1511\/revisions\/6358"}],"up":[{"embeddable":true,"href":"https:\/\/blogsaverroes.juntadeandalucia.es\/sanfelipeneri\/wp-json\/wp\/v2\/pages\/1407"}],"wp:featuredmedia":[{"embeddable":true,"href":"https:\/\/blogsaverroes.juntadeandalucia.es\/sanfelipeneri\/wp-json\/wp\/v2\/media\/1772"}],"wp:attachment":[{"href":"https:\/\/blogsaverroes.juntadeandalucia.es\/sanfelipeneri\/wp-json\/wp\/v2\/media?parent=1511"}],"curies":[{"name":"wp","href":"https:\/\/api.w.org\/{rel}","templated":true}]}}