{"id":1514,"date":"2024-08-08T16:39:10","date_gmt":"2024-08-08T14:39:10","guid":{"rendered":"https:\/\/blogsaverroes.juntadeandalucia.es\/sanfelipeneri\/?page_id=1514"},"modified":"2025-02-06T11:58:56","modified_gmt":"2025-02-06T10:58:56","slug":"frances","status":"publish","type":"page","link":"https:\/\/blogsaverroes.juntadeandalucia.es\/sanfelipeneri\/departamentos\/frances\/","title":{"rendered":"Franc\u00e9s"},"content":{"rendered":"<p>\u00a1Bienvenue au D\u00e9partement de Fran\u00e7ais de l&#8217;IES San Felipe Neri!<\/p>\n<p>Nos alegra darte la bienvenida a este espacio dedicado al aprendizaje y la promoci\u00f3n de la lengua y cultura francesas. En nuestro departamento, no solo aprender\u00e1s el idioma, sino que tambi\u00e9n descubrir\u00e1s la riqueza cultural de los pa\u00edses franc\u00f3fonos, su historia, arte y literatura.<\/p>\n<p>A trav\u00e9s de clases interactivas, actividades culturales, y proyectos colaborativos, te sumergir\u00e1s en el franc\u00e9s de manera din\u00e1mica y pr\u00e1ctica. Nuestro objetivo es que los estudiantes desarrollen competencias ling\u00fc\u00edsticas s\u00f3lidas y una comprensi\u00f3n profunda del contexto cultural, fomentando as\u00ed una apertura global y una curiosidad por el mundo.<\/p>\n<p>Desde la gram\u00e1tica y la conversaci\u00f3n cotidiana hasta la lectura de grandes autores como Moli\u00e8re, Camus o Victor Hugo, te acompa\u00f1aremos en cada paso de tu aprendizaje.<\/p>\n<hr>\n<div class=\"osc-res-tab tabbable   osc-tabs-left\"><div style=\"clear:both;width: 100%;\"><ul class=\"nav osc-res-nav nav-pills osc-tabs-left-ul\" id=\"oscitas-restabs-1-frances-59981\"><li class=\"active\"><a href=\"#ert_pane1-0\" data-toggle=\"tab\">Profesorado<\/a><\/li><li class=\"\"><a href=\"#ert_pane1-1\" data-toggle=\"tab\">Programaciones <\/a><\/li><li class=\"\"><a href=\"#ert_pane1-2\" data-toggle=\"tab\">Competencias y criterios<\/a><\/li><li class=\"\"><a href=\"#ert_pane1-3\" data-toggle=\"tab\">Otros recursos<\/a><\/li><li class=\"\"><a href=\"#ert_pane1-4\" data-toggle=\"tab\">Noticias<\/a><\/li><\/ul><\/div><div style=\"clear:both;width: 100%;\"><ul class=\"tab-content\" id=\"oscitas-restabcontent-1-frances-59981\"><li class=\"tab-pane active\" id=\"ert_pane1-0\"><table style=\"width: 99.1266%;height: 288px\" border=\"10px solid rgb(255, 255, 255)\">\n<tbody>\n<tr style=\"height: 36px\">\n<td style=\"background-color: #c5cbe3;border: 10px solid #ffffff;width: 50%;height: 50px;text-align: center\"><strong>Ca\u00f1ada P\u00e9rez, Mar\u00eda Dolores<\/strong><\/td>\n<td style=\"background-color: #c5cbe3;border: 10px solid #ffffff;width: 50%;height: 50px;text-align: center\"><strong>Padilla Mena, Antonia Mar\u00eda<\/strong><\/td>\n<\/tr>\n<tr style=\"height: 24px\">\n<td style=\"background-color: #ffffff;border: 10px solid #ffffff;width: 50%;height: 50px;text-align: center\">\u2709\ufe0f <a href=\"mailto:mcanper717@g.educaand.es\">mcanper717@g.educaand.es<\/a><\/td>\n<td style=\"background-color: #ffffff;border: 10px solid #ffffff;width: 50%;height: 50px;text-align: center\">\u2709\ufe0f <a href=\"mailto:apadmen357@g.educaand.es\">apadmen357@g.educaand.es<\/a><\/td>\n<\/tr>\n<\/tbody>\n<\/table><\/li><li class=\"tab-pane \" id=\"ert_pane1-1\"><iframe src=\"https:\/\/drive.google.com\/embeddedfolderview?id=1LcZ4PO3Kw_Ru438Zr4RUbJzlxCHM2okL#list\" height=\"600\"><\/iframe><br \/><\/li><li class=\"tab-pane \" id=\"ert_pane1-2\"><iframe src=\"https:\/\/drive.google.com\/embeddedfolderview?id=1zfxy-fZr8eTjZcfSVhOcd7v0HLlJeIYk#list\" height=\"600\"><\/iframe><br \/><\/li><li class=\"tab-pane \" id=\"ert_pane1-3\"><iframe src=\"https:\/\/drive.google.com\/embeddedfolderview?id=1HO3RsIbdRHQCg4EGWjXoNvXuBVsa0vqt#list\" height=\"600\"><\/iframe><br \/><\/li><li class=\"tab-pane \" id=\"ert_pane1-4\"><p style=\"text-align: center\"><div class=\"pt-cv-wrapper\"><div class=\"pt-cv-view pt-cv-blockgrid iscvblock iscvhybrid list1 layout1\" id=\"pt-cv-view-dc8e6d3cgd\"><div data-id=\"pt-cv-page-1\" class=\"pt-cv-page\" data-cvc=\"1\"><div class=\" pt-cv-content-item pt-cv-2-col\" ><div class=\"pt-cv-thumb-wrapper pull-left \"><a href=\"https:\/\/blogsaverroes.juntadeandalucia.es\/sanfelipeneri\/un-viaje-a-francia-desde-el-aula-celebramos-la-chandeleur-en-el-ies-san-felipe-neri\/\" class=\"_self pt-cv-href-thumbnail pt-cv-thumb-left\" target=\"_self\" ><img loading=\"lazy\" decoding=\"async\" width=\"225\" height=\"300\" src=\"https:\/\/blogsaverroes.juntadeandalucia.es\/sanfelipeneri\/files\/2026\/03\/WhatsApp-Image-2026-03-25-at-17.09.25-2-225x300.jpeg\" class=\"pt-cv-thumbnail pull-left\" alt=\"\" srcset=\"https:\/\/blogsaverroes.juntadeandalucia.es\/sanfelipeneri\/files\/2026\/03\/WhatsApp-Image-2026-03-25-at-17.09.25-2-225x300.jpeg 225w, https:\/\/blogsaverroes.juntadeandalucia.es\/sanfelipeneri\/files\/2026\/03\/WhatsApp-Image-2026-03-25-at-17.09.25-2-768x1024.jpeg 768w, https:\/\/blogsaverroes.juntadeandalucia.es\/sanfelipeneri\/files\/2026\/03\/WhatsApp-Image-2026-03-25-at-17.09.25-2.jpeg 896w\" sizes=\"(max-width: 225px) 100vw, 225px\" \/><\/a><\/div>\n<div class=\"pt-cv-colwrap\"><h4 class=\"pt-cv-title\"><a href=\"https:\/\/blogsaverroes.juntadeandalucia.es\/sanfelipeneri\/un-viaje-a-francia-desde-el-aula-celebramos-la-chandeleur-en-el-ies-san-felipe-neri\/\" class=\"_self\" target=\"_self\" >Un viaje a Francia desde el aula: celebramos la Chandeleur en el IES San Felipe Neri\u00a0<\/a><\/h4><div class=\"pt-cv-content\">Ayer, en el IES San Felipe Neri de Martos, vivimos una experiencia muy especial\u2026 \u00a1viajamos a Francia sin salir del aula! El alumnado de 2\u00ba de Bachillerato de franc\u00e9s celebr\u00f3 la tradicional Chandeleur, ese d\u00eda tan esperado en Francia en el que las protagonistas son, sin duda, las deliciosas cr\u00eapes ...<br \/><div class=\"pt-cv-rmwrap\"><a href=\"https:\/\/blogsaverroes.juntadeandalucia.es\/sanfelipeneri\/un-viaje-a-francia-desde-el-aula-celebramos-la-chandeleur-en-el-ies-san-felipe-neri\/\" class=\"_self pt-cv-readmore btn btn-success\" target=\"_self\">Leer M\u00e1s<\/a><\/div><\/div><\/div><\/div>\n<div class=\" pt-cv-content-item pt-cv-2-col\" ><div class=\"pt-cv-thumb-wrapper pull-left \"><a href=\"https:\/\/blogsaverroes.juntadeandalucia.es\/sanfelipeneri\/le-theatre-est-vivant\/\" class=\"_self pt-cv-href-thumbnail pt-cv-thumb-left\" target=\"_self\" ><img loading=\"lazy\" decoding=\"async\" width=\"225\" height=\"300\" src=\"https:\/\/blogsaverroes.juntadeandalucia.es\/sanfelipeneri\/files\/2026\/03\/WhatsApp-Image-2026-03-20-at-09.57.35-5-225x300.jpeg\" class=\"pt-cv-thumbnail pull-left\" alt=\"\" srcset=\"https:\/\/blogsaverroes.juntadeandalucia.es\/sanfelipeneri\/files\/2026\/03\/WhatsApp-Image-2026-03-20-at-09.57.35-5-225x300.jpeg 225w, https:\/\/blogsaverroes.juntadeandalucia.es\/sanfelipeneri\/files\/2026\/03\/WhatsApp-Image-2026-03-20-at-09.57.35-5-768x1024.jpeg 768w, https:\/\/blogsaverroes.juntadeandalucia.es\/sanfelipeneri\/files\/2026\/03\/WhatsApp-Image-2026-03-20-at-09.57.35-5-1152x1536.jpeg 1152w, https:\/\/blogsaverroes.juntadeandalucia.es\/sanfelipeneri\/files\/2026\/03\/WhatsApp-Image-2026-03-20-at-09.57.35-5.jpeg 1500w\" sizes=\"(max-width: 225px) 100vw, 225px\" \/><\/a><\/div>\n<div class=\"pt-cv-colwrap\"><h4 class=\"pt-cv-title\"><a href=\"https:\/\/blogsaverroes.juntadeandalucia.es\/sanfelipeneri\/le-theatre-est-vivant\/\" class=\"_self\" target=\"_self\" >\u00a1Le th\u00e9\u00e2tre est vivant!<\/a><\/h4><div class=\"pt-cv-content\">Ayer, nuestro alumnado tuvo la oportunidad de salir del aula para vivir una experiencia diferente y enriquecedora en las butacas de la UJA, donde asisti\u00f3 a la representaci\u00f3n de la obra \"Le r\u00eave de la famille B\u00e9lier\". Esta actividad, enmarcada dentro del aprendizaje del franc\u00e9s, nos permite acercar el idioma ...<br \/><div class=\"pt-cv-rmwrap\"><a href=\"https:\/\/blogsaverroes.juntadeandalucia.es\/sanfelipeneri\/le-theatre-est-vivant\/\" class=\"_self pt-cv-readmore btn btn-success\" target=\"_self\">Leer M\u00e1s<\/a><\/div><\/div><\/div><\/div>\n<div class=\" pt-cv-content-item pt-cv-2-col\" ><div class=\"pt-cv-thumb-wrapper pull-left \"><a href=\"https:\/\/blogsaverroes.juntadeandalucia.es\/sanfelipeneri\/cronica-de-una-inmersion-linguistica-de-londres-a-nueva-york-pasando-por-jaen\/\" class=\"_self pt-cv-href-thumbnail pt-cv-thumb-left\" target=\"_self\" ><img loading=\"lazy\" decoding=\"async\" width=\"225\" height=\"300\" src=\"https:\/\/blogsaverroes.juntadeandalucia.es\/sanfelipeneri\/files\/2026\/02\/WhatsApp-Image-2026-02-18-at-18.53.55-4-225x300.jpeg\" class=\"pt-cv-thumbnail pull-left\" alt=\"\" srcset=\"https:\/\/blogsaverroes.juntadeandalucia.es\/sanfelipeneri\/files\/2026\/02\/WhatsApp-Image-2026-02-18-at-18.53.55-4-225x300.jpeg 225w, https:\/\/blogsaverroes.juntadeandalucia.es\/sanfelipeneri\/files\/2026\/02\/WhatsApp-Image-2026-02-18-at-18.53.55-4-768x1024.jpeg 768w, https:\/\/blogsaverroes.juntadeandalucia.es\/sanfelipeneri\/files\/2026\/02\/WhatsApp-Image-2026-02-18-at-18.53.55-4-1152x1536.jpeg 1152w, https:\/\/blogsaverroes.juntadeandalucia.es\/sanfelipeneri\/files\/2026\/02\/WhatsApp-Image-2026-02-18-at-18.53.55-4.jpeg 1500w\" sizes=\"(max-width: 225px) 100vw, 225px\" \/><\/a><\/div>\n<div class=\"pt-cv-colwrap\"><h4 class=\"pt-cv-title\"><a href=\"https:\/\/blogsaverroes.juntadeandalucia.es\/sanfelipeneri\/cronica-de-una-inmersion-linguistica-de-londres-a-nueva-york-pasando-por-jaen\/\" class=\"_self\" target=\"_self\" >Cr\u00f3nica de una inmersi\u00f3n ling\u00fc\u00edstica: de Londres a Nueva York pasando por Ja\u00e9n<\/a><\/h4><div class=\"pt-cv-content\">El IES San Felipe Neri ha apostado una vez m\u00e1s por el aprendizaje vivencial. Casi un centenar de nuestros alumnos de primer ciclo de la ESO han cambiado por un d\u00eda los libros de texto por las butacas de la UJA para disfrutar de la obra Le Tour du Monde ...<br \/><div class=\"pt-cv-rmwrap\"><a href=\"https:\/\/blogsaverroes.juntadeandalucia.es\/sanfelipeneri\/cronica-de-una-inmersion-linguistica-de-londres-a-nueva-york-pasando-por-jaen\/\" class=\"_self pt-cv-readmore btn btn-success\" target=\"_self\">Leer M\u00e1s<\/a><\/div><\/div><\/div><\/div>\n<div class=\" pt-cv-content-item pt-cv-2-col\" ><div class=\"pt-cv-thumb-wrapper pull-left \"><a href=\"https:\/\/blogsaverroes.juntadeandalucia.es\/sanfelipeneri\/el-alumnado-de-frances-viaja-al-corazon-de-notre-dame-de-paris\/\" class=\"_self pt-cv-href-thumbnail pt-cv-thumb-left\" target=\"_self\" ><img loading=\"lazy\" decoding=\"async\" width=\"300\" height=\"226\" src=\"https:\/\/blogsaverroes.juntadeandalucia.es\/sanfelipeneri\/files\/2025\/02\/IMG_20250127_100238-300x226.jpg\" class=\"pt-cv-thumbnail pull-left\" alt=\"\" srcset=\"https:\/\/blogsaverroes.juntadeandalucia.es\/sanfelipeneri\/files\/2025\/02\/IMG_20250127_100238-300x226.jpg 300w, https:\/\/blogsaverroes.juntadeandalucia.es\/sanfelipeneri\/files\/2025\/02\/IMG_20250127_100238-1024x771.jpg 1024w, https:\/\/blogsaverroes.juntadeandalucia.es\/sanfelipeneri\/files\/2025\/02\/IMG_20250127_100238-768x578.jpg 768w, https:\/\/blogsaverroes.juntadeandalucia.es\/sanfelipeneri\/files\/2025\/02\/IMG_20250127_100238-1536x1157.jpg 1536w, https:\/\/blogsaverroes.juntadeandalucia.es\/sanfelipeneri\/files\/2025\/02\/IMG_20250127_100238-2048x1542.jpg 2048w\" sizes=\"(max-width: 300px) 100vw, 300px\" \/><\/a><\/div>\n<div class=\"pt-cv-colwrap\"><h4 class=\"pt-cv-title\"><a href=\"https:\/\/blogsaverroes.juntadeandalucia.es\/sanfelipeneri\/el-alumnado-de-frances-viaja-al-corazon-de-notre-dame-de-paris\/\" class=\"_self\" target=\"_self\" >El alumnado de franc\u00e9s viaja al coraz\u00f3n de &#8220;Notre Dame de Paris&#8221;<\/a><\/h4><div class=\"pt-cv-content\">El pasado lunes 27 de enero, el alumnado de franc\u00e9s de 1\u00ba, 2\u00ba y 3\u00ba de ESO tuvo la oportunidad de asistir a la representaci\u00f3n teatral de una adaptaci\u00f3n del cl\u00e1sico de la literatura francesa Notre Dame de Paris. Una experiencia \u00fanica para acercarse a la lengua y la cultura ...<br \/><div class=\"pt-cv-rmwrap\"><a href=\"https:\/\/blogsaverroes.juntadeandalucia.es\/sanfelipeneri\/el-alumnado-de-frances-viaja-al-corazon-de-notre-dame-de-paris\/\" class=\"_self pt-cv-readmore btn btn-success\" target=\"_self\">Leer M\u00e1s<\/a><\/div><\/div><\/div><\/div><\/div><\/div><\/div>\t\t\t<style type=\"text\/css\" id=\"pt-cv-inline-style-81fa4ce2xb\">\n#pt-cv-view-dc8e6d3cgd .pt-cv-thumb-wrapper:not(.miniwrap) { width: 40%; }#pt-cv-view-dc8e6d3cgd .pt-cv-thumbnail:not(.pt-cv-thumbnailsm) { height: 300px; }#pt-cv-view-dc8e6d3cgd > .pt-cv-page {grid-template-columns: repeat(1, 1fr);grid-gap: 15px;}\n@media all and (max-width: 1024px) { \n#pt-cv-view-dc8e6d3cgd > .pt-cv-page {grid-template-columns: repeat(1, 1fr);}\n} \n@media all and (max-width: 767px) { \n#pt-cv-view-dc8e6d3cgd > .pt-cv-page {grid-template-columns: repeat(1, 1fr);}\n} <\/style>\r\n\t\t\t<\/li><\/ul><\/div><\/div>\n<p>&nbsp;<\/p>\n","protected":false},"excerpt":{"rendered":"<p>\u00a1Bienvenue au D\u00e9partement de Fran\u00e7ais de l&#8217;IES San Felipe Neri! Nos alegra darte la bienvenida a este espacio dedicado al aprendizaje y la promoci\u00f3n de la lengua y cultura francesas. En nuestro departamento, no&#46;&#46;&#46;<\/p>\n","protected":false},"author":13459,"featured_media":1775,"parent":1407,"menu_order":0,"comment_status":"closed","ping_status":"closed","template":"","meta":{"_exactmetrics_skip_tracking":false,"_exactmetrics_sitenote_active":false,"_exactmetrics_sitenote_note":"","_exactmetrics_sitenote_category":0,"ngg_post_thumbnail":0,"footnotes":""},"aioseo_notices":[],"_links":{"self":[{"href":"https:\/\/blogsaverroes.juntadeandalucia.es\/sanfelipeneri\/wp-json\/wp\/v2\/pages\/1514"}],"collection":[{"href":"https:\/\/blogsaverroes.juntadeandalucia.es\/sanfelipeneri\/wp-json\/wp\/v2\/pages"}],"about":[{"href":"https:\/\/blogsaverroes.juntadeandalucia.es\/sanfelipeneri\/wp-json\/wp\/v2\/types\/page"}],"author":[{"embeddable":true,"href":"https:\/\/blogsaverroes.juntadeandalucia.es\/sanfelipeneri\/wp-json\/wp\/v2\/users\/13459"}],"replies":[{"embeddable":true,"href":"https:\/\/blogsaverroes.juntadeandalucia.es\/sanfelipeneri\/wp-json\/wp\/v2\/comments?post=1514"}],"version-history":[{"count":7,"href":"https:\/\/blogsaverroes.juntadeandalucia.es\/sanfelipeneri\/wp-json\/wp\/v2\/pages\/1514\/revisions"}],"predecessor-version":[{"id":3097,"href":"https:\/\/blogsaverroes.juntadeandalucia.es\/sanfelipeneri\/wp-json\/wp\/v2\/pages\/1514\/revisions\/3097"}],"up":[{"embeddable":true,"href":"https:\/\/blogsaverroes.juntadeandalucia.es\/sanfelipeneri\/wp-json\/wp\/v2\/pages\/1407"}],"wp:featuredmedia":[{"embeddable":true,"href":"https:\/\/blogsaverroes.juntadeandalucia.es\/sanfelipeneri\/wp-json\/wp\/v2\/media\/1775"}],"wp:attachment":[{"href":"https:\/\/blogsaverroes.juntadeandalucia.es\/sanfelipeneri\/wp-json\/wp\/v2\/media?parent=1514"}],"curies":[{"name":"wp","href":"https:\/\/api.w.org\/{rel}","templated":true}]}}