{"id":1516,"date":"2024-08-08T16:39:36","date_gmt":"2024-08-08T14:39:36","guid":{"rendered":"https:\/\/blogsaverroes.juntadeandalucia.es\/sanfelipeneri\/?page_id=1516"},"modified":"2024-11-15T10:04:33","modified_gmt":"2024-11-15T09:04:33","slug":"geografia-e-historia","status":"publish","type":"page","link":"https:\/\/blogsaverroes.juntadeandalucia.es\/sanfelipeneri\/departamentos\/geografia-e-historia\/","title":{"rendered":"Geograf\u00eda e Historia"},"content":{"rendered":"<p>\u00a1Te damos la bienvenida al Departamento de Geograf\u00eda e Historia del IES San Felipe Neri!<\/p>\n<p>&nbsp;Con nuestra materia aprender\u00e1s a entender el mundo desde dos perspectivas complementarias: la hist\u00f3rica, que analiza el devenir de las sociedades humanas, y la geogr\u00e1fica, que estudia los territorios, los paisajes y las relaciones entre los seres humanos y su entorno. A trav\u00e9s de estas disciplinas, podr\u00e1s comprender mejor los grandes eventos que han moldeado el mundo y los retos globales que enfrentamos hoy.<\/p>\n<p>Nuestro enfoque se basa en fomentar el pensamiento cr\u00edtico y la curiosidad, ayud\u00e1ndote a interpretar el pasado y a analizar el presente de manera informada. \u00a1Estamos encantados de acompa\u00f1arte en este emocionante viaje a trav\u00e9s del tiempo y el espacio!<\/p>\n<hr>\n<div class=\"osc-res-tab tabbable   osc-tabs-left\"><div style=\"clear:both;width: 100%;\"><ul class=\"nav osc-res-nav nav-pills osc-tabs-left-ul\" id=\"oscitas-restabs-1-geografia-e-historia-15102\"><li class=\"active\"><a href=\"#ert_pane1-0\" data-toggle=\"tab\">Profesorado<\/a><\/li><li class=\"\"><a href=\"#ert_pane1-1\" data-toggle=\"tab\">Programaciones <\/a><\/li><li class=\"\"><a href=\"#ert_pane1-2\" data-toggle=\"tab\">Competencias y criterios<\/a><\/li><li class=\"\"><a href=\"#ert_pane1-3\" data-toggle=\"tab\">Otros recursos<\/a><\/li><li class=\"\"><a href=\"#ert_pane1-4\" data-toggle=\"tab\">Noticias<\/a><\/li><\/ul><\/div><div style=\"clear:both;width: 100%;\"><ul class=\"tab-content\" id=\"oscitas-restabcontent-1-geografia-e-historia-15102\"><li class=\"tab-pane active\" id=\"ert_pane1-0\"><table style=\"width: 100%;height: 299px\" border=\"10px solid rgb(255, 255, 255)\">\n<tbody>\n<tr style=\"height: 36px\">\n<td style=\"background-color: #c5cbe3;border: 10px solid #ffffff;width: 50%;height: 50px;text-align: center\"><strong>Anguita Arroyo, Mar\u00eda del Carmen<\/strong><\/td>\n<td style=\"background-color: #c5cbe3;border: 10px solid #ffffff;width: 50%;height: 50px;text-align: center\"><strong>Ca\u00f1ada Hornos, Manuel Jes\u00fas<\/strong><\/td>\n<\/tr>\n<tr style=\"height: 24px\">\n<td style=\"background-color: #ffffff;border: 10px solid #ffffff;width: 50%;height: 50px;text-align: center\">\u2709\ufe0f <a href=\"mailto:mangarr661@g.educaand.es\">mangarr661@g.educaand.es<\/a><\/td>\n<td style=\"background-color: #ffffff;border: 10px solid #ffffff;width: 50%;height: 50px;text-align: center\">\u2709\ufe0f <a href=\"mailto:mcanhor855@g.educaand.es\">mcanhor855@g.educaand.es<\/a><\/td>\n<\/tr>\n<tr style=\"height: 36px\">\n<td style=\"border: 10px solid #ffffff;background-color: #c5cbe3;width: 50%;height: 50px;text-align: center\"><strong>L\u00f3pez Teba, Silvia Bego\u00f1a<\/strong><\/td>\n<td style=\"border: 10px solid #ffffff;background-color: #c5cbe3;width: 50%;height: 50px;text-align: center\"><strong>Ruiz Aguilera, Antonio<\/strong><\/td>\n<\/tr>\n<tr style=\"height: 96px\">\n<td style=\"background-color: #ffffff;border: 10px solid #ffffff;width: 50%;height: 50px\">\n<p style=\"text-align: center\">\u2709\ufe0f <a href=\"mailto:slopteb086@g.educaand.es\">slopteb086@g.educaand.es<\/a><\/p>\n<\/td>\n<td style=\"background-color: #ffffff;border: 10px solid #ffffff;width: 50%;height: 50px\">\n<p style=\"text-align: center\">\u2709\ufe0f<a href=\"mailto:aruiagu131@g.educaand.es\">aruiagu131@g.educaand.es<\/a><\/p>\n<\/td>\n<\/tr>\n<tr style=\"height: 36px\">\n<td style=\"border: 10px solid #ffffff;background-color: #c5cbe3;width: 50%;height: 49px;text-align: center\"><strong>Ruiz Ord\u00f3\u00f1ez, Daniel<\/strong><\/td>\n<td style=\"border: 10px solid #ffffff;background-color: #ffffff;width: 50%;height: 49px\">&nbsp;<\/td>\n<\/tr>\n<tr style=\"height: 24px\">\n<td style=\"background-color: #ffffff;border: 10px solid #ffffff;width: 50%;height: 50px;text-align: center\">\u2709\ufe0f <a href=\"mailto:druiord958@g.educaand.es\">druiord958@g.educaand.es<\/a><\/td>\n<td style=\"background-color: #ffffff;border: 10px solid #ffffff;width: 50%;height: 50px;text-align: center\">&nbsp;<\/td>\n<\/tr>\n<\/tbody>\n<\/table><\/li><li class=\"tab-pane \" id=\"ert_pane1-1\"><iframe src=\"https:\/\/drive.google.com\/embeddedfolderview?id=1KYX6PFSBtH91K-IOgfQyyo-Y3_gB4fSG#list\" height=\"600\"><\/iframe><br \/><\/li><li class=\"tab-pane \" id=\"ert_pane1-2\"><iframe src=\"https:\/\/drive.google.com\/embeddedfolderview?id=13PL6t_95qrRqb-HJ2UlqH5WpEjaM0O3J#list\" height=\"600\"><\/iframe><br \/><\/li><li class=\"tab-pane \" id=\"ert_pane1-3\"><iframe src=\"https:\/\/drive.google.com\/embeddedfolderview?id=1NzEUjhemKB-18gk-DiGIyMEUtIWyEPZF#list\" height=\"600\"><\/iframe><br \/><\/li><li class=\"tab-pane \" id=\"ert_pane1-4\"><div class=\"pt-cv-wrapper\"><div class=\"pt-cv-view pt-cv-blockgrid iscvblock iscvhybrid list1 layout1\" id=\"pt-cv-view-9a5aea9f6x\"><div data-id=\"pt-cv-page-1\" class=\"pt-cv-page\" data-cvc=\"1\"><div class=\" pt-cv-content-item pt-cv-2-col\" ><div class=\"pt-cv-thumb-wrapper pull-left \"><a href=\"https:\/\/blogsaverroes.juntadeandalucia.es\/sanfelipeneri\/escape-room-aprendiendo-andalucia-a-contrarreloj\/\" class=\"_self pt-cv-href-thumbnail pt-cv-thumb-left\" target=\"_self\" ><img loading=\"lazy\" decoding=\"async\" width=\"300\" height=\"300\" src=\"https:\/\/blogsaverroes.juntadeandalucia.es\/sanfelipeneri\/files\/2026\/02\/10317748-300x300.jpg\" class=\"pt-cv-thumbnail pull-left\" alt=\"\" srcset=\"https:\/\/blogsaverroes.juntadeandalucia.es\/sanfelipeneri\/files\/2026\/02\/10317748-300x300.jpg 300w, https:\/\/blogsaverroes.juntadeandalucia.es\/sanfelipeneri\/files\/2026\/02\/10317748-1024x1024.jpg 1024w, https:\/\/blogsaverroes.juntadeandalucia.es\/sanfelipeneri\/files\/2026\/02\/10317748-150x150.jpg 150w, https:\/\/blogsaverroes.juntadeandalucia.es\/sanfelipeneri\/files\/2026\/02\/10317748-768x768.jpg 768w, https:\/\/blogsaverroes.juntadeandalucia.es\/sanfelipeneri\/files\/2026\/02\/10317748-1536x1536.jpg 1536w, https:\/\/blogsaverroes.juntadeandalucia.es\/sanfelipeneri\/files\/2026\/02\/10317748-80x80.jpg 80w, https:\/\/blogsaverroes.juntadeandalucia.es\/sanfelipeneri\/files\/2026\/02\/10317748-320x320.jpg 320w, https:\/\/blogsaverroes.juntadeandalucia.es\/sanfelipeneri\/files\/2026\/02\/10317748.jpg 2000w\" sizes=\"(max-width: 300px) 100vw, 300px\" \/><\/a><\/div>\n<div class=\"pt-cv-colwrap\"><h4 class=\"pt-cv-title\"><a href=\"https:\/\/blogsaverroes.juntadeandalucia.es\/sanfelipeneri\/escape-room-aprendiendo-andalucia-a-contrarreloj\/\" class=\"_self\" target=\"_self\" >Escape Room: aprendiendo Andaluc\u00eda a contrarreloj<\/a><\/h4><div class=\"pt-cv-content\">Ayer el alumnado de 4\u00ba de ESO vivi\u00f3 una experiencia diferente en el aula. Durante una sesi\u00f3n, los libros quedaron a un lado y la clase se transform\u00f3 en un aut\u00e9ntico escenario de investigaci\u00f3n. El reto estaba claro: rescatar el legado de Andaluc\u00eda antes de que el cron\u00f3metro llegara a ...<br \/><div class=\"pt-cv-rmwrap\"><a href=\"https:\/\/blogsaverroes.juntadeandalucia.es\/sanfelipeneri\/escape-room-aprendiendo-andalucia-a-contrarreloj\/\" class=\"_self pt-cv-readmore btn btn-success\" target=\"_self\">Leer M\u00e1s<\/a><\/div><\/div><\/div><\/div>\n<div class=\" pt-cv-content-item pt-cv-2-col\" ><div class=\"pt-cv-thumb-wrapper pull-left \"><a href=\"https:\/\/blogsaverroes.juntadeandalucia.es\/sanfelipeneri\/aprendemos-historia-a-traves-de-la-memoria-familiar\/\" class=\"_self pt-cv-href-thumbnail pt-cv-thumb-left\" target=\"_self\" ><img loading=\"lazy\" decoding=\"async\" width=\"300\" height=\"225\" src=\"https:\/\/blogsaverroes.juntadeandalucia.es\/sanfelipeneri\/files\/2025\/12\/WhatsApp-Image-2025-12-03-at-19.02.39-3-300x225.jpeg\" class=\"pt-cv-thumbnail pull-left\" alt=\"\" srcset=\"https:\/\/blogsaverroes.juntadeandalucia.es\/sanfelipeneri\/files\/2025\/12\/WhatsApp-Image-2025-12-03-at-19.02.39-3-300x225.jpeg 300w, https:\/\/blogsaverroes.juntadeandalucia.es\/sanfelipeneri\/files\/2025\/12\/WhatsApp-Image-2025-12-03-at-19.02.39-3-1024x768.jpeg 1024w, https:\/\/blogsaverroes.juntadeandalucia.es\/sanfelipeneri\/files\/2025\/12\/WhatsApp-Image-2025-12-03-at-19.02.39-3-768x576.jpeg 768w, https:\/\/blogsaverroes.juntadeandalucia.es\/sanfelipeneri\/files\/2025\/12\/WhatsApp-Image-2025-12-03-at-19.02.39-3-1536x1152.jpeg 1536w, https:\/\/blogsaverroes.juntadeandalucia.es\/sanfelipeneri\/files\/2025\/12\/WhatsApp-Image-2025-12-03-at-19.02.39-3.jpeg 2048w\" sizes=\"(max-width: 300px) 100vw, 300px\" \/><\/a><\/div>\n<div class=\"pt-cv-colwrap\"><h4 class=\"pt-cv-title\"><a href=\"https:\/\/blogsaverroes.juntadeandalucia.es\/sanfelipeneri\/aprendemos-historia-a-traves-de-la-memoria-familiar\/\" class=\"_self\" target=\"_self\" >Aprendemos Historia a trav\u00e9s de la memoria familiar<\/a><\/h4><div class=\"pt-cv-content\">Ayer, nuestro alumnado de 1\u00ba de Bachillerato de Ciencias Sociales y Humanidades tuvo la oportunidad de acercarse a la Historia de una forma \u00fanica: a trav\u00e9s del testimonio oral y escrito de Enrique Castillo, bisnieto de Felipe Castillo, uno de los integrantes de \u201cLos \u00faltimos de Filipinas\u201d. Enrique comparti\u00f3 con ...<br \/><div class=\"pt-cv-rmwrap\"><a href=\"https:\/\/blogsaverroes.juntadeandalucia.es\/sanfelipeneri\/aprendemos-historia-a-traves-de-la-memoria-familiar\/\" class=\"_self pt-cv-readmore btn btn-success\" target=\"_self\">Leer M\u00e1s<\/a><\/div><\/div><\/div><\/div>\n<div class=\" pt-cv-content-item pt-cv-2-col\" ><div class=\"pt-cv-thumb-wrapper pull-left \"><a href=\"https:\/\/blogsaverroes.juntadeandalucia.es\/sanfelipeneri\/el-alumnado-de-patrimonio-de-1o-de-bachillerato-ha-tenido-hoy-una-visita-muy-especial\/\" class=\"_self pt-cv-href-thumbnail pt-cv-thumb-left\" target=\"_self\" ><img loading=\"lazy\" decoding=\"async\" width=\"300\" height=\"225\" src=\"https:\/\/blogsaverroes.juntadeandalucia.es\/sanfelipeneri\/files\/2025\/11\/WhatsApp-Image-2025-11-27-at-16.08.40-1-300x225.jpeg\" class=\"pt-cv-thumbnail pull-left\" alt=\"\" srcset=\"https:\/\/blogsaverroes.juntadeandalucia.es\/sanfelipeneri\/files\/2025\/11\/WhatsApp-Image-2025-11-27-at-16.08.40-1-300x225.jpeg 300w, https:\/\/blogsaverroes.juntadeandalucia.es\/sanfelipeneri\/files\/2025\/11\/WhatsApp-Image-2025-11-27-at-16.08.40-1-1024x768.jpeg 1024w, https:\/\/blogsaverroes.juntadeandalucia.es\/sanfelipeneri\/files\/2025\/11\/WhatsApp-Image-2025-11-27-at-16.08.40-1-768x576.jpeg 768w, https:\/\/blogsaverroes.juntadeandalucia.es\/sanfelipeneri\/files\/2025\/11\/WhatsApp-Image-2025-11-27-at-16.08.40-1-1536x1152.jpeg 1536w, https:\/\/blogsaverroes.juntadeandalucia.es\/sanfelipeneri\/files\/2025\/11\/WhatsApp-Image-2025-11-27-at-16.08.40-1.jpeg 2048w\" sizes=\"(max-width: 300px) 100vw, 300px\" \/><\/a><\/div>\n<div class=\"pt-cv-colwrap\"><h4 class=\"pt-cv-title\"><a href=\"https:\/\/blogsaverroes.juntadeandalucia.es\/sanfelipeneri\/el-alumnado-de-patrimonio-de-1o-de-bachillerato-ha-tenido-hoy-una-visita-muy-especial\/\" class=\"_self\" target=\"_self\" >El alumnado de Patrimonio de 1\u00ba de Bachillerato ha tenido hoy una visita muy especial.<\/a><\/h4><div class=\"pt-cv-content\">Santiago Alb\u00edn Bl\u00e1zquez, antiguo alumno de nuestro centro y una joven promesa cuya trayectoria profesional no deja de crecer, ha regresado para compartir su conocimiento y pasi\u00f3n. Graduado en Geograf\u00eda e Historia, Santiago compagina su formaci\u00f3n acad\u00e9mica con otra de sus grandes vocaciones: la m\u00fasica. Flautista e integrante de la ...<br \/><div class=\"pt-cv-rmwrap\"><a href=\"https:\/\/blogsaverroes.juntadeandalucia.es\/sanfelipeneri\/el-alumnado-de-patrimonio-de-1o-de-bachillerato-ha-tenido-hoy-una-visita-muy-especial\/\" class=\"_self pt-cv-readmore btn btn-success\" target=\"_self\">Leer M\u00e1s<\/a><\/div><\/div><\/div><\/div>\n<div class=\" pt-cv-content-item pt-cv-2-col\" ><div class=\"pt-cv-thumb-wrapper pull-left \"><a href=\"https:\/\/blogsaverroes.juntadeandalucia.es\/sanfelipeneri\/tradiciones-que-se-mantienen-vivas-los-melones-de-todos-los-santos\/\" class=\"_self pt-cv-href-thumbnail pt-cv-thumb-left\" target=\"_self\" ><img loading=\"lazy\" decoding=\"async\" width=\"300\" height=\"225\" src=\"https:\/\/blogsaverroes.juntadeandalucia.es\/sanfelipeneri\/files\/2025\/11\/WhatsApp-Image-2025-10-31-at-21.51.32-300x225.jpeg\" class=\"pt-cv-thumbnail pull-left\" alt=\"\" srcset=\"https:\/\/blogsaverroes.juntadeandalucia.es\/sanfelipeneri\/files\/2025\/11\/WhatsApp-Image-2025-10-31-at-21.51.32-300x225.jpeg 300w, https:\/\/blogsaverroes.juntadeandalucia.es\/sanfelipeneri\/files\/2025\/11\/WhatsApp-Image-2025-10-31-at-21.51.32-1024x768.jpeg 1024w, https:\/\/blogsaverroes.juntadeandalucia.es\/sanfelipeneri\/files\/2025\/11\/WhatsApp-Image-2025-10-31-at-21.51.32-768x576.jpeg 768w, https:\/\/blogsaverroes.juntadeandalucia.es\/sanfelipeneri\/files\/2025\/11\/WhatsApp-Image-2025-10-31-at-21.51.32-1536x1152.jpeg 1536w, https:\/\/blogsaverroes.juntadeandalucia.es\/sanfelipeneri\/files\/2025\/11\/WhatsApp-Image-2025-10-31-at-21.51.32-e1763062198266.jpeg 1000w\" sizes=\"(max-width: 300px) 100vw, 300px\" \/><\/a><\/div>\n<div class=\"pt-cv-colwrap\"><h4 class=\"pt-cv-title\"><a href=\"https:\/\/blogsaverroes.juntadeandalucia.es\/sanfelipeneri\/tradiciones-que-se-mantienen-vivas-los-melones-de-todos-los-santos\/\" class=\"_self\" target=\"_self\" >Tradiciones que se mantienen vivas: los melones de Todos los Santos<\/a><\/h4><div class=\"pt-cv-content\">El pasado viernes, el alumnado del itinerario de Patrimonio celebr\u00f3 una bonita actividad relacionada con las tradiciones populares del D\u00eda de Todos los Santos: tallar melones. Esta costumbre, muy arraigada en algunas zonas de Andaluc\u00eda, consiste en vaciar melones para decorarlos con caras y figuras, introduciendo en su interior una ...<br \/><div class=\"pt-cv-rmwrap\"><a href=\"https:\/\/blogsaverroes.juntadeandalucia.es\/sanfelipeneri\/tradiciones-que-se-mantienen-vivas-los-melones-de-todos-los-santos\/\" class=\"_self pt-cv-readmore btn btn-success\" target=\"_self\">Leer M\u00e1s<\/a><\/div><\/div><\/div><\/div>\n<div class=\" pt-cv-content-item pt-cv-2-col\" ><div class=\"pt-cv-thumb-wrapper pull-left \"><a href=\"https:\/\/blogsaverroes.juntadeandalucia.es\/sanfelipeneri\/enhorabuena-a-nuestra-alumna-candela-serrano-barranco\/\" class=\"_self pt-cv-href-thumbnail pt-cv-thumb-left\" target=\"_self\" ><img loading=\"lazy\" decoding=\"async\" width=\"169\" height=\"300\" src=\"https:\/\/blogsaverroes.juntadeandalucia.es\/sanfelipeneri\/files\/2025\/10\/WhatsApp-Image-2025-10-31-at-11.39.16-169x300.jpeg\" class=\"pt-cv-thumbnail pull-left\" alt=\"\" srcset=\"https:\/\/blogsaverroes.juntadeandalucia.es\/sanfelipeneri\/files\/2025\/10\/WhatsApp-Image-2025-10-31-at-11.39.16-169x300.jpeg 169w, https:\/\/blogsaverroes.juntadeandalucia.es\/sanfelipeneri\/files\/2025\/10\/WhatsApp-Image-2025-10-31-at-11.39.16-576x1024.jpeg 576w, https:\/\/blogsaverroes.juntadeandalucia.es\/sanfelipeneri\/files\/2025\/10\/WhatsApp-Image-2025-10-31-at-11.39.16-768x1365.jpeg 768w, https:\/\/blogsaverroes.juntadeandalucia.es\/sanfelipeneri\/files\/2025\/10\/WhatsApp-Image-2025-10-31-at-11.39.16-864x1536.jpeg 864w, https:\/\/blogsaverroes.juntadeandalucia.es\/sanfelipeneri\/files\/2025\/10\/WhatsApp-Image-2025-10-31-at-11.39.16.jpeg 900w\" sizes=\"(max-width: 169px) 100vw, 169px\" \/><\/a><\/div>\n<div class=\"pt-cv-colwrap\"><h4 class=\"pt-cv-title\"><a href=\"https:\/\/blogsaverroes.juntadeandalucia.es\/sanfelipeneri\/enhorabuena-a-nuestra-alumna-candela-serrano-barranco\/\" class=\"_self\" target=\"_self\" >Enhorabuena a nuestra alumna Candela Serrano Barranco<\/a><\/h4><div class=\"pt-cv-content\">Felicitamos a nuestra brillante alumna de 2.\u00ba de Bachillerato, Candela Serrano Barranco, por haber obtenido un \u00c1ccesit en el XVIII Concurso de Historia para J\u00f3venes EUSTORY-RMR, cuya tem\u00e1tica en esta edici\u00f3n ha sido \u201cMi familia en la historia\u201d. Su trabajo, titulado \u201cRetrato de aquellos inmigrantes\u201d, realiza un an\u00e1lisis minucioso y ...<br \/><div class=\"pt-cv-rmwrap\"><a href=\"https:\/\/blogsaverroes.juntadeandalucia.es\/sanfelipeneri\/enhorabuena-a-nuestra-alumna-candela-serrano-barranco\/\" class=\"_self pt-cv-readmore btn btn-success\" target=\"_self\">Leer M\u00e1s<\/a><\/div><\/div><\/div><\/div><\/div><\/div>\n<div class=\" pt-cv-pagination-wrapper\"><ul class=\"pt-cv-pagination pt-cv-ajax pagination\" data-totalpages=\"2\" data-currentpage=\"1\" data-sid=\"9a5aea9f6x\" data-unid=\"\" data-isblock=\"\" data-postid=\"\"><li class=\"active\"><a href=\"#\">1<\/a><\/li>\n\t<li ><a class=\"\" href=\"https:\/\/blogsaverroes.juntadeandalucia.es\/sanfelipeneri\/wp-json\/wp\/v2\/pages\/1516\/?_page=2\">2<\/a><\/li>\n\t<li ><a class=\" \" href=\"https:\/\/blogsaverroes.juntadeandalucia.es\/sanfelipeneri\/wp-json\/wp\/v2\/pages\/1516\/?_page=2\">&rsaquo;<\/a><\/li>\n\t<\/ul><img loading=\"lazy\" decoding=\"async\" width=\"15\" height=\"15\" class=\"pt-cv-spinner\" alt=\"Cargando...\" src=\"data:image\/gif;base64,R0lGODlhDwAPALMPAMrKygwMDJOTkz09PZWVla+vr3p6euTk5M7OzuXl5TMzMwAAAJmZmWZmZszMzP\/\/\/yH\/C05FVFNDQVBFMi4wAwEAAAAh+QQFCgAPACwAAAAADwAPAAAEQvDJaZaZOIcV8iQK8VRX4iTYoAwZ4iCYoAjZ4RxejhVNoT+mRGP4cyF4Pp0N98sBGIBMEMOotl6YZ3S61Bmbkm4mAgAh+QQFCgAPACwAAAAADQANAAAENPDJSRSZeA418itN8QiK8BiLITVsFiyBBIoYqnoewAD4xPw9iY4XLGYSjkQR4UAUD45DLwIAIfkEBQoADwAsAAAAAA8ACQAABC\/wyVlamTi3nSdgwFNdhEJgTJoNyoB9ISYoQmdjiZPcj7EYCAeCF1gEDo4Dz2eIAAAh+QQFCgAPACwCAAAADQANAAAEM\/DJBxiYeLKdX3IJZT1FU0iIg2RNKx3OkZVnZ98ToRD4MyiDnkAh6BkNC0MvsAj0kMpHBAAh+QQFCgAPACwGAAAACQAPAAAEMDC59KpFDll73HkAA2wVY5KgiK5b0RRoI6MuzG6EQqCDMlSGheEhUAgqgUUAFRySIgAh+QQFCgAPACwCAAIADQANAAAEM\/DJKZNLND\/kkKaHc3xk+QAMYDKsiaqmZCxGVjSFFCxB1vwy2oOgIDxuucxAMTAJFAJNBAAh+QQFCgAPACwAAAYADwAJAAAEMNAs86q1yaWwwv2Ig0jUZx3OYa4XoRAfwADXoAwfo1+CIjyFRuEho60aSNYlOPxEAAAh+QQFCgAPACwAAAIADQANAAAENPA9s4y8+IUVcqaWJ4qEQozSoAzoIyhCK2NFU2SJk0hNnyEOhKR2AzAAj4Pj4GE4W0bkJQIAOw==\" \/><div class=\"clear pt-cv-clear-pagination\"><\/div><\/div><\/div>\t\t\t<style type=\"text\/css\" id=\"pt-cv-inline-style-fdbf45fnfs\">\n#pt-cv-view-9a5aea9f6x .pt-cv-thumb-wrapper:not(.miniwrap) { width: 40%; }#pt-cv-view-9a5aea9f6x .pt-cv-thumbnail:not(.pt-cv-thumbnailsm) { height: 300px; }#pt-cv-view-9a5aea9f6x > .pt-cv-page {grid-template-columns: repeat(1, 1fr);grid-gap: 15px;}\n@media all and (max-width: 1024px) { \n#pt-cv-view-9a5aea9f6x > .pt-cv-page {grid-template-columns: repeat(1, 1fr);}\n} \n@media all and (max-width: 767px) { \n#pt-cv-view-9a5aea9f6x > .pt-cv-page {grid-template-columns: repeat(1, 1fr);}\n} <\/style>\r\n\t\t\t<\/li><\/ul><\/div><\/div>\n<p>&nbsp;<\/p>\n","protected":false},"excerpt":{"rendered":"<p>\u00a1Te damos la bienvenida al Departamento de Geograf\u00eda e Historia del IES San Felipe Neri! &nbsp;Con nuestra materia aprender\u00e1s a entender el mundo desde dos perspectivas complementarias: la hist\u00f3rica, que analiza el devenir de&#46;&#46;&#46;<\/p>\n","protected":false},"author":13459,"featured_media":1777,"parent":1407,"menu_order":0,"comment_status":"closed","ping_status":"closed","template":"","meta":{"_exactmetrics_skip_tracking":false,"_exactmetrics_sitenote_active":false,"_exactmetrics_sitenote_note":"","_exactmetrics_sitenote_category":0,"ngg_post_thumbnail":0,"footnotes":""},"aioseo_notices":[],"_links":{"self":[{"href":"https:\/\/blogsaverroes.juntadeandalucia.es\/sanfelipeneri\/wp-json\/wp\/v2\/pages\/1516"}],"collection":[{"href":"https:\/\/blogsaverroes.juntadeandalucia.es\/sanfelipeneri\/wp-json\/wp\/v2\/pages"}],"about":[{"href":"https:\/\/blogsaverroes.juntadeandalucia.es\/sanfelipeneri\/wp-json\/wp\/v2\/types\/page"}],"author":[{"embeddable":true,"href":"https:\/\/blogsaverroes.juntadeandalucia.es\/sanfelipeneri\/wp-json\/wp\/v2\/users\/13459"}],"replies":[{"embeddable":true,"href":"https:\/\/blogsaverroes.juntadeandalucia.es\/sanfelipeneri\/wp-json\/wp\/v2\/comments?post=1516"}],"version-history":[{"count":8,"href":"https:\/\/blogsaverroes.juntadeandalucia.es\/sanfelipeneri\/wp-json\/wp\/v2\/pages\/1516\/revisions"}],"predecessor-version":[{"id":2552,"href":"https:\/\/blogsaverroes.juntadeandalucia.es\/sanfelipeneri\/wp-json\/wp\/v2\/pages\/1516\/revisions\/2552"}],"up":[{"embeddable":true,"href":"https:\/\/blogsaverroes.juntadeandalucia.es\/sanfelipeneri\/wp-json\/wp\/v2\/pages\/1407"}],"wp:featuredmedia":[{"embeddable":true,"href":"https:\/\/blogsaverroes.juntadeandalucia.es\/sanfelipeneri\/wp-json\/wp\/v2\/media\/1777"}],"wp:attachment":[{"href":"https:\/\/blogsaverroes.juntadeandalucia.es\/sanfelipeneri\/wp-json\/wp\/v2\/media?parent=1516"}],"curies":[{"name":"wp","href":"https:\/\/api.w.org\/{rel}","templated":true}]}}