{"id":1518,"date":"2024-08-08T16:40:05","date_gmt":"2024-08-08T14:40:05","guid":{"rendered":"https:\/\/blogsaverroes.juntadeandalucia.es\/sanfelipeneri\/?page_id=1518"},"modified":"2025-10-30T13:48:40","modified_gmt":"2025-10-30T12:48:40","slug":"ingles","status":"publish","type":"page","link":"https:\/\/blogsaverroes.juntadeandalucia.es\/sanfelipeneri\/departamentos\/ingles\/","title":{"rendered":"Ingl\u00e9s"},"content":{"rendered":"<div class=\"flex-shrink-0 flex flex-col relative items-end\">\n<div>\n<div class=\"pt-0\">\n<div class=\"gizmo-bot-avatar flex h-8 w-8 items-center justify-center overflow-hidden rounded-full\">\n<div class=\"relative p-1 rounded-sm flex items-center justify-center bg-token-main-surface-primary text-token-text-primary h-8 w-8\">\u00a1Te damos la bienvenida al Departamento de Ingl\u00e9s!<\/div>\n<\/div>\n<\/div>\n<\/div>\n<\/div>\n<div class=\"group\/conversation-turn relative flex w-full min-w-0 flex-col agent-turn\">\n<div class=\"flex-col gap-1 md:gap-3\">\n<div class=\"flex max-w-full flex-col flex-grow\">\n<div class=\"min-h-8 text-message flex w-full flex-col items-end gap-2 whitespace-normal break-words [.text-message+&amp;]:mt-5\" dir=\"auto\" data-message-author-role=\"assistant\" data-message-id=\"cb2255b3-bfe4-4286-85c4-b39c52634bca\" data-message-model-slug=\"gpt-4o\">\n<div class=\"flex w-full flex-col gap-1 empty:hidden first:pt-[3px]\">\n<div class=\"markdown prose w-full break-words dark:prose-invert light\">\n<p>En el IES San Felipe Neri pretendemos que te sumerjas en el aprendizaje del idioma ingl\u00e9s y en la rica cultura de los pa\u00edses de habla inglesa. Nuestro objetivo es brindarte las herramientas ling\u00fc\u00edsticas necesarias para comunicarte con fluidez, as\u00ed como abrirte las puertas a nuevas oportunidades acad\u00e9micas, profesionales y culturales.<\/p>\n<p>No solo aprender\u00e1s gram\u00e1tica y vocabulario, sino que tambi\u00e9n te enfrentar\u00e1s a situaciones pr\u00e1cticas y reales que te permitir\u00e1n mejorar tu expresi\u00f3n oral y escrita. Adem\u00e1s, exploraremos la literatura, el cine, la m\u00fasica y otros aspectos de la cultura anglosajona, para que puedas entender mejor el contexto global en el que vivimos.<\/p>\n<p>Con actividades interactivas, proyectos, intercambios y eventos culturales, te ofrecemos una experiencia completa que te ayudar\u00e1 a dominar el ingl\u00e9s de manera din\u00e1mica y efectiva. Nuestro equipo docente est\u00e1 aqu\u00ed para apoyarte en cada paso de tu aprendizaje, con un enfoque personalizado que se adapta a tus necesidades y ritmo.<\/p>\n<\/div>\n<\/div>\n<\/div>\n<\/div>\n<\/div>\n<\/div>\n<hr>\n<div class=\"osc-res-tab tabbable   osc-tabs-left\"><div style=\"clear:both;width: 100%;\"><ul class=\"nav osc-res-nav nav-pills osc-tabs-left-ul\" id=\"oscitas-restabs-1-ingles-44817\"><li class=\"active\"><a href=\"#ert_pane1-0\" data-toggle=\"tab\">Profesorado<\/a><\/li><li class=\"\"><a href=\"#ert_pane1-1\" data-toggle=\"tab\">Programaciones <\/a><\/li><li class=\"\"><a href=\"#ert_pane1-2\" data-toggle=\"tab\">Competencias y criterios<\/a><\/li><li class=\"\"><a href=\"#ert_pane1-3\" data-toggle=\"tab\">Otros recursos<\/a><\/li><li class=\"\"><a href=\"#ert_pane1-4\" data-toggle=\"tab\">Noticias<\/a><\/li><\/ul><\/div><div style=\"clear:both;width: 100%;\"><ul class=\"tab-content\" id=\"oscitas-restabcontent-1-ingles-44817\"><li class=\"tab-pane active\" id=\"ert_pane1-0\"><table style=\"width: 100%;height: 400px\" border=\"10px solid rgb(255, 255, 255)\">\n<tbody>\n<tr style=\"height: 36px\">\n<td style=\"background-color: #c5cbe3;border: 10px solid #ffffff;width: 50%;height: 50px;text-align: center\"><strong>Castillo Molina, Mar\u00eda<\/strong><\/td>\n<td style=\"background-color: #c5cbe3;border: 10px solid #ffffff;width: 50%;height: 50px;text-align: center\"><strong>Ib\u00e1\u00f1ez Gonz\u00e1lez, Gloria Mar\u00eda<\/strong><\/td>\n<\/tr>\n<tr style=\"height: 24px\">\n<td style=\"background-color: #ffffff;border: 10px solid #ffffff;width: 50%;height: 50px;text-align: center\">\u2709\ufe0f <a href=\"mailto:mcasmol329@g.educaand.es\">mcasmol329@g.educaand.es<\/a><\/td>\n<td style=\"background-color: #ffffff;border: 10px solid #ffffff;width: 50%;height: 50px;text-align: center\">\u2709\ufe0f<a href=\"mailto:gibagon301@g.educaand.es\">gibagon301@g.educaand.es<\/a><\/td>\n<\/tr>\n<tr style=\"height: 36px\">\n<td style=\"border: 10px solid #ffffff;background-color: #c5cbe3;width: 50%;height: 50px;text-align: center\"><strong>Lara Carrillo, Lorena<\/strong><\/td>\n<td style=\"border: 10px solid #ffffff;background-color: #c5cbe3;width: 50%;height: 50px;text-align: center\"><strong>Martos Armenteros, Mar\u00eda Teresa<\/strong><\/td>\n<\/tr>\n<tr style=\"height: 96px\">\n<td style=\"background-color: #ffffff;border: 10px solid #ffffff;width: 50%;height: 50px\">\n<p style=\"text-align: center\">\u2709\ufe0f<a title=\"llarcar628@g.educaand.es\" href=\"mailto:llarcar628@g.educaand.es\"> llarcar628@g.educaand.es<\/a><\/p>\n<\/td>\n<td style=\"background-color: #ffffff;border: 10px solid #ffffff;width: 50%;height: 50px;text-align: center\">\u2709\ufe0f <a href=\"mailto:mmararm597@g.educaand.es\">mmararm597@g.educaand.es<\/a><\/td>\n<\/tr>\n<tr style=\"height: 36px\">\n<td style=\"border: 10px solid #ffffff;background-color: #c5cbe3;width: 50%;height: 50px;text-align: center\"><strong>Ortega Bueno, Mar\u00eda<\/strong><\/td>\n<td style=\"border: 10px solid #ffffff;background-color: #c5cbe3;width: 50%;height: 50px;text-align: center\"><strong>Quesada Malo de Molina, Mar\u00eda Teresa<\/strong><\/td>\n<\/tr>\n<tr style=\"height: 24px\">\n<td style=\"background-color: #ffffff;border: 10px solid #ffffff;width: 50%;height: 50px;text-align: center\">\u2709\ufe0f <a href=\"mailto:mortbue280@g.educaand.es\">mortbue280@g.educaand.es<\/a><\/td>\n<td style=\"background-color: #ffffff;border: 10px solid #ffffff;width: 50%;height: 50px;text-align: center\">\u2709\ufe0f <a title=\"mquemal842@g.educaand.es\" href=\"mailto:%20mquemal842@g.educaand.es\">mquemal842@g.educaand.es<\/a><\/td>\n<\/tr>\n<tr style=\"height: 36px\">\n<td style=\"background-color: #c5cbe3;border: 10px solid #ffffff;width: 50%;height: 50px;text-align: center\"><strong>Serrano Camacho, Francisco Javier<\/strong><\/td>\n<td style=\"background-color: #c5cbe3;border: 10px solid #ffffff;width: 50%;height: 50px;text-align: center\"><strong>Viera Huertas, Rosa Mar\u00eda<\/strong><\/td>\n<\/tr>\n<tr style=\"height: 36px\">\n<td style=\"background-color: #ffffff;border: 10px solid #ffffff;width: 50%;height: 50px\">\n<p style=\"text-align: center\">\u2709\ufe0f <a title=\"fsercam099@g.educaand.es\" href=\"mailto:%20fsercam099@g.educaand.es\">fsercam099@g.educaand.es<\/a><\/p>\n<\/td>\n<td style=\"background-color: #ffffff;border: 10px solid #ffffff;width: 50%;height: 50px;text-align: center\">\u2709\ufe0f <a href=\"mailto:rviehue722@g.educaand.es\">rviehue722@g.educaand.es<\/a><\/td>\n<\/tr>\n<tr style=\"height: 36px\">\n<td style=\"background-color: #ffffff;border: 10px solid #ffffff;width: 50%;height: 50px;text-align: center\">&nbsp;<\/td>\n<td style=\"background-color: #ffffff;border: 10px solid #ffffff;width: 50%;height: 50px\">&nbsp;<\/td>\n<\/tr>\n<tr style=\"height: 36px\">\n<td style=\"background-color: #ffffff;border: 10px solid #ffffff;width: 50%;height: 50px\">&nbsp;<\/td>\n<td style=\"background-color: #ffffff;border: 10px solid #ffffff;width: 50%;height: 50px\">&nbsp;<\/td>\n<\/tr>\n<\/tbody>\n<\/table><\/li><li class=\"tab-pane \" id=\"ert_pane1-1\"><iframe src=\"https:\/\/drive.google.com\/embeddedfolderview?id=1-aHb4u1PGfAQUGUjajFXIyiCfXpPhpaZ#list\" height=\"600\"><\/iframe><br \/><\/li><li class=\"tab-pane \" id=\"ert_pane1-2\"><iframe src=\"https:\/\/drive.google.com\/embeddedfolderview?id=1Ps9xu5XL54ZeEaRv7d7-iKVJNimIibJ5#list\" height=\"600\"><\/iframe><br \/><\/li><li class=\"tab-pane \" id=\"ert_pane1-3\"><iframe src=\"https:\/\/drive.google.com\/embeddedfolderview?id=1caj1IvX4uGQbVmdB8ga_yP4GOlYFll2L#list\" height=\"600\"><\/iframe><br \/><\/li><li class=\"tab-pane \" id=\"ert_pane1-4\"><div class=\"pt-cv-wrapper\"><div class=\"pt-cv-view pt-cv-grid pt-cv-colsys\" id=\"pt-cv-view-d06bf19r39\"><div data-id=\"pt-cv-page-1\" class=\"pt-cv-page\" data-cvc=\"1\"><div class=\"col-md-12 col-sm-12 col-xs-12 pt-cv-content-item pt-cv-2-col\" ><div class='pt-cv-ifield'><a href=\"https:\/\/blogsaverroes.juntadeandalucia.es\/sanfelipeneri\/intercambio-cultural-una-experiencia-para-recordar\/\" class=\"_self pt-cv-href-thumbnail pt-cv-thumb-left\" target=\"_self\" ><img loading=\"lazy\" decoding=\"async\" width=\"300\" height=\"225\" src=\"https:\/\/blogsaverroes.juntadeandalucia.es\/sanfelipeneri\/files\/2026\/04\/WhatsApp-Image-2026-04-27-at-18.55.26-300x225.jpeg\" class=\"pt-cv-thumbnail pull-left\" alt=\"\" srcset=\"https:\/\/blogsaverroes.juntadeandalucia.es\/sanfelipeneri\/files\/2026\/04\/WhatsApp-Image-2026-04-27-at-18.55.26-300x225.jpeg 300w, https:\/\/blogsaverroes.juntadeandalucia.es\/sanfelipeneri\/files\/2026\/04\/WhatsApp-Image-2026-04-27-at-18.55.26-1024x768.jpeg 1024w, https:\/\/blogsaverroes.juntadeandalucia.es\/sanfelipeneri\/files\/2026\/04\/WhatsApp-Image-2026-04-27-at-18.55.26-768x576.jpeg 768w, https:\/\/blogsaverroes.juntadeandalucia.es\/sanfelipeneri\/files\/2026\/04\/WhatsApp-Image-2026-04-27-at-18.55.26-1536x1152.jpeg 1536w, https:\/\/blogsaverroes.juntadeandalucia.es\/sanfelipeneri\/files\/2026\/04\/WhatsApp-Image-2026-04-27-at-18.55.26.jpeg 2048w\" sizes=\"(max-width: 300px) 100vw, 300px\" \/><\/a>\n<h4 class=\"pt-cv-title\"><a href=\"https:\/\/blogsaverroes.juntadeandalucia.es\/sanfelipeneri\/intercambio-cultural-una-experiencia-para-recordar\/\" class=\"_self\" target=\"_self\" >Intercambio cultural: una experiencia para recordar<\/a><\/h4>\n<div class=\"pt-cv-content\">Del 23 al 25 de abril, nuestro IES ha tenido el placer de acoger a 40 alumnos y alumnas de ...<br \/><div class=\"pt-cv-rmwrap\"><a href=\"https:\/\/blogsaverroes.juntadeandalucia.es\/sanfelipeneri\/intercambio-cultural-una-experiencia-para-recordar\/\" class=\"_self pt-cv-readmore btn btn-success\" target=\"_self\">Leer M\u00e1s<\/a><\/div><\/div><\/div><\/div>\n<div class=\"col-md-12 col-sm-12 col-xs-12 pt-cv-content-item pt-cv-2-col\" ><div class='pt-cv-ifield'><a href=\"https:\/\/blogsaverroes.juntadeandalucia.es\/sanfelipeneri\/celebramos-saint-patrick-en-el-ies-san-felipe-neri-con-una-divertida-busqueda-del-tesoro\/\" class=\"_self pt-cv-href-thumbnail pt-cv-thumb-left\" target=\"_self\" ><img loading=\"lazy\" decoding=\"async\" width=\"300\" height=\"225\" src=\"https:\/\/blogsaverroes.juntadeandalucia.es\/sanfelipeneri\/files\/2026\/03\/WhatsApp-Image-2026-03-18-at-18.48.08-6-300x225.jpeg\" class=\"pt-cv-thumbnail pull-left\" alt=\"\" srcset=\"https:\/\/blogsaverroes.juntadeandalucia.es\/sanfelipeneri\/files\/2026\/03\/WhatsApp-Image-2026-03-18-at-18.48.08-6-300x225.jpeg 300w, https:\/\/blogsaverroes.juntadeandalucia.es\/sanfelipeneri\/files\/2026\/03\/WhatsApp-Image-2026-03-18-at-18.48.08-6-1024x768.jpeg 1024w, https:\/\/blogsaverroes.juntadeandalucia.es\/sanfelipeneri\/files\/2026\/03\/WhatsApp-Image-2026-03-18-at-18.48.08-6-768x576.jpeg 768w, https:\/\/blogsaverroes.juntadeandalucia.es\/sanfelipeneri\/files\/2026\/03\/WhatsApp-Image-2026-03-18-at-18.48.08-6-1536x1152.jpeg 1536w, https:\/\/blogsaverroes.juntadeandalucia.es\/sanfelipeneri\/files\/2026\/03\/WhatsApp-Image-2026-03-18-at-18.48.08-6.jpeg 2040w\" sizes=\"(max-width: 300px) 100vw, 300px\" \/><\/a>\n<h4 class=\"pt-cv-title\"><a href=\"https:\/\/blogsaverroes.juntadeandalucia.es\/sanfelipeneri\/celebramos-saint-patrick-en-el-ies-san-felipe-neri-con-una-divertida-busqueda-del-tesoro\/\" class=\"_self\" target=\"_self\" >Celebramos Saint Patrick en el IES San Felipe Neri con una divertida b\u00fasqueda del tesoro<\/a><\/h4>\n<div class=\"pt-cv-content\">El pasado d\u00eda 17 celebramos con el alumnado de 1.\u00ba y 2.\u00ba de ESO el D\u00eda de Saint Patrick con ...<br \/><div class=\"pt-cv-rmwrap\"><a href=\"https:\/\/blogsaverroes.juntadeandalucia.es\/sanfelipeneri\/celebramos-saint-patrick-en-el-ies-san-felipe-neri-con-una-divertida-busqueda-del-tesoro\/\" class=\"_self pt-cv-readmore btn btn-success\" target=\"_self\">Leer M\u00e1s<\/a><\/div><\/div><\/div><\/div>\n<div class=\"col-md-12 col-sm-12 col-xs-12 pt-cv-content-item pt-cv-2-col\" ><div class='pt-cv-ifield'><a href=\"https:\/\/blogsaverroes.juntadeandalucia.es\/sanfelipeneri\/3o-de-eso-participa-en-el-proyecto-internacional-etwinning-roots-and-flavours\/\" class=\"_self pt-cv-href-thumbnail pt-cv-thumb-left\" target=\"_self\" ><img loading=\"lazy\" decoding=\"async\" width=\"300\" height=\"300\" src=\"https:\/\/blogsaverroes.juntadeandalucia.es\/sanfelipeneri\/files\/2026\/03\/WhatsApp-Image-2026-03-16-at-18.18.20-300x300.jpeg\" class=\"pt-cv-thumbnail pull-left\" alt=\"\" srcset=\"https:\/\/blogsaverroes.juntadeandalucia.es\/sanfelipeneri\/files\/2026\/03\/WhatsApp-Image-2026-03-16-at-18.18.20-300x300.jpeg 300w, https:\/\/blogsaverroes.juntadeandalucia.es\/sanfelipeneri\/files\/2026\/03\/WhatsApp-Image-2026-03-16-at-18.18.20-150x150.jpeg 150w, https:\/\/blogsaverroes.juntadeandalucia.es\/sanfelipeneri\/files\/2026\/03\/WhatsApp-Image-2026-03-16-at-18.18.20-768x768.jpeg 768w, https:\/\/blogsaverroes.juntadeandalucia.es\/sanfelipeneri\/files\/2026\/03\/WhatsApp-Image-2026-03-16-at-18.18.20-80x80.jpeg 80w, https:\/\/blogsaverroes.juntadeandalucia.es\/sanfelipeneri\/files\/2026\/03\/WhatsApp-Image-2026-03-16-at-18.18.20-320x320.jpeg 320w, https:\/\/blogsaverroes.juntadeandalucia.es\/sanfelipeneri\/files\/2026\/03\/WhatsApp-Image-2026-03-16-at-18.18.20.jpeg 1024w\" sizes=\"(max-width: 300px) 100vw, 300px\" \/><\/a>\n<h4 class=\"pt-cv-title\"><a href=\"https:\/\/blogsaverroes.juntadeandalucia.es\/sanfelipeneri\/3o-de-eso-participa-en-el-proyecto-internacional-etwinning-roots-and-flavours\/\" class=\"_self\" target=\"_self\" >3\u00ba de ESO participa en el proyecto internacional eTwinning \u201cRoots and Flavours\u201d<\/a><\/h4>\n<div class=\"pt-cv-content\">El alumnado de 3\u00ba ESO A y B del IES San Felipe Neri est\u00e1 participando este curso en un interesante ...<br \/><div class=\"pt-cv-rmwrap\"><a href=\"https:\/\/blogsaverroes.juntadeandalucia.es\/sanfelipeneri\/3o-de-eso-participa-en-el-proyecto-internacional-etwinning-roots-and-flavours\/\" class=\"_self pt-cv-readmore btn btn-success\" target=\"_self\">Leer M\u00e1s<\/a><\/div><\/div><\/div><\/div><\/div><\/div>\n<div class=\" pt-cv-pagination-wrapper\"><ul class=\"pt-cv-pagination pt-cv-ajax pagination\" data-totalpages=\"2\" data-currentpage=\"1\" data-sid=\"d06bf19r39\" data-unid=\"\" data-isblock=\"\" data-postid=\"\"><li class=\"active\"><a href=\"#\">1<\/a><\/li>\n\t<li ><a class=\"\" href=\"https:\/\/blogsaverroes.juntadeandalucia.es\/sanfelipeneri\/wp-json\/wp\/v2\/pages\/1518\/?_page=2\">2<\/a><\/li>\n\t<li ><a class=\" \" href=\"https:\/\/blogsaverroes.juntadeandalucia.es\/sanfelipeneri\/wp-json\/wp\/v2\/pages\/1518\/?_page=2\">&rsaquo;<\/a><\/li>\n\t<\/ul><img loading=\"lazy\" decoding=\"async\" width=\"15\" height=\"15\" class=\"pt-cv-spinner\" alt=\"Cargando...\" src=\"data:image\/gif;base64,R0lGODlhDwAPALMPAMrKygwMDJOTkz09PZWVla+vr3p6euTk5M7OzuXl5TMzMwAAAJmZmWZmZszMzP\/\/\/yH\/C05FVFNDQVBFMi4wAwEAAAAh+QQFCgAPACwAAAAADwAPAAAEQvDJaZaZOIcV8iQK8VRX4iTYoAwZ4iCYoAjZ4RxejhVNoT+mRGP4cyF4Pp0N98sBGIBMEMOotl6YZ3S61Bmbkm4mAgAh+QQFCgAPACwAAAAADQANAAAENPDJSRSZeA418itN8QiK8BiLITVsFiyBBIoYqnoewAD4xPw9iY4XLGYSjkQR4UAUD45DLwIAIfkEBQoADwAsAAAAAA8ACQAABC\/wyVlamTi3nSdgwFNdhEJgTJoNyoB9ISYoQmdjiZPcj7EYCAeCF1gEDo4Dz2eIAAAh+QQFCgAPACwCAAAADQANAAAEM\/DJBxiYeLKdX3IJZT1FU0iIg2RNKx3OkZVnZ98ToRD4MyiDnkAh6BkNC0MvsAj0kMpHBAAh+QQFCgAPACwGAAAACQAPAAAEMDC59KpFDll73HkAA2wVY5KgiK5b0RRoI6MuzG6EQqCDMlSGheEhUAgqgUUAFRySIgAh+QQFCgAPACwCAAIADQANAAAEM\/DJKZNLND\/kkKaHc3xk+QAMYDKsiaqmZCxGVjSFFCxB1vwy2oOgIDxuucxAMTAJFAJNBAAh+QQFCgAPACwAAAYADwAJAAAEMNAs86q1yaWwwv2Ig0jUZx3OYa4XoRAfwADXoAwfo1+CIjyFRuEho60aSNYlOPxEAAAh+QQFCgAPACwAAAIADQANAAAENPA9s4y8+IUVcqaWJ4qEQozSoAzoIyhCK2NFU2SJk0hNnyEOhKR2AzAAj4Pj4GE4W0bkJQIAOw==\" \/><div class=\"clear pt-cv-clear-pagination\"><\/div><\/div><\/div><\/li><\/ul><\/div><\/div>\n<p>&nbsp;<\/p>\n","protected":false},"excerpt":{"rendered":"<p>\u00a1Te damos la bienvenida al Departamento de Ingl\u00e9s! En el IES San Felipe Neri pretendemos que te sumerjas en el aprendizaje del idioma ingl\u00e9s y en la rica cultura de los pa\u00edses de habla&#46;&#46;&#46;<\/p>\n","protected":false},"author":13459,"featured_media":1778,"parent":1407,"menu_order":0,"comment_status":"closed","ping_status":"closed","template":"","meta":{"_exactmetrics_skip_tracking":false,"_exactmetrics_sitenote_active":false,"_exactmetrics_sitenote_note":"","_exactmetrics_sitenote_category":0,"ngg_post_thumbnail":0,"footnotes":""},"aioseo_notices":[],"_links":{"self":[{"href":"https:\/\/blogsaverroes.juntadeandalucia.es\/sanfelipeneri\/wp-json\/wp\/v2\/pages\/1518"}],"collection":[{"href":"https:\/\/blogsaverroes.juntadeandalucia.es\/sanfelipeneri\/wp-json\/wp\/v2\/pages"}],"about":[{"href":"https:\/\/blogsaverroes.juntadeandalucia.es\/sanfelipeneri\/wp-json\/wp\/v2\/types\/page"}],"author":[{"embeddable":true,"href":"https:\/\/blogsaverroes.juntadeandalucia.es\/sanfelipeneri\/wp-json\/wp\/v2\/users\/13459"}],"replies":[{"embeddable":true,"href":"https:\/\/blogsaverroes.juntadeandalucia.es\/sanfelipeneri\/wp-json\/wp\/v2\/comments?post=1518"}],"version-history":[{"count":7,"href":"https:\/\/blogsaverroes.juntadeandalucia.es\/sanfelipeneri\/wp-json\/wp\/v2\/pages\/1518\/revisions"}],"predecessor-version":[{"id":6368,"href":"https:\/\/blogsaverroes.juntadeandalucia.es\/sanfelipeneri\/wp-json\/wp\/v2\/pages\/1518\/revisions\/6368"}],"up":[{"embeddable":true,"href":"https:\/\/blogsaverroes.juntadeandalucia.es\/sanfelipeneri\/wp-json\/wp\/v2\/pages\/1407"}],"wp:featuredmedia":[{"embeddable":true,"href":"https:\/\/blogsaverroes.juntadeandalucia.es\/sanfelipeneri\/wp-json\/wp\/v2\/media\/1778"}],"wp:attachment":[{"href":"https:\/\/blogsaverroes.juntadeandalucia.es\/sanfelipeneri\/wp-json\/wp\/v2\/media?parent=1518"}],"curies":[{"name":"wp","href":"https:\/\/api.w.org\/{rel}","templated":true}]}}