{"id":1520,"date":"2024-08-08T16:40:38","date_gmt":"2024-08-08T14:40:38","guid":{"rendered":"https:\/\/blogsaverroes.juntadeandalucia.es\/sanfelipeneri\/?page_id=1520"},"modified":"2025-10-30T13:55:44","modified_gmt":"2025-10-30T12:55:44","slug":"lengua-y-literatura","status":"publish","type":"page","link":"https:\/\/blogsaverroes.juntadeandalucia.es\/sanfelipeneri\/departamentos\/lengua-y-literatura\/","title":{"rendered":"Lengua, Literatura y Cultura Cl\u00e1sica"},"content":{"rendered":"<div class=\"flex-shrink-0 flex flex-col relative items-end\">\n<div>\n<div class=\"pt-0\">\n<div class=\"gizmo-bot-avatar flex h-8 w-8 items-center justify-center overflow-hidden rounded-full\">\n<div class=\"relative p-1 rounded-sm flex items-center justify-center bg-token-main-surface-primary text-token-text-primary h-8 w-8\">\u00a1Te damos la bienvenida al Departamento de Lengua, Literatura y Cultura Cl\u00e1sica!<\/div>\n<\/div>\n<\/div>\n<\/div>\n<\/div>\n<div class=\"group\/conversation-turn relative flex w-full min-w-0 flex-col agent-turn\">\n<div class=\"flex-col gap-1 md:gap-3\">\n<div class=\"flex max-w-full flex-col flex-grow\">\n<div class=\"min-h-8 text-message flex w-full flex-col items-end gap-2 whitespace-normal break-words [.text-message+&amp;]:mt-5\" dir=\"auto\" data-message-author-role=\"assistant\" data-message-id=\"7c3a9271-ac4e-4a10-ac1a-54934cce8628\" data-message-model-slug=\"gpt-4o\">\n<div class=\"flex w-full flex-col gap-1 empty:hidden first:pt-[3px]\">\n<div class=\"markdown prose w-full break-words dark:prose-invert light\">\n<p>En <strong>Lengua y Literatura<\/strong>, los estudiantes trabajan en el dominio del idioma espa\u00f1ol, tanto en su expresi\u00f3n escrita como oral. A trav\u00e9s del estudio de la gram\u00e1tica, la ortograf\u00eda y la sintaxis, los alumnos adquieren las herramientas necesarias para expresarse con claridad y precisi\u00f3n. Adem\u00e1s, exploramos la riqueza de la literatura espa\u00f1ola y universal, analizando obras cl\u00e1sicas y contempor\u00e1neas, g\u00e9neros literarios y estilos de escritura. El objetivo es fomentar el amor por la lectura, el an\u00e1lisis cr\u00edtico y el desarrollo de habilidades comunicativas, esenciales en todas las \u00e1reas del conocimiento.<\/p>\n<p>Por su parte, en <strong>Cultura Cl\u00e1sica<\/strong>, los estudiantes se adentran en el fascinante mundo de la civilizaci\u00f3n grecorromana. A trav\u00e9s del estudio del lat\u00edn, los mitos, la historia y la filosof\u00eda de la Antig\u00fcedad, los alumnos descubren las ra\u00edces de nuestra cultura y lengua. Esta asignatura no solo permite entender mejor nuestro idioma y costumbres, sino que tambi\u00e9n aporta una perspectiva enriquecedora sobre el arte, la pol\u00edtica y el pensamiento occidental. Se promueve una reflexi\u00f3n cr\u00edtica sobre la influencia de las civilizaciones cl\u00e1sicas en el mundo actual y su legado.<\/p>\n<p>\u00a1Te invitamos a sumergirte en el poder de la palabra y el legado de la Antig\u00fcedad con nosotros en el IES San Felipe Neri!<\/p>\n<\/div>\n<\/div>\n<\/div>\n<\/div>\n<\/div>\n<\/div>\n<hr>\n<div class=\"osc-res-tab tabbable   osc-tabs-left\"><div style=\"clear:both;width: 100%;\"><ul class=\"nav osc-res-nav nav-pills osc-tabs-left-ul\" id=\"oscitas-restabs-1-lengua-y-literatura-48284\"><li class=\"active\"><a href=\"#ert_pane1-0\" data-toggle=\"tab\">Profesorado<\/a><\/li><li class=\"\"><a href=\"#ert_pane1-1\" data-toggle=\"tab\">Programaciones <\/a><\/li><li class=\"\"><a href=\"#ert_pane1-2\" data-toggle=\"tab\">Competencias y criterios<\/a><\/li><li class=\"\"><a href=\"#ert_pane1-3\" data-toggle=\"tab\">Otros recursos<\/a><\/li><li class=\"\"><a href=\"#ert_pane1-4\" data-toggle=\"tab\">Noticias<\/a><\/li><\/ul><\/div><div style=\"clear:both;width: 100%;\"><ul class=\"tab-content\" id=\"oscitas-restabcontent-1-lengua-y-literatura-48284\"><li class=\"tab-pane active\" id=\"ert_pane1-0\"><table style=\"width: 100%;height: 400px\" border=\"10px solid rgb(255, 255, 255)\">\n<tbody>\n<tr style=\"height: 36px\">\n<td style=\"background-color: #c5cbe3;border: 10px solid #ffffff;width: 50%;height: 50px;text-align: center\"><strong>Chaichio Ure\u00f1a, Mar\u00eda de los \u00c1ngeles<\/strong><\/td>\n<td style=\"background-color: #c5cbe3;border: 10px solid #ffffff;width: 50%;height: 50px;text-align: center\"><strong>G\u00f3mez Moral, Alba<\/strong><\/td>\n<\/tr>\n<tr style=\"height: 24px\">\n<td style=\"background-color: #ffffff;border: 10px solid #ffffff;width: 50%;height: 50px;text-align: center\">\u2709\ufe0f <a href=\"mailto:mchaure108@g.educaand.es\">mchaure108@g.educaand.es<\/a><\/td>\n<td style=\"background-color: #ffffff;border: 10px solid #ffffff;width: 50%;height: 50px;text-align: center\">\u2709\ufe0f <a href=\"mailto:agommor731@g.educaand.es\">agommor731@g.educaand.es<\/a><\/td>\n<\/tr>\n<tr style=\"height: 36px\">\n<td style=\"border: 10px solid #ffffff;background-color: #c5cbe3;width: 50%;height: 50px;text-align: center\"><strong>Lara Canales, Mar\u00eda del Mar<\/strong><\/td>\n<td style=\"border: 10px solid #ffffff;background-color: #c5cbe3;width: 50%;height: 50px;text-align: center\"><strong>Moral Capiscol, Magdalena<\/strong><\/td>\n<\/tr>\n<tr style=\"height: 96px\">\n<td style=\"background-color: #ffffff;border: 10px solid #ffffff;width: 50%;height: 50px\">\n<p style=\"text-align: center\">\u2709\ufe0f <a href=\"mailto:mlarcan086@g.educaand.es\">mlarcan086@g.educaand.es<\/a><\/p>\n<\/td>\n<td style=\"background-color: #ffffff;border: 10px solid #ffffff;width: 50%;height: 50px;text-align: center\">\u2709\ufe0f <a href=\"mailto:mmorcap600@g.educaand.es\">mmorcap600@g.educaand.es<\/a><\/td>\n<\/tr>\n<tr style=\"height: 36px\">\n<td style=\"border: 10px solid #ffffff;background-color: #c5cbe3;width: 50%;height: 50px;text-align: center\"><strong>Navas Ja\u00e9n, Marta<\/strong><\/td>\n<td style=\"border: 10px solid #ffffff;background-color: #c5cbe3;width: 50%;height: 50px;text-align: center\"><strong>Teva Ortega, Mar\u00eda Elena<\/strong><\/td>\n<\/tr>\n<tr style=\"height: 24px\">\n<td style=\"background-color: #ffffff;border: 10px solid #ffffff;width: 50%;height: 50px;text-align: center\">\u2709\ufe0f <a href=\"mailto:%20mnavjae706@g.educaand.es\">mnavjae706@g.educaand.es<\/a><\/td>\n<td style=\"background-color: #ffffff;border: 10px solid #ffffff;width: 50%;height: 50px;text-align: center\">\u2709\ufe0f <a href=\"mailto:mtevort947@g.educaand.es\">mtevort947@g.educaand.es<\/a><\/td>\n<\/tr>\n<tr style=\"height: 36px\">\n<td style=\"background-color: #c5cbe3;border: 10px solid #ffffff;width: 50%;height: 50px;text-align: center\"><strong>Miranda Checa, Sandra<\/strong><\/td>\n<td style=\"background-color: #ffffff;border: 10px solid #ffffff;width: 50%;height: 50px;text-align: center\">&nbsp;<\/td>\n<\/tr>\n<tr style=\"height: 36px\">\n<td style=\"background-color: #ffffff;border: 10px solid #ffffff;width: 50%;height: 50px;text-align: center\">\u2709\ufe0f <a href=\"mailto:%20smirche168@g.educaand.es\">smirche168@g.educaand.es<\/a><\/td>\n<td style=\"background-color: #ffffff;border: 10px solid #ffffff;width: 50%;height: 50px;text-align: center\">&nbsp;<\/td>\n<\/tr>\n<\/tbody>\n<\/table><\/li><li class=\"tab-pane \" id=\"ert_pane1-1\"><iframe src=\"https:\/\/drive.google.com\/embeddedfolderview?id=12q2lP1X8OKWr2zL-txmwCO7ScqV4E2hT#list\" height=\"600\"><\/iframe><br \/><\/li><li class=\"tab-pane \" id=\"ert_pane1-2\"><iframe src=\"https:\/\/drive.google.com\/embeddedfolderview?id=1UvVOf4rGMRqTid0pdIbRnA5H-MWEZ3Xt#list\" height=\"600\"><\/iframe><br \/><\/li><li class=\"tab-pane \" id=\"ert_pane1-3\"><iframe src=\"https:\/\/drive.google.com\/embeddedfolderview?id=1KrLrZtAc3DpGti3Whe8wAPCnnkWg1UvW#list\" height=\"600\"><\/iframe><br \/><\/li><li class=\"tab-pane \" id=\"ert_pane1-4\"><div class=\"pt-cv-wrapper\"><div class=\"pt-cv-view pt-cv-blockgrid iscvblock iscvhybrid list1 layout1\" id=\"pt-cv-view-72b5686laj\"><div data-id=\"pt-cv-page-1\" class=\"pt-cv-page\" data-cvc=\"1\"><div class=\" pt-cv-content-item pt-cv-2-col\" ><div class=\"pt-cv-thumb-wrapper pull-left \"><a href=\"https:\/\/blogsaverroes.juntadeandalucia.es\/sanfelipeneri\/talento-que-emociona\/\" class=\"_self pt-cv-href-thumbnail pt-cv-thumb-left\" target=\"_self\" ><img loading=\"lazy\" decoding=\"async\" width=\"225\" height=\"300\" src=\"https:\/\/blogsaverroes.juntadeandalucia.es\/sanfelipeneri\/files\/2026\/04\/WhatsApp-Image-2026-04-27-at-18.58.41-225x300.jpeg\" class=\"pt-cv-thumbnail pull-left\" alt=\"\" srcset=\"https:\/\/blogsaverroes.juntadeandalucia.es\/sanfelipeneri\/files\/2026\/04\/WhatsApp-Image-2026-04-27-at-18.58.41-225x300.jpeg 225w, https:\/\/blogsaverroes.juntadeandalucia.es\/sanfelipeneri\/files\/2026\/04\/WhatsApp-Image-2026-04-27-at-18.58.41-768x1024.jpeg 768w, https:\/\/blogsaverroes.juntadeandalucia.es\/sanfelipeneri\/files\/2026\/04\/WhatsApp-Image-2026-04-27-at-18.58.41-1152x1536.jpeg 1152w, https:\/\/blogsaverroes.juntadeandalucia.es\/sanfelipeneri\/files\/2026\/04\/WhatsApp-Image-2026-04-27-at-18.58.41.jpeg 1530w\" sizes=\"(max-width: 225px) 100vw, 225px\" \/><\/a><\/div>\n<div class=\"pt-cv-colwrap\"><h4 class=\"pt-cv-title\"><a href=\"https:\/\/blogsaverroes.juntadeandalucia.es\/sanfelipeneri\/talento-que-emociona\/\" class=\"_self\" target=\"_self\" >Talento que emociona<\/a><\/h4><div class=\"pt-cv-content\">La comunidad educativa del IES San Felipe Neri ha vivido con especial ilusi\u00f3n y orgullo la presentaci\u00f3n del libro de poemas escrito por uno de nuestros alumnos, un acontecimiento que supone una gran satisfacci\u00f3n para todo el centro. Ver c\u00f3mo un estudiante transforma su creatividad, sus emociones y su sensibilidad ...<br \/><div class=\"pt-cv-rmwrap\"><a href=\"https:\/\/blogsaverroes.juntadeandalucia.es\/sanfelipeneri\/talento-que-emociona\/\" class=\"_self pt-cv-readmore btn btn-success\" target=\"_self\">Leer M\u00e1s<\/a><\/div><\/div><\/div><\/div>\n<div class=\" pt-cv-content-item pt-cv-2-col\" ><div class=\"pt-cv-thumb-wrapper pull-left \"><a href=\"https:\/\/blogsaverroes.juntadeandalucia.es\/sanfelipeneri\/cuando-los-suenos-se-escriben-en-papel\/\" class=\"_self pt-cv-href-thumbnail pt-cv-thumb-left\" target=\"_self\" ><img loading=\"lazy\" decoding=\"async\" width=\"300\" height=\"178\" src=\"https:\/\/blogsaverroes.juntadeandalucia.es\/sanfelipeneri\/files\/2026\/04\/Historia-de-Instagram-Cancer-de-Mama-Simple-Rosa-1350-x-1080-px-1350-x-800-px-7-300x178.png\" class=\"pt-cv-thumbnail pull-left\" alt=\"\" srcset=\"https:\/\/blogsaverroes.juntadeandalucia.es\/sanfelipeneri\/files\/2026\/04\/Historia-de-Instagram-Cancer-de-Mama-Simple-Rosa-1350-x-1080-px-1350-x-800-px-7-300x178.png 300w, https:\/\/blogsaverroes.juntadeandalucia.es\/sanfelipeneri\/files\/2026\/04\/Historia-de-Instagram-Cancer-de-Mama-Simple-Rosa-1350-x-1080-px-1350-x-800-px-7-1024x607.png 1024w, https:\/\/blogsaverroes.juntadeandalucia.es\/sanfelipeneri\/files\/2026\/04\/Historia-de-Instagram-Cancer-de-Mama-Simple-Rosa-1350-x-1080-px-1350-x-800-px-7-768x455.png 768w, https:\/\/blogsaverroes.juntadeandalucia.es\/sanfelipeneri\/files\/2026\/04\/Historia-de-Instagram-Cancer-de-Mama-Simple-Rosa-1350-x-1080-px-1350-x-800-px-7.png 1350w\" sizes=\"(max-width: 300px) 100vw, 300px\" \/><\/a><\/div>\n<div class=\"pt-cv-colwrap\"><h4 class=\"pt-cv-title\"><a href=\"https:\/\/blogsaverroes.juntadeandalucia.es\/sanfelipeneri\/cuando-los-suenos-se-escriben-en-papel\/\" class=\"_self\" target=\"_self\" >Cuando los sue\u00f1os se escriben en papel<\/a><\/h4><div class=\"pt-cv-content\">Hoy queremos compartir una noticia que nos llena de orgullo: un alumno de nuestro centro, el IES San Felipe Neri de Martos, ha dado un paso incre\u00edble en su trayectoria personal y acad\u00e9mica: \u00a1ha publicado su propio libro! Esta obra es el resultado de su esfuerzo, su creatividad y su ...<br \/><div class=\"pt-cv-rmwrap\"><a href=\"https:\/\/blogsaverroes.juntadeandalucia.es\/sanfelipeneri\/cuando-los-suenos-se-escriben-en-papel\/\" class=\"_self pt-cv-readmore btn btn-success\" target=\"_self\">Leer M\u00e1s<\/a><\/div><\/div><\/div><\/div>\n<div class=\" pt-cv-content-item pt-cv-2-col\" ><div class=\"pt-cv-thumb-wrapper pull-left \"><a href=\"https:\/\/blogsaverroes.juntadeandalucia.es\/sanfelipeneri\/exhibicion-de-debate-30-de-abril\/\" class=\"_self pt-cv-href-thumbnail pt-cv-thumb-left\" target=\"_self\" ><img loading=\"lazy\" decoding=\"async\" width=\"212\" height=\"300\" src=\"https:\/\/blogsaverroes.juntadeandalucia.es\/sanfelipeneri\/files\/2026\/04\/WhatsApp-Image-2026-04-08-at-12.01.22-212x300.jpeg\" class=\"pt-cv-thumbnail pull-left\" alt=\"\" srcset=\"https:\/\/blogsaverroes.juntadeandalucia.es\/sanfelipeneri\/files\/2026\/04\/WhatsApp-Image-2026-04-08-at-12.01.22-212x300.jpeg 212w, https:\/\/blogsaverroes.juntadeandalucia.es\/sanfelipeneri\/files\/2026\/04\/WhatsApp-Image-2026-04-08-at-12.01.22-724x1024.jpeg 724w, https:\/\/blogsaverroes.juntadeandalucia.es\/sanfelipeneri\/files\/2026\/04\/WhatsApp-Image-2026-04-08-at-12.01.22-768x1086.jpeg 768w, https:\/\/blogsaverroes.juntadeandalucia.es\/sanfelipeneri\/files\/2026\/04\/WhatsApp-Image-2026-04-08-at-12.01.22-1086x1536.jpeg 1086w, https:\/\/blogsaverroes.juntadeandalucia.es\/sanfelipeneri\/files\/2026\/04\/WhatsApp-Image-2026-04-08-at-12.01.22.jpeg 1131w\" sizes=\"(max-width: 212px) 100vw, 212px\" \/><\/a><\/div>\n<div class=\"pt-cv-colwrap\"><h4 class=\"pt-cv-title\"><a href=\"https:\/\/blogsaverroes.juntadeandalucia.es\/sanfelipeneri\/exhibicion-de-debate-30-de-abril\/\" class=\"_self\" target=\"_self\" >Exhibici\u00f3n de Debate \u2013 30 de abril<\/a><\/h4><div class=\"pt-cv-content\">El pr\u00f3ximo 30 de abril, el sal\u00f3n de actos de nuestro centro se convertir\u00e1 en un espacio privilegiado para el encuentro y la reflexi\u00f3n, acogiendo una jornada muy especial dedicada al arte de la palabra. Nuestro alumnado tendr\u00e1 la oportunidad de compartir esta experiencia con estudiantes del IES Santa Teresa ...<br \/><div class=\"pt-cv-rmwrap\"><a href=\"https:\/\/blogsaverroes.juntadeandalucia.es\/sanfelipeneri\/exhibicion-de-debate-30-de-abril\/\" class=\"_self pt-cv-readmore btn btn-success\" target=\"_self\">Leer M\u00e1s<\/a><\/div><\/div><\/div><\/div>\n<div class=\" pt-cv-content-item pt-cv-2-col\" ><div class=\"pt-cv-thumb-wrapper pull-left \"><a href=\"https:\/\/blogsaverroes.juntadeandalucia.es\/sanfelipeneri\/descubriendo-el-teatro-desde-dentro\/\" class=\"_self pt-cv-href-thumbnail pt-cv-thumb-left\" target=\"_self\" ><img loading=\"lazy\" decoding=\"async\" width=\"300\" height=\"226\" src=\"https:\/\/blogsaverroes.juntadeandalucia.es\/sanfelipeneri\/files\/2026\/04\/WhatsApp-Image-2026-03-30-at-13.21.06-4-300x226.jpeg\" class=\"pt-cv-thumbnail pull-left\" alt=\"\" srcset=\"https:\/\/blogsaverroes.juntadeandalucia.es\/sanfelipeneri\/files\/2026\/04\/WhatsApp-Image-2026-03-30-at-13.21.06-4-300x226.jpeg 300w, https:\/\/blogsaverroes.juntadeandalucia.es\/sanfelipeneri\/files\/2026\/04\/WhatsApp-Image-2026-03-30-at-13.21.06-4-1024x771.jpeg 1024w, https:\/\/blogsaverroes.juntadeandalucia.es\/sanfelipeneri\/files\/2026\/04\/WhatsApp-Image-2026-03-30-at-13.21.06-4-768x578.jpeg 768w, https:\/\/blogsaverroes.juntadeandalucia.es\/sanfelipeneri\/files\/2026\/04\/WhatsApp-Image-2026-03-30-at-13.21.06-4-1536x1156.jpeg 1536w, https:\/\/blogsaverroes.juntadeandalucia.es\/sanfelipeneri\/files\/2026\/04\/WhatsApp-Image-2026-03-30-at-13.21.06-4.jpeg 1600w\" sizes=\"(max-width: 300px) 100vw, 300px\" \/><\/a><\/div>\n<div class=\"pt-cv-colwrap\"><h4 class=\"pt-cv-title\"><a href=\"https:\/\/blogsaverroes.juntadeandalucia.es\/sanfelipeneri\/descubriendo-el-teatro-desde-dentro\/\" class=\"_self\" target=\"_self\" >Descubriendo el teatro desde dentro<\/a><\/h4><div class=\"pt-cv-content\">Con motivo del D\u00eda Mundial del Teatro, se organiz\u00f3 una visita guiada al Teatro Municipal Maestro \u00c1lvarez Alonso para conocer de cerca todos sus secretos: desde el escenario hasta aquellos espacios que habitualmente permanecen ocultos al p\u00fablico, las verdaderas entra\u00f1as del teatro. Durante la actividad, el alumnado vivi\u00f3 una experiencia ...<br \/><div class=\"pt-cv-rmwrap\"><a href=\"https:\/\/blogsaverroes.juntadeandalucia.es\/sanfelipeneri\/descubriendo-el-teatro-desde-dentro\/\" class=\"_self pt-cv-readmore btn btn-success\" target=\"_self\">Leer M\u00e1s<\/a><\/div><\/div><\/div><\/div>\n<div class=\" pt-cv-content-item pt-cv-2-col\" ><div class=\"pt-cv-thumb-wrapper pull-left \"><a href=\"https:\/\/blogsaverroes.juntadeandalucia.es\/sanfelipeneri\/exhibicion-del-equipo-femenino-de-debate\/\" class=\"_self pt-cv-href-thumbnail pt-cv-thumb-left\" target=\"_self\" ><img loading=\"lazy\" decoding=\"async\" width=\"300\" height=\"225\" src=\"https:\/\/blogsaverroes.juntadeandalucia.es\/sanfelipeneri\/files\/2026\/03\/WhatsApp-Image-2026-03-19-at-13.35.35-300x225.jpeg\" class=\"pt-cv-thumbnail pull-left\" alt=\"\" srcset=\"https:\/\/blogsaverroes.juntadeandalucia.es\/sanfelipeneri\/files\/2026\/03\/WhatsApp-Image-2026-03-19-at-13.35.35-300x225.jpeg 300w, https:\/\/blogsaverroes.juntadeandalucia.es\/sanfelipeneri\/files\/2026\/03\/WhatsApp-Image-2026-03-19-at-13.35.35-1024x768.jpeg 1024w, https:\/\/blogsaverroes.juntadeandalucia.es\/sanfelipeneri\/files\/2026\/03\/WhatsApp-Image-2026-03-19-at-13.35.35-768x576.jpeg 768w, https:\/\/blogsaverroes.juntadeandalucia.es\/sanfelipeneri\/files\/2026\/03\/WhatsApp-Image-2026-03-19-at-13.35.35.jpeg 1280w\" sizes=\"(max-width: 300px) 100vw, 300px\" \/><\/a><\/div>\n<div class=\"pt-cv-colwrap\"><h4 class=\"pt-cv-title\"><a href=\"https:\/\/blogsaverroes.juntadeandalucia.es\/sanfelipeneri\/exhibicion-del-equipo-femenino-de-debate\/\" class=\"_self\" target=\"_self\" >Exhibici\u00f3n del equipo femenino de debate<\/a><\/h4><div class=\"pt-cv-content\">Hoy hemos vivido una jornada muy especial en Mancha Real, compartiendo experiencias junto al Colegio Madre del Divino Pastor (And\u00fajar) y el IES Santa Teresa (Ja\u00e9n). Queremos expresar nuestro m\u00e1s sincero agradecimiento al IES Pe\u00f1a del \u00c1guila (Mancha Real) por su magn\u00edfica acogida. Ha sido una experiencia llena de ilusi\u00f3n ...<br \/><div class=\"pt-cv-rmwrap\"><a href=\"https:\/\/blogsaverroes.juntadeandalucia.es\/sanfelipeneri\/exhibicion-del-equipo-femenino-de-debate\/\" class=\"_self pt-cv-readmore btn btn-success\" target=\"_self\">Leer M\u00e1s<\/a><\/div><\/div><\/div><\/div><\/div><\/div>\n<div class=\" pt-cv-pagination-wrapper\"><ul class=\"pt-cv-pagination pt-cv-ajax pagination\" data-totalpages=\"4\" data-currentpage=\"1\" data-sid=\"72b5686laj\" data-unid=\"\" data-isblock=\"\" data-postid=\"\"><li class=\"active\"><a href=\"#\">1<\/a><\/li>\n\t<li ><a class=\"\" href=\"https:\/\/blogsaverroes.juntadeandalucia.es\/sanfelipeneri\/wp-json\/wp\/v2\/pages\/1520\/?_page=2\">2<\/a><\/li>\n\t<li ><a class=\"\" href=\"https:\/\/blogsaverroes.juntadeandalucia.es\/sanfelipeneri\/wp-json\/wp\/v2\/pages\/1520\/?_page=3\">3<\/a><\/li>\n\t<li ><a class=\"\" href=\"https:\/\/blogsaverroes.juntadeandalucia.es\/sanfelipeneri\/wp-json\/wp\/v2\/pages\/1520\/?_page=4\">4<\/a><\/li>\n\t<li ><a class=\" \" href=\"https:\/\/blogsaverroes.juntadeandalucia.es\/sanfelipeneri\/wp-json\/wp\/v2\/pages\/1520\/?_page=2\">&rsaquo;<\/a><\/li>\n\t<\/ul><img loading=\"lazy\" decoding=\"async\" width=\"15\" height=\"15\" class=\"pt-cv-spinner\" alt=\"Cargando...\" src=\"data:image\/gif;base64,R0lGODlhDwAPALMPAMrKygwMDJOTkz09PZWVla+vr3p6euTk5M7OzuXl5TMzMwAAAJmZmWZmZszMzP\/\/\/yH\/C05FVFNDQVBFMi4wAwEAAAAh+QQFCgAPACwAAAAADwAPAAAEQvDJaZaZOIcV8iQK8VRX4iTYoAwZ4iCYoAjZ4RxejhVNoT+mRGP4cyF4Pp0N98sBGIBMEMOotl6YZ3S61Bmbkm4mAgAh+QQFCgAPACwAAAAADQANAAAENPDJSRSZeA418itN8QiK8BiLITVsFiyBBIoYqnoewAD4xPw9iY4XLGYSjkQR4UAUD45DLwIAIfkEBQoADwAsAAAAAA8ACQAABC\/wyVlamTi3nSdgwFNdhEJgTJoNyoB9ISYoQmdjiZPcj7EYCAeCF1gEDo4Dz2eIAAAh+QQFCgAPACwCAAAADQANAAAEM\/DJBxiYeLKdX3IJZT1FU0iIg2RNKx3OkZVnZ98ToRD4MyiDnkAh6BkNC0MvsAj0kMpHBAAh+QQFCgAPACwGAAAACQAPAAAEMDC59KpFDll73HkAA2wVY5KgiK5b0RRoI6MuzG6EQqCDMlSGheEhUAgqgUUAFRySIgAh+QQFCgAPACwCAAIADQANAAAEM\/DJKZNLND\/kkKaHc3xk+QAMYDKsiaqmZCxGVjSFFCxB1vwy2oOgIDxuucxAMTAJFAJNBAAh+QQFCgAPACwAAAYADwAJAAAEMNAs86q1yaWwwv2Ig0jUZx3OYa4XoRAfwADXoAwfo1+CIjyFRuEho60aSNYlOPxEAAAh+QQFCgAPACwAAAIADQANAAAENPA9s4y8+IUVcqaWJ4qEQozSoAzoIyhCK2NFU2SJk0hNnyEOhKR2AzAAj4Pj4GE4W0bkJQIAOw==\" \/><div class=\"clear pt-cv-clear-pagination\"><\/div><\/div><\/div>\t\t\t<style type=\"text\/css\" id=\"pt-cv-inline-style-f60871eisy\">\n#pt-cv-view-72b5686laj .pt-cv-thumb-wrapper:not(.miniwrap) { width: 40%; }#pt-cv-view-72b5686laj .pt-cv-thumbnail:not(.pt-cv-thumbnailsm) { height: 300px; }#pt-cv-view-72b5686laj > .pt-cv-page {grid-template-columns: repeat(1, 1fr);grid-gap: 15px;}\n@media all and (max-width: 1024px) { \n#pt-cv-view-72b5686laj > .pt-cv-page {grid-template-columns: repeat(1, 1fr);}\n} \n@media all and (max-width: 767px) { \n#pt-cv-view-72b5686laj > .pt-cv-page {grid-template-columns: repeat(1, 1fr);}\n} <\/style>\r\n\t\t\t<\/li><\/ul><\/div><\/div>\n<p>&nbsp;<\/p>\n","protected":false},"excerpt":{"rendered":"<p>\u00a1Te damos la bienvenida al Departamento de Lengua, Literatura y Cultura Cl\u00e1sica! En Lengua y Literatura, los estudiantes trabajan en el dominio del idioma espa\u00f1ol, tanto en su expresi\u00f3n escrita como oral. A trav\u00e9s&#46;&#46;&#46;<\/p>\n","protected":false},"author":13459,"featured_media":1781,"parent":1407,"menu_order":0,"comment_status":"closed","ping_status":"closed","template":"","meta":{"_exactmetrics_skip_tracking":false,"_exactmetrics_sitenote_active":false,"_exactmetrics_sitenote_note":"","_exactmetrics_sitenote_category":0,"ngg_post_thumbnail":0,"footnotes":""},"aioseo_notices":[],"_links":{"self":[{"href":"https:\/\/blogsaverroes.juntadeandalucia.es\/sanfelipeneri\/wp-json\/wp\/v2\/pages\/1520"}],"collection":[{"href":"https:\/\/blogsaverroes.juntadeandalucia.es\/sanfelipeneri\/wp-json\/wp\/v2\/pages"}],"about":[{"href":"https:\/\/blogsaverroes.juntadeandalucia.es\/sanfelipeneri\/wp-json\/wp\/v2\/types\/page"}],"author":[{"embeddable":true,"href":"https:\/\/blogsaverroes.juntadeandalucia.es\/sanfelipeneri\/wp-json\/wp\/v2\/users\/13459"}],"replies":[{"embeddable":true,"href":"https:\/\/blogsaverroes.juntadeandalucia.es\/sanfelipeneri\/wp-json\/wp\/v2\/comments?post=1520"}],"version-history":[{"count":8,"href":"https:\/\/blogsaverroes.juntadeandalucia.es\/sanfelipeneri\/wp-json\/wp\/v2\/pages\/1520\/revisions"}],"predecessor-version":[{"id":6390,"href":"https:\/\/blogsaverroes.juntadeandalucia.es\/sanfelipeneri\/wp-json\/wp\/v2\/pages\/1520\/revisions\/6390"}],"up":[{"embeddable":true,"href":"https:\/\/blogsaverroes.juntadeandalucia.es\/sanfelipeneri\/wp-json\/wp\/v2\/pages\/1407"}],"wp:featuredmedia":[{"embeddable":true,"href":"https:\/\/blogsaverroes.juntadeandalucia.es\/sanfelipeneri\/wp-json\/wp\/v2\/media\/1781"}],"wp:attachment":[{"href":"https:\/\/blogsaverroes.juntadeandalucia.es\/sanfelipeneri\/wp-json\/wp\/v2\/media?parent=1520"}],"curies":[{"name":"wp","href":"https:\/\/api.w.org\/{rel}","templated":true}]}}