{"id":1533,"date":"2024-08-08T16:51:08","date_gmt":"2024-08-08T14:51:08","guid":{"rendered":"https:\/\/blogsaverroes.juntadeandalucia.es\/sanfelipeneri\/?page_id=1533"},"modified":"2025-10-30T20:49:04","modified_gmt":"2025-10-30T19:49:04","slug":"matematicas","status":"publish","type":"page","link":"https:\/\/blogsaverroes.juntadeandalucia.es\/sanfelipeneri\/departamentos\/matematicas\/","title":{"rendered":"Matem\u00e1ticas"},"content":{"rendered":"<p>\u00a1Bienvenidos al fascinante mundo de las matem\u00e1ticas!<\/p>\n<p>En el Departamento de Matem\u00e1ticas del IES San Felipe Neri, nos entusiasma acompa\u00f1arte en este viaje de descubrimiento y aprendizaje. Las matem\u00e1ticas son una herramienta poderosa que no solo te ayudar\u00e1 a entender el mundo que te rodea, sino que tambi\u00e9n te permitir\u00e1 desarrollar habilidades clave como el razonamiento l\u00f3gico, la resoluci\u00f3n de problemas y la creatividad.<\/p>\n<p>Nuestro equipo de profesores est\u00e1 aqu\u00ed para guiarte y apoyarte en cada paso, creando un ambiente de aprendizaje din\u00e1mico, accesible y adaptado a tus necesidades. Queremos que veas las matem\u00e1ticas no solo como una asignatura, sino como una forma de pensar que te abrir\u00e1 puertas en tu futuro acad\u00e9mico y profesional.<\/p>\n<p>Esperamos que esta etapa sea una oportunidad para crecer y disfrutar del desaf\u00edo que las matem\u00e1ticas te ofrecen. \u00a1Estamos seguros de que juntos lograremos grandes cosas!<\/p>\n<hr>\n<div class=\"osc-res-tab tabbable   osc-tabs-left\"><div style=\"clear:both;width: 100%;\"><ul class=\"nav osc-res-nav nav-pills osc-tabs-left-ul\" id=\"oscitas-restabs-1-matematicas-12269\"><li class=\"active\"><a href=\"#ert_pane1-0\" data-toggle=\"tab\">Profesorado<\/a><\/li><li class=\"\"><a href=\"#ert_pane1-1\" data-toggle=\"tab\">Programaciones <\/a><\/li><li class=\"\"><a href=\"#ert_pane1-2\" data-toggle=\"tab\">Competencias y criterios<\/a><\/li><li class=\"\"><a href=\"#ert_pane1-3\" data-toggle=\"tab\">Otros recursos<\/a><\/li><li class=\"\"><a href=\"#ert_pane1-4\" data-toggle=\"tab\">Noticias<\/a><\/li><li class=\"\"><a href=\"#ert_pane1-5\" data-toggle=\"tab\">Enlaces de inter\u00e9s<\/a><\/li><\/ul><\/div><div style=\"clear:both;width: 100%;\"><ul class=\"tab-content\" id=\"oscitas-restabcontent-1-matematicas-12269\"><li class=\"tab-pane active\" id=\"ert_pane1-0\"><table style=\"width: 100%\" border=\"10px solid rgb(255, 255, 255)\">\n<tbody>\n<tr style=\"height: 36px\">\n<td style=\"background-color: #c5cbe3;border: 10px solid #ffffff;width: 50%;height: 50px;text-align: center\"><strong>Cano Cano, Mar\u00eda Lourdes<\/strong><\/td>\n<td style=\"background-color: #c5cbe3;border: 10px solid #ffffff;width: 50%;height: 50px;text-align: center\"><strong>Contreras Mart\u00ednez, Marivi<\/strong><\/td>\n<\/tr>\n<tr style=\"height: 24px\">\n<td style=\"background-color: #ffffff;border: 10px solid #ffffff;width: 50%;height: 50px;text-align: center\">\u2709\ufe0f <a href=\"mailto:mcancan377@g.educaand.es\">mcancan377@g.educaand.es<\/a><\/td>\n<td style=\"background-color: #ffffff;border: 10px solid #ffffff;width: 50%;height: 50px;text-align: center\">\u2709\ufe0f <a href=\"mailto:mconmar564@g.educaand.es\">mconmar564@g.educaand.es<\/a><\/td>\n<\/tr>\n<tr style=\"height: 36px\">\n<td style=\"border: 10px solid #ffffff;background-color: #c5cbe3;width: 50%;height: 50px;text-align: center\"><strong>Guti\u00e9rrez Dom\u00ednguez, Leocadia<\/strong><\/td>\n<td style=\"border: 10px solid #ffffff;background-color: #c5cbe3;width: 50%;height: 50px;text-align: center\"><strong>Estrella Luque, Laura Mar\u00eda<\/strong><\/td>\n<\/tr>\n<tr class=\"menuContextual snc-row-31\">\n<td class=\"text-left cuerpo2Reducido celdaConEnlaces snc-col-8\" style=\"width: 50%\">\n<div class=\"d-block\" style=\"text-align: center\">\u2709\ufe0f <a href=\"mailto:lgutdom@g.educaand.es\"><span class=\"texto-SNC \">lgutdom@g.educaand.es<\/span><\/a><\/div>\n<\/td>\n<td style=\"background-color: #ffffff;border: 10px solid #ffffff;width: 50%;height: 50px\">\n<p style=\"text-align: center\">\u2709\ufe0f <a href=\"mailto:lestluq856@g.educaand.es\">lestluq856@g.educaand.es<\/a><\/p>\n<\/td>\n<\/tr>\n<tr style=\"height: 36px\">\n<td style=\"border: 10px solid #ffffff;background-color: #c5cbe3;width: 50%;height: 50px;text-align: center\">&nbsp;<strong>Serrano Padilla, Mar\u00eda Aurora<\/strong><\/td>\n<td style=\"border: 10px solid #ffffff;background-color: #c5cbe3;width: 50%;height: 50px;text-align: center\"><strong>Teva Bueno, Juan<\/strong><\/td>\n<\/tr>\n<tr style=\"height: 24px\">\n<td style=\"background-color: #ffffff;border: 10px solid #ffffff;width: 50%;height: 50px;text-align: center\">\u2709\ufe0f <a href=\"mailto:mserpad992@g.educaand.es\">mserpad992@g.educaand.es<\/a><\/td>\n<td style=\"background-color: #ffffff;border: 10px solid #ffffff;width: 50%;height: 50px;text-align: center\">\u2709\ufe0f <a href=\"mailto:jtevbue673@g.educaand.es\">jtevbue673@g.educaand.es<\/a><\/td>\n<\/tr>\n<tr style=\"height: 36px\">\n<td style=\"background-color: #c5cbe3;border: 10px solid #ffffff;width: 50%;height: 50px;text-align: center\"><strong>Li\u00e9bana Contreras, Manuel<\/strong><\/td>\n<td style=\"background-color: #ffffff;border: 10px solid #ffffff;width: 50%;height: 50px\">&nbsp;<\/td>\n<\/tr>\n<tr style=\"height: 36px\">\n<td style=\"background-color: #ffffff;border: 10px solid #ffffff;width: 50%;height: 50px;text-align: center\">\u2709\ufe0f &nbsp;<a href=\"mailto:mliecon020@g.educaand.es\">mliecon020@g.educaand.es<\/a><\/td>\n<td style=\"background-color: #ffffff;border: 10px solid #ffffff;width: 50%;height: 50px\">&nbsp;<\/td>\n<\/tr>\n<\/tbody>\n<\/table><\/li><li class=\"tab-pane \" id=\"ert_pane1-1\"><iframe src=\"https:\/\/drive.google.com\/embeddedfolderview?id=1l3C19ApOUlqpGgdFBCa3mpel1VGOtE_f#list\" height=\"600\"><\/iframe><br \/><\/li><li class=\"tab-pane \" id=\"ert_pane1-2\"><iframe src=\"https:\/\/drive.google.com\/embeddedfolderview?id=1_QJXaNRoM34lsZ5Hahfa3zIlVMVWsqvw#list\" height=\"600\"><\/iframe><br \/><\/li><li class=\"tab-pane \" id=\"ert_pane1-3\"><iframe src=\"https:\/\/drive.google.com\/embeddedfolderview?id=1CzpINzZPmnyfS4dvZoqaUD7XMTuvTVLC#list\" height=\"600\"><\/iframe><br \/><\/li><li class=\"tab-pane \" id=\"ert_pane1-4\"><p style=\"text-align: center\"><div class=\"pt-cv-wrapper\"><div class=\"pt-cv-view pt-cv-blockgrid iscvblock iscvhybrid list1 layout1\" id=\"pt-cv-view-d529105qe8\"><div data-id=\"pt-cv-page-1\" class=\"pt-cv-page\" data-cvc=\"1\"><div class=\" pt-cv-content-item pt-cv-2-col\" ><div class=\"pt-cv-thumb-wrapper pull-left \"><a href=\"https:\/\/blogsaverroes.juntadeandalucia.es\/sanfelipeneri\/ganadores-del-concurso-de-fotografia-matematica\/\" class=\"_self pt-cv-href-thumbnail pt-cv-thumb-left\" target=\"_self\" ><img loading=\"lazy\" decoding=\"async\" width=\"300\" height=\"225\" src=\"https:\/\/blogsaverroes.juntadeandalucia.es\/sanfelipeneri\/files\/2026\/02\/WhatsApp-Image-2026-02-19-at-11.10.56-300x225.jpeg\" class=\"pt-cv-thumbnail pull-left\" alt=\"\" srcset=\"https:\/\/blogsaverroes.juntadeandalucia.es\/sanfelipeneri\/files\/2026\/02\/WhatsApp-Image-2026-02-19-at-11.10.56-300x225.jpeg 300w, https:\/\/blogsaverroes.juntadeandalucia.es\/sanfelipeneri\/files\/2026\/02\/WhatsApp-Image-2026-02-19-at-11.10.56-1024x768.jpeg 1024w, https:\/\/blogsaverroes.juntadeandalucia.es\/sanfelipeneri\/files\/2026\/02\/WhatsApp-Image-2026-02-19-at-11.10.56-768x576.jpeg 768w, https:\/\/blogsaverroes.juntadeandalucia.es\/sanfelipeneri\/files\/2026\/02\/WhatsApp-Image-2026-02-19-at-11.10.56-1536x1152.jpeg 1536w, https:\/\/blogsaverroes.juntadeandalucia.es\/sanfelipeneri\/files\/2026\/02\/WhatsApp-Image-2026-02-19-at-11.10.56.jpeg 1600w\" sizes=\"(max-width: 300px) 100vw, 300px\" \/><\/a><\/div>\n<div class=\"pt-cv-colwrap\"><h4 class=\"pt-cv-title\"><a href=\"https:\/\/blogsaverroes.juntadeandalucia.es\/sanfelipeneri\/ganadores-del-concurso-de-fotografia-matematica\/\" class=\"_self\" target=\"_self\" >Ganadores del Concurso de Fotograf\u00eda Matem\u00e1tica<\/a><\/h4><div class=\"pt-cv-content\">En el IES San Felipe Neri ya tenemos ganadores de nuestro Concurso de Fotograf\u00eda Matem\u00e1tica, una actividad que invita al ...<br \/><div class=\"pt-cv-rmwrap\"><a href=\"https:\/\/blogsaverroes.juntadeandalucia.es\/sanfelipeneri\/ganadores-del-concurso-de-fotografia-matematica\/\" class=\"_self pt-cv-readmore btn btn-success\" target=\"_self\">Leer M\u00e1s<\/a><\/div><\/div><\/div><\/div>\n<div class=\" pt-cv-content-item pt-cv-2-col\" ><div class=\"pt-cv-thumb-wrapper pull-left \"><a href=\"https:\/\/blogsaverroes.juntadeandalucia.es\/sanfelipeneri\/llega-el-concurso-de-fotografia-matematica-al-ies-san-felipe-neri\/\" class=\"_self pt-cv-href-thumbnail pt-cv-thumb-left\" target=\"_self\" ><img loading=\"lazy\" decoding=\"async\" width=\"300\" height=\"178\" src=\"https:\/\/blogsaverroes.juntadeandalucia.es\/sanfelipeneri\/files\/2025\/10\/2-1-300x178.png\" class=\"pt-cv-thumbnail pull-left\" alt=\"\" srcset=\"https:\/\/blogsaverroes.juntadeandalucia.es\/sanfelipeneri\/files\/2025\/10\/2-1-300x178.png 300w, https:\/\/blogsaverroes.juntadeandalucia.es\/sanfelipeneri\/files\/2025\/10\/2-1-1024x607.png 1024w, https:\/\/blogsaverroes.juntadeandalucia.es\/sanfelipeneri\/files\/2025\/10\/2-1-768x455.png 768w, https:\/\/blogsaverroes.juntadeandalucia.es\/sanfelipeneri\/files\/2025\/10\/2-1-1536x910.png 1536w, https:\/\/blogsaverroes.juntadeandalucia.es\/sanfelipeneri\/files\/2025\/10\/2-1-2048x1214.png 2048w\" sizes=\"(max-width: 300px) 100vw, 300px\" \/><\/a><\/div>\n<div class=\"pt-cv-colwrap\"><h4 class=\"pt-cv-title\"><a href=\"https:\/\/blogsaverroes.juntadeandalucia.es\/sanfelipeneri\/llega-el-concurso-de-fotografia-matematica-al-ies-san-felipe-neri\/\" class=\"_self\" target=\"_self\" >\u00a1Llega el Concurso de Fotograf\u00eda Matem\u00e1tica al IES San Felipe Neri!<\/a><\/h4><div class=\"pt-cv-content\">Un a\u00f1o m\u00e1s, ponemos en marcha una nueva edici\u00f3n del Concurso de Fotograf\u00eda Matem\u00e1tica, una iniciativa que une creatividad y ...<br \/><div class=\"pt-cv-rmwrap\"><a href=\"https:\/\/blogsaverroes.juntadeandalucia.es\/sanfelipeneri\/llega-el-concurso-de-fotografia-matematica-al-ies-san-felipe-neri\/\" class=\"_self pt-cv-readmore btn btn-success\" target=\"_self\">Leer M\u00e1s<\/a><\/div><\/div><\/div><\/div>\n<div class=\" pt-cv-content-item pt-cv-2-col\" ><div class=\"pt-cv-thumb-wrapper pull-left \"><a href=\"https:\/\/blogsaverroes.juntadeandalucia.es\/sanfelipeneri\/i-concurso-sfn-de-mosaicos-matematicos-ama-las-mates-patolavida\/\" class=\"_self pt-cv-href-thumbnail pt-cv-thumb-left\" target=\"_self\" ><img loading=\"lazy\" decoding=\"async\" width=\"300\" height=\"300\" src=\"https:\/\/blogsaverroes.juntadeandalucia.es\/sanfelipeneri\/files\/2025\/03\/rinconmatematico-300x300.jpg\" class=\"pt-cv-thumbnail pull-left\" alt=\"\" srcset=\"https:\/\/blogsaverroes.juntadeandalucia.es\/sanfelipeneri\/files\/2025\/03\/rinconmatematico-300x300.jpg 300w, https:\/\/blogsaverroes.juntadeandalucia.es\/sanfelipeneri\/files\/2025\/03\/rinconmatematico-1024x1024.jpg 1024w, https:\/\/blogsaverroes.juntadeandalucia.es\/sanfelipeneri\/files\/2025\/03\/rinconmatematico-150x150.jpg 150w, https:\/\/blogsaverroes.juntadeandalucia.es\/sanfelipeneri\/files\/2025\/03\/rinconmatematico-768x768.jpg 768w, https:\/\/blogsaverroes.juntadeandalucia.es\/sanfelipeneri\/files\/2025\/03\/rinconmatematico-1536x1536.jpg 1536w, https:\/\/blogsaverroes.juntadeandalucia.es\/sanfelipeneri\/files\/2025\/03\/rinconmatematico-2048x2048.jpg 2048w, https:\/\/blogsaverroes.juntadeandalucia.es\/sanfelipeneri\/files\/2025\/03\/rinconmatematico-80x80.jpg 80w, https:\/\/blogsaverroes.juntadeandalucia.es\/sanfelipeneri\/files\/2025\/03\/rinconmatematico-320x320.jpg 320w\" sizes=\"(max-width: 300px) 100vw, 300px\" \/><\/a><\/div>\n<div class=\"pt-cv-colwrap\"><h4 class=\"pt-cv-title\"><a href=\"https:\/\/blogsaverroes.juntadeandalucia.es\/sanfelipeneri\/i-concurso-sfn-de-mosaicos-matematicos-ama-las-mates-patolavida\/\" class=\"_self\" target=\"_self\" >I Concurso SFN de Mosaicos Matem\u00e1ticos &#8220;Ama las mates patolavida&#8221;<\/a><\/h4><div class=\"pt-cv-content\">El IES San Felipe Neri ha celebrado con gran entusiasmo la primera edici\u00f3n del concurso de mosaicos matem\u00e1ticos \"Ama las ...<br \/><div class=\"pt-cv-rmwrap\"><a href=\"https:\/\/blogsaverroes.juntadeandalucia.es\/sanfelipeneri\/i-concurso-sfn-de-mosaicos-matematicos-ama-las-mates-patolavida\/\" class=\"_self pt-cv-readmore btn btn-success\" target=\"_self\">Leer M\u00e1s<\/a><\/div><\/div><\/div><\/div>\n<div class=\" pt-cv-content-item pt-cv-2-col\" ><div class=\"pt-cv-thumb-wrapper pull-left \"><a href=\"https:\/\/blogsaverroes.juntadeandalucia.es\/sanfelipeneri\/concurso-de-fotografia-matematica-capturando-las-matematicas-en-la-vida-real\/\" class=\"_self pt-cv-href-thumbnail pt-cv-thumb-left\" target=\"_self\" ><img loading=\"lazy\" decoding=\"async\" width=\"300\" height=\"300\" src=\"https:\/\/blogsaverroes.juntadeandalucia.es\/sanfelipeneri\/files\/2025\/03\/rinconmatematico-300x300.jpg\" class=\"pt-cv-thumbnail pull-left\" alt=\"\" srcset=\"https:\/\/blogsaverroes.juntadeandalucia.es\/sanfelipeneri\/files\/2025\/03\/rinconmatematico-300x300.jpg 300w, https:\/\/blogsaverroes.juntadeandalucia.es\/sanfelipeneri\/files\/2025\/03\/rinconmatematico-1024x1024.jpg 1024w, https:\/\/blogsaverroes.juntadeandalucia.es\/sanfelipeneri\/files\/2025\/03\/rinconmatematico-150x150.jpg 150w, https:\/\/blogsaverroes.juntadeandalucia.es\/sanfelipeneri\/files\/2025\/03\/rinconmatematico-768x768.jpg 768w, https:\/\/blogsaverroes.juntadeandalucia.es\/sanfelipeneri\/files\/2025\/03\/rinconmatematico-1536x1536.jpg 1536w, https:\/\/blogsaverroes.juntadeandalucia.es\/sanfelipeneri\/files\/2025\/03\/rinconmatematico-2048x2048.jpg 2048w, https:\/\/blogsaverroes.juntadeandalucia.es\/sanfelipeneri\/files\/2025\/03\/rinconmatematico-80x80.jpg 80w, https:\/\/blogsaverroes.juntadeandalucia.es\/sanfelipeneri\/files\/2025\/03\/rinconmatematico-320x320.jpg 320w\" sizes=\"(max-width: 300px) 100vw, 300px\" \/><\/a><\/div>\n<div class=\"pt-cv-colwrap\"><h4 class=\"pt-cv-title\"><a href=\"https:\/\/blogsaverroes.juntadeandalucia.es\/sanfelipeneri\/concurso-de-fotografia-matematica-capturando-las-matematicas-en-la-vida-real\/\" class=\"_self\" target=\"_self\" >Concurso de Fotograf\u00eda Matem\u00e1tica: Capturando las Matem\u00e1ticas en la Vida Real<\/a><\/h4><div class=\"pt-cv-content\">En el IES San Felipe Neri, las matem\u00e1ticas van m\u00e1s all\u00e1 de los libros y las aulas. Con el Concurso ...<br \/><div class=\"pt-cv-rmwrap\"><a href=\"https:\/\/blogsaverroes.juntadeandalucia.es\/sanfelipeneri\/concurso-de-fotografia-matematica-capturando-las-matematicas-en-la-vida-real\/\" class=\"_self pt-cv-readmore btn btn-success\" target=\"_self\">Leer M\u00e1s<\/a><\/div><\/div><\/div><\/div>\n<div class=\" pt-cv-content-item pt-cv-2-col\" ><div class=\"pt-cv-thumb-wrapper pull-left \"><a href=\"https:\/\/blogsaverroes.juntadeandalucia.es\/sanfelipeneri\/vi-olimpiada-matematica-de-otono-en-la-uja\/\" class=\"_self pt-cv-href-thumbnail pt-cv-thumb-left\" target=\"_self\" ><img loading=\"lazy\" decoding=\"async\" width=\"300\" height=\"142\" src=\"https:\/\/blogsaverroes.juntadeandalucia.es\/sanfelipeneri\/files\/2024\/11\/Captura-de-Pantalla-2024-11-05-a-las-15.57.56-300x142.png\" class=\"pt-cv-thumbnail pull-left\" alt=\"\" srcset=\"https:\/\/blogsaverroes.juntadeandalucia.es\/sanfelipeneri\/files\/2024\/11\/Captura-de-Pantalla-2024-11-05-a-las-15.57.56-300x142.png 300w, https:\/\/blogsaverroes.juntadeandalucia.es\/sanfelipeneri\/files\/2024\/11\/Captura-de-Pantalla-2024-11-05-a-las-15.57.56-768x363.png 768w, https:\/\/blogsaverroes.juntadeandalucia.es\/sanfelipeneri\/files\/2024\/11\/Captura-de-Pantalla-2024-11-05-a-las-15.57.56-520x245.png 520w, https:\/\/blogsaverroes.juntadeandalucia.es\/sanfelipeneri\/files\/2024\/11\/Captura-de-Pantalla-2024-11-05-a-las-15.57.56-720x340.png 720w, https:\/\/blogsaverroes.juntadeandalucia.es\/sanfelipeneri\/files\/2024\/11\/Captura-de-Pantalla-2024-11-05-a-las-15.57.56.png 994w\" sizes=\"(max-width: 300px) 100vw, 300px\" \/><\/a><\/div>\n<div class=\"pt-cv-colwrap\"><h4 class=\"pt-cv-title\"><a href=\"https:\/\/blogsaverroes.juntadeandalucia.es\/sanfelipeneri\/vi-olimpiada-matematica-de-otono-en-la-uja\/\" class=\"_self\" target=\"_self\" >VI Olimpiada Matem\u00e1tica de Oto\u00f1o en la UJA<\/a><\/h4><div class=\"pt-cv-content\">El pasado 25 de octubre de 2024 tuvo lugar la VI Olimpiada Matem\u00e1tica de Oto\u00f1o en la UJA. Este concurso ...<br \/><div class=\"pt-cv-rmwrap\"><a href=\"https:\/\/blogsaverroes.juntadeandalucia.es\/sanfelipeneri\/vi-olimpiada-matematica-de-otono-en-la-uja\/\" class=\"_self pt-cv-readmore btn btn-success\" target=\"_self\">Leer M\u00e1s<\/a><\/div><\/div><\/div><\/div><\/div><\/div><\/div>\t\t\t<style type=\"text\/css\" id=\"pt-cv-inline-style-888d7756wr\">\n#pt-cv-view-d529105qe8 .pt-cv-thumb-wrapper:not(.miniwrap) { width: 40%; }#pt-cv-view-d529105qe8 .pt-cv-thumbnail:not(.pt-cv-thumbnailsm) { height: 300px; }#pt-cv-view-d529105qe8 > .pt-cv-page {grid-template-columns: repeat(1, 1fr);grid-gap: 15px;}\n@media all and (max-width: 1024px) { \n#pt-cv-view-d529105qe8 > .pt-cv-page {grid-template-columns: repeat(1, 1fr);}\n} \n@media all and (max-width: 767px) { \n#pt-cv-view-d529105qe8 > .pt-cv-page {grid-template-columns: repeat(1, 1fr);}\n} <\/style>\r\n\t\t\t<\/li><li class=\"tab-pane \" id=\"ert_pane1-5\"><ul>\n<li>Web personal de Marivi Contreras Mart\u00ednez &#8211; <a href=\"http:\/\/www.matenamorate.com\" target=\"_blank\" rel=\"noopener\">www.matenamorate.com<\/a><\/li>\n<\/ul><\/li><\/ul><\/div><\/div>\n<p>&nbsp;<\/p>\n","protected":false},"excerpt":{"rendered":"<p>\u00a1Bienvenidos al fascinante mundo de las matem\u00e1ticas! En el Departamento de Matem\u00e1ticas del IES San Felipe Neri, nos entusiasma acompa\u00f1arte en este viaje de descubrimiento y aprendizaje. Las matem\u00e1ticas son una herramienta poderosa que&#46;&#46;&#46;<\/p>\n","protected":false},"author":13459,"featured_media":1651,"parent":1407,"menu_order":0,"comment_status":"closed","ping_status":"closed","template":"","meta":{"_exactmetrics_skip_tracking":false,"_exactmetrics_sitenote_active":false,"_exactmetrics_sitenote_note":"","_exactmetrics_sitenote_category":0,"ngg_post_thumbnail":0,"footnotes":""},"aioseo_notices":[],"_links":{"self":[{"href":"https:\/\/blogsaverroes.juntadeandalucia.es\/sanfelipeneri\/wp-json\/wp\/v2\/pages\/1533"}],"collection":[{"href":"https:\/\/blogsaverroes.juntadeandalucia.es\/sanfelipeneri\/wp-json\/wp\/v2\/pages"}],"about":[{"href":"https:\/\/blogsaverroes.juntadeandalucia.es\/sanfelipeneri\/wp-json\/wp\/v2\/types\/page"}],"author":[{"embeddable":true,"href":"https:\/\/blogsaverroes.juntadeandalucia.es\/sanfelipeneri\/wp-json\/wp\/v2\/users\/13459"}],"replies":[{"embeddable":true,"href":"https:\/\/blogsaverroes.juntadeandalucia.es\/sanfelipeneri\/wp-json\/wp\/v2\/comments?post=1533"}],"version-history":[{"count":68,"href":"https:\/\/blogsaverroes.juntadeandalucia.es\/sanfelipeneri\/wp-json\/wp\/v2\/pages\/1533\/revisions"}],"predecessor-version":[{"id":6527,"href":"https:\/\/blogsaverroes.juntadeandalucia.es\/sanfelipeneri\/wp-json\/wp\/v2\/pages\/1533\/revisions\/6527"}],"up":[{"embeddable":true,"href":"https:\/\/blogsaverroes.juntadeandalucia.es\/sanfelipeneri\/wp-json\/wp\/v2\/pages\/1407"}],"wp:featuredmedia":[{"embeddable":true,"href":"https:\/\/blogsaverroes.juntadeandalucia.es\/sanfelipeneri\/wp-json\/wp\/v2\/media\/1651"}],"wp:attachment":[{"href":"https:\/\/blogsaverroes.juntadeandalucia.es\/sanfelipeneri\/wp-json\/wp\/v2\/media?parent=1533"}],"curies":[{"name":"wp","href":"https:\/\/api.w.org\/{rel}","templated":true}]}}