{"id":1535,"date":"2024-08-08T16:51:44","date_gmt":"2024-08-08T14:51:44","guid":{"rendered":"https:\/\/blogsaverroes.juntadeandalucia.es\/sanfelipeneri\/?page_id=1535"},"modified":"2025-10-30T14:08:32","modified_gmt":"2025-10-30T13:08:32","slug":"tecnologia-e-informatica","status":"publish","type":"page","link":"https:\/\/blogsaverroes.juntadeandalucia.es\/sanfelipeneri\/departamentos\/tecnologia-e-informatica\/","title":{"rendered":"Tecnolog\u00eda e Inform\u00e1tica"},"content":{"rendered":"<p>\u00a1Os damos la bienvenida al Departamento de Tecnolog\u00eda e Inform\u00e1tica del IES San Felipe Neri!&nbsp;<\/p>\n<p>En el Departamento de Tecnolog\u00eda, nos enfocamos en proporcionar a los estudiantes una comprensi\u00f3n s\u00f3lida de los principios de la ingenier\u00eda, el dise\u00f1o y la innovaci\u00f3n. A lo largo del curso, los estudiantes aprenden a trabajar con diferentes materiales, desarrollar proyectos de dise\u00f1o y aplicar t\u00e9cnicas de resoluci\u00f3n de problemas. Tambi\u00e9n abordamos temas como la electr\u00f3nica, la rob\u00f3tica y la sostenibilidad, fomentando un enfoque creativo y pr\u00e1ctico en la resoluci\u00f3n de desaf\u00edos tecnol\u00f3gicos.<\/p>\n<p>En la asignatura de Inform\u00e1tica, nos dedicamos a desarrollar competencias digitales fundamentales. Los estudiantes aprenden sobre el funcionamiento de los sistemas inform\u00e1ticos, la programaci\u00f3n, el uso de software aplicados a diferentes \u00e1reas, y la importancia de la ciberseguridad. A trav\u00e9s de proyectos pr\u00e1cticos y colaborativos, los alumnos adquieren habilidades en uso de herramientas digitales, prepar\u00e1ndolos para un mundo cada vez m\u00e1s tecnol\u00f3gico.<\/p>\n<p>\u00a1Te invitamos a explorar el emocionante mundo de la Tecnolog\u00eda e Inform\u00e1tica con nosotros en el IES San Felipe Neri!&nbsp;<\/p>\n<hr>\n<div class=\"osc-res-tab tabbable   osc-tabs-left\"><div style=\"clear:both;width: 100%;\"><ul class=\"nav osc-res-nav nav-pills osc-tabs-left-ul\" id=\"oscitas-restabs-1-tecnologia-e-informatica-52987\"><li class=\"active\"><a href=\"#ert_pane1-0\" data-toggle=\"tab\">Profesorado<\/a><\/li><li class=\"\"><a href=\"#ert_pane1-1\" data-toggle=\"tab\">Programaciones <\/a><\/li><li class=\"\"><a href=\"#ert_pane1-2\" data-toggle=\"tab\">Competencias y criterios<\/a><\/li><li class=\"\"><a href=\"#ert_pane1-3\" data-toggle=\"tab\">Otros recursos<\/a><\/li><li class=\"\"><a href=\"#ert_pane1-4\" data-toggle=\"tab\">Noticias<\/a><\/li><li class=\"\"><a href=\"#ert_pane1-5\" data-toggle=\"tab\">Enlaces de inter\u00e9s<\/a><\/li><\/ul><\/div><div style=\"clear:both;width: 100%;\"><ul class=\"tab-content\" id=\"oscitas-restabcontent-1-tecnologia-e-informatica-52987\"><li class=\"tab-pane active\" id=\"ert_pane1-0\"><table style=\"width: 100%;height: 400px\" border=\"10px solid rgb(255, 255, 255)\">\n<tbody>\n<tr style=\"height: 36px\">\n<td style=\"background-color: #c5cbe3;border: 10px solid #ffffff;width: 50%;height: 50px;text-align: center\"><strong>Castellano Miranda, Antonio<\/strong><\/td>\n<td style=\"background-color: #c5cbe3;border: 10px solid #ffffff;width: 50%;height: 50px;text-align: center\"><strong>Melero Cuesta, Mar\u00eda del Pilar<\/strong><\/td>\n<\/tr>\n<tr style=\"height: 24px\">\n<td style=\"background-color: #ffffff;border: 10px solid #ffffff;width: 50%;height: 50px;text-align: center\">\u2709\ufe0f <a href=\"mailto:acasmir041@g.educaand.es\">acasmir041@g.educaand.es<\/a><\/td>\n<td style=\"background-color: #ffffff;border: 10px solid #ffffff;width: 50%;height: 50px;text-align: center\">\u2709\ufe0f <a href=\"mailto:mmelcue564@g.educaand.es\">mmelcue564@g.educaand.es<\/a><\/td>\n<\/tr>\n<tr style=\"height: 36px\">\n<td style=\"border: 10px solid #ffffff;background-color: #c5cbe3;width: 50%;height: 50px;text-align: center\"><strong>Navas Mart\u00ednez, Alicia<\/strong><\/td>\n<td style=\"border: 10px solid #ffffff;background-color: #c5cbe3;width: 50%;height: 50px;text-align: center\"><strong>Ruiz Jim\u00e9nez, Juan<\/strong><\/td>\n<\/tr>\n<tr style=\"height: 96px\">\n<td style=\"background-color: #ffffff;border: 10px solid #ffffff;width: 50%;height: 50px;text-align: center\">\u2709\ufe0f <a href=\"mailto:anavmar176@g.educaand.es\">anavmar176@g.educaand.es<\/a><\/td>\n<td style=\"background-color: #ffffff;border: 10px solid #ffffff;width: 50%;height: 50px\">\n<p style=\"text-align: center\">\u2709\ufe0f<a href=\"mailto:jruijim942@g.educaand.es\">jruijim942@g.educaand.es<\/a><\/p>\n<\/td>\n<\/tr>\n<tr style=\"height: 36px\">\n<td style=\"border: 10px solid #ffffff;background-color: #c5cbe3;width: 50%;height: 50px;text-align: center\"><strong>Mena Guti\u00e9rrez, Javier Jes\u00fas<\/strong><\/td>\n<td style=\"border: 10px solid #ffffff;background-color: #ffffff;width: 50%;height: 50px\">&nbsp;<\/td>\n<\/tr>\n<tr style=\"height: 24px\">\n<td style=\"background-color: #ffffff;border: 10px solid #ffffff;width: 50%;height: 50px;text-align: center\">\u2709\ufe0f <a href=\"mailto:jmengut552@g.educaand.es\">jmengut552@g.educaand.es<\/a><\/td>\n<td style=\"background-color: #ffffff;border: 10px solid #ffffff;width: 50%;height: 50px;text-align: center\">&nbsp;<\/td>\n<\/tr>\n<\/tbody>\n<\/table><\/li><li class=\"tab-pane \" id=\"ert_pane1-1\"><iframe src=\"https:\/\/drive.google.com\/embeddedfolderview?id=1_AWGOK-1if0YefD43NhsY_QwugJu_BMA#list\" height=\"600\"><\/iframe><br \/><\/li><li class=\"tab-pane \" id=\"ert_pane1-2\"><iframe src=\"https:\/\/drive.google.com\/embeddedfolderview?id=1ImATj5c2Kf3KPGb-CDTSrPefx6IYiNRE#list\" height=\"600\"><\/iframe><br \/><\/li><li class=\"tab-pane \" id=\"ert_pane1-3\"><iframe src=\"https:\/\/drive.google.com\/embeddedfolderview?id=1mHo6HIGORMvr5TsdA0CO_K3jdCHkATXK#list\" height=\"600\"><\/iframe><br \/><\/li><li class=\"tab-pane \" id=\"ert_pane1-4\"><div class=\"pt-cv-wrapper\"><div class=\"pt-cv-view pt-cv-blockgrid iscvblock iscvhybrid list1 layout1\" id=\"pt-cv-view-e39595crhc\"><div data-id=\"pt-cv-page-1\" class=\"pt-cv-page\" data-cvc=\"1\"><div class=\" pt-cv-content-item pt-cv-2-col\" ><div class=\"pt-cv-thumb-wrapper pull-left \"><a href=\"https:\/\/blogsaverroes.juntadeandalucia.es\/sanfelipeneri\/visita-a-la-planta-de-proinsur-aprendizaje-en-un-entorno-real\/\" class=\"_self pt-cv-href-thumbnail pt-cv-thumb-left\" target=\"_self\" ><img loading=\"lazy\" decoding=\"async\" width=\"1024\" height=\"578\" src=\"https:\/\/blogsaverroes.juntadeandalucia.es\/sanfelipeneri\/files\/2026\/03\/WhatsApp-Image-2026-03-17-at-18.07.34-1024x578.jpeg\" class=\"pt-cv-thumbnail pull-left\" alt=\"\" srcset=\"https:\/\/blogsaverroes.juntadeandalucia.es\/sanfelipeneri\/files\/2026\/03\/WhatsApp-Image-2026-03-17-at-18.07.34-1024x578.jpeg 1024w, https:\/\/blogsaverroes.juntadeandalucia.es\/sanfelipeneri\/files\/2026\/03\/WhatsApp-Image-2026-03-17-at-18.07.34-300x169.jpeg 300w, https:\/\/blogsaverroes.juntadeandalucia.es\/sanfelipeneri\/files\/2026\/03\/WhatsApp-Image-2026-03-17-at-18.07.34-768x433.jpeg 768w, https:\/\/blogsaverroes.juntadeandalucia.es\/sanfelipeneri\/files\/2026\/03\/WhatsApp-Image-2026-03-17-at-18.07.34-1536x866.jpeg 1536w, https:\/\/blogsaverroes.juntadeandalucia.es\/sanfelipeneri\/files\/2026\/03\/WhatsApp-Image-2026-03-17-at-18.07.34.jpeg 2000w\" sizes=\"(max-width: 1024px) 100vw, 1024px\" \/><\/a><\/div>\n<div class=\"pt-cv-colwrap\"><h4 class=\"pt-cv-title\"><a href=\"https:\/\/blogsaverroes.juntadeandalucia.es\/sanfelipeneri\/visita-a-la-planta-de-proinsur-aprendizaje-en-un-entorno-real\/\" class=\"_self\" target=\"_self\" >Visita a la planta de Proinsur: aprendizaje en un entorno real<\/a><\/h4><div class=\"pt-cv-content\">El alumnado de 3\u00ba y 4\u00ba de ESO del IES San Felipe Neri ha realizado recientemente una enriquecedora visita a la planta de inyecci\u00f3n de pl\u00e1sticos y montaje de Proinsur, organizada por el Departamento de Tecnolog\u00eda. Durante la visita, el alumnado ha tenido la oportunidad de conocer de primera mano ...<br \/><div class=\"pt-cv-rmwrap\"><a href=\"https:\/\/blogsaverroes.juntadeandalucia.es\/sanfelipeneri\/visita-a-la-planta-de-proinsur-aprendizaje-en-un-entorno-real\/\" class=\"_self pt-cv-readmore btn btn-success\" target=\"_self\">Leer M\u00e1s<\/a><\/div><\/div><\/div><\/div>\n<div class=\" pt-cv-content-item pt-cv-2-col\" ><div class=\"pt-cv-thumb-wrapper pull-left \"><a href=\"https:\/\/blogsaverroes.juntadeandalucia.es\/sanfelipeneri\/el-ies-san-felipe-neri-participa-en-fantec-2025-con-su-proyecto-interdisciplinar-olivo-circuit\/\" class=\"_self pt-cv-href-thumbnail pt-cv-thumb-left\" target=\"_self\" ><img loading=\"lazy\" decoding=\"async\" width=\"1024\" height=\"768\" src=\"https:\/\/blogsaverroes.juntadeandalucia.es\/sanfelipeneri\/files\/2025\/06\/WhatsApp-Image-2025-06-03-at-13.02.43-1-1024x768.jpeg\" class=\"pt-cv-thumbnail pull-left\" alt=\"\" srcset=\"https:\/\/blogsaverroes.juntadeandalucia.es\/sanfelipeneri\/files\/2025\/06\/WhatsApp-Image-2025-06-03-at-13.02.43-1-1024x768.jpeg 1024w, https:\/\/blogsaverroes.juntadeandalucia.es\/sanfelipeneri\/files\/2025\/06\/WhatsApp-Image-2025-06-03-at-13.02.43-1-300x225.jpeg 300w, https:\/\/blogsaverroes.juntadeandalucia.es\/sanfelipeneri\/files\/2025\/06\/WhatsApp-Image-2025-06-03-at-13.02.43-1-768x576.jpeg 768w, https:\/\/blogsaverroes.juntadeandalucia.es\/sanfelipeneri\/files\/2025\/06\/WhatsApp-Image-2025-06-03-at-13.02.43-1-1536x1152.jpeg 1536w, https:\/\/blogsaverroes.juntadeandalucia.es\/sanfelipeneri\/files\/2025\/06\/WhatsApp-Image-2025-06-03-at-13.02.43-1.jpeg 1600w\" sizes=\"(max-width: 1024px) 100vw, 1024px\" \/><\/a><\/div>\n<div class=\"pt-cv-colwrap\"><h4 class=\"pt-cv-title\"><a href=\"https:\/\/blogsaverroes.juntadeandalucia.es\/sanfelipeneri\/el-ies-san-felipe-neri-participa-en-fantec-2025-con-su-proyecto-interdisciplinar-olivo-circuit\/\" class=\"_self\" target=\"_self\" >El IES San Felipe Neri participa en FANTEC 2025 con su proyecto interdisciplinar \u201cOlivo Circuit\u201d<\/a><\/h4><div class=\"pt-cv-content\">Este a\u00f1o, el IES San Felipe Neri ha tenido el honor de participar en la Feria Andaluza de Tecnolog\u00eda (FANTEC), celebrada en Ja\u00e9n, presentando su innovador proyecto interdisciplinar \u201cOlivo Circuit\u201d. Este proyecto a\u00fana tecnolog\u00eda, rob\u00f3tica, medio ambiente y creatividad, integrando conocimientos de diversas materias en una propuesta educativa motivadora, pr\u00e1ctica ...<br \/><div class=\"pt-cv-rmwrap\"><a href=\"https:\/\/blogsaverroes.juntadeandalucia.es\/sanfelipeneri\/el-ies-san-felipe-neri-participa-en-fantec-2025-con-su-proyecto-interdisciplinar-olivo-circuit\/\" class=\"_self pt-cv-readmore btn btn-success\" target=\"_self\">Leer M\u00e1s<\/a><\/div><\/div><\/div><\/div><\/div><\/div><\/div>\t\t\t<style type=\"text\/css\" id=\"pt-cv-inline-style-458b8d0wq9\">\n#pt-cv-view-e39595crhc .pt-cv-thumb-wrapper:not(.miniwrap) { width: 40%; }#pt-cv-view-e39595crhc .pt-cv-thumbnail:not(.pt-cv-thumbnailsm) { height: 300px; }#pt-cv-view-e39595crhc > .pt-cv-page {grid-template-columns: repeat(1, 1fr);grid-gap: 15px;}\n@media all and (max-width: 1024px) { \n#pt-cv-view-e39595crhc > .pt-cv-page {grid-template-columns: repeat(1, 1fr);}\n} \n@media all and (max-width: 767px) { \n#pt-cv-view-e39595crhc > .pt-cv-page {grid-template-columns: repeat(1, 1fr);}\n} <\/style>\r\n\t\t\t<\/li><li class=\"tab-pane \" id=\"ert_pane1-5\"><ul>\n<li>Instagram de Antonio Castellano Miranda &nbsp;&#8211; &nbsp;<a href=\"https:\/\/www.instagram.com\/profetecnokas\/profilecard\/?igsh=ODU0NHN6ZGR5Nnky\" target=\"_blank\" rel=\"noopener\">Enlace<\/a><\/li>\n<\/ul><\/li><\/ul><\/div><\/div>\n<p>&nbsp;<\/p>\n","protected":false},"excerpt":{"rendered":"<p>\u00a1Os damos la bienvenida al Departamento de Tecnolog\u00eda e Inform\u00e1tica del IES San Felipe Neri!&nbsp; En el Departamento de Tecnolog\u00eda, nos enfocamos en proporcionar a los estudiantes una comprensi\u00f3n s\u00f3lida de los principios de&#46;&#46;&#46;<\/p>\n","protected":false},"author":13459,"featured_media":2006,"parent":1407,"menu_order":0,"comment_status":"closed","ping_status":"closed","template":"","meta":{"_exactmetrics_skip_tracking":false,"_exactmetrics_sitenote_active":false,"_exactmetrics_sitenote_note":"","_exactmetrics_sitenote_category":0,"ngg_post_thumbnail":0,"footnotes":""},"aioseo_notices":[],"_links":{"self":[{"href":"https:\/\/blogsaverroes.juntadeandalucia.es\/sanfelipeneri\/wp-json\/wp\/v2\/pages\/1535"}],"collection":[{"href":"https:\/\/blogsaverroes.juntadeandalucia.es\/sanfelipeneri\/wp-json\/wp\/v2\/pages"}],"about":[{"href":"https:\/\/blogsaverroes.juntadeandalucia.es\/sanfelipeneri\/wp-json\/wp\/v2\/types\/page"}],"author":[{"embeddable":true,"href":"https:\/\/blogsaverroes.juntadeandalucia.es\/sanfelipeneri\/wp-json\/wp\/v2\/users\/13459"}],"replies":[{"embeddable":true,"href":"https:\/\/blogsaverroes.juntadeandalucia.es\/sanfelipeneri\/wp-json\/wp\/v2\/comments?post=1535"}],"version-history":[{"count":7,"href":"https:\/\/blogsaverroes.juntadeandalucia.es\/sanfelipeneri\/wp-json\/wp\/v2\/pages\/1535\/revisions"}],"predecessor-version":[{"id":6436,"href":"https:\/\/blogsaverroes.juntadeandalucia.es\/sanfelipeneri\/wp-json\/wp\/v2\/pages\/1535\/revisions\/6436"}],"up":[{"embeddable":true,"href":"https:\/\/blogsaverroes.juntadeandalucia.es\/sanfelipeneri\/wp-json\/wp\/v2\/pages\/1407"}],"wp:featuredmedia":[{"embeddable":true,"href":"https:\/\/blogsaverroes.juntadeandalucia.es\/sanfelipeneri\/wp-json\/wp\/v2\/media\/2006"}],"wp:attachment":[{"href":"https:\/\/blogsaverroes.juntadeandalucia.es\/sanfelipeneri\/wp-json\/wp\/v2\/media?parent=1535"}],"curies":[{"name":"wp","href":"https:\/\/api.w.org\/{rel}","templated":true}]}}