{"id":1545,"date":"2024-08-08T16:58:36","date_gmt":"2024-08-08T14:58:36","guid":{"rendered":"https:\/\/blogsaverroes.juntadeandalucia.es\/sanfelipeneri\/?page_id=1545"},"modified":"2025-10-30T14:10:25","modified_gmt":"2025-10-30T13:10:25","slug":"musica","status":"publish","type":"page","link":"https:\/\/blogsaverroes.juntadeandalucia.es\/sanfelipeneri\/departamentos\/musica\/","title":{"rendered":"M\u00fasica y Dibujo"},"content":{"rendered":"<p>\u00a1Bienvenidos al Departamento de M\u00fasica y Dibujo del IES San Felipe Neri! Nos complace recibirte en este espacio donde celebramos la creatividad y la expresi\u00f3n art\u00edstica a trav\u00e9s del estudio de estas dos apasionantes disciplinas.<\/p>\n<p>En la asignatura de <strong>M\u00fasica<\/strong>, los estudiantes aprenden sobre el lenguaje musical, la historia de la m\u00fasica, y las distintas corrientes y g\u00e9neros musicales. Exploramos el an\u00e1lisis de obras musicales, la composici\u00f3n b\u00e1sica y la interpretaci\u00f3n, tanto vocal como instrumental. Fomentamos la creatividad y la apreciaci\u00f3n musical, desarrollando habilidades auditivas, r\u00edtmicas y mel\u00f3dicas.<\/p>\n<p>Por otro lado, en la asignatura de <strong>Dibujo<\/strong>, los estudiantes se sumergen en el mundo de las artes visuales. A trav\u00e9s de actividades pr\u00e1cticas, como la creaci\u00f3n de bocetos y proyectos art\u00edsticos, los alumnos desarrollan su capacidad de observaci\u00f3n, imaginaci\u00f3n y expresi\u00f3n personal. Tambi\u00e9n exploramos la historia del arte y el impacto de las artes visuales en la sociedad, fomentando el pensamiento cr\u00edtico y la apreciaci\u00f3n est\u00e9tica.<\/p>\n<p>\u00a1Te invitamos a descubrir y desarrollar tu talento art\u00edstico con nosotros en el IES San Felipe Neri!<\/p>\n<hr>\n<div class=\"osc-res-tab tabbable   osc-tabs-left\"><div style=\"clear:both;width: 100%;\"><ul class=\"nav osc-res-nav nav-pills osc-tabs-left-ul\" id=\"oscitas-restabs-1-musica-21701\"><li class=\"active\"><a href=\"#ert_pane1-0\" data-toggle=\"tab\">Profesorado<\/a><\/li><li class=\"\"><a href=\"#ert_pane1-1\" data-toggle=\"tab\">Programaciones <\/a><\/li><li class=\"\"><a href=\"#ert_pane1-2\" data-toggle=\"tab\">Competencias y criterios<\/a><\/li><li class=\"\"><a href=\"#ert_pane1-3\" data-toggle=\"tab\">Otros recursos<\/a><\/li><\/ul><\/div><div style=\"clear:both;width: 100%;\"><ul class=\"tab-content\" id=\"oscitas-restabcontent-1-musica-21701\"><li class=\"tab-pane active\" id=\"ert_pane1-0\"><table style=\"width: 100.109%;height: 216px\" border=\"10px solid rgb(255, 255, 255)\">\n<tbody>\n<tr style=\"height: 36px\">\n<td style=\"background-color: #c5cbe3;border: 10px solid #ffffff;width: 50%;height: 50px;text-align: center\"><strong>Cubillo Pinilla, Eloy Jes\u00fas<\/strong><\/td>\n<td style=\"background-color: #c5cbe3;border: 10px solid #ffffff;width: 50%;height: 50px;text-align: center\"><strong>Valent\u00edn Mart\u00edn, Jos\u00e9 Luis<\/strong><\/td>\n<\/tr>\n<tr style=\"height: 24px\">\n<td style=\"background-color: #ffffff;border: 10px solid #ffffff;width: 50%;height: 50px;text-align: center\">\u2709\ufe0f <a href=\"mailto:ecubpin990@g.educaand.es\">ecubpin990@g.educaand.es<\/a><\/td>\n<td style=\"background-color: #ffffff;border: 10px solid #ffffff;width: 50%;height: 50px;text-align: center\">\u2709\ufe0f <a href=\"mailto:%20jvalmar709@g.educaand.es\">jvalmar709@g.educaand.es<\/a><\/td>\n<\/tr>\n<\/tbody>\n<\/table><\/li><li class=\"tab-pane \" id=\"ert_pane1-1\"><iframe src=\"https:\/\/drive.google.com\/embeddedfolderview?id=1aUWNS4412nAmBnivcTYdZ1xuQD_wNwuO#list\" height=\"600\"><\/iframe><br \/><\/li><li class=\"tab-pane \" id=\"ert_pane1-2\"><iframe src=\"https:\/\/drive.google.com\/embeddedfolderview?id=1sUuEZmuz7VRKq-U2KQWq0AUtt7AMRSn-#list\" height=\"600\"><\/iframe><br \/><\/li><li class=\"tab-pane \" id=\"ert_pane1-3\"><iframe src=\"https:\/\/drive.google.com\/embeddedfolderview?id=1JQ91MFTQSBgKo14fHj0IDkzMckAIcWof#list\" height=\"600\"><\/iframe><br \/><\/li><\/ul><\/div><\/div>\n<p>&nbsp;<\/p>\n","protected":false},"excerpt":{"rendered":"<p>\u00a1Bienvenidos al Departamento de M\u00fasica y Dibujo del IES San Felipe Neri! Nos complace recibirte en este espacio donde celebramos la creatividad y la expresi\u00f3n art\u00edstica a trav\u00e9s del estudio de estas dos apasionantes&#46;&#46;&#46;<\/p>\n","protected":false},"author":13459,"featured_media":2010,"parent":1407,"menu_order":0,"comment_status":"closed","ping_status":"closed","template":"","meta":{"_exactmetrics_skip_tracking":false,"_exactmetrics_sitenote_active":false,"_exactmetrics_sitenote_note":"","_exactmetrics_sitenote_category":0,"ngg_post_thumbnail":0,"footnotes":""},"aioseo_notices":[],"_links":{"self":[{"href":"https:\/\/blogsaverroes.juntadeandalucia.es\/sanfelipeneri\/wp-json\/wp\/v2\/pages\/1545"}],"collection":[{"href":"https:\/\/blogsaverroes.juntadeandalucia.es\/sanfelipeneri\/wp-json\/wp\/v2\/pages"}],"about":[{"href":"https:\/\/blogsaverroes.juntadeandalucia.es\/sanfelipeneri\/wp-json\/wp\/v2\/types\/page"}],"author":[{"embeddable":true,"href":"https:\/\/blogsaverroes.juntadeandalucia.es\/sanfelipeneri\/wp-json\/wp\/v2\/users\/13459"}],"replies":[{"embeddable":true,"href":"https:\/\/blogsaverroes.juntadeandalucia.es\/sanfelipeneri\/wp-json\/wp\/v2\/comments?post=1545"}],"version-history":[{"count":5,"href":"https:\/\/blogsaverroes.juntadeandalucia.es\/sanfelipeneri\/wp-json\/wp\/v2\/pages\/1545\/revisions"}],"predecessor-version":[{"id":6456,"href":"https:\/\/blogsaverroes.juntadeandalucia.es\/sanfelipeneri\/wp-json\/wp\/v2\/pages\/1545\/revisions\/6456"}],"up":[{"embeddable":true,"href":"https:\/\/blogsaverroes.juntadeandalucia.es\/sanfelipeneri\/wp-json\/wp\/v2\/pages\/1407"}],"wp:featuredmedia":[{"embeddable":true,"href":"https:\/\/blogsaverroes.juntadeandalucia.es\/sanfelipeneri\/wp-json\/wp\/v2\/media\/2010"}],"wp:attachment":[{"href":"https:\/\/blogsaverroes.juntadeandalucia.es\/sanfelipeneri\/wp-json\/wp\/v2\/media?parent=1545"}],"curies":[{"name":"wp","href":"https:\/\/api.w.org\/{rel}","templated":true}]}}