{"id":1553,"date":"2024-08-08T17:10:01","date_gmt":"2024-08-08T15:10:01","guid":{"rendered":"https:\/\/blogsaverroes.juntadeandalucia.es\/sanfelipeneri\/?page_id=1553"},"modified":"2025-10-30T15:35:53","modified_gmt":"2025-10-30T14:35:53","slug":"fabricacion-mecanica","status":"publish","type":"page","link":"https:\/\/blogsaverroes.juntadeandalucia.es\/sanfelipeneri\/departamentos\/fabricacion-mecanica\/","title":{"rendered":"Fabricaci\u00f3n Mec\u00e1nica"},"content":{"rendered":"<p>\u00a1Bienvenidos al Departamento de Formaci\u00f3n Profesional en Fabricaci\u00f3n Mec\u00e1nica del IES San Felipe Neri!&nbsp;<\/p>\n<p>En nuestro departamento, proporcionamos una formaci\u00f3n integral y pr\u00e1ctica en las diversas \u00e1reas de la fabricaci\u00f3n mec\u00e1nica, enfoc\u00e1ndonos en el dise\u00f1o, producci\u00f3n, mantenimiento y control de calidad de piezas y equipos mec\u00e1nicos. A trav\u00e9s de nuestros ciclos formativos, los estudiantes adquieren las competencias necesarias para dominar tecnolog\u00edas avanzadas como el mecanizado, el control num\u00e9rico, la soldadura y el montaje de estructuras industriales.<\/p>\n<p>Adem\u00e1s de la formaci\u00f3n t\u00e9cnica, preparamos a nuestro alumnado aplicar los conocimientos adquiridos en un entorno real, prepar\u00e1ndolos para integrarse con \u00e9xito en el mercado laboral. Nuestro enfoque fomenta la precisi\u00f3n, la innovaci\u00f3n y la seguridad en el trabajo, claves para destacar en el sector de la fabricaci\u00f3n mec\u00e1nica.<\/p>\n<hr>\n<div class=\"osc-res-tab tabbable   osc-tabs-left\"><div style=\"clear:both;width: 100%;\"><ul class=\"nav osc-res-nav nav-pills osc-tabs-left-ul\" id=\"oscitas-restabs-1-fabricacion-mecanica-27913\"><li class=\"active\"><a href=\"#ert_pane1-0\" data-toggle=\"tab\">Profesorado<\/a><\/li><li class=\"\"><a href=\"#ert_pane1-1\" data-toggle=\"tab\">Programaciones <\/a><\/li><li class=\"\"><a href=\"#ert_pane1-2\" data-toggle=\"tab\">Competencias y criterios<\/a><\/li><li class=\"\"><a href=\"#ert_pane1-3\" data-toggle=\"tab\">Otros recursos<\/a><\/li><\/ul><\/div><div style=\"clear:both;width: 100%;\"><ul class=\"tab-content\" id=\"oscitas-restabcontent-1-fabricacion-mecanica-27913\"><li class=\"tab-pane active\" id=\"ert_pane1-0\"><table style=\"width: 100%;height: 400px\" border=\"10px solid rgb(255, 255, 255)\">\n<tbody>\n<tr style=\"height: 36px\">\n<td style=\"background-color: #c5cbe3;border: 10px solid #ffffff;width: 50%;height: 50px;text-align: center\"><strong>Aranda Castillo, Gumersindo<\/strong><\/td>\n<td style=\"background-color: #c5cbe3;border: 10px solid #ffffff;width: 50%;height: 50px;text-align: center\"><strong>Arias Zafra, Francisco Javier<\/strong><\/td>\n<\/tr>\n<tr style=\"height: 24px\">\n<td style=\"background-color: #ffffff;border: 10px solid #ffffff;width: 50%;height: 50px;text-align: center\">\u2709\ufe0f <a href=\"mailto:garacas827@g.educaand.es\">garacas827@g.educaand.es<\/a><\/td>\n<td style=\"background-color: #ffffff;border: 10px solid #ffffff;width: 50%;height: 50px;text-align: center\">\u2709\ufe0f <a href=\"mailto:farizaf771@g.educaand.es\">farizaf771@g.educaand.es<\/a><\/td>\n<\/tr>\n<tr style=\"height: 36px\">\n<td style=\"border: 10px solid #ffffff;background-color: #c5cbe3;width: 50%;height: 50px;text-align: center\"><strong>Bonilla Fernandez, Antonio David<\/strong><\/td>\n<td style=\"border: 10px solid #ffffff;background-color: #c5cbe3;width: 50%;height: 50px;text-align: center\"><strong>Conde Gallardo, Custodio<\/strong><\/td>\n<\/tr>\n<tr style=\"height: 96px\">\n<td style=\"background-color: #ffffff;border: 10px solid #ffffff;width: 50%;height: 50px;text-align: center\">\u2709\ufe0f <a href=\"mailto:abonfer873@g.educaand.es\">abonfer873@g.educaand.es<\/a><\/td>\n<td style=\"background-color: #ffffff;border: 10px solid #ffffff;width: 50%;height: 50px\">\n<p style=\"text-align: center\">\u2709\ufe0f <a href=\"mailto:ccongal901@g.educaand.es\">ccongal901@g.educaand.es<\/a><\/p>\n<\/td>\n<\/tr>\n<tr style=\"height: 36px\">\n<td style=\"border: 10px solid #ffffff;background-color: #c5cbe3;width: 50%;height: 50px;text-align: center\"><strong>Le\u00f3n Jim\u00e9nez, Antonio Jos\u00e9<\/strong><\/td>\n<td style=\"border: 10px solid #ffffff;background-color: #c5cbe3;width: 50%;height: 50px;text-align: center\"><strong>Priego Villatoro, Jos\u00e9<\/strong><\/td>\n<\/tr>\n<tr style=\"height: 24px\">\n<td style=\"background-color: #ffffff;border: 10px solid #ffffff;width: 50%;height: 50px;text-align: center\">\u2709\ufe0f <a href=\"mailto:aleojim300@g.educaand.es\">aleojim300@g.educaand.es<\/a><\/td>\n<td style=\"background-color: #ffffff;border: 10px solid #ffffff;width: 50%;height: 50px;text-align: center\">\u2709\ufe0f <a href=\"mailto:jprivil507@g.educaand.es\">jprivil507@g.educaand.es<\/a><\/td>\n<\/tr>\n<tr style=\"height: 36px\">\n<td style=\"background-color: #c5cbe3;border: 10px solid #ffffff;width: 50%;height: 50px;text-align: center\"><strong>Molina Gonz\u00e1lez, Jos\u00e9 Mar\u00eda<\/strong><\/td>\n<td style=\"background-color: #c5cbe3;border: 10px solid #ffffff;width: 50%;height: 50px;text-align: center\"><strong>Moreno Rom\u00e1n, Germ\u00e1n<\/strong><\/td>\n<\/tr>\n<tr style=\"height: 36px\">\n<td style=\"background-color: #ffffff;border: 10px solid #ffffff;width: 50%;height: 50px;text-align: center\">\u2709\ufe0f <a href=\"mailto:jmolgon291@g.educaand.es\">jmolgon291@g.educaand.es<\/a><\/td>\n<td style=\"background-color: #ffffff;border: 10px solid #ffffff;width: 50%;height: 50px;text-align: center\">\u2709\ufe0f <a href=\"mailto:gmorrom277@g.educaand.es\">gmorrom277@g.educaand.es<\/a><\/td>\n<\/tr>\n<tr style=\"height: 36px\">\n<td style=\"background-color: #c5cbe3;border: 10px solid #ffffff;width: 50%;height: 50px;text-align: center\"><strong>Pulido Ram\u00edrez, Oscar<\/strong><\/td>\n<td style=\"background-color: #c5cbe3;border: 10px solid #ffffff;width: 50%;height: 50px;text-align: center\"><strong>Rodr\u00edguez Lara, Jos\u00e9 Luis<\/strong><\/td>\n<\/tr>\n<tr style=\"height: 36px\">\n<td style=\"background-color: #ffffff;border: 10px solid #ffffff;width: 50%;height: 50px;text-align: center\">\u2709\ufe0f<a href=\"mailto:opulram195@g.educaand.es\">opulram195@g.educaand.es<\/a><\/td>\n<td style=\"background-color: #ffffff;border: 10px solid #ffffff;width: 50%;height: 50px;text-align: center\">\u2709\ufe0f <a href=\"mailto:jrodlar048@g.educaand.es\">jrodlar048@g.educaand.es<\/a><\/td>\n<\/tr>\n<tr style=\"height: 36px\">\n<td style=\"background-color: #c5cbe3;border: 10px solid #ffffff;width: 50%;height: 50px;text-align: center\"><strong>S\u00e1nchez Murillo, Jorge<\/strong><\/td>\n<td style=\"background-color: #c5cbe3;border: 10px solid #ffffff;width: 50%;height: 50px;text-align: center\"><strong>Flores Varo, Daniel<\/strong><\/td>\n<\/tr>\n<tr style=\"height: 36px\">\n<td style=\"background-color: #ffffff;border: 10px solid #ffffff;width: 50%;height: 50px;text-align: center\">\u2709\ufe0f <a href=\"mailto:jsanmur510@g.educaand.es\">jsanmur510@g.educaand.es<\/a><\/td>\n<td style=\"background-color: #ffffff;border: 10px solid #ffffff;width: 50%;height: 50px;text-align: center\">\u2709\ufe0f<a href=\"mailto:dflovar235@g.educaand.es\"> dflovar235@g.educaand.es<\/a><\/td>\n<\/tr>\n<\/tbody>\n<\/table><\/li><li class=\"tab-pane \" id=\"ert_pane1-1\"><iframe src=\"https:\/\/drive.google.com\/embeddedfolderview?id=1hTpyUCU3_SKQWyiXPlJuelPoVBfdYAVL#list\" height=\"600\"><\/iframe><br \/><\/li><li class=\"tab-pane \" id=\"ert_pane1-2\"><iframe src=\"https:\/\/drive.google.com\/embeddedfolderview?id=1w3z7TtEGmCIweNSIZqhRjdCWHIT2AJg6#list\" height=\"600\"><\/iframe><br \/><\/li><li class=\"tab-pane \" id=\"ert_pane1-3\"><iframe src=\"https:\/\/drive.google.com\/embeddedfolderview?id=1TB6DXvbx1nCxSwqPtXGwo7DmddsmY9x_#list\" height=\"600\"><\/iframe><br \/><\/li><\/ul><\/div><\/div>\n<p>&nbsp;<\/p>\n","protected":false},"excerpt":{"rendered":"<p>\u00a1Bienvenidos al Departamento de Formaci\u00f3n Profesional en Fabricaci\u00f3n Mec\u00e1nica del IES San Felipe Neri!&nbsp; En nuestro departamento, proporcionamos una formaci\u00f3n integral y pr\u00e1ctica en las diversas \u00e1reas de la fabricaci\u00f3n mec\u00e1nica, enfoc\u00e1ndonos en el&#46;&#46;&#46;<\/p>\n","protected":false},"author":13459,"featured_media":2005,"parent":1407,"menu_order":0,"comment_status":"closed","ping_status":"closed","template":"","meta":{"_exactmetrics_skip_tracking":false,"_exactmetrics_sitenote_active":false,"_exactmetrics_sitenote_note":"","_exactmetrics_sitenote_category":0,"ngg_post_thumbnail":0,"footnotes":""},"aioseo_notices":[],"_links":{"self":[{"href":"https:\/\/blogsaverroes.juntadeandalucia.es\/sanfelipeneri\/wp-json\/wp\/v2\/pages\/1553"}],"collection":[{"href":"https:\/\/blogsaverroes.juntadeandalucia.es\/sanfelipeneri\/wp-json\/wp\/v2\/pages"}],"about":[{"href":"https:\/\/blogsaverroes.juntadeandalucia.es\/sanfelipeneri\/wp-json\/wp\/v2\/types\/page"}],"author":[{"embeddable":true,"href":"https:\/\/blogsaverroes.juntadeandalucia.es\/sanfelipeneri\/wp-json\/wp\/v2\/users\/13459"}],"replies":[{"embeddable":true,"href":"https:\/\/blogsaverroes.juntadeandalucia.es\/sanfelipeneri\/wp-json\/wp\/v2\/comments?post=1553"}],"version-history":[{"count":6,"href":"https:\/\/blogsaverroes.juntadeandalucia.es\/sanfelipeneri\/wp-json\/wp\/v2\/pages\/1553\/revisions"}],"predecessor-version":[{"id":6521,"href":"https:\/\/blogsaverroes.juntadeandalucia.es\/sanfelipeneri\/wp-json\/wp\/v2\/pages\/1553\/revisions\/6521"}],"up":[{"embeddable":true,"href":"https:\/\/blogsaverroes.juntadeandalucia.es\/sanfelipeneri\/wp-json\/wp\/v2\/pages\/1407"}],"wp:featuredmedia":[{"embeddable":true,"href":"https:\/\/blogsaverroes.juntadeandalucia.es\/sanfelipeneri\/wp-json\/wp\/v2\/media\/2005"}],"wp:attachment":[{"href":"https:\/\/blogsaverroes.juntadeandalucia.es\/sanfelipeneri\/wp-json\/wp\/v2\/media?parent=1553"}],"curies":[{"name":"wp","href":"https:\/\/api.w.org\/{rel}","templated":true}]}}