{"id":1555,"date":"2024-08-08T17:10:47","date_gmt":"2024-08-08T15:10:47","guid":{"rendered":"https:\/\/blogsaverroes.juntadeandalucia.es\/sanfelipeneri\/?page_id=1555"},"modified":"2025-10-30T15:37:07","modified_gmt":"2025-10-30T14:37:07","slug":"formacion-y-orientacion-laboral","status":"publish","type":"page","link":"https:\/\/blogsaverroes.juntadeandalucia.es\/sanfelipeneri\/departamentos\/formacion-y-orientacion-laboral\/","title":{"rendered":"Formaci\u00f3n y Orientaci\u00f3n Laboral"},"content":{"rendered":"<p>\u00a1Bienvenidos a la p\u00e1gina web del Departamento de Formaci\u00f3n y Orientaci\u00f3n Laboral del IES San Felipe Neri!&nbsp;<\/p>\n<p>En el Departamento de FOL, nos centramos en proporcionar a los estudiantes las herramientas necesarias para su futura incorporaci\u00f3n al mercado laboral, abarcando temas fundamentales como el derecho laboral, la seguridad y salud en el trabajo, la b\u00fasqueda activa de empleo y el emprendimiento. A lo largo del curso, los estudiantes aprender\u00e1n sobre sus derechos y obligaciones como trabajadores, los procedimientos administrativos en el \u00e1mbito laboral y c\u00f3mo desenvolverse con \u00e9xito en un entorno profesional.<\/p>\n<p>Uno de los aspectos m\u00e1s relevantes de la materia es la formaci\u00f3n en prevenci\u00f3n de riesgos laborales, donde ense\u00f1amos a los estudiantes a identificar y gestionar los riesgos asociados a su profesi\u00f3n, promoviendo entornos de trabajo seguros y saludables.<\/p>\n<p>\u00a1Te invitamos a conocer m\u00e1s sobre el Departamento de FOL del IES San Felipe Neri y a prepararte con nosotros para afrontar los desaf\u00edos del mundo laboral!&nbsp;<\/p>\n<hr>\n<div class=\"osc-res-tab tabbable   osc-tabs-left\"><div style=\"clear:both;width: 100%;\"><ul class=\"nav osc-res-nav nav-pills osc-tabs-left-ul\" id=\"oscitas-restabs-1-formacion-y-orientacion-laboral-32890\"><li class=\"active\"><a href=\"#ert_pane1-0\" data-toggle=\"tab\">Profesorado<\/a><\/li><li class=\"\"><a href=\"#ert_pane1-1\" data-toggle=\"tab\">Programaciones <\/a><\/li><li class=\"\"><a href=\"#ert_pane1-2\" data-toggle=\"tab\">Competencias y criterios<\/a><\/li><li class=\"\"><a href=\"#ert_pane1-3\" data-toggle=\"tab\">Otros recursos<\/a><\/li><\/ul><\/div><div style=\"clear:both;width: 100%;\"><ul class=\"tab-content\" id=\"oscitas-restabcontent-1-formacion-y-orientacion-laboral-32890\"><li class=\"tab-pane active\" id=\"ert_pane1-0\"><table style=\"width: 99.345%;height: 376px\" border=\"10px solid rgb(255, 255, 255)\">\n<tbody>\n<tr style=\"height: 36px\">\n<td style=\"background-color: #c5cbe3;border: 10px solid #ffffff;width: 50%;height: 50px;text-align: center\"><strong>Ca\u00f1ada Jim\u00e9nez, Mar\u00eda Dolores<\/strong><\/td>\n<td style=\"background-color: #c5cbe3;border: 10px solid #ffffff;width: 50%;height: 50px;text-align: center\"><strong>L\u00f3pez Hornos, Mar\u00eda<\/strong><\/td>\n<\/tr>\n<tr style=\"height: 24px\">\n<td style=\"background-color: #ffffff;border: 10px solid #ffffff;width: 50%;height: 50px;text-align: center\">\u2709\ufe0f <a href=\"mailto:mcanjim135@g.educaand.es\">mcanjim135@g.educaand.es<\/a><\/td>\n<td style=\"background-color: #ffffff;border: 10px solid #ffffff;width: 50%;height: 50px;text-align: center\">\u2709\ufe0f <a href=\"mailto:mlophor285@g.educaand.es\">mlophor285@g.educaand.es<\/a><\/td>\n<\/tr>\n<tr style=\"height: 36px\">\n<td style=\"border: 10px solid #ffffff;background-color: #c5cbe3;width: 50%;height: 50px;text-align: center\"><strong>Ruiz Luque, Rafael<\/strong><\/td>\n<td style=\"border: 10px solid #ffffff;background-color: #ffffff;width: 50%;height: 50px\">&nbsp;<\/td>\n<\/tr>\n<tr style=\"height: 96px\">\n<td style=\"background-color: #ffffff;border: 10px solid #ffffff;width: 50%;height: 50px\">\n<p style=\"text-align: center\">\u2709\ufe0f <a href=\"mailto:rruiluq592@g.educaand.es\">rruiluq592@g.educaand.es<\/a><\/p>\n<\/td>\n<td style=\"background-color: #ffffff;border: 10px solid #ffffff;width: 50%;height: 50px\">\n<p style=\"text-align: right\">&nbsp;<\/p>\n<\/td>\n<\/tr>\n<\/tbody>\n<\/table><\/li><li class=\"tab-pane \" id=\"ert_pane1-1\"><iframe src=\"https:\/\/drive.google.com\/embeddedfolderview?id=1NEEO9Fwl6FkS0_IntY71bpZBLEErte4R#list\" height=\"600\"><\/iframe><br \/><\/li><li class=\"tab-pane \" id=\"ert_pane1-2\"><iframe src=\"https:\/\/drive.google.com\/embeddedfolderview?id=1EjUwYyWPnMrjm8LrOW8CaRP9lg-pPkv_#list\" height=\"600\"><\/iframe><br \/><\/li><li class=\"tab-pane \" id=\"ert_pane1-3\"><iframe src=\"https:\/\/drive.google.com\/embeddedfolderview?id=1408w9KH-S5l_Uni04wBDVFxy9uEDny0w#list\" height=\"600\"><\/iframe><br \/><\/li><\/ul><\/div><\/div>\n","protected":false},"excerpt":{"rendered":"<p>\u00a1Bienvenidos a la p\u00e1gina web del Departamento de Formaci\u00f3n y Orientaci\u00f3n Laboral del IES San Felipe Neri!&nbsp; En el Departamento de FOL, nos centramos en proporcionar a los estudiantes las herramientas necesarias para su&#46;&#46;&#46;<\/p>\n","protected":false},"author":13459,"featured_media":2000,"parent":1407,"menu_order":0,"comment_status":"closed","ping_status":"closed","template":"","meta":{"_exactmetrics_skip_tracking":false,"_exactmetrics_sitenote_active":false,"_exactmetrics_sitenote_note":"","_exactmetrics_sitenote_category":0,"ngg_post_thumbnail":0,"footnotes":""},"aioseo_notices":[],"_links":{"self":[{"href":"https:\/\/blogsaverroes.juntadeandalucia.es\/sanfelipeneri\/wp-json\/wp\/v2\/pages\/1555"}],"collection":[{"href":"https:\/\/blogsaverroes.juntadeandalucia.es\/sanfelipeneri\/wp-json\/wp\/v2\/pages"}],"about":[{"href":"https:\/\/blogsaverroes.juntadeandalucia.es\/sanfelipeneri\/wp-json\/wp\/v2\/types\/page"}],"author":[{"embeddable":true,"href":"https:\/\/blogsaverroes.juntadeandalucia.es\/sanfelipeneri\/wp-json\/wp\/v2\/users\/13459"}],"replies":[{"embeddable":true,"href":"https:\/\/blogsaverroes.juntadeandalucia.es\/sanfelipeneri\/wp-json\/wp\/v2\/comments?post=1555"}],"version-history":[{"count":6,"href":"https:\/\/blogsaverroes.juntadeandalucia.es\/sanfelipeneri\/wp-json\/wp\/v2\/pages\/1555\/revisions"}],"predecessor-version":[{"id":6522,"href":"https:\/\/blogsaverroes.juntadeandalucia.es\/sanfelipeneri\/wp-json\/wp\/v2\/pages\/1555\/revisions\/6522"}],"up":[{"embeddable":true,"href":"https:\/\/blogsaverroes.juntadeandalucia.es\/sanfelipeneri\/wp-json\/wp\/v2\/pages\/1407"}],"wp:featuredmedia":[{"embeddable":true,"href":"https:\/\/blogsaverroes.juntadeandalucia.es\/sanfelipeneri\/wp-json\/wp\/v2\/media\/2000"}],"wp:attachment":[{"href":"https:\/\/blogsaverroes.juntadeandalucia.es\/sanfelipeneri\/wp-json\/wp\/v2\/media?parent=1555"}],"curies":[{"name":"wp","href":"https:\/\/api.w.org\/{rel}","templated":true}]}}