{"id":1582,"date":"2024-08-08T17:54:24","date_gmt":"2024-08-08T15:54:24","guid":{"rendered":"https:\/\/blogsaverroes.juntadeandalucia.es\/sanfelipeneri\/?page_id=1582"},"modified":"2025-09-04T10:52:45","modified_gmt":"2025-09-04T08:52:45","slug":"e-s-o","status":"publish","type":"page","link":"https:\/\/blogsaverroes.juntadeandalucia.es\/sanfelipeneri\/e-s-o\/","title":{"rendered":"E.S.O."},"content":{"rendered":"<div class=\"flex max-w-full flex-col flex-grow\">\n<div class=\"min-h-8 text-message flex w-full flex-col items-end gap-2 whitespace-normal break-words [.text-message+&amp;]:mt-5\" dir=\"auto\" data-message-author-role=\"assistant\" data-message-id=\"024388fd-5cf9-4c02-b597-23fadb8392f6\" data-message-model-slug=\"gpt-4o-mini\">\n<div class=\"flex w-full flex-col gap-1 empty:hidden first:pt-[3px]\">\n<div class=\"markdown prose w-full break-words dark:prose-invert light\">\n<hr>\n<p><strong>Oferta Educativa de ESO en el IES San Felipe Neri<\/strong><\/p>\n<p>En ESO, nuestros estudiantes tienen acceso a una completa formaci\u00f3n con una variedad de materias, tanto comunes como optativas, que fomentan su desarrollo integral. Este enfoque educativo est\u00e1 dise\u00f1ado para proporcionar una formaci\u00f3n equilibrada y multidisciplinaria, permitiendo a nuestros alumnos\/as explorar diferentes \u00e1reas del conocimiento y desarrollar habilidades clave para su futuro acad\u00e9mico y personal.<\/p>\n<div class=\"osc-res-tab tabbable   osc-tabs-left\"><div style=\"clear:both;width: 100%;\"><ul class=\"nav osc-res-nav nav-pills osc-tabs-left-ul\" id=\"oscitas-restabs-1-e-s-o-90146\"><li class=\"active\"><a href=\"#ert_pane1-0\" data-toggle=\"tab\">1\u00ba ESO<\/a><\/li><li class=\"\"><a href=\"#ert_pane1-1\" data-toggle=\"tab\">2\u00ba ESO<\/a><\/li><li class=\"\"><a href=\"#ert_pane1-2\" data-toggle=\"tab\">3\u00ba ESO<\/a><\/li><li class=\"\"><a href=\"#ert_pane1-3\" data-toggle=\"tab\">3\u00ba ESO Diversificaci\u00f3n Curricular<\/a><\/li><li class=\"\"><a href=\"#ert_pane1-4\" data-toggle=\"tab\">4\u00ba ESO<\/a><\/li><li class=\"\"><a href=\"#ert_pane1-5\" data-toggle=\"tab\">4\u00ba ESO Diversificaci\u00f3n Curricular<\/a><\/li><\/ul><\/div><div style=\"clear:both;width: 100%;\"><ul class=\"tab-content\" id=\"oscitas-restabcontent-1-e-s-o-90146\"><li class=\"tab-pane active\" id=\"ert_pane1-0\"><p><strong>Materias comunes:<\/strong><\/p>\n<ul>\n<li>Biolog\u00eda y Geolog\u00eda<\/li>\n<li>Educaci\u00f3n F\u00edsica<\/li>\n<li>Educaci\u00f3n Pl\u00e1stica<\/li>\n<li>Geograf\u00eda e Historia<\/li>\n<li>Lengua Castellana y Literatura<\/li>\n<li>Matem\u00e1ticas<\/li>\n<li>M\u00fasica<\/li>\n<\/ul>\n<p>&nbsp;<\/p>\n<p><strong>Primer idioma:<\/strong><\/p>\n<ul>\n<li>Ingl\u00e9s<\/li>\n<\/ul>\n<p>&nbsp;<\/p>\n<p><strong>Religi\u00f3n y Atenci\u00f3n Educativa (elegir una):<\/strong><\/p>\n<ul>\n<li>Religi\u00f3n Cat\u00f3lica<\/li>\n<li>Religi\u00f3n Evang\u00e9lica<\/li>\n<li>Religi\u00f3n Isl\u00e1mica<\/li>\n<li>Atenci\u00f3n Educativa<\/li>\n<\/ul>\n<p>&nbsp;<\/p>\n<p><strong>Materias comunes (elegir una):<\/strong><\/p>\n<ul>\n<li>Franc\u00e9s<\/li>\n<li>\u00c1rea Ling\u00fc\u00edstica<\/li>\n<\/ul>\n<p>&nbsp;<\/p>\n<p><strong>Optativas Andaluc\u00eda (elegir una):<\/strong><\/p>\n<ul>\n<li>Computaci\u00f3n y Rob\u00f3tica<\/li>\n<li>Oratoria y Debate<\/li>\n<li>Cultura Cl\u00e1sica<\/li>\n<\/ul><\/li><li class=\"tab-pane \" id=\"ert_pane1-1\"><p><strong>Materias Comunes:<\/strong><\/p>\n<ul>\n<li>Educaci\u00f3n F\u00edsica<\/li>\n<li>Lengua Castellana y Literatura<\/li>\n<li>Tecnolog\u00eda y Digitalizaci\u00f3n<\/li>\n<li>F\u00edsica y Qu\u00edmica<\/li>\n<li>Matem\u00e1ticas<\/li>\n<li>Educaci\u00f3n en Valores C\u00edvicos<\/li>\n<li>M\u00fasica<\/li>\n<li>Geograf\u00eda e Historia<\/li>\n<\/ul>\n<p>&nbsp;<\/p>\n<p><strong>Primer Idioma:<\/strong><\/p>\n<ul>\n<li>Ingl\u00e9s<\/li>\n<\/ul>\n<p>&nbsp;<\/p>\n<p><strong>Religi\u00f3n\/Atenci\u00f3n (elegir una):<\/strong><\/p>\n<ul>\n<li>Religi\u00f3n Cat\u00f3lica<\/li>\n<li>Religi\u00f3n Evang\u00e9lica<\/li>\n<li>Religi\u00f3n Isl\u00e1mica<\/li>\n<li>Atenci\u00f3n Educativa<\/li>\n<\/ul>\n<p>&nbsp;<\/p>\n<p><strong>Optativas Andaluc\u00eda (elegir una):<\/strong><\/p>\n<ul>\n<li>Computaci\u00f3n y Rob\u00f3tica<\/li>\n<li>Oratoria y Debate<\/li>\n<li>Cultura Cl\u00e1sica<\/li>\n<li>Proyecto de Educaci\u00f3n Pl\u00e1stica<\/li>\n<li>Franc\u00e9s<\/li>\n<\/ul><\/li><li class=\"tab-pane \" id=\"ert_pane1-2\"><p><strong>Materias Comunes:<\/strong><\/p>\n<ul>\n<li>Biolog\u00eda y Geolog\u00eda<\/li>\n<li>Educaci\u00f3n F\u00edsica<\/li>\n<li>Lengua Castellana y Literatura<\/li>\n<li>Tecnolog\u00eda y Digitalizaci\u00f3n<\/li>\n<li>F\u00edsica y Qu\u00edmica<\/li>\n<li>Matem\u00e1ticas<\/li>\n<li>Educaci\u00f3n Pl\u00e1stica<\/li>\n<li>Geograf\u00eda e Historia<\/li>\n<\/ul>\n<p>&nbsp;<\/p>\n<p><strong>Primer Idioma:<\/strong><\/p>\n<ul>\n<li>Ingl\u00e9s<\/li>\n<\/ul>\n<p>&nbsp;<\/p>\n<p><strong>&nbsp;Religi\u00f3n\/Atenci\u00f3n (elegir una):<\/strong><\/p>\n<ul>\n<li>Religi\u00f3n Cat\u00f3lica<\/li>\n<li>Religi\u00f3n Evang\u00e9lica<\/li>\n<li>Religi\u00f3n Isl\u00e1mica<\/li>\n<li>Atenci\u00f3n Educativa<\/li>\n<\/ul>\n<p>&nbsp;<\/p>\n<p><strong>Optativas Andaluc\u00eda (elegir una):<\/strong><\/p>\n<ul>\n<li>Computaci\u00f3n y Rob\u00f3tica<\/li>\n<li>Oratoria y Debate<\/li>\n<li>Cultura Cl\u00e1sica<\/li>\n<li>Franc\u00e9s<\/li>\n<li>Filosof\u00eda y Argumentaci\u00f3n<\/li>\n<li>Cultura del Flamenco<\/li>\n<li><span style=\"font-weight: 400\">Iniciaci\u00f3n a la Actividad Emprendedora y Empresarial<\/span><\/li>\n<\/ul><\/li><li class=\"tab-pane \" id=\"ert_pane1-3\"><p><strong>Materias Comunes:<\/strong><\/p>\n<ul>\n<li><span style=\"font-weight: 400\">\u00c1mbito Cient\u00edfico-Tecnol\u00f3gico: <\/span><span style=\"font-weight: 400\">Biolog\u00eda y Geolog\u00eda, <\/span><span style=\"font-weight: 400\">F\u00edsica y Qu\u00edmica y <\/span><span style=\"font-weight: 400\">Matem\u00e1ticas<\/span><\/li>\n<li>\u00c1mbito Ling\u00fc\u00edstico y Social: Geograf\u00eda e Historia, Lengua Castellana y Literatura e Ingl\u00e9s<\/li>\n<li>Educaci\u00f3n F\u00edsica<\/li>\n<li>Educaci\u00f3n Pl\u00e1stica<\/li>\n<li>Tecnolog\u00eda y Digitalizaci\u00f3n<\/li>\n<\/ul>\n<p>&nbsp;<\/p>\n<p><strong>Religi\u00f3n\/Atenci\u00f3n (elegir una):<\/strong><\/p>\n<ul>\n<li>Religi\u00f3n Cat\u00f3lica<\/li>\n<li>Religi\u00f3n Evang\u00e9lica<\/li>\n<li>Religi\u00f3n Isl\u00e1mica<\/li>\n<li>Atenci\u00f3n Educativa<\/li>\n<\/ul>\n<p>&nbsp;<\/p>\n<p><strong>Optativas Andaluc\u00eda (elegir dos):<\/strong><\/p>\n<ul>\n<li>Computaci\u00f3n y Rob\u00f3tica<\/li>\n<li>Oratoria y Debate<\/li>\n<li>Cultura Cl\u00e1sica<\/li>\n<li>Iniciaci\u00f3n a la Actividad Emprendedora y Empresarial<\/li>\n<li>Filosof\u00eda y Argumentaci\u00f3n<\/li>\n<li>Cultura del flamenco<\/li>\n<\/ul><\/li><li class=\"tab-pane \" id=\"ert_pane1-4\"><p><strong>Materias Comunes:<\/strong><\/p>\n<ul>\n<li>Educaci\u00f3n F\u00edsica<\/li>\n<li>Lengua Castellana y Literatura<\/li>\n<li>Geograf\u00eda e Historia<\/li>\n<\/ul>\n<p>&nbsp;<\/p>\n<p><strong>Primer Idioma:<\/strong><\/p>\n<ul>\n<li>Ingl\u00e9s<\/li>\n<\/ul>\n<p>&nbsp;<\/p>\n<p><strong>&nbsp;Religi\u00f3n\/Atenci\u00f3n (elegir una):<\/strong><\/p>\n<ul>\n<li>Religi\u00f3n Cat\u00f3lica<\/li>\n<li>Religi\u00f3n Evang\u00e9lica<\/li>\n<li>Religi\u00f3n Isl\u00e1mica<\/li>\n<li>Atenci\u00f3n Educativa<\/li>\n<\/ul>\n<p>&nbsp;<\/p>\n<p style=\"text-align: left\"><div class=\"su-tabs su-tabs-style-default su-tabs-mobile-stack\" data-active=\"1\" data-scroll-offset=\"0\" data-anchor-in-url=\"no\"><div class=\"su-tabs-nav\"><span class=\"\" data-url=\"\" data-target=\"blank\" tabindex=\"0\" role=\"button\"><b>ITINERARIO I (Bachillerato Ciencias y Tecnolog\u00eda)<\/b><\/span><span class=\"\" data-url=\"\" data-target=\"blank\" tabindex=\"0\" role=\"button\"><b>ITINERARIO II (Bachillerato Humanidades y Ciencias Sociales)<\/b><\/span><span class=\"\" data-url=\"\" data-target=\"blank\" tabindex=\"0\" role=\"button\"><b>ITINERARIO III (Ciclos Formativos)<\/b><\/span><\/div><div class=\"su-tabs-panes\"><div class=\"su-tabs-pane su-u-clearfix su-u-trim\" data-title=\"&lt;b&gt;ITINERARIO I (Bachillerato Ciencias y Tecnolog\u00eda)&lt;\/b&gt;\">\n<p><strong>Materias Comunes:<\/strong><\/p>\n<ul>\n<li>Matem\u00e1ticas B<\/li>\n<\/ul>\n<p>&nbsp;<\/p>\n<p><strong>Optativas:<\/strong><\/p>\n<ul>\n<li>Biolog\u00eda y Geolog\u00eda (obligatoria)<\/li>\n<li>F\u00edsica y Qu\u00edmica (obligatoria)&nbsp;<\/li>\n<\/ul>\n<p>&nbsp; &nbsp; &nbsp;&nbsp;<strong>Elegir una:<\/strong><\/p>\n<ul>\n<li>Digitalizaci\u00f3n<\/li>\n<li>Franc\u00e9s<\/li>\n<li>Tecnolog\u00eda<\/li>\n<\/ul>\n<p>&nbsp;<\/p>\n<p><strong>&nbsp;Optativas Andaluc\u00eda (elegir una):<\/strong><\/p>\n<ul>\n<li>Ampliaci\u00f3n Cultura Cl\u00e1sica<\/li>\n<li>Aprendizaje Social y Emocional<\/li>\n<li>Cultura Cient\u00edfica<\/li>\n<li>Dibujo T\u00e9cnico<\/li>\n<li>Filosof\u00eda<\/li>\n<\/ul>\n<p style=\"text-align: left\"><\/div>\n<div class=\"su-tabs-pane su-u-clearfix su-u-trim\" data-title=\"&lt;b&gt;ITINERARIO II (Bachillerato Humanidades y Ciencias Sociales)&lt;\/b&gt;\">\n<p><strong>Materias Comunes:<\/strong><\/p>\n<ul>\n<li>Matem\u00e1ticas B<\/li>\n<\/ul>\n<p>&nbsp;<\/p>\n<p><strong>Optativas:<\/strong><\/p>\n<ul>\n<li>Econom\u00eda y Emprendimiento (obligatoria)<\/li>\n<li>Lat\u00edn (obligatoria)<\/li>\n<\/ul>\n<p>&nbsp; &nbsp; &nbsp;<strong>Elegir una:<\/strong><\/p>\n<ul>\n<li>M\u00fasica<\/li>\n<li>Franc\u00e9s<\/li>\n<\/ul>\n<p>&nbsp;<\/p>\n<p><strong>&nbsp;Optativas Andaluc\u00eda (elegir una):<\/strong><\/p>\n<ul>\n<li>Ampliaci\u00f3n Cultura Cl\u00e1sica<\/li>\n<li>Aprendizaje Social y Emocional<\/li>\n<li>Artes Esc\u00e9nicas y Danza<\/li>\n<li>Filosof\u00eda<\/li>\n<\/ul>\n<p style=\"text-align: left\"><\/div>\n<div class=\"su-tabs-pane su-u-clearfix su-u-trim\" data-title=\"&lt;b&gt;ITINERARIO III (Ciclos Formativos)&lt;\/b&gt;\">\n<p><strong>Materias Comunes:<\/strong><\/p>\n<ul>\n<li>Matem\u00e1ticas A<\/li>\n<\/ul>\n<p>&nbsp;<\/p>\n<p><strong>Optativas:<\/strong><\/p>\n<ul>\n<li><span style=\"font-weight: 400\">Formaci\u00f3n y Orientaci\u00f3n Personal y Profesional (obligatoria)<\/span><\/li>\n<li>Tecnolog\u00eda (obligatoria)<\/li>\n<\/ul>\n<p>&nbsp; &nbsp;&nbsp;<strong>Elegir una:<\/strong><\/p>\n<ul>\n<li>Digitalizaci\u00f3n<\/li>\n<li>Expresi\u00f3n Art\u00edstica<\/li>\n<li>M\u00fasica<\/li>\n<\/ul>\n<p>&nbsp;<\/p>\n<p><strong>&nbsp;Optativas Andaluc\u00eda (elegir una):<\/strong><\/p>\n<ul>\n<li>Aprendizaje Social y Emocional<\/li>\n<li>Artes Esc\u00e9nicas y Danza<\/li>\n<li>Cultura Cient\u00edfica<\/li>\n<\/ul>\n<p style=\"text-align: left\"><\/div><\/div><\/div><\/li><li class=\"tab-pane \" id=\"ert_pane1-5\"><p><strong>Materias Comunes:<\/strong><\/p>\n<ul>\n<li><span style=\"font-weight: 400\">\u00c1mbito Cient\u00edfico-Tecnol\u00f3gico: <\/span><span style=\"font-weight: 400\">Biolog\u00eda y Geolog\u00eda, <\/span><span style=\"font-weight: 400\">F\u00edsica y Qu\u00edmica y <\/span><span style=\"font-weight: 400\">Matem\u00e1ticas<\/span><\/li>\n<li>\u00c1mbito Ling\u00fc\u00edstico y Social: Geograf\u00eda e Historia, Lengua Castellana y Literatura e Ingl\u00e9s<\/li>\n<li>Educaci\u00f3n F\u00edsica<\/li>\n<\/ul>\n<p>&nbsp;<\/p>\n<p><strong>Religi\u00f3n\/Atenci\u00f3n (elegir una):<\/strong><\/p>\n<ul>\n<li>Religi\u00f3n Cat\u00f3lica<\/li>\n<li>Religi\u00f3n Evang\u00e9lica<\/li>\n<li>Religi\u00f3n Isl\u00e1mica<\/li>\n<li>Atenci\u00f3n Educativa<\/li>\n<\/ul>\n<p>&nbsp;<\/p>\n<p><strong>Optativas:<\/strong><\/p>\n<ul>\n<li>Formaci\u00f3n y Orientaci\u00f3n Personal y Profesional (obligatoria)<\/li>\n<li>Tecnolog\u00eda (obligatoria)<\/li>\n<\/ul>\n<p>&nbsp;<\/p>\n<p><strong>Optativas Andaluc\u00eda (elegir una):<\/strong><\/p>\n<ul>\n<li><span style=\"font-weight: 400\">Aprendizaje Social y Emocional<\/span><\/li>\n<li><span style=\"font-weight: 400\">Artes Esc\u00e9nicas y Danza<\/span><\/li>\n<li>Cultura Cient\u00edfica<\/li>\n<\/ul><\/li><\/ul><\/div><\/div>\n<p>&nbsp;<\/p>\n<p>&nbsp;<\/p>\n<\/div>\n<\/div>\n<\/div>\n<\/div>\n","protected":false},"excerpt":{"rendered":"<p>Oferta Educativa de ESO en el IES San Felipe Neri En ESO, nuestros estudiantes tienen acceso a una completa formaci\u00f3n con una variedad de materias, tanto comunes como optativas, que fomentan su desarrollo integral.&#46;&#46;&#46;<\/p>\n","protected":false},"author":13459,"featured_media":0,"parent":0,"menu_order":0,"comment_status":"closed","ping_status":"closed","template":"","meta":{"_exactmetrics_skip_tracking":false,"_exactmetrics_sitenote_active":false,"_exactmetrics_sitenote_note":"","_exactmetrics_sitenote_category":0,"ngg_post_thumbnail":0,"footnotes":""},"aioseo_notices":[],"_links":{"self":[{"href":"https:\/\/blogsaverroes.juntadeandalucia.es\/sanfelipeneri\/wp-json\/wp\/v2\/pages\/1582"}],"collection":[{"href":"https:\/\/blogsaverroes.juntadeandalucia.es\/sanfelipeneri\/wp-json\/wp\/v2\/pages"}],"about":[{"href":"https:\/\/blogsaverroes.juntadeandalucia.es\/sanfelipeneri\/wp-json\/wp\/v2\/types\/page"}],"author":[{"embeddable":true,"href":"https:\/\/blogsaverroes.juntadeandalucia.es\/sanfelipeneri\/wp-json\/wp\/v2\/users\/13459"}],"replies":[{"embeddable":true,"href":"https:\/\/blogsaverroes.juntadeandalucia.es\/sanfelipeneri\/wp-json\/wp\/v2\/comments?post=1582"}],"version-history":[{"count":16,"href":"https:\/\/blogsaverroes.juntadeandalucia.es\/sanfelipeneri\/wp-json\/wp\/v2\/pages\/1582\/revisions"}],"predecessor-version":[{"id":4743,"href":"https:\/\/blogsaverroes.juntadeandalucia.es\/sanfelipeneri\/wp-json\/wp\/v2\/pages\/1582\/revisions\/4743"}],"wp:attachment":[{"href":"https:\/\/blogsaverroes.juntadeandalucia.es\/sanfelipeneri\/wp-json\/wp\/v2\/media?parent=1582"}],"curies":[{"name":"wp","href":"https:\/\/api.w.org\/{rel}","templated":true}]}}