{"id":1586,"date":"2024-08-08T17:55:26","date_gmt":"2024-08-08T15:55:26","guid":{"rendered":"https:\/\/blogsaverroes.juntadeandalucia.es\/sanfelipeneri\/?page_id=1586"},"modified":"2024-11-12T16:09:11","modified_gmt":"2024-11-12T15:09:11","slug":"aula-especifica","status":"publish","type":"page","link":"https:\/\/blogsaverroes.juntadeandalucia.es\/sanfelipeneri\/aula-especifica\/","title":{"rendered":"Aulas Espec\u00edficas"},"content":{"rendered":"<hr>\n<div class=\"osc-res-tab tabbable   osc-tabs-left\"><div style=\"clear:both;width: 100%;\"><ul class=\"nav osc-res-nav nav-pills osc-tabs-left-ul\" id=\"oscitas-restabs-1-aula-especifica-58375\"><li class=\"\"><a href=\"#ert_pane1-0\" data-toggle=\"tab\">Organizaci\u00f3n y funcionamiento<\/a><\/li><li class=\"active\"><a href=\"#ert_pane1-1\" data-toggle=\"tab\">Noticias<\/a><\/li><\/ul><\/div><div style=\"clear:both;width: 100%;\"><ul class=\"tab-content\" id=\"oscitas-restabcontent-1-aula-especifica-58375\"><li class=\"tab-pane \" id=\"ert_pane1-0\"><p>&nbsp;<br \/>\nEl Decreto <strong>147\/2002 de 14 de mayo<\/strong>, por el que se establece la Ordenaci\u00f3n de la Atenci\u00f3n Educativa a los alumnos\/as con necesidades educativas especiales asociadas a sus capacidades personales, se\u00f1ala en su art\u00edculo 15, apartados 3 y 4, que determinados alumnos\/as podr\u00e1n ser escolarizados en aulas o centros de Educaci\u00f3n Especial. Y tambi\u00e9n dispone en su art\u00edculo 28, que en dichos centros o aulas se impartir\u00e1n las ense\u00f1anzas correspondientes al periodo de Formaci\u00f3n B\u00e1sica Obligatoria (o FBO). Por su parte, la <strong>Orden de 19 de septiembre de 2002<\/strong>, por la que se regula la elaboraci\u00f3n del Proyecto Curricular de los Centros Espec\u00edficos de Educaci\u00f3n Especial y de la Programaci\u00f3n de las Aulas Espec\u00edficas de Educaci\u00f3n Especial en los centros ordinarios, establece que el per\u00edodo de FBO tiene una duraci\u00f3n m\u00ednima de 10 a\u00f1os, comienza a los 6 a\u00f1os de edad y puede extenderse hasta los 18 a\u00f1os de edad cuando, a juicio del equipo educativo, esta medida permita la consecuci\u00f3n de los objetivos previstos en la adaptaci\u00f3n curricular individualizada, pudi\u00e9ndose extender hasta los 21 a\u00f1os, cuando no exista Programa de Transici\u00f3n a la Vida Adulta y Laboral (PTVAL). &nbsp;Este periodo se estructura en ciclos y el dise\u00f1o del curr\u00edculo se organiza en torno a tres \u00e1reas: \u201ccrecimiento en armon\u00eda\u201d, \u201cDescubrimiento y exploraci\u00f3n del entorno\u201d y el tercero y \u00faltimo de los mismos que es \u201cComunicaci\u00f3n y representaci\u00f3n de la realidad\u201d. Estas \u00e1reas toman como referentes los curr\u00edculos correspondientes a la Educaci\u00f3n Infantil y a la Educaci\u00f3n Primaria, para la elaboraci\u00f3n de las Adaptaciones Curriculares Individualizadas (ACI), que cursar\u00e1 el alumnado de dichas aulas.<\/p>\n<p>Desde el centro se llevan a cabo una serie de actividades que favorecen la posterior incorporaci\u00f3n del alumnado a su vida diaria y posible incorporaci\u00f3n al mundo laboral. Entre ellas destacan:<\/p>\n<ul>\n<li>Higiene personal: Lavado de manos y dientes, peinado \u2026<\/li>\n<li>H\u00e1bitos de vida saludable: alimentaci\u00f3n saludable.<\/li>\n<li>Autonom\u00eda personal: desplazamientos en el centro y fuera de \u00e9l.<\/li>\n<li>Habilidades B\u00e1sicas para la vida diaria, como: realizar la colada, tender la ropa, poner y quitar la mesa, ir de compras, cocinar, mantener limpia el aula \u2026<\/li>\n<li>Conocimiento y cuidado del entorno pr\u00f3ximo: trabajos en el huerto, mantener las instalaciones limpias (reciclaje)\u2026<\/li>\n<li>Etc<\/li>\n<\/ul>\n<p>Actualmente en el IES \u201cSan Felipe Neri\u201d existen dos Aulas Espec\u00edficas que atienden al alumnado desde los 14 hasta los 21 a\u00f1os (FBO A Y B).<\/p>\n<p>El horario de dichas aulas es de 9:00 a 14:00 horas. Con un total de 25 horas lectivas semanales, con la atenci\u00f3n de los siguientes profesionales:<\/p>\n<ul>\n<li>Tutor\u00eda por parte del maestro\/a de Pedagog\u00eda terap\u00e9utica. (PT).<\/li>\n<li>Personal T\u00e9cnico de Integraci\u00f3n Social (PTIS).<\/li>\n<li>Maestro\/a de Audici\u00f3n y lenguaje.<\/li>\n<\/ul>\n<p>\u00a1\u00a1Ven y vis\u00edtanos!!&nbsp; Tu vida cambiar\u00e1.<\/p><\/li><li class=\"tab-pane active\" id=\"ert_pane1-1\"><p style=\"text-align: center\"><div class=\"pt-cv-wrapper\"><div class=\"pt-cv-view pt-cv-blockgrid iscvblock iscvhybrid list1 layout1\" id=\"pt-cv-view-abc2b46fhq\"><div data-id=\"pt-cv-page-1\" class=\"pt-cv-page\" data-cvc=\"1\"><div class=\" pt-cv-content-item pt-cv-2-col\" ><div class=\"pt-cv-thumb-wrapper pull-left \"><a href=\"https:\/\/blogsaverroes.juntadeandalucia.es\/sanfelipeneri\/juntos-somos-mas-fuertes-dia-internacional-del-cancer-infantil\/\" class=\"_self pt-cv-href-thumbnail pt-cv-thumb-left\" target=\"_self\" ><img loading=\"lazy\" decoding=\"async\" width=\"300\" height=\"178\" src=\"https:\/\/blogsaverroes.juntadeandalucia.es\/sanfelipeneri\/files\/2026\/02\/Historia-de-Instagram-Cancer-de-Mama-Simple-Rosa-1350-x-1080-px-1350-x-800-px-2-300x178.png\" class=\"pt-cv-thumbnail pull-left\" alt=\"\" srcset=\"https:\/\/blogsaverroes.juntadeandalucia.es\/sanfelipeneri\/files\/2026\/02\/Historia-de-Instagram-Cancer-de-Mama-Simple-Rosa-1350-x-1080-px-1350-x-800-px-2-300x178.png 300w, https:\/\/blogsaverroes.juntadeandalucia.es\/sanfelipeneri\/files\/2026\/02\/Historia-de-Instagram-Cancer-de-Mama-Simple-Rosa-1350-x-1080-px-1350-x-800-px-2-1024x607.png 1024w, https:\/\/blogsaverroes.juntadeandalucia.es\/sanfelipeneri\/files\/2026\/02\/Historia-de-Instagram-Cancer-de-Mama-Simple-Rosa-1350-x-1080-px-1350-x-800-px-2-768x455.png 768w, https:\/\/blogsaverroes.juntadeandalucia.es\/sanfelipeneri\/files\/2026\/02\/Historia-de-Instagram-Cancer-de-Mama-Simple-Rosa-1350-x-1080-px-1350-x-800-px-2.png 1350w\" sizes=\"(max-width: 300px) 100vw, 300px\" \/><\/a><\/div>\n<div class=\"pt-cv-colwrap\"><h4 class=\"pt-cv-title\"><a href=\"https:\/\/blogsaverroes.juntadeandalucia.es\/sanfelipeneri\/juntos-somos-mas-fuertes-dia-internacional-del-cancer-infantil\/\" class=\"_self\" target=\"_self\" >Juntos somos m\u00e1s fuertes: D\u00eda Internacional del C\u00e1ncer Infantil<\/a><\/h4><div class=\"pt-cv-content\">El alumnado del Aula Espec\u00edfica, FBO y PTVAL del IES San Felipe Neri ha preparado una pancarta conmemorativa para sumarse a la celebraci\u00f3n del D\u00eda Internacional del C\u00e1ncer Infantil. A trav\u00e9s de esta actividad, el alumnado ha querido lanzar un mensaje claro y lleno de significado: \u201cJuntos somos m\u00e1s fuertes\u201d, ...<br \/><div class=\"pt-cv-rmwrap\"><a href=\"https:\/\/blogsaverroes.juntadeandalucia.es\/sanfelipeneri\/juntos-somos-mas-fuertes-dia-internacional-del-cancer-infantil\/\" class=\"_self pt-cv-readmore btn btn-success\" target=\"_self\">Leer M\u00e1s<\/a><\/div><\/div><\/div><\/div>\n<div class=\" pt-cv-content-item pt-cv-2-col\" ><div class=\"pt-cv-thumb-wrapper pull-left \"><a href=\"https:\/\/blogsaverroes.juntadeandalucia.es\/sanfelipeneri\/que-todos-seamos-diferentes-es-de-lo-mas-normal\/\" class=\"_self pt-cv-href-thumbnail pt-cv-thumb-left\" target=\"_self\" ><img loading=\"lazy\" decoding=\"async\" width=\"300\" height=\"226\" src=\"https:\/\/blogsaverroes.juntadeandalucia.es\/sanfelipeneri\/files\/2025\/12\/WhatsApp-Image-2025-12-03-at-15.26.17-3-300x226.jpeg\" class=\"pt-cv-thumbnail pull-left\" alt=\"\" srcset=\"https:\/\/blogsaverroes.juntadeandalucia.es\/sanfelipeneri\/files\/2025\/12\/WhatsApp-Image-2025-12-03-at-15.26.17-3-300x226.jpeg 300w, https:\/\/blogsaverroes.juntadeandalucia.es\/sanfelipeneri\/files\/2025\/12\/WhatsApp-Image-2025-12-03-at-15.26.17-3-1024x771.jpeg 1024w, https:\/\/blogsaverroes.juntadeandalucia.es\/sanfelipeneri\/files\/2025\/12\/WhatsApp-Image-2025-12-03-at-15.26.17-3-768x578.jpeg 768w, https:\/\/blogsaverroes.juntadeandalucia.es\/sanfelipeneri\/files\/2025\/12\/WhatsApp-Image-2025-12-03-at-15.26.17-3-1536x1157.jpeg 1536w, https:\/\/blogsaverroes.juntadeandalucia.es\/sanfelipeneri\/files\/2025\/12\/WhatsApp-Image-2025-12-03-at-15.26.17-3.jpeg 2040w\" sizes=\"(max-width: 300px) 100vw, 300px\" \/><\/a><\/div>\n<div class=\"pt-cv-colwrap\"><h4 class=\"pt-cv-title\"><a href=\"https:\/\/blogsaverroes.juntadeandalucia.es\/sanfelipeneri\/que-todos-seamos-diferentes-es-de-lo-mas-normal\/\" class=\"_self\" target=\"_self\" >Que todos seamos diferentes es de lo m\u00e1s normal<\/a><\/h4><div class=\"pt-cv-content\">Hoy, 3 de diciembre, celebramos en el IES San Felipe Neri el D\u00eda Internacional de las Personas con Discapacidad. Es una ocasi\u00f3n para recordar que en nuestro centro la diversidad es parte de nuestra identidad. El alumnado del Aula Espec\u00edfica, FBO y del PTVAL nos demuestra cada d\u00eda que no ...<br \/><div class=\"pt-cv-rmwrap\"><a href=\"https:\/\/blogsaverroes.juntadeandalucia.es\/sanfelipeneri\/que-todos-seamos-diferentes-es-de-lo-mas-normal\/\" class=\"_self pt-cv-readmore btn btn-success\" target=\"_self\">Leer M\u00e1s<\/a><\/div><\/div><\/div><\/div>\n<div class=\" pt-cv-content-item pt-cv-2-col\" ><div class=\"pt-cv-thumb-wrapper pull-left \"><a href=\"https:\/\/blogsaverroes.juntadeandalucia.es\/sanfelipeneri\/halloween-en-el-aula-especifica-y-ptval\/\" class=\"_self pt-cv-href-thumbnail pt-cv-thumb-left\" target=\"_self\" ><img loading=\"lazy\" decoding=\"async\" width=\"300\" height=\"225\" src=\"https:\/\/blogsaverroes.juntadeandalucia.es\/sanfelipeneri\/files\/2025\/10\/WhatsApp-Image-2025-10-31-at-12.31.54-300x225.jpeg\" class=\"pt-cv-thumbnail pull-left\" alt=\"\" srcset=\"https:\/\/blogsaverroes.juntadeandalucia.es\/sanfelipeneri\/files\/2025\/10\/WhatsApp-Image-2025-10-31-at-12.31.54-300x225.jpeg 300w, https:\/\/blogsaverroes.juntadeandalucia.es\/sanfelipeneri\/files\/2025\/10\/WhatsApp-Image-2025-10-31-at-12.31.54-1024x768.jpeg 1024w, https:\/\/blogsaverroes.juntadeandalucia.es\/sanfelipeneri\/files\/2025\/10\/WhatsApp-Image-2025-10-31-at-12.31.54-768x576.jpeg 768w, https:\/\/blogsaverroes.juntadeandalucia.es\/sanfelipeneri\/files\/2025\/10\/WhatsApp-Image-2025-10-31-at-12.31.54-1536x1152.jpeg 1536w, https:\/\/blogsaverroes.juntadeandalucia.es\/sanfelipeneri\/files\/2025\/10\/WhatsApp-Image-2025-10-31-at-12.31.54-e1763062279986.jpeg 1000w\" sizes=\"(max-width: 300px) 100vw, 300px\" \/><\/a><\/div>\n<div class=\"pt-cv-colwrap\"><h4 class=\"pt-cv-title\"><a href=\"https:\/\/blogsaverroes.juntadeandalucia.es\/sanfelipeneri\/halloween-en-el-aula-especifica-y-ptval\/\" class=\"_self\" target=\"_self\" >Halloween en el aula espec\u00edfica y PTVAL<\/a><\/h4><div class=\"pt-cv-content\">Nuestro alumnado del Aula Espec\u00edfica y PTVAL ha celebrado Halloween con ilusi\u00f3n y entusiasmo, disfrutando de una jornada llena de risas, creatividad y diversi\u00f3n. Entre disfraces, manualidades y peque\u00f1as actividades, los estudiantes han compartido momentos especiales que refuerzan la amistad, la colaboraci\u00f3n y el sentido de comunidad que tanto caracteriza ...<br \/><div class=\"pt-cv-rmwrap\"><a href=\"https:\/\/blogsaverroes.juntadeandalucia.es\/sanfelipeneri\/halloween-en-el-aula-especifica-y-ptval\/\" class=\"_self pt-cv-readmore btn btn-success\" target=\"_self\">Leer M\u00e1s<\/a><\/div><\/div><\/div><\/div>\n<div class=\" pt-cv-content-item pt-cv-2-col\" ><div class=\"pt-cv-thumb-wrapper pull-left \"><a href=\"https:\/\/blogsaverroes.juntadeandalucia.es\/sanfelipeneri\/las-aulas-especificas-despiden-el-curso-en-jaen-un-dia-para-disfrutar\/\" class=\"_self pt-cv-href-thumbnail pt-cv-thumb-left\" target=\"_self\" ><img loading=\"lazy\" decoding=\"async\" width=\"300\" height=\"225\" src=\"https:\/\/blogsaverroes.juntadeandalucia.es\/sanfelipeneri\/files\/2025\/06\/WhatsApp-Image-2025-06-13-at-09.50.47-2-300x225.jpeg\" class=\"pt-cv-thumbnail pull-left\" alt=\"\" srcset=\"https:\/\/blogsaverroes.juntadeandalucia.es\/sanfelipeneri\/files\/2025\/06\/WhatsApp-Image-2025-06-13-at-09.50.47-2-300x225.jpeg 300w, https:\/\/blogsaverroes.juntadeandalucia.es\/sanfelipeneri\/files\/2025\/06\/WhatsApp-Image-2025-06-13-at-09.50.47-2-1024x768.jpeg 1024w, https:\/\/blogsaverroes.juntadeandalucia.es\/sanfelipeneri\/files\/2025\/06\/WhatsApp-Image-2025-06-13-at-09.50.47-2-768x576.jpeg 768w, https:\/\/blogsaverroes.juntadeandalucia.es\/sanfelipeneri\/files\/2025\/06\/WhatsApp-Image-2025-06-13-at-09.50.47-2.jpeg 1296w\" sizes=\"(max-width: 300px) 100vw, 300px\" \/><\/a><\/div>\n<div class=\"pt-cv-colwrap\"><h4 class=\"pt-cv-title\"><a href=\"https:\/\/blogsaverroes.juntadeandalucia.es\/sanfelipeneri\/las-aulas-especificas-despiden-el-curso-en-jaen-un-dia-para-disfrutar\/\" class=\"_self\" target=\"_self\" >Las Aulas Espec\u00edficas despiden el curso en Ja\u00e9n: un d\u00eda para disfrutar<\/a><\/h4><div class=\"pt-cv-content\">El final de curso siempre es un momento especial, y nuestras Aulas Espec\u00edficas lo han celebrado por todo lo alto con una jornada repleta de actividades, diversi\u00f3n y buenos momentos en Ja\u00e9n. El alumnado y profesorado visit\u00f3 la Ciudad de los Ni\u00f1os, un espacio pensado para el juego, la creatividad ...<br \/><div class=\"pt-cv-rmwrap\"><a href=\"https:\/\/blogsaverroes.juntadeandalucia.es\/sanfelipeneri\/las-aulas-especificas-despiden-el-curso-en-jaen-un-dia-para-disfrutar\/\" class=\"_self pt-cv-readmore btn btn-success\" target=\"_self\">Leer M\u00e1s<\/a><\/div><\/div><\/div><\/div>\n<div class=\" pt-cv-content-item pt-cv-2-col\" ><div class=\"pt-cv-thumb-wrapper pull-left \"><a href=\"https:\/\/blogsaverroes.juntadeandalucia.es\/sanfelipeneri\/las-aulas-especificas-visitan-hoy-el-zoo-de-cordoba\/\" class=\"_self pt-cv-href-thumbnail pt-cv-thumb-left\" target=\"_self\" ><img loading=\"lazy\" decoding=\"async\" width=\"300\" height=\"225\" src=\"https:\/\/blogsaverroes.juntadeandalucia.es\/sanfelipeneri\/files\/2025\/05\/WhatsApp-Image-2025-05-22-at-16.23.04-1-300x225.jpeg\" class=\"pt-cv-thumbnail pull-left\" alt=\"\" srcset=\"https:\/\/blogsaverroes.juntadeandalucia.es\/sanfelipeneri\/files\/2025\/05\/WhatsApp-Image-2025-05-22-at-16.23.04-1-300x225.jpeg 300w, https:\/\/blogsaverroes.juntadeandalucia.es\/sanfelipeneri\/files\/2025\/05\/WhatsApp-Image-2025-05-22-at-16.23.04-1-1024x768.jpeg 1024w, https:\/\/blogsaverroes.juntadeandalucia.es\/sanfelipeneri\/files\/2025\/05\/WhatsApp-Image-2025-05-22-at-16.23.04-1-768x576.jpeg 768w, https:\/\/blogsaverroes.juntadeandalucia.es\/sanfelipeneri\/files\/2025\/05\/WhatsApp-Image-2025-05-22-at-16.23.04-1-1536x1152.jpeg 1536w, https:\/\/blogsaverroes.juntadeandalucia.es\/sanfelipeneri\/files\/2025\/05\/WhatsApp-Image-2025-05-22-at-16.23.04-1.jpeg 1600w\" sizes=\"(max-width: 300px) 100vw, 300px\" \/><\/a><\/div>\n<div class=\"pt-cv-colwrap\"><h4 class=\"pt-cv-title\"><a href=\"https:\/\/blogsaverroes.juntadeandalucia.es\/sanfelipeneri\/las-aulas-especificas-visitan-hoy-el-zoo-de-cordoba\/\" class=\"_self\" target=\"_self\" >\u00a1Las Aulas Espec\u00edficas visitan hoy el Zoo de C\u00f3rdoba!<\/a><\/h4><div class=\"pt-cv-content\">Hoy, el alumnado de las Aulas Espec\u00edficas del IES San Felipe Neri ha disfrutado de una jornada muy especial con su visita al Zoo de C\u00f3rdoba. Acompa\u00f1ados por su profesorado, han vivido una experiencia \u00fanica llena de descubrimientos, diversi\u00f3n y contacto directo con la naturaleza. Durante el recorrido por el ...<br \/><div class=\"pt-cv-rmwrap\"><a href=\"https:\/\/blogsaverroes.juntadeandalucia.es\/sanfelipeneri\/las-aulas-especificas-visitan-hoy-el-zoo-de-cordoba\/\" class=\"_self pt-cv-readmore btn btn-success\" target=\"_self\">Leer M\u00e1s<\/a><\/div><\/div><\/div><\/div><\/div><\/div>\n<div class=\" pt-cv-pagination-wrapper\"><ul class=\"pt-cv-pagination pt-cv-ajax pagination\" data-totalpages=\"2\" data-currentpage=\"1\" data-sid=\"abc2b46fhq\" data-unid=\"\" data-isblock=\"\" data-postid=\"\"><li class=\"active\"><a href=\"#\">1<\/a><\/li>\n\t<li ><a class=\"\" href=\"https:\/\/blogsaverroes.juntadeandalucia.es\/sanfelipeneri\/wp-json\/wp\/v2\/pages\/1586\/?_page=2\">2<\/a><\/li>\n\t<li ><a class=\" \" href=\"https:\/\/blogsaverroes.juntadeandalucia.es\/sanfelipeneri\/wp-json\/wp\/v2\/pages\/1586\/?_page=2\">&rsaquo;<\/a><\/li>\n\t<\/ul><img loading=\"lazy\" decoding=\"async\" width=\"15\" height=\"15\" class=\"pt-cv-spinner\" alt=\"Cargando...\" src=\"data:image\/gif;base64,R0lGODlhDwAPALMPAMrKygwMDJOTkz09PZWVla+vr3p6euTk5M7OzuXl5TMzMwAAAJmZmWZmZszMzP\/\/\/yH\/C05FVFNDQVBFMi4wAwEAAAAh+QQFCgAPACwAAAAADwAPAAAEQvDJaZaZOIcV8iQK8VRX4iTYoAwZ4iCYoAjZ4RxejhVNoT+mRGP4cyF4Pp0N98sBGIBMEMOotl6YZ3S61Bmbkm4mAgAh+QQFCgAPACwAAAAADQANAAAENPDJSRSZeA418itN8QiK8BiLITVsFiyBBIoYqnoewAD4xPw9iY4XLGYSjkQR4UAUD45DLwIAIfkEBQoADwAsAAAAAA8ACQAABC\/wyVlamTi3nSdgwFNdhEJgTJoNyoB9ISYoQmdjiZPcj7EYCAeCF1gEDo4Dz2eIAAAh+QQFCgAPACwCAAAADQANAAAEM\/DJBxiYeLKdX3IJZT1FU0iIg2RNKx3OkZVnZ98ToRD4MyiDnkAh6BkNC0MvsAj0kMpHBAAh+QQFCgAPACwGAAAACQAPAAAEMDC59KpFDll73HkAA2wVY5KgiK5b0RRoI6MuzG6EQqCDMlSGheEhUAgqgUUAFRySIgAh+QQFCgAPACwCAAIADQANAAAEM\/DJKZNLND\/kkKaHc3xk+QAMYDKsiaqmZCxGVjSFFCxB1vwy2oOgIDxuucxAMTAJFAJNBAAh+QQFCgAPACwAAAYADwAJAAAEMNAs86q1yaWwwv2Ig0jUZx3OYa4XoRAfwADXoAwfo1+CIjyFRuEho60aSNYlOPxEAAAh+QQFCgAPACwAAAIADQANAAAENPA9s4y8+IUVcqaWJ4qEQozSoAzoIyhCK2NFU2SJk0hNnyEOhKR2AzAAj4Pj4GE4W0bkJQIAOw==\" \/><div class=\"clear pt-cv-clear-pagination\"><\/div><\/div><\/div>\t\t\t<style type=\"text\/css\" id=\"pt-cv-inline-style-1a2c7d7wcp\">\n#pt-cv-view-abc2b46fhq .pt-cv-thumb-wrapper:not(.miniwrap) { width: 40%; }#pt-cv-view-abc2b46fhq .pt-cv-thumbnail:not(.pt-cv-thumbnailsm) { height: 300px; }#pt-cv-view-abc2b46fhq > .pt-cv-page {grid-template-columns: repeat(1, 1fr);grid-gap: 15px;}\n@media all and (max-width: 1024px) { \n#pt-cv-view-abc2b46fhq > .pt-cv-page {grid-template-columns: repeat(1, 1fr);}\n} \n@media all and (max-width: 767px) { \n#pt-cv-view-abc2b46fhq > .pt-cv-page {grid-template-columns: repeat(1, 1fr);}\n} <\/style>\r\n\t\t\t<\/li><\/ul><\/div><\/div>\n<p>&nbsp;<\/p>\n","protected":false},"excerpt":{"rendered":"<p>&nbsp;<\/p>\n","protected":false},"author":13459,"featured_media":2078,"parent":0,"menu_order":0,"comment_status":"closed","ping_status":"closed","template":"","meta":{"_exactmetrics_skip_tracking":false,"_exactmetrics_sitenote_active":false,"_exactmetrics_sitenote_note":"","_exactmetrics_sitenote_category":0,"ngg_post_thumbnail":0,"footnotes":""},"aioseo_notices":[],"_links":{"self":[{"href":"https:\/\/blogsaverroes.juntadeandalucia.es\/sanfelipeneri\/wp-json\/wp\/v2\/pages\/1586"}],"collection":[{"href":"https:\/\/blogsaverroes.juntadeandalucia.es\/sanfelipeneri\/wp-json\/wp\/v2\/pages"}],"about":[{"href":"https:\/\/blogsaverroes.juntadeandalucia.es\/sanfelipeneri\/wp-json\/wp\/v2\/types\/page"}],"author":[{"embeddable":true,"href":"https:\/\/blogsaverroes.juntadeandalucia.es\/sanfelipeneri\/wp-json\/wp\/v2\/users\/13459"}],"replies":[{"embeddable":true,"href":"https:\/\/blogsaverroes.juntadeandalucia.es\/sanfelipeneri\/wp-json\/wp\/v2\/comments?post=1586"}],"version-history":[{"count":5,"href":"https:\/\/blogsaverroes.juntadeandalucia.es\/sanfelipeneri\/wp-json\/wp\/v2\/pages\/1586\/revisions"}],"predecessor-version":[{"id":2245,"href":"https:\/\/blogsaverroes.juntadeandalucia.es\/sanfelipeneri\/wp-json\/wp\/v2\/pages\/1586\/revisions\/2245"}],"wp:featuredmedia":[{"embeddable":true,"href":"https:\/\/blogsaverroes.juntadeandalucia.es\/sanfelipeneri\/wp-json\/wp\/v2\/media\/2078"}],"wp:attachment":[{"href":"https:\/\/blogsaverroes.juntadeandalucia.es\/sanfelipeneri\/wp-json\/wp\/v2\/media?parent=1586"}],"curies":[{"name":"wp","href":"https:\/\/api.w.org\/{rel}","templated":true}]}}