{"id":1935,"date":"2024-10-25T16:42:10","date_gmt":"2024-10-25T14:42:10","guid":{"rendered":"https:\/\/blogsaverroes.juntadeandalucia.es\/sanfelipeneri\/?page_id=1935"},"modified":"2025-11-06T08:34:47","modified_gmt":"2025-11-06T07:34:47","slug":"internacionalizacion","status":"publish","type":"page","link":"https:\/\/blogsaverroes.juntadeandalucia.es\/sanfelipeneri\/departamentos\/internacionalizacion\/","title":{"rendered":"Internacionalizaci\u00f3n"},"content":{"rendered":"<p>\u00a1Bienvenidos al Departamento de Internacionalizaci\u00f3n del IES San Felipe Neri!<\/p>\n<p>Nos enorgullece promover una educaci\u00f3n abierta al mundo y contribuir a una formaci\u00f3n globalizada de nuestros estudiantes. A trav\u00e9s de programas como Erasmus+ y el proyecto Ja\u00e9n+ IX, los alumnos\/as tienen la oportunidad de realizar pr\u00e1cticas en empresas y estudiar en diferentes pa\u00edses europeos, lo cual les brinda una perspectiva cultural amplia y una experiencia de inmersi\u00f3n en otros entornos laborales.<\/p>\n<p>Adem\u00e1s, contamos con Aulas Biling\u00fces que facilitan el aprendizaje de idiomas y el intercambio cultural en el centro. Estos recursos y programas buscan potenciar las competencias ling\u00fc\u00edsticas, culturales y profesionales de cada alumno\/a, prepar\u00e1ndolos para los retos de un mundo cada vez m\u00e1s interconectado.<\/p>\n<hr>\n<div class=\"osc-res-tab tabbable   osc-tabs-left\"><div style=\"clear:both;width: 100%;\"><ul class=\"nav osc-res-nav nav-pills osc-tabs-left-ul\" id=\"oscitas-restabs-1-internacionalizacion-97347\"><li class=\"active\"><a href=\"#ert_pane1-0\" data-toggle=\"tab\">Jefatura<\/a><\/li><li class=\"\"><a href=\"#ert_pane1-1\" data-toggle=\"tab\">Documentaci\u00f3n<\/a><\/li><\/ul><\/div><div style=\"clear:both;width: 100%;\"><ul class=\"tab-content\" id=\"oscitas-restabcontent-1-internacionalizacion-97347\"><li class=\"tab-pane active\" id=\"ert_pane1-0\"><table style=\"width: 99.3448%;height: 291px\" border=\"10px solid rgb(255, 255, 255)\">\n<tbody>\n<tr style=\"height: 36px\">\n<td style=\"background-color: #c5cbe3;border: 10px solid #ffffff;width: 50%;height: 50px;text-align: center\"><strong>Quesada Malo de Molina, Mar\u00eda Teresa<\/strong><\/td>\n<td style=\"background-color: #ffffff;border: 10px solid #ffffff;width: 50%;height: 50px\">&nbsp;<\/td>\n<\/tr>\n<tr style=\"height: 24px\">\n<td style=\"background-color: #ffffff;border: 10px solid #ffffff;width: 50%;height: 50px;text-align: center\">\u2709\ufe0f <a href=\"mailto:mquemal842@g.educaand.es\">mquemal842@g.educaand.es<\/a><\/td>\n<td style=\"background-color: #ffffff;border: 10px solid #ffffff;width: 50%;height: 50px;text-align: center\">&nbsp;<\/td>\n<\/tr>\n<\/tbody>\n<\/table><\/li><li class=\"tab-pane \" id=\"ert_pane1-1\"><iframe src=\"https:\/\/drive.google.com\/embeddedfolderview?id=1HIgxE8TpqZKmOc3farCxXdDJknewHvvH#list\"><\/iframe><br \/><\/li><\/ul><\/div><\/div>\n<p>&nbsp;<\/p>\n","protected":false},"excerpt":{"rendered":"<p>\u00a1Bienvenidos al Departamento de Internacionalizaci\u00f3n del IES San Felipe Neri! Nos enorgullece promover una educaci\u00f3n abierta al mundo y contribuir a una formaci\u00f3n globalizada de nuestros estudiantes. A trav\u00e9s de programas como Erasmus+ y&#46;&#46;&#46;<\/p>\n","protected":false},"author":13459,"featured_media":2007,"parent":1407,"menu_order":0,"comment_status":"closed","ping_status":"closed","template":"","meta":{"_exactmetrics_skip_tracking":false,"_exactmetrics_sitenote_active":false,"_exactmetrics_sitenote_note":"","_exactmetrics_sitenote_category":0,"ngg_post_thumbnail":0,"footnotes":""},"aioseo_notices":[],"_links":{"self":[{"href":"https:\/\/blogsaverroes.juntadeandalucia.es\/sanfelipeneri\/wp-json\/wp\/v2\/pages\/1935"}],"collection":[{"href":"https:\/\/blogsaverroes.juntadeandalucia.es\/sanfelipeneri\/wp-json\/wp\/v2\/pages"}],"about":[{"href":"https:\/\/blogsaverroes.juntadeandalucia.es\/sanfelipeneri\/wp-json\/wp\/v2\/types\/page"}],"author":[{"embeddable":true,"href":"https:\/\/blogsaverroes.juntadeandalucia.es\/sanfelipeneri\/wp-json\/wp\/v2\/users\/13459"}],"replies":[{"embeddable":true,"href":"https:\/\/blogsaverroes.juntadeandalucia.es\/sanfelipeneri\/wp-json\/wp\/v2\/comments?post=1935"}],"version-history":[{"count":3,"href":"https:\/\/blogsaverroes.juntadeandalucia.es\/sanfelipeneri\/wp-json\/wp\/v2\/pages\/1935\/revisions"}],"predecessor-version":[{"id":6583,"href":"https:\/\/blogsaverroes.juntadeandalucia.es\/sanfelipeneri\/wp-json\/wp\/v2\/pages\/1935\/revisions\/6583"}],"up":[{"embeddable":true,"href":"https:\/\/blogsaverroes.juntadeandalucia.es\/sanfelipeneri\/wp-json\/wp\/v2\/pages\/1407"}],"wp:featuredmedia":[{"embeddable":true,"href":"https:\/\/blogsaverroes.juntadeandalucia.es\/sanfelipeneri\/wp-json\/wp\/v2\/media\/2007"}],"wp:attachment":[{"href":"https:\/\/blogsaverroes.juntadeandalucia.es\/sanfelipeneri\/wp-json\/wp\/v2\/media?parent=1935"}],"curies":[{"name":"wp","href":"https:\/\/api.w.org\/{rel}","templated":true}]}}