{"id":6698,"date":"2025-11-15T19:20:50","date_gmt":"2025-11-15T18:20:50","guid":{"rendered":"https:\/\/blogsaverroes.juntadeandalucia.es\/sanfelipeneri\/?page_id=6698"},"modified":"2025-11-30T16:38:05","modified_gmt":"2025-11-30T15:38:05","slug":"departamento-de-formacion-evaluacion-e-innovacion-educativa-feie","status":"publish","type":"page","link":"https:\/\/blogsaverroes.juntadeandalucia.es\/sanfelipeneri\/departamentos\/departamento-de-formacion-evaluacion-e-innovacion-educativa-feie\/","title":{"rendered":"Departamento de Formaci\u00f3n, Evaluaci\u00f3n e Innovaci\u00f3n Educativa (FEIE)"},"content":{"rendered":"<hr data-start=\"172\" data-end=\"175\">\n<p data-start=\"295\" data-end=\"691\">Bienvenidos a la p\u00e1gina del Departamento de Formaci\u00f3n, Evaluaci\u00f3n e Innovaci\u00f3n Educativa (FEIE) del IES San Felipe Neri.<br data-start=\"415\" data-end=\"418\">Desde este espacio impulsamos la mejora continua del proceso de ense\u00f1anza-aprendizaje, promoviendo la formaci\u00f3n del profesorado, el an\u00e1lisis y la renovaci\u00f3n de nuestras pr\u00e1cticas docentes, y el desarrollo de proyectos innovadores que contribuyan a una educaci\u00f3n de calidad.<\/p>\n<p data-start=\"693\" data-end=\"914\">Nuestro objetivo es acompa\u00f1ar a toda la comunidad educativa en la transformaci\u00f3n pedag\u00f3gica del centro, favoreciendo metodolog\u00edas activas, una evaluaci\u00f3n formativa y coherente, y el uso eficaz de herramientas digitales.<\/p>\n<hr>\n<div class=\"osc-res-tab tabbable   osc-tabs-left\"><div style=\"clear:both;width: 100%;\"><ul class=\"nav osc-res-nav nav-pills osc-tabs-left-ul\" id=\"oscitas-restabs-1-departamento-de-formacion-evaluacion-e-innovacion-educativa-feie-21595\"><li class=\"active\"><a href=\"#ert_pane1-0\" data-toggle=\"tab\">Jefatura<\/a><\/li><li class=\"\"><a href=\"#ert_pane1-1\" data-toggle=\"tab\">Documentaci\u00f3n<\/a><\/li><\/ul><\/div><div style=\"clear:both;width: 100%;\"><ul class=\"tab-content\" id=\"oscitas-restabcontent-1-departamento-de-formacion-evaluacion-e-innovacion-educativa-feie-21595\"><li class=\"tab-pane active\" id=\"ert_pane1-0\"><table style=\"width: 99.3448%;height: 291px\" border=\"10px solid rgb(255, 255, 255)\">\n<tbody>\n<tr style=\"height: 36px\">\n<td style=\"background-color: #c5cbe3;border: 10px solid #ffffff;width: 50%;height: 50px;text-align: center\"><strong>Anguita Arroyo, Mar\u00eda del Carmen<\/strong><\/td>\n<td style=\"background-color: #ffffff;border: 10px solid #ffffff;width: 50%;height: 50px\">&nbsp;<\/td>\n<\/tr>\n<tr style=\"height: 24px\">\n<td style=\"background-color: #ffffff;border: 10px solid #ffffff;width: 50%;height: 50px;text-align: center\">\u2709\ufe0f <a href=\"mailto:mangarr661@g.educaand.es\">mangarr661@g.educaand.es<\/a><\/td>\n<td style=\"background-color: #ffffff;border: 10px solid #ffffff;width: 50%;height: 50px;text-align: center\">&nbsp;<\/td>\n<\/tr>\n<\/tbody>\n<\/table><\/li><li class=\"tab-pane \" id=\"ert_pane1-1\"><iframe src=\"https:\/\/drive.google.com\/embeddedfolderview?id=1HIgxE8TpqZKmOc3farCxXdDJknewHvvH#list\"><\/iframe><br \/><\/li><\/ul><\/div><\/div>\n<p>&nbsp;<\/p>\n","protected":false},"excerpt":{"rendered":"<p>Bienvenidos a la p\u00e1gina del Departamento de Formaci\u00f3n, Evaluaci\u00f3n e Innovaci\u00f3n Educativa (FEIE) del IES San Felipe Neri.Desde este espacio impulsamos la mejora continua del proceso de ense\u00f1anza-aprendizaje, promoviendo la formaci\u00f3n del profesorado, el&#46;&#46;&#46;<\/p>\n","protected":false},"author":13459,"featured_media":6699,"parent":1407,"menu_order":0,"comment_status":"closed","ping_status":"closed","template":"","meta":{"_exactmetrics_skip_tracking":false,"_exactmetrics_sitenote_active":false,"_exactmetrics_sitenote_note":"","_exactmetrics_sitenote_category":0,"ngg_post_thumbnail":0,"footnotes":""},"aioseo_notices":[],"_links":{"self":[{"href":"https:\/\/blogsaverroes.juntadeandalucia.es\/sanfelipeneri\/wp-json\/wp\/v2\/pages\/6698"}],"collection":[{"href":"https:\/\/blogsaverroes.juntadeandalucia.es\/sanfelipeneri\/wp-json\/wp\/v2\/pages"}],"about":[{"href":"https:\/\/blogsaverroes.juntadeandalucia.es\/sanfelipeneri\/wp-json\/wp\/v2\/types\/page"}],"author":[{"embeddable":true,"href":"https:\/\/blogsaverroes.juntadeandalucia.es\/sanfelipeneri\/wp-json\/wp\/v2\/users\/13459"}],"replies":[{"embeddable":true,"href":"https:\/\/blogsaverroes.juntadeandalucia.es\/sanfelipeneri\/wp-json\/wp\/v2\/comments?post=6698"}],"version-history":[{"count":3,"href":"https:\/\/blogsaverroes.juntadeandalucia.es\/sanfelipeneri\/wp-json\/wp\/v2\/pages\/6698\/revisions"}],"predecessor-version":[{"id":7001,"href":"https:\/\/blogsaverroes.juntadeandalucia.es\/sanfelipeneri\/wp-json\/wp\/v2\/pages\/6698\/revisions\/7001"}],"up":[{"embeddable":true,"href":"https:\/\/blogsaverroes.juntadeandalucia.es\/sanfelipeneri\/wp-json\/wp\/v2\/pages\/1407"}],"wp:featuredmedia":[{"embeddable":true,"href":"https:\/\/blogsaverroes.juntadeandalucia.es\/sanfelipeneri\/wp-json\/wp\/v2\/media\/6699"}],"wp:attachment":[{"href":"https:\/\/blogsaverroes.juntadeandalucia.es\/sanfelipeneri\/wp-json\/wp\/v2\/media?parent=6698"}],"curies":[{"name":"wp","href":"https:\/\/api.w.org\/{rel}","templated":true}]}}