{"id":195,"date":"2019-03-23T07:17:22","date_gmt":"2019-03-23T07:17:22","guid":{"rendered":"https:\/\/blogsaverroes.juntadeandalucia.es\/sanjosedecalasanz\/?page_id=195"},"modified":"2023-08-21T11:37:19","modified_gmt":"2023-08-21T11:37:19","slug":"eventos","status":"publish","type":"page","link":"https:\/\/blogsaverroes.juntadeandalucia.es\/sanjosedecalasanz\/eventos\/","title":{"rendered":"L. EVENTOS."},"content":{"rendered":"<p>LIPDUB FIN DE CURSO 20-21.<\/p>\n<p><a href=\"https:\/\/www.youtube.com\/watch?v=n8sHanQhkXM\">https:\/\/www.youtube.com\/watch?v=n8sHanQhkXM<\/a><\/p>\n<p>&nbsp;<\/p>\n<p>GRADUACI\u00d3N SEXTO 20-21.<\/p>\n<p><iframe loading=\"lazy\" title=\"VI\u0301DEO DESPEDIDA 6\u00ba A\" width=\"840\" height=\"473\" src=\"https:\/\/www.youtube.com\/embed\/nyeJfr_RtzY?feature=oembed\" frameborder=\"0\" allow=\"accelerometer; autoplay; clipboard-write; encrypted-media; gyroscope; picture-in-picture; web-share\" referrerpolicy=\"strict-origin-when-cross-origin\" allowfullscreen><\/iframe><\/p>\n<p><iframe loading=\"lazy\" title=\"V\u00eddeo graduaci\u00f3n 6\u00baB\" width=\"840\" height=\"473\" src=\"https:\/\/www.youtube.com\/embed\/9BuMY1DjOQ4?feature=oembed\" frameborder=\"0\" allow=\"accelerometer; autoplay; clipboard-write; encrypted-media; gyroscope; picture-in-picture; web-share\" referrerpolicy=\"strict-origin-when-cross-origin\" allowfullscreen><\/iframe><\/p>\n<p>&nbsp;<\/p>\n<p>SEMANA DE LA POES\u00cdA.<\/p>\n<div style=\"width: 640px;\" class=\"wp-video\"><!--[if lt IE 9]><script>document.createElement('video');<\/script><![endif]-->\n<video class=\"wp-video-shortcode\" id=\"video-195-1\" width=\"640\" height=\"352\" preload=\"metadata\" controls=\"controls\"><source type=\"video\/mp4\" src=\"https:\/\/blogsaverroes.juntadeandalucia.es\/sanjosedecalasanz\/files\/2021\/04\/WhatsApp-Video-2021-03-29-at-20.56.34.mp4?_=1\" \/><a href=\"https:\/\/blogsaverroes.juntadeandalucia.es\/sanjosedecalasanz\/files\/2021\/04\/WhatsApp-Video-2021-03-29-at-20.56.34.mp4\">https:\/\/blogsaverroes.juntadeandalucia.es\/sanjosedecalasanz\/files\/2021\/04\/WhatsApp-Video-2021-03-29-at-20.56.34.mp4<\/a><\/video><\/div>\n<p>&nbsp;<\/p>\n<p>PLAN DE LECTURA Y BIBLIOTECA.<\/p>\n<p><img loading=\"lazy\" decoding=\"async\" class=\"alignnone size-medium wp-image-217\" src=\"https:\/\/blogsaverroes.juntadeandalucia.es\/sanjosedecalasanz\/files\/2019\/03\/IMG-20190213-WA0019-300x225.jpg\" alt=\"\" width=\"300\" height=\"225\" srcset=\"https:\/\/blogsaverroes.juntadeandalucia.es\/sanjosedecalasanz\/files\/2019\/03\/IMG-20190213-WA0019-300x225.jpg 300w, https:\/\/blogsaverroes.juntadeandalucia.es\/sanjosedecalasanz\/files\/2019\/03\/IMG-20190213-WA0019-768x576.jpg 768w, https:\/\/blogsaverroes.juntadeandalucia.es\/sanjosedecalasanz\/files\/2019\/03\/IMG-20190213-WA0019-1024x768.jpg 1024w, https:\/\/blogsaverroes.juntadeandalucia.es\/sanjosedecalasanz\/files\/2019\/03\/IMG-20190213-WA0019-24x18.jpg 24w, https:\/\/blogsaverroes.juntadeandalucia.es\/sanjosedecalasanz\/files\/2019\/03\/IMG-20190213-WA0019-36x27.jpg 36w, https:\/\/blogsaverroes.juntadeandalucia.es\/sanjosedecalasanz\/files\/2019\/03\/IMG-20190213-WA0019-48x36.jpg 48w, https:\/\/blogsaverroes.juntadeandalucia.es\/sanjosedecalasanz\/files\/2019\/03\/IMG-20190213-WA0019.jpg 1600w\" sizes=\"(max-width: 300px) 85vw, 300px\" \/> <img loading=\"lazy\" decoding=\"async\" class=\"alignnone size-medium wp-image-218\" src=\"https:\/\/blogsaverroes.juntadeandalucia.es\/sanjosedecalasanz\/files\/2019\/03\/IMG-20190213-WA0022-300x225.jpg\" alt=\"\" width=\"300\" height=\"225\" srcset=\"https:\/\/blogsaverroes.juntadeandalucia.es\/sanjosedecalasanz\/files\/2019\/03\/IMG-20190213-WA0022-300x225.jpg 300w, https:\/\/blogsaverroes.juntadeandalucia.es\/sanjosedecalasanz\/files\/2019\/03\/IMG-20190213-WA0022-768x576.jpg 768w, https:\/\/blogsaverroes.juntadeandalucia.es\/sanjosedecalasanz\/files\/2019\/03\/IMG-20190213-WA0022-1024x768.jpg 1024w, https:\/\/blogsaverroes.juntadeandalucia.es\/sanjosedecalasanz\/files\/2019\/03\/IMG-20190213-WA0022-24x18.jpg 24w, https:\/\/blogsaverroes.juntadeandalucia.es\/sanjosedecalasanz\/files\/2019\/03\/IMG-20190213-WA0022-36x27.jpg 36w, https:\/\/blogsaverroes.juntadeandalucia.es\/sanjosedecalasanz\/files\/2019\/03\/IMG-20190213-WA0022-48x36.jpg 48w, https:\/\/blogsaverroes.juntadeandalucia.es\/sanjosedecalasanz\/files\/2019\/03\/IMG-20190213-WA0022.jpg 1600w\" sizes=\"(max-width: 300px) 85vw, 300px\" \/> <img loading=\"lazy\" decoding=\"async\" class=\"alignnone size-medium wp-image-219\" src=\"https:\/\/blogsaverroes.juntadeandalucia.es\/sanjosedecalasanz\/files\/2019\/03\/IMG-20190213-WA0024-300x225.jpg\" alt=\"\" width=\"300\" height=\"225\" srcset=\"https:\/\/blogsaverroes.juntadeandalucia.es\/sanjosedecalasanz\/files\/2019\/03\/IMG-20190213-WA0024-300x225.jpg 300w, https:\/\/blogsaverroes.juntadeandalucia.es\/sanjosedecalasanz\/files\/2019\/03\/IMG-20190213-WA0024-768x576.jpg 768w, https:\/\/blogsaverroes.juntadeandalucia.es\/sanjosedecalasanz\/files\/2019\/03\/IMG-20190213-WA0024-1024x768.jpg 1024w, https:\/\/blogsaverroes.juntadeandalucia.es\/sanjosedecalasanz\/files\/2019\/03\/IMG-20190213-WA0024-24x18.jpg 24w, https:\/\/blogsaverroes.juntadeandalucia.es\/sanjosedecalasanz\/files\/2019\/03\/IMG-20190213-WA0024-36x27.jpg 36w, https:\/\/blogsaverroes.juntadeandalucia.es\/sanjosedecalasanz\/files\/2019\/03\/IMG-20190213-WA0024-48x36.jpg 48w, https:\/\/blogsaverroes.juntadeandalucia.es\/sanjosedecalasanz\/files\/2019\/03\/IMG-20190213-WA0024.jpg 1600w\" sizes=\"(max-width: 300px) 85vw, 300px\" \/> <img loading=\"lazy\" decoding=\"async\" class=\"alignnone size-medium wp-image-220\" src=\"https:\/\/blogsaverroes.juntadeandalucia.es\/sanjosedecalasanz\/files\/2019\/03\/IMG-20190213-WA0025-300x225.jpg\" alt=\"\" width=\"300\" height=\"225\" srcset=\"https:\/\/blogsaverroes.juntadeandalucia.es\/sanjosedecalasanz\/files\/2019\/03\/IMG-20190213-WA0025-300x225.jpg 300w, https:\/\/blogsaverroes.juntadeandalucia.es\/sanjosedecalasanz\/files\/2019\/03\/IMG-20190213-WA0025-768x576.jpg 768w, https:\/\/blogsaverroes.juntadeandalucia.es\/sanjosedecalasanz\/files\/2019\/03\/IMG-20190213-WA0025-1024x768.jpg 1024w, https:\/\/blogsaverroes.juntadeandalucia.es\/sanjosedecalasanz\/files\/2019\/03\/IMG-20190213-WA0025-24x18.jpg 24w, https:\/\/blogsaverroes.juntadeandalucia.es\/sanjosedecalasanz\/files\/2019\/03\/IMG-20190213-WA0025-36x27.jpg 36w, https:\/\/blogsaverroes.juntadeandalucia.es\/sanjosedecalasanz\/files\/2019\/03\/IMG-20190213-WA0025-48x36.jpg 48w, https:\/\/blogsaverroes.juntadeandalucia.es\/sanjosedecalasanz\/files\/2019\/03\/IMG-20190213-WA0025.jpg 1600w\" sizes=\"(max-width: 300px) 85vw, 300px\" \/><\/p>\n<p>HALLOWEEN.<\/p>\n<p><img loading=\"lazy\" decoding=\"async\" class=\"alignnone size-medium wp-image-292\" src=\"https:\/\/blogsaverroes.juntadeandalucia.es\/sanjosedecalasanz\/files\/2019\/03\/IMG-20181031-WA0035-300x225.jpg\" alt=\"\" width=\"300\" height=\"225\" srcset=\"https:\/\/blogsaverroes.juntadeandalucia.es\/sanjosedecalasanz\/files\/2019\/03\/IMG-20181031-WA0035-300x225.jpg 300w, https:\/\/blogsaverroes.juntadeandalucia.es\/sanjosedecalasanz\/files\/2019\/03\/IMG-20181031-WA0035-768x576.jpg 768w, https:\/\/blogsaverroes.juntadeandalucia.es\/sanjosedecalasanz\/files\/2019\/03\/IMG-20181031-WA0035-1024x768.jpg 1024w, https:\/\/blogsaverroes.juntadeandalucia.es\/sanjosedecalasanz\/files\/2019\/03\/IMG-20181031-WA0035-24x18.jpg 24w, https:\/\/blogsaverroes.juntadeandalucia.es\/sanjosedecalasanz\/files\/2019\/03\/IMG-20181031-WA0035-36x27.jpg 36w, https:\/\/blogsaverroes.juntadeandalucia.es\/sanjosedecalasanz\/files\/2019\/03\/IMG-20181031-WA0035-48x36.jpg 48w, https:\/\/blogsaverroes.juntadeandalucia.es\/sanjosedecalasanz\/files\/2019\/03\/IMG-20181031-WA0035.jpg 1599w\" sizes=\"(max-width: 300px) 85vw, 300px\" \/> <img loading=\"lazy\" decoding=\"async\" class=\"alignnone size-medium wp-image-293\" src=\"https:\/\/blogsaverroes.juntadeandalucia.es\/sanjosedecalasanz\/files\/2019\/03\/IMG-20181031-WA0040-300x225.jpg\" alt=\"\" width=\"300\" height=\"225\" srcset=\"https:\/\/blogsaverroes.juntadeandalucia.es\/sanjosedecalasanz\/files\/2019\/03\/IMG-20181031-WA0040-300x225.jpg 300w, https:\/\/blogsaverroes.juntadeandalucia.es\/sanjosedecalasanz\/files\/2019\/03\/IMG-20181031-WA0040-768x576.jpg 768w, https:\/\/blogsaverroes.juntadeandalucia.es\/sanjosedecalasanz\/files\/2019\/03\/IMG-20181031-WA0040-1024x768.jpg 1024w, https:\/\/blogsaverroes.juntadeandalucia.es\/sanjosedecalasanz\/files\/2019\/03\/IMG-20181031-WA0040-24x18.jpg 24w, https:\/\/blogsaverroes.juntadeandalucia.es\/sanjosedecalasanz\/files\/2019\/03\/IMG-20181031-WA0040-36x27.jpg 36w, https:\/\/blogsaverroes.juntadeandalucia.es\/sanjosedecalasanz\/files\/2019\/03\/IMG-20181031-WA0040-48x36.jpg 48w, https:\/\/blogsaverroes.juntadeandalucia.es\/sanjosedecalasanz\/files\/2019\/03\/IMG-20181031-WA0040.jpg 1599w\" sizes=\"(max-width: 300px) 85vw, 300px\" \/><\/p>\n<p>D\u00cdA DE ANDALUC\u00cdA.<\/p>\n<div style=\"width: 640px;\" class=\"wp-video\"><video class=\"wp-video-shortcode\" id=\"video-195-2\" width=\"640\" height=\"352\" preload=\"metadata\" controls=\"controls\"><source type=\"video\/mp4\" src=\"https:\/\/blogsaverroes.juntadeandalucia.es\/sanjosedecalasanz\/files\/2019\/03\/VID-20190227-WA0037.mp4?_=2\" \/><a href=\"https:\/\/blogsaverroes.juntadeandalucia.es\/sanjosedecalasanz\/files\/2019\/03\/VID-20190227-WA0037.mp4\">https:\/\/blogsaverroes.juntadeandalucia.es\/sanjosedecalasanz\/files\/2019\/03\/VID-20190227-WA0037.mp4<\/a><\/video><\/div>\n<p><img loading=\"lazy\" decoding=\"async\" class=\"alignnone size-medium wp-image-205\" src=\"https:\/\/blogsaverroes.juntadeandalucia.es\/sanjosedecalasanz\/files\/2019\/03\/IMG_20190227_120526498-300x225.jpg\" alt=\"\" width=\"300\" height=\"225\" srcset=\"https:\/\/blogsaverroes.juntadeandalucia.es\/sanjosedecalasanz\/files\/2019\/03\/IMG_20190227_120526498-300x225.jpg 300w, https:\/\/blogsaverroes.juntadeandalucia.es\/sanjosedecalasanz\/files\/2019\/03\/IMG_20190227_120526498-768x576.jpg 768w, https:\/\/blogsaverroes.juntadeandalucia.es\/sanjosedecalasanz\/files\/2019\/03\/IMG_20190227_120526498-1024x768.jpg 1024w, https:\/\/blogsaverroes.juntadeandalucia.es\/sanjosedecalasanz\/files\/2019\/03\/IMG_20190227_120526498-24x18.jpg 24w, https:\/\/blogsaverroes.juntadeandalucia.es\/sanjosedecalasanz\/files\/2019\/03\/IMG_20190227_120526498-36x27.jpg 36w, https:\/\/blogsaverroes.juntadeandalucia.es\/sanjosedecalasanz\/files\/2019\/03\/IMG_20190227_120526498-48x36.jpg 48w, https:\/\/blogsaverroes.juntadeandalucia.es\/sanjosedecalasanz\/files\/2019\/03\/IMG_20190227_120526498.jpg 1600w\" sizes=\"(max-width: 300px) 85vw, 300px\" \/> <img loading=\"lazy\" decoding=\"async\" class=\"alignnone size-medium wp-image-206\" src=\"https:\/\/blogsaverroes.juntadeandalucia.es\/sanjosedecalasanz\/files\/2019\/03\/IMG_20190227_123419722-300x225.jpg\" alt=\"\" width=\"300\" height=\"225\" srcset=\"https:\/\/blogsaverroes.juntadeandalucia.es\/sanjosedecalasanz\/files\/2019\/03\/IMG_20190227_123419722-300x225.jpg 300w, https:\/\/blogsaverroes.juntadeandalucia.es\/sanjosedecalasanz\/files\/2019\/03\/IMG_20190227_123419722-768x576.jpg 768w, https:\/\/blogsaverroes.juntadeandalucia.es\/sanjosedecalasanz\/files\/2019\/03\/IMG_20190227_123419722-1024x768.jpg 1024w, https:\/\/blogsaverroes.juntadeandalucia.es\/sanjosedecalasanz\/files\/2019\/03\/IMG_20190227_123419722-24x18.jpg 24w, https:\/\/blogsaverroes.juntadeandalucia.es\/sanjosedecalasanz\/files\/2019\/03\/IMG_20190227_123419722-36x27.jpg 36w, https:\/\/blogsaverroes.juntadeandalucia.es\/sanjosedecalasanz\/files\/2019\/03\/IMG_20190227_123419722-48x36.jpg 48w, https:\/\/blogsaverroes.juntadeandalucia.es\/sanjosedecalasanz\/files\/2019\/03\/IMG_20190227_123419722.jpg 1600w\" sizes=\"(max-width: 300px) 85vw, 300px\" \/> <img loading=\"lazy\" decoding=\"async\" class=\"alignnone size-medium wp-image-208\" src=\"https:\/\/blogsaverroes.juntadeandalucia.es\/sanjosedecalasanz\/files\/2019\/03\/IMG_20190227_124922319-1-300x225.jpg\" alt=\"\" width=\"300\" height=\"225\" srcset=\"https:\/\/blogsaverroes.juntadeandalucia.es\/sanjosedecalasanz\/files\/2019\/03\/IMG_20190227_124922319-1-300x225.jpg 300w, https:\/\/blogsaverroes.juntadeandalucia.es\/sanjosedecalasanz\/files\/2019\/03\/IMG_20190227_124922319-1-768x576.jpg 768w, https:\/\/blogsaverroes.juntadeandalucia.es\/sanjosedecalasanz\/files\/2019\/03\/IMG_20190227_124922319-1-1024x768.jpg 1024w, https:\/\/blogsaverroes.juntadeandalucia.es\/sanjosedecalasanz\/files\/2019\/03\/IMG_20190227_124922319-1-24x18.jpg 24w, https:\/\/blogsaverroes.juntadeandalucia.es\/sanjosedecalasanz\/files\/2019\/03\/IMG_20190227_124922319-1-36x27.jpg 36w, https:\/\/blogsaverroes.juntadeandalucia.es\/sanjosedecalasanz\/files\/2019\/03\/IMG_20190227_124922319-1-48x36.jpg 48w, https:\/\/blogsaverroes.juntadeandalucia.es\/sanjosedecalasanz\/files\/2019\/03\/IMG_20190227_124922319-1.jpg 1600w\" sizes=\"(max-width: 300px) 85vw, 300px\" \/><\/p>\n<div style=\"width: 840px;\" class=\"wp-video\"><video class=\"wp-video-shortcode\" id=\"video-195-3\" width=\"840\" height=\"473\" preload=\"metadata\" controls=\"controls\"><source type=\"video\/mp4\" src=\"https:\/\/blogsaverroes.juntadeandalucia.es\/sanjosedecalasanz\/files\/2019\/03\/VID_20190227_120710172.mp4?_=3\" \/><a href=\"https:\/\/blogsaverroes.juntadeandalucia.es\/sanjosedecalasanz\/files\/2019\/03\/VID_20190227_120710172.mp4\">https:\/\/blogsaverroes.juntadeandalucia.es\/sanjosedecalasanz\/files\/2019\/03\/VID_20190227_120710172.mp4<\/a><\/video><\/div>\n<p>D\u00cdA DE LA MUJER TRABAJADORA.<\/p>\n<p><img loading=\"lazy\" decoding=\"async\" class=\"alignnone size-medium wp-image-203\" src=\"https:\/\/blogsaverroes.juntadeandalucia.es\/sanjosedecalasanz\/files\/2019\/03\/IMG_20190307_112235269-300x225.jpg\" alt=\"\" width=\"300\" height=\"225\" srcset=\"https:\/\/blogsaverroes.juntadeandalucia.es\/sanjosedecalasanz\/files\/2019\/03\/IMG_20190307_112235269-300x225.jpg 300w, https:\/\/blogsaverroes.juntadeandalucia.es\/sanjosedecalasanz\/files\/2019\/03\/IMG_20190307_112235269-768x576.jpg 768w, https:\/\/blogsaverroes.juntadeandalucia.es\/sanjosedecalasanz\/files\/2019\/03\/IMG_20190307_112235269-1024x768.jpg 1024w, https:\/\/blogsaverroes.juntadeandalucia.es\/sanjosedecalasanz\/files\/2019\/03\/IMG_20190307_112235269-24x18.jpg 24w, https:\/\/blogsaverroes.juntadeandalucia.es\/sanjosedecalasanz\/files\/2019\/03\/IMG_20190307_112235269-36x27.jpg 36w, https:\/\/blogsaverroes.juntadeandalucia.es\/sanjosedecalasanz\/files\/2019\/03\/IMG_20190307_112235269-48x36.jpg 48w, https:\/\/blogsaverroes.juntadeandalucia.es\/sanjosedecalasanz\/files\/2019\/03\/IMG_20190307_112235269.jpg 1600w\" sizes=\"(max-width: 300px) 85vw, 300px\" \/><\/p>\n<p>CARNAVAL.<\/p>\n<p><img loading=\"lazy\" decoding=\"async\" class=\"alignnone size-medium wp-image-198\" src=\"https:\/\/blogsaverroes.juntadeandalucia.es\/sanjosedecalasanz\/files\/2019\/03\/IMG-20190311-WA0015-300x225.jpg\" alt=\"\" width=\"300\" height=\"225\" srcset=\"https:\/\/blogsaverroes.juntadeandalucia.es\/sanjosedecalasanz\/files\/2019\/03\/IMG-20190311-WA0015-300x225.jpg 300w, https:\/\/blogsaverroes.juntadeandalucia.es\/sanjosedecalasanz\/files\/2019\/03\/IMG-20190311-WA0015-768x576.jpg 768w, https:\/\/blogsaverroes.juntadeandalucia.es\/sanjosedecalasanz\/files\/2019\/03\/IMG-20190311-WA0015-1024x768.jpg 1024w, https:\/\/blogsaverroes.juntadeandalucia.es\/sanjosedecalasanz\/files\/2019\/03\/IMG-20190311-WA0015-24x18.jpg 24w, https:\/\/blogsaverroes.juntadeandalucia.es\/sanjosedecalasanz\/files\/2019\/03\/IMG-20190311-WA0015-36x27.jpg 36w, https:\/\/blogsaverroes.juntadeandalucia.es\/sanjosedecalasanz\/files\/2019\/03\/IMG-20190311-WA0015-48x36.jpg 48w, https:\/\/blogsaverroes.juntadeandalucia.es\/sanjosedecalasanz\/files\/2019\/03\/IMG-20190311-WA0015.jpg 1599w\" sizes=\"(max-width: 300px) 85vw, 300px\" \/> <img loading=\"lazy\" decoding=\"async\" class=\"alignnone size-medium wp-image-199\" src=\"https:\/\/blogsaverroes.juntadeandalucia.es\/sanjosedecalasanz\/files\/2019\/03\/IMG-20190311-WA0047-300x225.jpg\" alt=\"\" width=\"300\" height=\"225\" srcset=\"https:\/\/blogsaverroes.juntadeandalucia.es\/sanjosedecalasanz\/files\/2019\/03\/IMG-20190311-WA0047-300x225.jpg 300w, https:\/\/blogsaverroes.juntadeandalucia.es\/sanjosedecalasanz\/files\/2019\/03\/IMG-20190311-WA0047-768x576.jpg 768w, https:\/\/blogsaverroes.juntadeandalucia.es\/sanjosedecalasanz\/files\/2019\/03\/IMG-20190311-WA0047-1024x768.jpg 1024w, https:\/\/blogsaverroes.juntadeandalucia.es\/sanjosedecalasanz\/files\/2019\/03\/IMG-20190311-WA0047-24x18.jpg 24w, https:\/\/blogsaverroes.juntadeandalucia.es\/sanjosedecalasanz\/files\/2019\/03\/IMG-20190311-WA0047-36x27.jpg 36w, https:\/\/blogsaverroes.juntadeandalucia.es\/sanjosedecalasanz\/files\/2019\/03\/IMG-20190311-WA0047-48x36.jpg 48w, https:\/\/blogsaverroes.juntadeandalucia.es\/sanjosedecalasanz\/files\/2019\/03\/IMG-20190311-WA0047.jpg 1599w\" sizes=\"(max-width: 300px) 85vw, 300px\" \/> <img loading=\"lazy\" decoding=\"async\" class=\"alignnone size-medium wp-image-200\" src=\"https:\/\/blogsaverroes.juntadeandalucia.es\/sanjosedecalasanz\/files\/2019\/03\/IMG-20190311-WA0050-300x225.jpg\" alt=\"\" width=\"300\" height=\"225\" srcset=\"https:\/\/blogsaverroes.juntadeandalucia.es\/sanjosedecalasanz\/files\/2019\/03\/IMG-20190311-WA0050-300x225.jpg 300w, https:\/\/blogsaverroes.juntadeandalucia.es\/sanjosedecalasanz\/files\/2019\/03\/IMG-20190311-WA0050-768x576.jpg 768w, https:\/\/blogsaverroes.juntadeandalucia.es\/sanjosedecalasanz\/files\/2019\/03\/IMG-20190311-WA0050-1024x768.jpg 1024w, https:\/\/blogsaverroes.juntadeandalucia.es\/sanjosedecalasanz\/files\/2019\/03\/IMG-20190311-WA0050-24x18.jpg 24w, https:\/\/blogsaverroes.juntadeandalucia.es\/sanjosedecalasanz\/files\/2019\/03\/IMG-20190311-WA0050-36x27.jpg 36w, https:\/\/blogsaverroes.juntadeandalucia.es\/sanjosedecalasanz\/files\/2019\/03\/IMG-20190311-WA0050-48x36.jpg 48w, https:\/\/blogsaverroes.juntadeandalucia.es\/sanjosedecalasanz\/files\/2019\/03\/IMG-20190311-WA0050.jpg 1599w\" sizes=\"(max-width: 300px) 85vw, 300px\" \/> <img loading=\"lazy\" decoding=\"async\" class=\"alignnone size-medium wp-image-201\" src=\"https:\/\/blogsaverroes.juntadeandalucia.es\/sanjosedecalasanz\/files\/2019\/03\/IMG-20190311-WA0060-300x225.jpg\" alt=\"\" width=\"300\" height=\"225\" srcset=\"https:\/\/blogsaverroes.juntadeandalucia.es\/sanjosedecalasanz\/files\/2019\/03\/IMG-20190311-WA0060-300x225.jpg 300w, https:\/\/blogsaverroes.juntadeandalucia.es\/sanjosedecalasanz\/files\/2019\/03\/IMG-20190311-WA0060-768x576.jpg 768w, https:\/\/blogsaverroes.juntadeandalucia.es\/sanjosedecalasanz\/files\/2019\/03\/IMG-20190311-WA0060-1024x768.jpg 1024w, https:\/\/blogsaverroes.juntadeandalucia.es\/sanjosedecalasanz\/files\/2019\/03\/IMG-20190311-WA0060-24x18.jpg 24w, https:\/\/blogsaverroes.juntadeandalucia.es\/sanjosedecalasanz\/files\/2019\/03\/IMG-20190311-WA0060-36x27.jpg 36w, https:\/\/blogsaverroes.juntadeandalucia.es\/sanjosedecalasanz\/files\/2019\/03\/IMG-20190311-WA0060-48x36.jpg 48w, https:\/\/blogsaverroes.juntadeandalucia.es\/sanjosedecalasanz\/files\/2019\/03\/IMG-20190311-WA0060.jpg 1599w\" sizes=\"(max-width: 300px) 85vw, 300px\" \/> <img loading=\"lazy\" decoding=\"async\" class=\"alignnone size-medium wp-image-202\" src=\"https:\/\/blogsaverroes.juntadeandalucia.es\/sanjosedecalasanz\/files\/2019\/03\/IMG-20190311-WA0068-300x225.jpg\" alt=\"\" width=\"300\" height=\"225\" srcset=\"https:\/\/blogsaverroes.juntadeandalucia.es\/sanjosedecalasanz\/files\/2019\/03\/IMG-20190311-WA0068-300x225.jpg 300w, https:\/\/blogsaverroes.juntadeandalucia.es\/sanjosedecalasanz\/files\/2019\/03\/IMG-20190311-WA0068-768x576.jpg 768w, https:\/\/blogsaverroes.juntadeandalucia.es\/sanjosedecalasanz\/files\/2019\/03\/IMG-20190311-WA0068-1024x768.jpg 1024w, https:\/\/blogsaverroes.juntadeandalucia.es\/sanjosedecalasanz\/files\/2019\/03\/IMG-20190311-WA0068-24x18.jpg 24w, https:\/\/blogsaverroes.juntadeandalucia.es\/sanjosedecalasanz\/files\/2019\/03\/IMG-20190311-WA0068-36x27.jpg 36w, https:\/\/blogsaverroes.juntadeandalucia.es\/sanjosedecalasanz\/files\/2019\/03\/IMG-20190311-WA0068-48x36.jpg 48w, https:\/\/blogsaverroes.juntadeandalucia.es\/sanjosedecalasanz\/files\/2019\/03\/IMG-20190311-WA0068.jpg 1599w\" sizes=\"(max-width: 300px) 85vw, 300px\" \/><\/p>\n<div style=\"width: 840px;\" class=\"wp-video\"><video class=\"wp-video-shortcode\" id=\"video-195-4\" width=\"840\" height=\"473\" preload=\"metadata\" controls=\"controls\"><source type=\"video\/mp4\" src=\"https:\/\/blogsaverroes.juntadeandalucia.es\/sanjosedecalasanz\/files\/2019\/03\/Video_20190308162227253_by_videomaker.mp4?_=4\" \/><a href=\"https:\/\/blogsaverroes.juntadeandalucia.es\/sanjosedecalasanz\/files\/2019\/03\/Video_20190308162227253_by_videomaker.mp4\">https:\/\/blogsaverroes.juntadeandalucia.es\/sanjosedecalasanz\/files\/2019\/03\/Video_20190308162227253_by_videomaker.mp4<\/a><\/video><\/div>\n","protected":false},"excerpt":{"rendered":"<p>LIPDUB FIN DE CURSO 20-21. https:\/\/www.youtube.com\/watch?v=n8sHanQhkXM &nbsp; GRADUACI\u00d3N SEXTO 20-21. &nbsp; SEMANA DE LA POES\u00cdA. &nbsp; PLAN DE LECTURA Y BIBLIOTECA. HALLOWEEN. D\u00cdA DE ANDALUC\u00cdA. D\u00cdA DE LA MUJER TRABAJADORA. CARNAVAL.<\/p>\n","protected":false},"author":6715,"featured_media":0,"parent":0,"menu_order":0,"comment_status":"closed","ping_status":"closed","template":"","meta":{"ngg_post_thumbnail":0,"footnotes":""},"aioseo_notices":[],"_links":{"self":[{"href":"https:\/\/blogsaverroes.juntadeandalucia.es\/sanjosedecalasanz\/wp-json\/wp\/v2\/pages\/195"}],"collection":[{"href":"https:\/\/blogsaverroes.juntadeandalucia.es\/sanjosedecalasanz\/wp-json\/wp\/v2\/pages"}],"about":[{"href":"https:\/\/blogsaverroes.juntadeandalucia.es\/sanjosedecalasanz\/wp-json\/wp\/v2\/types\/page"}],"author":[{"embeddable":true,"href":"https:\/\/blogsaverroes.juntadeandalucia.es\/sanjosedecalasanz\/wp-json\/wp\/v2\/users\/6715"}],"replies":[{"embeddable":true,"href":"https:\/\/blogsaverroes.juntadeandalucia.es\/sanjosedecalasanz\/wp-json\/wp\/v2\/comments?post=195"}],"version-history":[{"count":10,"href":"https:\/\/blogsaverroes.juntadeandalucia.es\/sanjosedecalasanz\/wp-json\/wp\/v2\/pages\/195\/revisions"}],"predecessor-version":[{"id":948,"href":"https:\/\/blogsaverroes.juntadeandalucia.es\/sanjosedecalasanz\/wp-json\/wp\/v2\/pages\/195\/revisions\/948"}],"wp:attachment":[{"href":"https:\/\/blogsaverroes.juntadeandalucia.es\/sanjosedecalasanz\/wp-json\/wp\/v2\/media?parent=195"}],"curies":[{"name":"wp","href":"https:\/\/api.w.org\/{rel}","templated":true}]}}