{"id":789,"date":"2020-11-18T09:18:41","date_gmt":"2020-11-18T09:18:41","guid":{"rendered":"https:\/\/blogsaverroes.juntadeandalucia.es\/sanjosedecalasanz\/?page_id=789"},"modified":"2020-11-18T09:19:36","modified_gmt":"2020-11-18T09:19:36","slug":"plan-digital","status":"publish","type":"page","link":"https:\/\/blogsaverroes.juntadeandalucia.es\/sanjosedecalasanz\/plan-digital\/","title":{"rendered":"W. PLAN DIGITAL."},"content":{"rendered":"<p><a href=\"https:\/\/blogsaverroes.juntadeandalucia.es\/sanjosedecalasanz\/files\/2020\/11\/plan-digital.pdf\">plan digital<\/a><\/p>\n<p>Como consecuencia del Plan digital el centro adopta las siguientes medidas:<\/p>\n<ul>\n<li>Formaci\u00f3n para conocer y desarrollar la plataforma Moodle por parte del profesorado y cuaderno S\u00e9neca.<\/li>\n<li>Creaci\u00f3n de un cuaderno digital con registro de las actuaciones del coordinador TIC.<\/li>\n<li>Potenciaci\u00f3n del cuaderno S\u00e9neca.<\/li>\n<li>Potenciaci\u00f3n de las comunicaciones entre docentes y entre docentes-familias a trav\u00e9s de Pasen.<\/li>\n<li>Fomento del uso de la pizarra digital en clase.<\/li>\n<li>Creaci\u00f3n de una biblioteca virtual en la p\u00e1gina web del centro.<\/li>\n<li>Realizaci\u00f3n de una encuesta a las familias sobre los recursos digitales de los que disponen.<\/li>\n<\/ul>\n","protected":false},"excerpt":{"rendered":"<p>plan digital Como consecuencia del Plan digital el centro adopta las siguientes medidas: Formaci\u00f3n para conocer y desarrollar la plataforma Moodle por parte del profesorado y cuaderno S\u00e9neca. Creaci\u00f3n de un cuaderno digital con registro de las actuaciones del coordinador TIC. Potenciaci\u00f3n del cuaderno S\u00e9neca. Potenciaci\u00f3n de las comunicaciones entre docentes y entre docentes-familias a &hellip; <a href=\"https:\/\/blogsaverroes.juntadeandalucia.es\/sanjosedecalasanz\/plan-digital\/\" class=\"more-link\">Continuar leyendo<span class=\"screen-reader-text\"> \u00abW. PLAN DIGITAL.\u00bb<\/span><\/a><\/p>\n","protected":false},"author":6715,"featured_media":0,"parent":0,"menu_order":0,"comment_status":"closed","ping_status":"closed","template":"","meta":{"ngg_post_thumbnail":0,"footnotes":""},"aioseo_notices":[],"_links":{"self":[{"href":"https:\/\/blogsaverroes.juntadeandalucia.es\/sanjosedecalasanz\/wp-json\/wp\/v2\/pages\/789"}],"collection":[{"href":"https:\/\/blogsaverroes.juntadeandalucia.es\/sanjosedecalasanz\/wp-json\/wp\/v2\/pages"}],"about":[{"href":"https:\/\/blogsaverroes.juntadeandalucia.es\/sanjosedecalasanz\/wp-json\/wp\/v2\/types\/page"}],"author":[{"embeddable":true,"href":"https:\/\/blogsaverroes.juntadeandalucia.es\/sanjosedecalasanz\/wp-json\/wp\/v2\/users\/6715"}],"replies":[{"embeddable":true,"href":"https:\/\/blogsaverroes.juntadeandalucia.es\/sanjosedecalasanz\/wp-json\/wp\/v2\/comments?post=789"}],"version-history":[{"count":2,"href":"https:\/\/blogsaverroes.juntadeandalucia.es\/sanjosedecalasanz\/wp-json\/wp\/v2\/pages\/789\/revisions"}],"predecessor-version":[{"id":792,"href":"https:\/\/blogsaverroes.juntadeandalucia.es\/sanjosedecalasanz\/wp-json\/wp\/v2\/pages\/789\/revisions\/792"}],"wp:attachment":[{"href":"https:\/\/blogsaverroes.juntadeandalucia.es\/sanjosedecalasanz\/wp-json\/wp\/v2\/media?parent=789"}],"curies":[{"name":"wp","href":"https:\/\/api.w.org\/{rel}","templated":true}]}}