{"id":196,"date":"2024-10-20T13:35:43","date_gmt":"2024-10-20T11:35:43","guid":{"rendered":"https:\/\/blogsaverroes.juntadeandalucia.es\/sanjosemontilla\/?page_id=196"},"modified":"2026-04-23T12:42:54","modified_gmt":"2026-04-23T10:42:54","slug":"igualdad","status":"publish","type":"page","link":"https:\/\/blogsaverroes.juntadeandalucia.es\/sanjosemontilla\/igualdad\/","title":{"rendered":"Igualdad"},"content":{"rendered":"\t\t<div data-elementor-type=\"wp-page\" data-elementor-id=\"196\" class=\"elementor elementor-196\">\n\t\t\t\t<div class=\"elementor-element elementor-element-ccb4259 e-flex e-con-boxed elementor-invisible e-con e-parent\" data-id=\"ccb4259\" data-element_type=\"container\" data-settings=\"{&quot;background_background&quot;:&quot;classic&quot;,&quot;animation&quot;:&quot;fadeInDown&quot;}\">\n\t\t\t\t\t<div class=\"e-con-inner\">\n\t\t\t\t<div class=\"elementor-element elementor-element-4f603a1 elementor-position-left elementor-vertical-align-top elementor-widget elementor-widget-image-box\" data-id=\"4f603a1\" data-element_type=\"widget\" data-settings=\"{&quot;_animation&quot;:&quot;none&quot;}\" data-widget_type=\"image-box.default\">\n\t\t\t\t<div class=\"elementor-widget-container\">\n\t\t\t\t\t<div class=\"elementor-image-box-wrapper\"><figure class=\"elementor-image-box-img\"><img decoding=\"async\" width=\"180\" height=\"148\" src=\"https:\/\/blogsaverroes.juntadeandalucia.es\/sanjosemontilla\/files\/2024\/10\/igualdad.png\" class=\"attachment-full size-full wp-image-197\" alt=\"\" \/><\/figure><div class=\"elementor-image-box-content\"><h3 class=\"elementor-image-box-title\">Plan de Igualdad<\/h3><p class=\"elementor-image-box-description\">El Plan de Igualdad de G\u00e9nero de nuestro cole pretende establecer un clima de convivencia en el que los valores del respeto, la no discriminaci\u00f3n y la superaci\u00f3n de los prejuicios sexistas ayuden al desarrollo integral de los\/as ni\u00f1os\/as.<\/p><\/div><\/div>\t\t\t\t<\/div>\n\t\t\t\t<\/div>\n\t\t\t\t<div class=\"elementor-element elementor-element-a95344c elementor-widget elementor-widget-image\" data-id=\"a95344c\" data-element_type=\"widget\" data-widget_type=\"image.default\">\n\t\t\t\t<div class=\"elementor-widget-container\">\n\t\t\t\t\t\t\t\t\t\t\t\t\t\t\t<img decoding=\"async\" src=\"https:\/\/blogsaverroes.juntadeandalucia.es\/sanjosemontilla\/files\/2024\/10\/logopactoestado.png\" title=\"logopactoestado\" alt=\"logopactoestado\" loading=\"lazy\" \/>\t\t\t\t\t\t\t\t\t\t\t\t\t\t\t<\/div>\n\t\t\t\t<\/div>\n\t\t\t\t\t<\/div>\n\t\t\t\t<\/div>\n\t\t<div class=\"elementor-element elementor-element-1fc52f5 e-flex e-con-boxed e-con e-parent\" data-id=\"1fc52f5\" data-element_type=\"container\">\n\t\t\t\t\t<div class=\"e-con-inner\">\n\t\t\t\t<div class=\"elementor-element elementor-element-f2aaf36 elementor-widget elementor-widget-heading\" data-id=\"f2aaf36\" data-element_type=\"widget\" data-widget_type=\"heading.default\">\n\t\t\t\t<div class=\"elementor-widget-container\">\n\t\t\t\t\t<h2 class=\"elementor-heading-title elementor-size-default\">DESTACADO<\/h2>\t\t\t\t<\/div>\n\t\t\t\t<\/div>\n\t\t\t\t\t<\/div>\n\t\t\t\t<\/div>\n\t\t<div class=\"elementor-element elementor-element-9d72e16 e-flex e-con-boxed e-con e-parent\" data-id=\"9d72e16\" data-element_type=\"container\">\n\t\t\t\t\t<div class=\"e-con-inner\">\n\t\t\t\t<div class=\"elementor-element elementor-element-9cd4056 elementor-widget-divider--view-line elementor-widget elementor-widget-divider\" data-id=\"9cd4056\" data-element_type=\"widget\" data-widget_type=\"divider.default\">\n\t\t\t\t<div class=\"elementor-widget-container\">\n\t\t\t\t\t\t\t<div class=\"elementor-divider\">\n\t\t\t<span class=\"elementor-divider-separator\">\n\t\t\t\t\t\t<\/span>\n\t\t<\/div>\n\t\t\t\t\t\t<\/div>\n\t\t\t\t<\/div>\n\t\t\t\t\t<\/div>\n\t\t\t\t<\/div>\n\t\t<div class=\"elementor-element elementor-element-c21ef62 e-flex e-con-boxed e-con e-parent\" data-id=\"c21ef62\" data-element_type=\"container\">\n\t\t\t\t\t<div class=\"e-con-inner\">\n\t\t\t\t<div class=\"elementor-element elementor-element-d40ef38 elementor-widget elementor-widget-text-editor\" data-id=\"d40ef38\" data-element_type=\"widget\" data-widget_type=\"text-editor.default\">\n\t\t\t\t<div class=\"elementor-widget-container\">\n\t\t\t\t\t\t\t\t\t<p style=\"text-align: center\"><strong><span id=\"taller\" style=\"font-size: 14pt\">UNA CIENT\u00cdFICA EN EL COLE<br \/><\/span><\/strong><\/p><p style=\"text-align: justify\"><img decoding=\"async\" class=\"size-medium wp-image-3071 alignleft\" src=\"https:\/\/blogsaverroes.juntadeandalucia.es\/sanjosemontilla\/files\/2026\/04\/taller_cientifica-300x147.png\" alt=\"\" width=\"300\" height=\"147\" srcset=\"https:\/\/blogsaverroes.juntadeandalucia.es\/sanjosemontilla\/files\/2026\/04\/taller_cientifica-300x147.png 300w, https:\/\/blogsaverroes.juntadeandalucia.es\/sanjosemontilla\/files\/2026\/04\/taller_cientifica-768x376.png 768w, https:\/\/blogsaverroes.juntadeandalucia.es\/sanjosemontilla\/files\/2026\/04\/taller_cientifica.png 916w\" sizes=\"(max-width: 300px) 100vw, 300px\" \/>El jueves 16 de abril llevamos a cabo un taller de conductividad con quinto y sexto de Educ Primaria, dentro del programa \u201cUna cient\u00edfica en tu cole andaluz\u201d en colaboraci\u00f3n con la Universidad de C\u00f3rdoba.<\/p><p>Las fotos, <a href=\"https:\/\/blogsaverroes.juntadeandalucia.es\/sanjosemontilla\/files\/2026\/04\/taller_cientifica.mp4\" target=\"_blank\" rel=\"noopener\">AQU\u00cd.<\/a><\/p><p style=\"text-align: center\">\u00a0<\/p>\t\t\t\t\t\t\t\t<\/div>\n\t\t\t\t<\/div>\n\t\t\t\t\t<\/div>\n\t\t\t\t<\/div>\n\t\t<div class=\"elementor-element elementor-element-53e1184 e-flex e-con-boxed e-con e-parent\" data-id=\"53e1184\" data-element_type=\"container\">\n\t\t\t\t\t<div class=\"e-con-inner\">\n\t\t\t\t<div class=\"elementor-element elementor-element-3a3bfc4 elementor-widget-divider--view-line elementor-widget elementor-widget-divider\" data-id=\"3a3bfc4\" data-element_type=\"widget\" data-widget_type=\"divider.default\">\n\t\t\t\t<div class=\"elementor-widget-container\">\n\t\t\t\t\t\t\t<div class=\"elementor-divider\">\n\t\t\t<span class=\"elementor-divider-separator\">\n\t\t\t\t\t\t<\/span>\n\t\t<\/div>\n\t\t\t\t\t\t<\/div>\n\t\t\t\t<\/div>\n\t\t\t\t\t<\/div>\n\t\t\t\t<\/div>\n\t\t<div class=\"elementor-element elementor-element-1021311 e-flex e-con-boxed e-con e-parent\" data-id=\"1021311\" data-element_type=\"container\">\n\t\t\t\t\t<div class=\"e-con-inner\">\n\t\t\t\t<div class=\"elementor-element elementor-element-4afa341 elementor-widget elementor-widget-text-editor\" data-id=\"4afa341\" data-element_type=\"widget\" data-widget_type=\"text-editor.default\">\n\t\t\t\t<div class=\"elementor-widget-container\">\n\t\t\t\t\t\t\t\t\t<p style=\"text-align: center\"><strong><span id=\"taller\" style=\"font-size: 14pt\">TALLERES MUJER<\/span><\/strong><\/p><p style=\"text-align: justify\"><img fetchpriority=\"high\" decoding=\"async\" class=\"size-medium wp-image-2995 alignleft\" src=\"https:\/\/blogsaverroes.juntadeandalucia.es\/sanjosemontilla\/files\/2026\/03\/talleres_mujer-300x171.png\" alt=\"\" width=\"300\" height=\"171\" srcset=\"https:\/\/blogsaverroes.juntadeandalucia.es\/sanjosemontilla\/files\/2026\/03\/talleres_mujer-300x171.png 300w, https:\/\/blogsaverroes.juntadeandalucia.es\/sanjosemontilla\/files\/2026\/03\/talleres_mujer.png 730w\" sizes=\"(max-width: 300px) 100vw, 300px\" \/>El alumnado de nuestro centro ha participado en varios talleres en colaboraci\u00f3n con el \u00c1rea de la Mujer del Ayuntamiento de Montilla.<br \/>&#8211; 3\u00ba y 4\u00ba: Creando nuestro mundo en igualdad.<br \/>&#8211; \u2060Infantil 5 a\u00f1os: Rompiendo estereotipos.<\/p><p>Las fotos, <a href=\"https:\/\/blogsaverroes.juntadeandalucia.es\/sanjosemontilla\/files\/2026\/03\/talleres_mujer.mp4\" target=\"_blank\" rel=\"noopener\">AQU\u00cd.<\/a><\/p><p style=\"text-align: center\">\u00a0<\/p>\t\t\t\t\t\t\t\t<\/div>\n\t\t\t\t<\/div>\n\t\t\t\t\t<\/div>\n\t\t\t\t<\/div>\n\t\t<div class=\"elementor-element elementor-element-7c46769 e-flex e-con-boxed e-con e-parent\" data-id=\"7c46769\" data-element_type=\"container\">\n\t\t\t\t\t<div class=\"e-con-inner\">\n\t\t\t\t<div class=\"elementor-element elementor-element-499df15 elementor-widget-divider--view-line elementor-widget elementor-widget-divider\" data-id=\"499df15\" data-element_type=\"widget\" data-widget_type=\"divider.default\">\n\t\t\t\t<div class=\"elementor-widget-container\">\n\t\t\t\t\t\t\t<div class=\"elementor-divider\">\n\t\t\t<span class=\"elementor-divider-separator\">\n\t\t\t\t\t\t<\/span>\n\t\t<\/div>\n\t\t\t\t\t\t<\/div>\n\t\t\t\t<\/div>\n\t\t\t\t\t<\/div>\n\t\t\t\t<\/div>\n\t\t<div class=\"elementor-element elementor-element-834fa13 e-flex e-con-boxed e-con e-parent\" data-id=\"834fa13\" data-element_type=\"container\">\n\t\t\t\t\t<div class=\"e-con-inner\">\n\t\t\t\t<div class=\"elementor-element elementor-element-a07e28a elementor-widget elementor-widget-text-editor\" data-id=\"a07e28a\" data-element_type=\"widget\" data-widget_type=\"text-editor.default\">\n\t\t\t\t<div class=\"elementor-widget-container\">\n\t\t\t\t\t\t\t\t\t<p style=\"text-align: center\"><strong><span id=\"relatos\" style=\"font-size: 14pt\">CONCURSO DE DIBUJO Y RELATOS CORTOS<\/span><\/strong><\/p>\n<p style=\"text-align: justify\"><img loading=\"lazy\" decoding=\"async\" class=\"size-medium wp-image-2941 alignleft\" src=\"https:\/\/blogsaverroes.juntadeandalucia.es\/sanjosemontilla\/files\/2026\/03\/dibujos_relatos-300x157.png\" alt=\"\" width=\"300\" height=\"157\" srcset=\"https:\/\/blogsaverroes.juntadeandalucia.es\/sanjosemontilla\/files\/2026\/03\/dibujos_relatos-300x157.png 300w, https:\/\/blogsaverroes.juntadeandalucia.es\/sanjosemontilla\/files\/2026\/03\/dibujos_relatos.png 649w\" sizes=\"(max-width: 300px) 100vw, 300px\" \/>Nuestro alumnado de 1\u00ba y 2\u00ba de Educaci\u00f3n Primaria han participado en el XI Concurso de Dibujos y Relatos Cortos \u201cBuenos tratos en Igualdad\u201d organizado por la Diputaci\u00f3n de C\u00f3rdoba.<\/p>\nEstos son sus <a href=\"https:\/\/blogsaverroes.juntadeandalucia.es\/sanjosemontilla\/files\/2026\/03\/dibujos_relatos_igualdad.mp4\" target=\"_blank\" rel=\"noopener\">TRABAJOS<\/a>.\n<p style=\"text-align: center\"><\/p>\t\t\t\t\t\t\t\t<\/div>\n\t\t\t\t<\/div>\n\t\t\t\t\t<\/div>\n\t\t\t\t<\/div>\n\t\t<div class=\"elementor-element elementor-element-fa2cad7 e-flex e-con-boxed e-con e-parent\" data-id=\"fa2cad7\" data-element_type=\"container\">\n\t\t\t\t\t<div class=\"e-con-inner\">\n\t\t\t\t<div class=\"elementor-element elementor-element-a9d2c9d elementor-widget-divider--view-line elementor-widget elementor-widget-divider\" data-id=\"a9d2c9d\" data-element_type=\"widget\" data-widget_type=\"divider.default\">\n\t\t\t\t<div class=\"elementor-widget-container\">\n\t\t\t\t\t\t\t<div class=\"elementor-divider\">\n\t\t\t<span class=\"elementor-divider-separator\">\n\t\t\t\t\t\t<\/span>\n\t\t<\/div>\n\t\t\t\t\t\t<\/div>\n\t\t\t\t<\/div>\n\t\t\t\t\t<\/div>\n\t\t\t\t<\/div>\n\t\t<div class=\"elementor-element elementor-element-e651c17 e-flex e-con-boxed e-con e-parent\" data-id=\"e651c17\" data-element_type=\"container\" data-settings=\"{&quot;background_background&quot;:&quot;classic&quot;}\">\n\t\t\t\t\t<div class=\"e-con-inner\">\n\t\t\t\t<div class=\"elementor-element elementor-element-e2562ce elementor-widget elementor-widget-text-editor\" data-id=\"e2562ce\" data-element_type=\"widget\" data-widget_type=\"text-editor.default\">\n\t\t\t\t<div class=\"elementor-widget-container\">\n\t\t\t\t\t\t\t\t\t<p style=\"text-align: center\"><strong><span id=\"mujerciencia\" style=\"font-size: 14pt\">D\u00cdA\u00a0 DE LAS MUJERES <br \/><\/span><\/strong><\/p><p style=\"text-align: justify\"><a href=\"https:\/\/blogsaverroes.juntadeandalucia.es\/sanjosemontilla\/files\/2026\/03\/mujer.mp4\" target=\"_blank\" rel=\"noopener\"><img loading=\"lazy\" decoding=\"async\" class=\"size-medium wp-image-2846 aligncenter\" src=\"https:\/\/blogsaverroes.juntadeandalucia.es\/sanjosemontilla\/files\/2026\/03\/mujer-300x171.png\" alt=\"\" width=\"300\" height=\"171\" srcset=\"https:\/\/blogsaverroes.juntadeandalucia.es\/sanjosemontilla\/files\/2026\/03\/mujer-300x171.png 300w, https:\/\/blogsaverroes.juntadeandalucia.es\/sanjosemontilla\/files\/2026\/03\/mujer-768x439.png 768w, https:\/\/blogsaverroes.juntadeandalucia.es\/sanjosemontilla\/files\/2026\/03\/mujer.png 816w\" sizes=\"(max-width: 300px) 100vw, 300px\" \/><\/a><\/p>\t\t\t\t\t\t\t\t<\/div>\n\t\t\t\t<\/div>\n\t\t\t\t\t<\/div>\n\t\t\t\t<\/div>\n\t\t<div class=\"elementor-element elementor-element-6734856 e-flex e-con-boxed e-con e-parent\" data-id=\"6734856\" data-element_type=\"container\">\n\t\t\t\t\t<div class=\"e-con-inner\">\n\t\t\t\t<div class=\"elementor-element elementor-element-5d18a5c elementor-widget-divider--view-line elementor-widget elementor-widget-divider\" data-id=\"5d18a5c\" data-element_type=\"widget\" data-widget_type=\"divider.default\">\n\t\t\t\t<div class=\"elementor-widget-container\">\n\t\t\t\t\t\t\t<div class=\"elementor-divider\">\n\t\t\t<span class=\"elementor-divider-separator\">\n\t\t\t\t\t\t<\/span>\n\t\t<\/div>\n\t\t\t\t\t\t<\/div>\n\t\t\t\t<\/div>\n\t\t\t\t\t<\/div>\n\t\t\t\t<\/div>\n\t\t<div class=\"elementor-element elementor-element-9472ed5 e-flex e-con-boxed e-con e-parent\" data-id=\"9472ed5\" data-element_type=\"container\" data-settings=\"{&quot;background_background&quot;:&quot;classic&quot;}\">\n\t\t\t\t\t<div class=\"e-con-inner\">\n\t\t\t\t<div class=\"elementor-element elementor-element-b6d0b06 elementor-widget elementor-widget-text-editor\" data-id=\"b6d0b06\" data-element_type=\"widget\" data-widget_type=\"text-editor.default\">\n\t\t\t\t<div class=\"elementor-widget-container\">\n\t\t\t\t\t\t\t\t\t<p style=\"text-align: center\"><strong><span id=\"mujerciencia\" style=\"font-size: 14pt\">D\u00cdA INTERNACIONAL DE LA MUJER Y LA NI\u00d1A EN LA CIENCIA<br \/><\/span><\/strong><\/p><p style=\"text-align: justify\"><img loading=\"lazy\" decoding=\"async\" class=\"size-medium wp-image-2619 alignleft\" src=\"https:\/\/blogsaverroes.juntadeandalucia.es\/sanjosemontilla\/files\/2026\/02\/mujer_ciencia-300x204.png\" alt=\"\" width=\"300\" height=\"204\" srcset=\"https:\/\/blogsaverroes.juntadeandalucia.es\/sanjosemontilla\/files\/2026\/02\/mujer_ciencia-300x204.png 300w, https:\/\/blogsaverroes.juntadeandalucia.es\/sanjosemontilla\/files\/2026\/02\/mujer_ciencia.png 500w\" sizes=\"(max-width: 300px) 100vw, 300px\" \/>La celebraci\u00f3n de este d\u00eda ha estado marcada por un conjunto de actividades de concienciaci\u00f3n propuestas por el Plan de Igualdad que desarrollamos en el cole y que hemos realizado en los d\u00edas previos a esta efem\u00e9rides. Se han visionado v\u00eddeos y realizado debates, murales, dibujos y talleres relacionados con la Igualdad.<\/p><p style=\"text-align: center\">Las fotos, <a href=\"https:\/\/blogsaverroes.juntadeandalucia.es\/sanjosemontilla\/files\/2026\/02\/mujer_ciencia.mp4\" target=\"_blank\" rel=\"noopener\">AQU\u00cd.<\/a><\/p>\t\t\t\t\t\t\t\t<\/div>\n\t\t\t\t<\/div>\n\t\t\t\t\t<\/div>\n\t\t\t\t<\/div>\n\t\t<div class=\"elementor-element elementor-element-1b41dbd e-flex e-con-boxed e-con e-parent\" data-id=\"1b41dbd\" data-element_type=\"container\">\n\t\t\t\t\t<div class=\"e-con-inner\">\n\t\t\t\t<div class=\"elementor-element elementor-element-9d11d62 elementor-widget-divider--view-line elementor-widget elementor-widget-divider\" data-id=\"9d11d62\" data-element_type=\"widget\" data-widget_type=\"divider.default\">\n\t\t\t\t<div class=\"elementor-widget-container\">\n\t\t\t\t\t\t\t<div class=\"elementor-divider\">\n\t\t\t<span class=\"elementor-divider-separator\">\n\t\t\t\t\t\t<\/span>\n\t\t<\/div>\n\t\t\t\t\t\t<\/div>\n\t\t\t\t<\/div>\n\t\t\t\t\t<\/div>\n\t\t\t\t<\/div>\n\t\t<div class=\"elementor-element elementor-element-b794b35 e-flex e-con-boxed e-con e-parent\" data-id=\"b794b35\" data-element_type=\"container\" data-settings=\"{&quot;background_background&quot;:&quot;classic&quot;}\">\n\t\t\t\t\t<div class=\"e-con-inner\">\n\t\t\t\t<div class=\"elementor-element elementor-element-c269770 elementor-widget elementor-widget-text-editor\" data-id=\"c269770\" data-element_type=\"widget\" data-widget_type=\"text-editor.default\">\n\t\t\t\t<div class=\"elementor-widget-container\">\n\t\t\t\t\t\t\t\t\t<p style=\"text-align: center\"><strong><span id=\"juguete\" style=\"font-size: 14pt\">JUGUETES NO SEXISTAS Y NO VIOLENTOS<\/span><\/strong><\/p>\n<p style=\"text-align: justify\"><img loading=\"lazy\" decoding=\"async\" class=\"size-medium wp-image-2448 alignleft\" src=\"https:\/\/blogsaverroes.juntadeandalucia.es\/sanjosemontilla\/files\/2025\/12\/taller_juguete-300x220.png\" alt=\"\" width=\"300\" height=\"220\" srcset=\"https:\/\/blogsaverroes.juntadeandalucia.es\/sanjosemontilla\/files\/2025\/12\/taller_juguete-300x220.png 300w, https:\/\/blogsaverroes.juntadeandalucia.es\/sanjosemontilla\/files\/2025\/12\/taller_juguete.png 634w\" sizes=\"(max-width: 300px) 100vw, 300px\" \/>Los alumnos y alumnas de Infantil 5 A\u00f1os han participado en este taller teatralizado enmarcado dentro de la campa\u00f1a \u00abJuego y Juguete No Sexistas y No Violentos\u00bb, en colaboraci\u00f3n con el \u00e1rea de la mujer del ayuntamiento de Montilla.<\/p>\n<p style=\"text-align: center\">Las fotos, <a href=\"https:\/\/blogsaverroes.juntadeandalucia.es\/sanjosemontilla\/files\/2025\/12\/taller_juguete.mp4\" target=\"_blank\" rel=\"noopener\">AQU\u00cd.<\/a><\/p>\t\t\t\t\t\t\t\t<\/div>\n\t\t\t\t<\/div>\n\t\t\t\t\t<\/div>\n\t\t\t\t<\/div>\n\t\t<div class=\"elementor-element elementor-element-31087ab e-flex e-con-boxed e-con e-parent\" data-id=\"31087ab\" data-element_type=\"container\">\n\t\t\t\t\t<div class=\"e-con-inner\">\n\t\t\t\t<div class=\"elementor-element elementor-element-82cd3f8 elementor-widget-divider--view-line elementor-widget elementor-widget-divider\" data-id=\"82cd3f8\" data-element_type=\"widget\" data-widget_type=\"divider.default\">\n\t\t\t\t<div class=\"elementor-widget-container\">\n\t\t\t\t\t\t\t<div class=\"elementor-divider\">\n\t\t\t<span class=\"elementor-divider-separator\">\n\t\t\t\t\t\t<\/span>\n\t\t<\/div>\n\t\t\t\t\t\t<\/div>\n\t\t\t\t<\/div>\n\t\t\t\t\t<\/div>\n\t\t\t\t<\/div>\n\t\t<div class=\"elementor-element elementor-element-6363472 e-flex e-con-boxed e-con e-parent\" data-id=\"6363472\" data-element_type=\"container\" data-settings=\"{&quot;background_background&quot;:&quot;classic&quot;}\">\n\t\t\t\t\t<div class=\"e-con-inner\">\n\t\t\t\t<div class=\"elementor-element elementor-element-c3c6dc9 elementor-widget elementor-widget-text-editor\" data-id=\"c3c6dc9\" data-element_type=\"widget\" data-widget_type=\"text-editor.default\">\n\t\t\t\t<div class=\"elementor-widget-container\">\n\t\t\t\t\t\t\t\t\t<p style=\"text-align: center\"><strong><span id=\"25n\" style=\"font-size: 14pt\">D\u00cdA CONTRA VIOLENCIA DE G\u00c9NERO\n<\/span><\/strong><\/p>\n<img loading=\"lazy\" decoding=\"async\" class=\"size-medium wp-image-591 aligncenter\" src=\"https:\/\/blogsaverroes.juntadeandalucia.es\/sanjosemontilla\/files\/2024\/12\/igualdad-300x150.png\" alt=\"\" width=\"300\" height=\"150\" srcset=\"https:\/\/blogsaverroes.juntadeandalucia.es\/sanjosemontilla\/files\/2024\/12\/igualdad-300x150.png 300w, https:\/\/blogsaverroes.juntadeandalucia.es\/sanjosemontilla\/files\/2024\/12\/igualdad-768x384.png 768w, https:\/\/blogsaverroes.juntadeandalucia.es\/sanjosemontilla\/files\/2024\/12\/igualdad.png 829w\" sizes=\"(max-width: 300px) 100vw, 300px\" \/>En torno a esta fecha hemos tenido varias jornadas con actividades encaminadas a la lucha contra la violencia de g\u00e9nero fomentando los buenos tratos y el rechazo de conductas contrarias a la convivencia pac\u00edfica e igualitaria que han culminado con un lazo gigante y un mural con el lema: <strong>Caminamos Contra la Violencia de G\u00e9nero<\/strong>\n<p style=\"text-align: center\">Las fotos,\u00a0<a href=\"https:\/\/blogsaverroes.juntadeandalucia.es\/sanjosemontilla\/files\/2025\/12\/25N.mp4\" target=\"_blank\" rel=\"noopener\">AQU\u00cd<\/a>.<\/p>\t\t\t\t\t\t\t\t<\/div>\n\t\t\t\t<\/div>\n\t\t\t\t\t<\/div>\n\t\t\t\t<\/div>\n\t\t<div class=\"elementor-element elementor-element-01958d1 e-flex e-con-boxed e-con e-parent\" data-id=\"01958d1\" data-element_type=\"container\">\n\t\t\t\t\t<div class=\"e-con-inner\">\n\t\t\t\t<div class=\"elementor-element elementor-element-9382fe3 elementor-widget-divider--view-line elementor-widget elementor-widget-divider\" data-id=\"9382fe3\" data-element_type=\"widget\" data-widget_type=\"divider.default\">\n\t\t\t\t<div class=\"elementor-widget-container\">\n\t\t\t\t\t\t\t<div class=\"elementor-divider\">\n\t\t\t<span class=\"elementor-divider-separator\">\n\t\t\t\t\t\t<\/span>\n\t\t<\/div>\n\t\t\t\t\t\t<\/div>\n\t\t\t\t<\/div>\n\t\t\t\t\t<\/div>\n\t\t\t\t<\/div>\n\t\t<div class=\"elementor-element elementor-element-54673f5 e-flex e-con-boxed e-con e-parent\" data-id=\"54673f5\" data-element_type=\"container\" data-settings=\"{&quot;background_background&quot;:&quot;classic&quot;}\">\n\t\t\t\t\t<div class=\"e-con-inner\">\n\t\t\t\t<div class=\"elementor-element elementor-element-3547655 elementor-widget elementor-widget-text-editor\" data-id=\"3547655\" data-element_type=\"widget\" data-widget_type=\"text-editor.default\">\n\t\t\t\t<div class=\"elementor-widget-container\">\n\t\t\t\t\t\t\t\t\t<p style=\"text-align: center\"><strong><span id=\"rural\" style=\"font-size: 14pt\">D\u00cdA DE LA MUJER RURAL<\/span><\/strong><\/p>\n\n<div align=\"justify\">El 15 de octubre hemos celebrado en nuestro centro el <img loading=\"lazy\" decoding=\"async\" class=\" wp-image-169 alignleft\" src=\"https:\/\/blogsaverroes.juntadeandalucia.es\/sanjosemontilla\/files\/2024\/10\/mujer_rural-240x300.jpeg\" alt=\"\" width=\"149\" height=\"186\" srcset=\"https:\/\/blogsaverroes.juntadeandalucia.es\/sanjosemontilla\/files\/2024\/10\/mujer_rural-240x300.jpeg 240w, https:\/\/blogsaverroes.juntadeandalucia.es\/sanjosemontilla\/files\/2024\/10\/mujer_rural.jpeg 250w\" sizes=\"(max-width: 149px) 100vw, 149px\" \/>D\u00eda Internacional de las Mujeres Rurales y desde el Plan de Igualdad hemos llevado a cabo varias actividades como exposici\u00f3n fotogr\u00e1fica, cuento \u201cRatona de campo y Ratona de ciudad\u201d, lectura comprensiva y ficha pl\u00e1stica conmemorativa.<\/div>\n<div style=\"text-align: center\" align=\"justify\">Las fotos, <a href=\"https:\/\/blogsaverroes.juntadeandalucia.es\/sanjosemontilla\/files\/2025\/10\/mujer_rural.mp4\" target=\"_blank\" rel=\"noopener\">AQU\u00cd<\/a>.<\/div>\t\t\t\t\t\t\t\t<\/div>\n\t\t\t\t<\/div>\n\t\t\t\t\t<\/div>\n\t\t\t\t<\/div>\n\t\t\t\t<\/div>\n\t\t","protected":false},"excerpt":{"rendered":"<p>Plan de Igualdad El Plan de Igualdad de G\u00e9nero de nuestro cole pretende establecer un clima de convivencia en el que los valores del respeto, la no discriminaci\u00f3n y la superaci\u00f3n de los prejuicios sexistas ayuden al desarrollo integral de los\/as ni\u00f1os\/as. DESTACADO UNA CIENT\u00cdFICA EN EL COLE El jueves 16 de abril llevamos a [&hellip;]<\/p>\n","protected":false},"author":19787,"featured_media":0,"parent":0,"menu_order":0,"comment_status":"closed","ping_status":"closed","template":"","meta":{"ngg_post_thumbnail":0,"footnotes":""},"aioseo_notices":[],"_links":{"self":[{"href":"https:\/\/blogsaverroes.juntadeandalucia.es\/sanjosemontilla\/wp-json\/wp\/v2\/pages\/196"}],"collection":[{"href":"https:\/\/blogsaverroes.juntadeandalucia.es\/sanjosemontilla\/wp-json\/wp\/v2\/pages"}],"about":[{"href":"https:\/\/blogsaverroes.juntadeandalucia.es\/sanjosemontilla\/wp-json\/wp\/v2\/types\/page"}],"author":[{"embeddable":true,"href":"https:\/\/blogsaverroes.juntadeandalucia.es\/sanjosemontilla\/wp-json\/wp\/v2\/users\/19787"}],"replies":[{"embeddable":true,"href":"https:\/\/blogsaverroes.juntadeandalucia.es\/sanjosemontilla\/wp-json\/wp\/v2\/comments?post=196"}],"version-history":[{"count":138,"href":"https:\/\/blogsaverroes.juntadeandalucia.es\/sanjosemontilla\/wp-json\/wp\/v2\/pages\/196\/revisions"}],"predecessor-version":[{"id":3075,"href":"https:\/\/blogsaverroes.juntadeandalucia.es\/sanjosemontilla\/wp-json\/wp\/v2\/pages\/196\/revisions\/3075"}],"wp:attachment":[{"href":"https:\/\/blogsaverroes.juntadeandalucia.es\/sanjosemontilla\/wp-json\/wp\/v2\/media?parent=196"}],"curies":[{"name":"wp","href":"https:\/\/api.w.org\/{rel}","templated":true}]}}