{"id":328,"date":"2024-10-30T19:54:46","date_gmt":"2024-10-30T18:54:46","guid":{"rendered":"https:\/\/blogsaverroes.juntadeandalucia.es\/sanjosemontilla\/?page_id=328"},"modified":"2026-04-30T16:52:07","modified_gmt":"2026-04-30T14:52:07","slug":"bilinguismo-2","status":"publish","type":"page","link":"https:\/\/blogsaverroes.juntadeandalucia.es\/sanjosemontilla\/bilinguismo-2\/","title":{"rendered":"Biling\u00fcismo"},"content":{"rendered":"\t\t<div data-elementor-type=\"wp-page\" data-elementor-id=\"328\" class=\"elementor elementor-328\">\n\t\t\t\t<div class=\"elementor-element elementor-element-e5c2af3 e-flex e-con-boxed elementor-invisible e-con e-parent\" data-id=\"e5c2af3\" data-element_type=\"container\" data-settings=\"{&quot;background_background&quot;:&quot;classic&quot;,&quot;animation&quot;:&quot;fadeInDown&quot;}\">\n\t\t\t\t\t<div class=\"e-con-inner\">\n\t\t\t\t<div class=\"elementor-element elementor-element-cbf9d28 elementor-position-top elementor-widget elementor-widget-image-box\" data-id=\"cbf9d28\" data-element_type=\"widget\" data-widget_type=\"image-box.default\">\n\t\t\t\t<div class=\"elementor-widget-container\">\n\t\t\t\t\t<div class=\"elementor-image-box-wrapper\"><figure class=\"elementor-image-box-img\"><img fetchpriority=\"high\" decoding=\"async\" width=\"2000\" height=\"1414\" src=\"https:\/\/blogsaverroes.juntadeandalucia.es\/sanjosemontilla\/files\/2024\/10\/logo_bilingue_entero_blanco.jpg\" class=\"attachment-full size-full wp-image-329\" alt=\"\" srcset=\"https:\/\/blogsaverroes.juntadeandalucia.es\/sanjosemontilla\/files\/2024\/10\/logo_bilingue_entero_blanco.jpg 2000w, https:\/\/blogsaverroes.juntadeandalucia.es\/sanjosemontilla\/files\/2024\/10\/logo_bilingue_entero_blanco-300x212.jpg 300w, https:\/\/blogsaverroes.juntadeandalucia.es\/sanjosemontilla\/files\/2024\/10\/logo_bilingue_entero_blanco-1024x724.jpg 1024w, https:\/\/blogsaverroes.juntadeandalucia.es\/sanjosemontilla\/files\/2024\/10\/logo_bilingue_entero_blanco-768x543.jpg 768w, https:\/\/blogsaverroes.juntadeandalucia.es\/sanjosemontilla\/files\/2024\/10\/logo_bilingue_entero_blanco-1536x1086.jpg 1536w\" sizes=\"(max-width: 2000px) 100vw, 2000px\" \/><\/figure><div class=\"elementor-image-box-content\"><h3 class=\"elementor-image-box-title\">CENTRO BILING\u00dcE<\/h3><p class=\"elementor-image-box-description\">El curso 21\/22 iniciamos nuestra andadura como centro biling\u00fce autorizado por la Junta de Andaluc\u00eda. Esto supone la incorporaci\u00f3n del Ingl\u00e9s en Infantil y desarrollar parte de una materia en esta lengua. Adem\u00e1s de acercar al alumnado a la cultura anglosajona, tambi\u00e9n contaremos con un auxiliar de conversaci\u00f3n nativo para mejorar la expresi\u00f3n oral del alumnado.  <\/p><\/div><\/div>\t\t\t\t<\/div>\n\t\t\t\t<\/div>\n\t\t\t\t\t<\/div>\n\t\t\t\t<\/div>\n\t\t<div class=\"elementor-element elementor-element-76f0629 e-flex e-con-boxed e-con e-parent\" data-id=\"76f0629\" data-element_type=\"container\">\n\t\t\t\t\t<div class=\"e-con-inner\">\n\t\t\t\t<div class=\"elementor-element elementor-element-fbaf1d9 elementor-widget elementor-widget-heading\" data-id=\"fbaf1d9\" data-element_type=\"widget\" data-widget_type=\"heading.default\">\n\t\t\t\t<div class=\"elementor-widget-container\">\n\t\t\t\t\t<h2 class=\"elementor-heading-title elementor-size-default\"><a href=\"https:\/\/blogsaverroes.juntadeandalucia.es\/sanjosemontilla\/files\/2024\/10\/auxiliar_conversacion.pdf\" target=\"_blank\">INFORMACI\u00d3N DE INTER\u00c9S PARA AUXILIARES DE CONVERSACI\u00d3N<\/a><\/h2>\t\t\t\t<\/div>\n\t\t\t\t<\/div>\n\t\t\t\t<div class=\"elementor-element elementor-element-3a8c35b elementor-widget-divider--view-line elementor-widget elementor-widget-divider\" data-id=\"3a8c35b\" data-element_type=\"widget\" data-widget_type=\"divider.default\">\n\t\t\t\t<div class=\"elementor-widget-container\">\n\t\t\t\t\t\t\t<div class=\"elementor-divider\">\n\t\t\t<span class=\"elementor-divider-separator\">\n\t\t\t\t\t\t<\/span>\n\t\t<\/div>\n\t\t\t\t\t\t<\/div>\n\t\t\t\t<\/div>\n\t\t\t\t\t<\/div>\n\t\t\t\t<\/div>\n\t\t<div class=\"elementor-element elementor-element-2394e5e e-flex e-con-boxed e-con e-parent\" data-id=\"2394e5e\" data-element_type=\"container\" data-settings=\"{&quot;background_background&quot;:&quot;classic&quot;}\">\n\t\t\t\t\t<div class=\"e-con-inner\">\n\t\t\t\t<div class=\"elementor-element elementor-element-a99a232 elementor-widget elementor-widget-text-editor\" data-id=\"a99a232\" data-element_type=\"widget\" data-widget_type=\"text-editor.default\">\n\t\t\t\t<div class=\"elementor-widget-container\">\n\t\t\t\t\t\t\t\t\t<p align=\"center\"><span id=\"compcomu\" style=\"color: #0000ff\"><u><b>TALLERES DE COMPETENCIA COMUNICATIVA<\/b><\/u><\/span><\/p>\n<p align=\"justify\"><span style=\"color: #0000ff\"><a href=\"https:\/\/blogsaverroes.juntadeandalucia.es\/sanjosemontilla\/files\/2026\/04\/talleres_comp_comu.mp4\" target=\"_blank\" rel=\"noopener\"><img decoding=\"async\" class=\"size-medium wp-image-3122 alignleft\" src=\"https:\/\/blogsaverroes.juntadeandalucia.es\/sanjosemontilla\/files\/2026\/04\/taller_comp_com-300x179.jpg\" alt=\"\" width=\"300\" height=\"179\" srcset=\"https:\/\/blogsaverroes.juntadeandalucia.es\/sanjosemontilla\/files\/2026\/04\/taller_comp_com-300x179.jpg 300w, https:\/\/blogsaverroes.juntadeandalucia.es\/sanjosemontilla\/files\/2026\/04\/taller_comp_com.jpg 485w\" sizes=\"(max-width: 300px) 100vw, 300px\" \/><\/a>El pasado viernes, nuestro alumnado particip\u00f3 en una enriquecedora jornada orientada a seguir impulsando el aprendizaje pr\u00e1ctico y significativo de la lengua inglesa.<\/span><\/p>\n<p align=\"justify\"><span style=\"color: #0000ff\">Para esta ocasi\u00f3n, contamos con la colaboraci\u00f3n de una profesora nativa, con quien los ni\u00f1os y ni\u00f1as pudieron realizar diferentes din\u00e1micas y actividades comunicativas dise\u00f1adas para fomentar la expresi\u00f3n oral, la comprensi\u00f3n y la interacci\u00f3n en ingl\u00e9s de una forma natural, l\u00fadica y motivadora.<\/span><\/p>\n<p align=\"center\"><span style=\"color: #ff0000\"><u><b>Communicative Competence Workshops<\/b><\/u><\/span><\/p>\n<p align=\"justify\"><span style=\"color: #ff0000\">Last Friday, our students took part in an enriching day aimed to promote practical and meaningful English language learning.<\/span><\/p>\n<p align=\"justify\"><span style=\"color: #ff0000\">For this occasion, we had the collaboration of a native teacher, with whom the children carried out different dynamics and communicative activities designed to encourage speaking, comprehension and interaction in English in a natural, playful and motivating way.<\/span><\/p>\n<p style=\"text-align: center\" align=\"justify\"><a href=\"https:\/\/blogsaverroes.juntadeandalucia.es\/sanjosemontilla\/files\/2026\/04\/talleres_comp_comu.mp4\" target=\"_blank\" rel=\"noopener\"><span style=\"color: #ff0000\">Enjoy the video! \ud83c\udfa5\ud83c\uddec\ud83c\udde7<\/span><\/a><\/p>\t\t\t\t\t\t\t\t<\/div>\n\t\t\t\t<\/div>\n\t\t\t\t\t<\/div>\n\t\t\t\t<\/div>\n\t\t<div class=\"elementor-element elementor-element-dc4ca00 e-flex e-con-boxed e-con e-parent\" data-id=\"dc4ca00\" data-element_type=\"container\">\n\t\t\t\t\t<div class=\"e-con-inner\">\n\t\t\t\t<div class=\"elementor-element elementor-element-be7d262 elementor-widget-divider--view-line elementor-widget elementor-widget-divider\" data-id=\"be7d262\" data-element_type=\"widget\" data-widget_type=\"divider.default\">\n\t\t\t\t<div class=\"elementor-widget-container\">\n\t\t\t\t\t\t\t<div class=\"elementor-divider\">\n\t\t\t<span class=\"elementor-divider-separator\">\n\t\t\t\t\t\t<\/span>\n\t\t<\/div>\n\t\t\t\t\t\t<\/div>\n\t\t\t\t<\/div>\n\t\t\t\t\t<\/div>\n\t\t\t\t<\/div>\n\t\t<div class=\"elementor-element elementor-element-51b8504 e-flex e-con-boxed e-con e-parent\" data-id=\"51b8504\" data-element_type=\"container\" data-settings=\"{&quot;background_background&quot;:&quot;classic&quot;}\">\n\t\t\t\t\t<div class=\"e-con-inner\">\n\t\t\t\t<div class=\"elementor-element elementor-element-074c003 elementor-widget elementor-widget-text-editor\" data-id=\"074c003\" data-element_type=\"widget\" data-widget_type=\"text-editor.default\">\n\t\t\t\t<div class=\"elementor-widget-container\">\n\t\t\t\t\t\t\t\t\t<p style=\"text-align: center\"><strong><span id=\"easter\" style=\"font-size: 14pt\">EASTER<\/span><\/strong><\/p><p><img decoding=\"async\" class=\"size-medium wp-image-3017 alignleft\" src=\"https:\/\/blogsaverroes.juntadeandalucia.es\/sanjosemontilla\/files\/2026\/04\/easter-205x300.png\" alt=\"\" width=\"205\" height=\"300\" srcset=\"https:\/\/blogsaverroes.juntadeandalucia.es\/sanjosemontilla\/files\/2026\/04\/easter-205x300.png 205w, https:\/\/blogsaverroes.juntadeandalucia.es\/sanjosemontilla\/files\/2026\/04\/easter.png 395w\" sizes=\"(max-width: 205px) 100vw, 205px\" \/>This week, our Primary students have enjoyed a variety of activities related to Easter. We have worked on English vocabulary, learned about traditions of this celebration, and as a final activity, we held a fun Easter Egg Hunt.<\/p><p>Esta semana, nuestro alumnado de Primaria ha disfrutado de diversas actividades relacionadas con Easter. Hemos trabajado vocabulario en ingl\u00e9s, conocido tradiciones propias de esta celebraci\u00f3n y, como broche final, hemos realizado una divertida Easter Egg Hunt.<\/p><p style=\"text-align: center\">Las fotos, <a href=\"https:\/\/blogsaverroes.juntadeandalucia.es\/sanjosemontilla\/files\/2026\/04\/easter.mp4\" target=\"_blank\" rel=\"noopener\">AQU\u00cd.<\/a><\/p>\t\t\t\t\t\t\t\t<\/div>\n\t\t\t\t<\/div>\n\t\t\t\t\t<\/div>\n\t\t\t\t<\/div>\n\t\t<div class=\"elementor-element elementor-element-b263bde e-flex e-con-boxed e-con e-parent\" data-id=\"b263bde\" data-element_type=\"container\">\n\t\t\t\t\t<div class=\"e-con-inner\">\n\t\t\t\t<div class=\"elementor-element elementor-element-7b5deda elementor-widget-divider--view-line elementor-widget elementor-widget-divider\" data-id=\"7b5deda\" data-element_type=\"widget\" data-widget_type=\"divider.default\">\n\t\t\t\t<div class=\"elementor-widget-container\">\n\t\t\t\t\t\t\t<div class=\"elementor-divider\">\n\t\t\t<span class=\"elementor-divider-separator\">\n\t\t\t\t\t\t<\/span>\n\t\t<\/div>\n\t\t\t\t\t\t<\/div>\n\t\t\t\t<\/div>\n\t\t\t\t\t<\/div>\n\t\t\t\t<\/div>\n\t\t<div class=\"elementor-element elementor-element-8001d8c e-flex e-con-boxed e-con e-parent\" data-id=\"8001d8c\" data-element_type=\"container\" data-settings=\"{&quot;background_background&quot;:&quot;classic&quot;}\">\n\t\t\t\t\t<div class=\"e-con-inner\">\n\t\t\t\t<div class=\"elementor-element elementor-element-a4acd60 elementor-widget elementor-widget-text-editor\" data-id=\"a4acd60\" data-element_type=\"widget\" data-widget_type=\"text-editor.default\">\n\t\t\t\t<div class=\"elementor-widget-container\">\n\t\t\t\t\t\t\t\t\t<p style=\"text-align: center\"><a href=\"https:\/\/blogsaverroes.juntadeandalucia.es\/sanjosemontilla\/files\/2025\/11\/RICE.pdf\" target=\"_blank\" rel=\"noopener\"><strong><span style=\"font-size: 14pt\"><img loading=\"lazy\" decoding=\"async\" class=\" wp-image-2276 alignleft\" src=\"https:\/\/blogsaverroes.juntadeandalucia.es\/sanjosemontilla\/files\/2025\/11\/Logo_rice-300x300.png\" alt=\"\" width=\"159\" height=\"159\" srcset=\"https:\/\/blogsaverroes.juntadeandalucia.es\/sanjosemontilla\/files\/2025\/11\/Logo_rice-300x300.png 300w, https:\/\/blogsaverroes.juntadeandalucia.es\/sanjosemontilla\/files\/2025\/11\/Logo_rice-1024x1024.png 1024w, https:\/\/blogsaverroes.juntadeandalucia.es\/sanjosemontilla\/files\/2025\/11\/Logo_rice-150x150.png 150w, https:\/\/blogsaverroes.juntadeandalucia.es\/sanjosemontilla\/files\/2025\/11\/Logo_rice-768x768.png 768w, https:\/\/blogsaverroes.juntadeandalucia.es\/sanjosemontilla\/files\/2025\/11\/Logo_rice.png 1080w\" sizes=\"(max-width: 159px) 100vw, 159px\" \/><\/span><\/strong><\/a><\/p><p>\u00a0<\/p><p style=\"text-align: center\"><a href=\"https:\/\/blogsaverroes.juntadeandalucia.es\/sanjosemontilla\/files\/2025\/11\/RICE_doc.pdf\" target=\"_blank\" rel=\"noopener\"><strong><span style=\"font-size: 18pt\">FICHA INFORMATIVA DE CENTRO : SOLICITUD DE COLABORACI\u00d3N<\/span><\/strong><\/a><\/p><p style=\"text-align: center\">\u00a0<\/p>\t\t\t\t\t\t\t\t<\/div>\n\t\t\t\t<\/div>\n\t\t\t\t\t<\/div>\n\t\t\t\t<\/div>\n\t\t<div class=\"elementor-element elementor-element-c042f82 e-flex e-con-boxed e-con e-parent\" data-id=\"c042f82\" data-element_type=\"container\">\n\t\t\t\t\t<div class=\"e-con-inner\">\n\t\t\t\t<div class=\"elementor-element elementor-element-ed949ce elementor-widget-divider--view-line elementor-widget elementor-widget-divider\" data-id=\"ed949ce\" data-element_type=\"widget\" data-widget_type=\"divider.default\">\n\t\t\t\t<div class=\"elementor-widget-container\">\n\t\t\t\t\t\t\t<div class=\"elementor-divider\">\n\t\t\t<span class=\"elementor-divider-separator\">\n\t\t\t\t\t\t<\/span>\n\t\t<\/div>\n\t\t\t\t\t\t<\/div>\n\t\t\t\t<\/div>\n\t\t\t\t\t<\/div>\n\t\t\t\t<\/div>\n\t\t<div class=\"elementor-element elementor-element-04ab501 e-flex e-con-boxed e-con e-parent\" data-id=\"04ab501\" data-element_type=\"container\" data-settings=\"{&quot;background_background&quot;:&quot;classic&quot;}\">\n\t\t\t\t\t<div class=\"e-con-inner\">\n\t\t\t\t<div class=\"elementor-element elementor-element-d6d38aa elementor-widget elementor-widget-text-editor\" data-id=\"d6d38aa\" data-element_type=\"widget\" data-widget_type=\"text-editor.default\">\n\t\t\t\t<div class=\"elementor-widget-container\">\n\t\t\t\t\t\t\t\t\t<p style=\"text-align: center\"><strong><span id=\"patrick\" style=\"font-size: 14pt\">SAINT PATRICK&#8217;S DAY<\/span><\/strong><\/p><p style=\"text-align: justify\"><img loading=\"lazy\" decoding=\"async\" class=\"size-medium wp-image-2876 alignleft\" src=\"https:\/\/blogsaverroes.juntadeandalucia.es\/sanjosemontilla\/files\/2026\/03\/patrick-300x285.png\" alt=\"\" width=\"300\" height=\"285\" srcset=\"https:\/\/blogsaverroes.juntadeandalucia.es\/sanjosemontilla\/files\/2026\/03\/patrick-300x285.png 300w, https:\/\/blogsaverroes.juntadeandalucia.es\/sanjosemontilla\/files\/2026\/03\/patrick.png 582w\" sizes=\"(max-width: 300px) 100vw, 300px\" \/>Hoy en nuestro centro hemos vivido una jornada muy especial celebrando Saint Patrick\u2019s Day. Ha sido una oportunidad fant\u00e1stica para aprender vocabulario nuevo, practicar el idioma y, sobre todo, disfrutar juntos. Os dejamos un v\u00eddeo resumen con algunos de los momentos m\u00e1s destacados de la jornada.<\/p><p style=\"text-align: justify\"><strong><span style=\"color: #000000\">Today at our school we had a very special day celebrating Saint Patrick\u2019s Day. It was a fantastic opportunity to learn new vocabulary, practice the language and, above all, enjoy ourselves together.<\/span><\/strong><br \/><strong><span style=\"color: #000000\">We leave you a short video with some of the most memorable moments of the day.<\/span><\/strong><\/p><p style=\"text-align: center\">Las fotos, <a href=\"https:\/\/blogsaverroes.juntadeandalucia.es\/sanjosemontilla\/files\/2026\/03\/patrick.mp4\" target=\"_blank\" rel=\"noopener\">AQU\u00cd<\/a>.<\/p>\t\t\t\t\t\t\t\t<\/div>\n\t\t\t\t<\/div>\n\t\t\t\t\t<\/div>\n\t\t\t\t<\/div>\n\t\t<div class=\"elementor-element elementor-element-094e8c0 e-flex e-con-boxed e-con e-parent\" data-id=\"094e8c0\" data-element_type=\"container\">\n\t\t\t\t\t<div class=\"e-con-inner\">\n\t\t\t\t<div class=\"elementor-element elementor-element-9ebb1b1 elementor-widget-divider--view-line elementor-widget elementor-widget-divider\" data-id=\"9ebb1b1\" data-element_type=\"widget\" data-widget_type=\"divider.default\">\n\t\t\t\t<div class=\"elementor-widget-container\">\n\t\t\t\t\t\t\t<div class=\"elementor-divider\">\n\t\t\t<span class=\"elementor-divider-separator\">\n\t\t\t\t\t\t<\/span>\n\t\t<\/div>\n\t\t\t\t\t\t<\/div>\n\t\t\t\t<\/div>\n\t\t\t\t\t<\/div>\n\t\t\t\t<\/div>\n\t\t<div class=\"elementor-element elementor-element-728bedf e-flex e-con-boxed e-con e-parent\" data-id=\"728bedf\" data-element_type=\"container\" data-settings=\"{&quot;background_background&quot;:&quot;classic&quot;}\">\n\t\t\t\t\t<div class=\"e-con-inner\">\n\t\t\t\t<div class=\"elementor-element elementor-element-a74c915 elementor-widget elementor-widget-text-editor\" data-id=\"a74c915\" data-element_type=\"widget\" data-widget_type=\"text-editor.default\">\n\t\t\t\t<div class=\"elementor-widget-container\">\n\t\t\t\t\t\t\t\t\t<p style=\"text-align: center\"><strong><span id=\"compcomu\" style=\"font-size: 14pt\">TALLERES DE INGL\u00c9S<\/span><\/strong><\/p>\n<p style=\"text-align: justify\"><img loading=\"lazy\" decoding=\"async\" class=\"size-full wp-image-2861 aligncenter\" src=\"https:\/\/blogsaverroes.juntadeandalucia.es\/sanjosemontilla\/files\/2026\/03\/taller_comp_comu.jpeg\" alt=\"\" width=\"300\" height=\"225\" \/>Our school continues to promote initiatives that foster language learning and complement the work done in the classroom as part of our bilingual education project. We are currently running a program to improve our students&#8217; English communication skills. It operates with four groups of students, from preschool to fourth grade, with each group meeting for one hour per week. This free program includes interactive activities and games designed to enhance communication skills in English.<\/p>\n<em><span style=\"color: #808080\">Nuestro cole contin\u00faa impulsando iniciativas que fomentan el aprendizaje de idiomas y complementan el trabajo realizado en el aula como parte de nuestro proyecto educativo biling\u00fce. As\u00ed, est\u00e1 en marcha el programa para mejorar la comunicaci\u00f3n en ingl\u00e9s en nuestro alumnado. Funciona con cuatro grupos de alumnos, desde preescolar hasta 4\u00ba de Primaria. Es un programa gratuito que incluye actividades interactivas y juegos dise\u00f1ados para mejorar las habilidades comunicativas en ingl\u00e9s.<\/span><\/em>\t\t\t\t\t\t\t\t<\/div>\n\t\t\t\t<\/div>\n\t\t\t\t\t<\/div>\n\t\t\t\t<\/div>\n\t\t<div class=\"elementor-element elementor-element-f34431b e-flex e-con-boxed e-con e-parent\" data-id=\"f34431b\" data-element_type=\"container\">\n\t\t\t\t\t<div class=\"e-con-inner\">\n\t\t\t\t<div class=\"elementor-element elementor-element-f75d8f0 elementor-widget-divider--view-line elementor-widget elementor-widget-divider\" data-id=\"f75d8f0\" data-element_type=\"widget\" data-widget_type=\"divider.default\">\n\t\t\t\t<div class=\"elementor-widget-container\">\n\t\t\t\t\t\t\t<div class=\"elementor-divider\">\n\t\t\t<span class=\"elementor-divider-separator\">\n\t\t\t\t\t\t<\/span>\n\t\t<\/div>\n\t\t\t\t\t\t<\/div>\n\t\t\t\t<\/div>\n\t\t\t\t\t<\/div>\n\t\t\t\t<\/div>\n\t\t<div class=\"elementor-element elementor-element-4823d0d e-flex e-con-boxed e-con e-parent\" data-id=\"4823d0d\" data-element_type=\"container\" data-settings=\"{&quot;background_background&quot;:&quot;classic&quot;}\">\n\t\t\t\t\t<div class=\"e-con-inner\">\n\t\t\t\t<div class=\"elementor-element elementor-element-cda50c2 elementor-widget elementor-widget-text-editor\" data-id=\"cda50c2\" data-element_type=\"widget\" data-widget_type=\"text-editor.default\">\n\t\t\t\t<div class=\"elementor-widget-container\">\n\t\t\t\t\t\t\t\t\t<p style=\"text-align: center\"><strong><span id=\"mujerciencia\" style=\"font-size: 14pt\">D\u00cdA INTERNACIONAL DE LA AMISTAD<br \/><\/span><\/strong><\/p><p style=\"text-align: justify\"><img loading=\"lazy\" decoding=\"async\" class=\"size-medium wp-image-2617 alignleft\" src=\"https:\/\/blogsaverroes.juntadeandalucia.es\/sanjosemontilla\/files\/2026\/02\/amistad-300x178.png\" alt=\"\" width=\"300\" height=\"178\" srcset=\"https:\/\/blogsaverroes.juntadeandalucia.es\/sanjosemontilla\/files\/2026\/02\/amistad-300x178.png 300w, https:\/\/blogsaverroes.juntadeandalucia.es\/sanjosemontilla\/files\/2026\/02\/amistad.png 488w\" sizes=\"(max-width: 300px) 100vw, 300px\" \/>El viernes pasado celebramos el d\u00eda de la amistad y San Valent\u00edn en el cole. Trabajamos el vocabulario relacionado con las emociones en ingles y completamos un mural con las cosas que nos hacen sentirnos felices.<\/p><p><span style=\"color: #000000\">Last friday we celebrated Friendship and Saint Valentine&#8217;s Day. We work vocabulary related to emotions and feelings in English to complete a poster with the things that make our hearts happy.<\/span><\/p><p style=\"text-align: center\">Las fotos, <a href=\"https:\/\/blogsaverroes.juntadeandalucia.es\/sanjosemontilla\/files\/2026\/02\/amistad.mp4\" target=\"_blank\" rel=\"noopener\">AQU\u00cd<\/a>.<\/p>\t\t\t\t\t\t\t\t<\/div>\n\t\t\t\t<\/div>\n\t\t\t\t\t<\/div>\n\t\t\t\t<\/div>\n\t\t<div class=\"elementor-element elementor-element-da78091 e-flex e-con-boxed e-con e-parent\" data-id=\"da78091\" data-element_type=\"container\">\n\t\t\t\t\t<div class=\"e-con-inner\">\n\t\t\t\t<div class=\"elementor-element elementor-element-76c5766 elementor-widget-divider--view-line elementor-widget elementor-widget-divider\" data-id=\"76c5766\" data-element_type=\"widget\" data-widget_type=\"divider.default\">\n\t\t\t\t<div class=\"elementor-widget-container\">\n\t\t\t\t\t\t\t<div class=\"elementor-divider\">\n\t\t\t<span class=\"elementor-divider-separator\">\n\t\t\t\t\t\t<\/span>\n\t\t<\/div>\n\t\t\t\t\t\t<\/div>\n\t\t\t\t<\/div>\n\t\t\t\t\t<\/div>\n\t\t\t\t<\/div>\n\t\t<div class=\"elementor-element elementor-element-2efa99b e-flex e-con-boxed e-con e-parent\" data-id=\"2efa99b\" data-element_type=\"container\" data-settings=\"{&quot;background_background&quot;:&quot;classic&quot;}\">\n\t\t\t\t\t<div class=\"e-con-inner\">\n\t\t\t\t<div class=\"elementor-element elementor-element-c95f953 elementor-widget elementor-widget-text-editor\" data-id=\"c95f953\" data-element_type=\"widget\" data-widget_type=\"text-editor.default\">\n\t\t\t\t<div class=\"elementor-widget-container\">\n\t\t\t\t\t\t\t\t\t<p style=\"text-align: center\"><strong><span id=\"gracias\" style=\"font-size: 14pt\">D\u00cdA DE ACCI\u00d3N DE GRACIAS<br \/><\/span><\/strong><\/p><p style=\"text-align: justify\">Hoy en el cole hemos celebrado el D\u00eda de Acci\u00f3n de Gracias. A traves de esta celebracion hemos aprendido un poco m\u00e1s sobre el origen de esta tradici\u00f3n tan importante en Estados Unidos y nos ha servido para conocer nuevo vocabulario y practicar el Ingl\u00e9s.<\/p><p style=\"text-align: center\"><strong>THANKSGIVING<\/strong><\/p><p><em>Today we have celebrated Thanksgiving Day in our school. We have learned about the history and origin of this popular celebration in USA. Also, we have learned new vocabulary and practised English.<\/em><\/p>\t\t\t\t\t\t\t\t<\/div>\n\t\t\t\t<\/div>\n\t\t\t\t<div class=\"elementor-element elementor-element-ba8ffa1 elementor-arrows-position-inside elementor-pagination-position-outside elementor-widget elementor-widget-image-carousel\" data-id=\"ba8ffa1\" data-element_type=\"widget\" data-settings=\"{&quot;navigation&quot;:&quot;both&quot;,&quot;autoplay&quot;:&quot;yes&quot;,&quot;pause_on_hover&quot;:&quot;yes&quot;,&quot;pause_on_interaction&quot;:&quot;yes&quot;,&quot;autoplay_speed&quot;:5000,&quot;infinite&quot;:&quot;yes&quot;,&quot;speed&quot;:500}\" data-widget_type=\"image-carousel.default\">\n\t\t\t\t<div class=\"elementor-widget-container\">\n\t\t\t\t\t\t\t<div class=\"elementor-image-carousel-wrapper swiper\" role=\"region\" aria-roledescription=\"carousel\" aria-label=\"Carrusel de im\u00e1genes\" dir=\"ltr\">\n\t\t\t<div class=\"elementor-image-carousel swiper-wrapper\" aria-live=\"off\">\n\t\t\t\t\t\t\t\t<div class=\"swiper-slide\" role=\"group\" aria-roledescription=\"slide\" aria-label=\"1 de 4\"><a data-elementor-open-lightbox=\"yes\" data-elementor-lightbox-slideshow=\"ba8ffa1\" data-elementor-lightbox-title=\"IMG-20251127-WA0000\" data-e-action-hash=\"#elementor-action%3Aaction%3Dlightbox%26settings%3DeyJpZCI6IjIzNjEiLCJ1cmwiOiJodHRwczpcL1wvYmxvZ3NhdmVycm9lcy5qdW50YWRlYW5kYWx1Y2lhLmVzXC9zYW5qb3NlbW9udGlsbGFcL2ZpbGVzXC8yMDI1XC8xMlwvSU1HLTIwMjUxMTI3LVdBMDAwMC5qcGciLCJzbGlkZXNob3ciOiJiYThmZmExIn0%3D\" href=\"https:\/\/blogsaverroes.juntadeandalucia.es\/sanjosemontilla\/files\/2025\/12\/IMG-20251127-WA0000.jpg\"><figure class=\"swiper-slide-inner\"><img decoding=\"async\" class=\"swiper-slide-image\" src=\"https:\/\/blogsaverroes.juntadeandalucia.es\/sanjosemontilla\/files\/2025\/12\/IMG-20251127-WA0000-150x150.jpg\" alt=\"IMG-20251127-WA0000\" \/><\/figure><\/a><\/div><div class=\"swiper-slide\" role=\"group\" aria-roledescription=\"slide\" aria-label=\"2 de 4\"><a data-elementor-open-lightbox=\"yes\" data-elementor-lightbox-slideshow=\"ba8ffa1\" data-elementor-lightbox-title=\"IMG-20251201-WA0000\" data-e-action-hash=\"#elementor-action%3Aaction%3Dlightbox%26settings%3DeyJpZCI6IjIzNjIiLCJ1cmwiOiJodHRwczpcL1wvYmxvZ3NhdmVycm9lcy5qdW50YWRlYW5kYWx1Y2lhLmVzXC9zYW5qb3NlbW9udGlsbGFcL2ZpbGVzXC8yMDI1XC8xMlwvSU1HLTIwMjUxMjAxLVdBMDAwMC5qcGciLCJzbGlkZXNob3ciOiJiYThmZmExIn0%3D\" href=\"https:\/\/blogsaverroes.juntadeandalucia.es\/sanjosemontilla\/files\/2025\/12\/IMG-20251201-WA0000.jpg\"><figure class=\"swiper-slide-inner\"><img decoding=\"async\" class=\"swiper-slide-image\" src=\"https:\/\/blogsaverroes.juntadeandalucia.es\/sanjosemontilla\/files\/2025\/12\/IMG-20251201-WA0000-150x150.jpg\" alt=\"IMG-20251201-WA0000\" \/><\/figure><\/a><\/div><div class=\"swiper-slide\" role=\"group\" aria-roledescription=\"slide\" aria-label=\"3 de 4\"><a data-elementor-open-lightbox=\"yes\" data-elementor-lightbox-slideshow=\"ba8ffa1\" data-elementor-lightbox-title=\"IMG-20251201-WA0001\" data-e-action-hash=\"#elementor-action%3Aaction%3Dlightbox%26settings%3DeyJpZCI6IjIzNjMiLCJ1cmwiOiJodHRwczpcL1wvYmxvZ3NhdmVycm9lcy5qdW50YWRlYW5kYWx1Y2lhLmVzXC9zYW5qb3NlbW9udGlsbGFcL2ZpbGVzXC8yMDI1XC8xMlwvSU1HLTIwMjUxMjAxLVdBMDAwMS5qcGciLCJzbGlkZXNob3ciOiJiYThmZmExIn0%3D\" href=\"https:\/\/blogsaverroes.juntadeandalucia.es\/sanjosemontilla\/files\/2025\/12\/IMG-20251201-WA0001.jpg\"><figure class=\"swiper-slide-inner\"><img decoding=\"async\" class=\"swiper-slide-image\" src=\"https:\/\/blogsaverroes.juntadeandalucia.es\/sanjosemontilla\/files\/2025\/12\/IMG-20251201-WA0001-150x150.jpg\" alt=\"IMG-20251201-WA0001\" \/><\/figure><\/a><\/div><div class=\"swiper-slide\" role=\"group\" aria-roledescription=\"slide\" aria-label=\"4 de 4\"><a data-elementor-open-lightbox=\"yes\" data-elementor-lightbox-slideshow=\"ba8ffa1\" data-elementor-lightbox-title=\"IMG-20251201-WA0002\" data-e-action-hash=\"#elementor-action%3Aaction%3Dlightbox%26settings%3DeyJpZCI6IjIzNjQiLCJ1cmwiOiJodHRwczpcL1wvYmxvZ3NhdmVycm9lcy5qdW50YWRlYW5kYWx1Y2lhLmVzXC9zYW5qb3NlbW9udGlsbGFcL2ZpbGVzXC8yMDI1XC8xMlwvSU1HLTIwMjUxMjAxLVdBMDAwMi5qcGciLCJzbGlkZXNob3ciOiJiYThmZmExIn0%3D\" href=\"https:\/\/blogsaverroes.juntadeandalucia.es\/sanjosemontilla\/files\/2025\/12\/IMG-20251201-WA0002.jpg\"><figure class=\"swiper-slide-inner\"><img decoding=\"async\" class=\"swiper-slide-image\" src=\"https:\/\/blogsaverroes.juntadeandalucia.es\/sanjosemontilla\/files\/2025\/12\/IMG-20251201-WA0002-150x150.jpg\" alt=\"IMG-20251201-WA0002\" \/><\/figure><\/a><\/div>\t\t\t<\/div>\n\t\t\t\t\t\t\t\t\t\t\t\t<div class=\"elementor-swiper-button elementor-swiper-button-prev\" role=\"button\" tabindex=\"0\">\n\t\t\t\t\t\t<svg aria-hidden=\"true\" class=\"e-font-icon-svg e-eicon-chevron-left\" viewBox=\"0 0 1000 1000\" xmlns=\"http:\/\/www.w3.org\/2000\/svg\"><path d=\"M646 125C629 125 613 133 604 142L308 442C296 454 292 471 292 487 292 504 296 521 308 533L604 854C617 867 629 875 646 875 663 875 679 871 692 858 704 846 713 829 713 812 713 796 708 779 692 767L438 487 692 225C700 217 708 204 708 187 708 171 704 154 692 142 675 129 663 125 646 125Z\"><\/path><\/svg>\t\t\t\t\t<\/div>\n\t\t\t\t\t<div class=\"elementor-swiper-button elementor-swiper-button-next\" role=\"button\" tabindex=\"0\">\n\t\t\t\t\t\t<svg aria-hidden=\"true\" class=\"e-font-icon-svg e-eicon-chevron-right\" viewBox=\"0 0 1000 1000\" xmlns=\"http:\/\/www.w3.org\/2000\/svg\"><path d=\"M696 533C708 521 713 504 713 487 713 471 708 454 696 446L400 146C388 133 375 125 354 125 338 125 325 129 313 142 300 154 292 171 292 187 292 204 296 221 308 233L563 492 304 771C292 783 288 800 288 817 288 833 296 850 308 863 321 871 338 875 354 875 371 875 388 867 400 854L696 533Z\"><\/path><\/svg>\t\t\t\t\t<\/div>\n\t\t\t\t\n\t\t\t\t\t\t\t\t\t<div class=\"swiper-pagination\"><\/div>\n\t\t\t\t\t\t\t\t\t<\/div>\n\t\t\t\t\t\t<\/div>\n\t\t\t\t<\/div>\n\t\t\t\t\t<\/div>\n\t\t\t\t<\/div>\n\t\t<div class=\"elementor-element elementor-element-36d1293 e-flex e-con-boxed e-con e-parent\" data-id=\"36d1293\" data-element_type=\"container\">\n\t\t\t\t\t<div class=\"e-con-inner\">\n\t\t\t\t<div class=\"elementor-element elementor-element-b647fd9 elementor-widget-divider--view-line elementor-widget elementor-widget-divider\" data-id=\"b647fd9\" data-element_type=\"widget\" data-widget_type=\"divider.default\">\n\t\t\t\t<div class=\"elementor-widget-container\">\n\t\t\t\t\t\t\t<div class=\"elementor-divider\">\n\t\t\t<span class=\"elementor-divider-separator\">\n\t\t\t\t\t\t<\/span>\n\t\t<\/div>\n\t\t\t\t\t\t<\/div>\n\t\t\t\t<\/div>\n\t\t\t\t\t<\/div>\n\t\t\t\t<\/div>\n\t\t<div class=\"elementor-element elementor-element-a88fbc4 e-flex e-con-boxed e-con e-parent\" data-id=\"a88fbc4\" data-element_type=\"container\" data-settings=\"{&quot;background_background&quot;:&quot;classic&quot;}\">\n\t\t\t\t\t<div class=\"e-con-inner\">\n\t\t\t\t<div class=\"elementor-element elementor-element-72c664b elementor-widget elementor-widget-text-editor\" data-id=\"72c664b\" data-element_type=\"widget\" data-widget_type=\"text-editor.default\">\n\t\t\t\t<div class=\"elementor-widget-container\">\n\t\t\t\t\t\t\t\t\t<p style=\"text-align: center\"><span style=\"font-size: 14pt\" id=\"teatro\"><strong>TEATRO PARA CENTROS BILING\u00dcES<\/strong><\/span><\/p>\nToday, students of 2nd and 3rd cycle of Primary Educaci\u00f3n along with others bilingual schools in Montilla have attended a theatre performance called: \u00abBig\/Little crazy Monsters\u00bb\n\nStudents have great playing and learning at the same time.\n\n<em>Hoy el alumnado de 2\u00b0 y 3\u00b0 ciclo del cole en colaboraci\u00f3n con el resto de colegios biling\u00fces de Montilla ha asistido a la representaci\u00f3n de la obra teatral: \u00abBig\/Little crazy monsters\u00bb<\/em>\n<em>El alumnado lo ha pasado genial al mismo tiempo que aprend\u00eda Ingl\u00e9s.<\/em>\t\t\t\t\t\t\t\t<\/div>\n\t\t\t\t<\/div>\n\t\t\t\t<div class=\"elementor-element elementor-element-b1d1e6f elementor-arrows-position-inside elementor-pagination-position-outside elementor-widget elementor-widget-image-carousel\" data-id=\"b1d1e6f\" data-element_type=\"widget\" data-settings=\"{&quot;slides_to_show&quot;:&quot;2&quot;,&quot;slides_to_scroll&quot;:&quot;1&quot;,&quot;navigation&quot;:&quot;both&quot;,&quot;autoplay&quot;:&quot;yes&quot;,&quot;pause_on_hover&quot;:&quot;yes&quot;,&quot;pause_on_interaction&quot;:&quot;yes&quot;,&quot;autoplay_speed&quot;:5000,&quot;infinite&quot;:&quot;yes&quot;,&quot;speed&quot;:500}\" data-widget_type=\"image-carousel.default\">\n\t\t\t\t<div class=\"elementor-widget-container\">\n\t\t\t\t\t\t\t<div class=\"elementor-image-carousel-wrapper swiper\" role=\"region\" aria-roledescription=\"carousel\" aria-label=\"Carrusel de im\u00e1genes\" dir=\"ltr\">\n\t\t\t<div class=\"elementor-image-carousel swiper-wrapper\" aria-live=\"off\">\n\t\t\t\t\t\t\t\t<div class=\"swiper-slide\" role=\"group\" aria-roledescription=\"slide\" aria-label=\"1 de 2\"><a data-elementor-open-lightbox=\"yes\" data-elementor-lightbox-slideshow=\"b1d1e6f\" data-elementor-lightbox-title=\"halloween_2\" data-e-action-hash=\"#elementor-action%3Aaction%3Dlightbox%26settings%3DeyJpZCI6IjIxOTUiLCJ1cmwiOiJodHRwczpcL1wvYmxvZ3NhdmVycm9lcy5qdW50YWRlYW5kYWx1Y2lhLmVzXC9zYW5qb3NlbW9udGlsbGFcL2ZpbGVzXC8yMDI1XC8xMVwvaGFsbG93ZWVuXzIuanBnIiwic2xpZGVzaG93IjoiYjFkMWU2ZiJ9\" href=\"https:\/\/blogsaverroes.juntadeandalucia.es\/sanjosemontilla\/files\/2025\/11\/halloween_2.jpg\"><figure class=\"swiper-slide-inner\"><img decoding=\"async\" class=\"swiper-slide-image\" src=\"https:\/\/blogsaverroes.juntadeandalucia.es\/sanjosemontilla\/files\/2025\/11\/halloween_2-225x300.jpg\" alt=\"halloween_2\" \/><\/figure><\/a><\/div><div class=\"swiper-slide\" role=\"group\" aria-roledescription=\"slide\" aria-label=\"2 de 2\"><a data-elementor-open-lightbox=\"yes\" data-elementor-lightbox-slideshow=\"b1d1e6f\" data-elementor-lightbox-title=\"halloween_1\" data-e-action-hash=\"#elementor-action%3Aaction%3Dlightbox%26settings%3DeyJpZCI6IjIxOTYiLCJ1cmwiOiJodHRwczpcL1wvYmxvZ3NhdmVycm9lcy5qdW50YWRlYW5kYWx1Y2lhLmVzXC9zYW5qb3NlbW9udGlsbGFcL2ZpbGVzXC8yMDI1XC8xMVwvaGFsbG93ZWVuXzEuanBnIiwic2xpZGVzaG93IjoiYjFkMWU2ZiJ9\" href=\"https:\/\/blogsaverroes.juntadeandalucia.es\/sanjosemontilla\/files\/2025\/11\/halloween_1.jpg\"><figure class=\"swiper-slide-inner\"><img decoding=\"async\" class=\"swiper-slide-image\" src=\"https:\/\/blogsaverroes.juntadeandalucia.es\/sanjosemontilla\/files\/2025\/11\/halloween_1-300x225.jpg\" alt=\"halloween_1\" \/><\/figure><\/a><\/div>\t\t\t<\/div>\n\t\t\t\t\t\t\t\t\t\t\t\t<div class=\"elementor-swiper-button elementor-swiper-button-prev\" role=\"button\" tabindex=\"0\">\n\t\t\t\t\t\t<svg aria-hidden=\"true\" class=\"e-font-icon-svg e-eicon-chevron-left\" viewBox=\"0 0 1000 1000\" xmlns=\"http:\/\/www.w3.org\/2000\/svg\"><path d=\"M646 125C629 125 613 133 604 142L308 442C296 454 292 471 292 487 292 504 296 521 308 533L604 854C617 867 629 875 646 875 663 875 679 871 692 858 704 846 713 829 713 812 713 796 708 779 692 767L438 487 692 225C700 217 708 204 708 187 708 171 704 154 692 142 675 129 663 125 646 125Z\"><\/path><\/svg>\t\t\t\t\t<\/div>\n\t\t\t\t\t<div class=\"elementor-swiper-button elementor-swiper-button-next\" role=\"button\" tabindex=\"0\">\n\t\t\t\t\t\t<svg aria-hidden=\"true\" class=\"e-font-icon-svg e-eicon-chevron-right\" viewBox=\"0 0 1000 1000\" xmlns=\"http:\/\/www.w3.org\/2000\/svg\"><path d=\"M696 533C708 521 713 504 713 487 713 471 708 454 696 446L400 146C388 133 375 125 354 125 338 125 325 129 313 142 300 154 292 171 292 187 292 204 296 221 308 233L563 492 304 771C292 783 288 800 288 817 288 833 296 850 308 863 321 871 338 875 354 875 371 875 388 867 400 854L696 533Z\"><\/path><\/svg>\t\t\t\t\t<\/div>\n\t\t\t\t\n\t\t\t\t\t\t\t\t\t<div class=\"swiper-pagination\"><\/div>\n\t\t\t\t\t\t\t\t\t<\/div>\n\t\t\t\t\t\t<\/div>\n\t\t\t\t<\/div>\n\t\t\t\t\t<\/div>\n\t\t\t\t<\/div>\n\t\t<div class=\"elementor-element elementor-element-e406553 e-flex e-con-boxed e-con e-parent\" data-id=\"e406553\" data-element_type=\"container\">\n\t\t\t\t\t<div class=\"e-con-inner\">\n\t\t\t\t<div class=\"elementor-element elementor-element-295f84d elementor-widget-divider--view-line elementor-widget elementor-widget-divider\" data-id=\"295f84d\" data-element_type=\"widget\" data-widget_type=\"divider.default\">\n\t\t\t\t<div class=\"elementor-widget-container\">\n\t\t\t\t\t\t\t<div class=\"elementor-divider\">\n\t\t\t<span class=\"elementor-divider-separator\">\n\t\t\t\t\t\t<\/span>\n\t\t<\/div>\n\t\t\t\t\t\t<\/div>\n\t\t\t\t<\/div>\n\t\t\t\t\t<\/div>\n\t\t\t\t<\/div>\n\t\t<div class=\"elementor-element elementor-element-650c99d e-flex e-con-boxed e-con e-parent\" data-id=\"650c99d\" data-element_type=\"container\" data-settings=\"{&quot;background_background&quot;:&quot;classic&quot;}\">\n\t\t\t\t\t<div class=\"e-con-inner\">\n\t\t\t\t<div class=\"elementor-element elementor-element-6f0d445 elementor-widget elementor-widget-text-editor\" data-id=\"6f0d445\" data-element_type=\"widget\" data-widget_type=\"text-editor.default\">\n\t\t\t\t<div class=\"elementor-widget-container\">\n\t\t\t\t\t\t\t\t\t<p style=\"text-align: center\"><strong><span style=\"font-size: 14pt\">HALLOWEEN.<\/span><\/strong><\/p><p style=\"text-align: justify\"><img loading=\"lazy\" decoding=\"async\" class=\"size-medium wp-image-2170 alignleft\" src=\"https:\/\/blogsaverroes.juntadeandalucia.es\/sanjosemontilla\/files\/2025\/11\/halloween-300x169.png\" alt=\"\" width=\"300\" height=\"169\" srcset=\"https:\/\/blogsaverroes.juntadeandalucia.es\/sanjosemontilla\/files\/2025\/11\/halloween-300x169.png 300w, https:\/\/blogsaverroes.juntadeandalucia.es\/sanjosemontilla\/files\/2025\/11\/halloween-768x431.png 768w, https:\/\/blogsaverroes.juntadeandalucia.es\/sanjosemontilla\/files\/2025\/11\/halloween.png 940w\" sizes=\"(max-width: 300px) 100vw, 300px\" \/>Hoy hemos celebrado nuestra fiesta de Halloween impulsada por el programa biling\u00fce del centro y la participaci\u00f3n de toda la comunidad educativa. Una jornada con disfraces, desayuno t\u00edpico, juegos, dibujos, certamen de sombreros, pasaje del terror y las tradicionales gachas del D\u00eda de los Santos ofrecidas por el AMPA del cole.<\/p><p style=\"text-align: center\">Las fotos, <a href=\"https:\/\/blogsaverroes.juntadeandalucia.es\/sanjosemontilla\/files\/2025\/11\/halloween.mp4\" target=\"_blank\" rel=\"noopener\">AQU\u00cd<\/a>.<\/p>\t\t\t\t\t\t\t\t<\/div>\n\t\t\t\t<\/div>\n\t\t\t\t\t<\/div>\n\t\t\t\t<\/div>\n\t\t<div class=\"elementor-element elementor-element-17afbb8 e-flex e-con-boxed e-con e-parent\" data-id=\"17afbb8\" data-element_type=\"container\">\n\t\t\t\t\t<div class=\"e-con-inner\">\n\t\t\t\t<div class=\"elementor-element elementor-element-c7480d3 elementor-widget-divider--view-line elementor-widget elementor-widget-divider\" data-id=\"c7480d3\" data-element_type=\"widget\" data-widget_type=\"divider.default\">\n\t\t\t\t<div class=\"elementor-widget-container\">\n\t\t\t\t\t\t\t<div class=\"elementor-divider\">\n\t\t\t<span class=\"elementor-divider-separator\">\n\t\t\t\t\t\t<\/span>\n\t\t<\/div>\n\t\t\t\t\t\t<\/div>\n\t\t\t\t<\/div>\n\t\t\t\t\t<\/div>\n\t\t\t\t<\/div>\n\t\t<div class=\"elementor-element elementor-element-b716797 e-flex e-con-boxed e-con e-parent\" data-id=\"b716797\" data-element_type=\"container\" data-settings=\"{&quot;background_background&quot;:&quot;classic&quot;}\">\n\t\t\t\t\t<div class=\"e-con-inner\">\n\t\t\t\t<div class=\"elementor-element elementor-element-4ae7357 elementor-widget elementor-widget-text-editor\" data-id=\"4ae7357\" data-element_type=\"widget\" data-widget_type=\"text-editor.default\">\n\t\t\t\t<div class=\"elementor-widget-container\">\n\t\t\t\t\t\t\t\t\t<p style=\"text-align: center\"><strong><span style=\"font-size: 14pt\">EUROPEAN DAY OF LANGUAGES.<\/span><\/strong><\/p><p style=\"text-align: justify\"><img loading=\"lazy\" decoding=\"async\" class=\" wp-image-2006 alignleft\" src=\"https:\/\/blogsaverroes.juntadeandalucia.es\/sanjosemontilla\/files\/2025\/09\/dia_lenguas-273x300.png\" alt=\"\" width=\"149\" height=\"164\" srcset=\"https:\/\/blogsaverroes.juntadeandalucia.es\/sanjosemontilla\/files\/2025\/09\/dia_lenguas-273x300.png 273w, https:\/\/blogsaverroes.juntadeandalucia.es\/sanjosemontilla\/files\/2025\/09\/dia_lenguas.png 291w\" sizes=\"(max-width: 149px) 100vw, 149px\" \/>Para celebrar el d\u00eda europeo de las lenguas dedicaremos la jornada a conocer todas las lenguas que se hablan en Espa\u00f1a y hemos grabado un v\u00eddeo para que las conozcas:<\/p><p style=\"text-align: center\"><a href=\"https:\/\/blogsaverroes.juntadeandalucia.es\/sanjosemontilla\/files\/2025\/09\/lenguas.mp4\" target=\"_blank\" rel=\"noopener\">Las lenguas de Espa\u00f1a<\/a><\/p>\t\t\t\t\t\t\t\t<\/div>\n\t\t\t\t<\/div>\n\t\t\t\t\t<\/div>\n\t\t\t\t<\/div>\n\t\t\t\t<\/div>\n\t\t","protected":false},"excerpt":{"rendered":"<p>CENTRO BILING\u00dcE El curso 21\/22 iniciamos nuestra andadura como centro biling\u00fce autorizado por la Junta de Andaluc\u00eda. Esto supone la incorporaci\u00f3n del Ingl\u00e9s en Infantil y desarrollar parte de una materia en esta lengua. Adem\u00e1s de acercar al alumnado a la cultura anglosajona, tambi\u00e9n contaremos con un auxiliar de conversaci\u00f3n nativo para mejorar la expresi\u00f3n [&hellip;]<\/p>\n","protected":false},"author":19787,"featured_media":0,"parent":0,"menu_order":0,"comment_status":"closed","ping_status":"closed","template":"","meta":{"ngg_post_thumbnail":0,"footnotes":""},"aioseo_notices":[],"_links":{"self":[{"href":"https:\/\/blogsaverroes.juntadeandalucia.es\/sanjosemontilla\/wp-json\/wp\/v2\/pages\/328"}],"collection":[{"href":"https:\/\/blogsaverroes.juntadeandalucia.es\/sanjosemontilla\/wp-json\/wp\/v2\/pages"}],"about":[{"href":"https:\/\/blogsaverroes.juntadeandalucia.es\/sanjosemontilla\/wp-json\/wp\/v2\/types\/page"}],"author":[{"embeddable":true,"href":"https:\/\/blogsaverroes.juntadeandalucia.es\/sanjosemontilla\/wp-json\/wp\/v2\/users\/19787"}],"replies":[{"embeddable":true,"href":"https:\/\/blogsaverroes.juntadeandalucia.es\/sanjosemontilla\/wp-json\/wp\/v2\/comments?post=328"}],"version-history":[{"count":120,"href":"https:\/\/blogsaverroes.juntadeandalucia.es\/sanjosemontilla\/wp-json\/wp\/v2\/pages\/328\/revisions"}],"predecessor-version":[{"id":3136,"href":"https:\/\/blogsaverroes.juntadeandalucia.es\/sanjosemontilla\/wp-json\/wp\/v2\/pages\/328\/revisions\/3136"}],"wp:attachment":[{"href":"https:\/\/blogsaverroes.juntadeandalucia.es\/sanjosemontilla\/wp-json\/wp\/v2\/media?parent=328"}],"curies":[{"name":"wp","href":"https:\/\/api.w.org\/{rel}","templated":true}]}}