{"id":393,"date":"2024-11-10T10:29:54","date_gmt":"2024-11-10T09:29:54","guid":{"rendered":"https:\/\/blogsaverroes.juntadeandalucia.es\/sanjosemontilla\/?page_id=393"},"modified":"2026-04-28T17:54:18","modified_gmt":"2026-04-28T15:54:18","slug":"biblioteca","status":"publish","type":"page","link":"https:\/\/blogsaverroes.juntadeandalucia.es\/sanjosemontilla\/biblioteca\/","title":{"rendered":"Biblioteca"},"content":{"rendered":"\t\t<div data-elementor-type=\"wp-page\" data-elementor-id=\"393\" class=\"elementor elementor-393\">\n\t\t\t\t<div class=\"elementor-element elementor-element-4a4d8eb e-flex e-con-boxed elementor-invisible e-con e-parent\" data-id=\"4a4d8eb\" data-element_type=\"container\" data-settings=\"{&quot;background_background&quot;:&quot;classic&quot;,&quot;animation&quot;:&quot;fadeInDown&quot;}\">\n\t\t\t\t\t<div class=\"e-con-inner\">\n\t\t\t\t<div class=\"elementor-element elementor-element-17dfd8e elementor-position-top elementor-widget elementor-widget-image-box\" data-id=\"17dfd8e\" data-element_type=\"widget\" data-widget_type=\"image-box.default\">\n\t\t\t\t<div class=\"elementor-widget-container\">\n\t\t\t\t\t<div class=\"elementor-image-box-wrapper\"><figure class=\"elementor-image-box-img\"><img fetchpriority=\"high\" decoding=\"async\" width=\"388\" height=\"130\" src=\"https:\/\/blogsaverroes.juntadeandalucia.es\/sanjosemontilla\/files\/2024\/10\/biblioweb.jpg\" class=\"attachment-full size-full wp-image-256\" alt=\"\" srcset=\"https:\/\/blogsaverroes.juntadeandalucia.es\/sanjosemontilla\/files\/2024\/10\/biblioweb.jpg 388w, https:\/\/blogsaverroes.juntadeandalucia.es\/sanjosemontilla\/files\/2024\/10\/biblioweb-300x101.jpg 300w\" sizes=\"(max-width: 388px) 100vw, 388px\" \/><\/figure><div class=\"elementor-image-box-content\"><h3 class=\"elementor-image-box-title\">Plan Lector y Biblioteca<\/h3><p class=\"elementor-image-box-description\">El Plan lector y Biblioteca se encarga de gestionar la biblioteca del centro y tambi\u00e9n de impulsar la lectura proporcionando herramientas y recursos a la comunidad educativa para el desarrollo de actividades encaminadas al fomento de la lectura en nuestro alumnado.<\/p><\/div><\/div>\t\t\t\t<\/div>\n\t\t\t\t<\/div>\n\t\t\t\t\t<\/div>\n\t\t\t\t<\/div>\n\t\t<div class=\"elementor-element elementor-element-b750f1d e-flex e-con-boxed e-con e-parent\" data-id=\"b750f1d\" data-element_type=\"container\">\n\t\t\t\t\t<div class=\"e-con-inner\">\n\t\t\t\t<div class=\"elementor-element elementor-element-86d7174 elementor-widget-divider--view-line elementor-widget elementor-widget-divider\" data-id=\"86d7174\" data-element_type=\"widget\" data-widget_type=\"divider.default\">\n\t\t\t\t<div class=\"elementor-widget-container\">\n\t\t\t\t\t\t\t<div class=\"elementor-divider\">\n\t\t\t<span class=\"elementor-divider-separator\">\n\t\t\t\t\t\t<\/span>\n\t\t<\/div>\n\t\t\t\t\t\t<\/div>\n\t\t\t\t<\/div>\n\t\t\t\t\t<\/div>\n\t\t\t\t<\/div>\n\t\t<div class=\"elementor-element elementor-element-69e5056 e-flex e-con-boxed e-con e-parent\" data-id=\"69e5056\" data-element_type=\"container\">\n\t\t\t\t\t<div class=\"e-con-inner\">\n\t\t\t\t<div class=\"elementor-element elementor-element-140d7bb elementor-widget elementor-widget-text-editor\" data-id=\"140d7bb\" data-element_type=\"widget\" data-widget_type=\"text-editor.default\">\n\t\t\t\t<div class=\"elementor-widget-container\">\n\t\t\t\t\t\t\t\t\t<p style=\"text-align: justify\"><img decoding=\"async\" class=\"size-full wp-image-3093 aligncenter\" src=\"https:\/\/blogsaverroes.juntadeandalucia.es\/sanjosemontilla\/files\/2026\/04\/biblioteca_inf.png\" alt=\"\" width=\"272\" height=\"203\" \/>Con motivo del D\u00eda del Libro, los alumnos y alumnas de Infantil han visitado la Biblioteca Municipal. All\u00ed, con la participaci\u00f3n de las madres, han conocido maravillosas aventuras de los Libros.<\/p><p style=\"text-align: center\">Las fotos, <a href=\"https:\/\/blogsaverroes.juntadeandalucia.es\/sanjosemontilla\/files\/2026\/04\/biblioteca_inf.mp4\" target=\"_blank\" rel=\"noopener\">AQU\u00cd.<\/a><\/p>\t\t\t\t\t\t\t\t<\/div>\n\t\t\t\t<\/div>\n\t\t\t\t\t<\/div>\n\t\t\t\t<\/div>\n\t\t<div class=\"elementor-element elementor-element-01811d6 e-flex e-con-boxed e-con e-parent\" data-id=\"01811d6\" data-element_type=\"container\">\n\t\t\t\t\t<div class=\"e-con-inner\">\n\t\t\t\t<div class=\"elementor-element elementor-element-523a7cb elementor-widget-divider--view-line elementor-widget elementor-widget-divider\" data-id=\"523a7cb\" data-element_type=\"widget\" data-widget_type=\"divider.default\">\n\t\t\t\t<div class=\"elementor-widget-container\">\n\t\t\t\t\t\t\t<div class=\"elementor-divider\">\n\t\t\t<span class=\"elementor-divider-separator\">\n\t\t\t\t\t\t<\/span>\n\t\t<\/div>\n\t\t\t\t\t\t<\/div>\n\t\t\t\t<\/div>\n\t\t\t\t\t<\/div>\n\t\t\t\t<\/div>\n\t\t<div class=\"elementor-element elementor-element-6a1004a e-flex e-con-boxed e-con e-parent\" data-id=\"6a1004a\" data-element_type=\"container\">\n\t\t\t\t\t<div class=\"e-con-inner\">\n\t\t\t\t<div class=\"elementor-element elementor-element-1ed7434 elementor-widget elementor-widget-text-editor\" data-id=\"1ed7434\" data-element_type=\"widget\" data-widget_type=\"text-editor.default\">\n\t\t\t\t<div class=\"elementor-widget-container\">\n\t\t\t\t\t\t\t\t\t<p style=\"text-align: center\"><a href=\"https:\/\/blogsaverroes.juntadeandalucia.es\/sanjosemontilla\/files\/2026\/04\/LIBRO4.mp4\" target=\"_blank\" rel=\"noopener\"><img decoding=\"async\" class=\"size-medium wp-image-3088 aligncenter\" src=\"https:\/\/blogsaverroes.juntadeandalucia.es\/sanjosemontilla\/files\/2026\/04\/libro-300x220.png\" alt=\"\" width=\"300\" height=\"220\" srcset=\"https:\/\/blogsaverroes.juntadeandalucia.es\/sanjosemontilla\/files\/2026\/04\/libro-300x220.png 300w, https:\/\/blogsaverroes.juntadeandalucia.es\/sanjosemontilla\/files\/2026\/04\/libro.png 347w\" sizes=\"(max-width: 300px) 100vw, 300px\" \/><\/a>Lo mejor del D\u00eda del Libro, <a href=\"https:\/\/blogsaverroes.juntadeandalucia.es\/sanjosemontilla\/files\/2026\/04\/LIBRO4.mp4\" target=\"_blank\" rel=\"noopener\">AQU\u00cd<\/a>.<\/p>\t\t\t\t\t\t\t\t<\/div>\n\t\t\t\t<\/div>\n\t\t\t\t\t<\/div>\n\t\t\t\t<\/div>\n\t\t<div class=\"elementor-element elementor-element-2e162e9 e-flex e-con-boxed e-con e-parent\" data-id=\"2e162e9\" data-element_type=\"container\">\n\t\t\t\t\t<div class=\"e-con-inner\">\n\t\t\t\t<div class=\"elementor-element elementor-element-d5c2068 elementor-widget-divider--view-line elementor-widget elementor-widget-divider\" data-id=\"d5c2068\" data-element_type=\"widget\" data-widget_type=\"divider.default\">\n\t\t\t\t<div class=\"elementor-widget-container\">\n\t\t\t\t\t\t\t<div class=\"elementor-divider\">\n\t\t\t<span class=\"elementor-divider-separator\">\n\t\t\t\t\t\t<\/span>\n\t\t<\/div>\n\t\t\t\t\t\t<\/div>\n\t\t\t\t<\/div>\n\t\t\t\t\t<\/div>\n\t\t\t\t<\/div>\n\t\t<div class=\"elementor-element elementor-element-9c1bc09 e-flex e-con-boxed e-con e-parent\" data-id=\"9c1bc09\" data-element_type=\"container\" data-settings=\"{&quot;background_background&quot;:&quot;classic&quot;}\">\n\t\t\t\t\t<div class=\"e-con-inner\">\n\t\t\t\t<div class=\"elementor-element elementor-element-6ff7c64 elementor-widget elementor-widget-text-editor\" data-id=\"6ff7c64\" data-element_type=\"widget\" data-widget_type=\"text-editor.default\">\n\t\t\t\t<div class=\"elementor-widget-container\">\n\t\t\t\t\t\t\t\t\t<p style=\"text-align: center\"><strong><span id=\"lectura\" style=\"font-size: 14pt\">D\u00cdA DE LA LECTURA EN ANDALUC\u00cdA<\/span><\/strong><\/p>\n<p style=\"text-align: justify\">A lo largo de la semana y con motivo del D\u00eda de la Lectura en Andaluc\u00eda se han realizado diversas actividades en la biblioteca de nuestro cole y en las aulas con el objetivo para promover el gusto y el h\u00e1bito de leer.\nLos ni\u00f1os y ni\u00f1as de infantil han disfrutado de cuentacuentos relacionando la efem\u00e9ride con el tema de la Navidad.<\/p>\nLas actividades en el primer y segundo ciclo se han centrado en la promoci\u00f3n de la lectura a trav\u00e9s de la gamificacion. Han participado en un scape room donde se han conjugado lectura, juego y trabajo en equipo.\nEl alumnado de tercer ciclo est\u00e1 disfrutando de lecturas en formato digital, pasatiempos navide\u00f1os y un pasapalabra, todo con tem\u00e1tica navide\u00f1a.\t\t\t\t\t\t\t\t<\/div>\n\t\t\t\t<\/div>\n\t\t\t\t<div class=\"elementor-element elementor-element-236d1a7 elementor-arrows-position-inside elementor-pagination-position-outside elementor-widget elementor-widget-image-carousel\" data-id=\"236d1a7\" data-element_type=\"widget\" data-settings=\"{&quot;slides_to_show&quot;:&quot;5&quot;,&quot;navigation&quot;:&quot;both&quot;,&quot;autoplay&quot;:&quot;yes&quot;,&quot;pause_on_hover&quot;:&quot;yes&quot;,&quot;pause_on_interaction&quot;:&quot;yes&quot;,&quot;autoplay_speed&quot;:5000,&quot;infinite&quot;:&quot;yes&quot;,&quot;speed&quot;:500}\" data-widget_type=\"image-carousel.default\">\n\t\t\t\t<div class=\"elementor-widget-container\">\n\t\t\t\t\t\t\t<div class=\"elementor-image-carousel-wrapper swiper\" role=\"region\" aria-roledescription=\"carousel\" aria-label=\"Carrusel de im\u00e1genes\" dir=\"ltr\">\n\t\t\t<div class=\"elementor-image-carousel swiper-wrapper\" aria-live=\"off\">\n\t\t\t\t\t\t\t\t<div class=\"swiper-slide\" role=\"group\" aria-roledescription=\"slide\" aria-label=\"1 de 17\"><a data-elementor-open-lightbox=\"yes\" data-elementor-lightbox-slideshow=\"236d1a7\" data-elementor-lightbox-title=\"dia_lectura_01\" data-e-action-hash=\"#elementor-action%3Aaction%3Dlightbox%26settings%3DeyJpZCI6IjI0MjciLCJ1cmwiOiJodHRwczpcL1wvYmxvZ3NhdmVycm9lcy5qdW50YWRlYW5kYWx1Y2lhLmVzXC9zYW5qb3NlbW9udGlsbGFcL2ZpbGVzXC8yMDI1XC8xMlwvZGlhX2xlY3R1cmFfMDEuanBnIiwic2xpZGVzaG93IjoiMjM2ZDFhNyJ9\" href=\"https:\/\/blogsaverroes.juntadeandalucia.es\/sanjosemontilla\/files\/2025\/12\/dia_lectura_01.jpg\"><figure class=\"swiper-slide-inner\"><img decoding=\"async\" class=\"swiper-slide-image\" src=\"https:\/\/blogsaverroes.juntadeandalucia.es\/sanjosemontilla\/files\/2025\/12\/dia_lectura_01-150x150.jpg\" alt=\"dia_lectura_01\" \/><\/figure><\/a><\/div><div class=\"swiper-slide\" role=\"group\" aria-roledescription=\"slide\" aria-label=\"2 de 17\"><a data-elementor-open-lightbox=\"yes\" data-elementor-lightbox-slideshow=\"236d1a7\" data-elementor-lightbox-title=\"dia_lectura_02\" data-e-action-hash=\"#elementor-action%3Aaction%3Dlightbox%26settings%3DeyJpZCI6IjI0MjgiLCJ1cmwiOiJodHRwczpcL1wvYmxvZ3NhdmVycm9lcy5qdW50YWRlYW5kYWx1Y2lhLmVzXC9zYW5qb3NlbW9udGlsbGFcL2ZpbGVzXC8yMDI1XC8xMlwvZGlhX2xlY3R1cmFfMDIuanBnIiwic2xpZGVzaG93IjoiMjM2ZDFhNyJ9\" href=\"https:\/\/blogsaverroes.juntadeandalucia.es\/sanjosemontilla\/files\/2025\/12\/dia_lectura_02.jpg\"><figure class=\"swiper-slide-inner\"><img decoding=\"async\" class=\"swiper-slide-image\" src=\"https:\/\/blogsaverroes.juntadeandalucia.es\/sanjosemontilla\/files\/2025\/12\/dia_lectura_02-150x150.jpg\" alt=\"dia_lectura_02\" \/><\/figure><\/a><\/div><div class=\"swiper-slide\" role=\"group\" aria-roledescription=\"slide\" aria-label=\"3 de 17\"><a data-elementor-open-lightbox=\"yes\" data-elementor-lightbox-slideshow=\"236d1a7\" data-elementor-lightbox-title=\"dia_lectura_03\" data-e-action-hash=\"#elementor-action%3Aaction%3Dlightbox%26settings%3DeyJpZCI6IjI0MjkiLCJ1cmwiOiJodHRwczpcL1wvYmxvZ3NhdmVycm9lcy5qdW50YWRlYW5kYWx1Y2lhLmVzXC9zYW5qb3NlbW9udGlsbGFcL2ZpbGVzXC8yMDI1XC8xMlwvZGlhX2xlY3R1cmFfMDMuanBnIiwic2xpZGVzaG93IjoiMjM2ZDFhNyJ9\" href=\"https:\/\/blogsaverroes.juntadeandalucia.es\/sanjosemontilla\/files\/2025\/12\/dia_lectura_03.jpg\"><figure class=\"swiper-slide-inner\"><img decoding=\"async\" class=\"swiper-slide-image\" src=\"https:\/\/blogsaverroes.juntadeandalucia.es\/sanjosemontilla\/files\/2025\/12\/dia_lectura_03-150x150.jpg\" alt=\"dia_lectura_03\" \/><\/figure><\/a><\/div><div class=\"swiper-slide\" role=\"group\" aria-roledescription=\"slide\" aria-label=\"4 de 17\"><a data-elementor-open-lightbox=\"yes\" data-elementor-lightbox-slideshow=\"236d1a7\" data-elementor-lightbox-title=\"dia_lectura_04\" data-e-action-hash=\"#elementor-action%3Aaction%3Dlightbox%26settings%3DeyJpZCI6IjI0MzAiLCJ1cmwiOiJodHRwczpcL1wvYmxvZ3NhdmVycm9lcy5qdW50YWRlYW5kYWx1Y2lhLmVzXC9zYW5qb3NlbW9udGlsbGFcL2ZpbGVzXC8yMDI1XC8xMlwvZGlhX2xlY3R1cmFfMDQuanBnIiwic2xpZGVzaG93IjoiMjM2ZDFhNyJ9\" href=\"https:\/\/blogsaverroes.juntadeandalucia.es\/sanjosemontilla\/files\/2025\/12\/dia_lectura_04.jpg\"><figure class=\"swiper-slide-inner\"><img decoding=\"async\" class=\"swiper-slide-image\" src=\"https:\/\/blogsaverroes.juntadeandalucia.es\/sanjosemontilla\/files\/2025\/12\/dia_lectura_04-150x150.jpg\" alt=\"dia_lectura_04\" \/><\/figure><\/a><\/div><div class=\"swiper-slide\" role=\"group\" aria-roledescription=\"slide\" aria-label=\"5 de 17\"><a data-elementor-open-lightbox=\"yes\" data-elementor-lightbox-slideshow=\"236d1a7\" data-elementor-lightbox-title=\"dia_lectura_05\" data-e-action-hash=\"#elementor-action%3Aaction%3Dlightbox%26settings%3DeyJpZCI6IjI0MzEiLCJ1cmwiOiJodHRwczpcL1wvYmxvZ3NhdmVycm9lcy5qdW50YWRlYW5kYWx1Y2lhLmVzXC9zYW5qb3NlbW9udGlsbGFcL2ZpbGVzXC8yMDI1XC8xMlwvZGlhX2xlY3R1cmFfMDUuanBnIiwic2xpZGVzaG93IjoiMjM2ZDFhNyJ9\" href=\"https:\/\/blogsaverroes.juntadeandalucia.es\/sanjosemontilla\/files\/2025\/12\/dia_lectura_05.jpg\"><figure class=\"swiper-slide-inner\"><img decoding=\"async\" class=\"swiper-slide-image\" src=\"https:\/\/blogsaverroes.juntadeandalucia.es\/sanjosemontilla\/files\/2025\/12\/dia_lectura_05-150x150.jpg\" alt=\"dia_lectura_05\" \/><\/figure><\/a><\/div><div class=\"swiper-slide\" role=\"group\" aria-roledescription=\"slide\" aria-label=\"6 de 17\"><a data-elementor-open-lightbox=\"yes\" data-elementor-lightbox-slideshow=\"236d1a7\" data-elementor-lightbox-title=\"dia_lectura_06\" data-e-action-hash=\"#elementor-action%3Aaction%3Dlightbox%26settings%3DeyJpZCI6IjI0MzIiLCJ1cmwiOiJodHRwczpcL1wvYmxvZ3NhdmVycm9lcy5qdW50YWRlYW5kYWx1Y2lhLmVzXC9zYW5qb3NlbW9udGlsbGFcL2ZpbGVzXC8yMDI1XC8xMlwvZGlhX2xlY3R1cmFfMDYuanBnIiwic2xpZGVzaG93IjoiMjM2ZDFhNyJ9\" href=\"https:\/\/blogsaverroes.juntadeandalucia.es\/sanjosemontilla\/files\/2025\/12\/dia_lectura_06.jpg\"><figure class=\"swiper-slide-inner\"><img decoding=\"async\" class=\"swiper-slide-image\" src=\"https:\/\/blogsaverroes.juntadeandalucia.es\/sanjosemontilla\/files\/2025\/12\/dia_lectura_06-150x150.jpg\" alt=\"dia_lectura_06\" \/><\/figure><\/a><\/div><div class=\"swiper-slide\" role=\"group\" aria-roledescription=\"slide\" aria-label=\"7 de 17\"><a data-elementor-open-lightbox=\"yes\" data-elementor-lightbox-slideshow=\"236d1a7\" data-elementor-lightbox-title=\"dia_lectura_07\" data-e-action-hash=\"#elementor-action%3Aaction%3Dlightbox%26settings%3DeyJpZCI6IjI0MzMiLCJ1cmwiOiJodHRwczpcL1wvYmxvZ3NhdmVycm9lcy5qdW50YWRlYW5kYWx1Y2lhLmVzXC9zYW5qb3NlbW9udGlsbGFcL2ZpbGVzXC8yMDI1XC8xMlwvZGlhX2xlY3R1cmFfMDcuanBnIiwic2xpZGVzaG93IjoiMjM2ZDFhNyJ9\" href=\"https:\/\/blogsaverroes.juntadeandalucia.es\/sanjosemontilla\/files\/2025\/12\/dia_lectura_07.jpg\"><figure class=\"swiper-slide-inner\"><img decoding=\"async\" class=\"swiper-slide-image\" src=\"https:\/\/blogsaverroes.juntadeandalucia.es\/sanjosemontilla\/files\/2025\/12\/dia_lectura_07-150x150.jpg\" alt=\"dia_lectura_07\" \/><\/figure><\/a><\/div><div class=\"swiper-slide\" role=\"group\" aria-roledescription=\"slide\" aria-label=\"8 de 17\"><a data-elementor-open-lightbox=\"yes\" data-elementor-lightbox-slideshow=\"236d1a7\" data-elementor-lightbox-title=\"dia_lectura_08\" data-e-action-hash=\"#elementor-action%3Aaction%3Dlightbox%26settings%3DeyJpZCI6IjI0MzQiLCJ1cmwiOiJodHRwczpcL1wvYmxvZ3NhdmVycm9lcy5qdW50YWRlYW5kYWx1Y2lhLmVzXC9zYW5qb3NlbW9udGlsbGFcL2ZpbGVzXC8yMDI1XC8xMlwvZGlhX2xlY3R1cmFfMDguanBnIiwic2xpZGVzaG93IjoiMjM2ZDFhNyJ9\" href=\"https:\/\/blogsaverroes.juntadeandalucia.es\/sanjosemontilla\/files\/2025\/12\/dia_lectura_08.jpg\"><figure class=\"swiper-slide-inner\"><img decoding=\"async\" class=\"swiper-slide-image\" src=\"https:\/\/blogsaverroes.juntadeandalucia.es\/sanjosemontilla\/files\/2025\/12\/dia_lectura_08-150x150.jpg\" alt=\"dia_lectura_08\" \/><\/figure><\/a><\/div><div class=\"swiper-slide\" role=\"group\" aria-roledescription=\"slide\" aria-label=\"9 de 17\"><a data-elementor-open-lightbox=\"yes\" data-elementor-lightbox-slideshow=\"236d1a7\" data-elementor-lightbox-title=\"dia_lectura_09\" data-e-action-hash=\"#elementor-action%3Aaction%3Dlightbox%26settings%3DeyJpZCI6IjI0MzUiLCJ1cmwiOiJodHRwczpcL1wvYmxvZ3NhdmVycm9lcy5qdW50YWRlYW5kYWx1Y2lhLmVzXC9zYW5qb3NlbW9udGlsbGFcL2ZpbGVzXC8yMDI1XC8xMlwvZGlhX2xlY3R1cmFfMDkuanBnIiwic2xpZGVzaG93IjoiMjM2ZDFhNyJ9\" href=\"https:\/\/blogsaverroes.juntadeandalucia.es\/sanjosemontilla\/files\/2025\/12\/dia_lectura_09.jpg\"><figure class=\"swiper-slide-inner\"><img decoding=\"async\" class=\"swiper-slide-image\" src=\"https:\/\/blogsaverroes.juntadeandalucia.es\/sanjosemontilla\/files\/2025\/12\/dia_lectura_09-150x150.jpg\" alt=\"dia_lectura_09\" \/><\/figure><\/a><\/div><div class=\"swiper-slide\" role=\"group\" aria-roledescription=\"slide\" aria-label=\"10 de 17\"><a data-elementor-open-lightbox=\"yes\" data-elementor-lightbox-slideshow=\"236d1a7\" data-elementor-lightbox-title=\"dia_lectura_10\" data-e-action-hash=\"#elementor-action%3Aaction%3Dlightbox%26settings%3DeyJpZCI6IjI0MzYiLCJ1cmwiOiJodHRwczpcL1wvYmxvZ3NhdmVycm9lcy5qdW50YWRlYW5kYWx1Y2lhLmVzXC9zYW5qb3NlbW9udGlsbGFcL2ZpbGVzXC8yMDI1XC8xMlwvZGlhX2xlY3R1cmFfMTAuanBnIiwic2xpZGVzaG93IjoiMjM2ZDFhNyJ9\" href=\"https:\/\/blogsaverroes.juntadeandalucia.es\/sanjosemontilla\/files\/2025\/12\/dia_lectura_10.jpg\"><figure class=\"swiper-slide-inner\"><img decoding=\"async\" class=\"swiper-slide-image\" src=\"https:\/\/blogsaverroes.juntadeandalucia.es\/sanjosemontilla\/files\/2025\/12\/dia_lectura_10-150x150.jpg\" alt=\"dia_lectura_10\" \/><\/figure><\/a><\/div><div class=\"swiper-slide\" role=\"group\" aria-roledescription=\"slide\" aria-label=\"11 de 17\"><a data-elementor-open-lightbox=\"yes\" data-elementor-lightbox-slideshow=\"236d1a7\" data-elementor-lightbox-title=\"dia_lectura_11\" data-e-action-hash=\"#elementor-action%3Aaction%3Dlightbox%26settings%3DeyJpZCI6IjI0MzciLCJ1cmwiOiJodHRwczpcL1wvYmxvZ3NhdmVycm9lcy5qdW50YWRlYW5kYWx1Y2lhLmVzXC9zYW5qb3NlbW9udGlsbGFcL2ZpbGVzXC8yMDI1XC8xMlwvZGlhX2xlY3R1cmFfMTEuanBnIiwic2xpZGVzaG93IjoiMjM2ZDFhNyJ9\" href=\"https:\/\/blogsaverroes.juntadeandalucia.es\/sanjosemontilla\/files\/2025\/12\/dia_lectura_11.jpg\"><figure class=\"swiper-slide-inner\"><img decoding=\"async\" class=\"swiper-slide-image\" src=\"https:\/\/blogsaverroes.juntadeandalucia.es\/sanjosemontilla\/files\/2025\/12\/dia_lectura_11-150x150.jpg\" alt=\"dia_lectura_11\" \/><\/figure><\/a><\/div><div class=\"swiper-slide\" role=\"group\" aria-roledescription=\"slide\" aria-label=\"12 de 17\"><a data-elementor-open-lightbox=\"yes\" data-elementor-lightbox-slideshow=\"236d1a7\" data-elementor-lightbox-title=\"dia_lectura_12\" data-e-action-hash=\"#elementor-action%3Aaction%3Dlightbox%26settings%3DeyJpZCI6IjI0MzgiLCJ1cmwiOiJodHRwczpcL1wvYmxvZ3NhdmVycm9lcy5qdW50YWRlYW5kYWx1Y2lhLmVzXC9zYW5qb3NlbW9udGlsbGFcL2ZpbGVzXC8yMDI1XC8xMlwvZGlhX2xlY3R1cmFfMTIuanBnIiwic2xpZGVzaG93IjoiMjM2ZDFhNyJ9\" href=\"https:\/\/blogsaverroes.juntadeandalucia.es\/sanjosemontilla\/files\/2025\/12\/dia_lectura_12.jpg\"><figure class=\"swiper-slide-inner\"><img decoding=\"async\" class=\"swiper-slide-image\" src=\"https:\/\/blogsaverroes.juntadeandalucia.es\/sanjosemontilla\/files\/2025\/12\/dia_lectura_12-150x150.jpg\" alt=\"dia_lectura_12\" \/><\/figure><\/a><\/div><div class=\"swiper-slide\" role=\"group\" aria-roledescription=\"slide\" aria-label=\"13 de 17\"><a data-elementor-open-lightbox=\"yes\" data-elementor-lightbox-slideshow=\"236d1a7\" data-elementor-lightbox-title=\"dia_lectura_13\" data-e-action-hash=\"#elementor-action%3Aaction%3Dlightbox%26settings%3DeyJpZCI6IjI0MzkiLCJ1cmwiOiJodHRwczpcL1wvYmxvZ3NhdmVycm9lcy5qdW50YWRlYW5kYWx1Y2lhLmVzXC9zYW5qb3NlbW9udGlsbGFcL2ZpbGVzXC8yMDI1XC8xMlwvZGlhX2xlY3R1cmFfMTMuanBnIiwic2xpZGVzaG93IjoiMjM2ZDFhNyJ9\" href=\"https:\/\/blogsaverroes.juntadeandalucia.es\/sanjosemontilla\/files\/2025\/12\/dia_lectura_13.jpg\"><figure class=\"swiper-slide-inner\"><img decoding=\"async\" class=\"swiper-slide-image\" src=\"https:\/\/blogsaverroes.juntadeandalucia.es\/sanjosemontilla\/files\/2025\/12\/dia_lectura_13-150x150.jpg\" alt=\"dia_lectura_13\" \/><\/figure><\/a><\/div><div class=\"swiper-slide\" role=\"group\" aria-roledescription=\"slide\" aria-label=\"14 de 17\"><a data-elementor-open-lightbox=\"yes\" data-elementor-lightbox-slideshow=\"236d1a7\" data-elementor-lightbox-title=\"dia_lectura_14\" data-e-action-hash=\"#elementor-action%3Aaction%3Dlightbox%26settings%3DeyJpZCI6IjI0NDAiLCJ1cmwiOiJodHRwczpcL1wvYmxvZ3NhdmVycm9lcy5qdW50YWRlYW5kYWx1Y2lhLmVzXC9zYW5qb3NlbW9udGlsbGFcL2ZpbGVzXC8yMDI1XC8xMlwvZGlhX2xlY3R1cmFfMTQuanBnIiwic2xpZGVzaG93IjoiMjM2ZDFhNyJ9\" href=\"https:\/\/blogsaverroes.juntadeandalucia.es\/sanjosemontilla\/files\/2025\/12\/dia_lectura_14.jpg\"><figure class=\"swiper-slide-inner\"><img decoding=\"async\" class=\"swiper-slide-image\" src=\"https:\/\/blogsaverroes.juntadeandalucia.es\/sanjosemontilla\/files\/2025\/12\/dia_lectura_14-150x150.jpg\" alt=\"dia_lectura_14\" \/><\/figure><\/a><\/div><div class=\"swiper-slide\" role=\"group\" aria-roledescription=\"slide\" aria-label=\"15 de 17\"><a data-elementor-open-lightbox=\"yes\" data-elementor-lightbox-slideshow=\"236d1a7\" data-elementor-lightbox-title=\"dia_lectura_15\" data-e-action-hash=\"#elementor-action%3Aaction%3Dlightbox%26settings%3DeyJpZCI6IjI0NDEiLCJ1cmwiOiJodHRwczpcL1wvYmxvZ3NhdmVycm9lcy5qdW50YWRlYW5kYWx1Y2lhLmVzXC9zYW5qb3NlbW9udGlsbGFcL2ZpbGVzXC8yMDI1XC8xMlwvZGlhX2xlY3R1cmFfMTUuanBnIiwic2xpZGVzaG93IjoiMjM2ZDFhNyJ9\" href=\"https:\/\/blogsaverroes.juntadeandalucia.es\/sanjosemontilla\/files\/2025\/12\/dia_lectura_15.jpg\"><figure class=\"swiper-slide-inner\"><img decoding=\"async\" class=\"swiper-slide-image\" src=\"https:\/\/blogsaverroes.juntadeandalucia.es\/sanjosemontilla\/files\/2025\/12\/dia_lectura_15-150x150.jpg\" alt=\"dia_lectura_15\" \/><\/figure><\/a><\/div><div class=\"swiper-slide\" role=\"group\" aria-roledescription=\"slide\" aria-label=\"16 de 17\"><a data-elementor-open-lightbox=\"yes\" data-elementor-lightbox-slideshow=\"236d1a7\" data-elementor-lightbox-title=\"dia_lectura_19\" data-e-action-hash=\"#elementor-action%3Aaction%3Dlightbox%26settings%3DeyJpZCI6IjI0NDIiLCJ1cmwiOiJodHRwczpcL1wvYmxvZ3NhdmVycm9lcy5qdW50YWRlYW5kYWx1Y2lhLmVzXC9zYW5qb3NlbW9udGlsbGFcL2ZpbGVzXC8yMDI1XC8xMlwvZGlhX2xlY3R1cmFfMTkuanBnIiwic2xpZGVzaG93IjoiMjM2ZDFhNyJ9\" href=\"https:\/\/blogsaverroes.juntadeandalucia.es\/sanjosemontilla\/files\/2025\/12\/dia_lectura_19.jpg\"><figure class=\"swiper-slide-inner\"><img decoding=\"async\" class=\"swiper-slide-image\" src=\"https:\/\/blogsaverroes.juntadeandalucia.es\/sanjosemontilla\/files\/2025\/12\/dia_lectura_19-150x150.jpg\" alt=\"dia_lectura_19\" \/><\/figure><\/a><\/div><div class=\"swiper-slide\" role=\"group\" aria-roledescription=\"slide\" aria-label=\"17 de 17\"><a data-elementor-open-lightbox=\"yes\" data-elementor-lightbox-slideshow=\"236d1a7\" data-elementor-lightbox-title=\"dia_lectura_21\" data-e-action-hash=\"#elementor-action%3Aaction%3Dlightbox%26settings%3DeyJpZCI6IjI0NDQiLCJ1cmwiOiJodHRwczpcL1wvYmxvZ3NhdmVycm9lcy5qdW50YWRlYW5kYWx1Y2lhLmVzXC9zYW5qb3NlbW9udGlsbGFcL2ZpbGVzXC8yMDI1XC8xMlwvZGlhX2xlY3R1cmFfMjEuanBnIiwic2xpZGVzaG93IjoiMjM2ZDFhNyJ9\" href=\"https:\/\/blogsaverroes.juntadeandalucia.es\/sanjosemontilla\/files\/2025\/12\/dia_lectura_21.jpg\"><figure class=\"swiper-slide-inner\"><img decoding=\"async\" class=\"swiper-slide-image\" src=\"https:\/\/blogsaverroes.juntadeandalucia.es\/sanjosemontilla\/files\/2025\/12\/dia_lectura_21-150x150.jpg\" alt=\"dia_lectura_21\" \/><\/figure><\/a><\/div>\t\t\t<\/div>\n\t\t\t\t\t\t\t\t\t\t\t\t<div class=\"elementor-swiper-button elementor-swiper-button-prev\" role=\"button\" tabindex=\"0\">\n\t\t\t\t\t\t<svg aria-hidden=\"true\" class=\"e-font-icon-svg e-eicon-chevron-left\" viewBox=\"0 0 1000 1000\" xmlns=\"http:\/\/www.w3.org\/2000\/svg\"><path d=\"M646 125C629 125 613 133 604 142L308 442C296 454 292 471 292 487 292 504 296 521 308 533L604 854C617 867 629 875 646 875 663 875 679 871 692 858 704 846 713 829 713 812 713 796 708 779 692 767L438 487 692 225C700 217 708 204 708 187 708 171 704 154 692 142 675 129 663 125 646 125Z\"><\/path><\/svg>\t\t\t\t\t<\/div>\n\t\t\t\t\t<div class=\"elementor-swiper-button elementor-swiper-button-next\" role=\"button\" tabindex=\"0\">\n\t\t\t\t\t\t<svg aria-hidden=\"true\" class=\"e-font-icon-svg e-eicon-chevron-right\" viewBox=\"0 0 1000 1000\" xmlns=\"http:\/\/www.w3.org\/2000\/svg\"><path d=\"M696 533C708 521 713 504 713 487 713 471 708 454 696 446L400 146C388 133 375 125 354 125 338 125 325 129 313 142 300 154 292 171 292 187 292 204 296 221 308 233L563 492 304 771C292 783 288 800 288 817 288 833 296 850 308 863 321 871 338 875 354 875 371 875 388 867 400 854L696 533Z\"><\/path><\/svg>\t\t\t\t\t<\/div>\n\t\t\t\t\n\t\t\t\t\t\t\t\t\t<div class=\"swiper-pagination\"><\/div>\n\t\t\t\t\t\t\t\t\t<\/div>\n\t\t\t\t\t\t<\/div>\n\t\t\t\t<\/div>\n\t\t\t\t\t<\/div>\n\t\t\t\t<\/div>\n\t\t<div class=\"elementor-element elementor-element-cce90b5 e-flex e-con-boxed e-con e-parent\" data-id=\"cce90b5\" data-element_type=\"container\">\n\t\t\t\t\t<div class=\"e-con-inner\">\n\t\t\t\t<div class=\"elementor-element elementor-element-682daed elementor-widget-divider--view-line elementor-widget elementor-widget-divider\" data-id=\"682daed\" data-element_type=\"widget\" data-widget_type=\"divider.default\">\n\t\t\t\t<div class=\"elementor-widget-container\">\n\t\t\t\t\t\t\t<div class=\"elementor-divider\">\n\t\t\t<span class=\"elementor-divider-separator\">\n\t\t\t\t\t\t<\/span>\n\t\t<\/div>\n\t\t\t\t\t\t<\/div>\n\t\t\t\t<\/div>\n\t\t\t\t\t<\/div>\n\t\t\t\t<\/div>\n\t\t<div class=\"elementor-element elementor-element-0b0dad1 e-flex e-con-boxed e-con e-parent\" data-id=\"0b0dad1\" data-element_type=\"container\" data-settings=\"{&quot;background_background&quot;:&quot;classic&quot;}\">\n\t\t\t\t\t<div class=\"e-con-inner\">\n\t\t\t\t<div class=\"elementor-element elementor-element-8868a51 elementor-position-left elementor-vertical-align-middle elementor-widget elementor-widget-image-box\" data-id=\"8868a51\" data-element_type=\"widget\" data-widget_type=\"image-box.default\">\n\t\t\t\t<div class=\"elementor-widget-container\">\n\t\t\t\t\t<div class=\"elementor-image-box-wrapper\"><figure class=\"elementor-image-box-img\"><img loading=\"lazy\" decoding=\"async\" width=\"747\" height=\"437\" src=\"https:\/\/blogsaverroes.juntadeandalucia.es\/sanjosemontilla\/files\/2024\/11\/agencia_detectives.png\" class=\"attachment-full size-full wp-image-415\" alt=\"\" srcset=\"https:\/\/blogsaverroes.juntadeandalucia.es\/sanjosemontilla\/files\/2024\/11\/agencia_detectives.png 747w, https:\/\/blogsaverroes.juntadeandalucia.es\/sanjosemontilla\/files\/2024\/11\/agencia_detectives-300x176.png 300w\" sizes=\"(max-width: 747px) 100vw, 747px\" \/><\/figure><div class=\"elementor-image-box-content\"><h3 class=\"elementor-image-box-title\">Agencia de detectives<\/h3><p class=\"elementor-image-box-description\">Agencia de detectives es una actividad que propone el Programa de Biblioteca para fomentar la lectura recreativa en el alumnado. Cada mes se presentar\u00e1un caso misterioso que los alumnos\/as pueden resolver mediante la lectura de las pistas, y conseguir el carnet de Detective. La actividad est\u00e1 dirigida al alumnado de Primaria y se realiza durante los recreos. <\/p><\/div><\/div>\t\t\t\t<\/div>\n\t\t\t\t<\/div>\n\t\t\t\t\t<\/div>\n\t\t\t\t<\/div>\n\t\t<div class=\"elementor-element elementor-element-7abfa16 e-flex e-con-boxed e-con e-parent\" data-id=\"7abfa16\" data-element_type=\"container\">\n\t\t\t\t\t<div class=\"e-con-inner\">\n\t\t\t\t<div class=\"elementor-element elementor-element-81ae8cc elementor-widget-divider--view-line elementor-widget elementor-widget-divider\" data-id=\"81ae8cc\" data-element_type=\"widget\" data-widget_type=\"divider.default\">\n\t\t\t\t<div class=\"elementor-widget-container\">\n\t\t\t\t\t\t\t<div class=\"elementor-divider\">\n\t\t\t<span class=\"elementor-divider-separator\">\n\t\t\t\t\t\t<\/span>\n\t\t<\/div>\n\t\t\t\t\t\t<\/div>\n\t\t\t\t<\/div>\n\t\t\t\t\t<\/div>\n\t\t\t\t<\/div>\n\t\t<div class=\"elementor-element elementor-element-9ed1ecb e-flex e-con-boxed e-con e-parent\" data-id=\"9ed1ecb\" data-element_type=\"container\" data-settings=\"{&quot;background_background&quot;:&quot;classic&quot;}\">\n\t\t\t\t\t<div class=\"e-con-inner\">\n\t\t\t\t<div class=\"elementor-element elementor-element-b0f7b67 elementor-widget elementor-widget-text-editor\" data-id=\"b0f7b67\" data-element_type=\"widget\" data-widget_type=\"text-editor.default\">\n\t\t\t\t<div class=\"elementor-widget-container\">\n\t\t\t\t\t\t\t\t\t<p style=\"text-align: center\"><strong>D\u00cdA DE LAS BIBLIOTECAS<\/strong><\/p><p><img loading=\"lazy\" decoding=\"async\" class=\"size-medium wp-image-2156 alignleft\" src=\"https:\/\/blogsaverroes.juntadeandalucia.es\/sanjosemontilla\/files\/2025\/10\/bibliotecas-300x167.png\" alt=\"\" width=\"300\" height=\"167\" srcset=\"https:\/\/blogsaverroes.juntadeandalucia.es\/sanjosemontilla\/files\/2025\/10\/bibliotecas-300x167.png 300w, https:\/\/blogsaverroes.juntadeandalucia.es\/sanjosemontilla\/files\/2025\/10\/bibliotecas.png 572w\" sizes=\"(max-width: 300px) 100vw, 300px\" \/>El 24 de octubre celebramos el d\u00eda de las Bibliotecas. Desde el Programa de Biblioteca del centro hemos preparado visitas con actividades para todos los cursos.<\/p><p style=\"text-align: center\">Las fotos, <a href=\"https:\/\/blogsaverroes.juntadeandalucia.es\/sanjosemontilla\/files\/2025\/10\/bibliotecas.mp4\" target=\"_blank\" rel=\"noopener\">AQU\u00cd<\/a>.<\/p>\t\t\t\t\t\t\t\t<\/div>\n\t\t\t\t<\/div>\n\t\t\t\t\t<\/div>\n\t\t\t\t<\/div>\n\t\t\t\t<\/div>\n\t\t","protected":false},"excerpt":{"rendered":"<p>Plan Lector y Biblioteca El Plan lector y Biblioteca se encarga de gestionar la biblioteca del centro y tambi\u00e9n de impulsar la lectura proporcionando herramientas y recursos a la comunidad educativa para el desarrollo de actividades encaminadas al fomento de la lectura en nuestro alumnado. Con motivo del D\u00eda del Libro, los alumnos y alumnas [&hellip;]<\/p>\n","protected":false},"author":19787,"featured_media":0,"parent":0,"menu_order":0,"comment_status":"closed","ping_status":"closed","template":"","meta":{"ngg_post_thumbnail":0,"footnotes":""},"aioseo_notices":[],"_links":{"self":[{"href":"https:\/\/blogsaverroes.juntadeandalucia.es\/sanjosemontilla\/wp-json\/wp\/v2\/pages\/393"}],"collection":[{"href":"https:\/\/blogsaverroes.juntadeandalucia.es\/sanjosemontilla\/wp-json\/wp\/v2\/pages"}],"about":[{"href":"https:\/\/blogsaverroes.juntadeandalucia.es\/sanjosemontilla\/wp-json\/wp\/v2\/types\/page"}],"author":[{"embeddable":true,"href":"https:\/\/blogsaverroes.juntadeandalucia.es\/sanjosemontilla\/wp-json\/wp\/v2\/users\/19787"}],"replies":[{"embeddable":true,"href":"https:\/\/blogsaverroes.juntadeandalucia.es\/sanjosemontilla\/wp-json\/wp\/v2\/comments?post=393"}],"version-history":[{"count":51,"href":"https:\/\/blogsaverroes.juntadeandalucia.es\/sanjosemontilla\/wp-json\/wp\/v2\/pages\/393\/revisions"}],"predecessor-version":[{"id":3107,"href":"https:\/\/blogsaverroes.juntadeandalucia.es\/sanjosemontilla\/wp-json\/wp\/v2\/pages\/393\/revisions\/3107"}],"wp:attachment":[{"href":"https:\/\/blogsaverroes.juntadeandalucia.es\/sanjosemontilla\/wp-json\/wp\/v2\/media?parent=393"}],"curies":[{"name":"wp","href":"https:\/\/api.w.org\/{rel}","templated":true}]}}