{"id":2561,"date":"2019-03-20T08:20:58","date_gmt":"2019-03-20T08:20:58","guid":{"rendered":"https:\/\/blogsaverroes.juntadeandalucia.es\/sanlorenzo\/?page_id=2561"},"modified":"2022-05-19T08:38:04","modified_gmt":"2022-05-19T08:38:04","slug":"proyectos-y-actividades","status":"publish","type":"page","link":"https:\/\/blogsaverroes.juntadeandalucia.es\/sanlorenzo\/proyectos-y-actividades\/","title":{"rendered":"Proyectos y Actividades"},"content":{"rendered":"<h3>ESCUELA DE VERANO EN EL COLE !!<\/h3>\n<p>&nbsp;<\/p>\n<p><a href=\"https:\/\/blogsaverroes.juntadeandalucia.es\/sanlorenzo\/files\/2022\/05\/EV22-SAN-LORENZO-scaled.jpg\"><img loading=\"lazy\" decoding=\"async\" class=\"wp-image-3325 aligncenter\" src=\"https:\/\/blogsaverroes.juntadeandalucia.es\/sanlorenzo\/files\/2022\/05\/EV22-SAN-LORENZO-212x300.jpg\" alt=\"\" width=\"643\" height=\"910\" srcset=\"https:\/\/blogsaverroes.juntadeandalucia.es\/sanlorenzo\/files\/2022\/05\/EV22-SAN-LORENZO-212x300.jpg 212w, https:\/\/blogsaverroes.juntadeandalucia.es\/sanlorenzo\/files\/2022\/05\/EV22-SAN-LORENZO-724x1024.jpg 724w, https:\/\/blogsaverroes.juntadeandalucia.es\/sanlorenzo\/files\/2022\/05\/EV22-SAN-LORENZO-768x1086.jpg 768w, https:\/\/blogsaverroes.juntadeandalucia.es\/sanlorenzo\/files\/2022\/05\/EV22-SAN-LORENZO-1086x1536.jpg 1086w, https:\/\/blogsaverroes.juntadeandalucia.es\/sanlorenzo\/files\/2022\/05\/EV22-SAN-LORENZO-1449x2048.jpg 1449w, https:\/\/blogsaverroes.juntadeandalucia.es\/sanlorenzo\/files\/2022\/05\/EV22-SAN-LORENZO-scaled.jpg 1132w\" sizes=\"(max-width: 643px) 100vw, 643px\" \/><\/a><\/p>\n<p><!--nextpage--><\/p>\n<h3><strong>CARNAVAL EN INFANTIL<\/strong><\/h3>\n<div dir=\"auto\">Ampa Mu\u00f1ices ha colaborado en la fiesta de carnaval de infantil con unos regalos para los ni\u00f1os y la aportaci\u00f3n de vasos y servilletas para la merienda de convivencia. Una tarde muy alegre y divertida en compa\u00f1\u00eda de las familias.<\/div>\n<div dir=\"auto\"><a href=\"https:\/\/blogsaverroes.juntadeandalucia.es\/sanlorenzo\/files\/2020\/03\/IMG-20200224-WA0059.jpg\">&nbsp; &nbsp; <img loading=\"lazy\" decoding=\"async\" class=\"alignnone wp-image-3003\" src=\"https:\/\/blogsaverroes.juntadeandalucia.es\/sanlorenzo\/files\/2020\/03\/IMG-20200224-WA0059-300x225.jpg\" alt=\"\" width=\"234\" height=\"175\" srcset=\"https:\/\/blogsaverroes.juntadeandalucia.es\/sanlorenzo\/files\/2020\/03\/IMG-20200224-WA0059-300x225.jpg 300w, https:\/\/blogsaverroes.juntadeandalucia.es\/sanlorenzo\/files\/2020\/03\/IMG-20200224-WA0059-768x576.jpg 768w, https:\/\/blogsaverroes.juntadeandalucia.es\/sanlorenzo\/files\/2020\/03\/IMG-20200224-WA0059-1024x768.jpg 1024w, https:\/\/blogsaverroes.juntadeandalucia.es\/sanlorenzo\/files\/2020\/03\/IMG-20200224-WA0059-24x18.jpg 24w, https:\/\/blogsaverroes.juntadeandalucia.es\/sanlorenzo\/files\/2020\/03\/IMG-20200224-WA0059-36x27.jpg 36w, https:\/\/blogsaverroes.juntadeandalucia.es\/sanlorenzo\/files\/2020\/03\/IMG-20200224-WA0059-48x36.jpg 48w, https:\/\/blogsaverroes.juntadeandalucia.es\/sanlorenzo\/files\/2020\/03\/IMG-20200224-WA0059.jpg 1600w\" sizes=\"(max-width: 234px) 100vw, 234px\" \/><\/a>&nbsp; &nbsp; &nbsp; &nbsp; &nbsp; <a href=\"https:\/\/blogsaverroes.juntadeandalucia.es\/sanlorenzo\/files\/2020\/03\/20200224_170356.jpg\"><img loading=\"lazy\" decoding=\"async\" class=\"alignnone wp-image-3005\" src=\"https:\/\/blogsaverroes.juntadeandalucia.es\/sanlorenzo\/files\/2020\/03\/20200224_170356-300x225.jpg\" alt=\"\" width=\"235\" height=\"176\" srcset=\"https:\/\/blogsaverroes.juntadeandalucia.es\/sanlorenzo\/files\/2020\/03\/20200224_170356-300x225.jpg 300w, https:\/\/blogsaverroes.juntadeandalucia.es\/sanlorenzo\/files\/2020\/03\/20200224_170356-768x576.jpg 768w, https:\/\/blogsaverroes.juntadeandalucia.es\/sanlorenzo\/files\/2020\/03\/20200224_170356-1024x768.jpg 1024w, https:\/\/blogsaverroes.juntadeandalucia.es\/sanlorenzo\/files\/2020\/03\/20200224_170356-24x18.jpg 24w, https:\/\/blogsaverroes.juntadeandalucia.es\/sanlorenzo\/files\/2020\/03\/20200224_170356-36x27.jpg 36w, https:\/\/blogsaverroes.juntadeandalucia.es\/sanlorenzo\/files\/2020\/03\/20200224_170356-48x36.jpg 48w, https:\/\/blogsaverroes.juntadeandalucia.es\/sanlorenzo\/files\/2020\/03\/20200224_170356.jpg 1600w\" sizes=\"(max-width: 235px) 100vw, 235px\" \/><\/a> &nbsp;&nbsp; &nbsp;&nbsp; &nbsp;&nbsp; &nbsp;&nbsp; <a href=\"https:\/\/blogsaverroes.juntadeandalucia.es\/sanlorenzo\/files\/2020\/03\/20200224_170403-1.jpg\"><img loading=\"lazy\" decoding=\"async\" class=\"alignnone wp-image-3008\" src=\"https:\/\/blogsaverroes.juntadeandalucia.es\/sanlorenzo\/files\/2020\/03\/20200224_170403-1-300x225.jpg\" alt=\"\" width=\"239\" height=\"179\" srcset=\"https:\/\/blogsaverroes.juntadeandalucia.es\/sanlorenzo\/files\/2020\/03\/20200224_170403-1-300x225.jpg 300w, https:\/\/blogsaverroes.juntadeandalucia.es\/sanlorenzo\/files\/2020\/03\/20200224_170403-1-768x576.jpg 768w, https:\/\/blogsaverroes.juntadeandalucia.es\/sanlorenzo\/files\/2020\/03\/20200224_170403-1-1024x768.jpg 1024w, https:\/\/blogsaverroes.juntadeandalucia.es\/sanlorenzo\/files\/2020\/03\/20200224_170403-1-24x18.jpg 24w, https:\/\/blogsaverroes.juntadeandalucia.es\/sanlorenzo\/files\/2020\/03\/20200224_170403-1-36x27.jpg 36w, https:\/\/blogsaverroes.juntadeandalucia.es\/sanlorenzo\/files\/2020\/03\/20200224_170403-1-48x36.jpg 48w, https:\/\/blogsaverroes.juntadeandalucia.es\/sanlorenzo\/files\/2020\/03\/20200224_170403-1.jpg 1600w\" sizes=\"(max-width: 239px) 100vw, 239px\" \/>&nbsp; &nbsp; &nbsp; &nbsp; &nbsp; <\/a><a href=\"https:\/\/blogsaverroes.juntadeandalucia.es\/sanlorenzo\/files\/2020\/03\/20200224_173327.jpg\"><img loading=\"lazy\" decoding=\"async\" class=\"alignnone wp-image-3006\" src=\"https:\/\/blogsaverroes.juntadeandalucia.es\/sanlorenzo\/files\/2020\/03\/20200224_173327-300x225.jpg\" alt=\"\" width=\"233\" height=\"175\" srcset=\"https:\/\/blogsaverroes.juntadeandalucia.es\/sanlorenzo\/files\/2020\/03\/20200224_173327-300x225.jpg 300w, https:\/\/blogsaverroes.juntadeandalucia.es\/sanlorenzo\/files\/2020\/03\/20200224_173327-768x576.jpg 768w, https:\/\/blogsaverroes.juntadeandalucia.es\/sanlorenzo\/files\/2020\/03\/20200224_173327-1024x768.jpg 1024w, https:\/\/blogsaverroes.juntadeandalucia.es\/sanlorenzo\/files\/2020\/03\/20200224_173327-24x18.jpg 24w, https:\/\/blogsaverroes.juntadeandalucia.es\/sanlorenzo\/files\/2020\/03\/20200224_173327-36x27.jpg 36w, https:\/\/blogsaverroes.juntadeandalucia.es\/sanlorenzo\/files\/2020\/03\/20200224_173327-48x36.jpg 48w, https:\/\/blogsaverroes.juntadeandalucia.es\/sanlorenzo\/files\/2020\/03\/20200224_173327.jpg 1600w\" sizes=\"(max-width: 233px) 100vw, 233px\" \/><\/a><\/div>\n<p><!--nextpage--><\/p>\n<h3><strong>CONCURSO AMPA.<\/strong><\/h3>\n<div dir=\"auto\">&nbsp;<\/div>\n<div dir=\"auto\">Lanzamos concurso dirigido a los padres y madres del cole. Se trata de hacer un dise\u00f1o para el letrero de la sede del AMPA. En el mismo debe poner \u00bb AMPA MU\u00d1ICES\u00bb . Deb\u00e9is de mandar vuestro dise\u00f1o al correo&nbsp;<a href=\"mailto:ampamunices@gmail.com\" target=\"_blank\" rel=\"noopener noreferrer\">ampamunices@gmail.com<\/a>&nbsp;con vuestro nombre apellidos y curso de vuestros hijos y un m\u00f3vil de contacto y adjuntar prueba de que el dise\u00f1o ha sido realizado por vosotros (fotos del trabajo, bocetos&#8230;). El plazo finaliza el pr\u00f3ximo d\u00eda 10 de febrero.<\/div>\n<div dir=\"auto\">&nbsp;<\/div>\n<div dir=\"auto\">\u00c1nimo y gracias.<\/div>\n<p><!--nextpage--><\/p>\n<h3 style=\"text-align: left\"><strong>PROYECTO BUENOS DESEOS, \u00bfY AHORA QU\u00c9?<br \/>\n<a href=\"https:\/\/blogsaverroes.juntadeandalucia.es\/sanlorenzo\/files\/2019\/03\/img37.jpg\"><img loading=\"lazy\" decoding=\"async\" class=\"size-medium wp-image-2569 aligncenter\" src=\"https:\/\/blogsaverroes.juntadeandalucia.es\/sanlorenzo\/files\/2019\/03\/img37-300x206.jpg\" alt=\"\" width=\"300\" height=\"206\"><\/a>\u201cDivertido, alegre, genial, espectacular\u2026\u201d<\/strong><\/h3>\n<p style=\"text-align: left\">Estos son algunos de los adjetivos empleados por los\/as ni\u00f1os\/as de nuestro centro, que describen su experiencia al haber participado en el proyecto Buenos Deseos, una primera propuesta de trabajo de colaboraci\u00f3n y cooperaci\u00f3n en equipo entre alumnos\/as, profesorado, direcci\u00f3n y familias, impulsada desde el Ampa durante el primer trimestre de este a\u00f1o acad\u00e9mico 2018-19.<\/p>\n<p style=\"text-align: left\"><strong>\u00bfQu\u00e9 m\u00e1s han dicho al respecto?<\/strong><\/p>\n<p style=\"text-align: left\">Al concluir este trabajo y una vez expuestos sus frutos en nuestro colegio, desde el Ampa fuimos a visitar algunas de las clases para conocer de primera mano esta experiencia, tanto por parte de los\/las protagonistas, como de sus profesores\/as, gracias a los\/las cuales este proyecto se ha hecho realidad.<\/p>\n<p style=\"text-align: left\"><strong>\u00bfQu\u00e9 es lo que hab\u00e9is aprendido de esta experiencia?<\/strong><!--more--><\/p>\n<p style=\"text-align: left\">\u201cLa experiencia de participar en el proyecto Buenos Deseos ha sido positiva. Ha sido una v\u00eda para expresar nuestros deseos. Lo que m\u00e1s nos ha gustado ha sido el trabajo en grupo por hacerse m\u00e1s r\u00e1pido y divertido que de forma individual. El trabajo en grupo ha sido cooperativo, cada uno ha aportado lo suyo con la ayuda en grupo y de escucha de diversas aportaciones. A otros\/as el trabajo en grupo no les convence tanto. Entendemos que cuando expresamos nuestros buenos deseos sentimos alegr\u00eda y una posibilidad de hacer un mundo mejor conforme a esos deseos.\u201d<\/p>\n<p style=\"text-align: left\"><strong>\u00bfC\u00f3mo os hab\u00e9is sentido al ver expuestos vuestros trabajos?<\/strong><\/p>\n<p style=\"text-align: left\">\u201cContentos\u201d, as\u00ed se definen por la exposici\u00f3n p\u00fablica de sus trabajos, pudiendo expresar de manera diferente lo que sienten y orgullosos\/as de su labor al contemplarlos todo el mundo.<\/p>\n<p style=\"text-align: left\"><strong> \u00bfCu\u00e1l es tu grado de satisfacci\u00f3n, en una escala de 1-7, de haber participado en este proyecto?<\/strong><br \/>\n7<\/p>\n<p style=\"text-align: left\"><strong>Y por parte del profesorado, resaltamos algunos de sus observaciones que nos han parecido especialmente interesantes\u2026<\/strong><\/p>\n<p style=\"text-align: left\">\u201cLa redacci\u00f3n inicial en la que basa el proyecto se realiza en casa para dedicar en clase la participaci\u00f3n en grupos.\u201d<br \/>\nEn el caso de otra profesora el foco tambi\u00e9n se puso en un trabajo de reflexi\u00f3n fuera del colegio\u2026<br \/>\n\u201cEl trabajo ha sido dirigido previamente en un diario de deseos con exposiciones. Posteriormente se han formado grupos no aleatorios guiados por la Se\u00f1o, donde se han tratado los buenos deseos en grupo. La Se\u00f1o nos destaca que es un trabajo diferente y requiere de dedicaci\u00f3n extra en tiempo.\u201d<br \/>\nNos ha llamado la atenci\u00f3n la forma en que estos\/as profesores\/as pusieron en marcha este proyecto con sus clases. Es decir, realizar trabajos creativos fuera del programa curricular, no requiere necesariamente dedicarle grandes dosis de tiempo del aula, aunque si \u201cuna dedicaci\u00f3n extra en tiempo\u201d. Conscientes de la dificultad de precisamente \u201ccubrir\u201d todo el temario en el tiempo disponible, planificar una&nbsp; cooperaci\u00f3n de esta manera se puede realizar perfectamente dentro y fuera del colegio, y estos ejemplos y testimonios pueden desmitificar la idea de que \u201cno tenemos tiempo en clase para este tipo de actividades\u201d, aunque tal vez, m\u00e1s importante a\u00fan, cabe preguntar:<\/p>\n<p style=\"text-align: left\"><strong>\u00bfTienen algo que perder nuestros\/as hijos\/as con este tipo de&nbsp;<\/strong><strong>trabajo colaborativo?<\/strong><\/p>\n<p style=\"text-align: left\">Nosotras, desde el Ampa, y bas\u00e1ndonos en esta experiencia y lo que nos comunican de ella, creemos rotundamente que NO.&nbsp;Trabajos colaborativos que sensibilizan, desde la experiencia compartida, acerca del mundo en que viven, su mundo que, en no tanto tiempo, contribuir\u00e1n a cuidar, conservar y avanzar, en ning\u00fan momento puede suponer una \u201cp\u00e9rdida\u201d de tiempo.<\/p>\n<p style=\"text-align: left\"><strong>\u00bfQu\u00e9 opinan los verdaderos\/as protagonistas de este Proyecto al<\/strong><br \/>\n<strong>respecto?<\/strong><\/p>\n<p style=\"text-align: left\">Siguiendo con los testimonios de nuestros\/as profesores\/as\u2026<br \/>\n\u201cEs un buen grupo con buenas ideas y sentimientos, que destaca el alto grado de consenso que alcanzan.&nbsp;\u201cEl trabajo en grupo ha conseguido que valoren el apoyo y ayuda entre compa\u00f1eros\/as, la aportaci\u00f3n de ideas diferentes y escuchar y pensar en los dem\u00e1s sin discutir.\u201d<br \/>\n\u201cLa organizaci\u00f3n del trabajo del grupo se encuentra en proceso de mejora.\u201d<br \/>\nEn un mundo que est\u00e1 cambiando a toda velocidad y en el que la mayor\u00eda de los puestos de trabajo en el futuro de nuestros\/as hijos\/as, en la actualidad ni siquiera existen, las competencias claves que necesitar\u00e1n para desenvolverse en el en la etapa adulta, van m\u00e1s all\u00e1 de los conocimientos. Tras un estudio exhaustivo realizado por el Foro Econ\u00f3mico Mundial en 2016, donde analizan las habilidades, competencias y<br \/>\nestrategias necesarias para desenvolverse profesionalmente en lo que denominan la Cuarta Revoluci\u00f3n Industrial, la era de la robotizaci\u00f3n,<\/p>\n<p><a href=\"https:\/\/blogsaverroes.juntadeandalucia.es\/sanlorenzo\/files\/2019\/03\/img58.jpg\"><img loading=\"lazy\" decoding=\"async\" class=\"alignnone size-medium wp-image-2571\" src=\"https:\/\/blogsaverroes.juntadeandalucia.es\/sanlorenzo\/files\/2019\/03\/img58-208x300.jpg\" alt=\"\" width=\"208\" height=\"300\"><\/a><\/p>\n<p style=\"text-align: left\">nos parece sorprendente que, en un espacio tan limitado de tiempo, las competencias humanas necesarias pueden sufrir tanta variaci\u00f3n:<\/p>\n<p><a href=\"https:\/\/blogsaverroes.juntadeandalucia.es\/sanlorenzo\/files\/2019\/03\/img51.jpg\"><img loading=\"lazy\" decoding=\"async\" class=\"alignnone wp-image-2573\" src=\"https:\/\/blogsaverroes.juntadeandalucia.es\/sanlorenzo\/files\/2019\/03\/img51-300x101.jpg\" alt=\"\" width=\"422\" height=\"142\" srcset=\"https:\/\/blogsaverroes.juntadeandalucia.es\/sanlorenzo\/files\/2019\/03\/img51-300x101.jpg 300w, https:\/\/blogsaverroes.juntadeandalucia.es\/sanlorenzo\/files\/2019\/03\/img51-24x8.jpg 24w, https:\/\/blogsaverroes.juntadeandalucia.es\/sanlorenzo\/files\/2019\/03\/img51-36x12.jpg 36w, https:\/\/blogsaverroes.juntadeandalucia.es\/sanlorenzo\/files\/2019\/03\/img51-48x16.jpg 48w, https:\/\/blogsaverroes.juntadeandalucia.es\/sanlorenzo\/files\/2019\/03\/img51.jpg 596w\" sizes=\"(max-width: 422px) 100vw, 422px\" \/><\/a><br \/>\nsiendo las competencias m\u00e1s valoradas en orden de importancia:<\/p>\n<p style=\"text-align: left\">1. Resoluci\u00f3n de Problemas Compleja<br \/>\n2. Pensamiento Critico<br \/>\n3. Creatividad<br \/>\n4. Gesti\u00f3n de Personas<br \/>\n5. Coordinarse con Otros<br \/>\n6. Inteligencia Emocional<br \/>\n7. Capacidad de Juicio y Toma de Decisiones<br \/>\n8. Orientaci\u00f3n hacia el Servicio<br \/>\n9. Negociaci\u00f3n<br \/>\n10.Flexibilidad Cognitiva<\/p>\n<p style=\"text-align: left\">2020 ya est\u00e1 aqu\u00ed y todo lo que este en nuestras manos que podamos hacer para apoyar a nuestros\/as hijos\/as para sentirse \u00fatiles, realizados\/as y felices en un mundo incierto nos parece poco.<br \/>\nDesde el Ampa, nos sentimos muy agradecidas de la clase de profesores\/as que trabajan con nuestros\/as hijos\/as, no s\u00f3lo para que adquieran determinados conocimientos, que por supuesto les ser\u00e1n \u00fatiles, sino tambi\u00e9n en su voluntad de reforzarles y acompa\u00f1arles en un trabajo que debe de empezar en casa, orient\u00e1ndoles para convertirse en la mejor versi\u00f3n de si mismos\/as.<br \/>\nSalir del individualismo imperante, sensibilizar y concienciar a nuestros\/as hijos\/as de la importancia de encontrar un significado en su vida, su sentido de \u201cmisi\u00f3n\u201d que aspira a contribuir y cuidar de nuestro mundo, y a los Seres que viven en el, no es una utopia sino una necesidad que nos afecta y nos incumbe a todos\/as.<\/p>\n<p style=\"text-align: left\"><strong>\u00bfY ahora qu\u00e9?<\/strong><\/p>\n<p style=\"text-align: left\">Creemos firmemente que la valoraci\u00f3n de nuestros\/as hijos\/as y de sus profesores\/as, adem\u00e1s de bonita, resulta fundamental para seguir nutriendo este tipo de actividad en nuestro entorno educativo en San Lorenzo, ya que una educaci\u00f3n en valores, en autoconocimiento, que fomenta el altruismo, la generosidad, nuestra capacidad de escucha, de empat\u00eda y de compasi\u00f3n, a la vez representa los pilares de una comunicaci\u00f3n respetuosa y consciente. Una conciencia que cultiva la capacidad de trabajar en equipo para llegar a soluciones m\u00e1s creativas en un mundo complejo, que favorece una toma de decisiones m\u00e1s sabia para crear una sociedad m\u00e1s sana y m\u00e1s humana, representa un todo en que todo es importante en la educaci\u00f3n para el presente y el&nbsp;futuro de nuestros hijos.<br \/>\nGracias por formar parte de este TODO, todos sumamos m\u00e1s.<\/p>\n<p style=\"text-align: left\">AMPA MU\u00d1ICES<\/p>\n","protected":false},"excerpt":{"rendered":"<p>ESCUELA DE VERANO EN EL COLE !! &nbsp;<\/p>\n","protected":false},"author":6860,"featured_media":0,"parent":0,"menu_order":0,"comment_status":"closed","ping_status":"closed","template":"","meta":{"ngg_post_thumbnail":0,"footnotes":"","_mc_calendar":[]},"aioseo_notices":[],"_links":{"self":[{"href":"https:\/\/blogsaverroes.juntadeandalucia.es\/sanlorenzo\/wp-json\/wp\/v2\/pages\/2561"}],"collection":[{"href":"https:\/\/blogsaverroes.juntadeandalucia.es\/sanlorenzo\/wp-json\/wp\/v2\/pages"}],"about":[{"href":"https:\/\/blogsaverroes.juntadeandalucia.es\/sanlorenzo\/wp-json\/wp\/v2\/types\/page"}],"author":[{"embeddable":true,"href":"https:\/\/blogsaverroes.juntadeandalucia.es\/sanlorenzo\/wp-json\/wp\/v2\/users\/6860"}],"replies":[{"embeddable":true,"href":"https:\/\/blogsaverroes.juntadeandalucia.es\/sanlorenzo\/wp-json\/wp\/v2\/comments?post=2561"}],"version-history":[{"count":13,"href":"https:\/\/blogsaverroes.juntadeandalucia.es\/sanlorenzo\/wp-json\/wp\/v2\/pages\/2561\/revisions"}],"predecessor-version":[{"id":3326,"href":"https:\/\/blogsaverroes.juntadeandalucia.es\/sanlorenzo\/wp-json\/wp\/v2\/pages\/2561\/revisions\/3326"}],"wp:attachment":[{"href":"https:\/\/blogsaverroes.juntadeandalucia.es\/sanlorenzo\/wp-json\/wp\/v2\/media?parent=2561"}],"curies":[{"name":"wp","href":"https:\/\/api.w.org\/{rel}","templated":true}]}}