{"id":2372,"date":"2018-03-19T12:12:36","date_gmt":"2018-03-19T12:12:36","guid":{"rendered":"https:\/\/blogsaverroes.juntadeandalucia.es\/sansebastianpuntaumbria\/?page_id=2372"},"modified":"2021-10-21T07:59:26","modified_gmt":"2021-10-21T07:59:26","slug":"profesorado","status":"publish","type":"page","link":"https:\/\/blogsaverroes.juntadeandalucia.es\/sansebastianpuntaumbria\/profesorado\/","title":{"rendered":"Profesorado"},"content":{"rendered":"<p><strong>Educaci\u00f3n Infantil<\/strong><\/p>\n<p><span style=\"color: #000000\"><em><strong><span style=\"text-decoration: underline\">Infantil 3 a\u00f1os<\/span><\/strong>:<\/em><\/span><\/p>\n<ul>\n<li>3 a\u00f1os A: Cristina Ca\u00f1avate Garc\u00eda<\/li>\n<li>3 a\u00f1os B: M\u00aa Luisa Ant\u00fanez Mellado<\/li>\n<\/ul>\n<p><span style=\"color: #000000\"><strong><em><span style=\"text-decoration: underline\">Infantil 4 a\u00f1os<\/span>:<\/em><\/strong><\/span><\/p>\n<ul>\n<li>4 a\u00f1os A: M\u00aa Antonia V\u00e1zquez Masca\u00f1eras<\/li>\n<li>4 a\u00f1os B: Ana M\u00aa Alonso V\u00e1zquez<\/li>\n<\/ul>\n<p><strong><span style=\"text-decoration: underline\"><em>Infantil 5 a\u00f1os<\/em><\/span>:<\/strong><\/p>\n<ul>\n<li>5 a\u00f1os A: Roc\u00edo Blanco Carrasco<\/li>\n<li>5 a\u00f1os B: Yolanda Ram\u00edrez Ruiz<\/li>\n<\/ul>\n<p>&nbsp;<\/p>\n<p><strong>Educaci\u00f3n Primaria<\/strong><\/p>\n<p><strong><span style=\"text-decoration: underline\"><em>Primer Ciclo<\/em><\/span>:<\/strong><\/p>\n<ul>\n<li>1\u00ba A : Gwendoline Vinaches G\u00f3mez<\/li>\n<li>1\u00ba B: Teresa Cinta Mart\u00ednez Ramos<\/li>\n<li>2\u00ba A: Beatriz de los \u00c1ngeles Padr\u00f3n Navarta<\/li>\n<li>2\u00ba B: Cinta Ferrer Flores<\/li>\n<\/ul>\n<p><strong><span style=\"text-decoration: underline\"><em>Segundo Ciclo<\/em><\/span>:<\/strong><\/p>\n<ul>\n<li>3\u00ba A:&nbsp; Sergio Manuel Cruz Guti\u00e9rrez<\/li>\n<li>3\u00ba B: Tania Nieto Mart\u00edn<\/li>\n<li>4\u00ba A: Mar\u00eda Rosa de F\u00e1tima Santana Gonz\u00e1lez<\/li>\n<li>4\u00ba B: Francisco David Rodr\u00edguez Lubi\u00e1n<\/li>\n<\/ul>\n<p><strong><span style=\"text-decoration: underline\"><em>Tercer Ciclo<\/em><\/span>:<\/strong><\/p>\n<ul>\n<li>5\u00ba: Tom\u00e1s Luj\u00e1n Pliego<\/li>\n<li>6\u00ba A: Mar\u00eda del Valle Feria Feria<\/li>\n<li>6\u00ba B: Miguel Chamizo Amaya<\/li>\n<\/ul>\n<p><strong>Especialistas<\/strong><\/p>\n<ol>\n<li><em><strong>Educaci\u00f3n F\u00edsica: <\/strong><\/em>Manuela Mart\u00ednez S\u00e1nchez y Tom\u00e1s Luj\u00e1n Pliego<\/li>\n<li><em><strong>Ingl\u00e9s:<\/strong><\/em> Rosario Calvo Escalante y Roc\u00edo G\u00f3mez G\u00f3mez&nbsp;<\/li>\n<li><em><strong>Pedagog\u00eda Terap\u00e9utica:<\/strong><\/em> Carmen Mar\u00eda Y\u00f3rquez Sancha<\/li>\n<li><em><strong>Audici\u00f3n y Lenguaje<\/strong><\/em>: Isabel M\u00aa Luna Cabello y Carmen Fern\u00e1ndez Bernal<\/li>\n<li><em><strong>Religi\u00f3n<\/strong><\/em>: Manuela Mar\u00eda Rojo Bautista&nbsp;<\/li>\n<li><em><strong>M\u00fasica<\/strong><\/em>: Francisco David Rodr\u00edguez Lubi\u00e1n<\/li>\n<li><strong><em>Franc\u00e9s<\/em><\/strong>: Gwendoline Vinaches G\u00f3mez<\/li>\n<li><em><strong>Compensatoria:<\/strong><\/em> Mar\u00eda Jes\u00fas Hermoso Garc\u00eda<\/li>\n<li><em><strong>Monitora de Educaci\u00f3n especial:<\/strong><\/em> Mar\u00eda Dolores Molina Alvarado<\/li>\n<li><em><strong>Auxiliar de conversaci\u00f3n:<\/strong><\/em>&nbsp;<\/li>\n<li><strong><em>Maestros\/as Biling\u00fces<\/em>:<\/strong> Beatriz de los \u00c1ngeles P\u00e9rez Navarta, Tania Nieto Mart\u00edn, Tom\u00e1s Lujan Pliego y M\u00aa del Valle Feria Feria.<\/li>\n<li><strong><em>Apoyo de Infantil<\/em>:&nbsp;<\/strong>Delia Rosa G\u00f3mez Lirola<\/li>\n<\/ol>\n<p>&nbsp;<\/p>\n<p>&nbsp;<\/p>\n<p>&nbsp;<\/p>\n","protected":false},"excerpt":{"rendered":"<p>Educaci\u00f3n Infantil Infantil 3 a\u00f1os: 3 a\u00f1os A: Cristina Ca\u00f1avate Garc\u00eda 3 a\u00f1os B: M\u00aa Luisa Ant\u00fanez Mellado Infantil 4 a\u00f1os: 4 a\u00f1os A: M\u00aa Antonia V\u00e1zquez Masca\u00f1eras 4 a\u00f1os B: Ana M\u00aa Alonso&#46;&#46;&#46;<\/p>\n","protected":false},"author":5929,"featured_media":0,"parent":0,"menu_order":0,"comment_status":"closed","ping_status":"closed","template":"","meta":{"ngg_post_thumbnail":0,"footnotes":"","_mc_calendar":[]},"aioseo_notices":[],"_links":{"self":[{"href":"https:\/\/blogsaverroes.juntadeandalucia.es\/sansebastianpuntaumbria\/wp-json\/wp\/v2\/pages\/2372"}],"collection":[{"href":"https:\/\/blogsaverroes.juntadeandalucia.es\/sansebastianpuntaumbria\/wp-json\/wp\/v2\/pages"}],"about":[{"href":"https:\/\/blogsaverroes.juntadeandalucia.es\/sansebastianpuntaumbria\/wp-json\/wp\/v2\/types\/page"}],"author":[{"embeddable":true,"href":"https:\/\/blogsaverroes.juntadeandalucia.es\/sansebastianpuntaumbria\/wp-json\/wp\/v2\/users\/5929"}],"replies":[{"embeddable":true,"href":"https:\/\/blogsaverroes.juntadeandalucia.es\/sansebastianpuntaumbria\/wp-json\/wp\/v2\/comments?post=2372"}],"version-history":[{"count":6,"href":"https:\/\/blogsaverroes.juntadeandalucia.es\/sansebastianpuntaumbria\/wp-json\/wp\/v2\/pages\/2372\/revisions"}],"predecessor-version":[{"id":3286,"href":"https:\/\/blogsaverroes.juntadeandalucia.es\/sansebastianpuntaumbria\/wp-json\/wp\/v2\/pages\/2372\/revisions\/3286"}],"wp:attachment":[{"href":"https:\/\/blogsaverroes.juntadeandalucia.es\/sansebastianpuntaumbria\/wp-json\/wp\/v2\/media?parent=2372"}],"curies":[{"name":"wp","href":"https:\/\/api.w.org\/{rel}","templated":true}]}}