{"id":1146,"date":"2023-10-19T09:57:04","date_gmt":"2023-10-19T09:57:04","guid":{"rendered":"https:\/\/blogsaverroes.juntadeandalucia.es\/sansequintob\/?page_id=1146"},"modified":"2023-10-19T10:05:06","modified_gmt":"2023-10-19T10:05:06","slug":"u1-fechas-de-caducidad","status":"publish","type":"page","link":"https:\/\/blogsaverroes.juntadeandalucia.es\/sansequintob\/u1-fechas-de-caducidad\/","title":{"rendered":"U1 Fechas de caducidad"},"content":{"rendered":"\t\t<div data-elementor-type=\"wp-page\" data-elementor-id=\"1146\" class=\"elementor elementor-1146\">\n\t\t\t\t\t\t<section class=\"elementor-section elementor-top-section elementor-element elementor-element-ac8949b elementor-section-boxed elementor-section-height-default elementor-section-height-default\" data-id=\"ac8949b\" data-element_type=\"section\">\n\t\t\t\t\t\t<div class=\"elementor-container elementor-column-gap-default\">\n\t\t\t\t\t<div class=\"elementor-column elementor-col-100 elementor-top-column elementor-element elementor-element-1fce899\" data-id=\"1fce899\" data-element_type=\"column\">\n\t\t\t<div class=\"elementor-widget-wrap elementor-element-populated\">\n\t\t\t\t\t\t<div class=\"elementor-element elementor-element-2ead5b3 elementor-widget elementor-widget-heading\" data-id=\"2ead5b3\" data-element_type=\"widget\" data-widget_type=\"heading.default\">\n\t\t\t\t<div class=\"elementor-widget-container\">\n\t\t\t\t\t<h2 class=\"elementor-heading-title elementor-size-default\">\u00cdndice<\/h2>\t\t\t\t<\/div>\n\t\t\t\t<\/div>\n\t\t\t\t\t<\/div>\n\t\t<\/div>\n\t\t\t\t\t<\/div>\n\t\t<\/section>\n\t\t\t\t<section class=\"elementor-section elementor-top-section elementor-element elementor-element-61742c1 elementor-section-boxed elementor-section-height-default elementor-section-height-default\" data-id=\"61742c1\" data-element_type=\"section\">\n\t\t\t\t\t\t<div class=\"elementor-container elementor-column-gap-default\">\n\t\t\t\t\t<div class=\"elementor-column elementor-col-100 elementor-top-column elementor-element elementor-element-00e6e2a\" data-id=\"00e6e2a\" data-element_type=\"column\">\n\t\t\t<div class=\"elementor-widget-wrap elementor-element-populated\">\n\t\t\t\t\t\t<div class=\"elementor-element elementor-element-bc9707b elementor-widget elementor-widget-text-editor\" data-id=\"bc9707b\" data-element_type=\"widget\" data-widget_type=\"text-editor.default\">\n\t\t\t\t<div class=\"elementor-widget-container\">\n\t\t\t\t\t\t\t\t\t<ol><li>Ortograf\u00eda.<br \/><ol style=\"list-style-type: lower-alpha\"><li>Reglas b\u00e1sicas de ortograf\u00eda ( <a href=\"https:\/\/www.orientacionandujar.es\/wp-content\/uploads\/2021\/03\/Pack-ortografico-@lamediapt.pdf\">apuntes<\/a>).<\/li><li>Reglas de acentuaci\u00f3n (P\u00e1g. 211).<\/li><li>Diptongo e hiato (P\u00e1g. 213).<\/li><\/ol><\/li><li>Gram\u00e1tica.<br \/><ol style=\"list-style-type: lower-alpha\"><li><a href=\"https:\/\/drive.google.com\/file\/d\/1rOwGmxFhwSELDLBoxPUd1qeB5TO2UMZY\/view\">Categor\u00edas gramaticales<\/a>.<\/li><li>Grupo nominal (P\u00e1g. 169).<\/li><li>Demostrativos (P\u00e1g. 171).<\/li><\/ol><\/li><li>Vocabulario.<ol style=\"list-style-type: lower-alpha\"><li>Palabras derivadas (P\u00e1g. 155).<\/li><li>Prefijos (P\u00e1g.156).<\/li><\/ol><\/li><li>Expresi\u00f3n escrita.<ol style=\"list-style-type: lower-alpha\"><li>Textos instructivos.<\/li><li>La receta (apuntes del cuaderno).<\/li><li>El informe (p\u00e1g. 81 y apuntes).<\/li><li>Las instrucciones (p\u00e1g. 105).<\/li><li>Conectores (llavero de expresi\u00f3n escrita).<\/li><\/ol><\/li><li>Literatura.<ol style=\"list-style-type: lower-alpha\"><li>Los recursos literarios (p\u00e1g.133 y apuntes).<\/li><\/ol><\/li><\/ol>\t\t\t\t\t\t\t\t<\/div>\n\t\t\t\t<\/div>\n\t\t\t\t\t<\/div>\n\t\t<\/div>\n\t\t\t\t\t<\/div>\n\t\t<\/section>\n\t\t\t\t<\/div>\n\t\t","protected":false},"excerpt":{"rendered":"<p>\u00cdndice Ortograf\u00eda. Reglas b\u00e1sicas de ortograf\u00eda ( apuntes). Reglas de acentuaci\u00f3n (P\u00e1g. 211). Diptongo e hiato (P\u00e1g. 213). Gram\u00e1tica. Categor\u00edas gramaticales. Grupo nominal (P\u00e1g. 169). Demostrativos (P\u00e1g. 171). Vocabulario. Palabras derivadas (P\u00e1g. 155). Prefijos&#46;&#46;&#46;<\/p>\n","protected":false},"author":13368,"featured_media":0,"parent":0,"menu_order":0,"comment_status":"closed","ping_status":"closed","template":"","meta":{"ngg_post_thumbnail":0,"footnotes":""},"aioseo_notices":[],"_links":{"self":[{"href":"https:\/\/blogsaverroes.juntadeandalucia.es\/sansequintob\/wp-json\/wp\/v2\/pages\/1146"}],"collection":[{"href":"https:\/\/blogsaverroes.juntadeandalucia.es\/sansequintob\/wp-json\/wp\/v2\/pages"}],"about":[{"href":"https:\/\/blogsaverroes.juntadeandalucia.es\/sansequintob\/wp-json\/wp\/v2\/types\/page"}],"author":[{"embeddable":true,"href":"https:\/\/blogsaverroes.juntadeandalucia.es\/sansequintob\/wp-json\/wp\/v2\/users\/13368"}],"replies":[{"embeddable":true,"href":"https:\/\/blogsaverroes.juntadeandalucia.es\/sansequintob\/wp-json\/wp\/v2\/comments?post=1146"}],"version-history":[{"count":4,"href":"https:\/\/blogsaverroes.juntadeandalucia.es\/sansequintob\/wp-json\/wp\/v2\/pages\/1146\/revisions"}],"predecessor-version":[{"id":1150,"href":"https:\/\/blogsaverroes.juntadeandalucia.es\/sansequintob\/wp-json\/wp\/v2\/pages\/1146\/revisions\/1150"}],"wp:attachment":[{"href":"https:\/\/blogsaverroes.juntadeandalucia.es\/sansequintob\/wp-json\/wp\/v2\/media?parent=1146"}],"curies":[{"name":"wp","href":"https:\/\/api.w.org\/{rel}","templated":true}]}}