{"id":63,"date":"2023-05-25T11:56:20","date_gmt":"2023-05-25T11:56:20","guid":{"rendered":"https:\/\/blogsaverroes.juntadeandalucia.es\/info\/?page_id=63"},"modified":"2024-02-13T09:40:12","modified_gmt":"2024-02-13T09:40:12","slug":"matriculacion","status":"publish","type":"page","link":"https:\/\/blogsaverroes.juntadeandalucia.es\/secretariacpifp\/matriculacion\/","title":{"rendered":"Escolarizaci\u00f3n (Matriculaci\u00f3n)"},"content":{"rendered":"\t\t<div data-elementor-type=\"wp-page\" data-elementor-id=\"63\" class=\"elementor elementor-63\">\n\t\t\t\t\t\t<section class=\"elementor-section elementor-top-section elementor-element elementor-element-62855917 elementor-section-boxed elementor-section-height-default elementor-section-height-default\" data-id=\"62855917\" data-element_type=\"section\">\n\t\t\t\t\t\t<div class=\"elementor-container elementor-column-gap-default\">\n\t\t\t\t\t<div class=\"elementor-column elementor-col-100 elementor-top-column elementor-element elementor-element-6a8f0df9\" data-id=\"6a8f0df9\" data-element_type=\"column\">\n\t\t\t<div class=\"elementor-widget-wrap elementor-element-populated\">\n\t\t\t\t\t\t<div class=\"elementor-element elementor-element-0434c03 elementor-widget elementor-widget-heading\" data-id=\"0434c03\" data-element_type=\"widget\" data-widget_type=\"heading.default\">\n\t\t\t\t<div class=\"elementor-widget-container\">\n\t\t\t\t\t<h2 class=\"elementor-heading-title elementor-size-default\">\u00bfC\u00f3mo se hace la Matriculaci\u00f3n?<\/h2>\t\t\t\t<\/div>\n\t\t\t\t<\/div>\n\t\t\t\t<div class=\"elementor-element elementor-element-4e880293 elementor-widget elementor-widget-text-editor\" data-id=\"4e880293\" data-element_type=\"widget\" data-widget_type=\"text-editor.default\">\n\t\t\t\t<div class=\"elementor-widget-container\">\n\t\t\t\t\t\t\t\t\t<p style=\"text-align: justify\"><span style=\"font-family: georgia, palatino, serif;font-size: 12pt;color: #000000\">La tramitaci\u00f3n se har\u00e1 preferentemente telem\u00e1tica y por <a href=\"https:\/\/www.juntadeandalucia.es\/educacion\/secretariavirtual\">Secretar\u00eda Virtual<\/a>. Cuando se acerquen las fechas se habilitan las opciones correspondientes.<br \/>Se puede acceder con:<\/span><\/p><ol><li style=\"text-align: justify\"><span style=\"font-family: georgia, palatino, serif;font-size: 12pt;color: #000000\">Con Certificado Digital<\/span><\/li><li style=\"text-align: justify\"><span style=\"font-family: georgia, palatino, serif;font-size: 12pt;color: #000000\">Con autenticaci\u00f3n Cl@ve<\/span><\/li><li style=\"text-align: justify\"><span style=\"font-family: georgia, palatino, serif;font-size: 12pt;color: #000000\">Con el identificador IANDE, que el alumnado ha recibido en iPASEN o que puede conseguir en este <a href=\"https:\/\/www.juntadeandalucia.es\/educacion\/secretariavirtual\/autenticacion\/registroUsuarioIANDE\/\">enlace<\/a>.<\/span><\/li><\/ol><p><span style=\"font-family: georgia, palatino, serif;font-size: 12pt;color: #000000\">Una vez dentro, lee las instrucciones donde te explican el proceso y sigue los pasos como se indica.<\/span><\/p><blockquote><p style=\"text-align: justify\"><span style=\"font-family: georgia, palatino, serif;font-size: 12pt;color: #000000\"><strong><span style=\"color: #ff0000\">\u00a1Nota!<\/span><\/strong> Si te matriculas de <strong>DAM o DAW<\/strong>, debes rellenar los documentos del <strong>sobre de matr\u00edcula<\/strong> y adjuntarlos en el proceso de matriculaci\u00f3n, en el apartado <strong>\u00abAdjuntar documentaci\u00f3n\u00bb<\/strong>.<\/span><\/p><\/blockquote><p style=\"text-align: justify\"><span style=\"font-family: georgia, palatino, serif;font-size: 12pt;color: #000000\">El plazo para la matriculaci\u00f3n es en el mes de julio de cada a\u00f1o a excepci\u00f3n de algunos casos.<\/span><\/p><p style=\"text-align: justify\"><span style=\"font-family: georgia, palatino, serif;font-size: 12pt;color: #000000\">A continuaci\u00f3n detallamos los plazos para las distintas ofertas educativas que ofrecemos:<\/span><\/p>\t\t\t\t\t\t\t\t<\/div>\n\t\t\t\t<\/div>\n\t\t\t\t<div class=\"elementor-element elementor-element-a88f799 elementor-widget elementor-widget-heading\" data-id=\"a88f799\" data-element_type=\"widget\" data-widget_type=\"heading.default\">\n\t\t\t\t<div class=\"elementor-widget-container\">\n\t\t\t\t\t<h2 class=\"elementor-heading-title elementor-size-default\"><a href=\"https:\/\/blogsaverroes.juntadeandalucia.es\/secretariacpifp\/files\/2024\/01\/2023_03_27_Calendarios_2023_2024_V09_General_Junio.pdf\" target=\"_blank\">Alumnado que repite o pasa a 2\u00ba curso (Fecha Junio)<\/a><\/h2>\t\t\t\t<\/div>\n\t\t\t\t<\/div>\n\t\t\t\t<div class=\"elementor-element elementor-element-e24045c elementor-widget elementor-widget-text-editor\" data-id=\"e24045c\" data-element_type=\"widget\" data-widget_type=\"text-editor.default\">\n\t\t\t\t<div class=\"elementor-widget-container\">\n\t\t\t\t\t\t\t\t\t<p><span style=\"font-family: georgia, palatino, serif;font-size: 12pt;color: #000000\"><strong>El alumnado que ya pertenece al Centro<\/strong> se tiene que matricular del <span style=\"text-decoration: underline\"><strong>25 al 30 de junio de 2023<\/strong><\/span>.<\/span><\/p><p><span style=\"font-family: georgia, palatino, serif;font-size: 12pt;color: #000000\">\u00bfQui\u00e9n tiene que hacer esta matr\u00edcula?<\/span><\/p><ul><li><span style=\"font-family: georgia, palatino, serif;font-size: 12pt;color: #000000\">Alumnado de primer curso que pase a segundo o que repite curso.<\/span><\/li><li><span style=\"font-family: georgia, palatino, serif;font-size: 12pt;color: #000000\">Alumnado de segundo curso que repite o que tiene que realizar el curso que viene la Formaci\u00f3n en Centros de Trabajo (FCT) y\/o el proyecto.<\/span><\/li><\/ul><p><span style=\"font-family: georgia, palatino, serif;font-size: 12pt;color: #000000\"><strong>Esta matr\u00edcula se debe realizar obligatoriamente<\/strong> en el plazo indicado (del 25 al 30 de junio).\u00a0<span style=\"color: #ff0000\"><strong>En caso contrario, se perder\u00e1 la plaza en el Centro<\/strong><\/span>.<\/span><\/p>\t\t\t\t\t\t\t\t<\/div>\n\t\t\t\t<\/div>\n\t\t\t\t<div class=\"elementor-element elementor-element-bc2ab7e elementor-widget elementor-widget-heading\" data-id=\"bc2ab7e\" data-element_type=\"widget\" data-widget_type=\"heading.default\">\n\t\t\t\t<div class=\"elementor-widget-container\">\n\t\t\t\t\t<h2 class=\"elementor-heading-title elementor-size-default\"><a href=\"https:\/\/blogsaverroes.juntadeandalucia.es\/secretariacpifp\/files\/2024\/01\/Calendario-2023-Julio-Grado-Medio-y-Superior.pdf\" target=\"_blank\">Oferta Completa de ciclos formativos de Grado Medio y Superior<\/a><\/h2>\t\t\t\t<\/div>\n\t\t\t\t<\/div>\n\t\t\t\t<div class=\"elementor-element elementor-element-1db2c16 elementor-widget elementor-widget-text-editor\" data-id=\"1db2c16\" data-element_type=\"widget\" data-widget_type=\"text-editor.default\">\n\t\t\t\t<div class=\"elementor-widget-container\">\n\t\t\t\t\t\t\t\t\t<p><span style=\"color: #000000;font-family: georgia, palatino, serif\"><span style=\"font-size: 12pt\">Esta oferta es para el alumnado nuevo que quiera cursar sus estudios en el centro.<\/span><span style=\"font-size: 16px\"><br \/><\/span><\/span><\/p><p><span style=\"font-family: georgia, palatino, serif;font-size: 12pt\"><span style=\"color: #000000;font-family: georgia, palatino, serif\"><span style=\"text-decoration: underline\"><strong>PROCESO ORDINARIO<\/strong><\/span>: Los plazos en el mes de julio para esta oferta son:<\/span><\/span><\/p><ul><li style=\"text-align: justify\"><span style=\"font-family: georgia, palatino, serif;font-size: 12pt;color: #000000\">El d\u00eda <strong>5 de julio 2023<\/strong> sale la \u00ab<strong>Lista provisional de admitidos\/as<\/strong>\u00bb es la lista que te dice si tu solicitud (que echaste en junio) ha sido admitida o excluida y por qu\u00e9. Si has sido admitido aparecer\u00e1s sin motivos de exclusi\u00f3n.<\/span><\/li><li style=\"text-align: justify\"><span style=\"font-family: georgia, palatino, serif;font-size: 12pt;color: #000000\">Los d\u00edas <strong>6 y 7 de julio 2023<\/strong> son los d\u00edas donde puedes <strong>alegar<\/strong> (justificar aportando documentaci\u00f3n) el motivo por el que te han excluido de la lista de admitidos.<\/span><\/li><li style=\"text-align: justify\"><span style=\"font-family: georgia, palatino, serif;font-size: 12pt;color: #000000\">El d\u00eda <strong>11 de julio 2023<\/strong> sale la \u00ab<strong>Lista definitiva de admitidos\/as<\/strong>\u00bb es la lista que te dice si tu solicitud, despu\u00e9s de alegar, ha sido admitida definitivamente o excluida. Si no ten\u00edas que alegar, es que has sido admitido desde el primer momento y debes aparecer en esta lista.<\/span><\/li><li style=\"text-align: justify\"><span style=\"font-family: georgia, palatino, serif;font-size: 12pt;color: #000000\">El d\u00eda <strong>12 de julio 2023<\/strong> sale la <strong>1\u00aa Adjudicaci\u00f3n<\/strong>. Esta lista te muestra en qu\u00e9 centro te han adjudicado una plaza conforme a tu solicitud realizada en junio.<\/span><\/li><li style=\"text-align: justify\"><span style=\"font-family: georgia, palatino, serif;font-size: 12pt;color: #000000\">Entre los d\u00edas <strong>13 al 18 de julio 2023, ambos incluidos<\/strong>, se abre el <strong>1\u00ba plazo de matriculaci\u00f3n o Reserva de plaza<\/strong>. En estos d\u00edas puedes echar la matr\u00edcula si la plaza adjudicada es de tu inter\u00e9s o por el contrario si la plaza adjudicada no es de tus preferencias, puedes reservarla y esperar a la 2\u00aa Adjudicaci\u00f3n.<\/span><\/li><\/ul><blockquote><p style=\"text-align: justify\"><span style=\"font-family: georgia, palatino, serif;font-size: 12pt;color: #000000\"><span style=\"color: #ff0000\">\u00a1MUY IMPORTANTE!<\/span> En este paso debes hacer alguna de las dos actuaciones descritas sino estar\u00e1s fuera del proceso y pierdes la plaza adjudicada.<\/span><\/p><\/blockquote><ul><li style=\"text-align: justify\"><span style=\"font-family: georgia, palatino, serif;font-size: 12pt;color: #000000\">El d\u00eda <strong>20 de julio 2023<\/strong> sale la <strong>2\u00aa Adjudicaci\u00f3n<\/strong>. Aqu\u00ed vuelve a salir una nueva adjudicaci\u00f3n de plazas a\u00f1adiendo a m\u00e1s interesados\/as y ofreciendo otras opciones de tus preferencias si has reservado una plaza anteriormente.<\/span><\/li><li style=\"text-align: justify\"><span style=\"font-family: georgia, palatino, serif;font-size: 12pt;color: #000000\">Entre los d\u00edas <strong>21 al 26 de junio 2023, ambos incluidos<\/strong>. En este plazo debes matricularte obligatoriamente en la plaza adjudicada. Si hab\u00edas reservado plaza anteriormente (1\u00aa Adjudicaci\u00f3n) debes matricularte en alguna de las dos plazas ofrecidas.<\/span><\/li><\/ul><blockquote><p><span style=\"font-family: georgia, palatino, serif;font-size: 12pt;color: #000000\"><span style=\"color: #ff0000\">\u00a1MUY IMPORTANTE!<\/span> En este paso debes matricularte obligatoriamente en alguna plaza ofrecida sino est\u00e1s fuera del proceso y pierdes las dos plazas adjudicadas.<\/span><\/p><\/blockquote><ul><li style=\"text-align: justify\"><span style=\"font-family: georgia, palatino, serif;font-size: 12pt;color: #000000\">Si no te han otorgado ninguna plaza en este periodo, formar\u00e1s parte de la <strong>lista de espera<\/strong> que va desde el<strong><br \/><\/strong><\/span><span style=\"font-family: georgia, palatino, serif;font-size: 12pt;color: #000000\"><strong>1 septiembre al 16 de octubre 2023, ambos incluidos<\/strong>.<\/span><\/li><\/ul><div style=\"text-align: justify\"><span style=\"font-family: georgia, palatino, serif;font-size: 12pt;color: #000000\"><span style=\"text-decoration: underline\"><strong>PROCESO EXTRAORDINARIO<\/strong><\/span>:\u00a0<span style=\"text-align: justify\">Los plazos en el mes de septiembre para esta oferta son:<\/span><\/span><\/div><div>\u00a0<\/div><ul><li style=\"text-align: justify\"><span style=\"color: #000000;font-family: georgia, palatino, serif;font-size: 12pt\">Del <\/span><strong style=\"color: #000000;font-family: georgia, palatino, serif;font-size: 12pt\">1 al 4 de septiembre 2023<\/strong><span style=\"color: #000000;font-family: georgia, palatino, serif;font-size: 12pt\"> se vuelve a abrir un nuevo <\/span><strong style=\"color: #000000;font-family: georgia, palatino, serif;font-size: 12pt\">plazo de admisi\u00f3n<\/strong><span style=\"color: #000000;font-family: georgia, palatino, serif;font-size: 12pt\">.<\/span><\/li><li style=\"text-align: justify\"><span style=\"color: #000000;font-family: georgia, palatino, serif;font-size: 12pt\">El d\u00eda <\/span><strong style=\"color: #000000;font-family: georgia, palatino, serif;font-size: 12pt\">5 de septiembre 2023<\/strong><span style=\"color: #000000;font-family: georgia, palatino, serif;font-size: 12pt\"> sale la \u00ab<\/span><strong style=\"color: #000000;font-family: georgia, palatino, serif;font-size: 12pt\">Lista provisional de admitidos\/as<\/strong><span style=\"color: #000000;font-family: georgia, palatino, serif;font-size: 12pt\">\u00bb es la lista que te dice si tu solicitud ha sido admitida o excluida y por qu\u00e9. Si has sido admitido aparecer\u00e1s sin motivos de exclusi\u00f3n.<\/span><\/li><li style=\"text-align: justify\"><span style=\"color: #000000;font-family: georgia, palatino, serif;font-size: 12pt\">Los d\u00edas <\/span><strong style=\"color: #000000;font-family: georgia, palatino, serif;font-size: 12pt\">6 y 7 de septiembre 2023<\/strong><span style=\"color: #000000;font-family: georgia, palatino, serif;font-size: 12pt\"> son los d\u00edas donde puedes <\/span><strong style=\"color: #000000;font-family: georgia, palatino, serif;font-size: 12pt\">alegar<\/strong><span style=\"color: #000000;font-family: georgia, palatino, serif;font-size: 12pt\"> (justificar aportando documentaci\u00f3n) el motivo por el que te han excluido de la lista de admitidos.<\/span><\/li><li style=\"text-align: justify\"><span style=\"color: #000000;font-family: georgia, palatino, serif;font-size: 12pt\">El d\u00eda <\/span><strong style=\"color: #000000;font-family: georgia, palatino, serif;font-size: 12pt\">8 de septiembre 2023<\/strong><span style=\"color: #000000;font-family: georgia, palatino, serif;font-size: 12pt\"> sale la \u00ab<\/span><strong style=\"color: #000000;font-family: georgia, palatino, serif;font-size: 12pt\">Lista definitiva de admitidos\/as<\/strong><span style=\"color: #000000;font-family: georgia, palatino, serif;font-size: 12pt\">\u00bb es la lista que te dice si tu solicitud, despu\u00e9s de alegar, ha sido admitida definitivamente o excluida. Si no ten\u00edas que alegar, es que has sido admitido desde el primer momento y debes aparecer en esta lista.<\/span><\/li><li style=\"text-align: justify\"><span style=\"color: #000000;font-family: georgia, palatino, serif;font-size: 12pt\">El d\u00eda <\/span><strong style=\"color: #000000;font-family: georgia, palatino, serif;font-size: 12pt\">11 de septiembre 2023<\/strong><span style=\"color: #000000;font-family: georgia, palatino, serif;font-size: 12pt\"> sale la <\/span><strong style=\"color: #000000;font-family: georgia, palatino, serif;font-size: 12pt\">\u00danica Adjudicaci\u00f3n<\/strong><span style=\"color: #000000;font-family: georgia, palatino, serif;font-size: 12pt\">. Esta lista te muestra en qu\u00e9 centro te han adjudicado una plaza conforme a tu solicitud realizada del 1 al 4 de septiembre.<\/span><\/li><li style=\"text-align: justify\"><span style=\"color: #000000;font-family: georgia, palatino, serif;font-size: 12pt\">Entre los d\u00edas <\/span><strong style=\"color: #000000;font-family: georgia, palatino, serif;font-size: 12pt\">12 al 14 de septiembre 2023, ambos incluidos<\/strong><span style=\"color: #000000;font-family: georgia, palatino, serif;font-size: 12pt\">, se abre el <\/span><strong style=\"color: #000000;font-family: georgia, palatino, serif;font-size: 12pt\">plazo de matriculaci\u00f3n<\/strong><span style=\"color: #000000;font-family: georgia, palatino, serif;font-size: 12pt\">. En estos d\u00edas debes matricularte obligatoriamente en la plaza que te hayan adjudicado.<\/span><\/li><\/ul><div><blockquote><p><span style=\"font-family: georgia, palatino, serif;font-size: 12pt;color: #000000\"><span style=\"color: #ff0000\">\u00a1MUY IMPORTANTE!<\/span> Si no te matriculas en estos d\u00edas, quedas fuera del proceso y pierdes la plaza adjudicada.<\/span><\/p><\/blockquote><ul><li><span style=\"font-family: georgia, palatino, serif;font-size: 12pt;color: #000000\">Si no te han otorgado ninguna plaza en este periodo, formar\u00e1s parte de la <strong>lista de espera<\/strong> que va desde el<strong><br \/>15 septiembre al 16 de octubre 2023, ambos incluidos<\/strong>.<\/span><\/li><\/ul><\/div>\t\t\t\t\t\t\t\t<\/div>\n\t\t\t\t<\/div>\n\t\t\t\t<div class=\"elementor-element elementor-element-c234ed3 elementor-widget elementor-widget-heading\" data-id=\"c234ed3\" data-element_type=\"widget\" data-widget_type=\"heading.default\">\n\t\t\t\t<div class=\"elementor-widget-container\">\n\t\t\t\t\t<h2 class=\"elementor-heading-title elementor-size-default\"><a href=\"https:\/\/blogsaverroes.juntadeandalucia.es\/secretariacpifp\/files\/2024\/01\/Calendario-2023-Julio-2\u00ba-Curso-Grado-Medio-y-Superior.pdf\" target=\"_blank\">Oferta Completa de 2\u00ba curso de ciclos formativos de Grado Medio y Superior<\/a><\/h2>\t\t\t\t<\/div>\n\t\t\t\t<\/div>\n\t\t\t\t<div class=\"elementor-element elementor-element-881513e elementor-widget elementor-widget-text-editor\" data-id=\"881513e\" data-element_type=\"widget\" data-widget_type=\"text-editor.default\">\n\t\t\t\t<div class=\"elementor-widget-container\">\n\t\t\t\t\t\t\t\t\t<p><span style=\"font-family: georgia, palatino, serif;font-size: 12pt\"><span style=\"color: #000000;font-family: georgia, palatino, serif\">Los plazos en el mes de julio para esta oferta son:<br \/><\/span><\/span><\/p><ul><li style=\"text-align: justify\"><span style=\"font-family: georgia, palatino, serif;font-size: 12pt;color: #000000\">El d\u00eda <strong>5 de julio 2023<\/strong> sale la \u00ab<strong>Lista provisional de admitidos\/as<\/strong>\u00bb es la lista que te dice si tu solicitud (que echaste en junio) ha sido admitida o excluida y por qu\u00e9. Si has sido admitido aparecer\u00e1s sin motivos de exclusi\u00f3n.<\/span><\/li><li style=\"text-align: justify\"><span style=\"font-family: georgia, palatino, serif;font-size: 12pt;color: #000000\">Los d\u00edas <strong>6 y 7 de julio 2023<\/strong> son los d\u00edas donde puedes <strong>alegar<\/strong> (justificar aportando documentaci\u00f3n) el motivo por el que te han excluido de la lista de admitidos.<\/span><\/li><li style=\"text-align: justify\"><span style=\"font-family: georgia, palatino, serif;font-size: 12pt;color: #000000\">El d\u00eda <strong>14 de julio 2023<\/strong> sale la \u00ab<strong>Lista definitiva de admitidos\/as<\/strong>\u00bb es la lista que te dice si tu solicitud, despu\u00e9s de alegar, ha sido admitida definitivamente o excluida. Si no ten\u00edas que alegar, es que has sido admitido desde el primer momento y debes aparecer en esta lista.<\/span><\/li><li style=\"text-align: justify\"><span style=\"font-family: georgia, palatino, serif;font-size: 12pt;color: #000000\">El d\u00eda <strong>17 de julio 2023<\/strong> sale la <strong>Adjudicaci\u00f3n de plazas<\/strong>. Esta lista te muestra en qu\u00e9 centro te han adjudicado una plaza conforme a tu solicitud realizada en junio.<\/span><\/li><li style=\"text-align: justify\"><span style=\"font-family: georgia, palatino, serif;font-size: 12pt;color: #000000\">Entre los d\u00edas <strong>18 al 21 de julio 2023, ambos incluidos<\/strong>, se abre el <strong>Plazo de matriculaci\u00f3n<\/strong>.\u00a0En estos d\u00edas debes matricularte obligatoriamente en la plaza que te hayan adjudicado.<\/span><\/li><\/ul><blockquote><p><span style=\"font-family: georgia, palatino, serif;font-size: 12pt;color: #000000\"><span style=\"color: #ff0000\">\u00a1MUY IMPORTANTE!<\/span> Si no te matriculas en estos d\u00edas, quedas fuera del proceso y pierdes la plaza adjudicada.<\/span><\/p><\/blockquote><ul><li style=\"text-align: justify\"><span style=\"font-family: georgia, palatino, serif;font-size: 12pt;color: #000000\">Si no te han otorgado ninguna plaza en este periodo, formar\u00e1s parte de la <strong>lista de espera<\/strong> que va desde el<strong><br \/>1 septiembre al 16 de octubre 2023, ambos incluidos<\/strong>.<\/span><\/li><\/ul>\t\t\t\t\t\t\t\t<\/div>\n\t\t\t\t<\/div>\n\t\t\t\t<div class=\"elementor-element elementor-element-49f49a4 elementor-widget elementor-widget-heading\" data-id=\"49f49a4\" data-element_type=\"widget\" data-widget_type=\"heading.default\">\n\t\t\t\t<div class=\"elementor-widget-container\">\n\t\t\t\t\t<h2 class=\"elementor-heading-title elementor-size-default\"><a href=\"https:\/\/blogsaverroes.juntadeandalucia.es\/secretariacpifp\/files\/2024\/01\/Calendario-2023-Julio-Cursos-Especializaci\u00f3n.pdf\" target=\"_blank\">Oferta Completa de Cursos de Especializaci\u00f3n (Modalidad Presencial)<\/a><\/h2>\t\t\t\t<\/div>\n\t\t\t\t<\/div>\n\t\t\t\t<div class=\"elementor-element elementor-element-ac3d85f elementor-widget elementor-widget-text-editor\" data-id=\"ac3d85f\" data-element_type=\"widget\" data-widget_type=\"text-editor.default\">\n\t\t\t\t<div class=\"elementor-widget-container\">\n\t\t\t\t\t\t\t\t\t<p><span style=\"font-family: georgia, palatino, serif;font-size: 12pt\"><span style=\"color: #000000;font-family: georgia, palatino, serif\">Los plazos en el mes de julio para esta oferta son:<br \/><\/span><\/span><\/p><ul><li style=\"text-align: justify\"><span style=\"font-family: georgia, palatino, serif;font-size: 12pt;color: #000000\">El d\u00eda <strong>5 de julio 2023<\/strong> sale la \u00ab<strong>Lista provisional de admitidos\/as<\/strong>\u00bb es la lista que te dice si tu solicitud (que echaste en junio) ha sido admitida o excluida y por qu\u00e9. Si has sido admitido aparecer\u00e1s sin motivos de exclusi\u00f3n.<\/span><\/li><li style=\"text-align: justify\"><span style=\"font-family: georgia, palatino, serif;font-size: 12pt;color: #000000\">Los d\u00edas <strong>6 y 7 de julio 2023<\/strong> son los d\u00edas donde puedes <strong>alegar<\/strong> (justificar aportando documentaci\u00f3n) el motivo por el que te han excluido de la lista de admitidos.<\/span><\/li><li style=\"text-align: justify\"><span style=\"font-family: georgia, palatino, serif;font-size: 12pt;color: #000000\">El d\u00eda <strong>13 de julio 2023<\/strong> sale la \u00ab<strong>Lista definitiva de admitidos\/as<\/strong>\u00bb es la lista que te dice si tu solicitud, despu\u00e9s de alegar, ha sido admitida definitivamente o excluida. Si no ten\u00edas que alegar, es que has sido admitido desde el primer momento y debes aparecer en esta lista.<\/span><\/li><li style=\"text-align: justify\"><span style=\"font-family: georgia, palatino, serif;font-size: 12pt;color: #000000\">El d\u00eda <strong>14 de julio 2023<\/strong> sale la <strong>Adjudicaci\u00f3n de plazas<\/strong>. Esta lista te muestra en qu\u00e9 centro te han adjudicado una plaza conforme a tu solicitud realizada en junio.<\/span><\/li><li style=\"text-align: justify\"><span style=\"font-family: georgia, palatino, serif;font-size: 12pt;color: #000000\">Entre los d\u00edas <strong>21 al 26 de julio 2023, ambos incluidos<\/strong>, se abre el <strong>Plazo de matriculaci\u00f3n<\/strong>.\u00a0En estos d\u00edas debes matricularte obligatoriamente en la plaza que te hayan adjudicado.<\/span><\/li><\/ul><blockquote><p><span style=\"font-family: georgia, palatino, serif;font-size: 12pt;color: #000000\"><span style=\"color: #ff0000\">\u00a1MUY IMPORTANTE!<\/span> Si no te matriculas en estos d\u00edas, quedas fuera del proceso y pierdes la plaza adjudicada.<\/span><\/p><\/blockquote><ul><li style=\"text-align: justify\"><span style=\"font-family: georgia, palatino, serif;font-size: 12pt;color: #000000\">Si no te han otorgado ninguna plaza en este periodo, formar\u00e1s parte de la <strong>lista de espera<\/strong> que termina <strong>hasta quince d\u00edas despu\u00e9s del inicio<\/strong> del curso de especializaci\u00f3n.<\/span><\/li><\/ul>\t\t\t\t\t\t\t\t<\/div>\n\t\t\t\t<\/div>\n\t\t\t\t<div class=\"elementor-element elementor-element-701f37b elementor-widget elementor-widget-heading\" data-id=\"701f37b\" data-element_type=\"widget\" data-widget_type=\"heading.default\">\n\t\t\t\t<div class=\"elementor-widget-container\">\n\t\t\t\t\t<h2 class=\"elementor-heading-title elementor-size-default\"><a href=\"https:\/\/blogsaverroes.juntadeandalucia.es\/secretariacpifp\/files\/2024\/01\/Calendario-2023-Julio-Oferta-Parcial-Diferenciada.pdf\" target=\"_blank\">Oferta Parcial Diferenciada de Grado Medio, Superior y Cursos de Especializaci\u00f3n (Presencial y a Distancia)<\/a><\/h2>\t\t\t\t<\/div>\n\t\t\t\t<\/div>\n\t\t\t\t<div class=\"elementor-element elementor-element-a4d4556 elementor-widget elementor-widget-text-editor\" data-id=\"a4d4556\" data-element_type=\"widget\" data-widget_type=\"text-editor.default\">\n\t\t\t\t<div class=\"elementor-widget-container\">\n\t\t\t\t\t\t\t\t\t<p><span style=\"font-family: georgia, palatino, serif;font-size: 12pt\"><span style=\"color: #000000\">Los plazos en el mes de julio para esta oferta son:<br \/><\/span><\/span><\/p><ul><li style=\"text-align: justify\"><span style=\"font-family: georgia, palatino, serif;font-size: 12pt;color: #000000\">El d\u00eda <strong>11\u00a0de julio 2023<\/strong> sale la \u00ab<strong>Lista provisional de admitidos\/as<\/strong>\u00bb es la lista que te dice si tu solicitud (que echaste en junio) ha sido admitida o excluida y por qu\u00e9. Si has sido admitido aparecer\u00e1s sin motivos de exclusi\u00f3n.<\/span><\/li><li style=\"text-align: justify\"><span style=\"font-family: georgia, palatino, serif;font-size: 12pt;color: #000000\">Los d\u00edas <strong>12 y 13 de julio 2023<\/strong> son los d\u00edas donde puedes <strong>alegar<\/strong> (justificar aportando documentaci\u00f3n) el motivo por el que te han excluido de la lista de admitidos.<\/span><\/li><li style=\"text-align: justify\"><span style=\"font-family: georgia, palatino, serif;font-size: 12pt;color: #000000\">El d\u00eda <strong>18 de julio 2023<\/strong> sale la \u00ab<strong>Lista definitiva de admitidos\/as<\/strong>\u00bb es la lista que te dice si tu solicitud, despu\u00e9s de alegar, ha sido admitida definitivamente o excluida. Si no ten\u00edas que alegar, es que has sido admitido desde el primer momento y debes aparecer en esta lista.<\/span><\/li><li style=\"text-align: justify\"><span style=\"font-family: georgia, palatino, serif;font-size: 12pt;color: #000000\">El d\u00eda <strong>19 de julio 2023<\/strong> sale la <strong>Adjudicaci\u00f3n de plazas<\/strong>. Esta lista te muestra en qu\u00e9 centro te han adjudicado una plaza conforme a tu solicitud realizada en junio.<\/span><\/li><li style=\"text-align: justify\"><span style=\"font-family: georgia, palatino, serif;font-size: 12pt;color: #000000\">Entre los d\u00edas <strong>20 al 26 de julio 2023, ambos incluidos<\/strong>, se abre el <strong>Plazo de matriculaci\u00f3n<\/strong>.\u00a0En estos d\u00edas debes matricularte obligatoriamente en la plaza que te hayan adjudicado.<\/span><\/li><\/ul><blockquote><p><span style=\"font-family: georgia, palatino, serif;font-size: 12pt;color: #000000\"><span style=\"color: #ff0000\">\u00a1MUY IMPORTANTE!<\/span> Si no te matriculas en estos d\u00edas, quedas fuera del proceso y pierdes la plaza adjudicada.<\/span><\/p><\/blockquote><ul><li style=\"text-align: justify\"><span style=\"font-family: georgia, palatino, serif;font-size: 12pt;color: #000000\">Si no te han otorgado ninguna plaza en este periodo, formar\u00e1s parte de la <strong>lista de espera<\/strong> que termina el<br \/><b>16 de octubre 2023<\/b>.<\/span><\/li><\/ul>\t\t\t\t\t\t\t\t<\/div>\n\t\t\t\t<\/div>\n\t\t\t\t<div class=\"elementor-element elementor-element-0855da6 elementor-widget elementor-widget-heading\" data-id=\"0855da6\" data-element_type=\"widget\" data-widget_type=\"heading.default\">\n\t\t\t\t<div class=\"elementor-widget-container\">\n\t\t\t\t\t<h2 class=\"elementor-heading-title elementor-size-default\">Pago del Seguro Escolar.<\/h2>\t\t\t\t<\/div>\n\t\t\t\t<\/div>\n\t\t\t\t<div class=\"elementor-element elementor-element-9a30574 elementor-widget elementor-widget-text-editor\" data-id=\"9a30574\" data-element_type=\"widget\" data-widget_type=\"text-editor.default\">\n\t\t\t\t<div class=\"elementor-widget-container\">\n\t\t\t\t\t\t\t\t\t<p style=\"text-align: justify\"><span style=\"font-family: georgia, palatino, serif;font-size: 12pt;color: #000000\">El <a href=\"https:\/\/www.juntadeandalucia.es\/educacion\/secretariavirtual\/seguroEscolar\/pagoSeguroEscolar\/\">pago del Seguro Escolar<\/a><strong> (Obligatorio para menores de 28 a\u00f1os) <\/strong>se hace en el mismo tr\u00e1mite de matriculaci\u00f3n pero si te da error o prefieres abonarlo m\u00e1s adelante, puedes hacerlo en el enlace indicado.<br \/>Si decides pagarlo m\u00e1s adelante, debes enviar al centro el justificante de pago y tu DNI, a trav\u00e9s de este <a href=\"https:\/\/www.juntadeandalucia.es\/educacion\/secretariavirtual\/accesoTramite\/462\/\">enlace<\/a>.<br \/><\/span><span style=\"font-family: georgia, palatino, serif;font-size: 12pt;color: #000000\">El importe es de 1,12 \u20ac.<br \/><\/span><\/p><blockquote><p style=\"text-align: justify\"><span style=\"font-family: georgia, palatino, serif;font-size: 12pt;color: #ff0000\"><strong>\u00a1Nota!<\/strong> <span style=\"color: #000000\">Cuando hagas el pago del seguro escolar, no busques nuestro centro porque no aparece. Pon el c\u00f3digo <strong>29020231<\/strong> en la casilla.<\/span><\/span><\/p><\/blockquote><p><img fetchpriority=\"high\" decoding=\"async\" class=\"alignnone size-full wp-image-280\" src=\"https:\/\/blogsaverroes.juntadeandalucia.es\/secretariacpifp\/files\/2024\/01\/Seguro-escolar.png\" alt=\"\" width=\"1273\" height=\"388\" srcset=\"https:\/\/blogsaverroes.juntadeandalucia.es\/secretariacpifp\/files\/2024\/01\/Seguro-escolar.png 1273w, https:\/\/blogsaverroes.juntadeandalucia.es\/secretariacpifp\/files\/2024\/01\/Seguro-escolar-300x91.png 300w, https:\/\/blogsaverroes.juntadeandalucia.es\/secretariacpifp\/files\/2024\/01\/Seguro-escolar-1024x312.png 1024w, https:\/\/blogsaverroes.juntadeandalucia.es\/secretariacpifp\/files\/2024\/01\/Seguro-escolar-768x234.png 768w\" sizes=\"(max-width: 1273px) 100vw, 1273px\" \/><\/p><p style=\"text-align: justify\"><span style=\"font-family: georgia, palatino, serif;font-size: 12pt;color: #000000\">Si no puedes hacer el pago por alg\u00fan tipo de error, borra la cach\u00e9, las cookies y reinicia el navegador. Si sigue dando fallos, espera unos d\u00edas y si con esto no funciona, llama al 900848000, opci\u00f3n 2 y expones tu caso.<\/span><\/p>\t\t\t\t\t\t\t\t<\/div>\n\t\t\t\t<\/div>\n\t\t\t\t\t<\/div>\n\t\t<\/div>\n\t\t\t\t\t<\/div>\n\t\t<\/section>\n\t\t\t\t<\/div>\n\t\t","protected":false},"excerpt":{"rendered":"<p>\u00bfC\u00f3mo se hace la Matriculaci\u00f3n? La tramitaci\u00f3n se har\u00e1 preferentemente telem\u00e1tica y por Secretar\u00eda Virtual. Cuando se acerquen las fechas se habilitan las opciones correspondientes.Se puede acceder con: Con Certificado Digital Con autenticaci\u00f3n Cl@ve&#46;&#46;&#46;<\/p>\n","protected":false},"author":18080,"featured_media":0,"parent":0,"menu_order":0,"comment_status":"closed","ping_status":"closed","template":"page-template-full.php","meta":{"ngg_post_thumbnail":0,"footnotes":""},"aioseo_notices":[],"_links":{"self":[{"href":"https:\/\/blogsaverroes.juntadeandalucia.es\/secretariacpifp\/wp-json\/wp\/v2\/pages\/63"}],"collection":[{"href":"https:\/\/blogsaverroes.juntadeandalucia.es\/secretariacpifp\/wp-json\/wp\/v2\/pages"}],"about":[{"href":"https:\/\/blogsaverroes.juntadeandalucia.es\/secretariacpifp\/wp-json\/wp\/v2\/types\/page"}],"author":[{"embeddable":true,"href":"https:\/\/blogsaverroes.juntadeandalucia.es\/secretariacpifp\/wp-json\/wp\/v2\/users\/18080"}],"replies":[{"embeddable":true,"href":"https:\/\/blogsaverroes.juntadeandalucia.es\/secretariacpifp\/wp-json\/wp\/v2\/comments?post=63"}],"version-history":[{"count":83,"href":"https:\/\/blogsaverroes.juntadeandalucia.es\/secretariacpifp\/wp-json\/wp\/v2\/pages\/63\/revisions"}],"predecessor-version":[{"id":452,"href":"https:\/\/blogsaverroes.juntadeandalucia.es\/secretariacpifp\/wp-json\/wp\/v2\/pages\/63\/revisions\/452"}],"wp:attachment":[{"href":"https:\/\/blogsaverroes.juntadeandalucia.es\/secretariacpifp\/wp-json\/wp\/v2\/media?parent=63"}],"curies":[{"name":"wp","href":"https:\/\/api.w.org\/{rel}","templated":true}]}}