{"id":634,"date":"2024-11-22T16:42:44","date_gmt":"2024-11-22T15:42:44","guid":{"rendered":"https:\/\/blogsaverroes.juntadeandalucia.es\/sep-elpilar\/?page_id=634"},"modified":"2024-11-22T17:28:05","modified_gmt":"2024-11-22T16:28:05","slug":"datos-del-centro","status":"publish","type":"page","link":"https:\/\/blogsaverroes.juntadeandalucia.es\/sep-elpilar\/nuestra-historia\/datos-del-centro\/","title":{"rendered":"Datos del centro"},"content":{"rendered":"<p>Desde el 28 de septiembre de 2005, que entr\u00f3 en vigor el&nbsp;<strong>DECRETO 196\/2005, de 13 de septiembre<\/strong>, por el que se aprueba el Reglamento Org\u00e1nico de los Centros de Educaci\u00f3n Permanente (BOJA de 27\/09\/2005), el Centro P\u00fablico Municipal para la Educaci\u00f3n de Adultos \u00abEl Pilar\u00bb de Esca\u00f1uela y Villardompardo, pas\u00f3 a ser <strong>Secci\u00f3n de Educaci\u00f3n Permanente<\/strong>,&nbsp;<strong>adscrito al Centro de Educaci\u00f3n Permanente And\u00fajar<\/strong>, seg\u00fan la ORDEN de 13 de octubre de 2005, por la que se adscriben las Secciones de Educaci\u00f3n Permanente a Centros de Educaci\u00f3n Permanente y se establecen las correspondientes plantillas org\u00e1nicas (BOJA de 31\/10\/2005).<br \/>\nSeg\u00fan esta normativa, nuestro Centro cuenta con un total de 10 secciones adscritas, ubicadas en diferentes localidades de la comarca y con una plantilla org\u00e1nica de 24 profesores\/as.<\/p>\n<p><b>Secciones adscritas al&nbsp;<\/b><strong>CEPER \u00abPEDRO DE ESCAVIAS\u00bb<\/strong><span lang=\"es\">&nbsp;de And\u00fajar<\/span><b><span lang=\"es\">:<\/span><\/b><\/p>\n<p>\u2013 \u00abURGAVO\u00bb de Arjona<br \/>\n\u2013 \u00abTROVADOR MAC\u00cdAS\u00bb de Arjonilla<br \/>\n\u2013 \u00abJUAN RAM\u00d3N JIM\u00c9NEZ\u00bb de Cazalilla<br \/>\n\u2013 \u00abEL PILAR\u00bb de Esca\u00f1uela<br \/>\n\u2013 \u00abNUESTRA SE\u00d1ORA DE LA INMACULADA\u00bb de Higuera de Calatrava<br \/>\n\u2013 \u00abSAN SEBASTI\u00c1N\u00bb de Lahiguera<br \/>\n\u2013 \u00abLUPARIA\u00bb de Lopera<br \/>\n\u2013 \u00abENTREOLIVOS\u00bb de Marmolejo<br \/>\n\u2013 \u00abMOLINILLO VIEJO\u00bb de Porcuna<br \/>\n\u2013 \u00abXIMENA JURADO\u00bb de Villanueva de la Reina<\/p>\n<h4><strong>Localizaci\u00f3n:<\/strong><\/h4>\n<p><b>Esca\u00f1uela <\/b><span style=\"font-weight: 400\">se encuentra al oeste de la provincia de Ja\u00e9n, dentro de La Campi\u00f1a Norte. Tiene una extensi\u00f3n de 13,74 km<\/span><span style=\"font-weight: 400\">2<\/span><span style=\"font-weight: 400\">. Se encuentra a una distancia de la capital de 30,8 km. Presenta una altitud de 315 metros respecto al nivel del mar. Es el \u00fanico n\u00facleo que compone el municipio. Sus principales v\u00edas de acceso son la A-321 Arjona-Torredonjimeno y el enlace de Esca\u00f1uela con Villardompardo JV-2337.<\/span><\/p>\n<p><img fetchpriority=\"high\" decoding=\"async\" class=\"size-medium wp-image-679 aligncenter\" src=\"https:\/\/blogsaverroes.juntadeandalucia.es\/sep-elpilar\/files\/2024\/11\/escaxuela_prov-300x225.jpg\" alt=\"\" width=\"300\" height=\"225\" srcset=\"https:\/\/blogsaverroes.juntadeandalucia.es\/sep-elpilar\/files\/2024\/11\/escaxuela_prov-300x225.jpg 300w, https:\/\/blogsaverroes.juntadeandalucia.es\/sep-elpilar\/files\/2024\/11\/escaxuela_prov.jpg 500w\" sizes=\"(max-width: 300px) 100vw, 300px\" \/><\/p>\n<p><span style=\"font-weight: 400\">El principal acceso a <\/span><b>Villardompardo<\/b><span style=\"font-weight: 400\"> es la carretera JV-2334, que enlaza al sur con la A-306 Torredonjimeno-El Carpio, y al este con la A-311 Ja\u00e9n-And\u00fajar a la altura de Fuerte del Rey. La JV-2337 lo comunica tambi\u00e9n al norte con la A-321 Torredonjimeno-Arjona a la altura de Esca\u00f1uela. Tiene una extensi\u00f3n de 17,47 km<\/span><span style=\"font-weight: 400\">2<\/span><span style=\"font-weight: 400\">. Se encuentra a una distancia de la capital de 32 km. Presenta una altitud de 470 metros respecto al nivel del mar. Es el \u00fanico n\u00facleo que compone el municipio.<\/span><\/p>\n<p><img decoding=\"async\" class=\"alignnone size-medium wp-image-678 aligncenter\" src=\"https:\/\/blogsaverroes.juntadeandalucia.es\/sep-elpilar\/files\/2024\/11\/01VillardompardoMapaProvincia-300x225.jpg\" alt=\"\" width=\"300\" height=\"225\" srcset=\"https:\/\/blogsaverroes.juntadeandalucia.es\/sep-elpilar\/files\/2024\/11\/01VillardompardoMapaProvincia-300x225.jpg 300w, https:\/\/blogsaverroes.juntadeandalucia.es\/sep-elpilar\/files\/2024\/11\/01VillardompardoMapaProvincia-1024x768.jpg 1024w, https:\/\/blogsaverroes.juntadeandalucia.es\/sep-elpilar\/files\/2024\/11\/01VillardompardoMapaProvincia-768x576.jpg 768w, https:\/\/blogsaverroes.juntadeandalucia.es\/sep-elpilar\/files\/2024\/11\/01VillardompardoMapaProvincia-1536x1152.jpg 1536w, https:\/\/blogsaverroes.juntadeandalucia.es\/sep-elpilar\/files\/2024\/11\/01VillardompardoMapaProvincia.jpg 2000w\" sizes=\"(max-width: 300px) 100vw, 300px\" \/><\/p>\n","protected":false},"excerpt":{"rendered":"<p>Desde el 28 de septiembre de 2005, que entr\u00f3 en vigor el&nbsp;DECRETO 196\/2005, de 13 de septiembre, por el que se aprueba el Reglamento Org\u00e1nico de los Centros de Educaci\u00f3n Permanente (BOJA de 27\/09\/2005), el Centro P\u00fablico Municipal para la Educaci\u00f3n de Adultos \u00abEl Pilar\u00bb de Esca\u00f1uela y Villardompardo, pas\u00f3 a ser Secci\u00f3n de Educaci\u00f3n [&hellip;]<\/p>\n","protected":false},"author":14863,"featured_media":0,"parent":262,"menu_order":2,"comment_status":"closed","ping_status":"closed","template":"page-template-archives.php","meta":{"ngg_post_thumbnail":0,"footnotes":""},"aioseo_notices":[],"_links":{"self":[{"href":"https:\/\/blogsaverroes.juntadeandalucia.es\/sep-elpilar\/wp-json\/wp\/v2\/pages\/634"}],"collection":[{"href":"https:\/\/blogsaverroes.juntadeandalucia.es\/sep-elpilar\/wp-json\/wp\/v2\/pages"}],"about":[{"href":"https:\/\/blogsaverroes.juntadeandalucia.es\/sep-elpilar\/wp-json\/wp\/v2\/types\/page"}],"author":[{"embeddable":true,"href":"https:\/\/blogsaverroes.juntadeandalucia.es\/sep-elpilar\/wp-json\/wp\/v2\/users\/14863"}],"replies":[{"embeddable":true,"href":"https:\/\/blogsaverroes.juntadeandalucia.es\/sep-elpilar\/wp-json\/wp\/v2\/comments?post=634"}],"version-history":[{"count":3,"href":"https:\/\/blogsaverroes.juntadeandalucia.es\/sep-elpilar\/wp-json\/wp\/v2\/pages\/634\/revisions"}],"predecessor-version":[{"id":680,"href":"https:\/\/blogsaverroes.juntadeandalucia.es\/sep-elpilar\/wp-json\/wp\/v2\/pages\/634\/revisions\/680"}],"up":[{"embeddable":true,"href":"https:\/\/blogsaverroes.juntadeandalucia.es\/sep-elpilar\/wp-json\/wp\/v2\/pages\/262"}],"wp:attachment":[{"href":"https:\/\/blogsaverroes.juntadeandalucia.es\/sep-elpilar\/wp-json\/wp\/v2\/media?parent=634"}],"curies":[{"name":"wp","href":"https:\/\/api.w.org\/{rel}","templated":true}]}}