{"id":2480,"date":"2018-03-14T17:53:36","date_gmt":"2018-03-14T16:53:36","guid":{"rendered":"https:\/\/blogsaverroes.juntadeandalucia.es\/sepalanis\/?page_id=2480"},"modified":"2020-05-20T13:23:15","modified_gmt":"2020-05-20T11:23:15","slug":"matricula","status":"publish","type":"page","link":"https:\/\/blogsaverroes.juntadeandalucia.es\/sepalanis\/matricula\/","title":{"rendered":"Admisi\u00f3n y matr\u00edcula"},"content":{"rendered":"<div id=\"attachment_2589\" style=\"width: 223px\" class=\"wp-caption alignleft\"><a href=\"https:\/\/blogsaverroes.juntadeandalucia.es\/sepalanis\/files\/2018\/03\/cartelmatricula.jpg\"><img loading=\"lazy\" decoding=\"async\" aria-describedby=\"caption-attachment-2589\" class=\"size-medium wp-image-2589\" src=\"https:\/\/blogsaverroes.juntadeandalucia.es\/sepalanis\/files\/2018\/03\/cartelmatricula-213x300.jpg\" alt=\"\" width=\"213\" height=\"300\" srcset=\"https:\/\/blogsaverroes.juntadeandalucia.es\/sepalanis\/files\/2018\/03\/cartelmatricula-213x300.jpg 213w, https:\/\/blogsaverroes.juntadeandalucia.es\/sepalanis\/files\/2018\/03\/cartelmatricula-17x24.jpg 17w, https:\/\/blogsaverroes.juntadeandalucia.es\/sepalanis\/files\/2018\/03\/cartelmatricula-26x36.jpg 26w, https:\/\/blogsaverroes.juntadeandalucia.es\/sepalanis\/files\/2018\/03\/cartelmatricula-34x48.jpg 34w, https:\/\/blogsaverroes.juntadeandalucia.es\/sepalanis\/files\/2018\/03\/cartelmatricula.jpg 226w\" sizes=\"(max-width: 213px) 100vw, 213px\" \/><\/a><p id=\"caption-attachment-2589\" class=\"wp-caption-text\">No te quedes sin plaza<\/p><\/div>\n<p>&nbsp;<\/p>\n<p><strong>OFERTA EDUCATIVA PARA EL CURSO 2020-2021<\/strong><\/p>\n<ul>\n<li>FORMACI\u00d3N B\u00c1SICA (Lengua, Arte,&#8230;)<\/li>\n<li>GRADUADO EN EDUCACI\u00d3N SECUNDARIA SEMIPRESENCIAL<\/li>\n<li>INFORM\u00c1TICA B\u00c1SICA<\/li>\n<\/ul>\n<p>EL PLAZO DE MATR\u00cdCULA ES A PARTIR DEL 1 DE JUNIO DE 2020<\/p>\n<p>RESERVA TU PLAZA DE LUNES A JUEVES DE 17:00 HORAS A 20:00 HORAS<\/p>\n<p>PUEDES REALIZAR TU PREINSCRIPCI\u00d3N DESDE CASA A TRAV\u00c9S DE LA SECRETAR\u00cdA VIRTUAL:<br \/>\n<a href=\"https:\/\/www.juntadeandalucia.es\/educacion\/secretariavirtual\/\" target=\"_blank\" rel=\"noopener noreferrer\">https:\/\/www.juntadeandalucia.es\/educacion\/secretariavirtual\/<\/a><\/p>\n","protected":false},"excerpt":{"rendered":"<p>&nbsp; OFERTA EDUCATIVA PARA EL CURSO 2020-2021 FORMACI\u00d3N B\u00c1SICA (Lengua, Arte,&#8230;) GRADUADO EN EDUCACI\u00d3N SECUNDARIA SEMIPRESENCIAL INFORM\u00c1TICA B\u00c1SICA EL PLAZO DE MATR\u00cdCULA ES A PARTIR DEL 1 DE JUNIO DE 2020 RESERVA TU PLAZA&#46;&#46;&#46;<\/p>\n","protected":false},"author":5174,"featured_media":0,"parent":0,"menu_order":0,"comment_status":"closed","ping_status":"closed","template":"","meta":{"ngg_post_thumbnail":0,"footnotes":"","_mc_calendar":[]},"aioseo_notices":[],"_links":{"self":[{"href":"https:\/\/blogsaverroes.juntadeandalucia.es\/sepalanis\/wp-json\/wp\/v2\/pages\/2480"}],"collection":[{"href":"https:\/\/blogsaverroes.juntadeandalucia.es\/sepalanis\/wp-json\/wp\/v2\/pages"}],"about":[{"href":"https:\/\/blogsaverroes.juntadeandalucia.es\/sepalanis\/wp-json\/wp\/v2\/types\/page"}],"author":[{"embeddable":true,"href":"https:\/\/blogsaverroes.juntadeandalucia.es\/sepalanis\/wp-json\/wp\/v2\/users\/5174"}],"replies":[{"embeddable":true,"href":"https:\/\/blogsaverroes.juntadeandalucia.es\/sepalanis\/wp-json\/wp\/v2\/comments?post=2480"}],"version-history":[{"count":8,"href":"https:\/\/blogsaverroes.juntadeandalucia.es\/sepalanis\/wp-json\/wp\/v2\/pages\/2480\/revisions"}],"predecessor-version":[{"id":2603,"href":"https:\/\/blogsaverroes.juntadeandalucia.es\/sepalanis\/wp-json\/wp\/v2\/pages\/2480\/revisions\/2603"}],"wp:attachment":[{"href":"https:\/\/blogsaverroes.juntadeandalucia.es\/sepalanis\/wp-json\/wp\/v2\/media?parent=2480"}],"curies":[{"name":"wp","href":"https:\/\/api.w.org\/{rel}","templated":true}]}}